{"id":77,"date":"2015-03-16T06:54:56","date_gmt":"2015-03-16T06:54:56","guid":{"rendered":"http:\/\/blogsaverroes.juntadeandalucia.es\/pre\/ceip\/?page_id=77"},"modified":"2025-12-31T13:12:44","modified_gmt":"2025-12-31T13:12:44","slug":"plandecentro","status":"publish","type":"page","link":"https:\/\/blogsaverroes.juntadeandalucia.es\/ceipnavasdetolosa\/plandecentro\/","title":{"rendered":"PLAN DE CENTRO"},"content":{"rendered":"<p>El Plan de Centro en Primaria en Andaluc\u00eda, regulado principalmente por la <strong class=\"Yjhzub\" data-processed=\"true\">Ley 17\/2007 de Educaci\u00f3n de Andaluc\u00eda<\/strong>&nbsp;y el&nbsp;<strong class=\"Yjhzub\" data-processed=\"true\">Decreto 327\/2010 <\/strong>define la autonom\u00eda pedag\u00f3gica y de gesti\u00f3n del centro.<\/p>\n<p>Su elaboraci\u00f3n es responsabilidad del equipo directivo, con implicaci\u00f3n del Claustro y aprobaci\u00f3n del Consejo Escolar, y debe ser p\u00fablico y plurianual, adapt\u00e1ndose a las normativas estatales como la LOMLOE y los curr\u00edculos andaluces como el <strong class=\"Yjhzub\" data-processed=\"true\">Decreto 101\/2023<\/strong>&nbsp;para la etapa.<span class=\"uJ19be notranslate\" data-wiz-uids=\"i08WTd_g,i08WTd_h,i08WTd_i\" data-processed=\"true\"><span class=\"vKEkVd\" data-animation-atomic=\"\" data-wiz-attrbind=\"class=i08WTd_g\/TKHnVd;\" data-processed=\"true\">&nbsp;<\/span><\/span><\/p>\n<div class=\"Y3BBE\" data-sfc-cp=\"\" data-hveid=\"CAQQAA\" data-processed=\"true\"><strong class=\"Yjhzub\" data-processed=\"true\">Componentes del Plan de Centro:<\/strong><\/div>\n<ol class=\"IaGLZe VimKh\" data-processed=\"true\">\n<li data-hveid=\"CAUQAA\" data-processed=\"true\"><span class=\"T286Pc\" data-sfc-cp=\"\" data-processed=\"true\"><strong class=\"Yjhzub\" data-processed=\"true\">Proyecto Educativo (PE):<\/strong> Recoge los objetivos, principios y valores del centro, incluyendo la concreci\u00f3n curricular y las medidas de atenci\u00f3n a la diversidad. <a href=\"https:\/\/blogsaverroes.juntadeandalucia.es\/ceipnavasdetolosa\/files\/2025\/12\/Proyecto-Educativo-V.09.25.pdf\">Proyecto Educativo V.09.25<\/a><\/span><\/li>\n<li data-hveid=\"CAUQAg\" data-processed=\"true\"><span class=\"T286Pc\" data-sfc-cp=\"\" data-processed=\"true\"><strong class=\"Yjhzub\" data-processed=\"true\">Reglamento de Organizaci\u00f3n y Funcionamiento (ROF):<\/strong> Normas de convivencia, participaci\u00f3n y funcionamiento interno. <a href=\"https:\/\/blogsaverroes.juntadeandalucia.es\/ceipnavasdetolosa\/files\/2025\/12\/Plan-de-Convivencia-V.06.25.pdf\">Plan de Convivencia V.06.25<\/a><\/span><\/li>\n<li data-hveid=\"CAUQBA\" data-processed=\"true\"><span class=\"T286Pc\" data-sfc-cp=\"\" data-processed=\"true\"><strong class=\"Yjhzub\" data-processed=\"true\">Proyecto de Gesti\u00f3n:<\/strong>&nbsp;Planificaci\u00f3n econ\u00f3mica y de recursos.<\/span><span class=\"uJ19be notranslate\" data-wiz-uids=\"i08WTd_25,i08WTd_26,i08WTd_27\" data-processed=\"true\"><span class=\"vKEkVd\" data-animation-atomic=\"\" data-wiz-attrbind=\"class=i08WTd_25\/TKHnVd;\" data-processed=\"true\"> <a href=\"https:\/\/blogsaverroes.juntadeandalucia.es\/ceipnavasdetolosa\/files\/2025\/12\/Proyecto-de-Gestion-V.06.25.pdf\">Proyecto de Gesti\u00f3n V.06.25<\/a><\/span><\/span><\/li>\n<\/ol>\n","protected":false},"excerpt":{"rendered":"<p>El Plan de Centro en Primaria en Andaluc\u00eda, regulado principalmente por la Ley 17\/2007 de Educaci\u00f3n de Andaluc\u00eda&nbsp;y el&nbsp;Decreto 327\/2010 define la autonom\u00eda pedag\u00f3gica y de gesti\u00f3n del centro. Su elaboraci\u00f3n es responsabilidad del&#46;&#46;&#46;<\/p>\n","protected":false},"author":1,"featured_media":0,"parent":0,"menu_order":0,"comment_status":"closed","ping_status":"open","template":"","meta":{"ngg_post_thumbnail":0,"footnotes":"","_mc_calendar":[]},"aioseo_notices":[],"_links":{"self":[{"href":"https:\/\/blogsaverroes.juntadeandalucia.es\/ceipnavasdetolosa\/wp-json\/wp\/v2\/pages\/77"}],"collection":[{"href":"https:\/\/blogsaverroes.juntadeandalucia.es\/ceipnavasdetolosa\/wp-json\/wp\/v2\/pages"}],"about":[{"href":"https:\/\/blogsaverroes.juntadeandalucia.es\/ceipnavasdetolosa\/wp-json\/wp\/v2\/types\/page"}],"author":[{"embeddable":true,"href":"https:\/\/blogsaverroes.juntadeandalucia.es\/ceipnavasdetolosa\/wp-json\/wp\/v2\/users\/1"}],"replies":[{"embeddable":true,"href":"https:\/\/blogsaverroes.juntadeandalucia.es\/ceipnavasdetolosa\/wp-json\/wp\/v2\/comments?post=77"}],"version-history":[{"count":10,"href":"https:\/\/blogsaverroes.juntadeandalucia.es\/ceipnavasdetolosa\/wp-json\/wp\/v2\/pages\/77\/revisions"}],"predecessor-version":[{"id":3120,"href":"https:\/\/blogsaverroes.juntadeandalucia.es\/ceipnavasdetolosa\/wp-json\/wp\/v2\/pages\/77\/revisions\/3120"}],"wp:attachment":[{"href":"https:\/\/blogsaverroes.juntadeandalucia.es\/ceipnavasdetolosa\/wp-json\/wp\/v2\/media?parent=77"}],"curies":[{"name":"wp","href":"https:\/\/api.w.org\/{rel}","templated":true}]}}