{"id":870,"date":"2015-03-16T07:24:27","date_gmt":"2015-03-16T07:24:27","guid":{"rendered":"http:\/\/blogsaverroes.juntadeandalucia.es\/pre\/ceip\/?page_id=103"},"modified":"2022-04-07T14:21:54","modified_gmt":"2022-04-07T14:21:54","slug":"aula-matinal","status":"publish","type":"page","link":"https:\/\/blogsaverroes.juntadeandalucia.es\/ceipnelsonmandela\/aula-matinal\/","title":{"rendered":"Aula Matinal"},"content":{"rendered":"<p>El horario del aula matinal es de 7:30 a 9:00.<\/p>\n<p>&nbsp;El aula se divide en dos grupos: uno desde infantil a 2\u00ba de primaria y otro desde 3\u00ba a 6\u00ba de primaria.<\/p>\n<p>La entrada se realiza por la puerta peque\u00f1a de acceso al centro. El primer d\u00eda de incorporaci\u00f3n al aula las familias deber\u00e1n acompa\u00f1ar al alumnado dentro del centro. Una vez se ha producido la incorporaci\u00f3n las familias tocar\u00e1n al portero y comunicar\u00e1n a las monitoras quien se incorpora al aula, \u00e9stas estar\u00e1n atentas&nbsp; &nbsp;a las entradas que se produzcan.<\/p>\n<p>&nbsp; &nbsp; &nbsp; &nbsp;La incorporaci\u00f3n al aula matinal no debe realizarse una vez ha tocado la primera sirena 9:48 momento en el cual los grupos son acompa\u00f1ados por sus respectivas monitoras hacia las filas para proceder al acceso a las clases.<\/p>\n<h3>Im\u00e1genes Relacionadas:<\/h3>","protected":false},"excerpt":{"rendered":"<p>El horario del aula matinal es de 7:30 a 9:00. &nbsp;El aula se divide en dos grupos: uno desde infantil a 2\u00ba de primaria y otro desde 3\u00ba a 6\u00ba de primaria. La entrada se realiza por la puerta peque\u00f1a de acceso al centro. El primer&#46;&#46;&#46;<\/p>\n","protected":false},"author":1,"featured_media":0,"parent":0,"menu_order":0,"comment_status":"open","ping_status":"open","template":"page-templates\/child-menu.php","meta":{"ngg_post_thumbnail":0,"footnotes":"","_mc_calendar":[]},"aioseo_notices":[],"_links":{"self":[{"href":"https:\/\/blogsaverroes.juntadeandalucia.es\/ceipnelsonmandela\/wp-json\/wp\/v2\/pages\/870"}],"collection":[{"href":"https:\/\/blogsaverroes.juntadeandalucia.es\/ceipnelsonmandela\/wp-json\/wp\/v2\/pages"}],"about":[{"href":"https:\/\/blogsaverroes.juntadeandalucia.es\/ceipnelsonmandela\/wp-json\/wp\/v2\/types\/page"}],"author":[{"embeddable":true,"href":"https:\/\/blogsaverroes.juntadeandalucia.es\/ceipnelsonmandela\/wp-json\/wp\/v2\/users\/1"}],"replies":[{"embeddable":true,"href":"https:\/\/blogsaverroes.juntadeandalucia.es\/ceipnelsonmandela\/wp-json\/wp\/v2\/comments?post=870"}],"version-history":[{"count":5,"href":"https:\/\/blogsaverroes.juntadeandalucia.es\/ceipnelsonmandela\/wp-json\/wp\/v2\/pages\/870\/revisions"}],"predecessor-version":[{"id":4171,"href":"https:\/\/blogsaverroes.juntadeandalucia.es\/ceipnelsonmandela\/wp-json\/wp\/v2\/pages\/870\/revisions\/4171"}],"wp:attachment":[{"href":"https:\/\/blogsaverroes.juntadeandalucia.es\/ceipnelsonmandela\/wp-json\/wp\/v2\/media?parent=870"}],"curies":[{"name":"wp","href":"https:\/\/api.w.org\/{rel}","templated":true}]}}