{"id":2018,"date":"2015-06-08T12:56:23","date_gmt":"2015-06-08T12:56:23","guid":{"rendered":"http:\/\/blogsaverroes.juntadeandalucia.es\/ceipnorena\/?page_id=2018"},"modified":"2020-12-01T21:28:29","modified_gmt":"2020-12-01T19:28:29","slug":"neae","status":"publish","type":"page","link":"https:\/\/blogsaverroes.juntadeandalucia.es\/ceipnorena\/neae\/","title":{"rendered":"Definici\u00f3n de NEAE"},"content":{"rendered":"<p style=\"text-align: justify\">La disposici\u00f3n adicional segunda de la Ley Org\u00e1nica 9\/1995, de 20 noviembre, de la participaci\u00f3n, la evaluaci\u00f3n <a href=\"https:\/\/blogsaverroes.juntadeandalucia.es\/ceipnorena\/files\/2020\/01\/Captura-de-pantalla-2020-01-23-a-las-13.24.17.png\"><img fetchpriority=\"high\" decoding=\"async\" class=\"alignleft size-medium wp-image-2922\" src=\"https:\/\/blogsaverroes.juntadeandalucia.es\/ceipnorena\/files\/2020\/01\/Captura-de-pantalla-2020-01-23-a-las-13.24.17-300x200.png\" alt=\"NEAE\" width=\"300\" height=\"200\" srcset=\"https:\/\/blogsaverroes.juntadeandalucia.es\/ceipnorena\/files\/2020\/01\/Captura-de-pantalla-2020-01-23-a-las-13.24.17-300x200.png 300w, https:\/\/blogsaverroes.juntadeandalucia.es\/ceipnorena\/files\/2020\/01\/Captura-de-pantalla-2020-01-23-a-las-13.24.17-768x513.png 768w, https:\/\/blogsaverroes.juntadeandalucia.es\/ceipnorena\/files\/2020\/01\/Captura-de-pantalla-2020-01-23-a-las-13.24.17-24x16.png 24w, https:\/\/blogsaverroes.juntadeandalucia.es\/ceipnorena\/files\/2020\/01\/Captura-de-pantalla-2020-01-23-a-las-13.24.17-36x24.png 36w, https:\/\/blogsaverroes.juntadeandalucia.es\/ceipnorena\/files\/2020\/01\/Captura-de-pantalla-2020-01-23-a-las-13.24.17-48x32.png 48w, https:\/\/blogsaverroes.juntadeandalucia.es\/ceipnorena\/files\/2020\/01\/Captura-de-pantalla-2020-01-23-a-las-13.24.17.png 892w\" sizes=\"(max-width: 300px) 100vw, 300px\" \/><\/a>y el gobierno de los centros docentes, define con claridad el concepto de <span style=\"color: #ff0000\">necesidades educativas especiales<\/span>, dentro del cual se encuentran los alumnos y alumnas que por raz\u00f3n de discapacidad f\u00edsica, ps\u00edquica o sensorial requieren durante su escolarizaci\u00f3n la prestaci\u00f3n de apoyos y atenciones educativas espec\u00edficas.<\/p>\n<p style=\"text-align: justify\"><strong>Las funciones del Equipo de Orientaci\u00f3n.<\/strong><br \/>\nEs una estructura de coordinaci\u00f3n docente responsable de asesorar al profesorado en la planificaci\u00f3n, desarrollo y evaluaci\u00f3n de las actuaciones de orientaci\u00f3n y de las medidas de atenci\u00f3n a la diversidad del centro y de llevar a cabo las actuaciones de atenci\u00f3n espec\u00edfica y apoyo especializado.<br \/>\nComponentes del Equipo de Orientaci\u00f3n y Apoyo somos el profesorado de P.T., A.L., P.T.I.S. y otros responsables en el dise\u00f1o y desarrollo del Plan de orientaci\u00f3n y atenci\u00f3n a la diversidad.<br \/>\nCoordina: El responsable de orientaci\u00f3n.<br \/>\nNormativa sobre sus funciones (Decreto 43\/2005, que regula la orientaci\u00f3n educativa y profesional), Orden 15 de junio de 2005 que regula el r\u00e9gimen de funcionamiento del \u00a0Equipo de Orientaci\u00f3n y Apoyo y la Resoluci\u00f3n 8 de julio de 2002 de la D.G.C.P.N que regula las funciones del profesorado de apoyo. INSTRUCCIONES DE 8 DE MARZO DE 2017, DE LA DIRECCI\u00d3N GENERAL DE PARTICIPACI\u00d3N Y EQUIDAD, POR LAS QUE SE ACTUALIZA EL PROTOCOLO DE DETECCI\u00d3N, IDENTIFICACI\u00d3N DEL ALUMNADO CON NECESIDADES ESPEC\u00cdFICAS DE APOYO EDUCATIVO Y ORGANIZACI\u00d3N DE LA RESPUESTA EDUCATIVA.<\/p>\n<p style=\"text-align: justify\">\u00a0 \u00a0Los miembros del Eq. de Orientaci\u00f3n somos&#8230;.<\/p>\n<table style=\"height: 185px\" width=\"749\">\n<tbody>\n<tr>\n<td style=\"width: 366.5px;text-align: center\" colspan=\"2\">CURSO 2020 \/ 2021<\/td>\n<\/tr>\n<tr>\n<td style=\"width: 366.5px\">ORIENTADORA DE REFERENCIA<\/td>\n<td style=\"width: 366.5px\">DOLORES BL\u00c1ZQUEZ BAENA<\/td>\n<\/tr>\n<tr>\n<td style=\"width: 366.5px\">MAESTRA AULA ESPEC\u00cdFICA<\/td>\n<td style=\"width: 366.5px\">RAQUEL PUNTAS REY<\/td>\n<\/tr>\n<tr>\n<td style=\"width: 366.5px\">MAESTRA AUDICI\u00d3N Y LENGUAJE<\/td>\n<td style=\"width: 366.5px\">M\u00aa LOURDES AGUNDO VILLALOBOS *<\/td>\n<\/tr>\n<tr>\n<td style=\"width: 366.5px\">MAESTRO AUDICI\u00d3N Y LENGUAJE<\/td>\n<td style=\"width: 366.5px\">FRANCISCO DURO ALMAZ\u00c1N<\/td>\n<\/tr>\n<tr>\n<td style=\"width: 366.5px\">MAESTRA PEDAGOG\u00cdA TERAP\u00c9UTICA<\/td>\n<td style=\"width: 366.5px\">M\u00aa JOS\u00c9 PALMA DEL MORAL *<\/td>\n<\/tr>\n<tr>\n<td style=\"width: 366.5px\">MAESTRA PEDAGOG\u00cdA TERAP\u00c9UTICA<\/td>\n<td style=\"width: 366.5px\">M\u00aa JOS\u00c9 ESCRIBANO HERRERA<\/td>\n<\/tr>\n<tr>\n<td style=\"width: 366.5px\">MAESTRO PEDAGOG\u00cdA TERAP\u00c9UTICA<\/td>\n<td style=\"width: 366.5px\">ANTONIO NIETO LERMA<\/td>\n<\/tr>\n<tr>\n<td style=\"width: 366.5px;text-align: center\" colspan=\"2\">\u00a0(*) Maestras compartidas con otros centros<\/td>\n<\/tr>\n<\/tbody>\n<\/table>\n","protected":false},"excerpt":{"rendered":"<p>La disposici\u00f3n adicional segunda de la Ley Org\u00e1nica 9\/1995, de 20 noviembre, de la participaci\u00f3n, la evaluaci\u00f3n y el gobierno de los centros docentes, define con claridad el concepto de necesidades educativas especiales, dentro&#46;&#46;&#46;<\/p>\n","protected":false},"author":1,"featured_media":0,"parent":0,"menu_order":0,"comment_status":"open","ping_status":"closed","template":"page-templates\/child-menu.php","meta":{"ngg_post_thumbnail":0,"footnotes":"","_mc_calendar":[]},"aioseo_notices":[],"_links":{"self":[{"href":"https:\/\/blogsaverroes.juntadeandalucia.es\/ceipnorena\/wp-json\/wp\/v2\/pages\/2018"}],"collection":[{"href":"https:\/\/blogsaverroes.juntadeandalucia.es\/ceipnorena\/wp-json\/wp\/v2\/pages"}],"about":[{"href":"https:\/\/blogsaverroes.juntadeandalucia.es\/ceipnorena\/wp-json\/wp\/v2\/types\/page"}],"author":[{"embeddable":true,"href":"https:\/\/blogsaverroes.juntadeandalucia.es\/ceipnorena\/wp-json\/wp\/v2\/users\/1"}],"replies":[{"embeddable":true,"href":"https:\/\/blogsaverroes.juntadeandalucia.es\/ceipnorena\/wp-json\/wp\/v2\/comments?post=2018"}],"version-history":[{"count":16,"href":"https:\/\/blogsaverroes.juntadeandalucia.es\/ceipnorena\/wp-json\/wp\/v2\/pages\/2018\/revisions"}],"predecessor-version":[{"id":3673,"href":"https:\/\/blogsaverroes.juntadeandalucia.es\/ceipnorena\/wp-json\/wp\/v2\/pages\/2018\/revisions\/3673"}],"wp:attachment":[{"href":"https:\/\/blogsaverroes.juntadeandalucia.es\/ceipnorena\/wp-json\/wp\/v2\/media?parent=2018"}],"curies":[{"name":"wp","href":"https:\/\/api.w.org\/{rel}","templated":true}]}}