{"id":2762,"date":"2019-04-03T20:35:59","date_gmt":"2019-04-03T18:35:59","guid":{"rendered":"https:\/\/blogsaverroes.juntadeandalucia.es\/ceipnorena\/?page_id=2762"},"modified":"2024-10-15T18:51:45","modified_gmt":"2024-10-15T16:51:45","slug":"claustro","status":"publish","type":"page","link":"https:\/\/blogsaverroes.juntadeandalucia.es\/ceipnorena\/claustro\/","title":{"rendered":"Claustro"},"content":{"rendered":"<p>Para el curso 2024 \/ 25, el claustro de profesores\/as es el siguiente:<\/p>\n<table style=\"width: 0%;height: 1044px\">\n<tbody>\n<tr style=\"background-color: #ebebeb\">\n<td style=\"width: 23.588342%;background-color: #1696f2;height: 168px\" rowspan=\"7\" width=\"55\">&nbsp;<\/p>\n<h3><strong>INFANTIL<\/strong><\/h3>\n<\/td>\n<td style=\"width: 29.923587%;height: 24px\" width=\"94\">INF 3 A\u00d1OS A<\/td>\n<td style=\"width: 79.457106%;height: 24px\" width=\"209\">CASTRO JIM\u00c9NEZ, ROC\u00cdO<\/td>\n<\/tr>\n<tr style=\"background-color: #ebebeb\">\n<td style=\"width: 29.923587%;height: 24px\" width=\"94\">INF 3 A\u00d1OS B<\/td>\n<td style=\"width: 79.457106%;height: 24px\" width=\"209\">CUESTA MONTERROSO, EMILIA M\u00aa<\/td>\n<\/tr>\n<tr style=\"background-color: #ebebeb\">\n<td style=\"width: 29.923587%;height: 24px\" width=\"94\">INF 4 A\u00d1OS A<\/td>\n<td style=\"width: 79.457106%;height: 24px\" width=\"209\">LEDESMA CID, M\u00aa \u00c1NGELES<\/td>\n<\/tr>\n<tr style=\"background-color: #ebebeb\">\n<td style=\"width: 29.923587%;height: 24px\" width=\"94\">INF 4 A\u00d1OS B<\/td>\n<td style=\"width: 79.457106%;height: 24px\" width=\"209\">MART\u00cdNEZ AGUILAR, ANA M\u00aa<\/td>\n<\/tr>\n<tr style=\"background-color: #ebebeb\">\n<td style=\"width: 29.923587%;height: 24px\" width=\"94\">INF 5 A\u00d1OS A<\/td>\n<td style=\"width: 79.457106%;height: 24px\" width=\"209\">G\u00d3MEZ VERGARA, SONIA<\/td>\n<\/tr>\n<tr style=\"background-color: #ebebeb\">\n<td style=\"width: 29.923587%;height: 24px\" width=\"94\">INF 5 A\u00d1OS B<\/td>\n<td style=\"width: 79.457106%;height: 24px\" width=\"209\">MART\u00cdNEZ FERN\u00c1NDEZ, MARTA<\/td>\n<\/tr>\n<tr style=\"background-color: #ebebeb\">\n<td style=\"width: 29.923587%;height: 24px\" width=\"94\">APOYO INF<\/td>\n<td style=\"width: 79.457106%;height: 24px\" width=\"209\">MORENO CASTRO, M\u00aa DEL PILAR<\/td>\n<\/tr>\n<tr style=\"background-color: #ebebeb\">\n<td style=\"width: 23.588342%;background-color: #f52411;height: 96px\" rowspan=\"4\" width=\"55\">&nbsp;<\/p>\n<h3>1\u00ba CICLO<\/h3>\n<\/td>\n<td style=\"width: 29.923587%;height: 24px\" width=\"94\">1\u00ba A<\/td>\n<td style=\"width: 79.457106%;height: 24px\" width=\"209\">PAV\u00d3N IZQUIERDO, NATIVIDAD (EF\u00cdS)<\/td>\n<\/tr>\n<tr style=\"background-color: #ebebeb\">\n<td style=\"width: 29.923587%;height: 24px\" width=\"94\">1\u00ba B<\/td>\n<td style=\"width: 79.457106%;height: 24px\" width=\"209\">LUCENA RABANEDA, TERESA<\/td>\n<\/tr>\n<tr style=\"background-color: #ebebeb\">\n<td style=\"width: 29.923587%;height: 24px\" width=\"94\">2\u00ba A<\/td>\n<td style=\"width: 79.457106%;height: 24px\" width=\"209\">D\u00cdAZ MESA, CARMEN<\/td>\n<\/tr>\n<tr style=\"background-color: #ebebeb\">\n<td style=\"width: 29.923587%;height: 24px\" width=\"94\">2\u00ba B<\/td>\n<td style=\"width: 79.457106%;height: 24px\" width=\"209\">GANT TEJADA, RAFAEL<\/td>\n<\/tr>\n<tr style=\"background-color: #ebebeb\">\n<td style=\"width: 23.588342%;background-color: #6fe060;height: 96px\" rowspan=\"4\" width=\"55\">&nbsp;<\/p>\n<h3>2\u00ba CICLO<\/h3>\n<\/td>\n<td style=\"width: 29.923587%;height: 24px\" width=\"94\">3\u00ba A<\/td>\n<td style=\"width: 79.457106%;height: 24px\" width=\"209\">OGALLA NAVARRO, M\u00aa\u00a0 CARMEN<\/td>\n<\/tr>\n<tr style=\"background-color: #ebebeb\">\n<td style=\"width: 29.923587%;height: 24px\" width=\"94\">3\u00ba B<\/td>\n<td style=\"width: 79.457106%;height: 24px\" width=\"209\">PATRICIA \u00c2NGULO BLASCO<\/td>\n<\/tr>\n<tr style=\"background-color: #ebebeb\">\n<td style=\"width: 29.923587%;height: 24px\" width=\"94\">4\u00ba A<\/td>\n<td style=\"width: 79.457106%;height: 24px\" width=\"209\">CARRANZA BERRAL, INMACULADA<\/td>\n<\/tr>\n<tr style=\"background-color: #ebebeb\">\n<td style=\"width: 29.923587%;height: 24px\" width=\"94\">4\u00ba B<\/td>\n<td style=\"width: 79.457106%;height: 24px\" width=\"209\">GARC\u00cdA SALIDO, \u00d3SCAR (EFIS)<\/td>\n<\/tr>\n<tr style=\"background-color: #ebebeb\">\n<td style=\"width: 23.588342%;background-color: #ffb20d;height: 120px\" rowspan=\"5\" width=\"55\">&nbsp;<\/p>\n<h3>3\u00ba CICLO<\/h3>\n<\/td>\n<td style=\"width: 29.923587%;height: 24px\" width=\"94\">5\u00ba A<\/td>\n<td style=\"width: 79.457106%;height: 24px\" width=\"209\">CABELLO V\u00cdLCHEZ, CRISTINA (FRA)<\/td>\n<\/tr>\n<tr style=\"background-color: #ebebeb\">\n<td style=\"width: 29.923587%;height: 24px\" width=\"94\">5\u00ba B<\/td>\n<td style=\"width: 79.457106%;height: 24px\" width=\"209\">LANDABURO LOSSADA, GONZALO<\/td>\n<\/tr>\n<tr style=\"background-color: #ebebeb\">\n<td style=\"width: 29.923587%;height: 24px\" width=\"94\">6\u00ba A<\/td>\n<td style=\"width: 79.457106%;height: 24px\" width=\"209\">JIM\u00c9NEZ MAR\u00cdN, FRANCISCA M\u00aa<\/td>\n<\/tr>\n<tr style=\"background-color: #ebebeb\">\n<td style=\"width: 29.923587%;height: 24px\" width=\"94\">6\u00ba B<\/td>\n<td style=\"width: 79.457106%;height: 24px\" width=\"209\">TENA G\u00c1LVEZ, SILVIA<\/td>\n<\/tr>\n<tr style=\"background-color: #ebebeb\">\n<td style=\"width: 29.923587%;height: 24px\" width=\"94\">6\u00ba C<\/td>\n<td style=\"width: 79.457106%;height: 24px\" width=\"209\">MOYA MEDINA, ESTEFAN\u00cdA (ING)<\/td>\n<\/tr>\n<tr style=\"background-color: #ebebeb\">\n<td style=\"width: 23.588342%;background-color: #ffeb38;height: 312px\" rowspan=\"13\" width=\"55\">&nbsp;<\/p>\n<h3>ESPECIALISTAS<\/h3>\n<\/td>\n<td style=\"width: 29.923587%;height: 24px\" width=\"94\">APOYO PRIM<\/td>\n<td style=\"width: 79.457106%;height: 24px\" width=\"209\">RECIO LLAMAS, AMADORA<\/td>\n<\/tr>\n<tr style=\"background-color: #ebebeb\">\n<td style=\"width: 29.923587%;height: 24px\" width=\"94\">INGL\u00c9S<\/td>\n<td style=\"width: 79.457106%;height: 24px\" width=\"209\">PULIDO NAVARRETE, ANTONIA M\u00aa<\/td>\n<\/tr>\n<tr style=\"background-color: #ebebeb\">\n<td style=\"width: 29.923587%;height: 24px\" width=\"94\">INGL\u00c9S<\/td>\n<td style=\"width: 79.457106%;height: 24px\" width=\"209\">GANT TEJADA, RAFAEL<\/td>\n<\/tr>\n<tr style=\"background-color: #ebebeb\">\n<td style=\"width: 29.923587%;height: 24px\" width=\"94\">INGL\u00c9S<\/td>\n<td style=\"width: 79.457106%;height: 24px\" width=\"209\">MOYA MEDINA, ESTEFAN\u00cdA<\/td>\n<\/tr>\n<tr style=\"background-color: #ebebeb\">\n<td style=\"width: 29.923587%;height: 24px\" width=\"94\">INGL\u00c9S<\/td>\n<td style=\"width: 79.457106%;height: 24px\" width=\"209\">OGALLA NAVARRO, M\u00aa CARMEN<\/td>\n<\/tr>\n<tr style=\"background-color: #ebebeb\">\n<td style=\"width: 29.923587%;height: 24px\" width=\"94\">FRANC\u00c9S<\/td>\n<td style=\"width: 79.457106%;height: 24px\" width=\"209\">CABELLO V\u00cdLCHEZ, CRISTINA (FRA)<\/td>\n<\/tr>\n<tr style=\"background-color: #ebebeb\">\n<td style=\"width: 29.923587%;height: 24px\" width=\"94\">ED. F\u00cdSICA<\/td>\n<td style=\"width: 79.457106%;height: 24px\" width=\"209\">ADRIANA CERVANTES RODR\u00cdGUEZ<\/td>\n<\/tr>\n<tr style=\"background-color: #ebebeb\">\n<td style=\"width: 29.923587%;height: 24px\" width=\"94\">ED. F\u00cdSICA<\/td>\n<td style=\"width: 79.457106%;height: 24px\" width=\"209\">L\u00d3PEZ JIM\u00c9NEZ, DANIEL<\/td>\n<\/tr>\n<tr style=\"background-color: #ebebeb\">\n<td style=\"width: 29.923587%;height: 24px\" width=\"94\">ED. F\u00cdSICA<\/td>\n<td style=\"width: 79.457106%;height: 24px\" width=\"209\">PAV\u00d3N IZQUIERDO, NATIVIDAD (EF\u00cdS)<\/td>\n<\/tr>\n<tr style=\"background-color: #ebebeb\">\n<td style=\"width: 29.923587%;height: 24px\" width=\"94\">ED. F\u00cdSICA<\/td>\n<td style=\"width: 79.457106%;height: 24px\" width=\"209\">GARC\u00cdA SALIDO, \u00d3SCAR (EFIS)<\/td>\n<\/tr>\n<tr style=\"background-color: #ebebeb\">\n<td style=\"width: 29.923587%;height: 24px\" width=\"94\">RELIGI\u00d3N<\/td>\n<td style=\"width: 79.457106%;height: 24px\" width=\"209\">CANTOS LUQUE, M\u00aa ROSA<\/td>\n<\/tr>\n<tr style=\"background-color: #ebebeb\">\n<td style=\"width: 29.923587%;height: 24px\" width=\"94\">RELIGI\u00d3N<\/td>\n<td style=\"width: 79.457106%;height: 24px\" width=\"209\">MU\u00d1OZ RODR\u00cdGUEZ, INMACULADA<\/td>\n<\/tr>\n<tr style=\"background-color: #ebebeb\">\n<td style=\"width: 29.923587%;height: 24px\" width=\"94\">M\u00daSICA<\/td>\n<td style=\"width: 79.457106%;height: 24px\" width=\"209\">CARRANZA BERRAL, INMACULADA<\/td>\n<\/tr>\n<tr style=\"background-color: #ebebeb\">\n<td style=\"width: 23.588342%;background-color: #f50cd6;height: 168px\" rowspan=\"7\" width=\"55\">&nbsp;<\/p>\n<h3>EQ.ORIENTACI\u00d3N<\/h3>\n<\/td>\n<td style=\"width: 29.923587%;height: 24px\" width=\"94\">AULA AUTISMO<\/td>\n<td style=\"width: 79.457106%;height: 24px\" width=\"209\">PUNTAS REY, RAQUEL<\/td>\n<\/tr>\n<tr style=\"background-color: #ebebeb\">\n<td style=\"width: 29.923587%;height: 24px\" width=\"94\">A. Y LENGUAJE<\/td>\n<td style=\"width: 79.457106%;height: 24px\" width=\"209\">MART\u00cdN GARC\u00cdA, LOURDES<\/td>\n<\/tr>\n<tr style=\"background-color: #ebebeb\">\n<td style=\"width: 29.923587%;height: 24px\" width=\"94\">A. Y LENGUAJE<\/td>\n<td style=\"width: 79.457106%;height: 24px\" width=\"209\">MOHEDANO MORALES, ELISA ISABEL<\/td>\n<\/tr>\n<tr style=\"background-color: #ebebeb\">\n<td style=\"width: 29.923587%;height: 24px\" width=\"94\">PED. TERAP\u00c9UT<\/td>\n<td style=\"width: 79.457106%;height: 24px\" width=\"209\">PALMA DEL MORAL, JOSEFA ISABEL<\/td>\n<\/tr>\n<tr style=\"background-color: #ebebeb\">\n<td style=\"width: 29.923587%;height: 24px\" width=\"94\">PED. TERAP\u00c9UT<\/td>\n<td style=\"width: 79.457106%;height: 24px\" width=\"209\">L\u00d3PEZ FERN\u00c1NDEZ, ANA MAR\u00cdA<\/td>\n<\/tr>\n<tr style=\"background-color: #ebebeb\">\n<td style=\"width: 29.923587%;height: 24px\" width=\"94\">PED. TERAP\u00c9UT<\/td>\n<td style=\"width: 79.457106%;height: 24px\" width=\"209\">NIETO LERMA, ANTONIO<\/td>\n<\/tr>\n<tr style=\"background-color: #ebebeb\">\n<td style=\"width: 29.923587%;height: 24px\" width=\"94\">ORIENTAD EOE<\/td>\n<td style=\"width: 79.457106%;height: 24px\" width=\"209\">CONSUELO P\u00c9REZ<\/td>\n<\/tr>\n<tr style=\"background-color: #ebebeb\">\n<td style=\"width: 23.588342%;background-color: #f58b0a;height: 84px\" rowspan=\"3\" width=\"55\">&nbsp;<\/p>\n<h3>EQUIPO DIRECTIVO<\/h3>\n<\/td>\n<td style=\"width: 29.923587%;height: 24px\" width=\"94\">DIRECTOR<\/td>\n<td style=\"width: 79.457106%;height: 24px\" width=\"209\">BLANCO CANO, IGNACIO<\/td>\n<\/tr>\n<tr style=\"background-color: #ebebeb\">\n<td style=\"width: 29.923587%;height: 24px\" width=\"94\">JEFE ESTUDIOS<\/td>\n<td style=\"width: 79.457106%;height: 24px\" width=\"209\">ANTONIO NIETO LERMA<\/td>\n<\/tr>\n<tr style=\"background-color: #ebebeb\">\n<td style=\"width: 29.923587%;height: 36px\" width=\"94\">SECRETARIO<\/td>\n<td style=\"width: 79.457106%;height: 36px\" width=\"209\">DANIEL L\u00d3PEZ JIM\u00c9NEZ<\/td>\n<\/tr>\n<\/tbody>\n<\/table>\n","protected":false},"excerpt":{"rendered":"<p>Para el curso 2024 \/ 25, el claustro de profesores\/as es el siguiente: &nbsp; INFANTIL INF 3 A\u00d1OS A CASTRO JIM\u00c9NEZ, ROC\u00cdO INF 3 A\u00d1OS B CUESTA MONTERROSO, EMILIA M\u00aa INF 4 A\u00d1OS A&#46;&#46;&#46;<\/p>\n","protected":false},"author":3565,"featured_media":0,"parent":0,"menu_order":0,"comment_status":"closed","ping_status":"closed","template":"","meta":{"ngg_post_thumbnail":0,"footnotes":"","_mc_calendar":[]},"aioseo_notices":[],"_links":{"self":[{"href":"https:\/\/blogsaverroes.juntadeandalucia.es\/ceipnorena\/wp-json\/wp\/v2\/pages\/2762"}],"collection":[{"href":"https:\/\/blogsaverroes.juntadeandalucia.es\/ceipnorena\/wp-json\/wp\/v2\/pages"}],"about":[{"href":"https:\/\/blogsaverroes.juntadeandalucia.es\/ceipnorena\/wp-json\/wp\/v2\/types\/page"}],"author":[{"embeddable":true,"href":"https:\/\/blogsaverroes.juntadeandalucia.es\/ceipnorena\/wp-json\/wp\/v2\/users\/3565"}],"replies":[{"embeddable":true,"href":"https:\/\/blogsaverroes.juntadeandalucia.es\/ceipnorena\/wp-json\/wp\/v2\/comments?post=2762"}],"version-history":[{"count":12,"href":"https:\/\/blogsaverroes.juntadeandalucia.es\/ceipnorena\/wp-json\/wp\/v2\/pages\/2762\/revisions"}],"predecessor-version":[{"id":5617,"href":"https:\/\/blogsaverroes.juntadeandalucia.es\/ceipnorena\/wp-json\/wp\/v2\/pages\/2762\/revisions\/5617"}],"wp:attachment":[{"href":"https:\/\/blogsaverroes.juntadeandalucia.es\/ceipnorena\/wp-json\/wp\/v2\/media?parent=2762"}],"curies":[{"name":"wp","href":"https:\/\/api.w.org\/{rel}","templated":true}]}}