{"id":5242,"date":"2024-02-27T17:35:13","date_gmt":"2024-02-27T17:35:13","guid":{"rendered":"http:\/\/blogsaverroes.juntadeandalucia.es\/ceipnscarmen\/?page_id=5242"},"modified":"2024-02-27T17:40:54","modified_gmt":"2024-02-27T17:40:54","slug":"dia-de-andalucia-2","status":"publish","type":"page","link":"https:\/\/blogsaverroes.juntadeandalucia.es\/ceipnscarmen\/dia-de-andalucia-2\/","title":{"rendered":"D\u00eda de Andaluc\u00eda y taller de cajones"},"content":{"rendered":"<p>\u00a1Hola!<\/p>\n<p>Hoy martes 27 hemos celebrado el d\u00eda de Andaluc\u00eda en nuestro centro. Hemos realizado diferentes actividades a nivel de centro, de aula y de ciclo.&nbsp;<\/p>\n<p>Una de las m\u00e1s significativas ha sido contar con la presencia de&nbsp;<strong>Javier de Carmen<\/strong>, el cual ha impartido talleres de caj\u00f3n en el que todos\/as hemos disfrutado, desde los m\u00e1s peque\u00f1os hasta los m\u00e1s grandes. Ha sido una experiencia estupenda. \u00a1Gracias por tu entrega! Ha sido posible gracias al programa <strong>PROA+ Transf\u00f3rmate del Fondo Social Europeo<\/strong>.<\/p>\n<p>Adem\u00e1s, los maestros\/as del centro han interpretado el himno de Andaluc\u00eda y hemos realizado el t\u00edpico desayuno andaluz. \u00a1Gracias a las familias por haber colaborado!<\/p>\n<p>Os dejamos algunos v\u00eddeos para que disfrut\u00e9is y \u00a1feliz puente!<\/p>\n<div style=\"width: 478px;\" class=\"wp-video\"><!--[if lt IE 9]><script>document.createElement('video');<\/script><![endif]-->\n<video class=\"wp-video-shortcode\" id=\"video-5242-1\" width=\"478\" height=\"850\" preload=\"metadata\" controls=\"controls\"><source type=\"video\/mp4\" src=\"https:\/\/blogsaverroes.juntadeandalucia.es\/ceipnscarmen\/files\/2024\/02\/WhatsApp-Video-2024-02-27-at-16.26.56.mp4?_=1\" \/><a href=\"https:\/\/blogsaverroes.juntadeandalucia.es\/ceipnscarmen\/files\/2024\/02\/WhatsApp-Video-2024-02-27-at-16.26.56.mp4\">https:\/\/blogsaverroes.juntadeandalucia.es\/ceipnscarmen\/files\/2024\/02\/WhatsApp-Video-2024-02-27-at-16.26.56.mp4<\/a><\/video><\/div>\n<div style=\"width: 478px;\" class=\"wp-video\"><video class=\"wp-video-shortcode\" id=\"video-5242-2\" width=\"478\" height=\"850\" preload=\"metadata\" controls=\"controls\"><source type=\"video\/mp4\" src=\"https:\/\/blogsaverroes.juntadeandalucia.es\/ceipnscarmen\/files\/2024\/02\/WhatsApp-Video-2024-02-27-at-16.26.43.mp4?_=2\" \/><a href=\"https:\/\/blogsaverroes.juntadeandalucia.es\/ceipnscarmen\/files\/2024\/02\/WhatsApp-Video-2024-02-27-at-16.26.43.mp4\">https:\/\/blogsaverroes.juntadeandalucia.es\/ceipnscarmen\/files\/2024\/02\/WhatsApp-Video-2024-02-27-at-16.26.43.mp4<\/a><\/video><\/div>\n<div style=\"width: 478px;\" class=\"wp-video\"><video class=\"wp-video-shortcode\" id=\"video-5242-3\" width=\"478\" height=\"850\" preload=\"metadata\" controls=\"controls\"><source type=\"video\/mp4\" src=\"https:\/\/blogsaverroes.juntadeandalucia.es\/ceipnscarmen\/files\/2024\/02\/WhatsApp-Video-2024-02-27-at-16.23.31.mp4?_=3\" \/><a href=\"https:\/\/blogsaverroes.juntadeandalucia.es\/ceipnscarmen\/files\/2024\/02\/WhatsApp-Video-2024-02-27-at-16.23.31.mp4\">https:\/\/blogsaverroes.juntadeandalucia.es\/ceipnscarmen\/files\/2024\/02\/WhatsApp-Video-2024-02-27-at-16.23.31.mp4<\/a><\/video><\/div>\n<div style=\"width: 478px;\" class=\"wp-video\"><video class=\"wp-video-shortcode\" id=\"video-5242-4\" width=\"478\" height=\"850\" preload=\"metadata\" controls=\"controls\"><source type=\"video\/mp4\" src=\"https:\/\/blogsaverroes.juntadeandalucia.es\/ceipnscarmen\/files\/2024\/02\/WhatsApp-Video-2024-02-27-at-16.21.09.mp4?_=4\" \/><a href=\"https:\/\/blogsaverroes.juntadeandalucia.es\/ceipnscarmen\/files\/2024\/02\/WhatsApp-Video-2024-02-27-at-16.21.09.mp4\">https:\/\/blogsaverroes.juntadeandalucia.es\/ceipnscarmen\/files\/2024\/02\/WhatsApp-Video-2024-02-27-at-16.21.09.mp4<\/a><\/video><\/div>\n<div style=\"width: 478px;\" class=\"wp-video\"><video class=\"wp-video-shortcode\" id=\"video-5242-5\" width=\"478\" height=\"850\" preload=\"metadata\" controls=\"controls\"><source type=\"video\/mp4\" src=\"https:\/\/blogsaverroes.juntadeandalucia.es\/ceipnscarmen\/files\/2024\/02\/WhatsApp-Video-2024-02-27-at-16.23.13.mp4?_=5\" \/><a href=\"https:\/\/blogsaverroes.juntadeandalucia.es\/ceipnscarmen\/files\/2024\/02\/WhatsApp-Video-2024-02-27-at-16.23.13.mp4\">https:\/\/blogsaverroes.juntadeandalucia.es\/ceipnscarmen\/files\/2024\/02\/WhatsApp-Video-2024-02-27-at-16.23.13.mp4<\/a><\/video><\/div>\n<div style=\"width: 478px;\" class=\"wp-video\"><video class=\"wp-video-shortcode\" id=\"video-5242-6\" width=\"478\" height=\"850\" preload=\"metadata\" controls=\"controls\"><source type=\"video\/mp4\" src=\"https:\/\/blogsaverroes.juntadeandalucia.es\/ceipnscarmen\/files\/2024\/02\/WhatsApp-Video-2024-02-27-at-16.23.02.mp4?_=6\" \/><a href=\"https:\/\/blogsaverroes.juntadeandalucia.es\/ceipnscarmen\/files\/2024\/02\/WhatsApp-Video-2024-02-27-at-16.23.02.mp4\">https:\/\/blogsaverroes.juntadeandalucia.es\/ceipnscarmen\/files\/2024\/02\/WhatsApp-Video-2024-02-27-at-16.23.02.mp4<\/a><\/video><\/div>\n<div style=\"width: 478px;\" class=\"wp-video\"><video class=\"wp-video-shortcode\" id=\"video-5242-7\" width=\"478\" height=\"850\" preload=\"metadata\" controls=\"controls\"><source type=\"video\/mp4\" src=\"https:\/\/blogsaverroes.juntadeandalucia.es\/ceipnscarmen\/files\/2024\/02\/WhatsApp-Video-2024-02-27-at-16.22.54.mp4?_=7\" \/><a href=\"https:\/\/blogsaverroes.juntadeandalucia.es\/ceipnscarmen\/files\/2024\/02\/WhatsApp-Video-2024-02-27-at-16.22.54.mp4\">https:\/\/blogsaverroes.juntadeandalucia.es\/ceipnscarmen\/files\/2024\/02\/WhatsApp-Video-2024-02-27-at-16.22.54.mp4<\/a><\/video><\/div>\n<div style=\"width: 478px;\" class=\"wp-video\"><video class=\"wp-video-shortcode\" id=\"video-5242-8\" width=\"478\" height=\"850\" preload=\"metadata\" controls=\"controls\"><source type=\"video\/mp4\" src=\"https:\/\/blogsaverroes.juntadeandalucia.es\/ceipnscarmen\/files\/2024\/02\/WhatsApp-Video-2024-02-27-at-16.22.41.mp4?_=8\" \/><a href=\"https:\/\/blogsaverroes.juntadeandalucia.es\/ceipnscarmen\/files\/2024\/02\/WhatsApp-Video-2024-02-27-at-16.22.41.mp4\">https:\/\/blogsaverroes.juntadeandalucia.es\/ceipnscarmen\/files\/2024\/02\/WhatsApp-Video-2024-02-27-at-16.22.41.mp4<\/a><\/video><\/div>\n<div style=\"width: 478px;\" class=\"wp-video\"><video class=\"wp-video-shortcode\" id=\"video-5242-9\" width=\"478\" height=\"850\" preload=\"metadata\" controls=\"controls\"><source type=\"video\/mp4\" src=\"https:\/\/blogsaverroes.juntadeandalucia.es\/ceipnscarmen\/files\/2024\/02\/WhatsApp-Video-2024-02-27-at-16.22.46.mp4?_=9\" \/><a href=\"https:\/\/blogsaverroes.juntadeandalucia.es\/ceipnscarmen\/files\/2024\/02\/WhatsApp-Video-2024-02-27-at-16.22.46.mp4\">https:\/\/blogsaverroes.juntadeandalucia.es\/ceipnscarmen\/files\/2024\/02\/WhatsApp-Video-2024-02-27-at-16.22.46.mp4<\/a><\/video><\/div>\n<div style=\"width: 478px;\" class=\"wp-video\"><video class=\"wp-video-shortcode\" id=\"video-5242-10\" width=\"478\" height=\"850\" preload=\"metadata\" controls=\"controls\"><source type=\"video\/mp4\" src=\"https:\/\/blogsaverroes.juntadeandalucia.es\/ceipnscarmen\/files\/2024\/02\/WhatsApp-Video-2024-02-27-at-16.21.00.mp4?_=10\" \/><a href=\"https:\/\/blogsaverroes.juntadeandalucia.es\/ceipnscarmen\/files\/2024\/02\/WhatsApp-Video-2024-02-27-at-16.21.00.mp4\">https:\/\/blogsaverroes.juntadeandalucia.es\/ceipnscarmen\/files\/2024\/02\/WhatsApp-Video-2024-02-27-at-16.21.00.mp4<\/a><\/video><\/div>\n<div style=\"width: 478px;\" class=\"wp-video\"><video class=\"wp-video-shortcode\" id=\"video-5242-11\" width=\"478\" height=\"850\" preload=\"metadata\" controls=\"controls\"><source type=\"video\/mp4\" src=\"https:\/\/blogsaverroes.juntadeandalucia.es\/ceipnscarmen\/files\/2024\/02\/WhatsApp-Video-2024-02-27-at-16.20.54.mp4?_=11\" \/><a href=\"https:\/\/blogsaverroes.juntadeandalucia.es\/ceipnscarmen\/files\/2024\/02\/WhatsApp-Video-2024-02-27-at-16.20.54.mp4\">https:\/\/blogsaverroes.juntadeandalucia.es\/ceipnscarmen\/files\/2024\/02\/WhatsApp-Video-2024-02-27-at-16.20.54.mp4<\/a><\/video><\/div>\n<div style=\"width: 478px;\" class=\"wp-video\"><video class=\"wp-video-shortcode\" id=\"video-5242-12\" width=\"478\" height=\"850\" preload=\"metadata\" controls=\"controls\"><source type=\"video\/mp4\" src=\"https:\/\/blogsaverroes.juntadeandalucia.es\/ceipnscarmen\/files\/2024\/02\/WhatsApp-Video-2024-02-27-at-16.20.45.mp4?_=12\" \/><a href=\"https:\/\/blogsaverroes.juntadeandalucia.es\/ceipnscarmen\/files\/2024\/02\/WhatsApp-Video-2024-02-27-at-16.20.45.mp4\">https:\/\/blogsaverroes.juntadeandalucia.es\/ceipnscarmen\/files\/2024\/02\/WhatsApp-Video-2024-02-27-at-16.20.45.mp4<\/a><\/video><\/div>\n<div style=\"width: 478px;\" class=\"wp-video\"><video class=\"wp-video-shortcode\" id=\"video-5242-13\" width=\"478\" height=\"850\" preload=\"metadata\" controls=\"controls\"><source type=\"video\/mp4\" src=\"https:\/\/blogsaverroes.juntadeandalucia.es\/ceipnscarmen\/files\/2024\/02\/WhatsApp-Video-2024-02-27-at-16.20.41.mp4?_=13\" \/><a href=\"https:\/\/blogsaverroes.juntadeandalucia.es\/ceipnscarmen\/files\/2024\/02\/WhatsApp-Video-2024-02-27-at-16.20.41.mp4\">https:\/\/blogsaverroes.juntadeandalucia.es\/ceipnscarmen\/files\/2024\/02\/WhatsApp-Video-2024-02-27-at-16.20.41.mp4<\/a><\/video><\/div>\n<div style=\"width: 478px;\" class=\"wp-video\"><video class=\"wp-video-shortcode\" id=\"video-5242-14\" width=\"478\" height=\"850\" preload=\"metadata\" controls=\"controls\"><source type=\"video\/mp4\" src=\"https:\/\/blogsaverroes.juntadeandalucia.es\/ceipnscarmen\/files\/2024\/02\/WhatsApp-Video-2024-02-27-at-16.20.34.mp4?_=14\" \/><a href=\"https:\/\/blogsaverroes.juntadeandalucia.es\/ceipnscarmen\/files\/2024\/02\/WhatsApp-Video-2024-02-27-at-16.20.34.mp4\">https:\/\/blogsaverroes.juntadeandalucia.es\/ceipnscarmen\/files\/2024\/02\/WhatsApp-Video-2024-02-27-at-16.20.34.mp4<\/a><\/video><\/div>\n<div style=\"width: 478px;\" class=\"wp-video\"><video class=\"wp-video-shortcode\" id=\"video-5242-15\" width=\"478\" height=\"850\" preload=\"metadata\" controls=\"controls\"><source type=\"video\/mp4\" src=\"https:\/\/blogsaverroes.juntadeandalucia.es\/ceipnscarmen\/files\/2024\/02\/WhatsApp-Video-2024-02-27-at-16.20.06.mp4?_=15\" \/><a href=\"https:\/\/blogsaverroes.juntadeandalucia.es\/ceipnscarmen\/files\/2024\/02\/WhatsApp-Video-2024-02-27-at-16.20.06.mp4\">https:\/\/blogsaverroes.juntadeandalucia.es\/ceipnscarmen\/files\/2024\/02\/WhatsApp-Video-2024-02-27-at-16.20.06.mp4<\/a><\/video><\/div>\n<div style=\"width: 478px;\" class=\"wp-video\"><video class=\"wp-video-shortcode\" id=\"video-5242-16\" width=\"478\" height=\"850\" preload=\"metadata\" controls=\"controls\"><source type=\"video\/mp4\" src=\"https:\/\/blogsaverroes.juntadeandalucia.es\/ceipnscarmen\/files\/2024\/02\/WhatsApp-Video-2024-02-27-at-16.19.49.mp4?_=16\" \/><a href=\"https:\/\/blogsaverroes.juntadeandalucia.es\/ceipnscarmen\/files\/2024\/02\/WhatsApp-Video-2024-02-27-at-16.19.49.mp4\">https:\/\/blogsaverroes.juntadeandalucia.es\/ceipnscarmen\/files\/2024\/02\/WhatsApp-Video-2024-02-27-at-16.19.49.mp4<\/a><\/video><\/div>\n<div style=\"width: 478px;\" class=\"wp-video\"><video class=\"wp-video-shortcode\" id=\"video-5242-17\" width=\"478\" height=\"850\" preload=\"metadata\" controls=\"controls\"><source type=\"video\/mp4\" src=\"https:\/\/blogsaverroes.juntadeandalucia.es\/ceipnscarmen\/files\/2024\/02\/WhatsApp-Video-2024-02-27-at-16.19.46.mp4?_=17\" \/><a href=\"https:\/\/blogsaverroes.juntadeandalucia.es\/ceipnscarmen\/files\/2024\/02\/WhatsApp-Video-2024-02-27-at-16.19.46.mp4\">https:\/\/blogsaverroes.juntadeandalucia.es\/ceipnscarmen\/files\/2024\/02\/WhatsApp-Video-2024-02-27-at-16.19.46.mp4<\/a><\/video><\/div>\n<div style=\"width: 478px;\" class=\"wp-video\"><video class=\"wp-video-shortcode\" id=\"video-5242-18\" width=\"478\" height=\"850\" preload=\"metadata\" controls=\"controls\"><source type=\"video\/mp4\" src=\"https:\/\/blogsaverroes.juntadeandalucia.es\/ceipnscarmen\/files\/2024\/02\/WhatsApp-Video-2024-02-27-at-16.19.39.mp4?_=18\" \/><a href=\"https:\/\/blogsaverroes.juntadeandalucia.es\/ceipnscarmen\/files\/2024\/02\/WhatsApp-Video-2024-02-27-at-16.19.39.mp4\">https:\/\/blogsaverroes.juntadeandalucia.es\/ceipnscarmen\/files\/2024\/02\/WhatsApp-Video-2024-02-27-at-16.19.39.mp4<\/a><\/video><\/div>\n<div style=\"width: 478px;\" class=\"wp-video\"><video class=\"wp-video-shortcode\" id=\"video-5242-19\" width=\"478\" height=\"850\" preload=\"metadata\" controls=\"controls\"><source type=\"video\/mp4\" src=\"https:\/\/blogsaverroes.juntadeandalucia.es\/ceipnscarmen\/files\/2024\/02\/WhatsApp-Video-2024-02-27-at-16.19.21.mp4?_=19\" \/><a href=\"https:\/\/blogsaverroes.juntadeandalucia.es\/ceipnscarmen\/files\/2024\/02\/WhatsApp-Video-2024-02-27-at-16.19.21.mp4\">https:\/\/blogsaverroes.juntadeandalucia.es\/ceipnscarmen\/files\/2024\/02\/WhatsApp-Video-2024-02-27-at-16.19.21.mp4<\/a><\/video><\/div>\n<div style=\"width: 478px;\" class=\"wp-video\"><video class=\"wp-video-shortcode\" id=\"video-5242-20\" width=\"478\" height=\"850\" preload=\"metadata\" controls=\"controls\"><source type=\"video\/mp4\" src=\"https:\/\/blogsaverroes.juntadeandalucia.es\/ceipnscarmen\/files\/2024\/02\/WhatsApp-Video-2024-02-27-at-16.18.59.mp4?_=20\" \/><a href=\"https:\/\/blogsaverroes.juntadeandalucia.es\/ceipnscarmen\/files\/2024\/02\/WhatsApp-Video-2024-02-27-at-16.18.59.mp4\">https:\/\/blogsaverroes.juntadeandalucia.es\/ceipnscarmen\/files\/2024\/02\/WhatsApp-Video-2024-02-27-at-16.18.59.mp4<\/a><\/video><\/div>\n<div style=\"width: 478px;\" class=\"wp-video\"><video class=\"wp-video-shortcode\" id=\"video-5242-21\" width=\"478\" height=\"850\" preload=\"metadata\" controls=\"controls\"><source type=\"video\/mp4\" src=\"https:\/\/blogsaverroes.juntadeandalucia.es\/ceipnscarmen\/files\/2024\/02\/WhatsApp-Video-2024-02-27-at-16.18.40.mp4?_=21\" \/><a href=\"https:\/\/blogsaverroes.juntadeandalucia.es\/ceipnscarmen\/files\/2024\/02\/WhatsApp-Video-2024-02-27-at-16.18.40.mp4\">https:\/\/blogsaverroes.juntadeandalucia.es\/ceipnscarmen\/files\/2024\/02\/WhatsApp-Video-2024-02-27-at-16.18.40.mp4<\/a><\/video><\/div>\n<div style=\"width: 478px;\" class=\"wp-video\"><video class=\"wp-video-shortcode\" id=\"video-5242-22\" width=\"478\" height=\"850\" preload=\"metadata\" controls=\"controls\"><source type=\"video\/mp4\" src=\"https:\/\/blogsaverroes.juntadeandalucia.es\/ceipnscarmen\/files\/2024\/02\/WhatsApp-Video-2024-02-27-at-16.18.39.mp4?_=22\" \/><a href=\"https:\/\/blogsaverroes.juntadeandalucia.es\/ceipnscarmen\/files\/2024\/02\/WhatsApp-Video-2024-02-27-at-16.18.39.mp4\">https:\/\/blogsaverroes.juntadeandalucia.es\/ceipnscarmen\/files\/2024\/02\/WhatsApp-Video-2024-02-27-at-16.18.39.mp4<\/a><\/video><\/div>\n<div style=\"width: 843px;\" class=\"wp-video\"><video class=\"wp-video-shortcode\" id=\"video-5242-23\" width=\"843\" height=\"477\" preload=\"metadata\" controls=\"controls\"><source type=\"video\/mp4\" src=\"https:\/\/blogsaverroes.juntadeandalucia.es\/ceipnscarmen\/files\/2024\/02\/WhatsApp-Video-2024-02-27-at-16.28.01.mp4?_=23\" \/><a href=\"https:\/\/blogsaverroes.juntadeandalucia.es\/ceipnscarmen\/files\/2024\/02\/WhatsApp-Video-2024-02-27-at-16.28.01.mp4\">https:\/\/blogsaverroes.juntadeandalucia.es\/ceipnscarmen\/files\/2024\/02\/WhatsApp-Video-2024-02-27-at-16.28.01.mp4<\/a><\/video><\/div>\n","protected":false},"excerpt":{"rendered":"<p>\u00a1Hola! Hoy martes 27 hemos celebrado el d\u00eda de Andaluc\u00eda en nuestro centro. Hemos realizado diferentes actividades a nivel de centro, de aula y de&hellip;<\/p>\n","protected":false},"author":1907,"featured_media":0,"parent":0,"menu_order":0,"comment_status":"closed","ping_status":"closed","template":"","meta":{"ngg_post_thumbnail":0,"footnotes":"","_mc_calendar":[]},"aioseo_notices":[],"_links":{"self":[{"href":"https:\/\/blogsaverroes.juntadeandalucia.es\/ceipnscarmen\/wp-json\/wp\/v2\/pages\/5242"}],"collection":[{"href":"https:\/\/blogsaverroes.juntadeandalucia.es\/ceipnscarmen\/wp-json\/wp\/v2\/pages"}],"about":[{"href":"https:\/\/blogsaverroes.juntadeandalucia.es\/ceipnscarmen\/wp-json\/wp\/v2\/types\/page"}],"author":[{"embeddable":true,"href":"https:\/\/blogsaverroes.juntadeandalucia.es\/ceipnscarmen\/wp-json\/wp\/v2\/users\/1907"}],"replies":[{"embeddable":true,"href":"https:\/\/blogsaverroes.juntadeandalucia.es\/ceipnscarmen\/wp-json\/wp\/v2\/comments?post=5242"}],"version-history":[{"count":5,"href":"https:\/\/blogsaverroes.juntadeandalucia.es\/ceipnscarmen\/wp-json\/wp\/v2\/pages\/5242\/revisions"}],"predecessor-version":[{"id":5271,"href":"https:\/\/blogsaverroes.juntadeandalucia.es\/ceipnscarmen\/wp-json\/wp\/v2\/pages\/5242\/revisions\/5271"}],"wp:attachment":[{"href":"https:\/\/blogsaverroes.juntadeandalucia.es\/ceipnscarmen\/wp-json\/wp\/v2\/media?parent=5242"}],"curies":[{"name":"wp","href":"https:\/\/api.w.org\/{rel}","templated":true}]}}