{"id":6699,"date":"2025-06-11T10:57:09","date_gmt":"2025-06-11T10:57:09","guid":{"rendered":"https:\/\/blogsaverroes.juntadeandalucia.es\/ceipnscarmen\/?page_id=6699"},"modified":"2025-06-11T10:57:09","modified_gmt":"2025-06-11T10:57:09","slug":"mago-lucas","status":"publish","type":"page","link":"https:\/\/blogsaverroes.juntadeandalucia.es\/ceipnscarmen\/mago-lucas\/","title":{"rendered":"Mago Lucas"},"content":{"rendered":"<p>Dentro de los programas de prevenci\u00f3n de la violencia de g\u00e9nero y del plan de compensaci\u00f3n educativa, hemos podido asistir a un espect\u00e1culo de magia del Mago Lucas en el que adem\u00e1s de pasarlo bien hemos aprendido muchos valores<\/p>\n<p>&nbsp;<\/p>\n<p><a href=\"https:\/\/blogsaverroes.juntadeandalucia.es\/ceipnscarmen\/files\/2025\/06\/Pacto-estado.png\"><img loading=\"lazy\" decoding=\"async\" class=\"alignnone size-medium wp-image-6700\" src=\"https:\/\/blogsaverroes.juntadeandalucia.es\/ceipnscarmen\/files\/2025\/06\/Pacto-estado-300x43.png\" alt=\"\" width=\"300\" height=\"43\" srcset=\"https:\/\/blogsaverroes.juntadeandalucia.es\/ceipnscarmen\/files\/2025\/06\/Pacto-estado-300x43.png 300w, https:\/\/blogsaverroes.juntadeandalucia.es\/ceipnscarmen\/files\/2025\/06\/Pacto-estado-1024x148.png 1024w, https:\/\/blogsaverroes.juntadeandalucia.es\/ceipnscarmen\/files\/2025\/06\/Pacto-estado-768x111.png 768w, https:\/\/blogsaverroes.juntadeandalucia.es\/ceipnscarmen\/files\/2025\/06\/Pacto-estado.png 1239w\" sizes=\"(max-width: 300px) 100vw, 300px\" \/><\/a> <a href=\"https:\/\/blogsaverroes.juntadeandalucia.es\/ceipnscarmen\/files\/2025\/06\/WhatsApp-Image-2025-06-09-at-16.16.25-1.jpeg\"><img loading=\"lazy\" decoding=\"async\" class=\"alignnone size-medium wp-image-6701\" src=\"https:\/\/blogsaverroes.juntadeandalucia.es\/ceipnscarmen\/files\/2025\/06\/WhatsApp-Image-2025-06-09-at-16.16.25-1-300x226.jpeg\" alt=\"\" width=\"300\" height=\"226\" srcset=\"https:\/\/blogsaverroes.juntadeandalucia.es\/ceipnscarmen\/files\/2025\/06\/WhatsApp-Image-2025-06-09-at-16.16.25-1-300x226.jpeg 300w, https:\/\/blogsaverroes.juntadeandalucia.es\/ceipnscarmen\/files\/2025\/06\/WhatsApp-Image-2025-06-09-at-16.16.25-1-1024x771.jpeg 1024w, https:\/\/blogsaverroes.juntadeandalucia.es\/ceipnscarmen\/files\/2025\/06\/WhatsApp-Image-2025-06-09-at-16.16.25-1-768x578.jpeg 768w, https:\/\/blogsaverroes.juntadeandalucia.es\/ceipnscarmen\/files\/2025\/06\/WhatsApp-Image-2025-06-09-at-16.16.25-1-1536x1157.jpeg 1536w, https:\/\/blogsaverroes.juntadeandalucia.es\/ceipnscarmen\/files\/2025\/06\/WhatsApp-Image-2025-06-09-at-16.16.25-1.jpeg 1600w\" sizes=\"(max-width: 300px) 100vw, 300px\" \/><\/a> <a href=\"https:\/\/blogsaverroes.juntadeandalucia.es\/ceipnscarmen\/files\/2025\/06\/WhatsApp-Image-2025-06-09-at-16.16.25.jpeg\"><img loading=\"lazy\" decoding=\"async\" class=\"alignnone size-medium wp-image-6702\" src=\"https:\/\/blogsaverroes.juntadeandalucia.es\/ceipnscarmen\/files\/2025\/06\/WhatsApp-Image-2025-06-09-at-16.16.25-300x226.jpeg\" alt=\"\" width=\"300\" height=\"226\" srcset=\"https:\/\/blogsaverroes.juntadeandalucia.es\/ceipnscarmen\/files\/2025\/06\/WhatsApp-Image-2025-06-09-at-16.16.25-300x226.jpeg 300w, https:\/\/blogsaverroes.juntadeandalucia.es\/ceipnscarmen\/files\/2025\/06\/WhatsApp-Image-2025-06-09-at-16.16.25-1024x771.jpeg 1024w, https:\/\/blogsaverroes.juntadeandalucia.es\/ceipnscarmen\/files\/2025\/06\/WhatsApp-Image-2025-06-09-at-16.16.25-768x578.jpeg 768w, https:\/\/blogsaverroes.juntadeandalucia.es\/ceipnscarmen\/files\/2025\/06\/WhatsApp-Image-2025-06-09-at-16.16.25-1536x1157.jpeg 1536w, https:\/\/blogsaverroes.juntadeandalucia.es\/ceipnscarmen\/files\/2025\/06\/WhatsApp-Image-2025-06-09-at-16.16.25.jpeg 1600w\" sizes=\"(max-width: 300px) 100vw, 300px\" \/><\/a> <a href=\"https:\/\/blogsaverroes.juntadeandalucia.es\/ceipnscarmen\/files\/2025\/06\/WhatsApp-Image-2025-06-09-at-16.16.26-1.jpeg\"><img loading=\"lazy\" decoding=\"async\" class=\"alignnone size-medium wp-image-6703\" src=\"https:\/\/blogsaverroes.juntadeandalucia.es\/ceipnscarmen\/files\/2025\/06\/WhatsApp-Image-2025-06-09-at-16.16.26-1-300x226.jpeg\" alt=\"\" width=\"300\" height=\"226\" srcset=\"https:\/\/blogsaverroes.juntadeandalucia.es\/ceipnscarmen\/files\/2025\/06\/WhatsApp-Image-2025-06-09-at-16.16.26-1-300x226.jpeg 300w, https:\/\/blogsaverroes.juntadeandalucia.es\/ceipnscarmen\/files\/2025\/06\/WhatsApp-Image-2025-06-09-at-16.16.26-1-1024x771.jpeg 1024w, https:\/\/blogsaverroes.juntadeandalucia.es\/ceipnscarmen\/files\/2025\/06\/WhatsApp-Image-2025-06-09-at-16.16.26-1-768x578.jpeg 768w, https:\/\/blogsaverroes.juntadeandalucia.es\/ceipnscarmen\/files\/2025\/06\/WhatsApp-Image-2025-06-09-at-16.16.26-1-1536x1157.jpeg 1536w, https:\/\/blogsaverroes.juntadeandalucia.es\/ceipnscarmen\/files\/2025\/06\/WhatsApp-Image-2025-06-09-at-16.16.26-1.jpeg 1600w\" sizes=\"(max-width: 300px) 100vw, 300px\" \/><\/a> <a href=\"https:\/\/blogsaverroes.juntadeandalucia.es\/ceipnscarmen\/files\/2025\/06\/WhatsApp-Image-2025-06-09-at-16.16.26-2.jpeg\"><img loading=\"lazy\" decoding=\"async\" class=\"alignnone size-medium wp-image-6704\" src=\"https:\/\/blogsaverroes.juntadeandalucia.es\/ceipnscarmen\/files\/2025\/06\/WhatsApp-Image-2025-06-09-at-16.16.26-2-300x226.jpeg\" alt=\"\" width=\"300\" height=\"226\" srcset=\"https:\/\/blogsaverroes.juntadeandalucia.es\/ceipnscarmen\/files\/2025\/06\/WhatsApp-Image-2025-06-09-at-16.16.26-2-300x226.jpeg 300w, https:\/\/blogsaverroes.juntadeandalucia.es\/ceipnscarmen\/files\/2025\/06\/WhatsApp-Image-2025-06-09-at-16.16.26-2-1024x771.jpeg 1024w, https:\/\/blogsaverroes.juntadeandalucia.es\/ceipnscarmen\/files\/2025\/06\/WhatsApp-Image-2025-06-09-at-16.16.26-2-768x578.jpeg 768w, https:\/\/blogsaverroes.juntadeandalucia.es\/ceipnscarmen\/files\/2025\/06\/WhatsApp-Image-2025-06-09-at-16.16.26-2-1536x1157.jpeg 1536w, https:\/\/blogsaverroes.juntadeandalucia.es\/ceipnscarmen\/files\/2025\/06\/WhatsApp-Image-2025-06-09-at-16.16.26-2.jpeg 2040w\" sizes=\"(max-width: 300px) 100vw, 300px\" \/><\/a> <a href=\"https:\/\/blogsaverroes.juntadeandalucia.es\/ceipnscarmen\/files\/2025\/06\/WhatsApp-Image-2025-06-09-at-16.16.26-3.jpeg\"><img loading=\"lazy\" decoding=\"async\" class=\"alignnone size-medium wp-image-6705\" src=\"https:\/\/blogsaverroes.juntadeandalucia.es\/ceipnscarmen\/files\/2025\/06\/WhatsApp-Image-2025-06-09-at-16.16.26-3-300x226.jpeg\" alt=\"\" width=\"300\" height=\"226\" srcset=\"https:\/\/blogsaverroes.juntadeandalucia.es\/ceipnscarmen\/files\/2025\/06\/WhatsApp-Image-2025-06-09-at-16.16.26-3-300x226.jpeg 300w, https:\/\/blogsaverroes.juntadeandalucia.es\/ceipnscarmen\/files\/2025\/06\/WhatsApp-Image-2025-06-09-at-16.16.26-3-1024x771.jpeg 1024w, https:\/\/blogsaverroes.juntadeandalucia.es\/ceipnscarmen\/files\/2025\/06\/WhatsApp-Image-2025-06-09-at-16.16.26-3-768x578.jpeg 768w, https:\/\/blogsaverroes.juntadeandalucia.es\/ceipnscarmen\/files\/2025\/06\/WhatsApp-Image-2025-06-09-at-16.16.26-3-1536x1157.jpeg 1536w, https:\/\/blogsaverroes.juntadeandalucia.es\/ceipnscarmen\/files\/2025\/06\/WhatsApp-Image-2025-06-09-at-16.16.26-3.jpeg 1600w\" sizes=\"(max-width: 300px) 100vw, 300px\" \/><\/a> <a href=\"https:\/\/blogsaverroes.juntadeandalucia.es\/ceipnscarmen\/files\/2025\/06\/WhatsApp-Image-2025-06-09-at-16.16.26.jpeg\"><img loading=\"lazy\" decoding=\"async\" class=\"alignnone size-medium wp-image-6706\" src=\"https:\/\/blogsaverroes.juntadeandalucia.es\/ceipnscarmen\/files\/2025\/06\/WhatsApp-Image-2025-06-09-at-16.16.26-300x226.jpeg\" alt=\"\" width=\"300\" height=\"226\" srcset=\"https:\/\/blogsaverroes.juntadeandalucia.es\/ceipnscarmen\/files\/2025\/06\/WhatsApp-Image-2025-06-09-at-16.16.26-300x226.jpeg 300w, https:\/\/blogsaverroes.juntadeandalucia.es\/ceipnscarmen\/files\/2025\/06\/WhatsApp-Image-2025-06-09-at-16.16.26-1024x771.jpeg 1024w, https:\/\/blogsaverroes.juntadeandalucia.es\/ceipnscarmen\/files\/2025\/06\/WhatsApp-Image-2025-06-09-at-16.16.26-768x578.jpeg 768w, https:\/\/blogsaverroes.juntadeandalucia.es\/ceipnscarmen\/files\/2025\/06\/WhatsApp-Image-2025-06-09-at-16.16.26-1536x1157.jpeg 1536w, https:\/\/blogsaverroes.juntadeandalucia.es\/ceipnscarmen\/files\/2025\/06\/WhatsApp-Image-2025-06-09-at-16.16.26.jpeg 1600w\" sizes=\"(max-width: 300px) 100vw, 300px\" \/><\/a> <a href=\"https:\/\/blogsaverroes.juntadeandalucia.es\/ceipnscarmen\/files\/2025\/06\/WhatsApp-Image-2025-06-09-at-16.16.27.jpeg\"><img loading=\"lazy\" decoding=\"async\" class=\"alignnone size-medium wp-image-6707\" src=\"https:\/\/blogsaverroes.juntadeandalucia.es\/ceipnscarmen\/files\/2025\/06\/WhatsApp-Image-2025-06-09-at-16.16.27-300x226.jpeg\" alt=\"\" width=\"300\" height=\"226\" srcset=\"https:\/\/blogsaverroes.juntadeandalucia.es\/ceipnscarmen\/files\/2025\/06\/WhatsApp-Image-2025-06-09-at-16.16.27-300x226.jpeg 300w, https:\/\/blogsaverroes.juntadeandalucia.es\/ceipnscarmen\/files\/2025\/06\/WhatsApp-Image-2025-06-09-at-16.16.27-1024x771.jpeg 1024w, https:\/\/blogsaverroes.juntadeandalucia.es\/ceipnscarmen\/files\/2025\/06\/WhatsApp-Image-2025-06-09-at-16.16.27-768x578.jpeg 768w, https:\/\/blogsaverroes.juntadeandalucia.es\/ceipnscarmen\/files\/2025\/06\/WhatsApp-Image-2025-06-09-at-16.16.27-1536x1156.jpeg 1536w, https:\/\/blogsaverroes.juntadeandalucia.es\/ceipnscarmen\/files\/2025\/06\/WhatsApp-Image-2025-06-09-at-16.16.27.jpeg 1600w\" sizes=\"(max-width: 300px) 100vw, 300px\" \/><\/a> <a href=\"https:\/\/blogsaverroes.juntadeandalucia.es\/ceipnscarmen\/files\/2025\/06\/WhatsApp-Image-2025-06-09-at-16.16.30.jpeg\"><img loading=\"lazy\" decoding=\"async\" class=\"alignnone size-medium wp-image-6708\" src=\"https:\/\/blogsaverroes.juntadeandalucia.es\/ceipnscarmen\/files\/2025\/06\/WhatsApp-Image-2025-06-09-at-16.16.30-226x300.jpeg\" alt=\"\" width=\"226\" height=\"300\" srcset=\"https:\/\/blogsaverroes.juntadeandalucia.es\/ceipnscarmen\/files\/2025\/06\/WhatsApp-Image-2025-06-09-at-16.16.30-226x300.jpeg 226w, https:\/\/blogsaverroes.juntadeandalucia.es\/ceipnscarmen\/files\/2025\/06\/WhatsApp-Image-2025-06-09-at-16.16.30-771x1024.jpeg 771w, https:\/\/blogsaverroes.juntadeandalucia.es\/ceipnscarmen\/files\/2025\/06\/WhatsApp-Image-2025-06-09-at-16.16.30-768x1021.jpeg 768w, https:\/\/blogsaverroes.juntadeandalucia.es\/ceipnscarmen\/files\/2025\/06\/WhatsApp-Image-2025-06-09-at-16.16.30-1156x1536.jpeg 1156w, https:\/\/blogsaverroes.juntadeandalucia.es\/ceipnscarmen\/files\/2025\/06\/WhatsApp-Image-2025-06-09-at-16.16.30.jpeg 1204w\" sizes=\"(max-width: 226px) 100vw, 226px\" \/><\/a> <a href=\"https:\/\/blogsaverroes.juntadeandalucia.es\/ceipnscarmen\/files\/2025\/06\/WhatsApp-Image-2025-06-09-at-16.16.39.jpeg\"><img loading=\"lazy\" decoding=\"async\" class=\"alignnone size-medium wp-image-6709\" src=\"https:\/\/blogsaverroes.juntadeandalucia.es\/ceipnscarmen\/files\/2025\/06\/WhatsApp-Image-2025-06-09-at-16.16.39-226x300.jpeg\" alt=\"\" width=\"226\" height=\"300\" srcset=\"https:\/\/blogsaverroes.juntadeandalucia.es\/ceipnscarmen\/files\/2025\/06\/WhatsApp-Image-2025-06-09-at-16.16.39-226x300.jpeg 226w, https:\/\/blogsaverroes.juntadeandalucia.es\/ceipnscarmen\/files\/2025\/06\/WhatsApp-Image-2025-06-09-at-16.16.39-771x1024.jpeg 771w, https:\/\/blogsaverroes.juntadeandalucia.es\/ceipnscarmen\/files\/2025\/06\/WhatsApp-Image-2025-06-09-at-16.16.39-768x1021.jpeg 768w, https:\/\/blogsaverroes.juntadeandalucia.es\/ceipnscarmen\/files\/2025\/06\/WhatsApp-Image-2025-06-09-at-16.16.39-1156x1536.jpeg 1156w, https:\/\/blogsaverroes.juntadeandalucia.es\/ceipnscarmen\/files\/2025\/06\/WhatsApp-Image-2025-06-09-at-16.16.39.jpeg 1204w\" sizes=\"(max-width: 226px) 100vw, 226px\" \/><\/a> <a href=\"https:\/\/blogsaverroes.juntadeandalucia.es\/ceipnscarmen\/files\/2025\/06\/WhatsApp-Image-2025-06-09-at-16.16.41.jpeg\"><img loading=\"lazy\" decoding=\"async\" class=\"alignnone size-medium wp-image-6710\" src=\"https:\/\/blogsaverroes.juntadeandalucia.es\/ceipnscarmen\/files\/2025\/06\/WhatsApp-Image-2025-06-09-at-16.16.41-226x300.jpeg\" alt=\"\" width=\"226\" height=\"300\" srcset=\"https:\/\/blogsaverroes.juntadeandalucia.es\/ceipnscarmen\/files\/2025\/06\/WhatsApp-Image-2025-06-09-at-16.16.41-226x300.jpeg 226w, https:\/\/blogsaverroes.juntadeandalucia.es\/ceipnscarmen\/files\/2025\/06\/WhatsApp-Image-2025-06-09-at-16.16.41-771x1024.jpeg 771w, https:\/\/blogsaverroes.juntadeandalucia.es\/ceipnscarmen\/files\/2025\/06\/WhatsApp-Image-2025-06-09-at-16.16.41-768x1021.jpeg 768w, https:\/\/blogsaverroes.juntadeandalucia.es\/ceipnscarmen\/files\/2025\/06\/WhatsApp-Image-2025-06-09-at-16.16.41-1156x1536.jpeg 1156w, https:\/\/blogsaverroes.juntadeandalucia.es\/ceipnscarmen\/files\/2025\/06\/WhatsApp-Image-2025-06-09-at-16.16.41.jpeg 1204w\" sizes=\"(max-width: 226px) 100vw, 226px\" \/><\/a> <a href=\"https:\/\/blogsaverroes.juntadeandalucia.es\/ceipnscarmen\/files\/2025\/06\/WhatsApp-Image-2025-06-09-at-16.16.43.jpeg\"><img loading=\"lazy\" decoding=\"async\" class=\"alignnone size-medium wp-image-6711\" src=\"https:\/\/blogsaverroes.juntadeandalucia.es\/ceipnscarmen\/files\/2025\/06\/WhatsApp-Image-2025-06-09-at-16.16.43-300x226.jpeg\" alt=\"\" width=\"300\" height=\"226\" srcset=\"https:\/\/blogsaverroes.juntadeandalucia.es\/ceipnscarmen\/files\/2025\/06\/WhatsApp-Image-2025-06-09-at-16.16.43-300x226.jpeg 300w, https:\/\/blogsaverroes.juntadeandalucia.es\/ceipnscarmen\/files\/2025\/06\/WhatsApp-Image-2025-06-09-at-16.16.43-1024x771.jpeg 1024w, https:\/\/blogsaverroes.juntadeandalucia.es\/ceipnscarmen\/files\/2025\/06\/WhatsApp-Image-2025-06-09-at-16.16.43-768x578.jpeg 768w, https:\/\/blogsaverroes.juntadeandalucia.es\/ceipnscarmen\/files\/2025\/06\/WhatsApp-Image-2025-06-09-at-16.16.43-1536x1156.jpeg 1536w, https:\/\/blogsaverroes.juntadeandalucia.es\/ceipnscarmen\/files\/2025\/06\/WhatsApp-Image-2025-06-09-at-16.16.43.jpeg 1600w\" sizes=\"(max-width: 300px) 100vw, 300px\" \/><\/a><\/p>\n","protected":false},"excerpt":{"rendered":"<p>Dentro de los programas de prevenci\u00f3n de la violencia de g\u00e9nero y del plan de compensaci\u00f3n educativa, hemos podido asistir a un espect\u00e1culo de magia&hellip;<\/p>\n","protected":false},"author":1907,"featured_media":0,"parent":0,"menu_order":0,"comment_status":"closed","ping_status":"closed","template":"","meta":{"ngg_post_thumbnail":0,"footnotes":"","_mc_calendar":[]},"aioseo_notices":[],"_links":{"self":[{"href":"https:\/\/blogsaverroes.juntadeandalucia.es\/ceipnscarmen\/wp-json\/wp\/v2\/pages\/6699"}],"collection":[{"href":"https:\/\/blogsaverroes.juntadeandalucia.es\/ceipnscarmen\/wp-json\/wp\/v2\/pages"}],"about":[{"href":"https:\/\/blogsaverroes.juntadeandalucia.es\/ceipnscarmen\/wp-json\/wp\/v2\/types\/page"}],"author":[{"embeddable":true,"href":"https:\/\/blogsaverroes.juntadeandalucia.es\/ceipnscarmen\/wp-json\/wp\/v2\/users\/1907"}],"replies":[{"embeddable":true,"href":"https:\/\/blogsaverroes.juntadeandalucia.es\/ceipnscarmen\/wp-json\/wp\/v2\/comments?post=6699"}],"version-history":[{"count":1,"href":"https:\/\/blogsaverroes.juntadeandalucia.es\/ceipnscarmen\/wp-json\/wp\/v2\/pages\/6699\/revisions"}],"predecessor-version":[{"id":6713,"href":"https:\/\/blogsaverroes.juntadeandalucia.es\/ceipnscarmen\/wp-json\/wp\/v2\/pages\/6699\/revisions\/6713"}],"wp:attachment":[{"href":"https:\/\/blogsaverroes.juntadeandalucia.es\/ceipnscarmen\/wp-json\/wp\/v2\/media?parent=6699"}],"curies":[{"name":"wp","href":"https:\/\/api.w.org\/{rel}","templated":true}]}}