{"id":6793,"date":"2025-10-09T08:07:05","date_gmt":"2025-10-09T08:07:05","guid":{"rendered":"https:\/\/blogsaverroes.juntadeandalucia.es\/ceipnscarmen\/?page_id=6793"},"modified":"2025-10-09T11:20:30","modified_gmt":"2025-10-09T11:20:30","slug":"6793-2","status":"publish","type":"page","link":"https:\/\/blogsaverroes.juntadeandalucia.es\/ceipnscarmen\/6793-2\/","title":{"rendered":"Visita exposici\u00f3n Stretching your imagination"},"content":{"rendered":"<p>Los alumn@s de quinto y sexto visitaron la exposici\u00f3n \u00abStretching your imagination\u00bb en el castillo de Cuevas del Almanzora. El artista F\u00e9lix Semper nos ense\u00f1\u00f3 su creaci\u00f3n hecha de papel y madera y nos dej\u00f3 con la boca abierta con sus creaciones que parec\u00edan reales. Nos encant\u00f3 poder realizar esta visita al lado de nuestro cole.<\/p>\n<p>&nbsp;<\/p>\n<p><a href=\"https:\/\/blogsaverroes.juntadeandalucia.es\/ceipnscarmen\/files\/2025\/10\/WhatsApp-Image-2025-10-09-at-09.49.38-2.jpeg\"><img loading=\"lazy\" decoding=\"async\" class=\"alignnone size-medium wp-image-6794\" src=\"https:\/\/blogsaverroes.juntadeandalucia.es\/ceipnscarmen\/files\/2025\/10\/WhatsApp-Image-2025-10-09-at-09.49.38-2-300x225.jpeg\" alt=\"\" width=\"300\" height=\"225\" srcset=\"https:\/\/blogsaverroes.juntadeandalucia.es\/ceipnscarmen\/files\/2025\/10\/WhatsApp-Image-2025-10-09-at-09.49.38-2-300x225.jpeg 300w, https:\/\/blogsaverroes.juntadeandalucia.es\/ceipnscarmen\/files\/2025\/10\/WhatsApp-Image-2025-10-09-at-09.49.38-2-1024x768.jpeg 1024w, https:\/\/blogsaverroes.juntadeandalucia.es\/ceipnscarmen\/files\/2025\/10\/WhatsApp-Image-2025-10-09-at-09.49.38-2-768x576.jpeg 768w, https:\/\/blogsaverroes.juntadeandalucia.es\/ceipnscarmen\/files\/2025\/10\/WhatsApp-Image-2025-10-09-at-09.49.38-2-1536x1152.jpeg 1536w, https:\/\/blogsaverroes.juntadeandalucia.es\/ceipnscarmen\/files\/2025\/10\/WhatsApp-Image-2025-10-09-at-09.49.38-2.jpeg 1600w\" sizes=\"(max-width: 300px) 100vw, 300px\" \/><\/a> <a href=\"https:\/\/blogsaverroes.juntadeandalucia.es\/ceipnscarmen\/files\/2025\/10\/WhatsApp-Image-2025-10-09-at-09.49.52-1.jpeg\"><img loading=\"lazy\" decoding=\"async\" class=\"alignnone size-medium wp-image-6795\" src=\"https:\/\/blogsaverroes.juntadeandalucia.es\/ceipnscarmen\/files\/2025\/10\/WhatsApp-Image-2025-10-09-at-09.49.52-1-300x225.jpeg\" alt=\"\" width=\"300\" height=\"225\" srcset=\"https:\/\/blogsaverroes.juntadeandalucia.es\/ceipnscarmen\/files\/2025\/10\/WhatsApp-Image-2025-10-09-at-09.49.52-1-300x225.jpeg 300w, https:\/\/blogsaverroes.juntadeandalucia.es\/ceipnscarmen\/files\/2025\/10\/WhatsApp-Image-2025-10-09-at-09.49.52-1-1024x768.jpeg 1024w, https:\/\/blogsaverroes.juntadeandalucia.es\/ceipnscarmen\/files\/2025\/10\/WhatsApp-Image-2025-10-09-at-09.49.52-1-768x576.jpeg 768w, https:\/\/blogsaverroes.juntadeandalucia.es\/ceipnscarmen\/files\/2025\/10\/WhatsApp-Image-2025-10-09-at-09.49.52-1-1536x1152.jpeg 1536w, https:\/\/blogsaverroes.juntadeandalucia.es\/ceipnscarmen\/files\/2025\/10\/WhatsApp-Image-2025-10-09-at-09.49.52-1.jpeg 1600w\" sizes=\"(max-width: 300px) 100vw, 300px\" \/><\/a><\/p>\n<div style=\"width: 843px;\" class=\"wp-video\"><!--[if lt IE 9]><script>document.createElement('video');<\/script><![endif]-->\n<video class=\"wp-video-shortcode\" id=\"video-6793-1\" width=\"843\" height=\"475\" preload=\"metadata\" controls=\"controls\"><source type=\"video\/mp4\" src=\"https:\/\/blogsaverroes.juntadeandalucia.es\/ceipnscarmen\/files\/2025\/10\/WhatsApp-Video-2025-10-09-at-09.49.52-1.mp4?_=1\" \/><a href=\"https:\/\/blogsaverroes.juntadeandalucia.es\/ceipnscarmen\/files\/2025\/10\/WhatsApp-Video-2025-10-09-at-09.49.52-1.mp4\">https:\/\/blogsaverroes.juntadeandalucia.es\/ceipnscarmen\/files\/2025\/10\/WhatsApp-Video-2025-10-09-at-09.49.52-1.mp4<\/a><\/video><\/div>\n<p><a href=\"https:\/\/blogsaverroes.juntadeandalucia.es\/ceipnscarmen\/files\/2025\/10\/WhatsApp-Image-2025-10-07-at-10.09.14-1.jpeg\"><img loading=\"lazy\" decoding=\"async\" class=\"alignnone size-medium wp-image-6797\" src=\"https:\/\/blogsaverroes.juntadeandalucia.es\/ceipnscarmen\/files\/2025\/10\/WhatsApp-Image-2025-10-07-at-10.09.14-1-239x300.jpeg\" alt=\"\" width=\"239\" height=\"300\" srcset=\"https:\/\/blogsaverroes.juntadeandalucia.es\/ceipnscarmen\/files\/2025\/10\/WhatsApp-Image-2025-10-07-at-10.09.14-1-239x300.jpeg 239w, https:\/\/blogsaverroes.juntadeandalucia.es\/ceipnscarmen\/files\/2025\/10\/WhatsApp-Image-2025-10-07-at-10.09.14-1-817x1024.jpeg 817w, https:\/\/blogsaverroes.juntadeandalucia.es\/ceipnscarmen\/files\/2025\/10\/WhatsApp-Image-2025-10-07-at-10.09.14-1-768x963.jpeg 768w, https:\/\/blogsaverroes.juntadeandalucia.es\/ceipnscarmen\/files\/2025\/10\/WhatsApp-Image-2025-10-07-at-10.09.14-1.jpeg 1089w\" sizes=\"(max-width: 239px) 100vw, 239px\" \/><\/a> <a href=\"https:\/\/blogsaverroes.juntadeandalucia.es\/ceipnscarmen\/files\/2025\/10\/WhatsApp-Image-2025-10-07-at-10.09.15-1.jpeg\"><img loading=\"lazy\" decoding=\"async\" class=\"alignnone size-medium wp-image-6798\" src=\"https:\/\/blogsaverroes.juntadeandalucia.es\/ceipnscarmen\/files\/2025\/10\/WhatsApp-Image-2025-10-07-at-10.09.15-1-225x300.jpeg\" alt=\"\" width=\"225\" height=\"300\" srcset=\"https:\/\/blogsaverroes.juntadeandalucia.es\/ceipnscarmen\/files\/2025\/10\/WhatsApp-Image-2025-10-07-at-10.09.15-1-225x300.jpeg 225w, https:\/\/blogsaverroes.juntadeandalucia.es\/ceipnscarmen\/files\/2025\/10\/WhatsApp-Image-2025-10-07-at-10.09.15-1-768x1024.jpeg 768w, https:\/\/blogsaverroes.juntadeandalucia.es\/ceipnscarmen\/files\/2025\/10\/WhatsApp-Image-2025-10-07-at-10.09.15-1-1152x1536.jpeg 1152w, https:\/\/blogsaverroes.juntadeandalucia.es\/ceipnscarmen\/files\/2025\/10\/WhatsApp-Image-2025-10-07-at-10.09.15-1.jpeg 1200w\" sizes=\"(max-width: 225px) 100vw, 225px\" \/><\/a> <a href=\"https:\/\/blogsaverroes.juntadeandalucia.es\/ceipnscarmen\/files\/2025\/10\/WhatsApp-Image-2025-10-07-at-10.09.43-1.jpeg\"><img loading=\"lazy\" decoding=\"async\" class=\"alignnone size-medium wp-image-6799\" src=\"https:\/\/blogsaverroes.juntadeandalucia.es\/ceipnscarmen\/files\/2025\/10\/WhatsApp-Image-2025-10-07-at-10.09.43-1-225x300.jpeg\" alt=\"\" width=\"225\" height=\"300\" srcset=\"https:\/\/blogsaverroes.juntadeandalucia.es\/ceipnscarmen\/files\/2025\/10\/WhatsApp-Image-2025-10-07-at-10.09.43-1-225x300.jpeg 225w, https:\/\/blogsaverroes.juntadeandalucia.es\/ceipnscarmen\/files\/2025\/10\/WhatsApp-Image-2025-10-07-at-10.09.43-1-768x1024.jpeg 768w, https:\/\/blogsaverroes.juntadeandalucia.es\/ceipnscarmen\/files\/2025\/10\/WhatsApp-Image-2025-10-07-at-10.09.43-1-1152x1536.jpeg 1152w, https:\/\/blogsaverroes.juntadeandalucia.es\/ceipnscarmen\/files\/2025\/10\/WhatsApp-Image-2025-10-07-at-10.09.43-1.jpeg 1200w\" sizes=\"(max-width: 225px) 100vw, 225px\" \/><\/a> <a href=\"https:\/\/blogsaverroes.juntadeandalucia.es\/ceipnscarmen\/files\/2025\/10\/WhatsApp-Image-2025-10-07-at-10.09.44-1.jpeg\"><img loading=\"lazy\" decoding=\"async\" class=\"alignnone size-medium wp-image-6800\" src=\"https:\/\/blogsaverroes.juntadeandalucia.es\/ceipnscarmen\/files\/2025\/10\/WhatsApp-Image-2025-10-07-at-10.09.44-1-225x300.jpeg\" alt=\"\" width=\"225\" height=\"300\" srcset=\"https:\/\/blogsaverroes.juntadeandalucia.es\/ceipnscarmen\/files\/2025\/10\/WhatsApp-Image-2025-10-07-at-10.09.44-1-225x300.jpeg 225w, https:\/\/blogsaverroes.juntadeandalucia.es\/ceipnscarmen\/files\/2025\/10\/WhatsApp-Image-2025-10-07-at-10.09.44-1-768x1024.jpeg 768w, https:\/\/blogsaverroes.juntadeandalucia.es\/ceipnscarmen\/files\/2025\/10\/WhatsApp-Image-2025-10-07-at-10.09.44-1-1152x1536.jpeg 1152w, https:\/\/blogsaverroes.juntadeandalucia.es\/ceipnscarmen\/files\/2025\/10\/WhatsApp-Image-2025-10-07-at-10.09.44-1.jpeg 1200w\" sizes=\"(max-width: 225px) 100vw, 225px\" \/><\/a> <a href=\"https:\/\/blogsaverroes.juntadeandalucia.es\/ceipnscarmen\/files\/2025\/10\/WhatsApp-Image-2025-10-07-at-10.09.45-1-1.jpeg\"><img loading=\"lazy\" decoding=\"async\" class=\"alignnone size-medium wp-image-6801\" src=\"https:\/\/blogsaverroes.juntadeandalucia.es\/ceipnscarmen\/files\/2025\/10\/WhatsApp-Image-2025-10-07-at-10.09.45-1-1-225x300.jpeg\" alt=\"\" width=\"225\" height=\"300\" srcset=\"https:\/\/blogsaverroes.juntadeandalucia.es\/ceipnscarmen\/files\/2025\/10\/WhatsApp-Image-2025-10-07-at-10.09.45-1-1-225x300.jpeg 225w, https:\/\/blogsaverroes.juntadeandalucia.es\/ceipnscarmen\/files\/2025\/10\/WhatsApp-Image-2025-10-07-at-10.09.45-1-1-768x1024.jpeg 768w, https:\/\/blogsaverroes.juntadeandalucia.es\/ceipnscarmen\/files\/2025\/10\/WhatsApp-Image-2025-10-07-at-10.09.45-1-1-1152x1536.jpeg 1152w, https:\/\/blogsaverroes.juntadeandalucia.es\/ceipnscarmen\/files\/2025\/10\/WhatsApp-Image-2025-10-07-at-10.09.45-1-1.jpeg 1200w\" sizes=\"(max-width: 225px) 100vw, 225px\" \/><\/a> <a href=\"https:\/\/blogsaverroes.juntadeandalucia.es\/ceipnscarmen\/files\/2025\/10\/WhatsApp-Image-2025-10-07-at-10.09.45-2.jpeg\"><img loading=\"lazy\" decoding=\"async\" class=\"alignnone size-medium wp-image-6802\" src=\"https:\/\/blogsaverroes.juntadeandalucia.es\/ceipnscarmen\/files\/2025\/10\/WhatsApp-Image-2025-10-07-at-10.09.45-2-225x300.jpeg\" alt=\"\" width=\"225\" height=\"300\" srcset=\"https:\/\/blogsaverroes.juntadeandalucia.es\/ceipnscarmen\/files\/2025\/10\/WhatsApp-Image-2025-10-07-at-10.09.45-2-225x300.jpeg 225w, https:\/\/blogsaverroes.juntadeandalucia.es\/ceipnscarmen\/files\/2025\/10\/WhatsApp-Image-2025-10-07-at-10.09.45-2-768x1024.jpeg 768w, https:\/\/blogsaverroes.juntadeandalucia.es\/ceipnscarmen\/files\/2025\/10\/WhatsApp-Image-2025-10-07-at-10.09.45-2-1152x1536.jpeg 1152w, https:\/\/blogsaverroes.juntadeandalucia.es\/ceipnscarmen\/files\/2025\/10\/WhatsApp-Image-2025-10-07-at-10.09.45-2.jpeg 1200w\" sizes=\"(max-width: 225px) 100vw, 225px\" \/><\/a><\/p>\n<div style=\"width: 464px;\" class=\"wp-video\"><video class=\"wp-video-shortcode\" id=\"video-6793-2\" width=\"464\" height=\"832\" preload=\"metadata\" controls=\"controls\"><source type=\"video\/mp4\" src=\"https:\/\/blogsaverroes.juntadeandalucia.es\/ceipnscarmen\/files\/2025\/10\/WhatsApp-Video-2025-10-07-at-10.09.40-1.mp4?_=2\" \/><a href=\"https:\/\/blogsaverroes.juntadeandalucia.es\/ceipnscarmen\/files\/2025\/10\/WhatsApp-Video-2025-10-07-at-10.09.40-1.mp4\">https:\/\/blogsaverroes.juntadeandalucia.es\/ceipnscarmen\/files\/2025\/10\/WhatsApp-Video-2025-10-07-at-10.09.40-1.mp4<\/a><\/video><\/div>\n<p><a href=\"https:\/\/blogsaverroes.juntadeandalucia.es\/ceipnscarmen\/files\/2025\/10\/WhatsApp-Image-2025-10-07-at-11.12.30-1.jpeg\"><img loading=\"lazy\" decoding=\"async\" class=\"alignnone size-medium wp-image-6804\" src=\"https:\/\/blogsaverroes.juntadeandalucia.es\/ceipnscarmen\/files\/2025\/10\/WhatsApp-Image-2025-10-07-at-11.12.30-1-300x169.jpeg\" alt=\"\" width=\"300\" height=\"169\" srcset=\"https:\/\/blogsaverroes.juntadeandalucia.es\/ceipnscarmen\/files\/2025\/10\/WhatsApp-Image-2025-10-07-at-11.12.30-1-300x169.jpeg 300w, https:\/\/blogsaverroes.juntadeandalucia.es\/ceipnscarmen\/files\/2025\/10\/WhatsApp-Image-2025-10-07-at-11.12.30-1-1024x577.jpeg 1024w, https:\/\/blogsaverroes.juntadeandalucia.es\/ceipnscarmen\/files\/2025\/10\/WhatsApp-Image-2025-10-07-at-11.12.30-1-768x432.jpeg 768w, https:\/\/blogsaverroes.juntadeandalucia.es\/ceipnscarmen\/files\/2025\/10\/WhatsApp-Image-2025-10-07-at-11.12.30-1-1536x865.jpeg 1536w, https:\/\/blogsaverroes.juntadeandalucia.es\/ceipnscarmen\/files\/2025\/10\/WhatsApp-Image-2025-10-07-at-11.12.30-1.jpeg 1600w\" sizes=\"(max-width: 300px) 100vw, 300px\" \/><\/a> <a href=\"https:\/\/blogsaverroes.juntadeandalucia.es\/ceipnscarmen\/files\/2025\/10\/WhatsApp-Image-2025-09-25-at-12.20.48-1.jpeg\"><img loading=\"lazy\" decoding=\"async\" class=\"alignnone size-medium wp-image-6805\" src=\"https:\/\/blogsaverroes.juntadeandalucia.es\/ceipnscarmen\/files\/2025\/10\/WhatsApp-Image-2025-09-25-at-12.20.48-1-212x300.jpeg\" alt=\"\" width=\"212\" height=\"300\" srcset=\"https:\/\/blogsaverroes.juntadeandalucia.es\/ceipnscarmen\/files\/2025\/10\/WhatsApp-Image-2025-09-25-at-12.20.48-1-212x300.jpeg 212w, https:\/\/blogsaverroes.juntadeandalucia.es\/ceipnscarmen\/files\/2025\/10\/WhatsApp-Image-2025-09-25-at-12.20.48-1-724x1024.jpeg 724w, https:\/\/blogsaverroes.juntadeandalucia.es\/ceipnscarmen\/files\/2025\/10\/WhatsApp-Image-2025-09-25-at-12.20.48-1-768x1086.jpeg 768w, https:\/\/blogsaverroes.juntadeandalucia.es\/ceipnscarmen\/files\/2025\/10\/WhatsApp-Image-2025-09-25-at-12.20.48-1-1086x1536.jpeg 1086w, https:\/\/blogsaverroes.juntadeandalucia.es\/ceipnscarmen\/files\/2025\/10\/WhatsApp-Image-2025-09-25-at-12.20.48-1.jpeg 1131w\" sizes=\"(max-width: 212px) 100vw, 212px\" \/><\/a> <a href=\"https:\/\/blogsaverroes.juntadeandalucia.es\/ceipnscarmen\/files\/2025\/10\/WhatsApp-Image-2025-10-09-at-09.49.38-1-1.jpeg\"><img loading=\"lazy\" decoding=\"async\" class=\"alignnone size-medium wp-image-6806\" src=\"https:\/\/blogsaverroes.juntadeandalucia.es\/ceipnscarmen\/files\/2025\/10\/WhatsApp-Image-2025-10-09-at-09.49.38-1-1-300x225.jpeg\" alt=\"\" width=\"300\" height=\"225\" srcset=\"https:\/\/blogsaverroes.juntadeandalucia.es\/ceipnscarmen\/files\/2025\/10\/WhatsApp-Image-2025-10-09-at-09.49.38-1-1-300x225.jpeg 300w, https:\/\/blogsaverroes.juntadeandalucia.es\/ceipnscarmen\/files\/2025\/10\/WhatsApp-Image-2025-10-09-at-09.49.38-1-1-1024x768.jpeg 1024w, https:\/\/blogsaverroes.juntadeandalucia.es\/ceipnscarmen\/files\/2025\/10\/WhatsApp-Image-2025-10-09-at-09.49.38-1-1-768x576.jpeg 768w, https:\/\/blogsaverroes.juntadeandalucia.es\/ceipnscarmen\/files\/2025\/10\/WhatsApp-Image-2025-10-09-at-09.49.38-1-1-1536x1152.jpeg 1536w, https:\/\/blogsaverroes.juntadeandalucia.es\/ceipnscarmen\/files\/2025\/10\/WhatsApp-Image-2025-10-09-at-09.49.38-1-1.jpeg 1600w\" sizes=\"(max-width: 300px) 100vw, 300px\" \/><\/a><\/p>\n","protected":false},"excerpt":{"rendered":"<p>Los alumn@s de quinto y sexto visitaron la exposici\u00f3n \u00abStretching your imagination\u00bb en el castillo de Cuevas del Almanzora. El artista F\u00e9lix Semper nos ense\u00f1\u00f3&hellip;<\/p>\n","protected":false},"author":1907,"featured_media":0,"parent":0,"menu_order":0,"comment_status":"closed","ping_status":"closed","template":"","meta":{"ngg_post_thumbnail":0,"footnotes":"","_mc_calendar":[]},"aioseo_notices":[],"_links":{"self":[{"href":"https:\/\/blogsaverroes.juntadeandalucia.es\/ceipnscarmen\/wp-json\/wp\/v2\/pages\/6793"}],"collection":[{"href":"https:\/\/blogsaverroes.juntadeandalucia.es\/ceipnscarmen\/wp-json\/wp\/v2\/pages"}],"about":[{"href":"https:\/\/blogsaverroes.juntadeandalucia.es\/ceipnscarmen\/wp-json\/wp\/v2\/types\/page"}],"author":[{"embeddable":true,"href":"https:\/\/blogsaverroes.juntadeandalucia.es\/ceipnscarmen\/wp-json\/wp\/v2\/users\/1907"}],"replies":[{"embeddable":true,"href":"https:\/\/blogsaverroes.juntadeandalucia.es\/ceipnscarmen\/wp-json\/wp\/v2\/comments?post=6793"}],"version-history":[{"count":2,"href":"https:\/\/blogsaverroes.juntadeandalucia.es\/ceipnscarmen\/wp-json\/wp\/v2\/pages\/6793\/revisions"}],"predecessor-version":[{"id":6809,"href":"https:\/\/blogsaverroes.juntadeandalucia.es\/ceipnscarmen\/wp-json\/wp\/v2\/pages\/6793\/revisions\/6809"}],"wp:attachment":[{"href":"https:\/\/blogsaverroes.juntadeandalucia.es\/ceipnscarmen\/wp-json\/wp\/v2\/media?parent=6793"}],"curies":[{"name":"wp","href":"https:\/\/api.w.org\/{rel}","templated":true}]}}