{"id":3110,"date":"2018-08-06T06:25:24","date_gmt":"2018-08-06T06:25:24","guid":{"rendered":"https:\/\/themify.me\/demo\/themes\/ultra-education\/?page_id=6"},"modified":"2025-08-25T11:48:18","modified_gmt":"2025-08-25T11:48:18","slug":"home","status":"publish","type":"page","link":"https:\/\/blogsaverroes.juntadeandalucia.es\/ceipntrasradefatima\/","title":{"rendered":"INICIO"},"content":{"rendered":"<!--themify_builder_content-->\n<div id=\"themify_builder_content-3110\" data-postid=\"3110\" class=\"themify_builder_content themify_builder_content-3110 themify_builder tf_clear\">\n                    <div  data-lazy=\"1\" class=\"module_row themify_builder_row tb_rjwb561 tb_first tf_w\">\n                        <div class=\"row_inner col_align_top tb_col_count_1 tf_box tf_rel\">\n                        <div  data-lazy=\"1\" class=\"module_column tb-column col-full tb_wz1v561 first\">\n                    <!-- module text -->\n<div  class=\"module module-text tb_f6z3913   \" data-lazy=\"1\">\n        <div  class=\"tb_text_wrap\">\n        <h1>\u00a0<\/h1>    <\/div>\n<\/div>\n<!-- \/module text -->        <\/div>\n                        <\/div>\n        <\/div>\n                        <div  data-css_id=\"2jw5320\" data-lazy=\"1\" class=\"module_row themify_builder_row fullwidth_row_container tb_2jw5320 tf_w\">\n            <span class=\"builder_row_cover tf_abs\"><\/span>            <div class=\"row_inner col_align_top tb_col_count_1 tf_box tf_rel\">\n                        <div  data-lazy=\"1\" class=\"module_column tb-column col-full tb_iyxt325 first\">\n                            <div  data-lazy=\"1\" class=\"module_subrow themify_builder_sub_row tf_w col_align_middle gutter-narrow col_auto_height tb_col_count_2 tb_y26c327\">\n                <div  data-lazy=\"1\" class=\"module_column sub_column tb_roj0327 first\">\n                    <!-- module image -->\n<div  class=\"module module-image tb_qvvg328 image-right rounded  tf_mw\" data-lazy=\"1\">\n        <div class=\"image-wrap tf_rel tf_mw\">\n            <img loading=\"lazy\" decoding=\"async\" src=\"https:\/\/blogsaverroes.juntadeandalucia.es\/ceipntrasradefatima\/files\/2024\/09\/SelloFatima-210x210.webp\" width=\"210\" height=\"210\" class=\"wp-post-image wp-image-4819\" title=\"SelloFatima\" alt=\"SelloFatima\" srcset=\"https:\/\/blogsaverroes.juntadeandalucia.es\/ceipntrasradefatima\/files\/2024\/09\/SelloFatima-210x210.webp 210w, https:\/\/blogsaverroes.juntadeandalucia.es\/ceipntrasradefatima\/files\/2024\/09\/SelloFatima-300x300.webp 300w, https:\/\/blogsaverroes.juntadeandalucia.es\/ceipntrasradefatima\/files\/2024\/09\/SelloFatima-150x150.webp 150w, https:\/\/blogsaverroes.juntadeandalucia.es\/ceipntrasradefatima\/files\/2024\/09\/SelloFatima-768x768.webp 768w, https:\/\/blogsaverroes.juntadeandalucia.es\/ceipntrasradefatima\/files\/2024\/09\/SelloFatima.webp 800w\" sizes=\"(max-width: 210px) 100vw, 210px\" \/>    \n        <\/div>\n    <!-- \/image-wrap -->\n    \n        <\/div>\n<!-- \/module image -->        <\/div>\n                    <div  data-lazy=\"1\" class=\"module_column sub_column tb_9jj6328 last\">\n                    <!-- module fancy heading -->\n<div  class=\"module module-fancy-heading tb_y5xl329  tb_hide_divider\" data-lazy=\"1\">\n        <h1 class=\"fancy-heading tf_textl\">\n    <span class=\"main-head tf_block\">\n                    Colegio P\u00fablico Biling\u00fce - Osuna            <\/span>\n\n    \n    <span class=\"sub-head tf_block tf_rel\">\n                    Ntra. Sra. de F\u00e1tima            <\/span>\n    <\/h1>\n<\/div>\n<!-- \/module fancy heading -->\n        <\/div>\n                    <\/div>\n                <\/div>\n                        <\/div>\n        <\/div>\n                        <div  data-desktop-padding=\"4%,4%\" data-css_id=\"ut8p321\" data-lazy=\"1\" class=\"module_row themify_builder_row fullwidth_row_container tb_ut8p321 tf_w\">\n                        <div class=\"row_inner col_align_middle gutter-narrow col_auto_height tb_col_count_2 tf_box tf_rel\">\n                        <div  data-lazy=\"1\" class=\"module_column tb-column col4-2 tb_v1bb330 first\">\n                            <div  data-lazy=\"1\" class=\"module_subrow themify_builder_sub_row tf_w col_align_top tb_col_count_1 tb_gkjz32\">\n                <div  data-lazy=\"1\" class=\"module_column sub_column col-full tb_g94b33 first\">\n                    <!-- module text -->\n<div  class=\"module module-text tb_i4gf393   \" data-lazy=\"1\">\n        <div  class=\"tb_text_wrap\">\n        <div class=\"embed-container\">\n  <iframe src=\"https:\/\/docs.google.com\/presentation\/d\/e\/2PACX-1vTROa8MAdIt5QEVMfOQrEXVkfmtZj28iAFCKWutfRSZ2xBj_k0RIGe7P1LD5Zz7xg3V7mXNGp-Z3XW0\/embed?start=true&amp;loop=true&amp;delayms=7000&amp;rm=minimal\"><\/iframe>\n<\/div>\n    <\/div>\n<\/div>\n<!-- \/module text -->        <\/div>\n                    <\/div>\n                <\/div>\n                    <div  data-lazy=\"1\" class=\"module_column tb-column col4-2 tb_f2wx331 last\">\n                    <!-- module image -->\n<div  class=\"module module-image tb_zhk6699 image-top rounded drop-shadow  auto_fullwidth tf_mw\" data-lazy=\"1\">\n        <div class=\"image-wrap tf_rel tf_mw\">\n            <a href=\"https:\/\/t.me\/ceipfatimaosuna\">\n                   <img loading=\"lazy\" decoding=\"async\" width=\"940\" height=\"711\" src=\"https:\/\/blogsaverroes.juntadeandalucia.es\/ceipntrasradefatima\/files\/2025\/08\/Telegram-Fatima-2.png\" class=\"wp-post-image wp-image-5424\" title=\"Telegram Fatima 2\" alt=\"Telegram Fatima 2\" srcset=\"https:\/\/blogsaverroes.juntadeandalucia.es\/ceipntrasradefatima\/files\/2025\/08\/Telegram-Fatima-2.png 940w, https:\/\/blogsaverroes.juntadeandalucia.es\/ceipntrasradefatima\/files\/2025\/08\/Telegram-Fatima-2-300x227.png 300w, https:\/\/blogsaverroes.juntadeandalucia.es\/ceipntrasradefatima\/files\/2025\/08\/Telegram-Fatima-2-768x581.png 768w\" sizes=\"(max-width: 940px) 100vw, 940px\" \/>        <\/a>\n    \n        <\/div>\n    <!-- \/image-wrap -->\n    \n        <\/div>\n<!-- \/module image -->        <\/div>\n                        <\/div>\n        <\/div>\n                        <div  data-css_id=\"5v3j466\" data-lazy=\"1\" class=\"module_row themify_builder_row fullwidth tb_5v3j466 tf_w\">\n                        <div class=\"row_inner col_align_top tb_col_count_1 tf_box tf_rel\">\n                        <div  data-lazy=\"1\" class=\"module_column tb-column col-full tb_g0xh466 first\">\n                    <!-- module text -->\n<div  class=\"module module-text tb_dphb466   \" data-lazy=\"1\">\n        <div  class=\"tb_text_wrap\">\n        <h2><a href=\"https:\/\/blogsaverroes.juntadeandalucia.es\/ceipntrasradefatima\/blog\/\">Nuestro Blog<\/a><\/h2>    <\/div>\n<\/div>\n<!-- \/module text --><!-- module post -->\n<div  class=\"module module-post tb_8zjr466 \">\n    <div  class=\"builder-posts-wrap loops-wrapper grid4 masonry boxed tf_rel tf_clear tf_clearfix\" data-lazy=\"1\">\n    <article id=\"post-5418\" class=\"post tf_clearfix post-5418 type-post status-publish format-standard has-post-thumbnail hentry category-ampa has-post-title has-post-date has-post-category has-post-tag has-post-comment has-post-author \">\n\t    \n\t                <figure class=\"post-image tf_clearfix\">\n                                                            <a href=\"https:\/\/blogsaverroes.juntadeandalucia.es\/ceipntrasradefatima\/2025\/08\/17\/memoria-de-actividades-ampa-24-25\/\">\n                                        <img loading=\"lazy\" decoding=\"async\" src=\"https:\/\/blogsaverroes.juntadeandalucia.es\/ceipntrasradefatima\/files\/2022\/08\/AMPA-Osuna2-300x275.png\" width=\"300\" height=\"275\" class=\"wp-post-image wp-image-4436\" title=\"AMPA Osuna2\" alt=\"AMPA Osuna2\">                                                                    <\/a>\n                                                                <\/figure>\n                    \t<div class=\"post-content\">\n\t\t<div class=\"post-content-inner\">\n\n\t\t\t\t\t\t\t\t<div class=\"post-date-wrap post-date-inline\">\n\t\t<time class=\"post-date entry-date updated\" datetime=\"2025-08-17\">\n\t\t\t\t\t<span class=\"year\">17 agosto, 2025<\/span>\n\t\t\t\t<\/time>\n\t<\/div><!-- .post-date-wrap -->\n\t\t\t\t\n\t\t\t<h2 class=\"post-title entry-title\"><a href=\"https:\/\/blogsaverroes.juntadeandalucia.es\/ceipntrasradefatima\/2025\/08\/17\/memoria-de-actividades-ampa-24-25\/\">Memoria de actividades AMPA 24-25<\/a><\/h2>\n\t\t\t\n\t\t\t\n\t\t\t        <div class=\"entry-content\">\n\n        \n            <p>Estimadas familias: Ante la finalizaci\u00f3n del curso, desde esta asociaci\u00f3n, queremos informarles de las actividades realizadas. Septiembre 2024 Inscripci\u00f3n en FAMPA SEVILLA (-100\u20ac). Bienvenida a la clase de tres a\u00f1os. Inscripci\u00f3n de socios, este a\u00f1o hemos contado con 115 familias socias (+2.070\u20ac). Taller de oto\u00f1o (+14,50\u20ac). Octubre 2024 Asamblea General. Adquisici\u00f3n de 2 proyectores para [&hellip;]<\/p>\n\n                \n            \n        <\/div><!-- \/.entry-content -->\n        \n\t\t<\/div>\n\t\t<!-- \/.post-content-inner -->\n\t<\/div>\n\t<!-- \/.post-content -->\n\t\n<\/article>\n<!-- \/.post -->\n<article id=\"post-5822\" class=\"post tf_clearfix post-5822 type-post status-publish format-standard has-post-thumbnail hentry category-sin-categoria has-post-title has-post-date has-post-category has-post-tag has-post-comment has-post-author \">\n\t    \n\t                <figure class=\"post-image tf_clearfix\">\n                                                            <a href=\"https:\/\/blogsaverroes.juntadeandalucia.es\/ceipntrasradefatima\/2025\/06\/23\/%e2%9c%a8-despedida-y-cierre-al-curso-2024-2025-%e2%9c%a8\/\">\n                                        <img loading=\"lazy\" decoding=\"async\" src=\"https:\/\/blogsaverroes.juntadeandalucia.es\/ceipntrasradefatima\/files\/2025\/08\/felizverano2025-300x275.webp\" width=\"300\" height=\"275\" class=\"wp-post-image wp-image-5823\" title=\"felizverano2025\" alt=\"felizverano2025\">                                                                    <\/a>\n                                                                <\/figure>\n                    \t<div class=\"post-content\">\n\t\t<div class=\"post-content-inner\">\n\n\t\t\t\t\t\t\t\t<div class=\"post-date-wrap post-date-inline\">\n\t\t<time class=\"post-date entry-date updated\" datetime=\"2025-06-23\">\n\t\t\t\t\t<span class=\"year\">23 junio, 2025<\/span>\n\t\t\t\t<\/time>\n\t<\/div><!-- .post-date-wrap -->\n\t\t\t\t\n\t\t\t<h2 class=\"post-title entry-title\"><a href=\"https:\/\/blogsaverroes.juntadeandalucia.es\/ceipntrasradefatima\/2025\/06\/23\/%e2%9c%a8-despedida-y-cierre-al-curso-2024-2025-%e2%9c%a8\/\">\u2728 Despedida y cierre al curso 2024-2025 \u2728<\/a><\/h2>\n\t\t\t\n\t\t\t\n\t\t\t        <div class=\"entry-content\">\n\n        \n            <p>Hoy cerramos las puertas de un curso lleno de aprendizajes, retos, risas y momentos que quedar\u00e1n para siempre en nuestra memoria. Ha sido un viaje heroico, en el que cada alumno y alumna ha sido protagonista de su propia historia. \ud83d\udc63 A nuestros valientes de 6\u00ba de Primaria, que emprenden nuevos caminos: llev\u00e1is en la [&hellip;]<\/p>\n\n                \n            \n        <\/div><!-- \/.entry-content -->\n        \n\t\t<\/div>\n\t\t<!-- \/.post-content-inner -->\n\t<\/div>\n\t<!-- \/.post-content -->\n\t\n<\/article>\n<!-- \/.post -->\n<article id=\"post-5819\" class=\"post tf_clearfix post-5819 type-post status-publish format-standard has-post-thumbnail hentry category-ocio has-post-title has-post-date has-post-category has-post-tag has-post-comment has-post-author \">\n\t    \n\t                <figure class=\"post-image tf_clearfix\">\n                                                            <a href=\"https:\/\/blogsaverroes.juntadeandalucia.es\/ceipntrasradefatima\/2025\/06\/19\/%f0%9f%8e%89-gran-fiesta-de-fin-de-curso-en-el-ceip-nuestra-senora-de-fatima-%f0%9f%8e%89\/\">\n                                        <img loading=\"lazy\" decoding=\"async\" src=\"https:\/\/blogsaverroes.juntadeandalucia.es\/ceipntrasradefatima\/files\/2025\/08\/5953973997370721654-300x275.webp\" width=\"300\" height=\"275\" class=\"wp-post-image wp-image-5820\" title=\"5953973997370721654\" alt=\"5953973997370721654\">                                                                    <\/a>\n                                                                <\/figure>\n                    \t<div class=\"post-content\">\n\t\t<div class=\"post-content-inner\">\n\n\t\t\t\t\t\t\t\t<div class=\"post-date-wrap post-date-inline\">\n\t\t<time class=\"post-date entry-date updated\" datetime=\"2025-06-19\">\n\t\t\t\t\t<span class=\"year\">19 junio, 2025<\/span>\n\t\t\t\t<\/time>\n\t<\/div><!-- .post-date-wrap -->\n\t\t\t\t\n\t\t\t<h2 class=\"post-title entry-title\"><a href=\"https:\/\/blogsaverroes.juntadeandalucia.es\/ceipntrasradefatima\/2025\/06\/19\/%f0%9f%8e%89-gran-fiesta-de-fin-de-curso-en-el-ceip-nuestra-senora-de-fatima-%f0%9f%8e%89\/\">\ud83c\udf89 Gran Fiesta de Fin de Curso en el CEIP Nuestra Se\u00f1ora de F\u00e1tima \ud83c\udf89<\/a><\/h2>\n\t\t\t\n\t\t\t\n\t\t\t        <div class=\"entry-content\">\n\n        \n            <p>Todo est\u00e1 listo para celebrar nuestra Fiesta de Fin de Curso, que tendr\u00e1 lugar hoy, jueves 19 de junio, a las 20:30 horas en el patio del colegio. Ser\u00e1 una tarde llena de alegr\u00eda, emoci\u00f3n y momentos inolvidables para compartir con toda la comunidad educativa. Queremos agradecer al equipo docente, al personal de administraci\u00f3n y [&hellip;]<\/p>\n\n                \n            \n        <\/div><!-- \/.entry-content -->\n        \n\t\t<\/div>\n\t\t<!-- \/.post-content-inner -->\n\t<\/div>\n\t<!-- \/.post-content -->\n\t\n<\/article>\n<!-- \/.post -->\n<article id=\"post-5815\" class=\"post tf_clearfix post-5815 type-post status-publish format-standard has-post-thumbnail hentry category-novedades has-post-title has-post-date has-post-category has-post-tag has-post-comment has-post-author \">\n\t    \n\t                <figure class=\"post-image tf_clearfix\">\n                                                            <a href=\"https:\/\/blogsaverroes.juntadeandalucia.es\/ceipntrasradefatima\/2025\/06\/16\/fruta-repartida-mision-cumplida-%f0%9f%8d%8e%f0%9f%8d%90%f0%9f%8d%8c\/\">\n                                        <img loading=\"lazy\" decoding=\"async\" src=\"https:\/\/blogsaverroes.juntadeandalucia.es\/ceipntrasradefatima\/files\/2025\/08\/5949470397743353060-300x275.webp\" width=\"300\" height=\"275\" class=\"wp-post-image wp-image-5816\" title=\"5949470397743353060\" alt=\"5949470397743353060\">                                                                    <\/a>\n                                                                <\/figure>\n                    \t<div class=\"post-content\">\n\t\t<div class=\"post-content-inner\">\n\n\t\t\t\t\t\t\t\t<div class=\"post-date-wrap post-date-inline\">\n\t\t<time class=\"post-date entry-date updated\" datetime=\"2025-06-16\">\n\t\t\t\t\t<span class=\"year\">16 junio, 2025<\/span>\n\t\t\t\t<\/time>\n\t<\/div><!-- .post-date-wrap -->\n\t\t\t\t\n\t\t\t<h2 class=\"post-title entry-title\"><a href=\"https:\/\/blogsaverroes.juntadeandalucia.es\/ceipntrasradefatima\/2025\/06\/16\/fruta-repartida-mision-cumplida-%f0%9f%8d%8e%f0%9f%8d%90%f0%9f%8d%8c\/\">\u00a1Fruta repartida, misi\u00f3n cumplida! \ud83c\udf4e\ud83c\udf50\ud83c\udf4c<\/a><\/h2>\n\t\t\t\n\t\t\t\n\t\t\t        <div class=\"entry-content\">\n\n        \n            <p>Informamos a todas las familias que ya hemos gestionado el presupuesto destinado por la Junta de Andaluc\u00eda para el Programa Escolar de Consumo de Frutas y Hortalizas. Aunque la cantidad ha sido limitada, hemos conseguido que nuestro alumnado disfrute de varios d\u00edas de fruta fresca en el cole. En esta edici\u00f3n, los ni\u00f1os y ni\u00f1as [&hellip;]<\/p>\n\n                \n            \n        <\/div><!-- \/.entry-content -->\n        \n\t\t<\/div>\n\t\t<!-- \/.post-content-inner -->\n\t<\/div>\n\t<!-- \/.post-content -->\n\t\n<\/article>\n<!-- \/.post -->\n    <\/div><!-- .builder-posts-wrap -->\n                                <link rel=\"prefetch\" as=\"document\" href=\"https:\/\/blogsaverroes.juntadeandalucia.es\/ceipntrasradefatima\/wp-json\/wp\/v2\/pages\/3110\/page\/2\/\"\/><div class=\"pagenav tf_clear tf_box tf_textr tf_clearfix \"> <span class=\"number current\">1<\/span> <a href=\"https:\/\/blogsaverroes.juntadeandalucia.es\/ceipntrasradefatima\/wp-json\/wp\/v2\/pages\/3110\/page\/2\/\" class=\"number\">2<\/a> <a href=\"https:\/\/blogsaverroes.juntadeandalucia.es\/ceipntrasradefatima\/wp-json\/wp\/v2\/pages\/3110\/page\/3\/\" class=\"number\">3<\/a> <a href=\"https:\/\/blogsaverroes.juntadeandalucia.es\/ceipntrasradefatima\/wp-json\/wp\/v2\/pages\/3110\/page\/4\/\" class=\"number\">4<\/a><a href=\"https:\/\/blogsaverroes.juntadeandalucia.es\/ceipntrasradefatima\/wp-json\/wp\/v2\/pages\/3110\/page\/2\/\"  class=\"number nextp\">&rsaquo;<\/a><a href=\"https:\/\/blogsaverroes.juntadeandalucia.es\/ceipntrasradefatima\/wp-json\/wp\/v2\/pages\/3110\/page\/28\/\" title=\"&raquo;\" class=\"number lastp\">&raquo;<\/a><\/div>                <\/div>\n<!-- \/module post -->\n            <\/div>\n                        <\/div>\n        <\/div>\n                        <div  data-css_id=\"b32x321\" data-lazy=\"1\" class=\"module_row themify_builder_row fullwidth tb_b32x321 tf_w\">\n                        <div class=\"row_inner col_align_middle gutter-none tb_col_count_3 tf_box tf_rel\">\n                        <div  data-lazy=\"1\" class=\"module_column tb-column col3-1 tb_t4pv333 first\">\n        <span class=\"builder_row_cover tf_abs\"><\/span>            <!-- module buttons -->\n<div  class=\"module module-buttons tb_hg11333 buttons-horizontal outline  xlarge rounded\" data-lazy=\"1\">\n        <div class=\"module-buttons-item tf_in_flx\">\n                        <a href=\"https:\/\/blogsaverroes.juntadeandalucia.es\/ceipntrasradefatima\/datos\/\" class=\"ui builder_button tf_in_flx tb_default_color\" >\n                                                CENTRO                                        <\/a>\n                <\/div>\n            <\/div>\n<!-- \/module buttons -->\n        <\/div>\n                    <div  data-lazy=\"1\" class=\"module_column tb-column col3-1 tb_zeff333\">\n        <span class=\"builder_row_cover tf_abs\"><\/span>            <!-- module buttons -->\n<div  class=\"module module-buttons tb_omoq334 buttons-horizontal outline  xlarge rounded\" data-lazy=\"1\">\n        <div class=\"module-buttons-item tf_in_flx\">\n                        <a href=\"https:\/\/blogsaverroes.juntadeandalucia.es\/ceipntrasradefatima\/datos\/instalaciones\/\" class=\"ui builder_button tf_in_flx tb_default_color\" >\n                                                INSTALACIONES                                        <\/a>\n                <\/div>\n            <\/div>\n<!-- \/module buttons -->\n        <\/div>\n                    <div  data-lazy=\"1\" class=\"module_column tb-column col3-1 tb_sy68334 last\">\n        <span class=\"builder_row_cover tf_abs\"><\/span>            <!-- module buttons -->\n<div  class=\"module module-buttons tb_g49w335 buttons-horizontal outline  xlarge rounded\" data-lazy=\"1\">\n        <div class=\"module-buttons-item tf_in_flx\">\n                        <a href=\"https:\/\/blogsaverroes.juntadeandalucia.es\/ceipntrasradefatima\/datos\/oferta-educativa\/\" class=\"ui builder_button tf_in_flx tb_default_color\" >\n                                                OFERTA EDUCATIVA                                        <\/a>\n                <\/div>\n            <\/div>\n<!-- \/module buttons -->\n        <\/div>\n                        <\/div>\n        <\/div>\n                        <div  data-css_id=\"al7k321\" data-lazy=\"1\" class=\"module_row themify_builder_row fullwidth_row_container tb_al7k321 tf_w\">\n                        <div class=\"row_inner col_align_top tb_col_count_2 tf_box tf_rel\">\n                        <div  data-lazy=\"1\" class=\"module_column tb-column col4-2 tb_zen0335 first\">\n                    <!-- module text -->\n<div  class=\"module module-text tb_xqdd336   \" data-lazy=\"1\">\n        <div  class=\"tb_text_wrap\">\n        <p><iframe loading=\"lazy\" src=\"https:\/\/www.google.com\/maps\/embed?pb=!1m18!1m12!1m3!1d3176.5933183501156!2d-5.112018785023187!3d37.23362807986163!2m3!1f0!2f0!3f0!3m2!1i1024!2i768!4f13.1!3m3!1m2!1s0xd12abadc7897f73%3A0xa89233862b60924b!2sColegio%20P%C3%BAblico%20Ntra.Sra.%20de%20F%C3%A1tima!5e0!3m2!1ses!2ses!4v1593772679374!5m2!1ses!2ses\" width=\"1200\" height=\"320\" frameborder=\"0\"><\/iframe><\/p>\n    <\/div>\n<\/div>\n<!-- \/module text -->        <\/div>\n                    <div  data-lazy=\"1\" class=\"module_column tb-column col4-2 tb_oi05336 last\">\n                    <!-- module text -->\n<div  class=\"module module-text tb_pamq337   \" data-lazy=\"1\">\n        <div  class=\"tb_text_wrap\">\n        <blockquote>\n<h2 class=\"heading-color fs-38\">HORARIO DE TUTOR\u00cdA Y ATENCI\u00d3N A FAMILIAS: LUNES DE 16:30 A 17:30 HORAS<\/h2>\n<\/blockquote>    <\/div>\n<\/div>\n<!-- \/module text -->        <\/div>\n                        <\/div>\n        <\/div>\n                        <div  data-parallax-bg=\"mobile\" data-css_id=\"4pnk321\" data-lazy=\"1\" class=\"module_row themify_builder_row fullwidth tb_4pnk321 tf_w\">\n            <span class=\"builder_row_cover tf_abs\"><\/span>            <div class=\"row_inner col_align_top tb_col_count_1 tf_box tf_rel\">\n                        <div  data-lazy=\"1\" class=\"module_column tb-column col-full tb_jw9y321 first\">\n                    <!-- module fancy heading -->\n<div  class=\"module module-fancy-heading tb_2zhh322  tb_hide_divider\" data-lazy=\"1\">\n        <h1 class=\"fancy-heading tf_textc\">\n    <span class=\"main-head tf_block\">\n                    Calendario escolar            <\/span>\n\n            <span class=\"tb_fancy_heading_icon_wrap tf_block\">\n                        <span class=\"tb_fancy_heading_icon\">\n                                    <em><svg  class=\"tf_fa tf-ti-calendar\" aria-hidden=\"true\"><use href=\"#tf-ti-calendar\"><\/use><\/svg><\/em>\n                            <\/span>\n                    <\/span>\n    \n    <span class=\"sub-head tf_block tf_rel\">\n                    <a href=\"https:\/\/educacion.ustea.org\/wp-content\/uploads\/2025\/06\/CALENDARIO-25_26F.pdf\">2025 \/ 2026<\/a>\n            <\/span>\n    <\/h1>\n<\/div>\n<!-- \/module fancy heading -->\n        <\/div>\n                        <\/div>\n        <\/div>\n                        <div  data-lazy=\"1\" class=\"module_row themify_builder_row tb_zod4322 tf_w\">\n                        <div class=\"row_inner col_align_top tb_col_count_3 tf_box tf_rel\">\n                        <div  data-lazy=\"1\" class=\"module_column tb-column col3-1 tb_05cd340 first\">\n                    <!-- module video -->\n<div  class=\"module module-video tb_cmun340 video-top  \" data-lazy=\"1\">\n                    <div class=\"video-wrap-outer\">\n            <div class=\"video-wrap tf_rel tf_overflow\">\n                                    <noscript><iframe data-no-script src=\"https:\/\/www.youtube.com\/embed\/7ShGT1uK_Wg?pip=1&playsinline=1\" allow=\"accelerometer;encrypted-media;gyroscope;picture-in-picture;fullscreen\" class=\"tf_abs tf_w tf_h\"><\/iframe><\/noscript>\n                                <\/div>\n            <!-- \/video-wrap -->\n        <\/div>\n        <!-- \/video-wrap-outer -->\n                    <div class=\"video-content\">\n                                    <h3 class=\"video-title\">\n                                            <a href=\"https:\/\/t.co\/UiEvwRjN8b\">Acceso a Pasen WEB<\/a>\n                                        <\/h3>\n                \n                            <\/div>\n            <!-- \/video-content -->\n            <\/div>\n        <\/div>\n                    <div  data-lazy=\"1\" class=\"module_column tb-column col3-1 tb_jsxn340\">\n                    <!-- module video -->\n<div  class=\"module module-video tb_my9s340 video-top  \" data-lazy=\"1\">\n                    <div class=\"video-wrap-outer\">\n            <div class=\"video-wrap tf_rel tf_overflow\">\n                                    <noscript><iframe data-no-script src=\"https:\/\/www.youtube.com\/embed\/bjQmLlB_v14?pip=1&playsinline=1\" allow=\"accelerometer;encrypted-media;gyroscope;picture-in-picture;fullscreen\" class=\"tf_abs tf_w tf_h\"><\/iframe><\/noscript>\n                                <\/div>\n            <!-- \/video-wrap -->\n        <\/div>\n        <!-- \/video-wrap-outer -->\n                    <div class=\"video-content\">\n                                    <h3 class=\"video-title\">\n                                            <a href=\"https:\/\/t.co\/JO2IlGi9E7\">Instalar iPasen ANDROID<\/a>\n                                        <\/h3>\n                \n                            <\/div>\n            <!-- \/video-content -->\n            <\/div>\n        <\/div>\n                    <div  data-lazy=\"1\" class=\"module_column tb-column col3-1 tb_yyy1341 last\">\n                    <!-- module video -->\n<div  class=\"module module-video tb_ssjh341 video-top  \" data-lazy=\"1\">\n                    <div class=\"video-wrap-outer\">\n            <div class=\"video-wrap tf_rel tf_overflow\">\n                                    <noscript><iframe data-no-script src=\"https:\/\/www.youtube.com\/embed\/SiGPrsi2Wgc?pip=1&playsinline=1&start=38\" allow=\"accelerometer;encrypted-media;gyroscope;picture-in-picture;fullscreen\" class=\"tf_abs tf_w tf_h\"><\/iframe><\/noscript>\n                                <\/div>\n            <!-- \/video-wrap -->\n        <\/div>\n        <!-- \/video-wrap-outer -->\n                    <div class=\"video-content\">\n                                    <h3 class=\"video-title\">\n                                            <a href=\"https:\/\/t.co\/sCi4TFDl1Y\">Instalar iPasen iOS<\/a>\n                                        <\/h3>\n                \n                            <\/div>\n            <!-- \/video-content -->\n            <\/div>\n        <\/div>\n                        <\/div>\n        <\/div>\n                        <div  data-lazy=\"1\" class=\"module_row themify_builder_row tb_f7uk322 tf_w\">\n            <span class=\"builder_row_cover tf_abs\"><\/span>            <div class=\"row_inner col_align_top tb_col_count_1 tf_box tf_rel\">\n                        <div  data-lazy=\"1\" class=\"module_column tb-column col-full tb_w7ku341 first\">\n                    <!-- module text -->\n<div  class=\"module module-text tb_mhuc342   \" data-lazy=\"1\">\n        <div  class=\"tb_text_wrap\">\n        <h3 style=\"text-align: center\">Iniciamos esta andadura con la intenci\u00f3n de que esta p\u00e1gina sea un sitio dise\u00f1ado como punto de encuentro e informaci\u00f3n de nuestro centro con el resto de la Comunidad Educativa.<\/h3>    <\/div>\n<\/div>\n<!-- \/module text -->        <\/div>\n                        <\/div>\n        <\/div>\n                        <div  data-css_id=\"agi2323\" data-lazy=\"1\" class=\"module_row themify_builder_row fullwidth tb_agi2323 tf_w\">\n                        <div class=\"row_inner col_align_top tb_col_count_4 tf_box tf_rel\">\n                        <div  data-lazy=\"1\" class=\"module_column tb-column col4-1 tb_v17g342 first\">\n                    <!-- module image -->\n<div  class=\"module module-image tb_eshr342 image-top   tf_mw\" data-lazy=\"1\">\n        <div class=\"image-wrap tf_rel tf_mw\">\n            <a href=\"https:\/\/www.juntadeandalucia.es\/educacion\/portaldocente\/\">\n                   <img loading=\"lazy\" decoding=\"async\" src=\"https:\/\/blogsaverroes.juntadeandalucia.es\/ceipntrasradefatima\/files\/2020\/08\/portaldocente-260x260.png\" width=\"260\" height=\"260\" class=\"wp-post-image wp-image-3299\" title=\"portaldocente\" alt=\"portaldocente\" srcset=\"https:\/\/blogsaverroes.juntadeandalucia.es\/ceipntrasradefatima\/files\/2020\/08\/portaldocente-260x260.png 260w, https:\/\/blogsaverroes.juntadeandalucia.es\/ceipntrasradefatima\/files\/2020\/08\/portaldocente-150x150.png 150w, https:\/\/blogsaverroes.juntadeandalucia.es\/ceipntrasradefatima\/files\/2020\/08\/portaldocente-300x300.png 300w, https:\/\/blogsaverroes.juntadeandalucia.es\/ceipntrasradefatima\/files\/2020\/08\/portaldocente-100x100.png 100w, https:\/\/blogsaverroes.juntadeandalucia.es\/ceipntrasradefatima\/files\/2020\/08\/portaldocente-24x24.png 24w, https:\/\/blogsaverroes.juntadeandalucia.es\/ceipntrasradefatima\/files\/2020\/08\/portaldocente-36x36.png 36w, https:\/\/blogsaverroes.juntadeandalucia.es\/ceipntrasradefatima\/files\/2020\/08\/portaldocente-48x48.png 48w, https:\/\/blogsaverroes.juntadeandalucia.es\/ceipntrasradefatima\/files\/2020\/08\/portaldocente.png 360w\" sizes=\"(max-width: 260px) 100vw, 260px\" \/>        <\/a>\n    \n        <\/div>\n    <!-- \/image-wrap -->\n    \n        <\/div>\n<!-- \/module image -->        <\/div>\n                    <div  data-lazy=\"1\" class=\"module_column tb-column col4-1 tb_k2ag343\">\n                    <!-- module image -->\n<div  class=\"module module-image tb_t9dc343 image-top   tf_mw\" data-lazy=\"1\">\n        <div class=\"image-wrap tf_rel tf_mw\">\n            <a href=\"https:\/\/www.juntadeandalucia.es\/educacion\/senecav2\/seneca\/jsp\/portal\/\">\n                   <img loading=\"lazy\" decoding=\"async\" src=\"https:\/\/blogsaverroes.juntadeandalucia.es\/ceipntrasradefatima\/files\/2020\/08\/seneca-260x260.png\" width=\"260\" height=\"260\" class=\"wp-post-image wp-image-3300\" title=\"seneca\" alt=\"seneca\" srcset=\"https:\/\/blogsaverroes.juntadeandalucia.es\/ceipntrasradefatima\/files\/2020\/08\/seneca-260x260.png 260w, https:\/\/blogsaverroes.juntadeandalucia.es\/ceipntrasradefatima\/files\/2020\/08\/seneca-150x150.png 150w, https:\/\/blogsaverroes.juntadeandalucia.es\/ceipntrasradefatima\/files\/2020\/08\/seneca-300x300.png 300w, https:\/\/blogsaverroes.juntadeandalucia.es\/ceipntrasradefatima\/files\/2020\/08\/seneca-100x100.png 100w, https:\/\/blogsaverroes.juntadeandalucia.es\/ceipntrasradefatima\/files\/2020\/08\/seneca-24x24.png 24w, https:\/\/blogsaverroes.juntadeandalucia.es\/ceipntrasradefatima\/files\/2020\/08\/seneca-36x36.png 36w, https:\/\/blogsaverroes.juntadeandalucia.es\/ceipntrasradefatima\/files\/2020\/08\/seneca-48x48.png 48w, https:\/\/blogsaverroes.juntadeandalucia.es\/ceipntrasradefatima\/files\/2020\/08\/seneca.png 360w\" sizes=\"(max-width: 260px) 100vw, 260px\" \/>        <\/a>\n    \n        <\/div>\n    <!-- \/image-wrap -->\n    \n        <\/div>\n<!-- \/module image -->        <\/div>\n                    <div  data-lazy=\"1\" class=\"module_column tb-column col4-1 tb_a9rp343\">\n                    <!-- module image -->\n<div  class=\"module module-image tb_a7hv343 image-top   tf_mw\" data-lazy=\"1\">\n        <div class=\"image-wrap tf_rel tf_mw\">\n            <a href=\"https:\/\/educacionadistancia.juntadeandalucia.es\/centros\/sevilla\/login\/index.php\">\n                   <img loading=\"lazy\" decoding=\"async\" src=\"https:\/\/blogsaverroes.juntadeandalucia.es\/ceipntrasradefatima\/files\/2020\/08\/moodle-260x260.png\" width=\"260\" height=\"260\" class=\"wp-post-image wp-image-3296\" title=\"moodle\" alt=\"moodle\" srcset=\"https:\/\/blogsaverroes.juntadeandalucia.es\/ceipntrasradefatima\/files\/2020\/08\/moodle.png 260w, https:\/\/blogsaverroes.juntadeandalucia.es\/ceipntrasradefatima\/files\/2020\/08\/moodle-150x150.png 150w, https:\/\/blogsaverroes.juntadeandalucia.es\/ceipntrasradefatima\/files\/2020\/08\/moodle-100x100.png 100w, https:\/\/blogsaverroes.juntadeandalucia.es\/ceipntrasradefatima\/files\/2020\/08\/moodle-24x24.png 24w, https:\/\/blogsaverroes.juntadeandalucia.es\/ceipntrasradefatima\/files\/2020\/08\/moodle-36x36.png 36w, https:\/\/blogsaverroes.juntadeandalucia.es\/ceipntrasradefatima\/files\/2020\/08\/moodle-48x48.png 48w\" sizes=\"(max-width: 260px) 100vw, 260px\" \/>        <\/a>\n    \n        <\/div>\n    <!-- \/image-wrap -->\n    \n        <\/div>\n<!-- \/module image -->        <\/div>\n                    <div  data-lazy=\"1\" class=\"module_column tb-column col4-1 tb_1uov344 last\">\n                    <!-- module image -->\n<div  class=\"module module-image tb_sjbz344 image-top   tf_mw\" data-lazy=\"1\">\n        <div class=\"image-wrap tf_rel tf_mw\">\n            <a href=\"https:\/\/www.juntadeandalucia.es\/educacion\/portals\/web\/ced\">\n                   <img loading=\"lazy\" decoding=\"async\" src=\"https:\/\/blogsaverroes.juntadeandalucia.es\/ceipntrasradefatima\/files\/2020\/08\/ceja7-240x239.png\" width=\"240\" height=\"239\" class=\"wp-post-image wp-image-3291\" title=\"ceja7\" alt=\"ceja7\" srcset=\"https:\/\/blogsaverroes.juntadeandalucia.es\/ceipntrasradefatima\/files\/2020\/08\/ceja7-240x239.png 240w, https:\/\/blogsaverroes.juntadeandalucia.es\/ceipntrasradefatima\/files\/2020\/08\/ceja7-150x150.png 150w, https:\/\/blogsaverroes.juntadeandalucia.es\/ceipntrasradefatima\/files\/2020\/08\/ceja7-100x100.png 100w, https:\/\/blogsaverroes.juntadeandalucia.es\/ceipntrasradefatima\/files\/2020\/08\/ceja7-24x24.png 24w, https:\/\/blogsaverroes.juntadeandalucia.es\/ceipntrasradefatima\/files\/2020\/08\/ceja7-36x36.png 36w, https:\/\/blogsaverroes.juntadeandalucia.es\/ceipntrasradefatima\/files\/2020\/08\/ceja7-48x48.png 48w, https:\/\/blogsaverroes.juntadeandalucia.es\/ceipntrasradefatima\/files\/2020\/08\/ceja7.png 260w\" sizes=\"(max-width: 240px) 100vw, 240px\" \/>        <\/a>\n    \n        <\/div>\n    <!-- \/image-wrap -->\n    \n        <\/div>\n<!-- \/module image -->        <\/div>\n                        <\/div>\n        <\/div>\n        <\/div>\n<!--\/themify_builder_content-->","protected":false},"excerpt":{"rendered":"<p>\u00a0 Colegio P\u00fablico Biling\u00fce &#8211; OsunaNtra. Sra. de F\u00e1tima Nuestro Blog CENTRO INSTALACIONES OFERTA EDUCATIVA HORARIO DE TUTOR\u00cdA Y ATENCI\u00d3N A FAMILIAS: LUNES DE 16:30 A 17:30 HORAS Calendario escolar2025 \/ 2026 Iniciamos esta andadura con la intenci\u00f3n de que esta p\u00e1gina sea un sitio dise\u00f1ado como punto de encuentro e informaci\u00f3n de nuestro centro [&hellip;]<\/p>\n","protected":false},"author":2285,"featured_media":4007,"parent":0,"menu_order":0,"comment_status":"closed","ping_status":"closed","template":"","meta":{"ngg_post_thumbnail":0,"footnotes":"","_mc_calendar":[]},"aioseo_notices":[],"_links":{"self":[{"href":"https:\/\/blogsaverroes.juntadeandalucia.es\/ceipntrasradefatima\/wp-json\/wp\/v2\/pages\/3110"}],"collection":[{"href":"https:\/\/blogsaverroes.juntadeandalucia.es\/ceipntrasradefatima\/wp-json\/wp\/v2\/pages"}],"about":[{"href":"https:\/\/blogsaverroes.juntadeandalucia.es\/ceipntrasradefatima\/wp-json\/wp\/v2\/types\/page"}],"author":[{"embeddable":true,"href":"https:\/\/blogsaverroes.juntadeandalucia.es\/ceipntrasradefatima\/wp-json\/wp\/v2\/users\/2285"}],"replies":[{"embeddable":true,"href":"https:\/\/blogsaverroes.juntadeandalucia.es\/ceipntrasradefatima\/wp-json\/wp\/v2\/comments?post=3110"}],"version-history":[{"count":230,"href":"https:\/\/blogsaverroes.juntadeandalucia.es\/ceipntrasradefatima\/wp-json\/wp\/v2\/pages\/3110\/revisions"}],"predecessor-version":[{"id":5857,"href":"https:\/\/blogsaverroes.juntadeandalucia.es\/ceipntrasradefatima\/wp-json\/wp\/v2\/pages\/3110\/revisions\/5857"}],"wp:featuredmedia":[{"embeddable":true,"href":"https:\/\/blogsaverroes.juntadeandalucia.es\/ceipntrasradefatima\/wp-json\/wp\/v2\/media\/4007"}],"wp:attachment":[{"href":"https:\/\/blogsaverroes.juntadeandalucia.es\/ceipntrasradefatima\/wp-json\/wp\/v2\/media?parent=3110"}],"curies":[{"name":"wp","href":"https:\/\/api.w.org\/{rel}","templated":true}]}}