{"id":44,"date":"2015-03-13T08:42:15","date_gmt":"2015-03-13T08:42:15","guid":{"rendered":"http:\/\/blogsaverroes.juntadeandalucia.es\/pre\/ceip\/?page_id=44"},"modified":"2023-11-01T13:29:00","modified_gmt":"2023-11-01T13:29:00","slug":"planes-y-programas","status":"publish","type":"page","link":"https:\/\/blogsaverroes.juntadeandalucia.es\/ceipntrasradefatima\/planes-y-programas\/","title":{"rendered":"Planes y Programas"},"content":{"rendered":"<!--themify_builder_content-->\n<div id=\"themify_builder_content-44\" data-postid=\"44\" class=\"themify_builder_content themify_builder_content-44 themify_builder tf_clear\">\n                    <div  data-lazy=\"1\" class=\"module_row themify_builder_row tb_z7bh299 tb_first tf_w\">\n                        <div class=\"row_inner col_align_top tb_col_count_1 tf_box tf_rel\">\n                        <div  data-lazy=\"1\" class=\"module_column tb-column col-full tb_ctms299 first\">\n                    <!-- module image -->\n<div  class=\"module module-image tb_q395458 image-top   tf_mw\" data-lazy=\"1\">\n        <div class=\"image-wrap tf_rel tf_mw\">\n            <img loading=\"lazy\" decoding=\"async\" width=\"1920\" height=\"955\" src=\"https:\/\/blogsaverroes.juntadeandalucia.es\/ceipntrasradefatima\/files\/2023\/11\/Planesyprogramas.png\" class=\"wp-post-image wp-image-4666\" title=\"Planesyprogramas\" alt=\"Planesyprogramas\" srcset=\"https:\/\/blogsaverroes.juntadeandalucia.es\/ceipntrasradefatima\/files\/2023\/11\/Planesyprogramas.png 1920w, https:\/\/blogsaverroes.juntadeandalucia.es\/ceipntrasradefatima\/files\/2023\/11\/Planesyprogramas-300x149.png 300w, https:\/\/blogsaverroes.juntadeandalucia.es\/ceipntrasradefatima\/files\/2023\/11\/Planesyprogramas-1024x509.png 1024w, https:\/\/blogsaverroes.juntadeandalucia.es\/ceipntrasradefatima\/files\/2023\/11\/Planesyprogramas-768x382.png 768w, https:\/\/blogsaverroes.juntadeandalucia.es\/ceipntrasradefatima\/files\/2023\/11\/Planesyprogramas-1536x764.png 1536w\" sizes=\"(max-width: 1920px) 100vw, 1920px\" \/>    \n        <\/div>\n    <!-- \/image-wrap -->\n    \n        <\/div>\n<!-- \/module image -->        <\/div>\n                        <\/div>\n        <\/div>\n                        <div  data-css_id=\"4515825\" data-lazy=\"1\" class=\"module_row themify_builder_row fullwidth_row_container tb_4515825 tf_w\">\n                        <div class=\"row_inner col_align_top tb_col_count_1 tf_box tf_rel\">\n                        <div  data-lazy=\"1\" class=\"module_column tb-column col-full tb_8icm826 first\">\n                    <!-- module accordion -->\n<div  class=\"module module-accordion tb_kf7w826  wow\" data-behavior=\"toggle\" data-tf-animation=\"fadeInUpBig\" data-lazy=\"1\">\n    \n    <ul class=\"ui module-accordion   transparent\">\n            <li>\n            <div class=\"accordion-title tf_rel\">\n                <a href=\"#acc-kf7w826-0\" class=\"tb_title_accordion\" aria-controls=\"acc-kf7w826-0-content\" aria-expanded=\"false\">\n                    <i class=\"accordion-icon\"><svg  class=\"tf_fa tf-ti-plus\" aria-hidden=\"true\"><use href=\"#tf-ti-plus\"><\/use><\/svg><\/i>                    <i class=\"accordion-active-icon tf_hide\"><svg  class=\"tf_fa tf-ti-minus\" aria-hidden=\"true\"><use href=\"#tf-ti-minus\"><\/use><\/svg><\/i>                    Proyecto Biling\u00fce                <\/a>\n            <\/div><!-- .accordion-title -->\n            <div id=\"acc-kf7w826-0-content\" data-id=\"acc-kf7w826-0\" aria-hidden=\"true\" class=\"accordion-content tf_hide tf_clearfix\">\n                                    <div class=\"tb_text_wrap\">\n                        <p><a href=\"https:\/\/blogsaverroes.juntadeandalucia.es\/ceipntrasradefatima\/files\/2023\/11\/andaluciasemueveconeuropa2.png\"><img loading=\"lazy\" decoding=\"async\" class=\"alignleft wp-image-4670 \" src=\"https:\/\/blogsaverroes.juntadeandalucia.es\/ceipntrasradefatima\/files\/2023\/11\/andaluciasemueveconeuropa2.png\" alt=\"\" width=\"200\" height=\"106\" srcset=\"https:\/\/blogsaverroes.juntadeandalucia.es\/ceipntrasradefatima\/files\/2023\/11\/andaluciasemueveconeuropa2.png 471w, https:\/\/blogsaverroes.juntadeandalucia.es\/ceipntrasradefatima\/files\/2023\/11\/andaluciasemueveconeuropa2-300x159.png 300w\" sizes=\"(max-width: 200px) 100vw, 200px\" \/><\/a>Nuestro centro educativo cuenta con el Proyecto de Biling\u00fcismo, una iniciativa educativa innovadora que busca impulsar el aprendizaje de idiomas y promover la excelencia acad\u00e9mica en un entorno multicultural. En el mundo globalizado de hoy, dominar m\u00e1s de un idioma es una habilidad fundamental que abre puertas a oportunidades acad\u00e9micas y profesionales sin precedentes. Con el firme compromiso de preparar a nuestros estudiantes para un futuro cada vez m\u00e1s diverso y competitivo, el Proyecto de Biling\u00fcismo se erige como un pilar fundamental de nuestra visi\u00f3n educativa.<\/p>\n<p>Este programa no solo se enfoca en el dominio de una segunda lengua, sino que tambi\u00e9n fomenta el desarrollo de habilidades cognitivas, interculturales y comunicativas que enriquecer\u00e1n la experiencia educativa de nuestros alumnos.\u00a0<\/p>                    <\/div>\n                            <\/div><!-- .accordion-content -->\n        <\/li>\n            <li>\n            <div class=\"accordion-title tf_rel\">\n                <a href=\"#acc-kf7w826-1\" class=\"tb_title_accordion\" aria-controls=\"acc-kf7w826-1-content\" aria-expanded=\"false\">\n                    <i class=\"accordion-icon\"><svg  class=\"tf_fa tf-ti-plus\" aria-hidden=\"true\"><use href=\"#tf-ti-plus\"><\/use><\/svg><\/i>                    <i class=\"accordion-active-icon tf_hide\"><svg  class=\"tf_fa tf-ti-minus\" aria-hidden=\"true\"><use href=\"#tf-ti-minus\"><\/use><\/svg><\/i>                    Transformaci\u00f3n Digital Educativa                <\/a>\n            <\/div><!-- .accordion-title -->\n            <div id=\"acc-kf7w826-1-content\" data-id=\"acc-kf7w826-1\" aria-hidden=\"true\" class=\"accordion-content tf_hide tf_clearfix\">\n                                    <div class=\"tb_text_wrap\">\n                        <p><a href=\"https:\/\/blogsaverroes.juntadeandalucia.es\/ceipntrasradefatima\/files\/2023\/11\/logo_TDE-295x300-1.png\"><img loading=\"lazy\" decoding=\"async\" class=\"alignleft wp-image-4673\" src=\"https:\/\/blogsaverroes.juntadeandalucia.es\/ceipntrasradefatima\/files\/2023\/11\/logo_TDE-295x300-1.png\" alt=\"\" width=\"145\" height=\"145\" srcset=\"https:\/\/blogsaverroes.juntadeandalucia.es\/ceipntrasradefatima\/files\/2023\/11\/logo_TDE-295x300-1.png 235w, https:\/\/blogsaverroes.juntadeandalucia.es\/ceipntrasradefatima\/files\/2023\/11\/logo_TDE-295x300-1-150x150.png 150w\" sizes=\"(max-width: 145px) 100vw, 145px\" \/><\/a>Mediante el Programa de Transformaci\u00f3n Digital Educativa (#TDE) se ponen las bases para el paso a una educaci\u00f3n m\u00e1s inclusiva y digital, acorde con las necesidades actuales y futuras, en la que son imprescindibles las voces de todas las personas que forman parte de la comunidad educativa y, de forma se\u00f1alada la del alumnado, protagonista de su propio aprendizaje.<\/p>\n<p>En nuestro centro somos pioneros en la inclusi\u00f3n de la TDE en todos los aspectos y el profesorado est\u00e1 plenamente concienciado en la importancia de la formaci\u00f3n continua para mejorar el en su Competencia Digital Docente (CDD).<\/p>\n<p>Contamos con modernos paneles digitales en todas las aulas, packs de robots educativos, impresoras 3d, un gran n\u00famero de port\u00e1tiles para su uso con el alumnado, Chromebooks t\u00e1ctiles, etc.<\/p>                    <\/div>\n                            <\/div><!-- .accordion-content -->\n        <\/li>\n            <li>\n            <div class=\"accordion-title tf_rel\">\n                <a href=\"#acc-kf7w826-2\" class=\"tb_title_accordion\" aria-controls=\"acc-kf7w826-2-content\" aria-expanded=\"false\">\n                    <i class=\"accordion-icon\"><svg  class=\"tf_fa tf-ti-plus\" aria-hidden=\"true\"><use href=\"#tf-ti-plus\"><\/use><\/svg><\/i>                    <i class=\"accordion-active-icon tf_hide\"><svg  class=\"tf_fa tf-ti-minus\" aria-hidden=\"true\"><use href=\"#tf-ti-minus\"><\/use><\/svg><\/i>                    Plan de Igualdad                <\/a>\n            <\/div><!-- .accordion-title -->\n            <div id=\"acc-kf7w826-2-content\" data-id=\"acc-kf7w826-2\" aria-hidden=\"true\" class=\"accordion-content tf_hide tf_clearfix\">\n                                    <div class=\"tb_text_wrap\">\n                        <p><img loading=\"lazy\" decoding=\"async\" class=\"alignleft\" src=\"https:\/\/ganemosalamanca.es\/wp-content\/uploads\/2017\/09\/plan-igualdad.jpg\" alt=\"50 propuestas para la igualdad entre hombres y mujeres\" width=\"200\" height=\"133\" \/><\/p>\n<p>La\u00a0<strong>igualdad<\/strong>\u00a0es un derecho b\u00e1sico que rige el funcionamiento de las sociedades democr\u00e1ticas. En nuestro pa\u00eds, la Constituci\u00f3n Espa\u00f1ola recoge como derecho de los espa\u00f1oles y las espa\u00f1olas la igualdad efectiva, reconociendo que todos y todas somos iguales ante la ley, sin que pueda prevalecer discriminaci\u00f3n alguna por raz\u00f3n de nacim iento, raza, sexo, religi\u00f3n o circunstancias personales o sociales.<\/p>\n<p>En el mismo sentido, la Comunidad Europea identifica la<strong>\u00a0igualdad entre hombres y mujeres<\/strong>\u00a0como uno de los principios fundamentales de la Uni\u00f3n Europea y en consecuencia, se dictan diversas directrices instando a los gobiernos a implementar pol\u00edticas tendentes al desarrollo de una igualdad real entre hombres y mujeres.<\/p>\n<p>Por su parte, en nuestra Comunidad Aut\u00f3noma y como consecuencia del desarrollo de este principio constitucional y europeo, el\u00a0<strong>Estatuto de Autonom\u00eda para Andaluc\u00eda<\/strong>\u00a0establece que promover\u00e1 las condiciones para que la libertad y la igualdad sean reales y, particularmente, siendo consciente de las diferencias culturales que producen desigualdades por raz\u00f3n de sexo, regula como principio relevante la igualdad efectiva del hombre y la mujer, promoviendo la plena incorporaci\u00f3n de las mujeres a la vida social superando cualquier discriminaci\u00f3n laboral, cultural, econ\u00f3mica o pol\u00edtica.<\/p>\n<p>En consecuencia, desde la d\u00e9cada de los 80 la\u00a0<strong>Comunidad Aut\u00f3noma de Andaluc\u00eda<\/strong>\u00a0identifica la igualdad entre hombres y mujeres como una prioridad en sus planteamientos pol\u00edticos, realizando sucesivas actuaciones para favorecer el desarrollo de valores a favor de la igualdad de g\u00e9nero.<\/p>                    <\/div>\n                            <\/div><!-- .accordion-content -->\n        <\/li>\n            <li>\n            <div class=\"accordion-title tf_rel\">\n                <a href=\"#acc-kf7w826-3\" class=\"tb_title_accordion\" aria-controls=\"acc-kf7w826-3-content\" aria-expanded=\"false\">\n                    <i class=\"accordion-icon\"><svg  class=\"tf_fa tf-ti-plus\" aria-hidden=\"true\"><use href=\"#tf-ti-plus\"><\/use><\/svg><\/i>                    <i class=\"accordion-active-icon tf_hide\"><svg  class=\"tf_fa tf-ti-minus\" aria-hidden=\"true\"><use href=\"#tf-ti-minus\"><\/use><\/svg><\/i>                    Plan de Lectura y Biblioteca                <\/a>\n            <\/div><!-- .accordion-title -->\n            <div id=\"acc-kf7w826-3-content\" data-id=\"acc-kf7w826-3\" aria-hidden=\"true\" class=\"accordion-content tf_hide tf_clearfix\">\n                                    <div class=\"tb_text_wrap\">\n                        <p><a href=\"https:\/\/blogsaverroes.juntadeandalucia.es\/ceipntrasradefatima\/files\/2023\/11\/PlanLyB.png\"><img loading=\"lazy\" decoding=\"async\" class=\"alignleft wp-image-4674\" src=\"https:\/\/blogsaverroes.juntadeandalucia.es\/ceipntrasradefatima\/files\/2023\/11\/PlanLyB.png\" alt=\"\" width=\"200\" height=\"122\" srcset=\"https:\/\/blogsaverroes.juntadeandalucia.es\/ceipntrasradefatima\/files\/2023\/11\/PlanLyB.png 960w, https:\/\/blogsaverroes.juntadeandalucia.es\/ceipntrasradefatima\/files\/2023\/11\/PlanLyB-300x183.png 300w, https:\/\/blogsaverroes.juntadeandalucia.es\/ceipntrasradefatima\/files\/2023\/11\/PlanLyB-768x469.png 768w\" sizes=\"(max-width: 200px) 100vw, 200px\" \/><\/a>El Plan de Lectura y Biblioteca es una iniciativa esencial en nuestra instituci\u00f3n educativa que tiene como objetivo promover la lectura y el acceso a recursos bibliogr\u00e1ficos de calidad. Reconocemos que la lectura no solo enriquece el conocimiento, sino que tambi\u00e9n fomenta la imaginaci\u00f3n, la comprensi\u00f3n y el pensamiento cr\u00edtico. Nuestra biblioteca se convierte en un espacio din\u00e1mico donde los estudiantes pueden explorar una amplia gama de libros y recursos, y donde se fomenta un amor duradero por la lectura.<\/p>\n<p>En la sociedad de la informaci\u00f3n y el conocimiento se requiere que las\u00a0<a href=\"https:\/\/www.juntadeandalucia.es\/educacion\/portals\/web\/lecturas-bibliotecas-escolares\/bibliotecas-escolares\" target=\"_blank\" rel=\"noopener\">bibliotecas escolares<\/a>\u00a0se conviertan en centros de recursos para la ense\u00f1anza y el aprendizaje; en factores de compensaci\u00f3n social, que posibiliten el acceso a los recursos informativos y culturales a quienes carecen de ellos; y en espacios f\u00edsicos, digitales y sociales abiertos a toda la comunidad educativa y a eventos culturales y profesionales.<\/p>                    <\/div>\n                            <\/div><!-- .accordion-content -->\n        <\/li>\n            <li>\n            <div class=\"accordion-title tf_rel\">\n                <a href=\"#acc-kf7w826-4\" class=\"tb_title_accordion\" aria-controls=\"acc-kf7w826-4-content\" aria-expanded=\"false\">\n                    <i class=\"accordion-icon\"><svg  class=\"tf_fa tf-ti-plus\" aria-hidden=\"true\"><use href=\"#tf-ti-plus\"><\/use><\/svg><\/i>                    <i class=\"accordion-active-icon tf_hide\"><svg  class=\"tf_fa tf-ti-minus\" aria-hidden=\"true\"><use href=\"#tf-ti-minus\"><\/use><\/svg><\/i>                    Plan de Apertura                <\/a>\n            <\/div><!-- .accordion-title -->\n            <div id=\"acc-kf7w826-4-content\" data-id=\"acc-kf7w826-4\" aria-hidden=\"true\" class=\"accordion-content tf_hide tf_clearfix\">\n                                    <div class=\"tb_text_wrap\">\n                        <p><a href=\"https:\/\/blogsaverroes.juntadeandalucia.es\/ceipntrasradefatima\/files\/2023\/11\/plandeapertura.png\"><img loading=\"lazy\" decoding=\"async\" class=\"alignleft  wp-image-4676\" src=\"https:\/\/blogsaverroes.juntadeandalucia.es\/ceipntrasradefatima\/files\/2023\/11\/plandeapertura.png\" alt=\"\" width=\"186\" height=\"136\" srcset=\"https:\/\/blogsaverroes.juntadeandalucia.es\/ceipntrasradefatima\/files\/2023\/11\/plandeapertura.png 389w, https:\/\/blogsaverroes.juntadeandalucia.es\/ceipntrasradefatima\/files\/2023\/11\/plandeapertura-300x220.png 300w\" sizes=\"(max-width: 186px) 100vw, 186px\" \/><\/a>Dentro del Plan de Apoyo a las Familias Andaluzas, la Consejer\u00eda de Educaci\u00f3n persigue que los centros docentes, m\u00e1s all\u00e1 de la jornada lectiva tradicional, sean capaces de ofrecer al alumnado y sus familias una oferta de jornada escolar completa, de forma que encuentren en sus centros las actividades que necesitan para completar su formaci\u00f3n y para utilizar de una manera educativa su tiempo libre.<\/p>\n<p>Los centros de ense\u00f1anza que imparten Educaci\u00f3n Primaria pueden ofrecer algunos servicios escolares complementarios. Saber de qu\u00e9 servicios dispone un centro puede ser un criterio importante en el momento de elegir la preferencia por uno u otro para solicitar la admisi\u00f3n.<\/p>\n<p>Los servicios conexos a la ense\u00f1anza son de gran relevancia para la conciliaci\u00f3n de la vida laboral y familiar, por tanto, los servicios complementarios de aula matinal, comedor escolar y actividades extraescolares se han ido manteniendo dentro del Sistema P\u00fablico Educativo Andaluz desde su implantaci\u00f3n.<\/p>\n<ul>\n<li><strong><a href=\"https:\/\/blogsaverroes.juntadeandalucia.es\/ceipntrasradefatima\/aula-matinal\/\">AULA MATINAL<\/a><\/strong>: De lunes a viernes de 7:30 a 9:00.<\/li>\n<li><a href=\"https:\/\/blogsaverroes.juntadeandalucia.es\/ceipntrasradefatima\/comedor-escolar\/\"><strong>COMEDOR ESCOLAR<\/strong><\/a>: de lunes a viernes de 14:00 a 16:00.<\/li>\n<li><a href=\"https:\/\/blogsaverroes.juntadeandalucia.es\/ceipntrasradefatima\/actividades-extraescolares\/\"><strong>ACTIVIDADES EXTRAESCOLARES<\/strong><\/a>: De lunes a jueves de 16 a 18 horas.<\/li>\n<\/ul>                    <\/div>\n                            <\/div><!-- .accordion-content -->\n        <\/li>\n            <li>\n            <div class=\"accordion-title tf_rel\">\n                <a href=\"#acc-kf7w826-5\" class=\"tb_title_accordion\" aria-controls=\"acc-kf7w826-5-content\" aria-expanded=\"false\">\n                    <i class=\"accordion-icon\"><svg  class=\"tf_fa tf-ti-plus\" aria-hidden=\"true\"><use href=\"#tf-ti-plus\"><\/use><\/svg><\/i>                    <i class=\"accordion-active-icon tf_hide\"><svg  class=\"tf_fa tf-ti-minus\" aria-hidden=\"true\"><use href=\"#tf-ti-minus\"><\/use><\/svg><\/i>                    Escuela Espacio de Paz                <\/a>\n            <\/div><!-- .accordion-title -->\n            <div id=\"acc-kf7w826-5-content\" data-id=\"acc-kf7w826-5\" aria-hidden=\"true\" class=\"accordion-content tf_hide tf_clearfix\">\n                                    <div class=\"tb_text_wrap\">\n                        <p><img loading=\"lazy\" decoding=\"async\" class=\"alignleft\" src=\"https:\/\/iesfuentenueva.net\/wp-content\/uploads\/2018\/03\/Logo-RAEEP-azulejo.jpg\" alt=\"IES Fuente Nueva\" width=\"200\" height=\"127\" \/>La <a href=\"https:\/\/www.juntadeandalucia.es\/educacion\/portals\/web\/convivencia-escolar\/red-escuela-espacio-de-paz\">Red Andaluza \u00abEscuela: Espacio de Paz\u00bb<\/a> es una red de centros interesados en compartir iniciativas, recursos y experiencias para la mejora de la convivencia escolar y la difusi\u00f3n de la Cultura de Paz, contrayendo un compromiso de profundizaci\u00f3n en aspectos concretos de su Plan de Convivencia. La normativa que regula el funcionamiento de la Red pone el acento en la cultura de la evaluaci\u00f3n, en la necesidad de visibilizar las buenas pr\u00e1cticas desarrolladas en los centros y en la voluntad de trabajar en red compartiendo propuestas, estrategias y recursos con toda la comunidad educativa.<\/p>\n<p>Entre las se\u00f1as de identidad de los centros que integran la Red Andaluza \u00abEscuela: Espacio de Paz\u00bb destacan la promoci\u00f3n de los valores propios de una sociedad democr\u00e1tica, el respeto mutuo, la igualdad, el di\u00e1logo, la solidaridad y la resoluci\u00f3n pac\u00edfica de los conflictos, contando con la participaci\u00f3n de toda la comunidad educativa en la vida de los centros y la vinculaci\u00f3n e implicaci\u00f3n con su entorno.<\/p>                    <\/div>\n                            <\/div><!-- .accordion-content -->\n        <\/li>\n            <li>\n            <div class=\"accordion-title tf_rel\">\n                <a href=\"#acc-kf7w826-6\" class=\"tb_title_accordion\" aria-controls=\"acc-kf7w826-6-content\" aria-expanded=\"false\">\n                    <i class=\"accordion-icon\"><svg  class=\"tf_fa tf-ti-plus\" aria-hidden=\"true\"><use href=\"#tf-ti-plus\"><\/use><\/svg><\/i>                    <i class=\"accordion-active-icon tf_hide\"><svg  class=\"tf_fa tf-ti-minus\" aria-hidden=\"true\"><use href=\"#tf-ti-minus\"><\/use><\/svg><\/i>                    Programa de Refuerzo, Orientaci\u00f3n y Apoyo (PROA)                <\/a>\n            <\/div><!-- .accordion-title -->\n            <div id=\"acc-kf7w826-6-content\" data-id=\"acc-kf7w826-6\" aria-hidden=\"true\" class=\"accordion-content tf_hide tf_clearfix\">\n                                    <div class=\"tb_text_wrap\">\n                        <p><strong><a href=\"https:\/\/blogsaverroes.juntadeandalucia.es\/ceipntrasradefatima\/files\/2023\/11\/proa.png\"><img loading=\"lazy\" decoding=\"async\" class=\"alignleft  wp-image-4677\" src=\"https:\/\/blogsaverroes.juntadeandalucia.es\/ceipntrasradefatima\/files\/2023\/11\/proa.png\" alt=\"\" width=\"248\" height=\"79\" srcset=\"https:\/\/blogsaverroes.juntadeandalucia.es\/ceipntrasradefatima\/files\/2023\/11\/proa.png 889w, https:\/\/blogsaverroes.juntadeandalucia.es\/ceipntrasradefatima\/files\/2023\/11\/proa-300x96.png 300w, https:\/\/blogsaverroes.juntadeandalucia.es\/ceipntrasradefatima\/files\/2023\/11\/proa-768x244.png 768w\" sizes=\"(max-width: 248px) 100vw, 248px\" \/><\/a><a href=\"https:\/\/www.juntadeandalucia.es\/educacion\/portals\/web\/ced\/planesyprogramas\/planes-educativos\/proa-2023-2024\">PROA Andaluc\u00eda<\/a>\u00a0<\/strong>es una de las apuestas de la Consejer\u00eda de Desarrollo Educativo y Formaci\u00f3n Profesional para garantizar la igualdad de oportunidades, incrementar el \u00e9xito escolar del alumnado y prevenir el absentismo y el abandono escolar temprano,a trav\u00e9s del desarrollo de diferentes actuaciones que ponen el foco en la adecuaci\u00f3n de la respuesta educativa al alumnado con necesidades espec\u00edficas de apoyo educativo por precisar acciones de car\u00e1cter compensatorio (entre el que se incluye al alumnado con necesidades asociadas a motivos de salud), as\u00ed como en aquel alumnado que presenta dichas necesidades por incorporaci\u00f3n tard\u00eda al Sistema Educativo.<\/p>                    <\/div>\n                            <\/div><!-- .accordion-content -->\n        <\/li>\n            <li>\n            <div class=\"accordion-title tf_rel\">\n                <a href=\"#acc-kf7w826-7\" class=\"tb_title_accordion\" aria-controls=\"acc-kf7w826-7-content\" aria-expanded=\"false\">\n                    <i class=\"accordion-icon\"><svg  class=\"tf_fa tf-ti-plus\" aria-hidden=\"true\"><use href=\"#tf-ti-plus\"><\/use><\/svg><\/i>                    <i class=\"accordion-active-icon tf_hide\"><svg  class=\"tf_fa tf-ti-minus\" aria-hidden=\"true\"><use href=\"#tf-ti-minus\"><\/use><\/svg><\/i>                    Plan Director                <\/a>\n            <\/div><!-- .accordion-title -->\n            <div id=\"acc-kf7w826-7-content\" data-id=\"acc-kf7w826-7\" aria-hidden=\"true\" class=\"accordion-content tf_hide tf_clearfix\">\n                                    <div class=\"tb_text_wrap\">\n                        <p><img loading=\"lazy\" decoding=\"async\" class=\"alignleft\" src=\"https:\/\/blogsaverroes.juntadeandalucia.es\/ceiphermanosarellano\/files\/2021\/01\/Cartel-Plan-Director-Centros-Educativos_2019_page-0001-700x933.jpg\" width=\"200\" height=\"266\" \/>La Consejer\u00eda de Educaci\u00f3n de la Junta de Andaluc\u00eda colabora con el Ministerio de Educaci\u00f3n, Cultura y Deporte, el Ministerio del Interior y el Ministerio de Sanidad, Asuntos Sociales e Igualdad, para el desarrollo del\u00a0<b><a href=\"https:\/\/www.juntadeandalucia.es\/educacion\/portals\/web\/convivencia-escolar\/plan-director-para-la-convivencia-y-mejora-de-la-seguridad-en-los-centros-educativos-y-sus-entornos\">Plan Director para la Convivencia y Mejora de la Seguridad Escolar<\/a>.<\/b><\/p>\n<p>Entre las acciones contenidas en el\u00a0<b>Plan Director,<\/b>\u00a0se encuentran:<\/p>\n<p>&#8211; Reuniones de la comunidad educativa con expertos y expertas policiales para hablar de los problemas de seguridad que m\u00e1s preocupan y buscar soluciones.<\/p>\n<p>&#8211; Charlas al alumnado sobre problemas de seguridad que les afectan como colectivo: Acoso Escolar<\/p>\n<p>&#8211; Riesgos de Internet<\/p>                    <\/div>\n                            <\/div><!-- .accordion-content -->\n        <\/li>\n        <\/ul>\n\n<\/div><!-- \/module accordion -->        <\/div>\n                        <\/div>\n        <\/div>\n        <\/div>\n<!--\/themify_builder_content-->","protected":false},"excerpt":{"rendered":"<p>Proyecto Biling\u00fce Nuestro centro educativo cuenta con el Proyecto de Biling\u00fcismo, una iniciativa educativa innovadora que busca impulsar el aprendizaje de idiomas y promover la excelencia acad\u00e9mica en un entorno multicultural. En el mundo globalizado de hoy, dominar m\u00e1s de un idioma es una habilidad fundamental que abre puertas a oportunidades acad\u00e9micas y profesionales sin [&hellip;]<\/p>\n","protected":false},"author":1,"featured_media":0,"parent":0,"menu_order":0,"comment_status":"closed","ping_status":"closed","template":"","meta":{"ngg_post_thumbnail":0,"footnotes":"","_mc_calendar":[]},"aioseo_notices":[],"_links":{"self":[{"href":"https:\/\/blogsaverroes.juntadeandalucia.es\/ceipntrasradefatima\/wp-json\/wp\/v2\/pages\/44"}],"collection":[{"href":"https:\/\/blogsaverroes.juntadeandalucia.es\/ceipntrasradefatima\/wp-json\/wp\/v2\/pages"}],"about":[{"href":"https:\/\/blogsaverroes.juntadeandalucia.es\/ceipntrasradefatima\/wp-json\/wp\/v2\/types\/page"}],"author":[{"embeddable":true,"href":"https:\/\/blogsaverroes.juntadeandalucia.es\/ceipntrasradefatima\/wp-json\/wp\/v2\/users\/1"}],"replies":[{"embeddable":true,"href":"https:\/\/blogsaverroes.juntadeandalucia.es\/ceipntrasradefatima\/wp-json\/wp\/v2\/comments?post=44"}],"version-history":[{"count":24,"href":"https:\/\/blogsaverroes.juntadeandalucia.es\/ceipntrasradefatima\/wp-json\/wp\/v2\/pages\/44\/revisions"}],"predecessor-version":[{"id":4678,"href":"https:\/\/blogsaverroes.juntadeandalucia.es\/ceipntrasradefatima\/wp-json\/wp\/v2\/pages\/44\/revisions\/4678"}],"wp:attachment":[{"href":"https:\/\/blogsaverroes.juntadeandalucia.es\/ceipntrasradefatima\/wp-json\/wp\/v2\/media?parent=44"}],"curies":[{"name":"wp","href":"https:\/\/api.w.org\/{rel}","templated":true}]}}