{"id":853,"date":"2020-12-18T08:50:47","date_gmt":"2020-12-18T07:50:47","guid":{"rendered":"https:\/\/blogsaverroes.juntadeandalucia.es\/pre\/plantilla-pencil\/?page_id=853"},"modified":"2026-01-24T11:48:02","modified_gmt":"2026-01-24T10:48:02","slug":"nuestra-historia","status":"publish","type":"page","link":"https:\/\/blogsaverroes.juntadeandalucia.es\/ceipntrasradegraciabenameji\/nuestra-historia\/","title":{"rendered":"Nuestro centro"},"content":{"rendered":"<p>[et_pb_section fb_built=&#8221;1&#8243; _builder_version=&#8221;4.16&#8243; collapsed=&#8221;off&#8221; global_colors_info=&#8221;{}&#8221;][et_pb_row _builder_version=&#8221;4.16&#8243; background_size=&#8221;initial&#8221; background_position=&#8221;top_left&#8221; background_repeat=&#8221;repeat&#8221; collapsed=&#8221;off&#8221; global_colors_info=&#8221;{}&#8221;][et_pb_column type=&#8221;4_4&#8243; _builder_version=&#8221;4.16&#8243; custom_padding=&#8221;|||&#8221; global_colors_info=&#8221;{}&#8221; custom_padding__hover=&#8221;|||&#8221;][et_pb_image src=&#8221;https:\/\/blogsaverroes.juntadeandalucia.es\/ceipntrasradegraciabenameji\/files\/2024\/11\/Nuestro-cole.jpg&#8221; alt=&#8221;Nuestro cole&#8221; title_text=&#8221;Nuestro cole&#8221; align=&#8221;center&#8221; admin_label=&#8221;Imagen de la portada&#8221; _builder_version=&#8221;4.24.2&#8243; z_index_tablet=&#8221;500&#8243; box_shadow_horizontal_tablet=&#8221;0px&#8221; box_shadow_vertical_tablet=&#8221;0px&#8221; box_shadow_blur_tablet=&#8221;40px&#8221; box_shadow_spread_tablet=&#8221;0px&#8221; global_colors_info=&#8221;{}&#8221;][\/et_pb_image][et_pb_text content_last_edited=&#8221;off|desktop&#8221; admin_label=&#8221;Texto descriptivo&#8221; _builder_version=&#8221;4.24.2&#8243; z_index_tablet=&#8221;500&#8243; text_text_shadow_horizontal_length_tablet=&#8221;0px&#8221; text_text_shadow_vertical_length_tablet=&#8221;0px&#8221; text_text_shadow_blur_strength_tablet=&#8221;1px&#8221; link_text_shadow_horizontal_length_tablet=&#8221;0px&#8221; link_text_shadow_vertical_length_tablet=&#8221;0px&#8221; link_text_shadow_blur_strength_tablet=&#8221;1px&#8221; ul_text_shadow_horizontal_length_tablet=&#8221;0px&#8221; ul_text_shadow_vertical_length_tablet=&#8221;0px&#8221; ul_text_shadow_blur_strength_tablet=&#8221;1px&#8221; ol_text_shadow_horizontal_length_tablet=&#8221;0px&#8221; ol_text_shadow_vertical_length_tablet=&#8221;0px&#8221; ol_text_shadow_blur_strength_tablet=&#8221;1px&#8221; quote_text_shadow_horizontal_length_tablet=&#8221;0px&#8221; quote_text_shadow_vertical_length_tablet=&#8221;0px&#8221; quote_text_shadow_blur_strength_tablet=&#8221;1px&#8221; header_text_shadow_horizontal_length_tablet=&#8221;0px&#8221; header_text_shadow_vertical_length_tablet=&#8221;0px&#8221; header_text_shadow_blur_strength_tablet=&#8221;1px&#8221; header_2_text_shadow_horizontal_length_tablet=&#8221;0px&#8221; header_2_text_shadow_vertical_length_tablet=&#8221;0px&#8221; header_2_text_shadow_blur_strength_tablet=&#8221;1px&#8221; header_3_text_shadow_horizontal_length_tablet=&#8221;0px&#8221; header_3_text_shadow_vertical_length_tablet=&#8221;0px&#8221; header_3_text_shadow_blur_strength_tablet=&#8221;1px&#8221; header_4_text_shadow_horizontal_length_tablet=&#8221;0px&#8221; header_4_text_shadow_vertical_length_tablet=&#8221;0px&#8221; header_4_text_shadow_blur_strength_tablet=&#8221;1px&#8221; header_5_text_shadow_horizontal_length_tablet=&#8221;0px&#8221; header_5_text_shadow_vertical_length_tablet=&#8221;0px&#8221; header_5_text_shadow_blur_strength_tablet=&#8221;1px&#8221; header_6_text_shadow_horizontal_length_tablet=&#8221;0px&#8221; header_6_text_shadow_vertical_length_tablet=&#8221;0px&#8221; header_6_text_shadow_blur_strength_tablet=&#8221;1px&#8221; box_shadow_horizontal_tablet=&#8221;0px&#8221; box_shadow_vertical_tablet=&#8221;0px&#8221; box_shadow_blur_tablet=&#8221;40px&#8221; box_shadow_spread_tablet=&#8221;0px&#8221; global_colors_info=&#8221;{}&#8221;]<\/p>\n<p style=\"padding-left: 40px\"><span style=\"font-size: 14pt;font-family: arial, helvetica, sans-serif\">\u00a0 \u00a0 \u00a0CEIP: Nuestra Se\u00f1ora de Gracia, (Benamej\u00ed), situada al suroeste de la provincia de C\u00f3rdoba, en el l\u00edmite con la provincia de M\u00e1laga, dentro de la Comarca de la Mancomunidad de la Subb\u00e9tica, muy cercana a la Campi\u00f1a Alta de C\u00f3rdoba y a los f\u00e9rtiles llanos de Antequera, donde se inicia el Surco Intrab\u00e9tico, se halla la Villa de Benamej\u00ed. La extensi\u00f3n del t\u00e9rmino municipal es de 54 Km, formando parte del mismo la aldea de El Tejar, y con una poblaci\u00f3n de 4910 habitantes, siendo la poblaci\u00f3n m\u00e1s meridional de la provincia de C\u00f3rdoba. Est\u00e1 situada a una altitud de 455 m sobre el nivel del mar, y el gentilicio local es: benamejicense o benamejicensa.<\/span><\/p>\n<p style=\"padding-left: 40px\"><span style=\"font-size: 14pt;font-family: arial, helvetica, sans-serif\">\u00a0 \u00a0 \u00a0El Colegio est\u00e1 situado en el noreste de Benamej\u00ed concretamente en la calle Medina Azahara. Junto al Centro se encuentran las pistas polideportivas, pabell\u00f3n polideportivo, campo de f\u00fatbol y de b\u00e9isbol.<\/span><\/p>\n<p style=\"padding-left: 40px\"><span style=\"font-size: 14pt;font-family: arial, helvetica, sans-serif\">\u00a0 \u00a0 \u00a0Es el \u00fanico colegio que existe en el pueblo, ya que es fusi\u00f3n de los dos anteriores CEIP Virgen de Gracia y CEIP Men\u00e9ndez Pelayo. La relaci\u00f3n del Centro con el Ayuntamiento es muy satisfactoria.<\/span><\/p>\n<p style=\"padding-left: 40px\"><span style=\"font-size: 14pt;font-family: arial, helvetica, sans-serif\">\u00a0 \u00a0 \u00a0El AMPA: La Ace\u00f1a, trabaja por el bienestar de sus hijos en el colegio, y adem\u00e1s de colaborar en proyectos de tipo did\u00e1ctico, realiza actividades extraescolares.<\/span><\/p>\n<p style=\"padding-left: 40px\"><span style=\"font-size: 14pt;font-family: arial, helvetica, sans-serif\">\u00a0 \u00a0 \u00a0El C.E.I.P. Nuestra Se\u00f1ora de Gracia, est\u00e1 formado en el curso 2025\/26 por las siguientes unidades:<\/span><br \/><span style=\"font-size: 14pt;font-family: arial, helvetica, sans-serif\"> 7 unidades de Infantil.<\/span><br \/><span style=\"font-size: 14pt;font-family: arial, helvetica, sans-serif\"> 13 unidades de Primaria.<\/span><br \/><span style=\"font-size: 14pt;font-family: arial, helvetica, sans-serif\"> 1 de Apoyo a la Integraci\u00f3n.<\/span><br \/><span style=\"font-size: 14pt;font-family: arial, helvetica, sans-serif\"> 1 unidad Espec\u00edfica de Apoyo Educativo.<\/span><br \/><span style=\"font-size: 14pt;font-family: arial, helvetica, sans-serif\"> 1 unidad de Audici\u00f3n y Lenguaje.<\/span><\/p>\n<p style=\"padding-left: 40px\"><span style=\"font-size: 14pt;font-family: arial, helvetica, sans-serif\">\u00a0 \u00a0 \u00a0El Centro cuenta con un edificio principal, m\u00e1s un anexo en el que se encuentran el comedor y gimnasio. Al centro se accede por dos puertas, una para alumnos\/as de infantil y primer ciclo de primaria y otra para los alumnos de segundo y tercer ciclo de primaria.<\/span><\/p>\n<p style=\"padding-left: 40px\"><span style=\"font-size: 14pt;font-family: arial, helvetica, sans-serif\">\u00a0 \u00a0 \u00a0En cuanto a la distribuci\u00f3n del edificio, dentro del edificio principal encontramos los siguientes compartimentos. En la planta baja se encuentran las aulas de infantil, aula de pedagog\u00eda terap\u00e9utica secretar\u00eda, despacho de direcci\u00f3n y jefatura de estudios, sala de profesores, Apoyo a la integraci\u00f3n, aula, Espec\u00edfica de Apoyo Educativo, aula de m\u00fasica, sala de usos m\u00faltiples, biblioteca, aula de Audici\u00f3n y Lenguaje, sala de reuniones de AMPA y aula multisensorial.<\/span><\/p>\n<p style=\"padding-left: 40px\"><span style=\"font-size: 14pt;font-family: arial, helvetica, sans-serif\">\u00a0 \u00a0 \u00a0En la segunda planta se encuentran las aulas destinadas a la docencia de primaria, as\u00ed como aulas de peque\u00f1o grupo para coordinaciones y actividades variadas, aula de ciencias, orientaci\u00f3n, sala de inform\u00e1tica, aula de ingl\u00e9s, aula de franc\u00e9s, dos espacios dedicados a almac\u00e9n y una segunda aula de apoyo a la integraci\u00f3n.<\/span><\/p>\n<p style=\"padding-left: 40px\"><span style=\"font-size: 14pt;font-family: arial, helvetica, sans-serif\">\u00a0 \u00a0 \u00a0El Centro cuenta con dos pistas polideportivas, una zona de arena y un patio independiente de albero para el alumnado de educaci\u00f3n infantil.<\/span><\/p>\n<p>[\/et_pb_text][\/et_pb_column][\/et_pb_row][et_pb_row column_structure=&#8221;1_3,1_3,1_3&#8243; _builder_version=&#8221;4.16&#8243; background_size=&#8221;initial&#8221; background_position=&#8221;top_left&#8221; background_repeat=&#8221;repeat&#8221; collapsed=&#8221;off&#8221; global_colors_info=&#8221;{}&#8221;][et_pb_column type=&#8221;1_3&#8243; _builder_version=&#8221;4.16&#8243; custom_padding=&#8221;|||&#8221; global_colors_info=&#8221;{}&#8221; custom_padding__hover=&#8221;|||&#8221;][\/et_pb_column][et_pb_column type=&#8221;1_3&#8243; _builder_version=&#8221;4.16&#8243; custom_padding=&#8221;|||&#8221; global_colors_info=&#8221;{}&#8221; custom_padding__hover=&#8221;|||&#8221;][et_pb_blurb title=&#8221;Contacta&#8221; use_icon=&#8221;on&#8221; font_icon=&#8221;&#xe010;||divi||400&#8243; image_icon_background_color=&#8221;#ffc259&#8243; image_icon_width=&#8221;48px&#8221; admin_label=&#8221;Informaci\u00f3n de contacto (icono, titulo y texto)&#8221; _builder_version=&#8221;4.24.2&#8243; image_icon_custom_padding=&#8221;25px|25px|25px|25px|false|false&#8221; text_orientation=&#8221;center&#8221; z_index_tablet=&#8221;500&#8243; header_text_shadow_horizontal_length_tablet=&#8221;0px&#8221; header_text_shadow_vertical_length_tablet=&#8221;0px&#8221; header_text_shadow_blur_strength_tablet=&#8221;1px&#8221; body_text_shadow_horizontal_length_tablet=&#8221;0px&#8221; body_text_shadow_vertical_length_tablet=&#8221;0px&#8221; body_text_shadow_blur_strength_tablet=&#8221;1px&#8221; body_link_text_shadow_horizontal_length_tablet=&#8221;0px&#8221; body_link_text_shadow_vertical_length_tablet=&#8221;0px&#8221; body_link_text_shadow_blur_strength_tablet=&#8221;1px&#8221; body_ul_text_shadow_horizontal_length_tablet=&#8221;0px&#8221; body_ul_text_shadow_vertical_length_tablet=&#8221;0px&#8221; body_ul_text_shadow_blur_strength_tablet=&#8221;1px&#8221; body_ol_text_shadow_horizontal_length_tablet=&#8221;0px&#8221; body_ol_text_shadow_vertical_length_tablet=&#8221;0px&#8221; body_ol_text_shadow_blur_strength_tablet=&#8221;1px&#8221; body_quote_text_shadow_horizontal_length_tablet=&#8221;0px&#8221; body_quote_text_shadow_vertical_length_tablet=&#8221;0px&#8221; body_quote_text_shadow_blur_strength_tablet=&#8221;1px&#8221; border_radii_image=&#8221;on|100%|100%|100%|100%&#8221; box_shadow_horizontal_tablet=&#8221;0px&#8221; box_shadow_vertical_tablet=&#8221;0px&#8221; box_shadow_blur_tablet=&#8221;40px&#8221; box_shadow_spread_tablet=&#8221;0px&#8221; box_shadow_horizontal_image_tablet=&#8221;0px&#8221; box_shadow_vertical_image_tablet=&#8221;0px&#8221; box_shadow_blur_image_tablet=&#8221;40px&#8221; box_shadow_spread_image_tablet=&#8221;0px&#8221; text_shadow_horizontal_length_tablet=&#8221;0px&#8221; text_shadow_vertical_length_tablet=&#8221;0px&#8221; text_shadow_blur_strength_tablet=&#8221;1px&#8221; use_circle=&#8221;on&#8221; circle_color=&#8221;#ffc259&#8243; global_colors_info=&#8221;{}&#8221; image_icon_background_color__sticky_enabled=&#8221;#241f59&#8243; image_icon_background_color__sticky=&#8221;#241f59&#8243;]<\/p>\n<h4><strong><span style=\"font-family: arial, helvetica, sans-serif;font-size: 14pt\">\u00a0CEIP Nuestra Se\u00f1ora de Gracia.<\/span><\/strong><\/h4>\n<p><span style=\"font-family: arial, helvetica, sans-serif;font-size: 14pt\"><strong>\u00a0Direcci\u00f3n:<\/strong>\u00a0\u00a0Calle Medina Azahara, s\/n, Benamej\u00ed<\/span><\/p>\n<p><span style=\"font-family: arial, helvetica, sans-serif;font-size: 14pt\"><strong>Tel\u00e9fono: 957596552<br \/><\/strong><\/span><\/p>\n<p><span style=\"font-family: arial, helvetica, sans-serif;font-size: 14pt\"><strong>Corporativo: 584552<\/strong><\/span><\/p>\n<p>&nbsp;<\/p>\n<p><span style=\"font-family: arial, helvetica, sans-serif;font-size: 14pt\"><strong>Email:<\/strong>\u00a0<span id=\"cloak5eda57876e5f401d29fd52e64e12c113\"><a href=\"mailto:14010634.edu@juntadeandalucia.es\">14010634.edu@juntadeandalucia.es<\/a><\/span><\/span><\/p>\n<h4><span style=\"font-family: arial, helvetica, sans-serif;font-size: 14pt\"><strong>Horarios<\/strong><\/span><\/h4>\n<p><span style=\"font-family: arial, helvetica, sans-serif;font-size: 14pt\">El horario lectivo de nuestro centro es de LUNES A VIERNES de 9:00 a 14:00 horas.\u00a0<\/span><\/p>\n<h4><span style=\"font-family: arial, helvetica, sans-serif;font-size: 14pt\"><strong>Tutor\u00edas con las familias<\/strong><\/span><\/h4>\n<p><span style=\"font-family: arial, helvetica, sans-serif;font-size: 14pt\">Lunes de 17:00 a 18:00 horas<\/span><\/p>\n<p>&nbsp;<\/p>\n<h4><span style=\"font-family: arial, helvetica, sans-serif;font-size: 14pt\"><strong>Oferta educativa<\/strong><\/span><\/h4>\n<ul>\n<li><span style=\"font-family: arial, helvetica, sans-serif;font-size: 14pt\">Educaci\u00f3n Infantil<\/span><\/li>\n<li><span style=\"font-family: arial, helvetica, sans-serif;font-size: 14pt\">Educaci\u00f3n Primaria.<\/span><\/li>\n<li><span style=\"font-family: arial, helvetica, sans-serif;font-size: 14pt\">Aula espec\u00edfica de educaci\u00f3n especial.<\/span><\/li>\n<\/ul>\n<p>[\/et_pb_blurb][\/et_pb_column][et_pb_column type=&#8221;1_3&#8243; _builder_version=&#8221;4.16&#8243; custom_padding=&#8221;|||&#8221; global_colors_info=&#8221;{}&#8221; custom_padding__hover=&#8221;|||&#8221;][\/et_pb_column][\/et_pb_row][\/et_pb_section]<\/p>\n","protected":false},"excerpt":{"rendered":"<p>\u00a0 \u00a0 \u00a0CEIP: Nuestra Se\u00f1ora de Gracia, (Benamej\u00ed), situada al suroeste de la provincia de C\u00f3rdoba, en el l\u00edmite con la provincia de M\u00e1laga, dentro de la Comarca de la Mancomunidad de la Subb\u00e9tica, muy cercana a la Campi\u00f1a Alta de C\u00f3rdoba y a los f\u00e9rtiles llanos de Antequera, donde se inicia el Surco Intrab\u00e9tico, [&hellip;]<\/p>\n","protected":false},"author":7051,"featured_media":0,"parent":0,"menu_order":0,"comment_status":"closed","ping_status":"closed","template":"","meta":{"_et_pb_use_builder":"on","_et_pb_old_content":"","_et_gb_content_width":"","ngg_post_thumbnail":0,"footnotes":""},"aioseo_notices":[],"_links":{"self":[{"href":"https:\/\/blogsaverroes.juntadeandalucia.es\/ceipntrasradegraciabenameji\/wp-json\/wp\/v2\/pages\/853"}],"collection":[{"href":"https:\/\/blogsaverroes.juntadeandalucia.es\/ceipntrasradegraciabenameji\/wp-json\/wp\/v2\/pages"}],"about":[{"href":"https:\/\/blogsaverroes.juntadeandalucia.es\/ceipntrasradegraciabenameji\/wp-json\/wp\/v2\/types\/page"}],"author":[{"embeddable":true,"href":"https:\/\/blogsaverroes.juntadeandalucia.es\/ceipntrasradegraciabenameji\/wp-json\/wp\/v2\/users\/7051"}],"replies":[{"embeddable":true,"href":"https:\/\/blogsaverroes.juntadeandalucia.es\/ceipntrasradegraciabenameji\/wp-json\/wp\/v2\/comments?post=853"}],"version-history":[{"count":17,"href":"https:\/\/blogsaverroes.juntadeandalucia.es\/ceipntrasradegraciabenameji\/wp-json\/wp\/v2\/pages\/853\/revisions"}],"predecessor-version":[{"id":1718,"href":"https:\/\/blogsaverroes.juntadeandalucia.es\/ceipntrasradegraciabenameji\/wp-json\/wp\/v2\/pages\/853\/revisions\/1718"}],"wp:attachment":[{"href":"https:\/\/blogsaverroes.juntadeandalucia.es\/ceipntrasradegraciabenameji\/wp-json\/wp\/v2\/media?parent=853"}],"curies":[{"name":"wp","href":"https:\/\/api.w.org\/{rel}","templated":true}]}}