{"id":2562,"date":"2023-05-03T16:14:37","date_gmt":"2023-05-03T16:14:37","guid":{"rendered":"https:\/\/blogsaverroes.juntadeandalucia.es\/ceipnuestrasenoradebelen\/?page_id=2562"},"modified":"2023-08-14T18:11:58","modified_gmt":"2023-08-14T18:11:58","slug":"curso-y-formacion-finlandia","status":"publish","type":"page","link":"https:\/\/blogsaverroes.juntadeandalucia.es\/ceipnuestrasenoradebelen\/erasmus\/proyecto-siguiente-nivel\/curso-y-formacion-finlandia\/","title":{"rendered":"CURSO Y FORMACI\u00d3N FINLANDIA"},"content":{"rendered":"<header class=\"entry-header\">\n<h1 class=\"entry-title\"><a href=\"https:\/\/www.infofinland.fi\/es\/education\/the-finnish-education-system\"><span style=\"font-family: Oswald, sans-serif;font-size: 36px;font-weight: 300\">EL SISTEMA EDUCATIVO FINLAND\u00c9S<\/span><\/a><\/h1>\n<\/header>\n<p>Erasmus+, un horizonte siempre repleto de nuevas oportunidades donde se puede tener, literalmente, la sensaci\u00f3n de tocar el cielo&#8230;<\/p>\n<div style=\"width: 1920px;\" class=\"wp-video\"><!--[if lt IE 9]><script>document.createElement('video');<\/script><![endif]-->\n<video class=\"wp-video-shortcode\" id=\"video-2562-1\" width=\"1920\" height=\"1080\" preload=\"metadata\" controls=\"controls\"><source type=\"video\/mp4\" src=\"https:\/\/blogsaverroes.juntadeandalucia.es\/ceipnuestrasenoradebelen\/files\/2023\/08\/MOVILIDAD-FINLANDIA.mp4?_=1\" \/><a href=\"https:\/\/blogsaverroes.juntadeandalucia.es\/ceipnuestrasenoradebelen\/files\/2023\/08\/MOVILIDAD-FINLANDIA.mp4\">https:\/\/blogsaverroes.juntadeandalucia.es\/ceipnuestrasenoradebelen\/files\/2023\/08\/MOVILIDAD-FINLANDIA.mp4<\/a><\/video><\/div>\n<p>&nbsp;<\/p>\n<p>As\u00ed, nuestra segunda aventura europea en el programa&nbsp;<a class=\"x1i10hfl xjbqb8w x6umtig x1b1mbwd xaqea5y xav7gou x9f619 x1ypdohk xt0psk2 xe8uvvx xdj266r x11i5rnm xat24cr x1mh8g0r xexx8yu x4uap5 x18d9i69 xkhd6sd x16tdsg8 x1hl2dhg xggy1nq x1a2a7pz notranslate _a6hd\" role=\"link\" href=\"https:\/\/www.instagram.com\/erasmusplus.eu\/\">@erasmusplus.eu<\/a>&nbsp;nos ha llevado a&nbsp;<a class=\"x1i10hfl xjbqb8w x6umtig x1b1mbwd xaqea5y xav7gou x9f619 x1ypdohk xt0psk2 xe8uvvx xdj266r x11i5rnm xat24cr x1mh8g0r xexx8yu x4uap5 x18d9i69 xkhd6sd x16tdsg8 x1hl2dhg xggy1nq x1a2a7pz _aa9_ _a6hd\" role=\"link\" href=\"https:\/\/www.instagram.com\/explore\/tags\/helsinki\/\">#Helsinki<\/a>, capital de&nbsp;<a class=\"x1i10hfl xjbqb8w x6umtig x1b1mbwd xaqea5y xav7gou x9f619 x1ypdohk xt0psk2 xe8uvvx xdj266r x11i5rnm xat24cr x1mh8g0r xexx8yu x4uap5 x18d9i69 xkhd6sd x16tdsg8 x1hl2dhg xggy1nq x1a2a7pz _aa9_ _a6hd\" role=\"link\" href=\"https:\/\/www.instagram.com\/explore\/tags\/finlandia\/\">#Finlandia<\/a>, para conocer los secretos detr\u00e1s del \u00e9xito del sistema educativo finland\u00e9s, descubriendo, compartiendo, intercambiando y experimentando.<\/p>\n<p>Entre las actividades educativas desarrolladas m\u00e1s significativas, se\u00f1alamos las que siguen:<\/p>\n<ul>\n<li>\u00abPrograma cultural: Un viaje por Europa\u00bb para que los participantes nos conozcamos un poco m\u00e1s hablando y disfrutando de comidas y bebidas juntos.<\/li>\n<\/ul>\n<p><a href=\"https:\/\/blogsaverroes.juntadeandalucia.es\/ceipnuestrasenoradebelen\/biblioteca-escolar\/proyecto-siguiente-nivel\/curso-y-formacion-finlandia\/whatsapp-image-2023-05-21-at-10-53-39-2\/\" rel=\"attachment wp-att-2953\"><img loading=\"lazy\" decoding=\"async\" class=\"alignnone size-medium wp-image-2953\" src=\"https:\/\/blogsaverroes.juntadeandalucia.es\/ceipnuestrasenoradebelen\/files\/2023\/08\/WhatsApp-Image-2023-05-21-at-10.53.39-1-300x225.jpeg\" alt=\"\" width=\"300\" height=\"225\" srcset=\"https:\/\/blogsaverroes.juntadeandalucia.es\/ceipnuestrasenoradebelen\/files\/2023\/08\/WhatsApp-Image-2023-05-21-at-10.53.39-1-300x225.jpeg 300w, https:\/\/blogsaverroes.juntadeandalucia.es\/ceipnuestrasenoradebelen\/files\/2023\/08\/WhatsApp-Image-2023-05-21-at-10.53.39-1-768x576.jpeg 768w, https:\/\/blogsaverroes.juntadeandalucia.es\/ceipnuestrasenoradebelen\/files\/2023\/08\/WhatsApp-Image-2023-05-21-at-10.53.39-1-700x525.jpeg 700w, https:\/\/blogsaverroes.juntadeandalucia.es\/ceipnuestrasenoradebelen\/files\/2023\/08\/WhatsApp-Image-2023-05-21-at-10.53.39-1.jpeg 1024w\" sizes=\"(max-width: 300px) 100vw, 300px\" \/><\/a><a href=\"https:\/\/blogsaverroes.juntadeandalucia.es\/ceipnuestrasenoradebelen\/biblioteca-escolar\/proyecto-siguiente-nivel\/curso-y-formacion-finlandia\/whatsapp-image-2023-05-21-at-10-52-23-4\/\" rel=\"attachment wp-att-2952\"><img loading=\"lazy\" decoding=\"async\" class=\"alignnone size-medium wp-image-2952\" src=\"https:\/\/blogsaverroes.juntadeandalucia.es\/ceipnuestrasenoradebelen\/files\/2023\/08\/WhatsApp-Image-2023-05-21-at-10.52.23-4-300x225.jpeg\" alt=\"\" width=\"300\" height=\"225\" srcset=\"https:\/\/blogsaverroes.juntadeandalucia.es\/ceipnuestrasenoradebelen\/files\/2023\/08\/WhatsApp-Image-2023-05-21-at-10.52.23-4-300x225.jpeg 300w, https:\/\/blogsaverroes.juntadeandalucia.es\/ceipnuestrasenoradebelen\/files\/2023\/08\/WhatsApp-Image-2023-05-21-at-10.52.23-4-1024x768.jpeg 1024w, https:\/\/blogsaverroes.juntadeandalucia.es\/ceipnuestrasenoradebelen\/files\/2023\/08\/WhatsApp-Image-2023-05-21-at-10.52.23-4-768x576.jpeg 768w, https:\/\/blogsaverroes.juntadeandalucia.es\/ceipnuestrasenoradebelen\/files\/2023\/08\/WhatsApp-Image-2023-05-21-at-10.52.23-4-1536x1152.jpeg 1536w, https:\/\/blogsaverroes.juntadeandalucia.es\/ceipnuestrasenoradebelen\/files\/2023\/08\/WhatsApp-Image-2023-05-21-at-10.52.23-4-700x525.jpeg 700w, https:\/\/blogsaverroes.juntadeandalucia.es\/ceipnuestrasenoradebelen\/files\/2023\/08\/WhatsApp-Image-2023-05-21-at-10.52.23-4.jpeg 1600w\" sizes=\"(max-width: 300px) 100vw, 300px\" \/><\/a><a href=\"https:\/\/blogsaverroes.juntadeandalucia.es\/ceipnuestrasenoradebelen\/biblioteca-escolar\/proyecto-siguiente-nivel\/curso-y-formacion-finlandia\/whatsapp-image-2023-05-21-at-10-52-22-2\/\" rel=\"attachment wp-att-2950\"><img loading=\"lazy\" decoding=\"async\" class=\"alignnone size-medium wp-image-2950\" src=\"https:\/\/blogsaverroes.juntadeandalucia.es\/ceipnuestrasenoradebelen\/files\/2023\/08\/WhatsApp-Image-2023-05-21-at-10.52.22-2-225x300.jpeg\" alt=\"\" width=\"225\" height=\"300\" srcset=\"https:\/\/blogsaverroes.juntadeandalucia.es\/ceipnuestrasenoradebelen\/files\/2023\/08\/WhatsApp-Image-2023-05-21-at-10.52.22-2-225x300.jpeg 225w, https:\/\/blogsaverroes.juntadeandalucia.es\/ceipnuestrasenoradebelen\/files\/2023\/08\/WhatsApp-Image-2023-05-21-at-10.52.22-2-768x1024.jpeg 768w, https:\/\/blogsaverroes.juntadeandalucia.es\/ceipnuestrasenoradebelen\/files\/2023\/08\/WhatsApp-Image-2023-05-21-at-10.52.22-2-1152x1536.jpeg 1152w, https:\/\/blogsaverroes.juntadeandalucia.es\/ceipnuestrasenoradebelen\/files\/2023\/08\/WhatsApp-Image-2023-05-21-at-10.52.22-2-700x933.jpeg 700w, https:\/\/blogsaverroes.juntadeandalucia.es\/ceipnuestrasenoradebelen\/files\/2023\/08\/WhatsApp-Image-2023-05-21-at-10.52.22-2.jpeg 1200w\" sizes=\"(max-width: 225px) 100vw, 225px\" \/><\/a><img loading=\"lazy\" decoding=\"async\" class=\"alignnone size-medium wp-image-2949\" src=\"https:\/\/blogsaverroes.juntadeandalucia.es\/ceipnuestrasenoradebelen\/files\/2023\/08\/WhatsApp-Image-2023-05-21-at-10.52.22-1-1-300x225.jpeg\" alt=\"\" width=\"300\" height=\"225\" srcset=\"https:\/\/blogsaverroes.juntadeandalucia.es\/ceipnuestrasenoradebelen\/files\/2023\/08\/WhatsApp-Image-2023-05-21-at-10.52.22-1-1-300x225.jpeg 300w, https:\/\/blogsaverroes.juntadeandalucia.es\/ceipnuestrasenoradebelen\/files\/2023\/08\/WhatsApp-Image-2023-05-21-at-10.52.22-1-1-1024x768.jpeg 1024w, https:\/\/blogsaverroes.juntadeandalucia.es\/ceipnuestrasenoradebelen\/files\/2023\/08\/WhatsApp-Image-2023-05-21-at-10.52.22-1-1-768x576.jpeg 768w, https:\/\/blogsaverroes.juntadeandalucia.es\/ceipnuestrasenoradebelen\/files\/2023\/08\/WhatsApp-Image-2023-05-21-at-10.52.22-1-1-1536x1152.jpeg 1536w, https:\/\/blogsaverroes.juntadeandalucia.es\/ceipnuestrasenoradebelen\/files\/2023\/08\/WhatsApp-Image-2023-05-21-at-10.52.22-1-1-700x525.jpeg 700w, https:\/\/blogsaverroes.juntadeandalucia.es\/ceipnuestrasenoradebelen\/files\/2023\/08\/WhatsApp-Image-2023-05-21-at-10.52.22-1-1.jpeg 1600w\" sizes=\"(max-width: 300px) 100vw, 300px\" \/> <img loading=\"lazy\" decoding=\"async\" class=\"alignnone size-medium wp-image-2954\" src=\"https:\/\/blogsaverroes.juntadeandalucia.es\/ceipnuestrasenoradebelen\/files\/2023\/08\/WhatsApp-Image-2023-05-21-at-10.57.23-1-300x225.jpeg\" alt=\"\" width=\"300\" height=\"225\" srcset=\"https:\/\/blogsaverroes.juntadeandalucia.es\/ceipnuestrasenoradebelen\/files\/2023\/08\/WhatsApp-Image-2023-05-21-at-10.57.23-1-300x225.jpeg 300w, https:\/\/blogsaverroes.juntadeandalucia.es\/ceipnuestrasenoradebelen\/files\/2023\/08\/WhatsApp-Image-2023-05-21-at-10.57.23-1-1024x768.jpeg 1024w, https:\/\/blogsaverroes.juntadeandalucia.es\/ceipnuestrasenoradebelen\/files\/2023\/08\/WhatsApp-Image-2023-05-21-at-10.57.23-1-768x576.jpeg 768w, https:\/\/blogsaverroes.juntadeandalucia.es\/ceipnuestrasenoradebelen\/files\/2023\/08\/WhatsApp-Image-2023-05-21-at-10.57.23-1-1536x1152.jpeg 1536w, https:\/\/blogsaverroes.juntadeandalucia.es\/ceipnuestrasenoradebelen\/files\/2023\/08\/WhatsApp-Image-2023-05-21-at-10.57.23-1-700x525.jpeg 700w, https:\/\/blogsaverroes.juntadeandalucia.es\/ceipnuestrasenoradebelen\/files\/2023\/08\/WhatsApp-Image-2023-05-21-at-10.57.23-1.jpeg 1600w\" sizes=\"(max-width: 300px) 100vw, 300px\" \/> <a href=\"https:\/\/blogsaverroes.juntadeandalucia.es\/ceipnuestrasenoradebelen\/biblioteca-escolar\/proyecto-siguiente-nivel\/curso-y-formacion-finlandia\/whatsapp-image-2023-05-21-at-10-57-23-2\/\" rel=\"attachment wp-att-2955\"><img loading=\"lazy\" decoding=\"async\" class=\"alignnone size-medium wp-image-2955\" src=\"https:\/\/blogsaverroes.juntadeandalucia.es\/ceipnuestrasenoradebelen\/files\/2023\/08\/WhatsApp-Image-2023-05-21-at-10.57.23-2-300x225.jpeg\" alt=\"\" width=\"300\" height=\"225\" srcset=\"https:\/\/blogsaverroes.juntadeandalucia.es\/ceipnuestrasenoradebelen\/files\/2023\/08\/WhatsApp-Image-2023-05-21-at-10.57.23-2-300x225.jpeg 300w, https:\/\/blogsaverroes.juntadeandalucia.es\/ceipnuestrasenoradebelen\/files\/2023\/08\/WhatsApp-Image-2023-05-21-at-10.57.23-2-1024x768.jpeg 1024w, https:\/\/blogsaverroes.juntadeandalucia.es\/ceipnuestrasenoradebelen\/files\/2023\/08\/WhatsApp-Image-2023-05-21-at-10.57.23-2-768x576.jpeg 768w, https:\/\/blogsaverroes.juntadeandalucia.es\/ceipnuestrasenoradebelen\/files\/2023\/08\/WhatsApp-Image-2023-05-21-at-10.57.23-2-1536x1152.jpeg 1536w, https:\/\/blogsaverroes.juntadeandalucia.es\/ceipnuestrasenoradebelen\/files\/2023\/08\/WhatsApp-Image-2023-05-21-at-10.57.23-2-700x525.jpeg 700w, https:\/\/blogsaverroes.juntadeandalucia.es\/ceipnuestrasenoradebelen\/files\/2023\/08\/WhatsApp-Image-2023-05-21-at-10.57.23-2.jpeg 1600w\" sizes=\"(max-width: 300px) 100vw, 300px\" \/><\/a><\/p>\n<ul>\n<li>Lecciones de finland\u00e9s.- Talleres de experto sobre el Sistema Educativo de Finlandia \u201cMenos es M\u00e1s\u00bb y de la correspondiente sesi\u00f3n de preguntas y respuestas y sobre \u00abLiderazgo pedag\u00f3gico, coaching e innovaci\u00f3n en las escuelas finlandesas\u00bb.<\/li>\n<\/ul>\n<p><a href=\"https:\/\/blogsaverroes.juntadeandalucia.es\/ceipnuestrasenoradebelen\/biblioteca-escolar\/proyecto-siguiente-nivel\/curso-y-formacion-finlandia\/whatsapp-image-2023-05-21-at-10-53-44\/\" rel=\"attachment wp-att-2958\"><img loading=\"lazy\" decoding=\"async\" class=\"alignnone size-medium wp-image-2958\" src=\"https:\/\/blogsaverroes.juntadeandalucia.es\/ceipnuestrasenoradebelen\/files\/2023\/08\/WhatsApp-Image-2023-05-21-at-10.53.44-300x225.jpeg\" alt=\"\" width=\"300\" height=\"225\" srcset=\"https:\/\/blogsaverroes.juntadeandalucia.es\/ceipnuestrasenoradebelen\/files\/2023\/08\/WhatsApp-Image-2023-05-21-at-10.53.44-300x225.jpeg 300w, https:\/\/blogsaverroes.juntadeandalucia.es\/ceipnuestrasenoradebelen\/files\/2023\/08\/WhatsApp-Image-2023-05-21-at-10.53.44-1024x768.jpeg 1024w, https:\/\/blogsaverroes.juntadeandalucia.es\/ceipnuestrasenoradebelen\/files\/2023\/08\/WhatsApp-Image-2023-05-21-at-10.53.44-768x576.jpeg 768w, https:\/\/blogsaverroes.juntadeandalucia.es\/ceipnuestrasenoradebelen\/files\/2023\/08\/WhatsApp-Image-2023-05-21-at-10.53.44-1536x1152.jpeg 1536w, https:\/\/blogsaverroes.juntadeandalucia.es\/ceipnuestrasenoradebelen\/files\/2023\/08\/WhatsApp-Image-2023-05-21-at-10.53.44-700x525.jpeg 700w, https:\/\/blogsaverroes.juntadeandalucia.es\/ceipnuestrasenoradebelen\/files\/2023\/08\/WhatsApp-Image-2023-05-21-at-10.53.44.jpeg 1600w\" sizes=\"(max-width: 300px) 100vw, 300px\" \/><\/a> <a href=\"https:\/\/blogsaverroes.juntadeandalucia.es\/ceipnuestrasenoradebelen\/biblioteca-escolar\/proyecto-siguiente-nivel\/curso-y-formacion-finlandia\/whatsapp-image-2023-05-21-at-10-54-12\/\" rel=\"attachment wp-att-2960\"><img loading=\"lazy\" decoding=\"async\" class=\"alignnone size-medium wp-image-2960\" src=\"https:\/\/blogsaverroes.juntadeandalucia.es\/ceipnuestrasenoradebelen\/files\/2023\/08\/WhatsApp-Image-2023-05-21-at-10.54.12-300x225.jpeg\" alt=\"\" width=\"300\" height=\"225\" srcset=\"https:\/\/blogsaverroes.juntadeandalucia.es\/ceipnuestrasenoradebelen\/files\/2023\/08\/WhatsApp-Image-2023-05-21-at-10.54.12-300x225.jpeg 300w, https:\/\/blogsaverroes.juntadeandalucia.es\/ceipnuestrasenoradebelen\/files\/2023\/08\/WhatsApp-Image-2023-05-21-at-10.54.12-1024x768.jpeg 1024w, https:\/\/blogsaverroes.juntadeandalucia.es\/ceipnuestrasenoradebelen\/files\/2023\/08\/WhatsApp-Image-2023-05-21-at-10.54.12-768x576.jpeg 768w, https:\/\/blogsaverroes.juntadeandalucia.es\/ceipnuestrasenoradebelen\/files\/2023\/08\/WhatsApp-Image-2023-05-21-at-10.54.12-1536x1152.jpeg 1536w, https:\/\/blogsaverroes.juntadeandalucia.es\/ceipnuestrasenoradebelen\/files\/2023\/08\/WhatsApp-Image-2023-05-21-at-10.54.12-700x525.jpeg 700w, https:\/\/blogsaverroes.juntadeandalucia.es\/ceipnuestrasenoradebelen\/files\/2023\/08\/WhatsApp-Image-2023-05-21-at-10.54.12.jpeg 1600w\" sizes=\"(max-width: 300px) 100vw, 300px\" \/><\/a><\/p>\n<ul>\n<li>\u00abMercado de mejores pr\u00e1cticas\u00bb para compartir con colegas europeos reflexiones sobre los maestros como agentes de cambio (\u00bfC\u00f3mo combate el agotamiento y se mantiene motivado? \u00bfC\u00f3mo compartes la responsabilidad del aprendizaje? \u00bfC\u00f3mo motivas y empoderar a sus estudiantes? \u00bfC\u00f3mo implementas la alegr\u00eda de aprender?).<\/li>\n<\/ul>\n<p><a href=\"https:\/\/blogsaverroes.juntadeandalucia.es\/ceipnuestrasenoradebelen\/biblioteca-escolar\/proyecto-siguiente-nivel\/curso-y-formacion-finlandia\/whatsapp-image-2023-05-21-at-10-56-39-3\/\" rel=\"attachment wp-att-2963\"><img loading=\"lazy\" decoding=\"async\" class=\"alignnone size-medium wp-image-2963\" src=\"https:\/\/blogsaverroes.juntadeandalucia.es\/ceipnuestrasenoradebelen\/files\/2023\/08\/WhatsApp-Image-2023-05-21-at-10.56.39-3-300x300.jpeg\" alt=\"\" width=\"300\" height=\"300\" srcset=\"https:\/\/blogsaverroes.juntadeandalucia.es\/ceipnuestrasenoradebelen\/files\/2023\/08\/WhatsApp-Image-2023-05-21-at-10.56.39-3-300x300.jpeg 300w, https:\/\/blogsaverroes.juntadeandalucia.es\/ceipnuestrasenoradebelen\/files\/2023\/08\/WhatsApp-Image-2023-05-21-at-10.56.39-3.jpeg 1024w, https:\/\/blogsaverroes.juntadeandalucia.es\/ceipnuestrasenoradebelen\/files\/2023\/08\/WhatsApp-Image-2023-05-21-at-10.56.39-3-150x150.jpeg 150w, https:\/\/blogsaverroes.juntadeandalucia.es\/ceipnuestrasenoradebelen\/files\/2023\/08\/WhatsApp-Image-2023-05-21-at-10.56.39-3-768x768.jpeg 768w, https:\/\/blogsaverroes.juntadeandalucia.es\/ceipnuestrasenoradebelen\/files\/2023\/08\/WhatsApp-Image-2023-05-21-at-10.56.39-3-432x432.jpeg 432w, https:\/\/blogsaverroes.juntadeandalucia.es\/ceipnuestrasenoradebelen\/files\/2023\/08\/WhatsApp-Image-2023-05-21-at-10.56.39-3-268x268.jpeg 268w, https:\/\/blogsaverroes.juntadeandalucia.es\/ceipnuestrasenoradebelen\/files\/2023\/08\/WhatsApp-Image-2023-05-21-at-10.56.39-3-700x700.jpeg 700w\" sizes=\"(max-width: 300px) 100vw, 300px\" \/><\/a> <a href=\"https:\/\/blogsaverroes.juntadeandalucia.es\/ceipnuestrasenoradebelen\/biblioteca-escolar\/proyecto-siguiente-nivel\/curso-y-formacion-finlandia\/whatsapp-image-2023-05-21-at-10-56-39-4\/\" rel=\"attachment wp-att-2964\"><img loading=\"lazy\" decoding=\"async\" class=\"alignnone size-medium wp-image-2964\" src=\"https:\/\/blogsaverroes.juntadeandalucia.es\/ceipnuestrasenoradebelen\/files\/2023\/08\/WhatsApp-Image-2023-05-21-at-10.56.39-4-300x300.jpeg\" alt=\"\" width=\"300\" height=\"300\" srcset=\"https:\/\/blogsaverroes.juntadeandalucia.es\/ceipnuestrasenoradebelen\/files\/2023\/08\/WhatsApp-Image-2023-05-21-at-10.56.39-4-300x300.jpeg 300w, https:\/\/blogsaverroes.juntadeandalucia.es\/ceipnuestrasenoradebelen\/files\/2023\/08\/WhatsApp-Image-2023-05-21-at-10.56.39-4.jpeg 1024w, https:\/\/blogsaverroes.juntadeandalucia.es\/ceipnuestrasenoradebelen\/files\/2023\/08\/WhatsApp-Image-2023-05-21-at-10.56.39-4-150x150.jpeg 150w, https:\/\/blogsaverroes.juntadeandalucia.es\/ceipnuestrasenoradebelen\/files\/2023\/08\/WhatsApp-Image-2023-05-21-at-10.56.39-4-768x768.jpeg 768w, https:\/\/blogsaverroes.juntadeandalucia.es\/ceipnuestrasenoradebelen\/files\/2023\/08\/WhatsApp-Image-2023-05-21-at-10.56.39-4-432x432.jpeg 432w, https:\/\/blogsaverroes.juntadeandalucia.es\/ceipnuestrasenoradebelen\/files\/2023\/08\/WhatsApp-Image-2023-05-21-at-10.56.39-4-268x268.jpeg 268w, https:\/\/blogsaverroes.juntadeandalucia.es\/ceipnuestrasenoradebelen\/files\/2023\/08\/WhatsApp-Image-2023-05-21-at-10.56.39-4-700x700.jpeg 700w\" sizes=\"(max-width: 300px) 100vw, 300px\" \/><\/a><\/p>\n<ul>\n<li>Visita a escuelas en la regi\u00f3n de la capital de Helsinki que incluyen: una bienvenida, clases de observaci\u00f3n, recorrido por los centros educativos y discusi\u00f3n con la direcci\u00f3n, los maestros y maestras y los estudiantes sobre la vida cotidiana en una escuela finlandesa, intercambiando preguntas y respuestas.<\/li>\n<\/ul>\n<p><a href=\"https:\/\/blogsaverroes.juntadeandalucia.es\/ceipnuestrasenoradebelen\/biblioteca-escolar\/proyecto-siguiente-nivel\/curso-y-formacion-finlandia\/whatsapp-image-2023-07-14-at-18-16-44\/\" rel=\"attachment wp-att-2922\"><img loading=\"lazy\" decoding=\"async\" class=\"alignnone size-medium wp-image-2922\" src=\"https:\/\/blogsaverroes.juntadeandalucia.es\/ceipnuestrasenoradebelen\/files\/2023\/08\/WhatsApp-Image-2023-07-14-at-18.16.44-225x300.jpeg\" alt=\"\" width=\"225\" height=\"300\" srcset=\"https:\/\/blogsaverroes.juntadeandalucia.es\/ceipnuestrasenoradebelen\/files\/2023\/08\/WhatsApp-Image-2023-07-14-at-18.16.44-225x300.jpeg 225w, https:\/\/blogsaverroes.juntadeandalucia.es\/ceipnuestrasenoradebelen\/files\/2023\/08\/WhatsApp-Image-2023-07-14-at-18.16.44-768x1024.jpeg 768w, https:\/\/blogsaverroes.juntadeandalucia.es\/ceipnuestrasenoradebelen\/files\/2023\/08\/WhatsApp-Image-2023-07-14-at-18.16.44-1152x1536.jpeg 1152w, https:\/\/blogsaverroes.juntadeandalucia.es\/ceipnuestrasenoradebelen\/files\/2023\/08\/WhatsApp-Image-2023-07-14-at-18.16.44-700x933.jpeg 700w, https:\/\/blogsaverroes.juntadeandalucia.es\/ceipnuestrasenoradebelen\/files\/2023\/08\/WhatsApp-Image-2023-07-14-at-18.16.44.jpeg 1200w\" sizes=\"(max-width: 225px) 100vw, 225px\" \/><\/a><a href=\"https:\/\/blogsaverroes.juntadeandalucia.es\/ceipnuestrasenoradebelen\/biblioteca-escolar\/proyecto-siguiente-nivel\/curso-y-formacion-finlandia\/whatsapp-image-2023-07-14-at-18-16-44-3\/\" rel=\"attachment wp-att-2918\"><img loading=\"lazy\" decoding=\"async\" class=\"alignnone size-medium wp-image-2918\" src=\"https:\/\/blogsaverroes.juntadeandalucia.es\/ceipnuestrasenoradebelen\/files\/2023\/08\/WhatsApp-Image-2023-07-14-at-18.16.44-3-225x300.jpeg\" alt=\"\" width=\"225\" height=\"300\" srcset=\"https:\/\/blogsaverroes.juntadeandalucia.es\/ceipnuestrasenoradebelen\/files\/2023\/08\/WhatsApp-Image-2023-07-14-at-18.16.44-3-225x300.jpeg 225w, https:\/\/blogsaverroes.juntadeandalucia.es\/ceipnuestrasenoradebelen\/files\/2023\/08\/WhatsApp-Image-2023-07-14-at-18.16.44-3-768x1024.jpeg 768w, https:\/\/blogsaverroes.juntadeandalucia.es\/ceipnuestrasenoradebelen\/files\/2023\/08\/WhatsApp-Image-2023-07-14-at-18.16.44-3-1152x1536.jpeg 1152w, https:\/\/blogsaverroes.juntadeandalucia.es\/ceipnuestrasenoradebelen\/files\/2023\/08\/WhatsApp-Image-2023-07-14-at-18.16.44-3-700x933.jpeg 700w, https:\/\/blogsaverroes.juntadeandalucia.es\/ceipnuestrasenoradebelen\/files\/2023\/08\/WhatsApp-Image-2023-07-14-at-18.16.44-3.jpeg 1200w\" sizes=\"(max-width: 225px) 100vw, 225px\" \/><\/a><a href=\"https:\/\/blogsaverroes.juntadeandalucia.es\/ceipnuestrasenoradebelen\/biblioteca-escolar\/proyecto-siguiente-nivel\/curso-y-formacion-finlandia\/whatsapp-image-2023-07-14-at-18-16-44-2\/\" rel=\"attachment wp-att-2917\"><img loading=\"lazy\" decoding=\"async\" class=\"alignnone size-medium wp-image-2917\" src=\"https:\/\/blogsaverroes.juntadeandalucia.es\/ceipnuestrasenoradebelen\/files\/2023\/08\/WhatsApp-Image-2023-07-14-at-18.16.44-2-300x225.jpeg\" alt=\"\" width=\"300\" height=\"225\" srcset=\"https:\/\/blogsaverroes.juntadeandalucia.es\/ceipnuestrasenoradebelen\/files\/2023\/08\/WhatsApp-Image-2023-07-14-at-18.16.44-2-300x225.jpeg 300w, https:\/\/blogsaverroes.juntadeandalucia.es\/ceipnuestrasenoradebelen\/files\/2023\/08\/WhatsApp-Image-2023-07-14-at-18.16.44-2-1024x768.jpeg 1024w, https:\/\/blogsaverroes.juntadeandalucia.es\/ceipnuestrasenoradebelen\/files\/2023\/08\/WhatsApp-Image-2023-07-14-at-18.16.44-2-768x576.jpeg 768w, https:\/\/blogsaverroes.juntadeandalucia.es\/ceipnuestrasenoradebelen\/files\/2023\/08\/WhatsApp-Image-2023-07-14-at-18.16.44-2-1536x1152.jpeg 1536w, https:\/\/blogsaverroes.juntadeandalucia.es\/ceipnuestrasenoradebelen\/files\/2023\/08\/WhatsApp-Image-2023-07-14-at-18.16.44-2-700x525.jpeg 700w, https:\/\/blogsaverroes.juntadeandalucia.es\/ceipnuestrasenoradebelen\/files\/2023\/08\/WhatsApp-Image-2023-07-14-at-18.16.44-2.jpeg 1600w\" sizes=\"(max-width: 300px) 100vw, 300px\" \/><\/a> <a href=\"https:\/\/blogsaverroes.juntadeandalucia.es\/ceipnuestrasenoradebelen\/biblioteca-escolar\/proyecto-siguiente-nivel\/curso-y-formacion-finlandia\/whatsapp-image-2023-07-14-at-18-16-44-4\/\" rel=\"attachment wp-att-2919\"><img loading=\"lazy\" decoding=\"async\" class=\"alignnone size-medium wp-image-2919\" src=\"https:\/\/blogsaverroes.juntadeandalucia.es\/ceipnuestrasenoradebelen\/files\/2023\/08\/WhatsApp-Image-2023-07-14-at-18.16.44-4-300x225.jpeg\" alt=\"\" width=\"300\" height=\"225\" srcset=\"https:\/\/blogsaverroes.juntadeandalucia.es\/ceipnuestrasenoradebelen\/files\/2023\/08\/WhatsApp-Image-2023-07-14-at-18.16.44-4-300x225.jpeg 300w, https:\/\/blogsaverroes.juntadeandalucia.es\/ceipnuestrasenoradebelen\/files\/2023\/08\/WhatsApp-Image-2023-07-14-at-18.16.44-4-1024x768.jpeg 1024w, https:\/\/blogsaverroes.juntadeandalucia.es\/ceipnuestrasenoradebelen\/files\/2023\/08\/WhatsApp-Image-2023-07-14-at-18.16.44-4-768x576.jpeg 768w, https:\/\/blogsaverroes.juntadeandalucia.es\/ceipnuestrasenoradebelen\/files\/2023\/08\/WhatsApp-Image-2023-07-14-at-18.16.44-4-1536x1152.jpeg 1536w, https:\/\/blogsaverroes.juntadeandalucia.es\/ceipnuestrasenoradebelen\/files\/2023\/08\/WhatsApp-Image-2023-07-14-at-18.16.44-4-700x525.jpeg 700w, https:\/\/blogsaverroes.juntadeandalucia.es\/ceipnuestrasenoradebelen\/files\/2023\/08\/WhatsApp-Image-2023-07-14-at-18.16.44-4.jpeg 1600w\" sizes=\"(max-width: 300px) 100vw, 300px\" \/><\/a> <a href=\"https:\/\/blogsaverroes.juntadeandalucia.es\/ceipnuestrasenoradebelen\/biblioteca-escolar\/proyecto-siguiente-nivel\/curso-y-formacion-finlandia\/whatsapp-image-2023-07-14-at-18-16-44-5\/\" rel=\"attachment wp-att-2920\"><img loading=\"lazy\" decoding=\"async\" class=\"alignnone size-medium wp-image-2920\" src=\"https:\/\/blogsaverroes.juntadeandalucia.es\/ceipnuestrasenoradebelen\/files\/2023\/08\/WhatsApp-Image-2023-07-14-at-18.16.44-5-225x300.jpeg\" alt=\"\" width=\"225\" height=\"300\" srcset=\"https:\/\/blogsaverroes.juntadeandalucia.es\/ceipnuestrasenoradebelen\/files\/2023\/08\/WhatsApp-Image-2023-07-14-at-18.16.44-5-225x300.jpeg 225w, https:\/\/blogsaverroes.juntadeandalucia.es\/ceipnuestrasenoradebelen\/files\/2023\/08\/WhatsApp-Image-2023-07-14-at-18.16.44-5-768x1024.jpeg 768w, https:\/\/blogsaverroes.juntadeandalucia.es\/ceipnuestrasenoradebelen\/files\/2023\/08\/WhatsApp-Image-2023-07-14-at-18.16.44-5-1152x1536.jpeg 1152w, https:\/\/blogsaverroes.juntadeandalucia.es\/ceipnuestrasenoradebelen\/files\/2023\/08\/WhatsApp-Image-2023-07-14-at-18.16.44-5-700x933.jpeg 700w, https:\/\/blogsaverroes.juntadeandalucia.es\/ceipnuestrasenoradebelen\/files\/2023\/08\/WhatsApp-Image-2023-07-14-at-18.16.44-5.jpeg 1200w\" sizes=\"(max-width: 225px) 100vw, 225px\" \/><\/a> <a href=\"https:\/\/blogsaverroes.juntadeandalucia.es\/ceipnuestrasenoradebelen\/biblioteca-escolar\/proyecto-siguiente-nivel\/curso-y-formacion-finlandia\/whatsapp-image-2023-07-14-at-18-16-45-4\/\" rel=\"attachment wp-att-2926\"><img loading=\"lazy\" decoding=\"async\" class=\"alignnone size-medium wp-image-2926\" src=\"https:\/\/blogsaverroes.juntadeandalucia.es\/ceipnuestrasenoradebelen\/files\/2023\/08\/WhatsApp-Image-2023-07-14-at-18.16.45-4-225x300.jpeg\" alt=\"\" width=\"225\" height=\"300\" srcset=\"https:\/\/blogsaverroes.juntadeandalucia.es\/ceipnuestrasenoradebelen\/files\/2023\/08\/WhatsApp-Image-2023-07-14-at-18.16.45-4-225x300.jpeg 225w, https:\/\/blogsaverroes.juntadeandalucia.es\/ceipnuestrasenoradebelen\/files\/2023\/08\/WhatsApp-Image-2023-07-14-at-18.16.45-4-768x1024.jpeg 768w, https:\/\/blogsaverroes.juntadeandalucia.es\/ceipnuestrasenoradebelen\/files\/2023\/08\/WhatsApp-Image-2023-07-14-at-18.16.45-4-1152x1536.jpeg 1152w, https:\/\/blogsaverroes.juntadeandalucia.es\/ceipnuestrasenoradebelen\/files\/2023\/08\/WhatsApp-Image-2023-07-14-at-18.16.45-4-700x933.jpeg 700w, https:\/\/blogsaverroes.juntadeandalucia.es\/ceipnuestrasenoradebelen\/files\/2023\/08\/WhatsApp-Image-2023-07-14-at-18.16.45-4.jpeg 1200w\" sizes=\"(max-width: 225px) 100vw, 225px\" \/><\/a><a href=\"https:\/\/blogsaverroes.juntadeandalucia.es\/ceipnuestrasenoradebelen\/biblioteca-escolar\/proyecto-siguiente-nivel\/curso-y-formacion-finlandia\/whatsapp-image-2023-07-14-at-18-16-47-4\/\" rel=\"attachment wp-att-2937\"><img loading=\"lazy\" decoding=\"async\" class=\"alignnone size-medium wp-image-2937\" src=\"https:\/\/blogsaverroes.juntadeandalucia.es\/ceipnuestrasenoradebelen\/files\/2023\/08\/WhatsApp-Image-2023-07-14-at-18.16.47-4-300x225.jpeg\" alt=\"\" width=\"300\" height=\"225\" srcset=\"https:\/\/blogsaverroes.juntadeandalucia.es\/ceipnuestrasenoradebelen\/files\/2023\/08\/WhatsApp-Image-2023-07-14-at-18.16.47-4-300x225.jpeg 300w, https:\/\/blogsaverroes.juntadeandalucia.es\/ceipnuestrasenoradebelen\/files\/2023\/08\/WhatsApp-Image-2023-07-14-at-18.16.47-4-768x576.jpeg 768w, https:\/\/blogsaverroes.juntadeandalucia.es\/ceipnuestrasenoradebelen\/files\/2023\/08\/WhatsApp-Image-2023-07-14-at-18.16.47-4-700x525.jpeg 700w, https:\/\/blogsaverroes.juntadeandalucia.es\/ceipnuestrasenoradebelen\/files\/2023\/08\/WhatsApp-Image-2023-07-14-at-18.16.47-4.jpeg 1024w\" sizes=\"(max-width: 300px) 100vw, 300px\" \/><\/a><a href=\"https:\/\/blogsaverroes.juntadeandalucia.es\/ceipnuestrasenoradebelen\/biblioteca-escolar\/proyecto-siguiente-nivel\/curso-y-formacion-finlandia\/whatsapp-image-2023-07-14-at-18-16-44-6\/\" rel=\"attachment wp-att-2921\"><img loading=\"lazy\" decoding=\"async\" class=\"alignnone size-medium wp-image-2921\" src=\"https:\/\/blogsaverroes.juntadeandalucia.es\/ceipnuestrasenoradebelen\/files\/2023\/08\/WhatsApp-Image-2023-07-14-at-18.16.44-6-300x225.jpeg\" alt=\"\" width=\"300\" height=\"225\" srcset=\"https:\/\/blogsaverroes.juntadeandalucia.es\/ceipnuestrasenoradebelen\/files\/2023\/08\/WhatsApp-Image-2023-07-14-at-18.16.44-6-300x225.jpeg 300w, https:\/\/blogsaverroes.juntadeandalucia.es\/ceipnuestrasenoradebelen\/files\/2023\/08\/WhatsApp-Image-2023-07-14-at-18.16.44-6-1024x768.jpeg 1024w, https:\/\/blogsaverroes.juntadeandalucia.es\/ceipnuestrasenoradebelen\/files\/2023\/08\/WhatsApp-Image-2023-07-14-at-18.16.44-6-768x576.jpeg 768w, https:\/\/blogsaverroes.juntadeandalucia.es\/ceipnuestrasenoradebelen\/files\/2023\/08\/WhatsApp-Image-2023-07-14-at-18.16.44-6-1536x1152.jpeg 1536w, https:\/\/blogsaverroes.juntadeandalucia.es\/ceipnuestrasenoradebelen\/files\/2023\/08\/WhatsApp-Image-2023-07-14-at-18.16.44-6-700x525.jpeg 700w, https:\/\/blogsaverroes.juntadeandalucia.es\/ceipnuestrasenoradebelen\/files\/2023\/08\/WhatsApp-Image-2023-07-14-at-18.16.44-6.jpeg 1600w\" sizes=\"(max-width: 300px) 100vw, 300px\" \/><\/a> <a href=\"https:\/\/blogsaverroes.juntadeandalucia.es\/ceipnuestrasenoradebelen\/biblioteca-escolar\/proyecto-siguiente-nivel\/curso-y-formacion-finlandia\/whatsapp-image-2023-07-14-at-18-16-45-1\/\" rel=\"attachment wp-att-2923\"><img loading=\"lazy\" decoding=\"async\" class=\"alignnone size-medium wp-image-2923\" src=\"https:\/\/blogsaverroes.juntadeandalucia.es\/ceipnuestrasenoradebelen\/files\/2023\/08\/WhatsApp-Image-2023-07-14-at-18.16.45-1-300x225.jpeg\" alt=\"\" width=\"300\" height=\"225\" srcset=\"https:\/\/blogsaverroes.juntadeandalucia.es\/ceipnuestrasenoradebelen\/files\/2023\/08\/WhatsApp-Image-2023-07-14-at-18.16.45-1-300x225.jpeg 300w, https:\/\/blogsaverroes.juntadeandalucia.es\/ceipnuestrasenoradebelen\/files\/2023\/08\/WhatsApp-Image-2023-07-14-at-18.16.45-1-1024x768.jpeg 1024w, https:\/\/blogsaverroes.juntadeandalucia.es\/ceipnuestrasenoradebelen\/files\/2023\/08\/WhatsApp-Image-2023-07-14-at-18.16.45-1-768x576.jpeg 768w, https:\/\/blogsaverroes.juntadeandalucia.es\/ceipnuestrasenoradebelen\/files\/2023\/08\/WhatsApp-Image-2023-07-14-at-18.16.45-1-1536x1152.jpeg 1536w, https:\/\/blogsaverroes.juntadeandalucia.es\/ceipnuestrasenoradebelen\/files\/2023\/08\/WhatsApp-Image-2023-07-14-at-18.16.45-1-700x525.jpeg 700w, https:\/\/blogsaverroes.juntadeandalucia.es\/ceipnuestrasenoradebelen\/files\/2023\/08\/WhatsApp-Image-2023-07-14-at-18.16.45-1.jpeg 1600w\" sizes=\"(max-width: 300px) 100vw, 300px\" \/><\/a> <a href=\"https:\/\/blogsaverroes.juntadeandalucia.es\/ceipnuestrasenoradebelen\/biblioteca-escolar\/proyecto-siguiente-nivel\/curso-y-formacion-finlandia\/whatsapp-image-2023-07-14-at-18-16-45-2\/\" rel=\"attachment wp-att-2924\"><img loading=\"lazy\" decoding=\"async\" class=\"alignnone size-medium wp-image-2924\" src=\"https:\/\/blogsaverroes.juntadeandalucia.es\/ceipnuestrasenoradebelen\/files\/2023\/08\/WhatsApp-Image-2023-07-14-at-18.16.45-2-300x225.jpeg\" alt=\"\" width=\"300\" height=\"225\" srcset=\"https:\/\/blogsaverroes.juntadeandalucia.es\/ceipnuestrasenoradebelen\/files\/2023\/08\/WhatsApp-Image-2023-07-14-at-18.16.45-2-300x225.jpeg 300w, https:\/\/blogsaverroes.juntadeandalucia.es\/ceipnuestrasenoradebelen\/files\/2023\/08\/WhatsApp-Image-2023-07-14-at-18.16.45-2-1024x768.jpeg 1024w, https:\/\/blogsaverroes.juntadeandalucia.es\/ceipnuestrasenoradebelen\/files\/2023\/08\/WhatsApp-Image-2023-07-14-at-18.16.45-2-768x576.jpeg 768w, https:\/\/blogsaverroes.juntadeandalucia.es\/ceipnuestrasenoradebelen\/files\/2023\/08\/WhatsApp-Image-2023-07-14-at-18.16.45-2-1536x1152.jpeg 1536w, https:\/\/blogsaverroes.juntadeandalucia.es\/ceipnuestrasenoradebelen\/files\/2023\/08\/WhatsApp-Image-2023-07-14-at-18.16.45-2-700x525.jpeg 700w, https:\/\/blogsaverroes.juntadeandalucia.es\/ceipnuestrasenoradebelen\/files\/2023\/08\/WhatsApp-Image-2023-07-14-at-18.16.45-2.jpeg 1600w\" sizes=\"(max-width: 300px) 100vw, 300px\" \/><\/a> <a href=\"https:\/\/blogsaverroes.juntadeandalucia.es\/ceipnuestrasenoradebelen\/biblioteca-escolar\/proyecto-siguiente-nivel\/curso-y-formacion-finlandia\/whatsapp-image-2023-07-14-at-18-16-45-3\/\" rel=\"attachment wp-att-2925\"><img loading=\"lazy\" decoding=\"async\" class=\"alignnone size-medium wp-image-2925\" src=\"https:\/\/blogsaverroes.juntadeandalucia.es\/ceipnuestrasenoradebelen\/files\/2023\/08\/WhatsApp-Image-2023-07-14-at-18.16.45-3-300x225.jpeg\" alt=\"\" width=\"300\" height=\"225\" srcset=\"https:\/\/blogsaverroes.juntadeandalucia.es\/ceipnuestrasenoradebelen\/files\/2023\/08\/WhatsApp-Image-2023-07-14-at-18.16.45-3-300x225.jpeg 300w, https:\/\/blogsaverroes.juntadeandalucia.es\/ceipnuestrasenoradebelen\/files\/2023\/08\/WhatsApp-Image-2023-07-14-at-18.16.45-3-1024x768.jpeg 1024w, https:\/\/blogsaverroes.juntadeandalucia.es\/ceipnuestrasenoradebelen\/files\/2023\/08\/WhatsApp-Image-2023-07-14-at-18.16.45-3-768x576.jpeg 768w, https:\/\/blogsaverroes.juntadeandalucia.es\/ceipnuestrasenoradebelen\/files\/2023\/08\/WhatsApp-Image-2023-07-14-at-18.16.45-3-1536x1152.jpeg 1536w, https:\/\/blogsaverroes.juntadeandalucia.es\/ceipnuestrasenoradebelen\/files\/2023\/08\/WhatsApp-Image-2023-07-14-at-18.16.45-3-700x525.jpeg 700w, https:\/\/blogsaverroes.juntadeandalucia.es\/ceipnuestrasenoradebelen\/files\/2023\/08\/WhatsApp-Image-2023-07-14-at-18.16.45-3.jpeg 1600w\" sizes=\"(max-width: 300px) 100vw, 300px\" \/><\/a> <a href=\"https:\/\/blogsaverroes.juntadeandalucia.es\/ceipnuestrasenoradebelen\/biblioteca-escolar\/proyecto-siguiente-nivel\/curso-y-formacion-finlandia\/whatsapp-image-2023-07-14-at-18-16-45-5\/\" rel=\"attachment wp-att-2927\"><img loading=\"lazy\" decoding=\"async\" class=\"alignnone size-medium wp-image-2927\" src=\"https:\/\/blogsaverroes.juntadeandalucia.es\/ceipnuestrasenoradebelen\/files\/2023\/08\/WhatsApp-Image-2023-07-14-at-18.16.45-5-300x225.jpeg\" alt=\"\" width=\"300\" height=\"225\" srcset=\"https:\/\/blogsaverroes.juntadeandalucia.es\/ceipnuestrasenoradebelen\/files\/2023\/08\/WhatsApp-Image-2023-07-14-at-18.16.45-5-300x225.jpeg 300w, https:\/\/blogsaverroes.juntadeandalucia.es\/ceipnuestrasenoradebelen\/files\/2023\/08\/WhatsApp-Image-2023-07-14-at-18.16.45-5-1024x768.jpeg 1024w, https:\/\/blogsaverroes.juntadeandalucia.es\/ceipnuestrasenoradebelen\/files\/2023\/08\/WhatsApp-Image-2023-07-14-at-18.16.45-5-768x576.jpeg 768w, https:\/\/blogsaverroes.juntadeandalucia.es\/ceipnuestrasenoradebelen\/files\/2023\/08\/WhatsApp-Image-2023-07-14-at-18.16.45-5-1536x1152.jpeg 1536w, https:\/\/blogsaverroes.juntadeandalucia.es\/ceipnuestrasenoradebelen\/files\/2023\/08\/WhatsApp-Image-2023-07-14-at-18.16.45-5-700x525.jpeg 700w, https:\/\/blogsaverroes.juntadeandalucia.es\/ceipnuestrasenoradebelen\/files\/2023\/08\/WhatsApp-Image-2023-07-14-at-18.16.45-5.jpeg 1600w\" sizes=\"(max-width: 300px) 100vw, 300px\" \/><\/a> <a href=\"https:\/\/blogsaverroes.juntadeandalucia.es\/ceipnuestrasenoradebelen\/biblioteca-escolar\/proyecto-siguiente-nivel\/curso-y-formacion-finlandia\/whatsapp-image-2023-07-14-at-18-16-45-6\/\" rel=\"attachment wp-att-2928\"><img loading=\"lazy\" decoding=\"async\" class=\"alignnone size-medium wp-image-2928\" src=\"https:\/\/blogsaverroes.juntadeandalucia.es\/ceipnuestrasenoradebelen\/files\/2023\/08\/WhatsApp-Image-2023-07-14-at-18.16.45-6-300x225.jpeg\" alt=\"\" width=\"300\" height=\"225\" srcset=\"https:\/\/blogsaverroes.juntadeandalucia.es\/ceipnuestrasenoradebelen\/files\/2023\/08\/WhatsApp-Image-2023-07-14-at-18.16.45-6-300x225.jpeg 300w, https:\/\/blogsaverroes.juntadeandalucia.es\/ceipnuestrasenoradebelen\/files\/2023\/08\/WhatsApp-Image-2023-07-14-at-18.16.45-6-1024x768.jpeg 1024w, https:\/\/blogsaverroes.juntadeandalucia.es\/ceipnuestrasenoradebelen\/files\/2023\/08\/WhatsApp-Image-2023-07-14-at-18.16.45-6-768x576.jpeg 768w, https:\/\/blogsaverroes.juntadeandalucia.es\/ceipnuestrasenoradebelen\/files\/2023\/08\/WhatsApp-Image-2023-07-14-at-18.16.45-6-1536x1152.jpeg 1536w, https:\/\/blogsaverroes.juntadeandalucia.es\/ceipnuestrasenoradebelen\/files\/2023\/08\/WhatsApp-Image-2023-07-14-at-18.16.45-6-700x525.jpeg 700w, https:\/\/blogsaverroes.juntadeandalucia.es\/ceipnuestrasenoradebelen\/files\/2023\/08\/WhatsApp-Image-2023-07-14-at-18.16.45-6.jpeg 1600w\" sizes=\"(max-width: 300px) 100vw, 300px\" \/><\/a> <a href=\"https:\/\/blogsaverroes.juntadeandalucia.es\/ceipnuestrasenoradebelen\/biblioteca-escolar\/proyecto-siguiente-nivel\/curso-y-formacion-finlandia\/whatsapp-image-2023-07-14-at-18-16-46-1\/\" rel=\"attachment wp-att-2930\"><img loading=\"lazy\" decoding=\"async\" class=\"alignnone size-medium wp-image-2930\" src=\"https:\/\/blogsaverroes.juntadeandalucia.es\/ceipnuestrasenoradebelen\/files\/2023\/08\/WhatsApp-Image-2023-07-14-at-18.16.46-1-300x225.jpeg\" alt=\"\" width=\"300\" height=\"225\" srcset=\"https:\/\/blogsaverroes.juntadeandalucia.es\/ceipnuestrasenoradebelen\/files\/2023\/08\/WhatsApp-Image-2023-07-14-at-18.16.46-1-300x225.jpeg 300w, https:\/\/blogsaverroes.juntadeandalucia.es\/ceipnuestrasenoradebelen\/files\/2023\/08\/WhatsApp-Image-2023-07-14-at-18.16.46-1-1024x768.jpeg 1024w, https:\/\/blogsaverroes.juntadeandalucia.es\/ceipnuestrasenoradebelen\/files\/2023\/08\/WhatsApp-Image-2023-07-14-at-18.16.46-1-768x576.jpeg 768w, https:\/\/blogsaverroes.juntadeandalucia.es\/ceipnuestrasenoradebelen\/files\/2023\/08\/WhatsApp-Image-2023-07-14-at-18.16.46-1-1536x1152.jpeg 1536w, https:\/\/blogsaverroes.juntadeandalucia.es\/ceipnuestrasenoradebelen\/files\/2023\/08\/WhatsApp-Image-2023-07-14-at-18.16.46-1-700x525.jpeg 700w, https:\/\/blogsaverroes.juntadeandalucia.es\/ceipnuestrasenoradebelen\/files\/2023\/08\/WhatsApp-Image-2023-07-14-at-18.16.46-1.jpeg 1600w\" sizes=\"(max-width: 300px) 100vw, 300px\" \/><\/a> <a href=\"https:\/\/blogsaverroes.juntadeandalucia.es\/ceipnuestrasenoradebelen\/biblioteca-escolar\/proyecto-siguiente-nivel\/curso-y-formacion-finlandia\/whatsapp-image-2023-07-14-at-18-16-46-4\/\" rel=\"attachment wp-att-2932\"><img loading=\"lazy\" decoding=\"async\" class=\"alignnone size-medium wp-image-2932\" src=\"https:\/\/blogsaverroes.juntadeandalucia.es\/ceipnuestrasenoradebelen\/files\/2023\/08\/WhatsApp-Image-2023-07-14-at-18.16.46-4-300x225.jpeg\" alt=\"\" width=\"300\" height=\"225\" srcset=\"https:\/\/blogsaverroes.juntadeandalucia.es\/ceipnuestrasenoradebelen\/files\/2023\/08\/WhatsApp-Image-2023-07-14-at-18.16.46-4-300x225.jpeg 300w, https:\/\/blogsaverroes.juntadeandalucia.es\/ceipnuestrasenoradebelen\/files\/2023\/08\/WhatsApp-Image-2023-07-14-at-18.16.46-4-1024x768.jpeg 1024w, https:\/\/blogsaverroes.juntadeandalucia.es\/ceipnuestrasenoradebelen\/files\/2023\/08\/WhatsApp-Image-2023-07-14-at-18.16.46-4-768x576.jpeg 768w, https:\/\/blogsaverroes.juntadeandalucia.es\/ceipnuestrasenoradebelen\/files\/2023\/08\/WhatsApp-Image-2023-07-14-at-18.16.46-4-1536x1152.jpeg 1536w, https:\/\/blogsaverroes.juntadeandalucia.es\/ceipnuestrasenoradebelen\/files\/2023\/08\/WhatsApp-Image-2023-07-14-at-18.16.46-4-700x525.jpeg 700w, https:\/\/blogsaverroes.juntadeandalucia.es\/ceipnuestrasenoradebelen\/files\/2023\/08\/WhatsApp-Image-2023-07-14-at-18.16.46-4.jpeg 1600w\" sizes=\"(max-width: 300px) 100vw, 300px\" \/><\/a> <a href=\"https:\/\/blogsaverroes.juntadeandalucia.es\/ceipnuestrasenoradebelen\/biblioteca-escolar\/proyecto-siguiente-nivel\/curso-y-formacion-finlandia\/whatsapp-image-2023-07-14-at-18-16-46-6\/\" rel=\"attachment wp-att-2934\"><img loading=\"lazy\" decoding=\"async\" class=\"alignnone size-medium wp-image-2934\" src=\"https:\/\/blogsaverroes.juntadeandalucia.es\/ceipnuestrasenoradebelen\/files\/2023\/08\/WhatsApp-Image-2023-07-14-at-18.16.46-6-300x225.jpeg\" alt=\"\" width=\"300\" height=\"225\" srcset=\"https:\/\/blogsaverroes.juntadeandalucia.es\/ceipnuestrasenoradebelen\/files\/2023\/08\/WhatsApp-Image-2023-07-14-at-18.16.46-6-300x225.jpeg 300w, https:\/\/blogsaverroes.juntadeandalucia.es\/ceipnuestrasenoradebelen\/files\/2023\/08\/WhatsApp-Image-2023-07-14-at-18.16.46-6-1024x768.jpeg 1024w, https:\/\/blogsaverroes.juntadeandalucia.es\/ceipnuestrasenoradebelen\/files\/2023\/08\/WhatsApp-Image-2023-07-14-at-18.16.46-6-768x576.jpeg 768w, https:\/\/blogsaverroes.juntadeandalucia.es\/ceipnuestrasenoradebelen\/files\/2023\/08\/WhatsApp-Image-2023-07-14-at-18.16.46-6-1536x1152.jpeg 1536w, https:\/\/blogsaverroes.juntadeandalucia.es\/ceipnuestrasenoradebelen\/files\/2023\/08\/WhatsApp-Image-2023-07-14-at-18.16.46-6-700x525.jpeg 700w, https:\/\/blogsaverroes.juntadeandalucia.es\/ceipnuestrasenoradebelen\/files\/2023\/08\/WhatsApp-Image-2023-07-14-at-18.16.46-6.jpeg 1600w\" sizes=\"(max-width: 300px) 100vw, 300px\" \/><\/a> <a href=\"https:\/\/blogsaverroes.juntadeandalucia.es\/ceipnuestrasenoradebelen\/biblioteca-escolar\/proyecto-siguiente-nivel\/curso-y-formacion-finlandia\/whatsapp-image-2023-07-14-at-18-16-46\/\" rel=\"attachment wp-att-2935\"><img loading=\"lazy\" decoding=\"async\" class=\"alignnone size-medium wp-image-2935\" src=\"https:\/\/blogsaverroes.juntadeandalucia.es\/ceipnuestrasenoradebelen\/files\/2023\/08\/WhatsApp-Image-2023-07-14-at-18.16.46-300x225.jpeg\" alt=\"\" width=\"300\" height=\"225\" srcset=\"https:\/\/blogsaverroes.juntadeandalucia.es\/ceipnuestrasenoradebelen\/files\/2023\/08\/WhatsApp-Image-2023-07-14-at-18.16.46-300x225.jpeg 300w, https:\/\/blogsaverroes.juntadeandalucia.es\/ceipnuestrasenoradebelen\/files\/2023\/08\/WhatsApp-Image-2023-07-14-at-18.16.46-1024x768.jpeg 1024w, https:\/\/blogsaverroes.juntadeandalucia.es\/ceipnuestrasenoradebelen\/files\/2023\/08\/WhatsApp-Image-2023-07-14-at-18.16.46-768x576.jpeg 768w, https:\/\/blogsaverroes.juntadeandalucia.es\/ceipnuestrasenoradebelen\/files\/2023\/08\/WhatsApp-Image-2023-07-14-at-18.16.46-1536x1152.jpeg 1536w, https:\/\/blogsaverroes.juntadeandalucia.es\/ceipnuestrasenoradebelen\/files\/2023\/08\/WhatsApp-Image-2023-07-14-at-18.16.46-700x525.jpeg 700w, https:\/\/blogsaverroes.juntadeandalucia.es\/ceipnuestrasenoradebelen\/files\/2023\/08\/WhatsApp-Image-2023-07-14-at-18.16.46.jpeg 1600w\" sizes=\"(max-width: 300px) 100vw, 300px\" \/><\/a> <a href=\"https:\/\/blogsaverroes.juntadeandalucia.es\/ceipnuestrasenoradebelen\/biblioteca-escolar\/proyecto-siguiente-nivel\/curso-y-formacion-finlandia\/whatsapp-image-2023-07-14-at-18-16-47-3\/\" rel=\"attachment wp-att-2936\"><img loading=\"lazy\" decoding=\"async\" class=\"alignnone size-medium wp-image-2936\" src=\"https:\/\/blogsaverroes.juntadeandalucia.es\/ceipnuestrasenoradebelen\/files\/2023\/08\/WhatsApp-Image-2023-07-14-at-18.16.47-3-300x225.jpeg\" alt=\"\" width=\"300\" height=\"225\" srcset=\"https:\/\/blogsaverroes.juntadeandalucia.es\/ceipnuestrasenoradebelen\/files\/2023\/08\/WhatsApp-Image-2023-07-14-at-18.16.47-3-300x225.jpeg 300w, https:\/\/blogsaverroes.juntadeandalucia.es\/ceipnuestrasenoradebelen\/files\/2023\/08\/WhatsApp-Image-2023-07-14-at-18.16.47-3-768x576.jpeg 768w, https:\/\/blogsaverroes.juntadeandalucia.es\/ceipnuestrasenoradebelen\/files\/2023\/08\/WhatsApp-Image-2023-07-14-at-18.16.47-3-700x525.jpeg 700w, https:\/\/blogsaverroes.juntadeandalucia.es\/ceipnuestrasenoradebelen\/files\/2023\/08\/WhatsApp-Image-2023-07-14-at-18.16.47-3.jpeg 1024w\" sizes=\"(max-width: 300px) 100vw, 300px\" \/><\/a> <a href=\"https:\/\/blogsaverroes.juntadeandalucia.es\/ceipnuestrasenoradebelen\/biblioteca-escolar\/proyecto-siguiente-nivel\/curso-y-formacion-finlandia\/whatsapp-image-2023-07-14-at-18-16-47\/\" rel=\"attachment wp-att-2938\"><img loading=\"lazy\" decoding=\"async\" class=\"alignnone size-medium wp-image-2938\" src=\"https:\/\/blogsaverroes.juntadeandalucia.es\/ceipnuestrasenoradebelen\/files\/2023\/08\/WhatsApp-Image-2023-07-14-at-18.16.47-300x225.jpeg\" alt=\"\" width=\"300\" height=\"225\" srcset=\"https:\/\/blogsaverroes.juntadeandalucia.es\/ceipnuestrasenoradebelen\/files\/2023\/08\/WhatsApp-Image-2023-07-14-at-18.16.47-300x225.jpeg 300w, https:\/\/blogsaverroes.juntadeandalucia.es\/ceipnuestrasenoradebelen\/files\/2023\/08\/WhatsApp-Image-2023-07-14-at-18.16.47-768x576.jpeg 768w, https:\/\/blogsaverroes.juntadeandalucia.es\/ceipnuestrasenoradebelen\/files\/2023\/08\/WhatsApp-Image-2023-07-14-at-18.16.47-700x525.jpeg 700w, https:\/\/blogsaverroes.juntadeandalucia.es\/ceipnuestrasenoradebelen\/files\/2023\/08\/WhatsApp-Image-2023-07-14-at-18.16.47.jpeg 1024w\" sizes=\"(max-width: 300px) 100vw, 300px\" \/><\/a> <a href=\"https:\/\/blogsaverroes.juntadeandalucia.es\/ceipnuestrasenoradebelen\/biblioteca-escolar\/proyecto-siguiente-nivel\/curso-y-formacion-finlandia\/whatsapp-image-2023-07-14-at-18-16-48\/\" rel=\"attachment wp-att-2939\"><img loading=\"lazy\" decoding=\"async\" class=\"alignnone size-medium wp-image-2939\" src=\"https:\/\/blogsaverroes.juntadeandalucia.es\/ceipnuestrasenoradebelen\/files\/2023\/08\/WhatsApp-Image-2023-07-14-at-18.16.48-300x225.jpeg\" alt=\"\" width=\"300\" height=\"225\" srcset=\"https:\/\/blogsaverroes.juntadeandalucia.es\/ceipnuestrasenoradebelen\/files\/2023\/08\/WhatsApp-Image-2023-07-14-at-18.16.48-300x225.jpeg 300w, https:\/\/blogsaverroes.juntadeandalucia.es\/ceipnuestrasenoradebelen\/files\/2023\/08\/WhatsApp-Image-2023-07-14-at-18.16.48-768x576.jpeg 768w, https:\/\/blogsaverroes.juntadeandalucia.es\/ceipnuestrasenoradebelen\/files\/2023\/08\/WhatsApp-Image-2023-07-14-at-18.16.48-700x525.jpeg 700w, https:\/\/blogsaverroes.juntadeandalucia.es\/ceipnuestrasenoradebelen\/files\/2023\/08\/WhatsApp-Image-2023-07-14-at-18.16.48.jpeg 1024w\" sizes=\"(max-width: 300px) 100vw, 300px\" \/><\/a><\/p>\n<ul>\n<li>Conferencia de experto sobre \u00abPedagog\u00eda positiva, necesidades especiales y educaci\u00f3n inclusiva\u00bb para ayudar a los estudiantes a encontrar sus puntos fuertes.<\/li>\n<li>Introducci\u00f3n a Freed, una herramienta 100% gratuita para profesorado para encontrar los mejores materiales did\u00e1cticos e ideas para las clases.<\/li>\n<\/ul>\n<p>Gracias al desarrollo de esta actividad, el profesorado participante ha mejorado ostensiblemente su competencia ling\u00fc\u00edstica e intercultural, ganando en confianza en el uso del ingl\u00e9s como herramienta para su proceso de aprendizaje permanente, para mejorar su comunicaci\u00f3n con las familias y el alumnado (de diferentes or\u00edgenes) y para la adquisici\u00f3n de una metodolog\u00eda para implementarla durante el proceso de ense\u00f1anza.<\/p>\n<p>Adem\u00e1s, se ha producido el desarrollo de la competencia personal, social y cooperativa y del trabajo en equipo y la disposici\u00f3n para colaborar con colegas dentro y fuera de nuestra instituci\u00f3n escolar, aumentando la motivaci\u00f3n, la conciencia y, en consecuencia, la autoestima. Resaltar tambi\u00e9n, la obtenci\u00f3n de una visi\u00f3n amplia de un sistema escolar europeo diferente al espa\u00f1ol y de aprendizajes relevantes a partir de buenas pr\u00e1cticas educativas de compa\u00f1eros y compa\u00f1eras finlandeses y europeos con gran entusiasmo, flexibilidad y adaptabilidad al entorno de trabajo, la consolidaci\u00f3n de competencias digitales, a trav\u00e9s de nuevas formas did\u00e1cticas de dise\u00f1ar el proceso de ense\u00f1anza, poniendo en valor el papel del juego en el aprendizaje del alumnado.<\/p>\n<p>En definitiva, esta movilidad ha posibilitado un fortalecimiento de las habilidades pedag\u00f3gicas esenciales para avanzar en nuestro desarrollo personal, social y profesional, mejorando notablemente la calidad del proceso de ense\u00f1anza-aprendizaje del alumnado en el CEIP Ntra. Sra. de Bel\u00e9n mediante la adquisici\u00f3n de nuevas metodolog\u00edas de ense\u00f1anza y aprendizaje (por ejemplo, necesidades especiales e inclusi\u00f3n, gesti\u00f3n y organizaci\u00f3n escolar, etc.). Esta actividad formativa ha permitido convertir ideas en acci\u00f3n a trav\u00e9s de la creatividad, la innovaci\u00f3n y la asunci\u00f3n de riesgos, as\u00ed como planificar y gestionar proyectos.&nbsp;<\/p>\n","protected":false},"excerpt":{"rendered":"<p>EL SISTEMA EDUCATIVO FINLAND\u00c9S Erasmus+, un horizonte siempre repleto de nuevas oportunidades donde se puede tener, literalmente, la sensaci\u00f3n de tocar el cielo&#8230; &nbsp; As\u00ed, nuestra segunda aventura europea en el programa&nbsp;@erasmusplus.eu&nbsp;nos ha llevado&#46;&#46;&#46;<\/p>\n","protected":false},"author":5528,"featured_media":0,"parent":493,"menu_order":2,"comment_status":"closed","ping_status":"closed","template":"","meta":{"ngg_post_thumbnail":0,"footnotes":""},"aioseo_notices":[],"_links":{"self":[{"href":"https:\/\/blogsaverroes.juntadeandalucia.es\/ceipnuestrasenoradebelen\/wp-json\/wp\/v2\/pages\/2562"}],"collection":[{"href":"https:\/\/blogsaverroes.juntadeandalucia.es\/ceipnuestrasenoradebelen\/wp-json\/wp\/v2\/pages"}],"about":[{"href":"https:\/\/blogsaverroes.juntadeandalucia.es\/ceipnuestrasenoradebelen\/wp-json\/wp\/v2\/types\/page"}],"author":[{"embeddable":true,"href":"https:\/\/blogsaverroes.juntadeandalucia.es\/ceipnuestrasenoradebelen\/wp-json\/wp\/v2\/users\/5528"}],"replies":[{"embeddable":true,"href":"https:\/\/blogsaverroes.juntadeandalucia.es\/ceipnuestrasenoradebelen\/wp-json\/wp\/v2\/comments?post=2562"}],"version-history":[{"count":10,"href":"https:\/\/blogsaverroes.juntadeandalucia.es\/ceipnuestrasenoradebelen\/wp-json\/wp\/v2\/pages\/2562\/revisions"}],"predecessor-version":[{"id":2966,"href":"https:\/\/blogsaverroes.juntadeandalucia.es\/ceipnuestrasenoradebelen\/wp-json\/wp\/v2\/pages\/2562\/revisions\/2966"}],"up":[{"embeddable":true,"href":"https:\/\/blogsaverroes.juntadeandalucia.es\/ceipnuestrasenoradebelen\/wp-json\/wp\/v2\/pages\/493"}],"wp:attachment":[{"href":"https:\/\/blogsaverroes.juntadeandalucia.es\/ceipnuestrasenoradebelen\/wp-json\/wp\/v2\/media?parent=2562"}],"curies":[{"name":"wp","href":"https:\/\/api.w.org\/{rel}","templated":true}]}}