{"id":2564,"date":"2023-05-03T16:15:03","date_gmt":"2023-05-03T16:15:03","guid":{"rendered":"https:\/\/blogsaverroes.juntadeandalucia.es\/ceipnuestrasenoradebelen\/?page_id=2564"},"modified":"2023-10-10T08:56:57","modified_gmt":"2023-10-10T08:56:57","slug":"curso-y-formacion-republica-checa","status":"publish","type":"page","link":"https:\/\/blogsaverroes.juntadeandalucia.es\/ceipnuestrasenoradebelen\/erasmus\/proyecto-siguiente-nivel\/curso-y-formacion-republica-checa\/","title":{"rendered":"CURSO Y FORMACI\u00d3N REP\u00daBLICA CHECA"},"content":{"rendered":"<header class=\"entry-header\">\n<h1 class=\"entry-title\"><span style=\"font-family: Oswald, sans-serif;font-size: 24pt;font-weight: 300\">VIVIR ERASMUS+<\/span><\/h1>\n<\/header>\n<div class=\"entry-content\">\n<div dir=\"auto\">\n<div style=\"width: 1920px;\" class=\"wp-video\"><!--[if lt IE 9]><script>document.createElement('video');<\/script><![endif]-->\n<video class=\"wp-video-shortcode\" id=\"video-2564-1\" width=\"1920\" height=\"1080\" preload=\"metadata\" controls=\"controls\"><source type=\"video\/mp4\" src=\"https:\/\/blogsaverroes.juntadeandalucia.es\/ceipnuestrasenoradebelen\/files\/2023\/08\/MOVILIDAD-REP\u00daBLICA-CHECA-1.mp4?_=1\" \/><a href=\"https:\/\/blogsaverroes.juntadeandalucia.es\/ceipnuestrasenoradebelen\/files\/2023\/08\/MOVILIDAD-REP\u00daBLICA-CHECA-1.mp4\">https:\/\/blogsaverroes.juntadeandalucia.es\/ceipnuestrasenoradebelen\/files\/2023\/08\/MOVILIDAD-REP\u00daBLICA-CHECA-1.mp4<\/a><\/video><\/div>\n<\/div>\n<div class=\"xdj266r x11i5rnm xat24cr x1mh8g0r x1vvkbs x126k92a\">\n<div dir=\"auto\">&nbsp;<\/div>\n<div dir=\"auto\">La formaci\u00f3n en competencias digitales de nuestro profesorado y alumnado y la digitalizaci\u00f3n de nuestras aulas son necesidades del presente a las que haremos frente gracias a una nueva movilidad del programa <a class=\"x1i10hfl xjbqb8w x6umtig x1b1mbwd xaqea5y xav7gou x9f619 x1ypdohk xt0psk2 xe8uvvx xdj266r x11i5rnm xat24cr x1mh8g0r xexx8yu x4uap5 x18d9i69 xkhd6sd x16tdsg8 x1hl2dhg xggy1nq x1a2a7pz xt0b8zv x1qq9wsj xo1l8bm\" role=\"link\" href=\"https:\/\/www.facebook.com\/EUErasmusPlusProgramme?__cft__[0]=AZWyLu-D6Y6sBdW4uG3QFLJ4sBd5xNF3gIdrq8P6drABfGp3CbJFPPIKShNL6broCLXiLEMULtz1bz-BjcQ8Ep0vjJ573r_XVrwR0xWUeR0JsspXuYI8OvkGDSgz4xOaqxSUTENDQbgNcIdlBqYQ21U9-7Xi1jlDbVHM3aEJHxObH6J5Yh-I6s36pNN_lb4DQU0&amp;__tn__=-]K-R\"><span class=\"xt0psk2\">Erasmus+<\/span><\/a> en Praga (Rep\u00fablica Checa). El curso denominado <a href=\"https:\/\/www.itc-international.eu\/erasmusplus\/going-digital-in-an-innovative-classroom\"><strong>\u00abGoing Digital in an Innovative Classroom!\u00bb<\/strong><\/a> (Digitalizarse en un aula innovadora) permitir\u00e1 a nuestros docentes:<\/div>\n<div dir=\"auto\">&nbsp;<\/div>\n<\/div>\n<div class=\"x11i5rnm xat24cr x1mh8g0r x1vvkbs xtlvy1s x126k92a\">\n<div dir=\"auto\">&#8211; Mejorar las habilidades para utilizar diversos m\u00e9todos y t\u00e9cnicas de ense\u00f1anza innovadores centrados en el alumno, fomentar la resoluci\u00f3n de tareas significativas del mundo real y desarrollar competencias transversales.<\/div>\n<div dir=\"auto\">&#8211; Impulsar las habilidades en el uso de recursos abiertos y digitales, apoyar el desarrollo de habilidades digitales y alfabetizaci\u00f3n medi\u00e1tica, aumentar la capacidad para desencadenar cambios en t\u00e9rminos de modernizaci\u00f3n utilizando las TIC.<\/div>\n<div dir=\"auto\">&#8211; Generar materiales e ideas listos para usar para apoyar el desarrollo escolar u organizacional en el campo de la educaci\u00f3n innovadora con respecto al enfoque interdisciplinario y hol\u00edstico.<\/div>\n<div dir=\"auto\">&#8211; Adquirir t\u00e9cnicas para trabajar con aulas heterog\u00e9neas, apoyar la inclusi\u00f3n de diversas minor\u00edas en la educaci\u00f3n general basada en valores democr\u00e1ticos, promover la participaci\u00f3n activa en la sociedad.<\/div>\n<div dir=\"auto\">&nbsp;<\/div>\n<\/div>\n<div class=\"x11i5rnm xat24cr x1mh8g0r x1vvkbs xtlvy1s x126k92a\">\n<div dir=\"auto\">\u00a1Razones para vivir una nueva experiencia Erasmus+!<\/div>\n<\/div>\n<div dir=\"auto\">&nbsp;<\/div>\n<\/div>\n<div dir=\"auto\">\n<h1 class=\"entry-title\"><span style=\"font-family: Oswald, sans-serif;font-size: 24pt;font-weight: 300\">LAS 4C&#8217;S: DESTREZAS PARA EL SIGLO XXI<\/span><\/h1>\n<\/div>\n<div dir=\"auto\">Nuestra andadura en este curso comenz\u00f3 present\u00e1ndonos como docentes del CEIP Ntra. Sra. de Bel\u00e9n, creando una se\u00f1a de identidad propia que representara a nuestro centro educativo con una rama de olivo. Esta simbolog\u00eda pretend\u00eda mostrar a nuestros colegas europeos, gracias a una analog\u00eda con el cuidado de este \u00e1rbol, que nosotros potenciamos en el alumnado escolarizado todos sus talentos.&nbsp;<\/div>\n<div dir=\"auto\">&nbsp;<\/div>\n<div dir=\"auto\"><a href=\"https:\/\/blogsaverroes.juntadeandalucia.es\/ceipnuestrasenoradebelen\/biblioteca-escolar\/proyecto-siguiente-nivel\/curso-y-formacion-republica-checa\/1687168422395-1\/\" rel=\"attachment wp-att-2974\"><img loading=\"lazy\" decoding=\"async\" class=\"alignnone size-medium wp-image-2974\" src=\"https:\/\/blogsaverroes.juntadeandalucia.es\/ceipnuestrasenoradebelen\/files\/2023\/09\/1687168422395-1-300x226.jpg\" alt=\"\" width=\"300\" height=\"226\" srcset=\"https:\/\/blogsaverroes.juntadeandalucia.es\/ceipnuestrasenoradebelen\/files\/2023\/09\/1687168422395-1-300x226.jpg 300w, https:\/\/blogsaverroes.juntadeandalucia.es\/ceipnuestrasenoradebelen\/files\/2023\/09\/1687168422395-1-1024x771.jpg 1024w, https:\/\/blogsaverroes.juntadeandalucia.es\/ceipnuestrasenoradebelen\/files\/2023\/09\/1687168422395-1-768x578.jpg 768w, https:\/\/blogsaverroes.juntadeandalucia.es\/ceipnuestrasenoradebelen\/files\/2023\/09\/1687168422395-1-1536x1157.jpg 1536w, https:\/\/blogsaverroes.juntadeandalucia.es\/ceipnuestrasenoradebelen\/files\/2023\/09\/1687168422395-1-2048x1542.jpg 2048w, https:\/\/blogsaverroes.juntadeandalucia.es\/ceipnuestrasenoradebelen\/files\/2023\/09\/1687168422395-1-700x527.jpg 700w, https:\/\/blogsaverroes.juntadeandalucia.es\/ceipnuestrasenoradebelen\/files\/2023\/09\/1687168422395-1-scaled.jpg 1600w\" sizes=\"(max-width: 300px) 100vw, 300px\" \/><\/a> <a href=\"https:\/\/blogsaverroes.juntadeandalucia.es\/ceipnuestrasenoradebelen\/biblioteca-escolar\/proyecto-siguiente-nivel\/curso-y-formacion-republica-checa\/1687168422454-1\/\" rel=\"attachment wp-att-2975\"><img loading=\"lazy\" decoding=\"async\" class=\"alignnone size-medium wp-image-2975\" src=\"https:\/\/blogsaverroes.juntadeandalucia.es\/ceipnuestrasenoradebelen\/files\/2023\/09\/1687168422454-1-300x226.jpg\" alt=\"\" width=\"300\" height=\"226\" srcset=\"https:\/\/blogsaverroes.juntadeandalucia.es\/ceipnuestrasenoradebelen\/files\/2023\/09\/1687168422454-1-300x226.jpg 300w, https:\/\/blogsaverroes.juntadeandalucia.es\/ceipnuestrasenoradebelen\/files\/2023\/09\/1687168422454-1-1024x771.jpg 1024w, https:\/\/blogsaverroes.juntadeandalucia.es\/ceipnuestrasenoradebelen\/files\/2023\/09\/1687168422454-1-768x578.jpg 768w, https:\/\/blogsaverroes.juntadeandalucia.es\/ceipnuestrasenoradebelen\/files\/2023\/09\/1687168422454-1-1536x1157.jpg 1536w, https:\/\/blogsaverroes.juntadeandalucia.es\/ceipnuestrasenoradebelen\/files\/2023\/09\/1687168422454-1-2048x1542.jpg 2048w, https:\/\/blogsaverroes.juntadeandalucia.es\/ceipnuestrasenoradebelen\/files\/2023\/09\/1687168422454-1-700x527.jpg 700w, https:\/\/blogsaverroes.juntadeandalucia.es\/ceipnuestrasenoradebelen\/files\/2023\/09\/1687168422454-1-scaled.jpg 1600w\" sizes=\"(max-width: 300px) 100vw, 300px\" \/><\/a><\/div>\n<div dir=\"auto\">&nbsp;<\/div>\n<div dir=\"auto\">Con posterioridad, tratamos el concepto de las 4C\u2019S (Pensamiento Cr\u00edtico, Creatividad, Colaboraci\u00f3n y Comunicaci\u00f3n) que son una serie de habilidades fundamentales para el proceso de ense\u00f1anza \u2013 aprendizaje en las aulas.<\/div>\n<div dir=\"auto\">&nbsp;<\/div>\n<div dir=\"auto\">Tambi\u00e9n tuvimos la oportunidad de conocer las principales atracciones tur\u00edsticas de Praga con una gu\u00eda tur\u00edstica que nos proporcion\u00f3 el centro de formaci\u00f3n. De este modo, visitamos la Plaza del Reloj Astron\u00f3mico, el Puente de Carlos y el Senado, entro otros.<\/div>\n<div dir=\"auto\">&nbsp;<\/div>\n<div dir=\"auto\"><a href=\"https:\/\/blogsaverroes.juntadeandalucia.es\/ceipnuestrasenoradebelen\/biblioteca-escolar\/proyecto-siguiente-nivel\/curso-y-formacion-republica-checa\/1687168423270-1\/\" rel=\"attachment wp-att-2980\"><img loading=\"lazy\" decoding=\"async\" class=\"alignnone size-medium wp-image-2980\" src=\"https:\/\/blogsaverroes.juntadeandalucia.es\/ceipnuestrasenoradebelen\/files\/2023\/09\/1687168423270-1-225x300.jpg\" alt=\"\" width=\"225\" height=\"300\" srcset=\"https:\/\/blogsaverroes.juntadeandalucia.es\/ceipnuestrasenoradebelen\/files\/2023\/09\/1687168423270-1-225x300.jpg 225w, https:\/\/blogsaverroes.juntadeandalucia.es\/ceipnuestrasenoradebelen\/files\/2023\/09\/1687168423270-1-768x1024.jpg 768w, https:\/\/blogsaverroes.juntadeandalucia.es\/ceipnuestrasenoradebelen\/files\/2023\/09\/1687168423270-1-1152x1536.jpg 1152w, https:\/\/blogsaverroes.juntadeandalucia.es\/ceipnuestrasenoradebelen\/files\/2023\/09\/1687168423270-1-700x933.jpg 700w, https:\/\/blogsaverroes.juntadeandalucia.es\/ceipnuestrasenoradebelen\/files\/2023\/09\/1687168423270-1.jpg 1200w\" sizes=\"(max-width: 225px) 100vw, 225px\" \/><\/a> <a href=\"https:\/\/blogsaverroes.juntadeandalucia.es\/ceipnuestrasenoradebelen\/biblioteca-escolar\/proyecto-siguiente-nivel\/curso-y-formacion-republica-checa\/1687168423111-1\/\" rel=\"attachment wp-att-2977\"><img loading=\"lazy\" decoding=\"async\" class=\"alignnone size-medium wp-image-2977\" src=\"https:\/\/blogsaverroes.juntadeandalucia.es\/ceipnuestrasenoradebelen\/files\/2023\/09\/1687168423111-1-225x300.jpg\" alt=\"\" width=\"225\" height=\"300\" srcset=\"https:\/\/blogsaverroes.juntadeandalucia.es\/ceipnuestrasenoradebelen\/files\/2023\/09\/1687168423111-1-225x300.jpg 225w, https:\/\/blogsaverroes.juntadeandalucia.es\/ceipnuestrasenoradebelen\/files\/2023\/09\/1687168423111-1-768x1024.jpg 768w, https:\/\/blogsaverroes.juntadeandalucia.es\/ceipnuestrasenoradebelen\/files\/2023\/09\/1687168423111-1-1152x1536.jpg 1152w, https:\/\/blogsaverroes.juntadeandalucia.es\/ceipnuestrasenoradebelen\/files\/2023\/09\/1687168423111-1-700x933.jpg 700w, https:\/\/blogsaverroes.juntadeandalucia.es\/ceipnuestrasenoradebelen\/files\/2023\/09\/1687168423111-1.jpg 1200w\" sizes=\"(max-width: 225px) 100vw, 225px\" \/><\/a><img loading=\"lazy\" decoding=\"async\" class=\"alignnone size-medium wp-image-2978\" src=\"https:\/\/blogsaverroes.juntadeandalucia.es\/ceipnuestrasenoradebelen\/files\/2023\/09\/1687168423152-1-300x225.jpg\" alt=\"\" width=\"300\" height=\"225\" srcset=\"https:\/\/blogsaverroes.juntadeandalucia.es\/ceipnuestrasenoradebelen\/files\/2023\/09\/1687168423152-1-300x225.jpg 300w, https:\/\/blogsaverroes.juntadeandalucia.es\/ceipnuestrasenoradebelen\/files\/2023\/09\/1687168423152-1-1024x768.jpg 1024w, https:\/\/blogsaverroes.juntadeandalucia.es\/ceipnuestrasenoradebelen\/files\/2023\/09\/1687168423152-1-768x576.jpg 768w, https:\/\/blogsaverroes.juntadeandalucia.es\/ceipnuestrasenoradebelen\/files\/2023\/09\/1687168423152-1-1536x1152.jpg 1536w, https:\/\/blogsaverroes.juntadeandalucia.es\/ceipnuestrasenoradebelen\/files\/2023\/09\/1687168423152-1-700x525.jpg 700w, https:\/\/blogsaverroes.juntadeandalucia.es\/ceipnuestrasenoradebelen\/files\/2023\/09\/1687168423152-1.jpg 1600w\" sizes=\"(max-width: 300px) 100vw, 300px\" \/> <a href=\"https:\/\/blogsaverroes.juntadeandalucia.es\/ceipnuestrasenoradebelen\/biblioteca-escolar\/proyecto-siguiente-nivel\/curso-y-formacion-republica-checa\/1687168423057-1\/\" rel=\"attachment wp-att-2976\"><img loading=\"lazy\" decoding=\"async\" class=\"alignnone size-medium wp-image-2976\" src=\"https:\/\/blogsaverroes.juntadeandalucia.es\/ceipnuestrasenoradebelen\/files\/2023\/09\/1687168423057-1-300x225.jpg\" alt=\"\" width=\"300\" height=\"225\" srcset=\"https:\/\/blogsaverroes.juntadeandalucia.es\/ceipnuestrasenoradebelen\/files\/2023\/09\/1687168423057-1-300x225.jpg 300w, https:\/\/blogsaverroes.juntadeandalucia.es\/ceipnuestrasenoradebelen\/files\/2023\/09\/1687168423057-1-1024x768.jpg 1024w, https:\/\/blogsaverroes.juntadeandalucia.es\/ceipnuestrasenoradebelen\/files\/2023\/09\/1687168423057-1-768x576.jpg 768w, https:\/\/blogsaverroes.juntadeandalucia.es\/ceipnuestrasenoradebelen\/files\/2023\/09\/1687168423057-1-1536x1152.jpg 1536w, https:\/\/blogsaverroes.juntadeandalucia.es\/ceipnuestrasenoradebelen\/files\/2023\/09\/1687168423057-1-700x525.jpg 700w, https:\/\/blogsaverroes.juntadeandalucia.es\/ceipnuestrasenoradebelen\/files\/2023\/09\/1687168423057-1.jpg 1600w\" sizes=\"(max-width: 300px) 100vw, 300px\" \/><\/a><\/div>\n<div dir=\"auto\">&nbsp;<\/div>\n<div dir=\"auto\">En nuestra segunda jornada formativa en Praga, abordamos la gamificaci\u00f3n o aprendizaje basado en el juego. Posee las siguientes caracter\u00edsticas: es divertido, proporciona un aprendizaje no intencional, el trabajo en equipo y el empoderamiento del alumnado. Exploramos algunas de las aplicaciones m\u00e1s relevantes para esta finalidad. Menci\u00f3n especial al Juego del Tab\u00fa a trav\u00e9s de la p\u00e1gina web <a href=\"https:\/\/skribbl.io\/\">https:\/\/skribbl.io\/ &nbsp;<\/a><\/div>\n<div dir=\"auto\">&nbsp;<\/div>\n<div dir=\"auto\"><a href=\"https:\/\/blogsaverroes.juntadeandalucia.es\/ceipnuestrasenoradebelen\/biblioteca-escolar\/proyecto-siguiente-nivel\/curso-y-formacion-republica-checa\/1687168422294-1\/\" rel=\"attachment wp-att-2981\"><img loading=\"lazy\" decoding=\"async\" class=\"alignnone size-medium wp-image-2981\" src=\"https:\/\/blogsaverroes.juntadeandalucia.es\/ceipnuestrasenoradebelen\/files\/2023\/09\/1687168422294-1-300x226.jpg\" alt=\"\" width=\"300\" height=\"226\" srcset=\"https:\/\/blogsaverroes.juntadeandalucia.es\/ceipnuestrasenoradebelen\/files\/2023\/09\/1687168422294-1-300x226.jpg 300w, https:\/\/blogsaverroes.juntadeandalucia.es\/ceipnuestrasenoradebelen\/files\/2023\/09\/1687168422294-1-1024x771.jpg 1024w, https:\/\/blogsaverroes.juntadeandalucia.es\/ceipnuestrasenoradebelen\/files\/2023\/09\/1687168422294-1-768x578.jpg 768w, https:\/\/blogsaverroes.juntadeandalucia.es\/ceipnuestrasenoradebelen\/files\/2023\/09\/1687168422294-1-1536x1157.jpg 1536w, https:\/\/blogsaverroes.juntadeandalucia.es\/ceipnuestrasenoradebelen\/files\/2023\/09\/1687168422294-1-2048x1542.jpg 2048w, https:\/\/blogsaverroes.juntadeandalucia.es\/ceipnuestrasenoradebelen\/files\/2023\/09\/1687168422294-1-700x527.jpg 700w, https:\/\/blogsaverroes.juntadeandalucia.es\/ceipnuestrasenoradebelen\/files\/2023\/09\/1687168422294-1-scaled.jpg 1600w\" sizes=\"(max-width: 300px) 100vw, 300px\" \/><\/a> <a href=\"https:\/\/blogsaverroes.juntadeandalucia.es\/ceipnuestrasenoradebelen\/biblioteca-escolar\/proyecto-siguiente-nivel\/curso-y-formacion-republica-checa\/1687168422504-1\/\" rel=\"attachment wp-att-2982\"><img loading=\"lazy\" decoding=\"async\" class=\"alignnone size-medium wp-image-2982\" src=\"https:\/\/blogsaverroes.juntadeandalucia.es\/ceipnuestrasenoradebelen\/files\/2023\/09\/1687168422504-1-300x226.jpg\" alt=\"\" width=\"300\" height=\"226\" srcset=\"https:\/\/blogsaverroes.juntadeandalucia.es\/ceipnuestrasenoradebelen\/files\/2023\/09\/1687168422504-1-300x226.jpg 300w, https:\/\/blogsaverroes.juntadeandalucia.es\/ceipnuestrasenoradebelen\/files\/2023\/09\/1687168422504-1-1024x771.jpg 1024w, https:\/\/blogsaverroes.juntadeandalucia.es\/ceipnuestrasenoradebelen\/files\/2023\/09\/1687168422504-1-768x578.jpg 768w, https:\/\/blogsaverroes.juntadeandalucia.es\/ceipnuestrasenoradebelen\/files\/2023\/09\/1687168422504-1-1536x1157.jpg 1536w, https:\/\/blogsaverroes.juntadeandalucia.es\/ceipnuestrasenoradebelen\/files\/2023\/09\/1687168422504-1-2048x1542.jpg 2048w, https:\/\/blogsaverroes.juntadeandalucia.es\/ceipnuestrasenoradebelen\/files\/2023\/09\/1687168422504-1-700x527.jpg 700w, https:\/\/blogsaverroes.juntadeandalucia.es\/ceipnuestrasenoradebelen\/files\/2023\/09\/1687168422504-1-scaled.jpg 1600w\" sizes=\"(max-width: 300px) 100vw, 300px\" \/><\/a><\/div>\n<div dir=\"auto\">&nbsp;<\/div>\n<div dir=\"auto\">La tercera jornada formativa se destin\u00f3 a abordar el Dise\u00f1o Universal de Aprendizaje (DUA) mediante el M\u00e9todo Perma\/h, tambi\u00e9n las estaciones de aprendizaje rotatorias, la clase invertida (Flipped Classroom) y el b-learning o aprendizaje semipresencial.&nbsp;<\/div>\n<div dir=\"auto\">&nbsp;<\/div>\n<div dir=\"auto\"><a href=\"https:\/\/blogsaverroes.juntadeandalucia.es\/ceipnuestrasenoradebelen\/biblioteca-escolar\/proyecto-siguiente-nivel\/curso-y-formacion-republica-checa\/whatsapp-image-2023-10-10-at-10-28-39\/\" rel=\"attachment wp-att-3009\"><img loading=\"lazy\" decoding=\"async\" class=\"alignnone size-medium wp-image-3009\" src=\"https:\/\/blogsaverroes.juntadeandalucia.es\/ceipnuestrasenoradebelen\/files\/2023\/10\/WhatsApp-Image-2023-10-10-at-10.28.39-300x220.jpeg\" alt=\"\" width=\"300\" height=\"220\" srcset=\"https:\/\/blogsaverroes.juntadeandalucia.es\/ceipnuestrasenoradebelen\/files\/2023\/10\/WhatsApp-Image-2023-10-10-at-10.28.39-300x220.jpeg 300w, https:\/\/blogsaverroes.juntadeandalucia.es\/ceipnuestrasenoradebelen\/files\/2023\/10\/WhatsApp-Image-2023-10-10-at-10.28.39.jpeg 494w\" sizes=\"(max-width: 300px) 100vw, 300px\" \/><\/a><\/div>\n<div dir=\"auto\">&nbsp;<\/div>\n<div dir=\"auto\">La cuarta sesi\u00f3n consisti\u00f3 en la visita a un centro educativo p\u00fablico de la ciudad de Praga para conocer de primera mano c\u00f3mo se estructura el sistema educativo en la Rep\u00fablica Checa y cu\u00e1l es la organizaci\u00f3n y funcionamiento internos de una instituci\u00f3n escolar. A modo de conclusi\u00f3n, constatamos que dista poco del espa\u00f1ol. Aunque con la salvedad de que se asesora a los alumnos\/as desde tempranas edades hacia itinerarios relacionados con las artes pl\u00e1sticas y la actividad f\u00edsica y deportiva.&nbsp;<\/div>\n<div dir=\"auto\">&nbsp;<\/div>\n<div dir=\"auto\"><a href=\"https:\/\/blogsaverroes.juntadeandalucia.es\/ceipnuestrasenoradebelen\/biblioteca-escolar\/proyecto-siguiente-nivel\/curso-y-formacion-republica-checa\/whatsapp-image-2023-10-10-at-10-35-28\/\" rel=\"attachment wp-att-3017\"><img loading=\"lazy\" decoding=\"async\" class=\"alignnone size-medium wp-image-3017\" src=\"https:\/\/blogsaverroes.juntadeandalucia.es\/ceipnuestrasenoradebelen\/files\/2023\/10\/WhatsApp-Image-2023-10-10-at-10.35.28-300x225.jpeg\" alt=\"\" width=\"300\" height=\"225\" srcset=\"https:\/\/blogsaverroes.juntadeandalucia.es\/ceipnuestrasenoradebelen\/files\/2023\/10\/WhatsApp-Image-2023-10-10-at-10.35.28-300x225.jpeg 300w, https:\/\/blogsaverroes.juntadeandalucia.es\/ceipnuestrasenoradebelen\/files\/2023\/10\/WhatsApp-Image-2023-10-10-at-10.35.28-1024x768.jpeg 1024w, https:\/\/blogsaverroes.juntadeandalucia.es\/ceipnuestrasenoradebelen\/files\/2023\/10\/WhatsApp-Image-2023-10-10-at-10.35.28-768x576.jpeg 768w, https:\/\/blogsaverroes.juntadeandalucia.es\/ceipnuestrasenoradebelen\/files\/2023\/10\/WhatsApp-Image-2023-10-10-at-10.35.28-1536x1152.jpeg 1536w, https:\/\/blogsaverroes.juntadeandalucia.es\/ceipnuestrasenoradebelen\/files\/2023\/10\/WhatsApp-Image-2023-10-10-at-10.35.28-700x525.jpeg 700w, https:\/\/blogsaverroes.juntadeandalucia.es\/ceipnuestrasenoradebelen\/files\/2023\/10\/WhatsApp-Image-2023-10-10-at-10.35.28.jpeg 1600w\" sizes=\"(max-width: 300px) 100vw, 300px\" \/><\/a> <a href=\"https:\/\/blogsaverroes.juntadeandalucia.es\/ceipnuestrasenoradebelen\/biblioteca-escolar\/proyecto-siguiente-nivel\/curso-y-formacion-republica-checa\/whatsapp-image-2023-10-10-at-10-35-29-1\/\" rel=\"attachment wp-att-3011\"><img loading=\"lazy\" decoding=\"async\" class=\"alignnone size-medium wp-image-3011\" src=\"https:\/\/blogsaverroes.juntadeandalucia.es\/ceipnuestrasenoradebelen\/files\/2023\/10\/WhatsApp-Image-2023-10-10-at-10.35.29-1-300x225.jpeg\" alt=\"\" width=\"300\" height=\"225\" srcset=\"https:\/\/blogsaverroes.juntadeandalucia.es\/ceipnuestrasenoradebelen\/files\/2023\/10\/WhatsApp-Image-2023-10-10-at-10.35.29-1-300x225.jpeg 300w, https:\/\/blogsaverroes.juntadeandalucia.es\/ceipnuestrasenoradebelen\/files\/2023\/10\/WhatsApp-Image-2023-10-10-at-10.35.29-1-1024x768.jpeg 1024w, https:\/\/blogsaverroes.juntadeandalucia.es\/ceipnuestrasenoradebelen\/files\/2023\/10\/WhatsApp-Image-2023-10-10-at-10.35.29-1-768x576.jpeg 768w, https:\/\/blogsaverroes.juntadeandalucia.es\/ceipnuestrasenoradebelen\/files\/2023\/10\/WhatsApp-Image-2023-10-10-at-10.35.29-1-1536x1152.jpeg 1536w, https:\/\/blogsaverroes.juntadeandalucia.es\/ceipnuestrasenoradebelen\/files\/2023\/10\/WhatsApp-Image-2023-10-10-at-10.35.29-1-700x525.jpeg 700w, https:\/\/blogsaverroes.juntadeandalucia.es\/ceipnuestrasenoradebelen\/files\/2023\/10\/WhatsApp-Image-2023-10-10-at-10.35.29-1.jpeg 1600w\" sizes=\"(max-width: 300px) 100vw, 300px\" \/><\/a> <a href=\"https:\/\/blogsaverroes.juntadeandalucia.es\/ceipnuestrasenoradebelen\/biblioteca-escolar\/proyecto-siguiente-nivel\/curso-y-formacion-republica-checa\/whatsapp-image-2023-10-10-at-10-35-29\/\" rel=\"attachment wp-att-3012\"><img loading=\"lazy\" decoding=\"async\" class=\"alignnone size-medium wp-image-3012\" src=\"https:\/\/blogsaverroes.juntadeandalucia.es\/ceipnuestrasenoradebelen\/files\/2023\/10\/WhatsApp-Image-2023-10-10-at-10.35.29-225x300.jpeg\" alt=\"\" width=\"225\" height=\"300\" srcset=\"https:\/\/blogsaverroes.juntadeandalucia.es\/ceipnuestrasenoradebelen\/files\/2023\/10\/WhatsApp-Image-2023-10-10-at-10.35.29-225x300.jpeg 225w, https:\/\/blogsaverroes.juntadeandalucia.es\/ceipnuestrasenoradebelen\/files\/2023\/10\/WhatsApp-Image-2023-10-10-at-10.35.29-768x1024.jpeg 768w, https:\/\/blogsaverroes.juntadeandalucia.es\/ceipnuestrasenoradebelen\/files\/2023\/10\/WhatsApp-Image-2023-10-10-at-10.35.29-1152x1536.jpeg 1152w, https:\/\/blogsaverroes.juntadeandalucia.es\/ceipnuestrasenoradebelen\/files\/2023\/10\/WhatsApp-Image-2023-10-10-at-10.35.29-700x933.jpeg 700w, https:\/\/blogsaverroes.juntadeandalucia.es\/ceipnuestrasenoradebelen\/files\/2023\/10\/WhatsApp-Image-2023-10-10-at-10.35.29.jpeg 1200w\" sizes=\"(max-width: 225px) 100vw, 225px\" \/><\/a> <a href=\"https:\/\/blogsaverroes.juntadeandalucia.es\/ceipnuestrasenoradebelen\/biblioteca-escolar\/proyecto-siguiente-nivel\/curso-y-formacion-republica-checa\/whatsapp-image-2023-10-10-at-10-35-28-4\/\" rel=\"attachment wp-att-3013\"><img loading=\"lazy\" decoding=\"async\" class=\"alignnone size-medium wp-image-3013\" src=\"https:\/\/blogsaverroes.juntadeandalucia.es\/ceipnuestrasenoradebelen\/files\/2023\/10\/WhatsApp-Image-2023-10-10-at-10.35.28-4-225x300.jpeg\" alt=\"\" width=\"225\" height=\"300\" srcset=\"https:\/\/blogsaverroes.juntadeandalucia.es\/ceipnuestrasenoradebelen\/files\/2023\/10\/WhatsApp-Image-2023-10-10-at-10.35.28-4-225x300.jpeg 225w, https:\/\/blogsaverroes.juntadeandalucia.es\/ceipnuestrasenoradebelen\/files\/2023\/10\/WhatsApp-Image-2023-10-10-at-10.35.28-4-768x1024.jpeg 768w, https:\/\/blogsaverroes.juntadeandalucia.es\/ceipnuestrasenoradebelen\/files\/2023\/10\/WhatsApp-Image-2023-10-10-at-10.35.28-4-1152x1536.jpeg 1152w, https:\/\/blogsaverroes.juntadeandalucia.es\/ceipnuestrasenoradebelen\/files\/2023\/10\/WhatsApp-Image-2023-10-10-at-10.35.28-4-700x933.jpeg 700w, https:\/\/blogsaverroes.juntadeandalucia.es\/ceipnuestrasenoradebelen\/files\/2023\/10\/WhatsApp-Image-2023-10-10-at-10.35.28-4.jpeg 1200w\" sizes=\"(max-width: 225px) 100vw, 225px\" \/><\/a><\/div>\n<div dir=\"auto\"><a href=\"https:\/\/blogsaverroes.juntadeandalucia.es\/ceipnuestrasenoradebelen\/biblioteca-escolar\/proyecto-siguiente-nivel\/curso-y-formacion-republica-checa\/whatsapp-image-2023-10-10-at-10-35-28-1\/\" rel=\"attachment wp-att-3016\"><img loading=\"lazy\" decoding=\"async\" class=\"alignnone size-medium wp-image-3016\" src=\"https:\/\/blogsaverroes.juntadeandalucia.es\/ceipnuestrasenoradebelen\/files\/2023\/10\/WhatsApp-Image-2023-10-10-at-10.35.28-1-300x225.jpeg\" alt=\"\" width=\"300\" height=\"225\" srcset=\"https:\/\/blogsaverroes.juntadeandalucia.es\/ceipnuestrasenoradebelen\/files\/2023\/10\/WhatsApp-Image-2023-10-10-at-10.35.28-1-300x225.jpeg 300w, https:\/\/blogsaverroes.juntadeandalucia.es\/ceipnuestrasenoradebelen\/files\/2023\/10\/WhatsApp-Image-2023-10-10-at-10.35.28-1-1024x768.jpeg 1024w, https:\/\/blogsaverroes.juntadeandalucia.es\/ceipnuestrasenoradebelen\/files\/2023\/10\/WhatsApp-Image-2023-10-10-at-10.35.28-1-768x576.jpeg 768w, https:\/\/blogsaverroes.juntadeandalucia.es\/ceipnuestrasenoradebelen\/files\/2023\/10\/WhatsApp-Image-2023-10-10-at-10.35.28-1-1536x1152.jpeg 1536w, https:\/\/blogsaverroes.juntadeandalucia.es\/ceipnuestrasenoradebelen\/files\/2023\/10\/WhatsApp-Image-2023-10-10-at-10.35.28-1-700x525.jpeg 700w, https:\/\/blogsaverroes.juntadeandalucia.es\/ceipnuestrasenoradebelen\/files\/2023\/10\/WhatsApp-Image-2023-10-10-at-10.35.28-1.jpeg 1600w\" sizes=\"(max-width: 300px) 100vw, 300px\" \/><\/a><a href=\"https:\/\/blogsaverroes.juntadeandalucia.es\/ceipnuestrasenoradebelen\/biblioteca-escolar\/proyecto-siguiente-nivel\/curso-y-formacion-republica-checa\/whatsapp-image-2023-10-10-at-10-35-28-2\/\" rel=\"attachment wp-att-3015\"><img loading=\"lazy\" decoding=\"async\" class=\"alignnone wp-image-3015 size-medium\" src=\"https:\/\/blogsaverroes.juntadeandalucia.es\/ceipnuestrasenoradebelen\/files\/2023\/10\/WhatsApp-Image-2023-10-10-at-10.35.28-2-300x225.jpeg\" alt=\"\" width=\"300\" height=\"225\" srcset=\"https:\/\/blogsaverroes.juntadeandalucia.es\/ceipnuestrasenoradebelen\/files\/2023\/10\/WhatsApp-Image-2023-10-10-at-10.35.28-2-300x225.jpeg 300w, https:\/\/blogsaverroes.juntadeandalucia.es\/ceipnuestrasenoradebelen\/files\/2023\/10\/WhatsApp-Image-2023-10-10-at-10.35.28-2-1024x768.jpeg 1024w, https:\/\/blogsaverroes.juntadeandalucia.es\/ceipnuestrasenoradebelen\/files\/2023\/10\/WhatsApp-Image-2023-10-10-at-10.35.28-2-768x576.jpeg 768w, https:\/\/blogsaverroes.juntadeandalucia.es\/ceipnuestrasenoradebelen\/files\/2023\/10\/WhatsApp-Image-2023-10-10-at-10.35.28-2-1536x1152.jpeg 1536w, https:\/\/blogsaverroes.juntadeandalucia.es\/ceipnuestrasenoradebelen\/files\/2023\/10\/WhatsApp-Image-2023-10-10-at-10.35.28-2-700x525.jpeg 700w, https:\/\/blogsaverroes.juntadeandalucia.es\/ceipnuestrasenoradebelen\/files\/2023\/10\/WhatsApp-Image-2023-10-10-at-10.35.28-2.jpeg 1600w\" sizes=\"(max-width: 300px) 100vw, 300px\" \/><\/a><\/div>\n<div dir=\"auto\">&nbsp;<\/div>\n<div dir=\"auto\">En la sesi\u00f3n final vivenciamos t\u00e9cnicas de gamificaci\u00f3n. Trabajamos con c\u00f3digos QR y efectuamos una \u00abB\u00fasqueda del Tesoro\u00bb en un parque de la ciudad con la finalidad de crear una historia en la aplicaci\u00f3n <a href=\"https:\/\/www.storyjumper.com\/\">Storyjumper<\/a>. Es fabulosa para el tratamiento en el aula de la competencia en comunicaci\u00f3n ling\u00fc\u00edstica. Finalizamos la ma\u00f1ana con el desarrollo pr\u00e1ctico de una actividad l\u00fadica con <a href=\"https:\/\/quivervision.com\/\">QuiverVision<\/a>.&nbsp;<\/div>\n<div dir=\"auto\">&nbsp;<\/div>\n<div dir=\"auto\"><a href=\"https:\/\/blogsaverroes.juntadeandalucia.es\/ceipnuestrasenoradebelen\/biblioteca-escolar\/proyecto-siguiente-nivel\/curso-y-formacion-republica-checa\/whatsapp-image-2023-10-10-at-10-54-11\/\" rel=\"attachment wp-att-3020\"><img loading=\"lazy\" decoding=\"async\" class=\"alignnone size-medium wp-image-3020\" src=\"https:\/\/blogsaverroes.juntadeandalucia.es\/ceipnuestrasenoradebelen\/files\/2023\/10\/WhatsApp-Image-2023-10-10-at-10.54.11-300x226.jpeg\" alt=\"\" width=\"300\" height=\"226\" srcset=\"https:\/\/blogsaverroes.juntadeandalucia.es\/ceipnuestrasenoradebelen\/files\/2023\/10\/WhatsApp-Image-2023-10-10-at-10.54.11-300x226.jpeg 300w, https:\/\/blogsaverroes.juntadeandalucia.es\/ceipnuestrasenoradebelen\/files\/2023\/10\/WhatsApp-Image-2023-10-10-at-10.54.11-1024x771.jpeg 1024w, https:\/\/blogsaverroes.juntadeandalucia.es\/ceipnuestrasenoradebelen\/files\/2023\/10\/WhatsApp-Image-2023-10-10-at-10.54.11-768x578.jpeg 768w, https:\/\/blogsaverroes.juntadeandalucia.es\/ceipnuestrasenoradebelen\/files\/2023\/10\/WhatsApp-Image-2023-10-10-at-10.54.11-1536x1156.jpeg 1536w, https:\/\/blogsaverroes.juntadeandalucia.es\/ceipnuestrasenoradebelen\/files\/2023\/10\/WhatsApp-Image-2023-10-10-at-10.54.11-700x527.jpeg 700w, https:\/\/blogsaverroes.juntadeandalucia.es\/ceipnuestrasenoradebelen\/files\/2023\/10\/WhatsApp-Image-2023-10-10-at-10.54.11.jpeg 1600w\" sizes=\"(max-width: 300px) 100vw, 300px\" \/><\/a><a href=\"https:\/\/blogsaverroes.juntadeandalucia.es\/ceipnuestrasenoradebelen\/biblioteca-escolar\/proyecto-siguiente-nivel\/curso-y-formacion-republica-checa\/whatsapp-image-2023-10-10-at-10-52-04\/\" rel=\"attachment wp-att-3019\"><img loading=\"lazy\" decoding=\"async\" class=\"alignnone size-medium wp-image-3019\" src=\"https:\/\/blogsaverroes.juntadeandalucia.es\/ceipnuestrasenoradebelen\/files\/2023\/10\/WhatsApp-Image-2023-10-10-at-10.52.04-300x225.jpeg\" alt=\"\" width=\"300\" height=\"225\" srcset=\"https:\/\/blogsaverroes.juntadeandalucia.es\/ceipnuestrasenoradebelen\/files\/2023\/10\/WhatsApp-Image-2023-10-10-at-10.52.04-300x225.jpeg 300w, https:\/\/blogsaverroes.juntadeandalucia.es\/ceipnuestrasenoradebelen\/files\/2023\/10\/WhatsApp-Image-2023-10-10-at-10.52.04-1024x768.jpeg 1024w, https:\/\/blogsaverroes.juntadeandalucia.es\/ceipnuestrasenoradebelen\/files\/2023\/10\/WhatsApp-Image-2023-10-10-at-10.52.04-768x576.jpeg 768w, https:\/\/blogsaverroes.juntadeandalucia.es\/ceipnuestrasenoradebelen\/files\/2023\/10\/WhatsApp-Image-2023-10-10-at-10.52.04-1536x1152.jpeg 1536w, https:\/\/blogsaverroes.juntadeandalucia.es\/ceipnuestrasenoradebelen\/files\/2023\/10\/WhatsApp-Image-2023-10-10-at-10.52.04-700x525.jpeg 700w, https:\/\/blogsaverroes.juntadeandalucia.es\/ceipnuestrasenoradebelen\/files\/2023\/10\/WhatsApp-Image-2023-10-10-at-10.52.04.jpeg 1600w\" sizes=\"(max-width: 300px) 100vw, 300px\" \/><\/a><a href=\"https:\/\/blogsaverroes.juntadeandalucia.es\/ceipnuestrasenoradebelen\/biblioteca-escolar\/proyecto-siguiente-nivel\/curso-y-formacion-republica-checa\/whatsapp-image-2023-10-10-at-10-52-04-1\/\" rel=\"attachment wp-att-3018\"><img loading=\"lazy\" decoding=\"async\" class=\"alignnone size-medium wp-image-3018\" src=\"https:\/\/blogsaverroes.juntadeandalucia.es\/ceipnuestrasenoradebelen\/files\/2023\/10\/WhatsApp-Image-2023-10-10-at-10.52.04-1-225x300.jpeg\" alt=\"\" width=\"225\" height=\"300\" srcset=\"https:\/\/blogsaverroes.juntadeandalucia.es\/ceipnuestrasenoradebelen\/files\/2023\/10\/WhatsApp-Image-2023-10-10-at-10.52.04-1-225x300.jpeg 225w, https:\/\/blogsaverroes.juntadeandalucia.es\/ceipnuestrasenoradebelen\/files\/2023\/10\/WhatsApp-Image-2023-10-10-at-10.52.04-1-768x1024.jpeg 768w, https:\/\/blogsaverroes.juntadeandalucia.es\/ceipnuestrasenoradebelen\/files\/2023\/10\/WhatsApp-Image-2023-10-10-at-10.52.04-1-1152x1536.jpeg 1152w, https:\/\/blogsaverroes.juntadeandalucia.es\/ceipnuestrasenoradebelen\/files\/2023\/10\/WhatsApp-Image-2023-10-10-at-10.52.04-1-700x933.jpeg 700w, https:\/\/blogsaverroes.juntadeandalucia.es\/ceipnuestrasenoradebelen\/files\/2023\/10\/WhatsApp-Image-2023-10-10-at-10.52.04-1.jpeg 1200w\" sizes=\"(max-width: 225px) 100vw, 225px\" \/><\/a><a href=\"https:\/\/blogsaverroes.juntadeandalucia.es\/ceipnuestrasenoradebelen\/biblioteca-escolar\/proyecto-siguiente-nivel\/curso-y-formacion-republica-checa\/whatsapp-image-2023-10-10-at-10-52-04-1\/\" rel=\"attachment wp-att-3018\"><br \/>\n<\/a><\/div>\n<div dir=\"auto\">&nbsp;<\/div>\n<div dir=\"auto\">&nbsp;<\/div>\n","protected":false},"excerpt":{"rendered":"<p>VIVIR ERASMUS+ &nbsp; La formaci\u00f3n en competencias digitales de nuestro profesorado y alumnado y la digitalizaci\u00f3n de nuestras aulas son necesidades del presente a las que haremos frente gracias a una nueva movilidad del&#46;&#46;&#46;<\/p>\n","protected":false},"author":5528,"featured_media":0,"parent":493,"menu_order":3,"comment_status":"closed","ping_status":"closed","template":"","meta":{"ngg_post_thumbnail":0,"footnotes":""},"aioseo_notices":[],"_links":{"self":[{"href":"https:\/\/blogsaverroes.juntadeandalucia.es\/ceipnuestrasenoradebelen\/wp-json\/wp\/v2\/pages\/2564"}],"collection":[{"href":"https:\/\/blogsaverroes.juntadeandalucia.es\/ceipnuestrasenoradebelen\/wp-json\/wp\/v2\/pages"}],"about":[{"href":"https:\/\/blogsaverroes.juntadeandalucia.es\/ceipnuestrasenoradebelen\/wp-json\/wp\/v2\/types\/page"}],"author":[{"embeddable":true,"href":"https:\/\/blogsaverroes.juntadeandalucia.es\/ceipnuestrasenoradebelen\/wp-json\/wp\/v2\/users\/5528"}],"replies":[{"embeddable":true,"href":"https:\/\/blogsaverroes.juntadeandalucia.es\/ceipnuestrasenoradebelen\/wp-json\/wp\/v2\/comments?post=2564"}],"version-history":[{"count":12,"href":"https:\/\/blogsaverroes.juntadeandalucia.es\/ceipnuestrasenoradebelen\/wp-json\/wp\/v2\/pages\/2564\/revisions"}],"predecessor-version":[{"id":3021,"href":"https:\/\/blogsaverroes.juntadeandalucia.es\/ceipnuestrasenoradebelen\/wp-json\/wp\/v2\/pages\/2564\/revisions\/3021"}],"up":[{"embeddable":true,"href":"https:\/\/blogsaverroes.juntadeandalucia.es\/ceipnuestrasenoradebelen\/wp-json\/wp\/v2\/pages\/493"}],"wp:attachment":[{"href":"https:\/\/blogsaverroes.juntadeandalucia.es\/ceipnuestrasenoradebelen\/wp-json\/wp\/v2\/media?parent=2564"}],"curies":[{"name":"wp","href":"https:\/\/api.w.org\/{rel}","templated":true}]}}