{"id":1547,"date":"2024-10-24T10:21:44","date_gmt":"2024-10-24T09:21:44","guid":{"rendered":"https:\/\/blogsaverroes.juntadeandalucia.es\/ceipnuestrasenoradelapaz\/?page_id=1547"},"modified":"2024-12-05T17:18:15","modified_gmt":"2024-12-05T16:18:15","slug":"actividades-2o-ciclo","status":"publish","type":"page","link":"https:\/\/blogsaverroes.juntadeandalucia.es\/ceipnuestrasenoradelapaz\/actividades-2o-ciclo\/","title":{"rendered":"Actividades 2\u00ba ciclo"},"content":{"rendered":"\t\t<div data-elementor-type=\"wp-page\" data-elementor-id=\"1547\" class=\"elementor elementor-1547\">\n\t\t\t\t<div class=\"elementor-element elementor-element-d22c34c e-flex e-con-boxed e-con e-parent\" data-id=\"d22c34c\" data-element_type=\"container\">\n\t\t\t\t\t<div class=\"e-con-inner\">\n\t\t\t\t<div class=\"elementor-element elementor-element-f5a3bee elementor-widget elementor-widget-contentviews_widget_list1\" data-id=\"f5a3bee\" data-element_type=\"widget\" data-widget_type=\"contentviews_widget_list1.default\">\n\t\t\t\t<div class=\"elementor-widget-container\">\n\t\t\t\t\t<div class='pt-cv-wrapper'> <div class=\"pt-cv-view pt-cv-blockgrid iscvblock iscvelementor list1 layout1\" id=\"pt-cv-view-f5a3bee\"><div data-id=\"pt-cv-page-1\" class=\"pt-cv-page\" data-cvc=\"1\"><div class=\" pt-cv-content-item pt-cv-2-col\" ><div class=\"pt-cv-thumb-wrapper pull-left \"><a href=\"https:\/\/blogsaverroes.juntadeandalucia.es\/ceipnuestrasenoradelapaz\/un-dia-de-badminton-para-recordar-%f0%9f%8f%b8\/\" class=\"_self pt-cv-href-thumbnail pt-cv-thumb-left\" target=\"_self\" ><img fetchpriority=\"high\" decoding=\"async\" width=\"683\" height=\"1024\" src=\"https:\/\/blogsaverroes.juntadeandalucia.es\/ceipnuestrasenoradelapaz\/files\/2025\/06\/ChatGPT-Image-19-jun-2025-18_35_40-683x1024.png\" class=\"pt-cv-thumbnail pull-left\" alt=\"\" \/><\/a><\/div>\n<div class=\"pt-cv-colwrap\"><div class=\"pt-cv-taxoterm above_title\"><a href='https:\/\/blogsaverroes.juntadeandalucia.es\/ceipnuestrasenoradelapaz\/category\/actividades-2o-ciclo\/' title='Actividades 2\u00ba ciclo' class='pt-cv-tax-actividades-2o-ciclo'>Actividades 2\u00ba ciclo<\/a><a href='https:\/\/blogsaverroes.juntadeandalucia.es\/ceipnuestrasenoradelapaz\/category\/sin-categoria\/' title='NOVEDADES' class='pt-cv-tax-sin-categoria'>NOVEDADES<\/a><\/div><h4 class=\"pt-cv-title\"><a href=\"https:\/\/blogsaverroes.juntadeandalucia.es\/ceipnuestrasenoradelapaz\/un-dia-de-badminton-para-recordar-%f0%9f%8f%b8\/\" class=\"_self\" target=\"_self\" >\u00a1Un d\u00eda de b\u00e1dminton para recordar! \ud83c\udff8<\/a><\/h4><div class=\"pt-cv-content\">Hoy, el alumnado de Cuarto de Primaria ha vivido una experiencia deportiva muy especial. Nos hemos desplazado hasta el polideportivo ...<\/div><div class=\"pt-cv-rmwrap\"><a href=\"https:\/\/blogsaverroes.juntadeandalucia.es\/ceipnuestrasenoradelapaz\/un-dia-de-badminton-para-recordar-%f0%9f%8f%b8\/\" class=\"_self pt-cv-readmore btn btn-success\" target=\"_self\" >Leer M\u00e1s<\/a><\/div><div class=\"pt-cv-meta-fields\"><span class=\"entry-date\"> <time datetime=\"2025-06-19T17:36:12+01:00\">19 junio, 2025<\/time><\/span><span> \/ <\/span><span class=\"author\"> <a href=\"https:\/\/blogsaverroes.juntadeandalucia.es\/ceipnuestrasenoradelapaz\/author\/29007809edu\/\" rel=\"author\">CEIP Nuestra Se\u00f1ora de la Paz<\/a><\/span><\/div><\/div><\/div>\n<div class=\" pt-cv-content-item pt-cv-2-col\" ><div class=\"pt-cv-thumb-wrapper pull-left \"><a href=\"https:\/\/blogsaverroes.juntadeandalucia.es\/ceipnuestrasenoradelapaz\/%f0%9f%8c%bf-excursion-a-la-granja-escuela-la-albuqueria-%f0%9f%90%90\/\" class=\"_self pt-cv-href-thumbnail pt-cv-thumb-left\" target=\"_self\" ><img decoding=\"async\" width=\"197\" height=\"211\" src=\"https:\/\/blogsaverroes.juntadeandalucia.es\/ceipnuestrasenoradelapaz\/files\/2025\/06\/Captura-de-pantalla-2025-06-06-183315.jpg\" class=\"pt-cv-thumbnail pull-left\" alt=\"\" \/><\/a><\/div>\n<div class=\"pt-cv-colwrap\"><div class=\"pt-cv-taxoterm above_title\"><a href='https:\/\/blogsaverroes.juntadeandalucia.es\/ceipnuestrasenoradelapaz\/category\/actividades-1o-ciclo\/' title='Actividades 1\u00ba ciclo' class='pt-cv-tax-actividades-1o-ciclo'>Actividades 1\u00ba ciclo<\/a><a href='https:\/\/blogsaverroes.juntadeandalucia.es\/ceipnuestrasenoradelapaz\/category\/actividades-2o-ciclo\/' title='Actividades 2\u00ba ciclo' class='pt-cv-tax-actividades-2o-ciclo'>Actividades 2\u00ba ciclo<\/a><a href='https:\/\/blogsaverroes.juntadeandalucia.es\/ceipnuestrasenoradelapaz\/category\/actividades-3o-ciclo\/' title='Actividades 3\u00ba ciclo' class='pt-cv-tax-actividades-3o-ciclo'>Actividades 3\u00ba ciclo<\/a><a href='https:\/\/blogsaverroes.juntadeandalucia.es\/ceipnuestrasenoradelapaz\/category\/sin-categoria\/' title='NOVEDADES' class='pt-cv-tax-sin-categoria'>NOVEDADES<\/a><\/div><h4 class=\"pt-cv-title\"><a href=\"https:\/\/blogsaverroes.juntadeandalucia.es\/ceipnuestrasenoradelapaz\/%f0%9f%8c%bf-excursion-a-la-granja-escuela-la-albuqueria-%f0%9f%90%90\/\" class=\"_self\" target=\"_self\" >\ud83c\udf3f \u00a1Excursi\u00f3n a la Granja Escuela &#8220;La Albuquer\u00eda&#8221;! \ud83d\udc10<\/a><\/h4><div class=\"pt-cv-content\">El pasado jueves 05 de junio, los alumnos y alumnas de 1\u00ba a 6\u00ba de Primaria de nuestro Colegio, vivieron ...<\/div><div class=\"pt-cv-rmwrap\"><a href=\"https:\/\/blogsaverroes.juntadeandalucia.es\/ceipnuestrasenoradelapaz\/%f0%9f%8c%bf-excursion-a-la-granja-escuela-la-albuqueria-%f0%9f%90%90\/\" class=\"_self pt-cv-readmore btn btn-success\" target=\"_self\" >Leer M\u00e1s<\/a><\/div><div class=\"pt-cv-meta-fields\"><span class=\"entry-date\"> <time datetime=\"2025-06-06T17:35:16+01:00\">6 junio, 2025<\/time><\/span><span> \/ <\/span><span class=\"author\"> <a href=\"https:\/\/blogsaverroes.juntadeandalucia.es\/ceipnuestrasenoradelapaz\/author\/29007809edu\/\" rel=\"author\">CEIP Nuestra Se\u00f1ora de la Paz<\/a><\/span><\/div><\/div><\/div>\n<div class=\" pt-cv-content-item pt-cv-2-col\" ><div class=\"pt-cv-thumb-wrapper pull-left \"><a href=\"https:\/\/blogsaverroes.juntadeandalucia.es\/ceipnuestrasenoradelapaz\/un-paseo-por-la-historia-y-la-fe\/\" class=\"_self pt-cv-href-thumbnail pt-cv-thumb-left\" target=\"_self\" ><img decoding=\"async\" width=\"1024\" height=\"1024\" src=\"https:\/\/blogsaverroes.juntadeandalucia.es\/ceipnuestrasenoradelapaz\/files\/2025\/05\/ChatGPT-Image-22-may-2025-22_03_58.png\" class=\"pt-cv-thumbnail pull-left\" alt=\"\" \/><\/a><\/div>\n<div class=\"pt-cv-colwrap\"><div class=\"pt-cv-taxoterm above_title\"><a href='https:\/\/blogsaverroes.juntadeandalucia.es\/ceipnuestrasenoradelapaz\/category\/actividades-1o-ciclo\/' title='Actividades 1\u00ba ciclo' class='pt-cv-tax-actividades-1o-ciclo'>Actividades 1\u00ba ciclo<\/a><a href='https:\/\/blogsaverroes.juntadeandalucia.es\/ceipnuestrasenoradelapaz\/category\/actividades-2o-ciclo\/' title='Actividades 2\u00ba ciclo' class='pt-cv-tax-actividades-2o-ciclo'>Actividades 2\u00ba ciclo<\/a><a href='https:\/\/blogsaverroes.juntadeandalucia.es\/ceipnuestrasenoradelapaz\/category\/actividades-3o-ciclo\/' title='Actividades 3\u00ba ciclo' class='pt-cv-tax-actividades-3o-ciclo'>Actividades 3\u00ba ciclo<\/a><a href='https:\/\/blogsaverroes.juntadeandalucia.es\/ceipnuestrasenoradelapaz\/category\/sin-categoria\/' title='NOVEDADES' class='pt-cv-tax-sin-categoria'>NOVEDADES<\/a><\/div><h4 class=\"pt-cv-title\"><a href=\"https:\/\/blogsaverroes.juntadeandalucia.es\/ceipnuestrasenoradelapaz\/un-paseo-por-la-historia-y-la-fe\/\" class=\"_self\" target=\"_self\" >\u00a1Un paseo por la historia y la fe!<\/a><\/h4><div class=\"pt-cv-content\">Hoy nuestro alumnado, desde 1\u00ba hasta 6\u00ba de Primaria, ha disfrutado de una preciosa excursi\u00f3n por algunos de los rincones ...<\/div><div class=\"pt-cv-rmwrap\"><a href=\"https:\/\/blogsaverroes.juntadeandalucia.es\/ceipnuestrasenoradelapaz\/un-paseo-por-la-historia-y-la-fe\/\" class=\"_self pt-cv-readmore btn btn-success\" target=\"_self\" >Leer M\u00e1s<\/a><\/div><div class=\"pt-cv-meta-fields\"><span class=\"entry-date\"> <time datetime=\"2025-05-22T21:04:23+01:00\">22 mayo, 2025<\/time><\/span><span> \/ <\/span><span class=\"author\"> <a href=\"https:\/\/blogsaverroes.juntadeandalucia.es\/ceipnuestrasenoradelapaz\/author\/29007809edu\/\" rel=\"author\">CEIP Nuestra Se\u00f1ora de la Paz<\/a><\/span><\/div><\/div><\/div>\n<div class=\" pt-cv-content-item pt-cv-2-col\" ><div class=\"pt-cv-thumb-wrapper pull-left \"><a href=\"https:\/\/blogsaverroes.juntadeandalucia.es\/ceipnuestrasenoradelapaz\/%f0%9f%8f%9e%ef%b8%8f-un-paseo-por-la-historia-y-la-naturaleza-%f0%9f%8c%bf\/\" class=\"_self pt-cv-href-thumbnail pt-cv-thumb-left\" target=\"_self\" ><img loading=\"lazy\" decoding=\"async\" width=\"1024\" height=\"807\" src=\"https:\/\/blogsaverroes.juntadeandalucia.es\/ceipnuestrasenoradelapaz\/files\/2025\/04\/Imagen-de-WhatsApp-2025-04-24-a-las-14.27.54_c8182118-1024x807.jpg\" class=\"pt-cv-thumbnail pull-left\" alt=\"\" \/><\/a><\/div>\n<div class=\"pt-cv-colwrap\"><div class=\"pt-cv-taxoterm above_title\"><a href='https:\/\/blogsaverroes.juntadeandalucia.es\/ceipnuestrasenoradelapaz\/category\/actividades-2o-ciclo\/' title='Actividades 2\u00ba ciclo' class='pt-cv-tax-actividades-2o-ciclo'>Actividades 2\u00ba ciclo<\/a><a href='https:\/\/blogsaverroes.juntadeandalucia.es\/ceipnuestrasenoradelapaz\/category\/actividades-3o-ciclo\/' title='Actividades 3\u00ba ciclo' class='pt-cv-tax-actividades-3o-ciclo'>Actividades 3\u00ba ciclo<\/a><a href='https:\/\/blogsaverroes.juntadeandalucia.es\/ceipnuestrasenoradelapaz\/category\/sin-categoria\/' title='NOVEDADES' class='pt-cv-tax-sin-categoria'>NOVEDADES<\/a><\/div><h4 class=\"pt-cv-title\"><a href=\"https:\/\/blogsaverroes.juntadeandalucia.es\/ceipnuestrasenoradelapaz\/%f0%9f%8f%9e%ef%b8%8f-un-paseo-por-la-historia-y-la-naturaleza-%f0%9f%8c%bf\/\" class=\"_self\" target=\"_self\" >\ud83c\udfde\ufe0f \u00a1Un paseo por la historia y la naturaleza! \ud83c\udf3f<\/a><\/h4><div class=\"pt-cv-content\">Hoy nuestro alumnado de 3\u00ba, 4\u00ba y 5\u00ba de Primaria ha vivido una jornada diferente y muy especial. Desde las ...<\/div><div class=\"pt-cv-rmwrap\"><a href=\"https:\/\/blogsaverroes.juntadeandalucia.es\/ceipnuestrasenoradelapaz\/%f0%9f%8f%9e%ef%b8%8f-un-paseo-por-la-historia-y-la-naturaleza-%f0%9f%8c%bf\/\" class=\"_self pt-cv-readmore btn btn-success\" target=\"_self\" >Leer M\u00e1s<\/a><\/div><div class=\"pt-cv-meta-fields\"><span class=\"entry-date\"> <time datetime=\"2025-04-24T17:03:05+01:00\">24 abril, 2025<\/time><\/span><span> \/ <\/span><span class=\"author\"> <a href=\"https:\/\/blogsaverroes.juntadeandalucia.es\/ceipnuestrasenoradelapaz\/author\/29007809edu\/\" rel=\"author\">CEIP Nuestra Se\u00f1ora de la Paz<\/a><\/span><\/div><\/div><\/div>\n<div class=\" pt-cv-content-item pt-cv-2-col\" ><div class=\"pt-cv-thumb-wrapper pull-left \"><a href=\"https:\/\/blogsaverroes.juntadeandalucia.es\/ceipnuestrasenoradelapaz\/%f0%9f%8e%89%f0%9f%94%ac-todo-un-exito-nuestro-dia-en-la-iv-feria-de-inventos-y-talentos-%f0%9f%8e%a5%e2%9c%a8\/\" class=\"_self pt-cv-href-thumbnail pt-cv-thumb-left\" target=\"_self\" ><img loading=\"lazy\" decoding=\"async\" width=\"769\" height=\"1024\" src=\"https:\/\/blogsaverroes.juntadeandalucia.es\/ceipnuestrasenoradelapaz\/files\/2025\/04\/Imagen-de-WhatsApp-2025-04-11-a-las-10.29.25_9ca573fa-769x1024.jpg\" class=\"pt-cv-thumbnail pull-left\" alt=\"\" \/><\/a><\/div>\n<div class=\"pt-cv-colwrap\"><div class=\"pt-cv-taxoterm above_title\"><a href='https:\/\/blogsaverroes.juntadeandalucia.es\/ceipnuestrasenoradelapaz\/category\/actividades-2o-ciclo\/' title='Actividades 2\u00ba ciclo' class='pt-cv-tax-actividades-2o-ciclo'>Actividades 2\u00ba ciclo<\/a><a href='https:\/\/blogsaverroes.juntadeandalucia.es\/ceipnuestrasenoradelapaz\/category\/actividades-3o-ciclo\/' title='Actividades 3\u00ba ciclo' class='pt-cv-tax-actividades-3o-ciclo'>Actividades 3\u00ba ciclo<\/a><a href='https:\/\/blogsaverroes.juntadeandalucia.es\/ceipnuestrasenoradelapaz\/category\/sin-categoria\/' title='NOVEDADES' class='pt-cv-tax-sin-categoria'>NOVEDADES<\/a><\/div><h4 class=\"pt-cv-title\"><a href=\"https:\/\/blogsaverroes.juntadeandalucia.es\/ceipnuestrasenoradelapaz\/%f0%9f%8e%89%f0%9f%94%ac-todo-un-exito-nuestro-dia-en-la-iv-feria-de-inventos-y-talentos-%f0%9f%8e%a5%e2%9c%a8\/\" class=\"_self\" target=\"_self\" >\ud83c\udf89\ud83d\udd2c \u00a1Todo un \u00e9xito nuestro d\u00eda en la IV Feria de Inventos y Talentos! \ud83c\udfa5\u2728<\/a><\/h4><div class=\"pt-cv-content\">\u00a1Hoy, por fin, lleg\u00f3 el gran d\u00eda! Nuestro cole ha disfrutado al m\u00e1ximo participando en la IV Feria de Inventos ...<\/div><div class=\"pt-cv-rmwrap\"><a href=\"https:\/\/blogsaverroes.juntadeandalucia.es\/ceipnuestrasenoradelapaz\/%f0%9f%8e%89%f0%9f%94%ac-todo-un-exito-nuestro-dia-en-la-iv-feria-de-inventos-y-talentos-%f0%9f%8e%a5%e2%9c%a8\/\" class=\"_self pt-cv-readmore btn btn-success\" target=\"_self\" >Leer M\u00e1s<\/a><\/div><div class=\"pt-cv-meta-fields\"><span class=\"entry-date\"> <time datetime=\"2025-04-11T13:07:03+01:00\">11 abril, 2025<\/time><\/span><span> \/ <\/span><span class=\"author\"> <a href=\"https:\/\/blogsaverroes.juntadeandalucia.es\/ceipnuestrasenoradelapaz\/author\/29007809edu\/\" rel=\"author\">CEIP Nuestra Se\u00f1ora de la Paz<\/a><\/span><\/div><\/div><\/div>\n<div class=\" pt-cv-content-item pt-cv-2-col\" ><div class=\"pt-cv-thumb-wrapper pull-left \"><a href=\"https:\/\/blogsaverroes.juntadeandalucia.es\/ceipnuestrasenoradelapaz\/tradiciones-que-nos-unen-visita-a-la-iglesia-santa-maria-la-mayor\/\" class=\"_self pt-cv-href-thumbnail pt-cv-thumb-left\" target=\"_self\" ><img loading=\"lazy\" decoding=\"async\" width=\"522\" height=\"437\" src=\"https:\/\/blogsaverroes.juntadeandalucia.es\/ceipnuestrasenoradelapaz\/files\/2025\/04\/Captura-de-pantalla-2025-04-09-122940.jpg\" class=\"pt-cv-thumbnail pull-left\" alt=\"\" \/><\/a><\/div>\n<div class=\"pt-cv-colwrap\"><div class=\"pt-cv-taxoterm above_title\"><a href='https:\/\/blogsaverroes.juntadeandalucia.es\/ceipnuestrasenoradelapaz\/category\/actividades-1o-ciclo\/' title='Actividades 1\u00ba ciclo' class='pt-cv-tax-actividades-1o-ciclo'>Actividades 1\u00ba ciclo<\/a><a href='https:\/\/blogsaverroes.juntadeandalucia.es\/ceipnuestrasenoradelapaz\/category\/actividades-2o-ciclo\/' title='Actividades 2\u00ba ciclo' class='pt-cv-tax-actividades-2o-ciclo'>Actividades 2\u00ba ciclo<\/a><a href='https:\/\/blogsaverroes.juntadeandalucia.es\/ceipnuestrasenoradelapaz\/category\/actividades-3o-ciclo\/' title='Actividades 3\u00ba ciclo' class='pt-cv-tax-actividades-3o-ciclo'>Actividades 3\u00ba ciclo<\/a><a href='https:\/\/blogsaverroes.juntadeandalucia.es\/ceipnuestrasenoradelapaz\/category\/sin-categoria\/' title='NOVEDADES' class='pt-cv-tax-sin-categoria'>NOVEDADES<\/a><\/div><h4 class=\"pt-cv-title\"><a href=\"https:\/\/blogsaverroes.juntadeandalucia.es\/ceipnuestrasenoradelapaz\/tradiciones-que-nos-unen-visita-a-la-iglesia-santa-maria-la-mayor\/\" class=\"_self\" target=\"_self\" >Tradiciones que nos unen: visita a la Iglesia Santa Mar\u00eda la Mayor<\/a><\/h4><div class=\"pt-cv-content\">Hoy ha sido un d\u00eda muy especial para el alumnado de Religi\u00f3n, desde 1\u00ba hasta 6\u00ba de Primaria. Hemos realizado ...<\/div><div class=\"pt-cv-rmwrap\"><a href=\"https:\/\/blogsaverroes.juntadeandalucia.es\/ceipnuestrasenoradelapaz\/tradiciones-que-nos-unen-visita-a-la-iglesia-santa-maria-la-mayor\/\" class=\"_self pt-cv-readmore btn btn-success\" target=\"_self\" >Leer M\u00e1s<\/a><\/div><div class=\"pt-cv-meta-fields\"><span class=\"entry-date\"> <time datetime=\"2025-04-09T11:31:54+01:00\">9 abril, 2025<\/time><\/span><span> \/ <\/span><span class=\"author\"> <a href=\"https:\/\/blogsaverroes.juntadeandalucia.es\/ceipnuestrasenoradelapaz\/author\/29007809edu\/\" rel=\"author\">CEIP Nuestra Se\u00f1ora de la Paz<\/a><\/span><\/div><\/div><\/div><\/div><\/div> <\/div> \t\t\t\t<\/div>\n\t\t\t\t<\/div>\n\t\t\t\t\t<\/div>\n\t\t\t\t<\/div>\n\t\t\t\t<\/div>\n\t\t","protected":false},"excerpt":{"rendered":"<p>Actividades 2\u00ba ciclo Celebraci\u00f3n del D\u00eda de la Constituci\u00f3n Hoy, 5 de diciembre, nuestros alumnos y alumnas de 3\u00ba de Primaria tuvieron el honor de participar en las actividades &#8230;Leer M\u00e1s 5 diciembre, 2024&#46;&#46;&#46;<\/p>\n","protected":false},"author":17251,"featured_media":0,"parent":0,"menu_order":0,"comment_status":"closed","ping_status":"closed","template":"","meta":{"ngg_post_thumbnail":0,"footnotes":"","_mc_calendar":[]},"aioseo_notices":[],"_links":{"self":[{"href":"https:\/\/blogsaverroes.juntadeandalucia.es\/ceipnuestrasenoradelapaz\/wp-json\/wp\/v2\/pages\/1547"}],"collection":[{"href":"https:\/\/blogsaverroes.juntadeandalucia.es\/ceipnuestrasenoradelapaz\/wp-json\/wp\/v2\/pages"}],"about":[{"href":"https:\/\/blogsaverroes.juntadeandalucia.es\/ceipnuestrasenoradelapaz\/wp-json\/wp\/v2\/types\/page"}],"author":[{"embeddable":true,"href":"https:\/\/blogsaverroes.juntadeandalucia.es\/ceipnuestrasenoradelapaz\/wp-json\/wp\/v2\/users\/17251"}],"replies":[{"embeddable":true,"href":"https:\/\/blogsaverroes.juntadeandalucia.es\/ceipnuestrasenoradelapaz\/wp-json\/wp\/v2\/comments?post=1547"}],"version-history":[{"count":4,"href":"https:\/\/blogsaverroes.juntadeandalucia.es\/ceipnuestrasenoradelapaz\/wp-json\/wp\/v2\/pages\/1547\/revisions"}],"predecessor-version":[{"id":1746,"href":"https:\/\/blogsaverroes.juntadeandalucia.es\/ceipnuestrasenoradelapaz\/wp-json\/wp\/v2\/pages\/1547\/revisions\/1746"}],"wp:attachment":[{"href":"https:\/\/blogsaverroes.juntadeandalucia.es\/ceipnuestrasenoradelapaz\/wp-json\/wp\/v2\/media?parent=1547"}],"curies":[{"name":"wp","href":"https:\/\/api.w.org\/{rel}","templated":true}]}}