{"id":1554,"date":"2024-10-24T10:24:41","date_gmt":"2024-10-24T09:24:41","guid":{"rendered":"https:\/\/blogsaverroes.juntadeandalucia.es\/ceipnuestrasenoradelapaz\/?page_id=1554"},"modified":"2024-11-01T13:03:49","modified_gmt":"2024-11-01T12:03:49","slug":"actividades-infantil","status":"publish","type":"page","link":"https:\/\/blogsaverroes.juntadeandalucia.es\/ceipnuestrasenoradelapaz\/actividades-infantil\/","title":{"rendered":"Actividades Infantil"},"content":{"rendered":"\t\t<div data-elementor-type=\"wp-page\" data-elementor-id=\"1554\" class=\"elementor elementor-1554\">\n\t\t\t\t<div class=\"elementor-element elementor-element-44e2a12 e-flex e-con-boxed e-con e-parent\" data-id=\"44e2a12\" data-element_type=\"container\">\n\t\t\t\t\t<div class=\"e-con-inner\">\n\t\t\t\t<div class=\"elementor-element elementor-element-a92a4ab elementor-widget elementor-widget-contentviews_widget_list1\" data-id=\"a92a4ab\" data-element_type=\"widget\" data-widget_type=\"contentviews_widget_list1.default\">\n\t\t\t\t<div class=\"elementor-widget-container\">\n\t\t\t\t\t<div class='pt-cv-wrapper'> <div class=\"pt-cv-view pt-cv-blockgrid iscvblock iscvelementor list1 layout1\" id=\"pt-cv-view-a92a4ab\"><div data-id=\"pt-cv-page-1\" class=\"pt-cv-page\" data-cvc=\"1\"><div class=\" pt-cv-content-item pt-cv-2-col\" ><div class=\"pt-cv-thumb-wrapper pull-left \"><a href=\"https:\/\/blogsaverroes.juntadeandalucia.es\/ceipnuestrasenoradelapaz\/%f0%9f%8e%b8pequenos-que-se-hacen-grandes-hasta-siempre-infantil-%f0%9f%8e%93\/\" class=\"_self pt-cv-href-thumbnail pt-cv-thumb-left\" target=\"_self\" ><img fetchpriority=\"high\" decoding=\"async\" width=\"722\" height=\"569\" src=\"https:\/\/blogsaverroes.juntadeandalucia.es\/ceipnuestrasenoradelapaz\/files\/2025\/06\/Imagen-de-WhatsApp-2025-06-19-a-las-18.58.15_222b45a8.jpg\" class=\"pt-cv-thumbnail pull-left\" alt=\"\" \/><\/a><\/div>\n<div class=\"pt-cv-colwrap\"><div class=\"pt-cv-taxoterm above_title\"><a href='https:\/\/blogsaverroes.juntadeandalucia.es\/ceipnuestrasenoradelapaz\/category\/actividades-infantil\/' title='Actividades Infantil' class='pt-cv-tax-actividades-infantil'>Actividades Infantil<\/a><a href='https:\/\/blogsaverroes.juntadeandalucia.es\/ceipnuestrasenoradelapaz\/category\/sin-categoria\/' title='NOVEDADES' class='pt-cv-tax-sin-categoria'>NOVEDADES<\/a><\/div><h4 class=\"pt-cv-title\"><a href=\"https:\/\/blogsaverroes.juntadeandalucia.es\/ceipnuestrasenoradelapaz\/%f0%9f%8e%b8pequenos-que-se-hacen-grandes-hasta-siempre-infantil-%f0%9f%8e%93\/\" class=\"_self\" target=\"_self\" >\ud83c\udfb8Peque\u00f1os que se hacen grandes&#8230; \u00a1hasta siempre, Infantil! \ud83c\udf93<\/a><\/h4><div class=\"pt-cv-content\">\u00a1Qu\u00e9 d\u00eda tan especial vivimos ayer en nuestra escuela! \u2764\ufe0f Celebramos la esperada graduaci\u00f3n del alumnado de 5 a\u00f1os de ...<\/div><div class=\"pt-cv-rmwrap\"><a href=\"https:\/\/blogsaverroes.juntadeandalucia.es\/ceipnuestrasenoradelapaz\/%f0%9f%8e%b8pequenos-que-se-hacen-grandes-hasta-siempre-infantil-%f0%9f%8e%93\/\" class=\"_self pt-cv-readmore btn btn-success\" target=\"_self\" >Leer M\u00e1s<\/a><\/div><div class=\"pt-cv-meta-fields\"><span class=\"entry-date\"> <time datetime=\"2025-06-19T18:05:25+01:00\">19 junio, 2025<\/time><\/span><span> \/ <\/span><span class=\"author\"> <a href=\"https:\/\/blogsaverroes.juntadeandalucia.es\/ceipnuestrasenoradelapaz\/author\/29007809edu\/\" rel=\"author\">CEIP Nuestra Se\u00f1ora de la Paz<\/a><\/span><\/div><\/div><\/div>\n<div class=\" pt-cv-content-item pt-cv-2-col\" ><div class=\"pt-cv-thumb-wrapper pull-left \"><a href=\"https:\/\/blogsaverroes.juntadeandalucia.es\/ceipnuestrasenoradelapaz\/taller-de-reposteria-con-rocio-crema-de-mango-sin-azucar-ni-lactosa\/\" class=\"_self pt-cv-href-thumbnail pt-cv-thumb-left\" target=\"_self\" ><img decoding=\"async\" width=\"751\" height=\"1024\" src=\"https:\/\/blogsaverroes.juntadeandalucia.es\/ceipnuestrasenoradelapaz\/files\/2025\/06\/Imagen-de-WhatsApp-2025-06-05-a-las-16.51.29_7516f8b9-751x1024.jpg\" class=\"pt-cv-thumbnail pull-left\" alt=\"\" \/><\/a><\/div>\n<div class=\"pt-cv-colwrap\"><div class=\"pt-cv-taxoterm above_title\"><a href='https:\/\/blogsaverroes.juntadeandalucia.es\/ceipnuestrasenoradelapaz\/category\/actividades-infantil\/' title='Actividades Infantil' class='pt-cv-tax-actividades-infantil'>Actividades Infantil<\/a><a href='https:\/\/blogsaverroes.juntadeandalucia.es\/ceipnuestrasenoradelapaz\/category\/sin-categoria\/' title='NOVEDADES' class='pt-cv-tax-sin-categoria'>NOVEDADES<\/a><\/div><h4 class=\"pt-cv-title\"><a href=\"https:\/\/blogsaverroes.juntadeandalucia.es\/ceipnuestrasenoradelapaz\/taller-de-reposteria-con-rocio-crema-de-mango-sin-azucar-ni-lactosa\/\" class=\"_self\" target=\"_self\" >&#8220;Taller de Reposter\u00eda con Roc\u00edo: Crema de Mango sin Az\u00facar ni Lactosa&#8221;<\/a><\/h4><div class=\"pt-cv-content\">\u00a1Hoy tuvimos un taller de reposter\u00eda muy especial! Nuestra querida Roc\u00edo, mam\u00e1 de Hugo, nos ense\u00f1\u00f3 a hacer una deliciosa ...<\/div><div class=\"pt-cv-rmwrap\"><a href=\"https:\/\/blogsaverroes.juntadeandalucia.es\/ceipnuestrasenoradelapaz\/taller-de-reposteria-con-rocio-crema-de-mango-sin-azucar-ni-lactosa\/\" class=\"_self pt-cv-readmore btn btn-success\" target=\"_self\" >Leer M\u00e1s<\/a><\/div><div class=\"pt-cv-meta-fields\"><span class=\"entry-date\"> <time datetime=\"2025-06-06T17:26:08+01:00\">6 junio, 2025<\/time><\/span><span> \/ <\/span><span class=\"author\"> <a href=\"https:\/\/blogsaverroes.juntadeandalucia.es\/ceipnuestrasenoradelapaz\/author\/29007809edu\/\" rel=\"author\">CEIP Nuestra Se\u00f1ora de la Paz<\/a><\/span><\/div><\/div><\/div>\n<div class=\" pt-cv-content-item pt-cv-2-col\" ><div class=\"pt-cv-thumb-wrapper pull-left \"><a href=\"https:\/\/blogsaverroes.juntadeandalucia.es\/ceipnuestrasenoradelapaz\/%f0%9f%9a%92-nos-vamos-al-parque-de-bomberos-de-ronda-%f0%9f%94%a5\/\" class=\"_self pt-cv-href-thumbnail pt-cv-thumb-left\" target=\"_self\" ><img decoding=\"async\" width=\"361\" height=\"272\" src=\"https:\/\/blogsaverroes.juntadeandalucia.es\/ceipnuestrasenoradelapaz\/files\/2025\/06\/Captura-de-pantalla-2025-06-03-205934.jpg\" class=\"pt-cv-thumbnail pull-left\" alt=\"\" \/><\/a><\/div>\n<div class=\"pt-cv-colwrap\"><div class=\"pt-cv-taxoterm above_title\"><a href='https:\/\/blogsaverroes.juntadeandalucia.es\/ceipnuestrasenoradelapaz\/category\/actividades-1o-ciclo\/' title='Actividades 1\u00ba ciclo' class='pt-cv-tax-actividades-1o-ciclo'>Actividades 1\u00ba ciclo<\/a><a href='https:\/\/blogsaverroes.juntadeandalucia.es\/ceipnuestrasenoradelapaz\/category\/actividades-infantil\/' title='Actividades Infantil' class='pt-cv-tax-actividades-infantil'>Actividades Infantil<\/a><a href='https:\/\/blogsaverroes.juntadeandalucia.es\/ceipnuestrasenoradelapaz\/category\/sin-categoria\/' title='NOVEDADES' class='pt-cv-tax-sin-categoria'>NOVEDADES<\/a><\/div><h4 class=\"pt-cv-title\"><a href=\"https:\/\/blogsaverroes.juntadeandalucia.es\/ceipnuestrasenoradelapaz\/%f0%9f%9a%92-nos-vamos-al-parque-de-bomberos-de-ronda-%f0%9f%94%a5\/\" class=\"_self\" target=\"_self\" >\ud83d\ude92 \u00a1Nos vamos al parque de bomberos de Ronda! \ud83d\udd25<\/a><\/h4><div class=\"pt-cv-content\">Esta semana, nuestro alumnado de Infantil y Primer Ciclo ha vivido una aventura emocionante y pasada por agua: \u00a1una visita ...<\/div><div class=\"pt-cv-rmwrap\"><a href=\"https:\/\/blogsaverroes.juntadeandalucia.es\/ceipnuestrasenoradelapaz\/%f0%9f%9a%92-nos-vamos-al-parque-de-bomberos-de-ronda-%f0%9f%94%a5\/\" class=\"_self pt-cv-readmore btn btn-success\" target=\"_self\" >Leer M\u00e1s<\/a><\/div><div class=\"pt-cv-meta-fields\"><span class=\"entry-date\"> <time datetime=\"2025-06-03T20:01:03+01:00\">3 junio, 2025<\/time><\/span><span> \/ <\/span><span class=\"author\"> <a href=\"https:\/\/blogsaverroes.juntadeandalucia.es\/ceipnuestrasenoradelapaz\/author\/29007809edu\/\" rel=\"author\">CEIP Nuestra Se\u00f1ora de la Paz<\/a><\/span><\/div><\/div><\/div>\n<div class=\" pt-cv-content-item pt-cv-2-col\" ><div class=\"pt-cv-thumb-wrapper pull-left \"><a href=\"https:\/\/blogsaverroes.juntadeandalucia.es\/ceipnuestrasenoradelapaz\/batido-divertido-con-mama-carmen-%f0%9f%8d%93%f0%9f%8d%8c-una-visita-deliciosa-para-aprender-jugando\/\" class=\"_self pt-cv-href-thumbnail pt-cv-thumb-left\" target=\"_self\" ><img loading=\"lazy\" decoding=\"async\" width=\"683\" height=\"1024\" src=\"https:\/\/blogsaverroes.juntadeandalucia.es\/ceipnuestrasenoradelapaz\/files\/2025\/05\/ChatGPT-Image-23-may-2025-11_29_35-683x1024.png\" class=\"pt-cv-thumbnail pull-left\" alt=\"\" \/><\/a><\/div>\n<div class=\"pt-cv-colwrap\"><div class=\"pt-cv-taxoterm above_title\"><a href='https:\/\/blogsaverroes.juntadeandalucia.es\/ceipnuestrasenoradelapaz\/category\/actividades-infantil\/' title='Actividades Infantil' class='pt-cv-tax-actividades-infantil'>Actividades Infantil<\/a><a href='https:\/\/blogsaverroes.juntadeandalucia.es\/ceipnuestrasenoradelapaz\/category\/sin-categoria\/' title='NOVEDADES' class='pt-cv-tax-sin-categoria'>NOVEDADES<\/a><\/div><h4 class=\"pt-cv-title\"><a href=\"https:\/\/blogsaverroes.juntadeandalucia.es\/ceipnuestrasenoradelapaz\/batido-divertido-con-mama-carmen-%f0%9f%8d%93%f0%9f%8d%8c-una-visita-deliciosa-para-aprender-jugando\/\" class=\"_self\" target=\"_self\" >\u00a1Batido divertido con mam\u00e1 Carmen! \ud83c\udf53\ud83c\udf4c Una visita deliciosa para aprender jugando<\/a><\/h4><div class=\"pt-cv-content\">\u00a1Qu\u00e9 ma\u00f1ana tan especial hemos vivido en Infantil 4 y 5 a\u00f1os! \ud83d\ude0a Hoy nos ha visitado Carmen, la mam\u00e1 ...<\/div><div class=\"pt-cv-rmwrap\"><a href=\"https:\/\/blogsaverroes.juntadeandalucia.es\/ceipnuestrasenoradelapaz\/batido-divertido-con-mama-carmen-%f0%9f%8d%93%f0%9f%8d%8c-una-visita-deliciosa-para-aprender-jugando\/\" class=\"_self pt-cv-readmore btn btn-success\" target=\"_self\" >Leer M\u00e1s<\/a><\/div><div class=\"pt-cv-meta-fields\"><span class=\"entry-date\"> <time datetime=\"2025-05-23T10:30:06+01:00\">23 mayo, 2025<\/time><\/span><span> \/ <\/span><span class=\"author\"> <a href=\"https:\/\/blogsaverroes.juntadeandalucia.es\/ceipnuestrasenoradelapaz\/author\/29007809edu\/\" rel=\"author\">CEIP Nuestra Se\u00f1ora de la Paz<\/a><\/span><\/div><\/div><\/div>\n<div class=\" pt-cv-content-item pt-cv-2-col\" ><div class=\"pt-cv-thumb-wrapper pull-left \"><a href=\"https:\/\/blogsaverroes.juntadeandalucia.es\/ceipnuestrasenoradelapaz\/un-viaje-con-mucho-aceite-%f0%9f%ab%92%f0%9f%8c%bf\/\" class=\"_self pt-cv-href-thumbnail pt-cv-thumb-left\" target=\"_self\" ><img loading=\"lazy\" decoding=\"async\" width=\"1024\" height=\"771\" src=\"https:\/\/blogsaverroes.juntadeandalucia.es\/ceipnuestrasenoradelapaz\/files\/2025\/05\/Imagen-de-WhatsApp-2025-05-08-a-las-18.02.22_c5d04508-1024x771.jpg\" class=\"pt-cv-thumbnail pull-left\" alt=\"\" \/><\/a><\/div>\n<div class=\"pt-cv-colwrap\"><div class=\"pt-cv-taxoterm above_title\"><a href='https:\/\/blogsaverroes.juntadeandalucia.es\/ceipnuestrasenoradelapaz\/category\/actividades-infantil\/' title='Actividades Infantil' class='pt-cv-tax-actividades-infantil'>Actividades Infantil<\/a><a href='https:\/\/blogsaverroes.juntadeandalucia.es\/ceipnuestrasenoradelapaz\/category\/sin-categoria\/' title='NOVEDADES' class='pt-cv-tax-sin-categoria'>NOVEDADES<\/a><\/div><h4 class=\"pt-cv-title\"><a href=\"https:\/\/blogsaverroes.juntadeandalucia.es\/ceipnuestrasenoradelapaz\/un-viaje-con-mucho-aceite-%f0%9f%ab%92%f0%9f%8c%bf\/\" class=\"_self\" target=\"_self\" >\u00a1Un viaje con mucho aceite! \ud83e\uded2\ud83c\udf3f<\/a><\/h4><div class=\"pt-cv-content\">Nuestro alumnado de Infantil (de 3 a 5 a\u00f1itos) ha vivido hoy una experiencia preciosa visitando la almazara \"La Organic\" ...<\/div><div class=\"pt-cv-rmwrap\"><a href=\"https:\/\/blogsaverroes.juntadeandalucia.es\/ceipnuestrasenoradelapaz\/un-viaje-con-mucho-aceite-%f0%9f%ab%92%f0%9f%8c%bf\/\" class=\"_self pt-cv-readmore btn btn-success\" target=\"_self\" >Leer M\u00e1s<\/a><\/div><div class=\"pt-cv-meta-fields\"><span class=\"entry-date\"> <time datetime=\"2025-05-09T07:50:53+01:00\">9 mayo, 2025<\/time><\/span><span> \/ <\/span><span class=\"author\"> <a href=\"https:\/\/blogsaverroes.juntadeandalucia.es\/ceipnuestrasenoradelapaz\/author\/29007809edu\/\" rel=\"author\">CEIP Nuestra Se\u00f1ora de la Paz<\/a><\/span><\/div><\/div><\/div>\n<div class=\" pt-cv-content-item pt-cv-2-col\" ><div class=\"pt-cv-thumb-wrapper pull-left \"><a href=\"https:\/\/blogsaverroes.juntadeandalucia.es\/ceipnuestrasenoradelapaz\/1965-2\/\" class=\"_self pt-cv-href-thumbnail pt-cv-thumb-left\" target=\"_self\" ><img loading=\"lazy\" decoding=\"async\" width=\"708\" height=\"708\" src=\"https:\/\/blogsaverroes.juntadeandalucia.es\/ceipnuestrasenoradelapaz\/files\/2025\/02\/francia2.jpg\" class=\"pt-cv-thumbnail pull-left\" alt=\"\" \/><\/a><\/div>\n<div class=\"pt-cv-colwrap\"><div class=\"pt-cv-taxoterm above_title\"><a href='https:\/\/blogsaverroes.juntadeandalucia.es\/ceipnuestrasenoradelapaz\/category\/actividades-3o-ciclo\/' title='Actividades 3\u00ba ciclo' class='pt-cv-tax-actividades-3o-ciclo'>Actividades 3\u00ba ciclo<\/a><a href='https:\/\/blogsaverroes.juntadeandalucia.es\/ceipnuestrasenoradelapaz\/category\/actividades-infantil\/' title='Actividades Infantil' class='pt-cv-tax-actividades-infantil'>Actividades Infantil<\/a><a href='https:\/\/blogsaverroes.juntadeandalucia.es\/ceipnuestrasenoradelapaz\/category\/sin-categoria\/' title='NOVEDADES' class='pt-cv-tax-sin-categoria'>NOVEDADES<\/a><\/div><h4 class=\"pt-cv-title\"><a href=\"https:\/\/blogsaverroes.juntadeandalucia.es\/ceipnuestrasenoradelapaz\/1965-2\/\" class=\"_self\" target=\"_self\" >La Chandeleur: Una dulce tradici\u00f3n francesa en nuestro centro \ud83e\udd5e<\/a><\/h4><div class=\"pt-cv-content\">Esta semana hemos tenido el placer de recibir la visita de dos mujeres que nos han acercado a una deliciosa ...<\/div><div class=\"pt-cv-rmwrap\"><a href=\"https:\/\/blogsaverroes.juntadeandalucia.es\/ceipnuestrasenoradelapaz\/1965-2\/\" class=\"_self pt-cv-readmore btn btn-success\" target=\"_self\" >Leer M\u00e1s<\/a><\/div><div class=\"pt-cv-meta-fields\"><span class=\"entry-date\"> <time datetime=\"2025-02-14T13:38:02+01:00\">14 febrero, 2025<\/time><\/span><span> \/ <\/span><span class=\"author\"> <a href=\"https:\/\/blogsaverroes.juntadeandalucia.es\/ceipnuestrasenoradelapaz\/author\/29007809edu\/\" rel=\"author\">CEIP Nuestra Se\u00f1ora de la Paz<\/a><\/span><\/div><\/div><\/div><\/div><\/div> <\/div> \t\t\t\t<\/div>\n\t\t\t\t<\/div>\n\t\t\t\t\t<\/div>\n\t\t\t\t<\/div>\n\t\t\t\t<\/div>\n\t\t","protected":false},"excerpt":{"rendered":"<p>Actividades Infantil \u00a1Taller de galletas de Halloween en la clase Infantil! En nuestra clase de infantil, los ni\u00f1os y ni\u00f1as de 4 y 5 a\u00f1os se han puesto manos a la &#8230;Leer M\u00e1s 30&#46;&#46;&#46;<\/p>\n","protected":false},"author":17251,"featured_media":0,"parent":0,"menu_order":0,"comment_status":"closed","ping_status":"closed","template":"","meta":{"ngg_post_thumbnail":0,"footnotes":"","_mc_calendar":[]},"aioseo_notices":[],"_links":{"self":[{"href":"https:\/\/blogsaverroes.juntadeandalucia.es\/ceipnuestrasenoradelapaz\/wp-json\/wp\/v2\/pages\/1554"}],"collection":[{"href":"https:\/\/blogsaverroes.juntadeandalucia.es\/ceipnuestrasenoradelapaz\/wp-json\/wp\/v2\/pages"}],"about":[{"href":"https:\/\/blogsaverroes.juntadeandalucia.es\/ceipnuestrasenoradelapaz\/wp-json\/wp\/v2\/types\/page"}],"author":[{"embeddable":true,"href":"https:\/\/blogsaverroes.juntadeandalucia.es\/ceipnuestrasenoradelapaz\/wp-json\/wp\/v2\/users\/17251"}],"replies":[{"embeddable":true,"href":"https:\/\/blogsaverroes.juntadeandalucia.es\/ceipnuestrasenoradelapaz\/wp-json\/wp\/v2\/comments?post=1554"}],"version-history":[{"count":5,"href":"https:\/\/blogsaverroes.juntadeandalucia.es\/ceipnuestrasenoradelapaz\/wp-json\/wp\/v2\/pages\/1554\/revisions"}],"predecessor-version":[{"id":1623,"href":"https:\/\/blogsaverroes.juntadeandalucia.es\/ceipnuestrasenoradelapaz\/wp-json\/wp\/v2\/pages\/1554\/revisions\/1623"}],"wp:attachment":[{"href":"https:\/\/blogsaverroes.juntadeandalucia.es\/ceipnuestrasenoradelapaz\/wp-json\/wp\/v2\/media?parent=1554"}],"curies":[{"name":"wp","href":"https:\/\/api.w.org\/{rel}","templated":true}]}}