{"id":35,"date":"2015-03-13T08:21:43","date_gmt":"2015-03-13T08:21:43","guid":{"rendered":"http:\/\/blogsaverroes.juntadeandalucia.es\/pre\/ceip\/?page_id=35"},"modified":"2025-11-27T11:49:42","modified_gmt":"2025-11-27T10:49:42","slug":"el-centro","status":"publish","type":"page","link":"https:\/\/blogsaverroes.juntadeandalucia.es\/ceipnuestrasenoradelrosario\/el-centro\/","title":{"rendered":"El Centro"},"content":{"rendered":"\t\t<div data-elementor-type=\"wp-post\" data-elementor-id=\"35\" class=\"elementor elementor-35\">\n\t\t\t\t\t\t<section class=\"elementor-section elementor-top-section elementor-element elementor-element-386a0ccd elementor-section-full_width elementor-section-height-default elementor-section-height-default\" data-id=\"386a0ccd\" data-element_type=\"section\">\n\t\t\t\t\t\t<div class=\"elementor-container elementor-column-gap-no\">\n\t\t\t\t\t<div class=\"elementor-column elementor-col-100 elementor-top-column elementor-element elementor-element-6e7f1a96\" data-id=\"6e7f1a96\" data-element_type=\"column\">\n\t\t\t<div class=\"elementor-widget-wrap elementor-element-populated\">\n\t\t\t\t\t\t<div class=\"elementor-element elementor-element-bd7d2ca elementor-widget__width-initial elementor-widget elementor-widget-html\" data-id=\"bd7d2ca\" data-element_type=\"widget\" data-widget_type=\"html.default\">\n\t\t\t\t<div class=\"elementor-widget-container\">\n\t\t\t\t\t<a data-scroll=\"\" class=\"ir-arriba\" href=\"#\">\n            <i class=\"fa  fa-arrow-circle-up\" aria-hidden=\"true\"> <\/i>\n<\/a>\n<a name=\"datosdelcentro\"><\/a>\n<br \/>\n<h2>Datos del Centro<\/h2>\t\t\t\t<\/div>\n\t\t\t\t<\/div>\n\t\t\t\t<div class=\"elementor-element elementor-element-19276b91 elementor-widget__width-initial elementor-widget elementor-widget-google_maps\" data-id=\"19276b91\" data-element_type=\"widget\" data-widget_type=\"google_maps.default\">\n\t\t\t\t<div class=\"elementor-widget-container\">\n\t\t\t\t\t\t\t<div class=\"elementor-custom-embed\">\n\t\t\t<iframe loading=\"lazy\"\n\t\t\t\t\tsrc=\"https:\/\/maps.google.com\/maps?q=CEIP%20Nuestra%20Se%C3%B1ora%20del%20Rosario%2C%20cortes%20de%20la%20frontera%2C%20spain&#038;t=m&#038;z=17&#038;output=embed&#038;iwloc=near\"\n\t\t\t\t\ttitle=\"CEIP Nuestra Se\u00f1ora del Rosario, cortes de la frontera, spain\"\n\t\t\t\t\taria-label=\"CEIP Nuestra Se\u00f1ora del Rosario, cortes de la frontera, spain\"\n\t\t\t><\/iframe>\n\t\t<\/div>\n\t\t\t\t\t\t<\/div>\n\t\t\t\t<\/div>\n\t\t\t\t<section class=\"elementor-section elementor-inner-section elementor-element elementor-element-4da7855 elementor-section-boxed elementor-section-height-default elementor-section-height-default\" data-id=\"4da7855\" data-element_type=\"section\">\n\t\t\t\t\t\t<div class=\"elementor-container elementor-column-gap-default\">\n\t\t\t\t\t<div class=\"elementor-column elementor-col-50 elementor-inner-column elementor-element elementor-element-368e4e8\" data-id=\"368e4e8\" data-element_type=\"column\">\n\t\t\t<div class=\"elementor-widget-wrap elementor-element-populated\">\n\t\t\t\t\t\t<div class=\"elementor-element elementor-element-9fced44 elementor-view-default elementor-position-top elementor-mobile-position-top elementor-widget elementor-widget-icon-box\" data-id=\"9fced44\" data-element_type=\"widget\" data-widget_type=\"icon-box.default\">\n\t\t\t\t<div class=\"elementor-widget-container\">\n\t\t\t\t\t\t\t<div class=\"elementor-icon-box-wrapper\">\n\n\t\t\t\t\t\t<div class=\"elementor-icon-box-icon\">\n\t\t\t\t<span  class=\"elementor-icon\">\n\t\t\t\t<i aria-hidden=\"true\" class=\"fas fa-map-signs\"><\/i>\t\t\t\t<\/span>\n\t\t\t<\/div>\n\t\t\t\n\t\t\t\t\t\t<div class=\"elementor-icon-box-content\">\n\n\t\t\t\t\t\t\t\t\t<h3 class=\"elementor-icon-box-title\">\n\t\t\t\t\t\t<span  >\n\t\t\t\t\t\t\tDirecci\u00f3n\u200b\t\t\t\t\t\t<\/span>\n\t\t\t\t\t<\/h3>\n\t\t\t\t\n\t\t\t\t\t\t\t\t\t<p class=\"elementor-icon-box-description\">\n\t\t\t\t\t\tAvda. de la Democracia, n\u00ba 20 - 29380 Cortes de la Frontera (M\u00e1laga)\t\t\t\t\t<\/p>\n\t\t\t\t\n\t\t\t<\/div>\n\t\t\t\n\t\t<\/div>\n\t\t\t\t\t\t<\/div>\n\t\t\t\t<\/div>\n\t\t\t\t\t<\/div>\n\t\t<\/div>\n\t\t\t\t<div class=\"elementor-column elementor-col-50 elementor-inner-column elementor-element elementor-element-8b3e257\" data-id=\"8b3e257\" data-element_type=\"column\">\n\t\t\t<div class=\"elementor-widget-wrap elementor-element-populated\">\n\t\t\t\t\t\t<div class=\"elementor-element elementor-element-f9bf6fd elementor-view-default elementor-position-top elementor-mobile-position-top elementor-widget elementor-widget-icon-box\" data-id=\"f9bf6fd\" data-element_type=\"widget\" data-widget_type=\"icon-box.default\">\n\t\t\t\t<div class=\"elementor-widget-container\">\n\t\t\t\t\t\t\t<div class=\"elementor-icon-box-wrapper\">\n\n\t\t\t\t\t\t<div class=\"elementor-icon-box-icon\">\n\t\t\t\t<span  class=\"elementor-icon\">\n\t\t\t\t<i aria-hidden=\"true\" class=\"fas fa-phone-alt\"><\/i>\t\t\t\t<\/span>\n\t\t\t<\/div>\n\t\t\t\n\t\t\t\t\t\t<div class=\"elementor-icon-box-content\">\n\n\t\t\t\t\t\t\t\t\t<h3 class=\"elementor-icon-box-title\">\n\t\t\t\t\t\t<span  >\n\t\t\t\t\t\t\tContacta con nosotros\t\t\t\t\t\t<\/span>\n\t\t\t\t\t<\/h3>\n\t\t\t\t\n\t\t\t\t\t\t\t\t\t<p class=\"elementor-icon-box-description\">\n\t\t\t\t\t\tTel\u00e9fono: 952 15 99 09\nFax: 952 15 99 08\n\n<br>Email: 29002617.edu@juntadeandalucia.es\t\t\t\t\t<\/p>\n\t\t\t\t\n\t\t\t<\/div>\n\t\t\t\n\t\t<\/div>\n\t\t\t\t\t\t<\/div>\n\t\t\t\t<\/div>\n\t\t\t\t\t<\/div>\n\t\t<\/div>\n\t\t\t\t\t<\/div>\n\t\t<\/section>\n\t\t\t\t\t<\/div>\n\t\t<\/div>\n\t\t\t\t\t<\/div>\n\t\t<\/section>\n\t\t\t\t<section class=\"elementor-section elementor-top-section elementor-element elementor-element-e7e6374 elementor-section-boxed elementor-section-height-default elementor-section-height-default\" data-id=\"e7e6374\" data-element_type=\"section\" data-settings=\"{&quot;background_background&quot;:&quot;classic&quot;}\">\n\t\t\t\t\t\t<div class=\"elementor-container elementor-column-gap-default\">\n\t\t\t\t\t<div class=\"elementor-column elementor-col-100 elementor-top-column elementor-element elementor-element-1a317ef\" data-id=\"1a317ef\" data-element_type=\"column\">\n\t\t\t<div class=\"elementor-widget-wrap elementor-element-populated\">\n\t\t\t\t\t\t<div class=\"elementor-element elementor-element-cb5f104 elementor-widget elementor-widget-html\" data-id=\"cb5f104\" data-element_type=\"widget\" data-widget_type=\"html.default\">\n\t\t\t\t<div class=\"elementor-widget-container\">\n\t\t\t\t\t<a name=\"equipodirectivo\"><\/a>\n<br \/>\n<h2>Equipo Directivo<\/h2>\t\t\t\t<\/div>\n\t\t\t\t<\/div>\n\t\t\t\t\t<\/div>\n\t\t<\/div>\n\t\t\t\t\t<\/div>\n\t\t<\/section>\n\t\t\t\t<section class=\"elementor-section elementor-top-section elementor-element elementor-element-20c3942 elementor-section-boxed elementor-section-height-default elementor-section-height-default\" data-id=\"20c3942\" data-element_type=\"section\" data-settings=\"{&quot;background_background&quot;:&quot;classic&quot;}\">\n\t\t\t\t\t\t<div class=\"elementor-container elementor-column-gap-default\">\n\t\t\t\t\t<div class=\"elementor-column elementor-col-33 elementor-top-column elementor-element elementor-element-f31d6ee\" data-id=\"f31d6ee\" data-element_type=\"column\">\n\t\t\t<div class=\"elementor-widget-wrap elementor-element-populated\">\n\t\t\t\t\t\t<div class=\"elementor-element elementor-element-b763cea animated-slow elementor-invisible elementor-widget elementor-widget-image\" data-id=\"b763cea\" data-element_type=\"widget\" data-settings=\"{&quot;_animation&quot;:&quot;zoomIn&quot;,&quot;_animation_delay&quot;:&quot;100&quot;}\" data-widget_type=\"image.default\">\n\t\t\t\t<div class=\"elementor-widget-container\">\n\t\t\t\t\t\t\t\t\t\t\t\t\t\t\t<img fetchpriority=\"high\" decoding=\"async\" width=\"200\" height=\"300\" src=\"https:\/\/blogsaverroes.juntadeandalucia.es\/ceipnuestrasenoradelrosario\/files\/2019\/12\/Rosi-200x300.jpg\" class=\"attachment-medium size-medium wp-image-3901\" alt=\"\" srcset=\"https:\/\/blogsaverroes.juntadeandalucia.es\/ceipnuestrasenoradelrosario\/files\/2019\/12\/Rosi-200x300.jpg 200w, https:\/\/blogsaverroes.juntadeandalucia.es\/ceipnuestrasenoradelrosario\/files\/2019\/12\/Rosi-768x1152.jpg 768w, https:\/\/blogsaverroes.juntadeandalucia.es\/ceipnuestrasenoradelrosario\/files\/2019\/12\/Rosi-682x1024.jpg 682w, https:\/\/blogsaverroes.juntadeandalucia.es\/ceipnuestrasenoradelrosario\/files\/2019\/12\/Rosi-16x24.jpg 16w, https:\/\/blogsaverroes.juntadeandalucia.es\/ceipnuestrasenoradelrosario\/files\/2019\/12\/Rosi-24x36.jpg 24w, https:\/\/blogsaverroes.juntadeandalucia.es\/ceipnuestrasenoradelrosario\/files\/2019\/12\/Rosi-32x48.jpg 32w, https:\/\/blogsaverroes.juntadeandalucia.es\/ceipnuestrasenoradelrosario\/files\/2019\/12\/Rosi.jpg 1066w\" sizes=\"100vw\" \/>\t\t\t\t\t\t\t\t\t\t\t\t\t\t\t<\/div>\n\t\t\t\t<\/div>\n\t\t\t\t<div class=\"elementor-element elementor-element-415b8b2 elementor-widget elementor-widget-heading\" data-id=\"415b8b2\" data-element_type=\"widget\" data-widget_type=\"heading.default\">\n\t\t\t\t<div class=\"elementor-widget-container\">\n\t\t\t\t\t<h3 class=\"elementor-heading-title elementor-size-default\">Rosa Mar\u00eda <br>Vega Jim\u00e9nez<\/h3>\t\t\t\t<\/div>\n\t\t\t\t<\/div>\n\t\t\t\t<div class=\"elementor-element elementor-element-b1f3fcc elementor-widget elementor-widget-heading\" data-id=\"b1f3fcc\" data-element_type=\"widget\" data-widget_type=\"heading.default\">\n\t\t\t\t<div class=\"elementor-widget-container\">\n\t\t\t\t\t<div class=\"elementor-heading-title elementor-size-default\">Directora<\/div>\t\t\t\t<\/div>\n\t\t\t\t<\/div>\n\t\t\t\t<div class=\"elementor-element elementor-element-01f0974 elementor-widget elementor-widget-text-editor\" data-id=\"01f0974\" data-element_type=\"widget\" data-widget_type=\"text-editor.default\">\n\t\t\t\t<div class=\"elementor-widget-container\">\n\t\t\t\t\t\t\t\t\t<p style=\"text-align: left\">Horario de Atenci\u00f3n:<\/p><ul style=\"list-style-type: circle\"><li>Lunes<br \/><ul style=\"list-style-type: square\"><li>09:00 &#8211; 10:30 h.<\/li><\/ul><\/li><li>Martes<br \/><ul style=\"list-style-type: square\"><li>09:00 &#8211; 10:00 h.<\/li><li>11:00 &#8211; 12:00 h.<\/li><\/ul><\/li><li>Mi\u00e9rcoles<br \/><ul style=\"list-style-type: square\"><li>09:00 &#8211; 10:00 h.<\/li><\/ul><\/li><li>Jueves<br \/><ul style=\"list-style-type: square\"><li>10:30 &#8211; 11:00 h.<\/li><\/ul><\/li><li>Viernes<br \/><ul style=\"list-style-type: square\"><li>11:00 &#8211; 12:00 h.<\/li><\/ul><\/li><\/ul>\t\t\t\t\t\t\t\t<\/div>\n\t\t\t\t<\/div>\n\t\t\t\t\t<\/div>\n\t\t<\/div>\n\t\t\t\t<div class=\"elementor-column elementor-col-33 elementor-top-column elementor-element elementor-element-efb0470\" data-id=\"efb0470\" data-element_type=\"column\">\n\t\t\t<div class=\"elementor-widget-wrap elementor-element-populated\">\n\t\t\t\t\t\t<div class=\"elementor-element elementor-element-69a3b3a animated-slow elementor-invisible elementor-widget elementor-widget-image\" data-id=\"69a3b3a\" data-element_type=\"widget\" data-settings=\"{&quot;_animation&quot;:&quot;zoomIn&quot;,&quot;_animation_delay&quot;:&quot;500&quot;}\" data-widget_type=\"image.default\">\n\t\t\t\t<div class=\"elementor-widget-container\">\n\t\t\t\t\t\t\t\t\t\t\t\t\t\t\t<img decoding=\"async\" width=\"264\" height=\"300\" src=\"https:\/\/blogsaverroes.juntadeandalucia.es\/ceipnuestrasenoradelrosario\/files\/2025\/11\/PHOTO-2025-11-27-11-47-55-264x300.jpg\" class=\"attachment-medium size-medium wp-image-5320\" alt=\"\" srcset=\"https:\/\/blogsaverroes.juntadeandalucia.es\/ceipnuestrasenoradelrosario\/files\/2025\/11\/PHOTO-2025-11-27-11-47-55-264x300.jpg 264w, https:\/\/blogsaverroes.juntadeandalucia.es\/ceipnuestrasenoradelrosario\/files\/2025\/11\/PHOTO-2025-11-27-11-47-55-768x872.jpg 768w, https:\/\/blogsaverroes.juntadeandalucia.es\/ceipnuestrasenoradelrosario\/files\/2025\/11\/PHOTO-2025-11-27-11-47-55.jpg 899w\" sizes=\"100vw\" \/>\t\t\t\t\t\t\t\t\t\t\t\t\t\t\t<\/div>\n\t\t\t\t<\/div>\n\t\t\t\t<div class=\"elementor-element elementor-element-e2ca342 elementor-widget elementor-widget-heading\" data-id=\"e2ca342\" data-element_type=\"widget\" data-widget_type=\"heading.default\">\n\t\t\t\t<div class=\"elementor-widget-container\">\n\t\t\t\t\t<h3 class=\"elementor-heading-title elementor-size-default\">Antonio T\u00e9llez Mu\u00f1oz<\/h3>\t\t\t\t<\/div>\n\t\t\t\t<\/div>\n\t\t\t\t<div class=\"elementor-element elementor-element-63086a5 elementor-widget elementor-widget-heading\" data-id=\"63086a5\" data-element_type=\"widget\" data-widget_type=\"heading.default\">\n\t\t\t\t<div class=\"elementor-widget-container\">\n\t\t\t\t\t<div class=\"elementor-heading-title elementor-size-default\">Jefatura de Estudios<\/div>\t\t\t\t<\/div>\n\t\t\t\t<\/div>\n\t\t\t\t<div class=\"elementor-element elementor-element-2f42788 elementor-widget elementor-widget-text-editor\" data-id=\"2f42788\" data-element_type=\"widget\" data-widget_type=\"text-editor.default\">\n\t\t\t\t<div class=\"elementor-widget-container\">\n\t\t\t\t\t\t\t\t\t<p>Horario de Atenci\u00f3n:<\/p><ul style=\"list-style-type: circle\"><li>Lunes<br \/><ul style=\"list-style-type: square\"><li>12:30 &#8211; 14:00 h.<\/li><\/ul><\/li><li>Martes<br \/><ul style=\"list-style-type: square\"><li>12:30 &#8211; 14:00 h.<\/li><\/ul><\/li><li>Mi\u00e9rcoles:<br \/><ul style=\"list-style-type: square\"><li>11:00 &#8211; 12:00 h.<\/li><\/ul><\/li><li>Viernes<br \/><ul style=\"list-style-type: square\"><li>12:30 &#8211; 14:00 h.<\/li><\/ul><\/li><\/ul>\t\t\t\t\t\t\t\t<\/div>\n\t\t\t\t<\/div>\n\t\t\t\t\t<\/div>\n\t\t<\/div>\n\t\t\t\t<div class=\"elementor-column elementor-col-33 elementor-top-column elementor-element elementor-element-d93f8f5\" data-id=\"d93f8f5\" data-element_type=\"column\">\n\t\t\t<div class=\"elementor-widget-wrap elementor-element-populated\">\n\t\t\t\t\t\t<div class=\"elementor-element elementor-element-791aa2d animated-slow elementor-invisible elementor-widget elementor-widget-image\" data-id=\"791aa2d\" data-element_type=\"widget\" data-settings=\"{&quot;_animation&quot;:&quot;zoomIn&quot;,&quot;_animation_delay&quot;:&quot;1000&quot;}\" data-widget_type=\"image.default\">\n\t\t\t\t<div class=\"elementor-widget-container\">\n\t\t\t\t\t\t\t\t\t\t\t\t\t\t\t<img decoding=\"async\" width=\"200\" height=\"300\" src=\"https:\/\/blogsaverroes.juntadeandalucia.es\/ceipnuestrasenoradelrosario\/files\/2019\/12\/lina-200x300.jpg\" class=\"attachment-medium size-medium wp-image-3903\" alt=\"\" srcset=\"https:\/\/blogsaverroes.juntadeandalucia.es\/ceipnuestrasenoradelrosario\/files\/2019\/12\/lina-200x300.jpg 200w, https:\/\/blogsaverroes.juntadeandalucia.es\/ceipnuestrasenoradelrosario\/files\/2019\/12\/lina-768x1152.jpg 768w, https:\/\/blogsaverroes.juntadeandalucia.es\/ceipnuestrasenoradelrosario\/files\/2019\/12\/lina-682x1024.jpg 682w, https:\/\/blogsaverroes.juntadeandalucia.es\/ceipnuestrasenoradelrosario\/files\/2019\/12\/lina-16x24.jpg 16w, https:\/\/blogsaverroes.juntadeandalucia.es\/ceipnuestrasenoradelrosario\/files\/2019\/12\/lina-24x36.jpg 24w, https:\/\/blogsaverroes.juntadeandalucia.es\/ceipnuestrasenoradelrosario\/files\/2019\/12\/lina-32x48.jpg 32w, https:\/\/blogsaverroes.juntadeandalucia.es\/ceipnuestrasenoradelrosario\/files\/2019\/12\/lina.jpg 1066w\" sizes=\"100vw\" \/>\t\t\t\t\t\t\t\t\t\t\t\t\t\t\t<\/div>\n\t\t\t\t<\/div>\n\t\t\t\t<div class=\"elementor-element elementor-element-0a86ce5 elementor-widget elementor-widget-heading\" data-id=\"0a86ce5\" data-element_type=\"widget\" data-widget_type=\"heading.default\">\n\t\t\t\t<div class=\"elementor-widget-container\">\n\t\t\t\t\t<h3 class=\"elementor-heading-title elementor-size-default\">Catalina <br>Gil Garc\u00eda<\/h3>\t\t\t\t<\/div>\n\t\t\t\t<\/div>\n\t\t\t\t<div class=\"elementor-element elementor-element-37eadbe elementor-widget elementor-widget-heading\" data-id=\"37eadbe\" data-element_type=\"widget\" data-widget_type=\"heading.default\">\n\t\t\t\t<div class=\"elementor-widget-container\">\n\t\t\t\t\t<div class=\"elementor-heading-title elementor-size-default\">Secretar\u00eda<\/div>\t\t\t\t<\/div>\n\t\t\t\t<\/div>\n\t\t\t\t<div class=\"elementor-element elementor-element-5ebd435 elementor-widget elementor-widget-text-editor\" data-id=\"5ebd435\" data-element_type=\"widget\" data-widget_type=\"text-editor.default\">\n\t\t\t\t<div class=\"elementor-widget-container\">\n\t\t\t\t\t\t\t\t\t<p>Horario de Atenci\u00f3n:<\/p><ul style=\"list-style-type: circle\"><li>Lunes<br \/><ul style=\"list-style-type: square\"><li>11:00 &#8211; 12:00 h.<\/li><li>13:15 &#8211; 14:00 h.<\/li><\/ul><\/li><li>Martes<br \/><ul style=\"list-style-type: square\"><li>13:15 &#8211; 14:00 h.<\/li><\/ul><\/li><li>Mi\u00e9rcoles<br \/><ul style=\"list-style-type: square\"><li>9:00 &#8211; 10:00 h.<\/li><li>13:15 &#8211; 14:00 h.<\/li><\/ul><\/li><li>Viernes<br \/><ul style=\"list-style-type: square\"><li>9:00 &#8211; 10:00 h.<\/li><li>13:15 &#8211; 14:00 h.<\/li><\/ul><\/li><\/ul>\t\t\t\t\t\t\t\t<\/div>\n\t\t\t\t<\/div>\n\t\t\t\t\t<\/div>\n\t\t<\/div>\n\t\t\t\t\t<\/div>\n\t\t<\/section>\n\t\t\t\t<section class=\"elementor-section elementor-top-section elementor-element elementor-element-eaf389b elementor-section-boxed elementor-section-height-default elementor-section-height-default\" data-id=\"eaf389b\" data-element_type=\"section\" data-settings=\"{&quot;background_background&quot;:&quot;classic&quot;}\">\n\t\t\t\t\t\t<div class=\"elementor-container elementor-column-gap-default\">\n\t\t\t\t\t<div class=\"elementor-column elementor-col-100 elementor-top-column elementor-element elementor-element-5b313a57\" data-id=\"5b313a57\" data-element_type=\"column\">\n\t\t\t<div class=\"elementor-widget-wrap elementor-element-populated\">\n\t\t\t\t\t\t<section class=\"elementor-section elementor-inner-section elementor-element elementor-element-7cf115ef elementor-section-boxed elementor-section-height-default elementor-section-height-default\" data-id=\"7cf115ef\" data-element_type=\"section\" data-settings=\"{&quot;background_background&quot;:&quot;classic&quot;}\">\n\t\t\t\t\t\t<div class=\"elementor-container elementor-column-gap-default\">\n\t\t\t\t\t<div class=\"elementor-column elementor-col-100 elementor-inner-column elementor-element elementor-element-6e10c2bf\" data-id=\"6e10c2bf\" data-element_type=\"column\">\n\t\t\t<div class=\"elementor-widget-wrap elementor-element-populated\">\n\t\t\t\t\t\t<div class=\"elementor-element elementor-element-06ce4e8 elementor-widget elementor-widget-html\" data-id=\"06ce4e8\" data-element_type=\"widget\" data-widget_type=\"html.default\">\n\t\t\t\t<div class=\"elementor-widget-container\">\n\t\t\t\t\t<a name=\"personallaboral\"><\/a>\n<br \/>\n<h2>Personal no docente<\/h2>\t\t\t\t<\/div>\n\t\t\t\t<\/div>\n\t\t\t\t\t<\/div>\n\t\t<\/div>\n\t\t\t\t\t<\/div>\n\t\t<\/section>\n\t\t\t\t<section class=\"elementor-section elementor-inner-section elementor-element elementor-element-79c14f2d elementor-section-boxed elementor-section-height-default elementor-section-height-default\" data-id=\"79c14f2d\" data-element_type=\"section\" data-settings=\"{&quot;background_background&quot;:&quot;classic&quot;}\">\n\t\t\t\t\t\t<div class=\"elementor-container elementor-column-gap-default\">\n\t\t\t\t\t<div class=\"elementor-column elementor-col-50 elementor-inner-column elementor-element elementor-element-41bc3159\" data-id=\"41bc3159\" data-element_type=\"column\">\n\t\t\t<div class=\"elementor-widget-wrap elementor-element-populated\">\n\t\t\t\t\t\t<div class=\"elementor-element elementor-element-3262bfbb elementor-position-left elementor-vertical-align-middle elementor-invisible elementor-widget elementor-widget-image-box\" data-id=\"3262bfbb\" data-element_type=\"widget\" data-settings=\"{&quot;_animation&quot;:&quot;fadeInLeft&quot;}\" data-widget_type=\"image-box.default\">\n\t\t\t\t<div class=\"elementor-widget-container\">\n\t\t\t\t\t<div class=\"elementor-image-box-wrapper\"><figure class=\"elementor-image-box-img\"><img loading=\"lazy\" decoding=\"async\" width=\"406\" height=\"453\" src=\"https:\/\/blogsaverroes.juntadeandalucia.es\/ceipnuestrasenoradelrosario\/files\/2019\/12\/persona_laboral.png\" class=\"attachment-full size-full wp-image-4208\" alt=\"\" srcset=\"https:\/\/blogsaverroes.juntadeandalucia.es\/ceipnuestrasenoradelrosario\/files\/2019\/12\/persona_laboral.png 406w, https:\/\/blogsaverroes.juntadeandalucia.es\/ceipnuestrasenoradelrosario\/files\/2019\/12\/persona_laboral-269x300.png 269w, https:\/\/blogsaverroes.juntadeandalucia.es\/ceipnuestrasenoradelrosario\/files\/2019\/12\/persona_laboral-22x24.png 22w, https:\/\/blogsaverroes.juntadeandalucia.es\/ceipnuestrasenoradelrosario\/files\/2019\/12\/persona_laboral-32x36.png 32w, https:\/\/blogsaverroes.juntadeandalucia.es\/ceipnuestrasenoradelrosario\/files\/2019\/12\/persona_laboral-43x48.png 43w\" sizes=\"(max-width: 406px) 100vw, 406px\" \/><\/figure><div class=\"elementor-image-box-content\"><h3 class=\"elementor-image-box-title\">Francisco Luis <br> Gonz\u00e1lez Vega<\/h3><p class=\"elementor-image-box-description\">Conserje<\/p><\/div><\/div>\t\t\t\t<\/div>\n\t\t\t\t<\/div>\n\t\t\t\t\t<\/div>\n\t\t<\/div>\n\t\t\t\t<div class=\"elementor-column elementor-col-50 elementor-inner-column elementor-element elementor-element-7eeec5c4\" data-id=\"7eeec5c4\" data-element_type=\"column\">\n\t\t\t<div class=\"elementor-widget-wrap elementor-element-populated\">\n\t\t\t\t\t\t<div class=\"elementor-element elementor-element-75f53002 elementor-position-left elementor-vertical-align-middle elementor-invisible elementor-widget elementor-widget-image-box\" data-id=\"75f53002\" data-element_type=\"widget\" data-settings=\"{&quot;_animation&quot;:&quot;fadeInRight&quot;}\" data-widget_type=\"image-box.default\">\n\t\t\t\t<div class=\"elementor-widget-container\">\n\t\t\t\t\t<div class=\"elementor-image-box-wrapper\"><figure class=\"elementor-image-box-img\"><img loading=\"lazy\" decoding=\"async\" width=\"406\" height=\"453\" src=\"https:\/\/blogsaverroes.juntadeandalucia.es\/ceipnuestrasenoradelrosario\/files\/2019\/12\/persona_laboral.png\" class=\"attachment-full size-full wp-image-4208\" alt=\"\" srcset=\"https:\/\/blogsaverroes.juntadeandalucia.es\/ceipnuestrasenoradelrosario\/files\/2019\/12\/persona_laboral.png 406w, https:\/\/blogsaverroes.juntadeandalucia.es\/ceipnuestrasenoradelrosario\/files\/2019\/12\/persona_laboral-269x300.png 269w, https:\/\/blogsaverroes.juntadeandalucia.es\/ceipnuestrasenoradelrosario\/files\/2019\/12\/persona_laboral-22x24.png 22w, https:\/\/blogsaverroes.juntadeandalucia.es\/ceipnuestrasenoradelrosario\/files\/2019\/12\/persona_laboral-32x36.png 32w, https:\/\/blogsaverroes.juntadeandalucia.es\/ceipnuestrasenoradelrosario\/files\/2019\/12\/persona_laboral-43x48.png 43w\" sizes=\"(max-width: 406px) 100vw, 406px\" \/><\/figure><div class=\"elementor-image-box-content\"><h3 class=\"elementor-image-box-title\">Francisco Javier <br>Gonz\u00e1lez Palma <\/h3><p class=\"elementor-image-box-description\">Monitor Escolar<\/p><\/div><\/div>\t\t\t\t<\/div>\n\t\t\t\t<\/div>\n\t\t\t\t\t<\/div>\n\t\t<\/div>\n\t\t\t\t\t<\/div>\n\t\t<\/section>\n\t\t\t\t<section class=\"elementor-section elementor-inner-section elementor-element elementor-element-141d47b elementor-section-boxed elementor-section-height-default elementor-section-height-default\" data-id=\"141d47b\" data-element_type=\"section\">\n\t\t\t\t\t\t<div class=\"elementor-container elementor-column-gap-default\">\n\t\t\t\t\t<div class=\"elementor-column elementor-col-50 elementor-inner-column elementor-element elementor-element-8da3fb8\" data-id=\"8da3fb8\" data-element_type=\"column\">\n\t\t\t<div class=\"elementor-widget-wrap elementor-element-populated\">\n\t\t\t\t\t\t<div class=\"elementor-element elementor-element-dc06a94 elementor-position-left elementor-vertical-align-middle elementor-invisible elementor-widget elementor-widget-image-box\" data-id=\"dc06a94\" data-element_type=\"widget\" data-settings=\"{&quot;_animation&quot;:&quot;fadeInLeft&quot;}\" data-widget_type=\"image-box.default\">\n\t\t\t\t<div class=\"elementor-widget-container\">\n\t\t\t\t\t<div class=\"elementor-image-box-wrapper\"><figure class=\"elementor-image-box-img\"><img loading=\"lazy\" decoding=\"async\" width=\"406\" height=\"453\" src=\"https:\/\/blogsaverroes.juntadeandalucia.es\/ceipnuestrasenoradelrosario\/files\/2019\/12\/persona_laboral.png\" class=\"attachment-full size-full wp-image-4208\" alt=\"\" srcset=\"https:\/\/blogsaverroes.juntadeandalucia.es\/ceipnuestrasenoradelrosario\/files\/2019\/12\/persona_laboral.png 406w, https:\/\/blogsaverroes.juntadeandalucia.es\/ceipnuestrasenoradelrosario\/files\/2019\/12\/persona_laboral-269x300.png 269w, https:\/\/blogsaverroes.juntadeandalucia.es\/ceipnuestrasenoradelrosario\/files\/2019\/12\/persona_laboral-22x24.png 22w, https:\/\/blogsaverroes.juntadeandalucia.es\/ceipnuestrasenoradelrosario\/files\/2019\/12\/persona_laboral-32x36.png 32w, https:\/\/blogsaverroes.juntadeandalucia.es\/ceipnuestrasenoradelrosario\/files\/2019\/12\/persona_laboral-43x48.png 43w\" sizes=\"(max-width: 406px) 100vw, 406px\" \/><\/figure><div class=\"elementor-image-box-content\"><h3 class=\"elementor-image-box-title\">Salvador Alberto <br>Flores Claros<\/h3><p class=\"elementor-image-box-description\">T\u00e9cnico de Integraci\u00f3n Social<\/p><\/div><\/div>\t\t\t\t<\/div>\n\t\t\t\t<\/div>\n\t\t\t\t\t<\/div>\n\t\t<\/div>\n\t\t\t\t<div class=\"elementor-column elementor-col-50 elementor-inner-column elementor-element elementor-element-1317d86\" data-id=\"1317d86\" data-element_type=\"column\">\n\t\t\t<div class=\"elementor-widget-wrap\">\n\t\t\t\t\t\t\t<\/div>\n\t\t<\/div>\n\t\t\t\t\t<\/div>\n\t\t<\/section>\n\t\t\t\t\t<\/div>\n\t\t<\/div>\n\t\t\t\t\t<\/div>\n\t\t<\/section>\n\t\t\t\t<section class=\"elementor-section elementor-top-section elementor-element elementor-element-0e8d781 elementor-section-boxed elementor-section-height-default elementor-section-height-default\" data-id=\"0e8d781\" data-element_type=\"section\" data-settings=\"{&quot;background_background&quot;:&quot;classic&quot;}\">\n\t\t\t\t\t\t<div class=\"elementor-container elementor-column-gap-default\">\n\t\t\t\t\t<div class=\"elementor-column elementor-col-100 elementor-top-column elementor-element elementor-element-15a0a82\" data-id=\"15a0a82\" data-element_type=\"column\">\n\t\t\t<div class=\"elementor-widget-wrap elementor-element-populated\">\n\t\t\t\t\t\t<div class=\"elementor-element elementor-element-5fb1ed3 elementor-widget elementor-widget-html\" data-id=\"5fb1ed3\" data-element_type=\"widget\" data-widget_type=\"html.default\">\n\t\t\t\t<div class=\"elementor-widget-container\">\n\t\t\t\t\t<a name=\"contactar\"><\/a>\n<br \/>\n<h2>Contactar<\/h2>\t\t\t\t<\/div>\n\t\t\t\t<\/div>\n\t\t\t\t<div class=\"elementor-element elementor-element-3486f82 elementor-widget elementor-widget-text-editor\" data-id=\"3486f82\" data-element_type=\"widget\" data-widget_type=\"text-editor.default\">\n\t\t\t\t<div class=\"elementor-widget-container\">\n\t\t\t\t\t\t\t\t\t<p>Si desea contactar con nosotros, rellene el siguiente cuestionario. Intentaremos contestarle a la mayor brevedad posible.<br \/>*(campo obligatorio)<\/p><p>\n<div class=\"wpcf7 no-js\" id=\"wpcf7-f2132-o1\" lang=\"es-ES\" dir=\"ltr\">\n<div class=\"screen-reader-response\"><p role=\"status\" aria-live=\"polite\" aria-atomic=\"true\"><\/p> <ul><\/ul><\/div>\n<form action=\"\/ceipnuestrasenoradelrosario\/wp-json\/wp\/v2\/pages\/35#wpcf7-f2132-o1\" method=\"post\" class=\"wpcf7-form init\" aria-label=\"Formulario de contacto\" novalidate=\"novalidate\" data-status=\"init\">\n<div style=\"display: none;\">\n<input type=\"hidden\" name=\"_wpcf7\" value=\"2132\" \/>\n<input type=\"hidden\" name=\"_wpcf7_version\" value=\"5.9.8\" \/>\n<input type=\"hidden\" name=\"_wpcf7_locale\" value=\"es_ES\" \/>\n<input type=\"hidden\" name=\"_wpcf7_unit_tag\" value=\"wpcf7-f2132-o1\" \/>\n<input type=\"hidden\" name=\"_wpcf7_container_post\" value=\"0\" \/>\n<input type=\"hidden\" name=\"_wpcf7_posted_data_hash\" value=\"\" \/>\n<\/div>\n<p><label> Nombre (requerido)<br \/>\n<span class=\"wpcf7-form-control-wrap\" data-name=\"your-name\"><input size=\"40\" maxlength=\"400\" class=\"wpcf7-form-control wpcf7-text wpcf7-validates-as-required\" aria-required=\"true\" aria-invalid=\"false\" value=\"\" type=\"text\" name=\"your-name\" \/><\/span> <\/label>\n<\/p>\n<p><label> Tu correo electr\u00f3nico (requerido)<br \/>\n<span class=\"wpcf7-form-control-wrap\" data-name=\"your-email\"><input size=\"40\" maxlength=\"400\" class=\"wpcf7-form-control wpcf7-email wpcf7-validates-as-required wpcf7-text wpcf7-validates-as-email\" aria-required=\"true\" aria-invalid=\"false\" value=\"\" type=\"email\" name=\"your-email\" \/><\/span> <\/label>\n<\/p>\n<p><label> Asunto<br \/>\n<span class=\"wpcf7-form-control-wrap\" data-name=\"your-subject\"><input size=\"40\" maxlength=\"400\" class=\"wpcf7-form-control wpcf7-text\" aria-invalid=\"false\" value=\"\" type=\"text\" name=\"your-subject\" \/><\/span> <\/label>\n<\/p>\n<p><label> Mensaje<br \/>\n<span class=\"wpcf7-form-control-wrap\" data-name=\"your-message\"><textarea cols=\"40\" rows=\"10\" maxlength=\"2000\" class=\"wpcf7-form-control wpcf7-textarea\" aria-invalid=\"false\" name=\"your-message\"><\/textarea><\/span> <\/label>\n<\/p>\n<p><input class=\"wpcf7-form-control wpcf7-submit has-spinner\" type=\"submit\" value=\"Enviar\" \/>\n<\/p><div class=\"wpcf7-response-output\" aria-hidden=\"true\"><\/div>\n<\/form>\n<\/div>\n<\/p>\t\t\t\t\t\t\t\t<\/div>\n\t\t\t\t<\/div>\n\t\t\t\t\t<\/div>\n\t\t<\/div>\n\t\t\t\t\t<\/div>\n\t\t<\/section>\n\t\t\t\t<section class=\"elementor-section elementor-top-section elementor-element elementor-element-a673534 elementor-section-boxed elementor-section-height-default elementor-section-height-default\" data-id=\"a673534\" data-element_type=\"section\">\n\t\t\t\t\t\t<div class=\"elementor-container elementor-column-gap-default\">\n\t\t\t\t\t<div class=\"elementor-column elementor-col-100 elementor-top-column elementor-element elementor-element-bbb06c9\" data-id=\"bbb06c9\" data-element_type=\"column\">\n\t\t\t<div class=\"elementor-widget-wrap elementor-element-populated\">\n\t\t\t\t\t\t<div class=\"elementor-element elementor-element-98b434f elementor-widget elementor-widget-contentviews_widget_scrollable\" data-id=\"98b434f\" data-element_type=\"widget\" data-widget_type=\"contentviews_widget_scrollable.default\">\n\t\t\t\t<div class=\"elementor-widget-container\">\n\t\t\t\t\t<div class='pt-cv-wrapper'> <h1 class='pt-cv-heading-container heading1' data-blockid='98b434f'><span class='pt-cv-heading'> Heading <\/span><\/h1><div class=\"pt-cv-view pt-cv-scrollable pt-cv-colsys iscvblock iscvelementor scrollable layout1\" id=\"pt-cv-view-98b434f\"><div data-id=\"pt-cv-page-1\" class=\"pt-cv-page\" data-cvc=\"2\"><div id=\"2d24b9aqhu\" class=\"pt-cv-carousel pt-cv-slide\" data-ride=\"cvcarousel\" data-interval=false><ol class=\"pt-cv-carousel-indicators\"><li data-target=\"#2d24b9aqhu\" data-cvslide-to=\"0\" class=\"active\"><\/li>\n<li data-target=\"#2d24b9aqhu\" data-cvslide-to=\"1\" class=\"\"><\/li>\n<li data-target=\"#2d24b9aqhu\" data-cvslide-to=\"2\" class=\"\"><\/li><\/ol>\n<div class=\"carousel-inner\"><div class=\"item active\"><div class=\"row\"><div class=\"col-md-6 pt-cv-content-item pt-cv-1-col\" ><div class=\"pt-cv-thumb-wrapper  \"><a href=\"https:\/\/blogsaverroes.juntadeandalucia.es\/ceipnuestrasenoradelrosario\/por-que-cada-vez-mas-hogares-se-deciden-a-poner-placas-solares\/\" class=\"_self pt-cv-href-thumbnail pt-cv-thumb-default\" target=\"_self\" ><img decoding=\"async\" src=\"https:\/\/blogsaverroes.juntadeandalucia.es\/ceipnuestrasenoradelrosario\/wp-content\/plugins\/content-views-query-and-display-post-page\/public\/assets\/images\/default_image.png\" class=\"pt-cv-thumbnail cv-default-img\" alt=\"Por qu\u00e9 cada vez m\u00e1s hogares se deciden a poner placas solares\" title=\"\" \/><\/a><\/div>\n<div class=\"pt-cv-carousel-caption pt-cv-cap-w-img\"><div class=\"pt-cv-taxoterm above_title\"><a href='https:\/\/blogsaverroes.juntadeandalucia.es\/ceipnuestrasenoradelrosario\/category\/sin-categoria\/' title='Sin categor\u00eda' class='pt-cv-tax-sin-categoria'>Sin categor\u00eda<\/a><\/div>\n<h4 class=\"pt-cv-title\"><a href=\"https:\/\/blogsaverroes.juntadeandalucia.es\/ceipnuestrasenoradelrosario\/por-que-cada-vez-mas-hogares-se-deciden-a-poner-placas-solares\/\" class=\"_self\" target=\"_self\" >Por qu\u00e9 cada vez m\u00e1s hogares se deciden a poner placas solares<\/a><\/h4>\n<div class=\"pt-cv-content\">Si llevas tiempo pensando en instalar placas solares en tu casa pero siempre encuentras alguna excusa para dejarlo para \"el ...<\/div>\n<div class=\"pt-cv-rmwrap\"><a href=\"https:\/\/blogsaverroes.juntadeandalucia.es\/ceipnuestrasenoradelrosario\/por-que-cada-vez-mas-hogares-se-deciden-a-poner-placas-solares\/\" class=\"_self pt-cv-readmore btn btn-success\" target=\"_self\" >Leer M\u00e1s<\/a><\/div>\n<div class=\"pt-cv-meta-fields\"><span class=\"entry-date\"> <time datetime=\"2026-04-29T01:29:16+01:00\">29\/04\/2026<\/time><\/span><span> \/ <\/span><span class=\"author\"> <a href=\"https:\/\/blogsaverroes.juntadeandalucia.es\/ceipnuestrasenoradelrosario\/author\/29002617edu\/\" rel=\"author\">Direcci\u00f3n<\/a><\/span><\/div><\/div><\/div>\n<div class=\"col-md-6 pt-cv-content-item pt-cv-1-col\" ><div class=\"pt-cv-thumb-wrapper  \"><a href=\"https:\/\/blogsaverroes.juntadeandalucia.es\/ceipnuestrasenoradelrosario\/la-decision-que-puede-cambiar-el-futuro-de-un-negocio-y-que-muchos-siguen-tomando-mal\/\" class=\"_self pt-cv-href-thumbnail pt-cv-thumb-default\" target=\"_self\" ><img decoding=\"async\" src=\"https:\/\/blogsaverroes.juntadeandalucia.es\/ceipnuestrasenoradelrosario\/wp-content\/plugins\/content-views-query-and-display-post-page\/public\/assets\/images\/default_image.png\" class=\"pt-cv-thumbnail cv-default-img\" alt=\"La decisi\u00f3n que puede cambiar el futuro de un negocio (y que muchos siguen tomando mal)\" title=\"\" \/><\/a><\/div>\n<div class=\"pt-cv-carousel-caption pt-cv-cap-w-img\"><div class=\"pt-cv-taxoterm above_title\"><a href='https:\/\/blogsaverroes.juntadeandalucia.es\/ceipnuestrasenoradelrosario\/category\/sin-categoria\/' title='Sin categor\u00eda' class='pt-cv-tax-sin-categoria'>Sin categor\u00eda<\/a><\/div>\n<h4 class=\"pt-cv-title\"><a href=\"https:\/\/blogsaverroes.juntadeandalucia.es\/ceipnuestrasenoradelrosario\/la-decision-que-puede-cambiar-el-futuro-de-un-negocio-y-que-muchos-siguen-tomando-mal\/\" class=\"_self\" target=\"_self\" >La decisi\u00f3n que puede cambiar el futuro de un negocio (y que muchos siguen tomando mal)<\/a><\/h4>\n<div class=\"pt-cv-content\">Elegir d\u00f3nde invertir el presupuesto publicitario es, probablemente, una de las decisiones m\u00e1s importantes que toma cualquier negocio cuando da ...<\/div>\n<div class=\"pt-cv-rmwrap\"><a href=\"https:\/\/blogsaverroes.juntadeandalucia.es\/ceipnuestrasenoradelrosario\/la-decision-que-puede-cambiar-el-futuro-de-un-negocio-y-que-muchos-siguen-tomando-mal\/\" class=\"_self pt-cv-readmore btn btn-success\" target=\"_self\" >Leer M\u00e1s<\/a><\/div>\n<div class=\"pt-cv-meta-fields\"><span class=\"entry-date\"> <time datetime=\"2026-04-29T01:24:14+01:00\">29\/04\/2026<\/time><\/span><span> \/ <\/span><span class=\"author\"> <a href=\"https:\/\/blogsaverroes.juntadeandalucia.es\/ceipnuestrasenoradelrosario\/author\/29002617edu\/\" rel=\"author\">Direcci\u00f3n<\/a><\/span><\/div><\/div><\/div><\/div><\/div>\n<div class=\"item\"><div class=\"row\"><div class=\"col-md-6 pt-cv-content-item pt-cv-1-col\" ><div class=\"pt-cv-thumb-wrapper  \"><a href=\"https:\/\/blogsaverroes.juntadeandalucia.es\/ceipnuestrasenoradelrosario\/eficiencia-energetica-en-casa-calderas-de-condensacion-explicadas\/\" class=\"_self pt-cv-href-thumbnail pt-cv-thumb-default\" target=\"_self\" ><img decoding=\"async\" src=\"https:\/\/blogsaverroes.juntadeandalucia.es\/ceipnuestrasenoradelrosario\/wp-content\/plugins\/content-views-query-and-display-post-page\/public\/assets\/images\/default_image.png\" class=\"pt-cv-thumbnail cv-default-img\" alt=\"Eficiencia energ\u00e9tica en casa: calderas de condensaci\u00f3n explicadas\" title=\"\" \/><\/a><\/div>\n<div class=\"pt-cv-carousel-caption pt-cv-cap-w-img\"><div class=\"pt-cv-taxoterm above_title\"><a href='https:\/\/blogsaverroes.juntadeandalucia.es\/ceipnuestrasenoradelrosario\/category\/sin-categoria\/' title='Sin categor\u00eda' class='pt-cv-tax-sin-categoria'>Sin categor\u00eda<\/a><\/div>\n<h4 class=\"pt-cv-title\"><a href=\"https:\/\/blogsaverroes.juntadeandalucia.es\/ceipnuestrasenoradelrosario\/eficiencia-energetica-en-casa-calderas-de-condensacion-explicadas\/\" class=\"_self\" target=\"_self\" >Eficiencia energ\u00e9tica en casa: calderas de condensaci\u00f3n explicadas<\/a><\/h4>\n<div class=\"pt-cv-content\">La eficiencia energ\u00e9tica en el hogar se ha convertido en una prioridad para muchas familias, no solo por el ahorro ...<\/div>\n<div class=\"pt-cv-rmwrap\"><a href=\"https:\/\/blogsaverroes.juntadeandalucia.es\/ceipnuestrasenoradelrosario\/eficiencia-energetica-en-casa-calderas-de-condensacion-explicadas\/\" class=\"_self pt-cv-readmore btn btn-success\" target=\"_self\" >Leer M\u00e1s<\/a><\/div>\n<div class=\"pt-cv-meta-fields\"><span class=\"entry-date\"> <time datetime=\"2026-04-27T08:58:17+01:00\">27\/04\/2026<\/time><\/span><span> \/ <\/span><span class=\"author\"> <a href=\"https:\/\/blogsaverroes.juntadeandalucia.es\/ceipnuestrasenoradelrosario\/author\/29002617edu\/\" rel=\"author\">Direcci\u00f3n<\/a><\/span><\/div><\/div><\/div>\n<div class=\"col-md-6 pt-cv-content-item pt-cv-1-col\" ><div class=\"pt-cv-thumb-wrapper  \"><a href=\"https:\/\/blogsaverroes.juntadeandalucia.es\/ceipnuestrasenoradelrosario\/moldear-la-figura-nunca-fue-tan-amable-con-tu-cuerpo\/\" class=\"_self pt-cv-href-thumbnail pt-cv-thumb-default\" target=\"_self\" ><img decoding=\"async\" src=\"https:\/\/blogsaverroes.juntadeandalucia.es\/ceipnuestrasenoradelrosario\/wp-content\/plugins\/content-views-query-and-display-post-page\/public\/assets\/images\/default_image.png\" class=\"pt-cv-thumbnail cv-default-img\" alt=\"Moldear la figura nunca fue tan amable con tu cuerpo\" title=\"\" \/><\/a><\/div>\n<div class=\"pt-cv-carousel-caption pt-cv-cap-w-img\"><div class=\"pt-cv-taxoterm above_title\"><a href='https:\/\/blogsaverroes.juntadeandalucia.es\/ceipnuestrasenoradelrosario\/category\/sin-categoria\/' title='Sin categor\u00eda' class='pt-cv-tax-sin-categoria'>Sin categor\u00eda<\/a><\/div>\n<h4 class=\"pt-cv-title\"><a href=\"https:\/\/blogsaverroes.juntadeandalucia.es\/ceipnuestrasenoradelrosario\/moldear-la-figura-nunca-fue-tan-amable-con-tu-cuerpo\/\" class=\"_self\" target=\"_self\" >Moldear la figura nunca fue tan amable con tu cuerpo<\/a><\/h4>\n<div class=\"pt-cv-content\">El cuerpo humano tiene una forma de acumular grasa que a veces resulta frustrante. Aunque se mantenga una alimentaci\u00f3n equilibrada ...<\/div>\n<div class=\"pt-cv-rmwrap\"><a href=\"https:\/\/blogsaverroes.juntadeandalucia.es\/ceipnuestrasenoradelrosario\/moldear-la-figura-nunca-fue-tan-amable-con-tu-cuerpo\/\" class=\"_self pt-cv-readmore btn btn-success\" target=\"_self\" >Leer M\u00e1s<\/a><\/div>\n<div class=\"pt-cv-meta-fields\"><span class=\"entry-date\"> <time datetime=\"2026-04-26T05:39:58+01:00\">26\/04\/2026<\/time><\/span><span> \/ <\/span><span class=\"author\"> <a href=\"https:\/\/blogsaverroes.juntadeandalucia.es\/ceipnuestrasenoradelrosario\/author\/29002617edu\/\" rel=\"author\">Direcci\u00f3n<\/a><\/span><\/div><\/div><\/div><\/div><\/div>\n<div class=\"item\"><div class=\"row\"><div class=\"col-md-6 pt-cv-content-item pt-cv-1-col\" ><div class=\"pt-cv-thumb-wrapper  \"><a href=\"https:\/\/blogsaverroes.juntadeandalucia.es\/ceipnuestrasenoradelrosario\/jim-rohn-zig-ziglar-y-el-liderazgo-que-sigue-formando-generaciones\/\" class=\"_self pt-cv-href-thumbnail pt-cv-thumb-default\" target=\"_self\" ><img decoding=\"async\" src=\"https:\/\/blogsaverroes.juntadeandalucia.es\/ceipnuestrasenoradelrosario\/wp-content\/plugins\/content-views-query-and-display-post-page\/public\/assets\/images\/default_image.png\" class=\"pt-cv-thumbnail cv-default-img\" alt=\"Jim Rohn, Zig Ziglar y el liderazgo que sigue formando generaciones\" title=\"\" \/><\/a><\/div>\n<div class=\"pt-cv-carousel-caption pt-cv-cap-w-img\"><div class=\"pt-cv-taxoterm above_title\"><a href='https:\/\/blogsaverroes.juntadeandalucia.es\/ceipnuestrasenoradelrosario\/category\/sin-categoria\/' title='Sin categor\u00eda' class='pt-cv-tax-sin-categoria'>Sin categor\u00eda<\/a><\/div>\n<h4 class=\"pt-cv-title\"><a href=\"https:\/\/blogsaverroes.juntadeandalucia.es\/ceipnuestrasenoradelrosario\/jim-rohn-zig-ziglar-y-el-liderazgo-que-sigue-formando-generaciones\/\" class=\"_self\" target=\"_self\" >Jim Rohn, Zig Ziglar y el liderazgo que sigue formando generaciones<\/a><\/h4>\n<div class=\"pt-cv-content\">Antes de que existieran los coaches en redes sociales, los podcasts de desarrollo personal o los videos virales de motivaci\u00f3n, ...<\/div>\n<div class=\"pt-cv-rmwrap\"><a href=\"https:\/\/blogsaverroes.juntadeandalucia.es\/ceipnuestrasenoradelrosario\/jim-rohn-zig-ziglar-y-el-liderazgo-que-sigue-formando-generaciones\/\" class=\"_self pt-cv-readmore btn btn-success\" target=\"_self\" >Leer M\u00e1s<\/a><\/div>\n<div class=\"pt-cv-meta-fields\"><span class=\"entry-date\"> <time datetime=\"2026-04-25T23:17:31+01:00\">25\/04\/2026<\/time><\/span><span> \/ <\/span><span class=\"author\"> <a href=\"https:\/\/blogsaverroes.juntadeandalucia.es\/ceipnuestrasenoradelrosario\/author\/29002617edu\/\" rel=\"author\">Direcci\u00f3n<\/a><\/span><\/div><\/div><\/div>\n<div class=\"col-md-6 pt-cv-content-item pt-cv-1-col\" ><div class=\"pt-cv-thumb-wrapper  \"><a href=\"https:\/\/blogsaverroes.juntadeandalucia.es\/ceipnuestrasenoradelrosario\/aprender-chino-abre-una-puerta-enorme-a-un-idioma-fascinante-y-a-una-forma-distinta-de-entender-el-mundo\/\" class=\"_self pt-cv-href-thumbnail pt-cv-thumb-default\" target=\"_self\" ><img decoding=\"async\" src=\"https:\/\/blogsaverroes.juntadeandalucia.es\/ceipnuestrasenoradelrosario\/wp-content\/plugins\/content-views-query-and-display-post-page\/public\/assets\/images\/default_image.png\" class=\"pt-cv-thumbnail cv-default-img\" alt=\"Aprender chino abre una puerta enorme a un idioma fascinante y a una forma distinta de entender el mundo\" title=\"\" \/><\/a><\/div>\n<div class=\"pt-cv-carousel-caption pt-cv-cap-w-img\"><div class=\"pt-cv-taxoterm above_title\"><a href='https:\/\/blogsaverroes.juntadeandalucia.es\/ceipnuestrasenoradelrosario\/category\/sin-categoria\/' title='Sin categor\u00eda' class='pt-cv-tax-sin-categoria'>Sin categor\u00eda<\/a><\/div>\n<h4 class=\"pt-cv-title\"><a href=\"https:\/\/blogsaverroes.juntadeandalucia.es\/ceipnuestrasenoradelrosario\/aprender-chino-abre-una-puerta-enorme-a-un-idioma-fascinante-y-a-una-forma-distinta-de-entender-el-mundo\/\" class=\"_self\" target=\"_self\" >Aprender chino abre una puerta enorme a un idioma fascinante y a una forma distinta de entender el mundo<\/a><\/h4>\n<div class=\"pt-cv-content\">Aprender chino suele despertar una mezcla muy curiosa de inter\u00e9s, respeto y hasta un poco de miedo. A muchas personas ...<\/div>\n<div class=\"pt-cv-rmwrap\"><a href=\"https:\/\/blogsaverroes.juntadeandalucia.es\/ceipnuestrasenoradelrosario\/aprender-chino-abre-una-puerta-enorme-a-un-idioma-fascinante-y-a-una-forma-distinta-de-entender-el-mundo\/\" class=\"_self pt-cv-readmore btn btn-success\" target=\"_self\" >Leer M\u00e1s<\/a><\/div>\n<div class=\"pt-cv-meta-fields\"><span class=\"entry-date\"> <time datetime=\"2026-04-20T02:27:37+01:00\">20\/04\/2026<\/time><\/span><span> \/ <\/span><span class=\"author\"> <a href=\"https:\/\/blogsaverroes.juntadeandalucia.es\/ceipnuestrasenoradelrosario\/author\/29002617edu\/\" rel=\"author\">Direcci\u00f3n<\/a><\/span><\/div><\/div><\/div><\/div><\/div><\/div>\n<a class=\"left carousel-control\" data-target=\"#2d24b9aqhu\" data-cvslide=\"prev\">\r\n\t\t\t\t\t\t<span class=\"glyphicon glyphicon-chevron-left\"><\/span>\r\n\t\t\t\t\t<\/a>\r\n\t\t\t\t\t<a class=\"right carousel-control\" data-target=\"#2d24b9aqhu\" data-cvslide=\"next\">\r\n\t\t\t\t\t\t<span class=\"glyphicon glyphicon-chevron-right\"><\/span>\r\n\t\t\t\t\t<\/a><\/div><\/div><\/div> <\/div> \t\t\t\t<\/div>\n\t\t\t\t<\/div>\n\t\t\t\t\t<\/div>\n\t\t<\/div>\n\t\t\t\t\t<\/div>\n\t\t<\/section>\n\t\t\t\t<\/div>\n\t\t","protected":false},"excerpt":{"rendered":"<p>Datos del Centro Direcci\u00f3n\u200b Avda. de la Democracia, n\u00ba 20 &#8211; 29380 Cortes de la Frontera (M\u00e1laga) Contacta con nosotros Tel\u00e9fono: 952 15 99 09 Fax: 952 15 99 08 Email: 29002617.edu@juntadeandalucia.es Equipo Directivo Rosa Mar\u00eda Vega Jim\u00e9nez Directora Horario de Atenci\u00f3n: Lunes 09:00 &#8211; 10:30 h. Martes 09:00 &#8211; 10:00 h. 11:00 &#8211; 12:00 &hellip; <\/p>\n<p class=\"link-more\"><a href=\"https:\/\/blogsaverroes.juntadeandalucia.es\/ceipnuestrasenoradelrosario\/aprender-chino-abre-una-puerta-enorme-a-un-idioma-fascinante-y-a-una-forma-distinta-de-entender-el-mundo\/\" class=\"more-link\">Continuar leyendo<span class=\"screen-reader-text\"> \u00abAprender chino abre una puerta enorme a un idioma fascinante y a una forma distinta de entender el mundo\u00bb<\/span><\/a><\/p>\n","protected":false},"author":1,"featured_media":0,"parent":0,"menu_order":0,"comment_status":"closed","ping_status":"open","template":"","meta":{"ngg_post_thumbnail":0,"footnotes":"","_mc_calendar":[]},"aioseo_notices":[],"_links":{"self":[{"href":"https:\/\/blogsaverroes.juntadeandalucia.es\/ceipnuestrasenoradelrosario\/wp-json\/wp\/v2\/pages\/35"}],"collection":[{"href":"https:\/\/blogsaverroes.juntadeandalucia.es\/ceipnuestrasenoradelrosario\/wp-json\/wp\/v2\/pages"}],"about":[{"href":"https:\/\/blogsaverroes.juntadeandalucia.es\/ceipnuestrasenoradelrosario\/wp-json\/wp\/v2\/types\/page"}],"author":[{"embeddable":true,"href":"https:\/\/blogsaverroes.juntadeandalucia.es\/ceipnuestrasenoradelrosario\/wp-json\/wp\/v2\/users\/1"}],"replies":[{"embeddable":true,"href":"https:\/\/blogsaverroes.juntadeandalucia.es\/ceipnuestrasenoradelrosario\/wp-json\/wp\/v2\/comments?post=35"}],"version-history":[{"count":105,"href":"https:\/\/blogsaverroes.juntadeandalucia.es\/ceipnuestrasenoradelrosario\/wp-json\/wp\/v2\/pages\/35\/revisions"}],"predecessor-version":[{"id":5323,"href":"https:\/\/blogsaverroes.juntadeandalucia.es\/ceipnuestrasenoradelrosario\/wp-json\/wp\/v2\/pages\/35\/revisions\/5323"}],"wp:attachment":[{"href":"https:\/\/blogsaverroes.juntadeandalucia.es\/ceipnuestrasenoradelrosario\/wp-json\/wp\/v2\/media?parent=35"}],"curies":[{"name":"wp","href":"https:\/\/api.w.org\/{rel}","templated":true}]}}