{"id":44,"date":"2015-03-13T08:42:15","date_gmt":"2015-03-13T08:42:15","guid":{"rendered":"http:\/\/blogsaverroes.juntadeandalucia.es\/pre\/ceip\/?page_id=44"},"modified":"2023-01-25T12:25:46","modified_gmt":"2023-01-25T11:25:46","slug":"planes-y-proyectos","status":"publish","type":"page","link":"https:\/\/blogsaverroes.juntadeandalucia.es\/ceipnuestrasenoradelrosario\/planes-y-proyectos\/","title":{"rendered":"Planes y Programas"},"content":{"rendered":"\t\t<div data-elementor-type=\"wp-post\" data-elementor-id=\"44\" class=\"elementor elementor-44\">\n\t\t\t\t\t\t<section class=\"elementor-section elementor-top-section elementor-element elementor-element-928400d elementor-section-boxed elementor-section-height-default elementor-section-height-default\" data-id=\"928400d\" data-element_type=\"section\" data-settings=\"{&quot;background_background&quot;:&quot;classic&quot;}\">\n\t\t\t\t\t\t<div class=\"elementor-container elementor-column-gap-default\">\n\t\t\t\t\t<div class=\"elementor-column elementor-col-100 elementor-top-column elementor-element elementor-element-6089ee0\" data-id=\"6089ee0\" data-element_type=\"column\">\n\t\t\t<div class=\"elementor-widget-wrap elementor-element-populated\">\n\t\t\t\t\t\t<div class=\"elementor-element elementor-element-35de58c elementor-widget elementor-widget-html\" data-id=\"35de58c\" data-element_type=\"widget\" data-widget_type=\"html.default\">\n\t\t\t\t<div class=\"elementor-widget-container\">\n\t\t\t\t\t<a data-scroll=\"\" class=\"ir-arriba\" href=\"#\">\n            <i class=\"fa  fa-arrow-circle-up\" aria-hidden=\"true\"> <\/i>\n<\/a>\n<a name=\"creciendoensalud\"><\/a>\n<br \/>\n<h2>Creciendo en Salud (2022-2023)<\/h2>\t\t\t\t<\/div>\n\t\t\t\t<\/div>\n\t\t\t\t\t<\/div>\n\t\t<\/div>\n\t\t\t\t\t<\/div>\n\t\t<\/section>\n\t\t\t\t<section class=\"elementor-section elementor-top-section elementor-element elementor-element-e7f779d elementor-section-boxed elementor-section-height-default elementor-section-height-default\" data-id=\"e7f779d\" data-element_type=\"section\" data-settings=\"{&quot;background_background&quot;:&quot;classic&quot;}\">\n\t\t\t\t\t\t<div class=\"elementor-container elementor-column-gap-default\">\n\t\t\t\t\t<div class=\"elementor-column elementor-col-33 elementor-top-column elementor-element elementor-element-2acce01\" data-id=\"2acce01\" data-element_type=\"column\">\n\t\t\t<div class=\"elementor-widget-wrap elementor-element-populated\">\n\t\t\t\t\t\t<div class=\"elementor-element elementor-element-1f09c45 elementor-widget elementor-widget-image\" data-id=\"1f09c45\" data-element_type=\"widget\" data-widget_type=\"image.default\">\n\t\t\t\t<div class=\"elementor-widget-container\">\n\t\t\t\t\t\t\t\t\t\t\t\t\t\t\t\t<a href=\"https:\/\/blogsaverroes.juntadeandalucia.es\/ceipnuestrasenoradelrosario\/files\/2023\/01\/Creciendo-en-salud-22-23.pdf\">\n\t\t\t\t\t\t\t<img fetchpriority=\"high\" decoding=\"async\" width=\"525\" height=\"306\" src=\"https:\/\/blogsaverroes.juntadeandalucia.es\/ceipnuestrasenoradelrosario\/files\/2020\/01\/Logo-Creciendo-Salud-1024x597.jpg\" class=\"attachment-large size-large wp-image-4239\" alt=\"\" srcset=\"https:\/\/blogsaverroes.juntadeandalucia.es\/ceipnuestrasenoradelrosario\/files\/2020\/01\/Logo-Creciendo-Salud-1024x597.jpg 1024w, https:\/\/blogsaverroes.juntadeandalucia.es\/ceipnuestrasenoradelrosario\/files\/2020\/01\/Logo-Creciendo-Salud-300x175.jpg 300w, https:\/\/blogsaverroes.juntadeandalucia.es\/ceipnuestrasenoradelrosario\/files\/2020\/01\/Logo-Creciendo-Salud-768x448.jpg 768w, https:\/\/blogsaverroes.juntadeandalucia.es\/ceipnuestrasenoradelrosario\/files\/2020\/01\/Logo-Creciendo-Salud-24x14.jpg 24w, https:\/\/blogsaverroes.juntadeandalucia.es\/ceipnuestrasenoradelrosario\/files\/2020\/01\/Logo-Creciendo-Salud-36x21.jpg 36w, https:\/\/blogsaverroes.juntadeandalucia.es\/ceipnuestrasenoradelrosario\/files\/2020\/01\/Logo-Creciendo-Salud-48x28.jpg 48w, https:\/\/blogsaverroes.juntadeandalucia.es\/ceipnuestrasenoradelrosario\/files\/2020\/01\/Logo-Creciendo-Salud.jpg 1403w\" sizes=\"100vw\" \/>\t\t\t\t\t\t\t\t<\/a>\n\t\t\t\t\t\t\t\t\t\t\t\t\t\t\t<\/div>\n\t\t\t\t<\/div>\n\t\t\t\t\t<\/div>\n\t\t<\/div>\n\t\t\t\t<div class=\"elementor-column elementor-col-33 elementor-top-column elementor-element elementor-element-e730f72\" data-id=\"e730f72\" data-element_type=\"column\">\n\t\t\t<div class=\"elementor-widget-wrap elementor-element-populated\">\n\t\t\t\t\t\t<div class=\"elementor-element elementor-element-ade825d elementor-vertical-align-top elementor-widget elementor-widget-image-box\" data-id=\"ade825d\" data-element_type=\"widget\" data-widget_type=\"image-box.default\">\n\t\t\t\t<div class=\"elementor-widget-container\">\n\t\t\t\t\t<div class=\"elementor-image-box-wrapper\"><div class=\"elementor-image-box-content\"><p class=\"elementor-image-box-description\"><p style=\"text-align:justify\">Actividades como el Frut\u00f3metro, el Desayuno Saludable, el Emocionario\u2026 han pasado a formar parte diaria de nuestra rutina escolar y, adem\u00e1s, de la rutina familiar de nuestros alumnos y alumnos que es, al fin y al cabo, nuestro objetivo fundamental, adem\u00e1s de crear h\u00e1bitos saludables en nuestro alumnado y en su entorno familiar. <br><br>Pieza muy importante en nuestro camino han sido las familias de nuestros alumnos y alumnas, pues sin su colaboraci\u00f3n esto no hubiera sido posible conseguirlo.<\/p><\/p><\/div><\/div>\t\t\t\t<\/div>\n\t\t\t\t<\/div>\n\t\t\t\t\t<\/div>\n\t\t<\/div>\n\t\t\t\t<div class=\"elementor-column elementor-col-33 elementor-top-column elementor-element elementor-element-17dd390\" data-id=\"17dd390\" data-element_type=\"column\">\n\t\t\t<div class=\"elementor-widget-wrap elementor-element-populated\">\n\t\t\t\t\t\t<div class=\"elementor-element elementor-element-4ae227e elementor-position-left elementor-vertical-align-middle elementor-widget elementor-widget-image-box\" data-id=\"4ae227e\" data-element_type=\"widget\" data-widget_type=\"image-box.default\">\n\t\t\t\t<div class=\"elementor-widget-container\">\n\t\t\t\t\t<div class=\"elementor-image-box-wrapper\"><figure class=\"elementor-image-box-img\"><a href=\"https:\/\/blogsaverroes.juntadeandalucia.es\/ceipnuestrasenoradelrosario\/files\/2023\/01\/Creciendo-en-salud-22-23.pdf\" tabindex=\"-1\"><img decoding=\"async\" width=\"170\" height=\"170\" src=\"https:\/\/blogsaverroes.juntadeandalucia.es\/ceipnuestrasenoradelrosario\/files\/2019\/12\/pdf.png\" class=\"attachment-full size-full wp-image-4168\" alt=\"\" srcset=\"https:\/\/blogsaverroes.juntadeandalucia.es\/ceipnuestrasenoradelrosario\/files\/2019\/12\/pdf.png 170w, https:\/\/blogsaverroes.juntadeandalucia.es\/ceipnuestrasenoradelrosario\/files\/2019\/12\/pdf-150x150.png 150w, https:\/\/blogsaverroes.juntadeandalucia.es\/ceipnuestrasenoradelrosario\/files\/2019\/12\/pdf-100x100.png 100w, https:\/\/blogsaverroes.juntadeandalucia.es\/ceipnuestrasenoradelrosario\/files\/2019\/12\/pdf-24x24.png 24w, https:\/\/blogsaverroes.juntadeandalucia.es\/ceipnuestrasenoradelrosario\/files\/2019\/12\/pdf-36x36.png 36w, https:\/\/blogsaverroes.juntadeandalucia.es\/ceipnuestrasenoradelrosario\/files\/2019\/12\/pdf-48x48.png 48w, https:\/\/blogsaverroes.juntadeandalucia.es\/ceipnuestrasenoradelrosario\/files\/2019\/12\/pdf-50x50.png 50w\" sizes=\"(max-width: 170px) 100vw, 170px\" \/><\/a><\/figure><\/div>\t\t\t\t<\/div>\n\t\t\t\t<\/div>\n\t\t\t\t\t<\/div>\n\t\t<\/div>\n\t\t\t\t\t<\/div>\n\t\t<\/section>\n\t\t\t\t<section class=\"elementor-section elementor-top-section elementor-element elementor-element-34d19ab3 elementor-section-boxed elementor-section-height-default elementor-section-height-default\" data-id=\"34d19ab3\" data-element_type=\"section\" data-settings=\"{&quot;background_background&quot;:&quot;classic&quot;}\">\n\t\t\t\t\t\t<div class=\"elementor-container elementor-column-gap-default\">\n\t\t\t\t\t<div class=\"elementor-column elementor-col-100 elementor-top-column elementor-element elementor-element-5748bfe0\" data-id=\"5748bfe0\" data-element_type=\"column\">\n\t\t\t<div class=\"elementor-widget-wrap elementor-element-populated\">\n\t\t\t\t\t\t<div class=\"elementor-element elementor-element-3a2a19c9 elementor-widget elementor-widget-html\" data-id=\"3a2a19c9\" data-element_type=\"widget\" data-widget_type=\"html.default\">\n\t\t\t\t<div class=\"elementor-widget-container\">\n\t\t\t\t\t<a name=\"robotica\"><\/a><br>\n<h2>Rob\u00f3tica en el aula (2022-2023)<\/h2>\t\t\t\t<\/div>\n\t\t\t\t<\/div>\n\t\t\t\t\t<\/div>\n\t\t<\/div>\n\t\t\t\t\t<\/div>\n\t\t<\/section>\n\t\t\t\t<section class=\"elementor-section elementor-top-section elementor-element elementor-element-7ecfaab elementor-section-boxed elementor-section-height-default elementor-section-height-default\" data-id=\"7ecfaab\" data-element_type=\"section\">\n\t\t\t\t\t\t<div class=\"elementor-container elementor-column-gap-default\">\n\t\t\t\t\t<div class=\"elementor-column elementor-col-33 elementor-top-column elementor-element elementor-element-becbdc5\" data-id=\"becbdc5\" data-element_type=\"column\">\n\t\t\t<div class=\"elementor-widget-wrap elementor-element-populated\">\n\t\t\t\t\t\t<div class=\"elementor-element elementor-element-020010b elementor-widget elementor-widget-image\" data-id=\"020010b\" data-element_type=\"widget\" data-widget_type=\"image.default\">\n\t\t\t\t<div class=\"elementor-widget-container\">\n\t\t\t\t\t\t\t\t\t\t\t\t\t\t\t<img decoding=\"async\" width=\"525\" height=\"523\" src=\"https:\/\/blogsaverroes.juntadeandalucia.es\/ceipnuestrasenoradelrosario\/files\/2020\/01\/Logo-Ecoescuela.png\" class=\"attachment-large size-large wp-image-4240\" alt=\"\" srcset=\"https:\/\/blogsaverroes.juntadeandalucia.es\/ceipnuestrasenoradelrosario\/files\/2020\/01\/Logo-Ecoescuela.png 652w, https:\/\/blogsaverroes.juntadeandalucia.es\/ceipnuestrasenoradelrosario\/files\/2020\/01\/Logo-Ecoescuela-150x150.png 150w, https:\/\/blogsaverroes.juntadeandalucia.es\/ceipnuestrasenoradelrosario\/files\/2020\/01\/Logo-Ecoescuela-300x300.png 300w, https:\/\/blogsaverroes.juntadeandalucia.es\/ceipnuestrasenoradelrosario\/files\/2020\/01\/Logo-Ecoescuela-100x100.png 100w, https:\/\/blogsaverroes.juntadeandalucia.es\/ceipnuestrasenoradelrosario\/files\/2020\/01\/Logo-Ecoescuela-24x24.png 24w, https:\/\/blogsaverroes.juntadeandalucia.es\/ceipnuestrasenoradelrosario\/files\/2020\/01\/Logo-Ecoescuela-36x36.png 36w, https:\/\/blogsaverroes.juntadeandalucia.es\/ceipnuestrasenoradelrosario\/files\/2020\/01\/Logo-Ecoescuela-48x48.png 48w, https:\/\/blogsaverroes.juntadeandalucia.es\/ceipnuestrasenoradelrosario\/files\/2020\/01\/Logo-Ecoescuela-50x50.png 50w\" sizes=\"100vw\" \/>\t\t\t\t\t\t\t\t\t\t\t\t\t\t\t<\/div>\n\t\t\t\t<\/div>\n\t\t\t\t\t<\/div>\n\t\t<\/div>\n\t\t\t\t<div class=\"elementor-column elementor-col-33 elementor-top-column elementor-element elementor-element-6547131\" data-id=\"6547131\" data-element_type=\"column\">\n\t\t\t<div class=\"elementor-widget-wrap elementor-element-populated\">\n\t\t\t\t\t\t<div class=\"elementor-element elementor-element-942529d elementor-vertical-align-top elementor-widget elementor-widget-image-box\" data-id=\"942529d\" data-element_type=\"widget\" data-widget_type=\"image-box.default\">\n\t\t\t\t<div class=\"elementor-widget-container\">\n\t\t\t\t\t<div class=\"elementor-image-box-wrapper\"><div class=\"elementor-image-box-content\"><p class=\"elementor-image-box-description\"><p style=\"text-align:justify\">Queremos que nuestro colegio sea \u201cun espacio de todas y todos para todas y todos\u201d.<br><br>\nSomos Ecoescuela porque queremos contribuir a la mejora ambiental promoviendo, mediante la reflexi\u00f3n e investigaci\u00f3n compartida, a partir de situaciones problem\u00e1ticas reales y concretas, un proceso educativo que impregne la vida de nuestro colegio.<\/p><\/p><\/div><\/div>\t\t\t\t<\/div>\n\t\t\t\t<\/div>\n\t\t\t\t\t<\/div>\n\t\t<\/div>\n\t\t\t\t<div class=\"elementor-column elementor-col-33 elementor-top-column elementor-element elementor-element-af428dc\" data-id=\"af428dc\" data-element_type=\"column\">\n\t\t\t<div class=\"elementor-widget-wrap elementor-element-populated\">\n\t\t\t\t\t\t<div class=\"elementor-element elementor-element-deba01a elementor-position-left elementor-vertical-align-middle elementor-widget elementor-widget-image-box\" data-id=\"deba01a\" data-element_type=\"widget\" data-widget_type=\"image-box.default\">\n\t\t\t\t<div class=\"elementor-widget-container\">\n\t\t\t\t\t<div class=\"elementor-image-box-wrapper\"><figure class=\"elementor-image-box-img\"><img decoding=\"async\" width=\"170\" height=\"170\" src=\"https:\/\/blogsaverroes.juntadeandalucia.es\/ceipnuestrasenoradelrosario\/files\/2019\/12\/pdf.png\" class=\"attachment-full size-full wp-image-4168\" alt=\"\" srcset=\"https:\/\/blogsaverroes.juntadeandalucia.es\/ceipnuestrasenoradelrosario\/files\/2019\/12\/pdf.png 170w, https:\/\/blogsaverroes.juntadeandalucia.es\/ceipnuestrasenoradelrosario\/files\/2019\/12\/pdf-150x150.png 150w, https:\/\/blogsaverroes.juntadeandalucia.es\/ceipnuestrasenoradelrosario\/files\/2019\/12\/pdf-100x100.png 100w, https:\/\/blogsaverroes.juntadeandalucia.es\/ceipnuestrasenoradelrosario\/files\/2019\/12\/pdf-24x24.png 24w, https:\/\/blogsaverroes.juntadeandalucia.es\/ceipnuestrasenoradelrosario\/files\/2019\/12\/pdf-36x36.png 36w, https:\/\/blogsaverroes.juntadeandalucia.es\/ceipnuestrasenoradelrosario\/files\/2019\/12\/pdf-48x48.png 48w, https:\/\/blogsaverroes.juntadeandalucia.es\/ceipnuestrasenoradelrosario\/files\/2019\/12\/pdf-50x50.png 50w\" sizes=\"(max-width: 170px) 100vw, 170px\" \/><\/figure><\/div>\t\t\t\t<\/div>\n\t\t\t\t<\/div>\n\t\t\t\t\t<\/div>\n\t\t<\/div>\n\t\t\t\t\t<\/div>\n\t\t<\/section>\n\t\t\t\t<section class=\"elementor-section elementor-top-section elementor-element elementor-element-bff0578 elementor-section-boxed elementor-section-height-default elementor-section-height-default\" data-id=\"bff0578\" data-element_type=\"section\" data-settings=\"{&quot;background_background&quot;:&quot;classic&quot;}\">\n\t\t\t\t\t\t<div class=\"elementor-container elementor-column-gap-default\">\n\t\t\t\t\t<div class=\"elementor-column elementor-col-100 elementor-top-column elementor-element elementor-element-80ad52b\" data-id=\"80ad52b\" data-element_type=\"column\">\n\t\t\t<div class=\"elementor-widget-wrap elementor-element-populated\">\n\t\t\t\t\t\t<div class=\"elementor-element elementor-element-006a36e elementor-widget elementor-widget-html\" data-id=\"006a36e\" data-element_type=\"widget\" data-widget_type=\"html.default\">\n\t\t\t\t<div class=\"elementor-widget-container\">\n\t\t\t\t\t<a name=\"escuelaespaciodepaz\"><\/a>\n<br \/>\n<h2>Escuela Espacio de Paz (2021-2022)<\/h2>\t\t\t\t<\/div>\n\t\t\t\t<\/div>\n\t\t\t\t\t<\/div>\n\t\t<\/div>\n\t\t\t\t\t<\/div>\n\t\t<\/section>\n\t\t\t\t<section class=\"elementor-section elementor-top-section elementor-element elementor-element-25cc46d elementor-section-boxed elementor-section-height-default elementor-section-height-default\" data-id=\"25cc46d\" data-element_type=\"section\" data-settings=\"{&quot;background_background&quot;:&quot;classic&quot;}\">\n\t\t\t\t\t\t<div class=\"elementor-container elementor-column-gap-default\">\n\t\t\t\t\t<div class=\"elementor-column elementor-col-33 elementor-top-column elementor-element elementor-element-9ba147b\" data-id=\"9ba147b\" data-element_type=\"column\">\n\t\t\t<div class=\"elementor-widget-wrap elementor-element-populated\">\n\t\t\t\t\t\t<div class=\"elementor-element elementor-element-031a34f elementor-widget elementor-widget-image\" data-id=\"031a34f\" data-element_type=\"widget\" data-widget_type=\"image.default\">\n\t\t\t\t<div class=\"elementor-widget-container\">\n\t\t\t\t\t\t\t\t\t\t\t\t\t\t\t\t<a href=\"https:\/\/blogsaverroes.juntadeandalucia.es\/ceipnuestrasenoradelrosario\/3d-flip-book\/escuela-espacio-de-paz\/\">\n\t\t\t\t\t\t\t<img loading=\"lazy\" decoding=\"async\" width=\"250\" height=\"250\" src=\"https:\/\/blogsaverroes.juntadeandalucia.es\/ceipnuestrasenoradelrosario\/files\/2020\/01\/Logo-Escuela-Espacio-Paz.jpg\" class=\"attachment-large size-large wp-image-4258\" alt=\"\" srcset=\"https:\/\/blogsaverroes.juntadeandalucia.es\/ceipnuestrasenoradelrosario\/files\/2020\/01\/Logo-Escuela-Espacio-Paz.jpg 250w, https:\/\/blogsaverroes.juntadeandalucia.es\/ceipnuestrasenoradelrosario\/files\/2020\/01\/Logo-Escuela-Espacio-Paz-150x150.jpg 150w, https:\/\/blogsaverroes.juntadeandalucia.es\/ceipnuestrasenoradelrosario\/files\/2020\/01\/Logo-Escuela-Espacio-Paz-100x100.jpg 100w, https:\/\/blogsaverroes.juntadeandalucia.es\/ceipnuestrasenoradelrosario\/files\/2020\/01\/Logo-Escuela-Espacio-Paz-24x24.jpg 24w, https:\/\/blogsaverroes.juntadeandalucia.es\/ceipnuestrasenoradelrosario\/files\/2020\/01\/Logo-Escuela-Espacio-Paz-36x36.jpg 36w, https:\/\/blogsaverroes.juntadeandalucia.es\/ceipnuestrasenoradelrosario\/files\/2020\/01\/Logo-Escuela-Espacio-Paz-48x48.jpg 48w, https:\/\/blogsaverroes.juntadeandalucia.es\/ceipnuestrasenoradelrosario\/files\/2020\/01\/Logo-Escuela-Espacio-Paz-50x50.jpg 50w\" sizes=\"100vw\" \/>\t\t\t\t\t\t\t\t<\/a>\n\t\t\t\t\t\t\t\t\t\t\t\t\t\t\t<\/div>\n\t\t\t\t<\/div>\n\t\t\t\t\t<\/div>\n\t\t<\/div>\n\t\t\t\t<div class=\"elementor-column elementor-col-33 elementor-top-column elementor-element elementor-element-850e83d\" data-id=\"850e83d\" data-element_type=\"column\">\n\t\t\t<div class=\"elementor-widget-wrap elementor-element-populated\">\n\t\t\t\t\t\t<div class=\"elementor-element elementor-element-16b17b9 elementor-vertical-align-top elementor-widget elementor-widget-image-box\" data-id=\"16b17b9\" data-element_type=\"widget\" data-widget_type=\"image-box.default\">\n\t\t\t\t<div class=\"elementor-widget-container\">\n\t\t\t\t\t<div class=\"elementor-image-box-wrapper\"><div class=\"elementor-image-box-content\"><p class=\"elementor-image-box-description\"><p style=\"text-align:justify\">Los principios clave que determinen la cultura de paz ser\u00e1n: compartir, liberalizar, convivir, universalizar, apoyar, pacificar, unificar, respetar, ayudar, dialogar, escuchar y participar. <br><br>Actualmente no existen situaciones preocupantes de convivencia no pac\u00edfica, quiz\u00e1s sea debido a las edades de nuestros alumnos\/as, pero como en toda comunidad a veces surgen algunos conflictos.<\/p><\/p><\/div><\/div>\t\t\t\t<\/div>\n\t\t\t\t<\/div>\n\t\t\t\t\t<\/div>\n\t\t<\/div>\n\t\t\t\t<div class=\"elementor-column elementor-col-33 elementor-top-column elementor-element elementor-element-72c3544\" data-id=\"72c3544\" data-element_type=\"column\">\n\t\t\t<div class=\"elementor-widget-wrap elementor-element-populated\">\n\t\t\t\t\t\t<div class=\"elementor-element elementor-element-a6d02fc elementor-position-left elementor-vertical-align-middle elementor-widget elementor-widget-image-box\" data-id=\"a6d02fc\" data-element_type=\"widget\" data-widget_type=\"image-box.default\">\n\t\t\t\t<div class=\"elementor-widget-container\">\n\t\t\t\t\t<div class=\"elementor-image-box-wrapper\"><figure class=\"elementor-image-box-img\"><a href=\"https:\/\/blogsaverroes.juntadeandalucia.es\/ceipnuestrasenoradelrosario\/files\/2020\/01\/Proyecto-Escuela-Espacio-de-Paz-2021_2022.pdf\" tabindex=\"-1\"><img decoding=\"async\" width=\"170\" height=\"170\" src=\"https:\/\/blogsaverroes.juntadeandalucia.es\/ceipnuestrasenoradelrosario\/files\/2019\/12\/pdf.png\" class=\"attachment-full size-full wp-image-4168\" alt=\"\" srcset=\"https:\/\/blogsaverroes.juntadeandalucia.es\/ceipnuestrasenoradelrosario\/files\/2019\/12\/pdf.png 170w, https:\/\/blogsaverroes.juntadeandalucia.es\/ceipnuestrasenoradelrosario\/files\/2019\/12\/pdf-150x150.png 150w, https:\/\/blogsaverroes.juntadeandalucia.es\/ceipnuestrasenoradelrosario\/files\/2019\/12\/pdf-100x100.png 100w, https:\/\/blogsaverroes.juntadeandalucia.es\/ceipnuestrasenoradelrosario\/files\/2019\/12\/pdf-24x24.png 24w, https:\/\/blogsaverroes.juntadeandalucia.es\/ceipnuestrasenoradelrosario\/files\/2019\/12\/pdf-36x36.png 36w, https:\/\/blogsaverroes.juntadeandalucia.es\/ceipnuestrasenoradelrosario\/files\/2019\/12\/pdf-48x48.png 48w, https:\/\/blogsaverroes.juntadeandalucia.es\/ceipnuestrasenoradelrosario\/files\/2019\/12\/pdf-50x50.png 50w\" sizes=\"(max-width: 170px) 100vw, 170px\" \/><\/a><\/figure><\/div>\t\t\t\t<\/div>\n\t\t\t\t<\/div>\n\t\t\t\t\t<\/div>\n\t\t<\/div>\n\t\t\t\t\t<\/div>\n\t\t<\/section>\n\t\t\t\t<section class=\"elementor-section elementor-top-section elementor-element elementor-element-63b529f elementor-section-boxed elementor-section-height-default elementor-section-height-default\" data-id=\"63b529f\" data-element_type=\"section\" data-settings=\"{&quot;background_background&quot;:&quot;classic&quot;}\">\n\t\t\t\t\t\t<div class=\"elementor-container elementor-column-gap-default\">\n\t\t\t\t\t<div class=\"elementor-column elementor-col-100 elementor-top-column elementor-element elementor-element-71ace3b\" data-id=\"71ace3b\" data-element_type=\"column\">\n\t\t\t<div class=\"elementor-widget-wrap elementor-element-populated\">\n\t\t\t\t\t\t<div class=\"elementor-element elementor-element-0c26fa6 elementor-widget elementor-widget-html\" data-id=\"0c26fa6\" data-element_type=\"widget\" data-widget_type=\"html.default\">\n\t\t\t\t<div class=\"elementor-widget-container\">\n\t\t\t\t\t<a name=\"planigualdad\"><\/a>\n<br \/>\n<h2>Plan de Igualdad de G\u00e9nero (2022-2023)<\/h2>\t\t\t\t<\/div>\n\t\t\t\t<\/div>\n\t\t\t\t\t<\/div>\n\t\t<\/div>\n\t\t\t\t\t<\/div>\n\t\t<\/section>\n\t\t\t\t<section class=\"elementor-section elementor-top-section elementor-element elementor-element-74eb6f1 elementor-section-boxed elementor-section-height-default elementor-section-height-default\" data-id=\"74eb6f1\" data-element_type=\"section\" data-settings=\"{&quot;background_background&quot;:&quot;classic&quot;}\">\n\t\t\t\t\t\t<div class=\"elementor-container elementor-column-gap-default\">\n\t\t\t\t\t<div class=\"elementor-column elementor-col-33 elementor-top-column elementor-element elementor-element-8df0dd7\" data-id=\"8df0dd7\" data-element_type=\"column\">\n\t\t\t<div class=\"elementor-widget-wrap elementor-element-populated\">\n\t\t\t\t\t\t<div class=\"elementor-element elementor-element-a0957ca elementor-widget elementor-widget-image\" data-id=\"a0957ca\" data-element_type=\"widget\" data-widget_type=\"image.default\">\n\t\t\t\t<div class=\"elementor-widget-container\">\n\t\t\t\t\t\t\t\t\t\t\t\t\t\t\t\t<a href=\"https:\/\/blogsaverroes.juntadeandalucia.es\/ceipnuestrasenoradelrosario\/files\/2023\/01\/PROYECTO-DE-IGUALDAD.docx.pdf\">\n\t\t\t\t\t\t\t<img loading=\"lazy\" decoding=\"async\" width=\"525\" height=\"296\" src=\"https:\/\/blogsaverroes.juntadeandalucia.es\/ceipnuestrasenoradelrosario\/files\/2020\/05\/igualdad-de-genero.jpg\" class=\"attachment-large size-large wp-image-4335\" alt=\"igualdad de g\u00e9nero\" srcset=\"https:\/\/blogsaverroes.juntadeandalucia.es\/ceipnuestrasenoradelrosario\/files\/2020\/05\/igualdad-de-genero.jpg 604w, https:\/\/blogsaverroes.juntadeandalucia.es\/ceipnuestrasenoradelrosario\/files\/2020\/05\/igualdad-de-genero-300x169.jpg 300w, https:\/\/blogsaverroes.juntadeandalucia.es\/ceipnuestrasenoradelrosario\/files\/2020\/05\/igualdad-de-genero-24x14.jpg 24w, https:\/\/blogsaverroes.juntadeandalucia.es\/ceipnuestrasenoradelrosario\/files\/2020\/05\/igualdad-de-genero-36x20.jpg 36w, https:\/\/blogsaverroes.juntadeandalucia.es\/ceipnuestrasenoradelrosario\/files\/2020\/05\/igualdad-de-genero-48x27.jpg 48w\" sizes=\"100vw\" \/>\t\t\t\t\t\t\t\t<\/a>\n\t\t\t\t\t\t\t\t\t\t\t\t\t\t\t<\/div>\n\t\t\t\t<\/div>\n\t\t\t\t\t<\/div>\n\t\t<\/div>\n\t\t\t\t<div class=\"elementor-column elementor-col-33 elementor-top-column elementor-element elementor-element-d59f41b\" data-id=\"d59f41b\" data-element_type=\"column\">\n\t\t\t<div class=\"elementor-widget-wrap elementor-element-populated\">\n\t\t\t\t\t\t<div class=\"elementor-element elementor-element-91e02da elementor-vertical-align-top elementor-widget elementor-widget-image-box\" data-id=\"91e02da\" data-element_type=\"widget\" data-widget_type=\"image-box.default\">\n\t\t\t\t<div class=\"elementor-widget-container\">\n\t\t\t\t\t<div class=\"elementor-image-box-wrapper\"><div class=\"elementor-image-box-content\"><p class=\"elementor-image-box-description\"><p style=\"text-align:justify\">Nuestro centro contribuye a fomentar una sociedad igualitaria, pretendiendo concienciar al alumnado de la importancia y las consecuencias de una educaci\u00f3n saludable entre iguales, basada en el respeto y la coeducaci\u00f3n.\n<br><br>Coeducar consiste en el desarrollo de todas las capacidades, tanto de chicos como de chicas, a trav\u00e9s de la educaci\u00f3n. <\/p><\/p><\/div><\/div>\t\t\t\t<\/div>\n\t\t\t\t<\/div>\n\t\t\t\t\t<\/div>\n\t\t<\/div>\n\t\t\t\t<div class=\"elementor-column elementor-col-33 elementor-top-column elementor-element elementor-element-984559d\" data-id=\"984559d\" data-element_type=\"column\">\n\t\t\t<div class=\"elementor-widget-wrap elementor-element-populated\">\n\t\t\t\t\t\t<div class=\"elementor-element elementor-element-be658b0 elementor-position-left elementor-vertical-align-middle elementor-widget elementor-widget-image-box\" data-id=\"be658b0\" data-element_type=\"widget\" data-widget_type=\"image-box.default\">\n\t\t\t\t<div class=\"elementor-widget-container\">\n\t\t\t\t\t<div class=\"elementor-image-box-wrapper\"><figure class=\"elementor-image-box-img\"><a href=\"https:\/\/blogsaverroes.juntadeandalucia.es\/ceipnuestrasenoradelrosario\/files\/2023\/01\/PROYECTO-DE-IGUALDAD.docx.pdf\" tabindex=\"-1\"><img decoding=\"async\" width=\"170\" height=\"170\" src=\"https:\/\/blogsaverroes.juntadeandalucia.es\/ceipnuestrasenoradelrosario\/files\/2019\/12\/pdf.png\" class=\"attachment-full size-full wp-image-4168\" alt=\"\" srcset=\"https:\/\/blogsaverroes.juntadeandalucia.es\/ceipnuestrasenoradelrosario\/files\/2019\/12\/pdf.png 170w, https:\/\/blogsaverroes.juntadeandalucia.es\/ceipnuestrasenoradelrosario\/files\/2019\/12\/pdf-150x150.png 150w, https:\/\/blogsaverroes.juntadeandalucia.es\/ceipnuestrasenoradelrosario\/files\/2019\/12\/pdf-100x100.png 100w, https:\/\/blogsaverroes.juntadeandalucia.es\/ceipnuestrasenoradelrosario\/files\/2019\/12\/pdf-24x24.png 24w, https:\/\/blogsaverroes.juntadeandalucia.es\/ceipnuestrasenoradelrosario\/files\/2019\/12\/pdf-36x36.png 36w, https:\/\/blogsaverroes.juntadeandalucia.es\/ceipnuestrasenoradelrosario\/files\/2019\/12\/pdf-48x48.png 48w, https:\/\/blogsaverroes.juntadeandalucia.es\/ceipnuestrasenoradelrosario\/files\/2019\/12\/pdf-50x50.png 50w\" sizes=\"(max-width: 170px) 100vw, 170px\" \/><\/a><\/figure><\/div>\t\t\t\t<\/div>\n\t\t\t\t<\/div>\n\t\t\t\t\t<\/div>\n\t\t<\/div>\n\t\t\t\t\t<\/div>\n\t\t<\/section>\n\t\t\t\t<section class=\"elementor-section elementor-top-section elementor-element elementor-element-f8c8c04 elementor-section-boxed elementor-section-height-default elementor-section-height-default\" data-id=\"f8c8c04\" data-element_type=\"section\" data-settings=\"{&quot;background_background&quot;:&quot;classic&quot;}\">\n\t\t\t\t\t\t<div class=\"elementor-container elementor-column-gap-default\">\n\t\t\t\t\t<div class=\"elementor-column elementor-col-100 elementor-top-column elementor-element elementor-element-bb6aab4\" data-id=\"bb6aab4\" data-element_type=\"column\">\n\t\t\t<div class=\"elementor-widget-wrap elementor-element-populated\">\n\t\t\t\t\t\t<div class=\"elementor-element elementor-element-1b9f7d4 elementor-widget elementor-widget-html\" data-id=\"1b9f7d4\" data-element_type=\"widget\" data-widget_type=\"html.default\">\n\t\t\t\t<div class=\"elementor-widget-container\">\n\t\t\t\t\t<a name=\"escueladeportiva\"><\/a>\n<br \/>\n<h2>Escuela Deportiva (2022-2023)<\/h2>\t\t\t\t<\/div>\n\t\t\t\t<\/div>\n\t\t\t\t\t<\/div>\n\t\t<\/div>\n\t\t\t\t\t<\/div>\n\t\t<\/section>\n\t\t\t\t<section class=\"elementor-section elementor-top-section elementor-element elementor-element-0000046 elementor-section-boxed elementor-section-height-default elementor-section-height-default\" data-id=\"0000046\" data-element_type=\"section\" data-settings=\"{&quot;background_background&quot;:&quot;classic&quot;}\">\n\t\t\t\t\t\t<div class=\"elementor-container elementor-column-gap-default\">\n\t\t\t\t\t<div class=\"elementor-column elementor-col-50 elementor-top-column elementor-element elementor-element-4c1429b\" data-id=\"4c1429b\" data-element_type=\"column\">\n\t\t\t<div class=\"elementor-widget-wrap elementor-element-populated\">\n\t\t\t\t\t\t<div class=\"elementor-element elementor-element-0226f17 elementor-widget elementor-widget-image\" data-id=\"0226f17\" data-element_type=\"widget\" data-widget_type=\"image.default\">\n\t\t\t\t<div class=\"elementor-widget-container\">\n\t\t\t\t\t\t\t\t\t\t\t\t\t\t\t\t<a href=\"https:\/\/blogsaverroes.juntadeandalucia.es\/ceipnuestrasenoradelrosario\/files\/2023\/01\/PROGRAMA-DEPORTIVO-ESCUELAS-DEPORTIVAS-2022-23.pdf\">\n\t\t\t\t\t\t\t<img loading=\"lazy\" decoding=\"async\" width=\"525\" height=\"403\" src=\"https:\/\/blogsaverroes.juntadeandalucia.es\/ceipnuestrasenoradelrosario\/files\/2023\/01\/escuela-deportivas-2022-2023.png\" class=\"attachment-large size-large wp-image-4952\" alt=\"\" srcset=\"https:\/\/blogsaverroes.juntadeandalucia.es\/ceipnuestrasenoradelrosario\/files\/2023\/01\/escuela-deportivas-2022-2023.png 705w, https:\/\/blogsaverroes.juntadeandalucia.es\/ceipnuestrasenoradelrosario\/files\/2023\/01\/escuela-deportivas-2022-2023-300x230.png 300w\" sizes=\"100vw\" \/>\t\t\t\t\t\t\t\t<\/a>\n\t\t\t\t\t\t\t\t\t\t\t\t\t\t\t<\/div>\n\t\t\t\t<\/div>\n\t\t\t\t\t<\/div>\n\t\t<\/div>\n\t\t\t\t<div class=\"elementor-column elementor-col-50 elementor-top-column elementor-element elementor-element-7868ef95\" data-id=\"7868ef95\" data-element_type=\"column\">\n\t\t\t<div class=\"elementor-widget-wrap elementor-element-populated\">\n\t\t\t\t\t\t<div class=\"elementor-element elementor-element-3b9d2c74 elementor-vertical-align-top elementor-widget elementor-widget-image-box\" data-id=\"3b9d2c74\" data-element_type=\"widget\" data-widget_type=\"image-box.default\">\n\t\t\t\t<div class=\"elementor-widget-container\">\n\t\t\t\t\t<div class=\"elementor-image-box-wrapper\"><div class=\"elementor-image-box-content\"><p class=\"elementor-image-box-description\"><p style=\"text-align:justify\">CON CAR\u00c1CTER MULTIDEPORTIVO<br><br>\nInformaros que el Programa de escuelas deportivas, actividad extraescolar de nuestro dar\u00e1 comienzo a partir de <strong>noviembre<\/strong>. Este programa se llevar\u00e1 a cabo <br>    - Manteniendo las medidas de seguridad e higiene.<br>\n   - Manteniendo los grupos de convivencia de clase.<br><br>\nSi alguna familia desea inscribir a su hijo\/ a en esta actividad totalmente gratuita todav\u00eda puede hacerlo y solo tendr\u00e1 que firmar la autorizaci\u00f3n que se encuentra en Pasen en gesti\u00f3n de autorizaciones.<br><br>\nAunque algunos coinciden en hora estar\u00e1n en espacios diferentes debidamente se\u00f1alizados. En caso de lluvia dispondremos del patio de las columnas.\nSi tienen alguna duda por favor llamen al colegio y le informaremos .\n<\/p> <\/p><\/div><\/div>\t\t\t\t<\/div>\n\t\t\t\t<\/div>\n\t\t\t\t\t<\/div>\n\t\t<\/div>\n\t\t\t\t\t<\/div>\n\t\t<\/section>\n\t\t\t\t<section class=\"elementor-section elementor-top-section elementor-element elementor-element-0933629 elementor-section-boxed elementor-section-height-default elementor-section-height-default\" data-id=\"0933629\" data-element_type=\"section\" data-settings=\"{&quot;background_background&quot;:&quot;classic&quot;}\">\n\t\t\t\t\t\t<div class=\"elementor-container elementor-column-gap-default\">\n\t\t\t\t\t<div class=\"elementor-column elementor-col-100 elementor-top-column elementor-element elementor-element-e286397\" data-id=\"e286397\" data-element_type=\"column\">\n\t\t\t<div class=\"elementor-widget-wrap elementor-element-populated\">\n\t\t\t\t\t\t<div class=\"elementor-element elementor-element-554db5b elementor-widget elementor-widget-html\" data-id=\"554db5b\" data-element_type=\"widget\" data-widget_type=\"html.default\">\n\t\t\t\t<div class=\"elementor-widget-container\">\n\t\t\t\t\t<a name=\"erasmusplus\"><\/a>\n<br \/>\n<h2>Erasmus+ (2022-2023)<\/h2>\t\t\t\t<\/div>\n\t\t\t\t<\/div>\n\t\t\t\t\t<\/div>\n\t\t<\/div>\n\t\t\t\t\t<\/div>\n\t\t<\/section>\n\t\t\t\t<section class=\"elementor-section elementor-top-section elementor-element elementor-element-a1ce16a elementor-section-boxed elementor-section-height-default elementor-section-height-default\" data-id=\"a1ce16a\" data-element_type=\"section\" data-settings=\"{&quot;background_background&quot;:&quot;classic&quot;}\">\n\t\t\t\t\t\t<div class=\"elementor-container elementor-column-gap-default\">\n\t\t\t\t\t<div class=\"elementor-column elementor-col-100 elementor-top-column elementor-element elementor-element-876f290\" data-id=\"876f290\" data-element_type=\"column\">\n\t\t\t<div class=\"elementor-widget-wrap elementor-element-populated\">\n\t\t\t\t\t\t<div class=\"elementor-element elementor-element-1fe487d elementor-widget elementor-widget-text-editor\" data-id=\"1fe487d\" data-element_type=\"widget\" data-widget_type=\"text-editor.default\">\n\t\t\t\t<div class=\"elementor-widget-container\">\n\t\t\t\t\t\t\t\t\t<p><iframe src=\"\/\/www.slideshare.net\/slideshow\/embed_code\/key\/pEo9GSjXp1U2df\" width=\"668\" height=\"714\" frameborder=\"0\" marginwidth=\"0\" marginheight=\"0\" scrolling=\"no\"> <\/iframe><\/p>\t\t\t\t\t\t\t\t<\/div>\n\t\t\t\t<\/div>\n\t\t\t\t\t<\/div>\n\t\t<\/div>\n\t\t\t\t\t<\/div>\n\t\t<\/section>\n\t\t\t\t<section class=\"elementor-section elementor-top-section elementor-element elementor-element-79488e5 elementor-section-boxed elementor-section-height-default elementor-section-height-default\" data-id=\"79488e5\" data-element_type=\"section\">\n\t\t\t\t\t\t<div class=\"elementor-container elementor-column-gap-default\">\n\t\t\t\t\t<div class=\"elementor-column elementor-col-100 elementor-top-column elementor-element elementor-element-2030e54\" data-id=\"2030e54\" data-element_type=\"column\">\n\t\t\t<div class=\"elementor-widget-wrap elementor-element-populated\">\n\t\t\t\t\t\t<div class=\"elementor-element elementor-element-b4bedec elementor-widget elementor-widget-text-editor\" data-id=\"b4bedec\" data-element_type=\"widget\" data-widget_type=\"text-editor.default\">\n\t\t\t\t<div class=\"elementor-widget-container\">\n\t\t\t\t\t\t\t\t\t<div style=\"width: 480px;max-width: 100%\"><a class=\"storyjumper-book\" style=\"text-decoration: none\" href=\"\/\/www.storyjumper.com\/book\/showframe\/130207842\/Consorcio-Erasmus--Movilidad-Bobbio-Marzo-2022\" rel=\"nofollow\"><img decoding=\"async\" style=\"border: none;width: 480px;max-width: 100%\" src=\"\/\/www.storyjumper.com\/book\/coverImage\/130207842\/Consorcio-Erasmus--Movilidad-Bobbio-Marzo-2022\/480\" alt=\"Book titled 'Consorcio Erasmus + Movilidad Bobbio Marzo 2022'\" \/><\/a><\/div>\t\t\t\t\t\t\t\t<\/div>\n\t\t\t\t<\/div>\n\t\t\t\t\t<\/div>\n\t\t<\/div>\n\t\t\t\t\t<\/div>\n\t\t<\/section>\n\t\t\t\t<section class=\"elementor-section elementor-top-section elementor-element elementor-element-efd63ec elementor-section-boxed elementor-section-height-default elementor-section-height-default\" data-id=\"efd63ec\" data-element_type=\"section\">\n\t\t\t\t\t\t<div class=\"elementor-container elementor-column-gap-default\">\n\t\t\t\t\t<div class=\"elementor-column elementor-col-100 elementor-top-column elementor-element elementor-element-0365e09\" data-id=\"0365e09\" data-element_type=\"column\">\n\t\t\t<div class=\"elementor-widget-wrap elementor-element-populated\">\n\t\t\t\t\t\t<div class=\"elementor-element elementor-element-2ee06a5 elementor-widget elementor-widget-text-editor\" data-id=\"2ee06a5\" data-element_type=\"widget\" data-widget_type=\"text-editor.default\">\n\t\t\t\t<div class=\"elementor-widget-container\">\n\t\t\t\t\t\t\t\t\t<div style=\"width: 100%\"><div style=\"padding-bottom: 56.25%;padding-top: 0;height: 0\"><iframe src=\"https:\/\/view.genial.ly\/63962a16c03297001937ffea\" width=\"1200px\" height=\"675px\" frameborder=\"0\" scrolling=\"yes\"><\/iframe><\/div><\/div>\t\t\t\t\t\t\t\t<\/div>\n\t\t\t\t<\/div>\n\t\t\t\t\t<\/div>\n\t\t<\/div>\n\t\t\t\t\t<\/div>\n\t\t<\/section>\n\t\t\t\t<section class=\"elementor-section elementor-top-section elementor-element elementor-element-d6df624 elementor-section-boxed elementor-section-height-default elementor-section-height-default\" data-id=\"d6df624\" data-element_type=\"section\" data-settings=\"{&quot;background_background&quot;:&quot;classic&quot;}\">\n\t\t\t\t\t\t<div class=\"elementor-container elementor-column-gap-default\">\n\t\t\t\t\t<div class=\"elementor-column elementor-col-100 elementor-top-column elementor-element elementor-element-d6cd78d\" data-id=\"d6cd78d\" data-element_type=\"column\">\n\t\t\t<div class=\"elementor-widget-wrap elementor-element-populated\">\n\t\t\t\t\t\t<div class=\"elementor-element elementor-element-dfed8c1 elementor-widget elementor-widget-html\" data-id=\"dfed8c1\" data-element_type=\"widget\" data-widget_type=\"html.default\">\n\t\t\t\t<div class=\"elementor-widget-container\">\n\t\t\t\t\t<a name=\"biblioteca\"><\/a>\n<br \/>\n<h2>Biblioteca Escolar (2022-2023)<\/h2>\t\t\t\t<\/div>\n\t\t\t\t<\/div>\n\t\t\t\t\t<\/div>\n\t\t<\/div>\n\t\t\t\t\t<\/div>\n\t\t<\/section>\n\t\t\t\t<section class=\"elementor-section elementor-top-section elementor-element elementor-element-f2365d4 elementor-section-boxed elementor-section-height-default elementor-section-height-default\" data-id=\"f2365d4\" data-element_type=\"section\" data-settings=\"{&quot;background_background&quot;:&quot;classic&quot;}\">\n\t\t\t\t\t\t<div class=\"elementor-container elementor-column-gap-default\">\n\t\t\t\t\t<div class=\"elementor-column elementor-col-33 elementor-top-column elementor-element elementor-element-467f5b8\" data-id=\"467f5b8\" data-element_type=\"column\">\n\t\t\t<div class=\"elementor-widget-wrap elementor-element-populated\">\n\t\t\t\t\t\t<div class=\"elementor-element elementor-element-bcbe6d6 elementor-widget elementor-widget-image\" data-id=\"bcbe6d6\" data-element_type=\"widget\" data-widget_type=\"image.default\">\n\t\t\t\t<div class=\"elementor-widget-container\">\n\t\t\t\t\t\t\t\t\t\t\t\t\t\t\t\t<a href=\"https:\/\/blogsaverroes.juntadeandalucia.es\/ceipnuestrasenoradelrosario\/files\/2023\/01\/PLAN-DE-TRABAJO-DE-LA-BIBLIOTECA-ESCOLAR-2022-23.pdf\">\n\t\t\t\t\t\t\t<img loading=\"lazy\" decoding=\"async\" width=\"525\" height=\"394\" src=\"https:\/\/blogsaverroes.juntadeandalucia.es\/ceipnuestrasenoradelrosario\/files\/2020\/01\/entrada-1024x768.png\" class=\"attachment-large size-large wp-image-4312\" alt=\"\" srcset=\"https:\/\/blogsaverroes.juntadeandalucia.es\/ceipnuestrasenoradelrosario\/files\/2020\/01\/entrada-1024x768.png 1024w, https:\/\/blogsaverroes.juntadeandalucia.es\/ceipnuestrasenoradelrosario\/files\/2020\/01\/entrada-300x225.png 300w, https:\/\/blogsaverroes.juntadeandalucia.es\/ceipnuestrasenoradelrosario\/files\/2020\/01\/entrada-768x576.png 768w, https:\/\/blogsaverroes.juntadeandalucia.es\/ceipnuestrasenoradelrosario\/files\/2020\/01\/entrada-24x18.png 24w, https:\/\/blogsaverroes.juntadeandalucia.es\/ceipnuestrasenoradelrosario\/files\/2020\/01\/entrada-36x27.png 36w, https:\/\/blogsaverroes.juntadeandalucia.es\/ceipnuestrasenoradelrosario\/files\/2020\/01\/entrada-48x36.png 48w, https:\/\/blogsaverroes.juntadeandalucia.es\/ceipnuestrasenoradelrosario\/files\/2020\/01\/entrada.png 1600w\" sizes=\"100vw\" \/>\t\t\t\t\t\t\t\t<\/a>\n\t\t\t\t\t\t\t\t\t\t\t\t\t\t\t<\/div>\n\t\t\t\t<\/div>\n\t\t\t\t\t<\/div>\n\t\t<\/div>\n\t\t\t\t<div class=\"elementor-column elementor-col-33 elementor-top-column elementor-element elementor-element-332efeb\" data-id=\"332efeb\" data-element_type=\"column\">\n\t\t\t<div class=\"elementor-widget-wrap elementor-element-populated\">\n\t\t\t\t\t\t<div class=\"elementor-element elementor-element-2ccbe6a elementor-vertical-align-top elementor-widget elementor-widget-image-box\" data-id=\"2ccbe6a\" data-element_type=\"widget\" data-widget_type=\"image-box.default\">\n\t\t\t\t<div class=\"elementor-widget-container\">\n\t\t\t\t\t<div class=\"elementor-image-box-wrapper\"><div class=\"elementor-image-box-content\"><p class=\"elementor-image-box-description\"><p style=\"text-align:justify\">Desde la biblioteca escolar se pretenden promover actividades destinadas a todo el alumnado del centro que fomenten la lectura, la escritura y la expresi\u00f3n oral, de manera que realizar\u00e1 un trabajo de coordinaci\u00f3n y articulaci\u00f3n de las mismas.<br><br>Adem\u00e1s, se tienen en cuenta las posibilidades que ofrecen las Tecnolog\u00edas de la Informaci\u00f3n y la Comunicaci\u00f3n (TICs), fomentando la b\u00fasqueda de informaci\u00f3n en estos medios, la lectura\u2026<br><br>Por \u00faltimo, desde la biblioteca se recopilar\u00e1n escritos y documentos creados por el alumnado, de manera que toda la comunidad educativa pueda beneficiarse de su uso y disfrute.<\/p><\/p><\/div><\/div>\t\t\t\t<\/div>\n\t\t\t\t<\/div>\n\t\t\t\t\t<\/div>\n\t\t<\/div>\n\t\t\t\t<div class=\"elementor-column elementor-col-33 elementor-top-column elementor-element elementor-element-15b11a1\" data-id=\"15b11a1\" data-element_type=\"column\">\n\t\t\t<div class=\"elementor-widget-wrap elementor-element-populated\">\n\t\t\t\t\t\t<div class=\"elementor-element elementor-element-1f38b39 elementor-position-left elementor-vertical-align-middle elementor-widget elementor-widget-image-box\" data-id=\"1f38b39\" data-element_type=\"widget\" data-widget_type=\"image-box.default\">\n\t\t\t\t<div class=\"elementor-widget-container\">\n\t\t\t\t\t<div class=\"elementor-image-box-wrapper\"><figure class=\"elementor-image-box-img\"><a href=\"https:\/\/blogsaverroes.juntadeandalucia.es\/ceipnuestrasenoradelrosario\/files\/2023\/01\/PLAN-DE-TRABAJO-DE-LA-BIBLIOTECA-ESCOLAR-2022-23.pdf\" tabindex=\"-1\"><img decoding=\"async\" width=\"170\" height=\"170\" src=\"https:\/\/blogsaverroes.juntadeandalucia.es\/ceipnuestrasenoradelrosario\/files\/2019\/12\/pdf.png\" class=\"attachment-full size-full wp-image-4168\" alt=\"\" srcset=\"https:\/\/blogsaverroes.juntadeandalucia.es\/ceipnuestrasenoradelrosario\/files\/2019\/12\/pdf.png 170w, https:\/\/blogsaverroes.juntadeandalucia.es\/ceipnuestrasenoradelrosario\/files\/2019\/12\/pdf-150x150.png 150w, https:\/\/blogsaverroes.juntadeandalucia.es\/ceipnuestrasenoradelrosario\/files\/2019\/12\/pdf-100x100.png 100w, https:\/\/blogsaverroes.juntadeandalucia.es\/ceipnuestrasenoradelrosario\/files\/2019\/12\/pdf-24x24.png 24w, https:\/\/blogsaverroes.juntadeandalucia.es\/ceipnuestrasenoradelrosario\/files\/2019\/12\/pdf-36x36.png 36w, https:\/\/blogsaverroes.juntadeandalucia.es\/ceipnuestrasenoradelrosario\/files\/2019\/12\/pdf-48x48.png 48w, https:\/\/blogsaverroes.juntadeandalucia.es\/ceipnuestrasenoradelrosario\/files\/2019\/12\/pdf-50x50.png 50w\" sizes=\"(max-width: 170px) 100vw, 170px\" \/><\/a><\/figure><\/div>\t\t\t\t<\/div>\n\t\t\t\t<\/div>\n\t\t\t\t\t<\/div>\n\t\t<\/div>\n\t\t\t\t\t<\/div>\n\t\t<\/section>\n\t\t\t\t<section class=\"elementor-section elementor-top-section elementor-element elementor-element-0b3bb0f elementor-section-boxed elementor-section-height-default elementor-section-height-default\" data-id=\"0b3bb0f\" data-element_type=\"section\" data-settings=\"{&quot;background_background&quot;:&quot;classic&quot;}\">\n\t\t\t\t\t\t<div class=\"elementor-container elementor-column-gap-default\">\n\t\t\t\t\t<div class=\"elementor-column elementor-col-100 elementor-top-column elementor-element elementor-element-b8e59a7\" data-id=\"b8e59a7\" data-element_type=\"column\">\n\t\t\t<div class=\"elementor-widget-wrap elementor-element-populated\">\n\t\t\t\t\t\t<div class=\"elementor-element elementor-element-ebc616d elementor-widget elementor-widget-image\" data-id=\"ebc616d\" data-element_type=\"widget\" data-widget_type=\"image.default\">\n\t\t\t\t<div class=\"elementor-widget-container\">\n\t\t\t\t\t\t\t\t\t\t\t\t\t\t\t\t<a href=\"https:\/\/www.juntadeandalucia.es\/educacion\/senecav2\/seneca\/biblioweb\/portal\/29002617\">\n\t\t\t\t\t\t\t<img loading=\"lazy\" decoding=\"async\" width=\"300\" height=\"161\" src=\"https:\/\/blogsaverroes.juntadeandalucia.es\/ceipnuestrasenoradelrosario\/files\/2020\/01\/biblioteca-web-300x161.png\" class=\"attachment-medium size-medium wp-image-4314\" alt=\"\" srcset=\"https:\/\/blogsaverroes.juntadeandalucia.es\/ceipnuestrasenoradelrosario\/files\/2020\/01\/biblioteca-web-300x161.png 300w, https:\/\/blogsaverroes.juntadeandalucia.es\/ceipnuestrasenoradelrosario\/files\/2020\/01\/biblioteca-web-24x13.png 24w, https:\/\/blogsaverroes.juntadeandalucia.es\/ceipnuestrasenoradelrosario\/files\/2020\/01\/biblioteca-web-36x19.png 36w, https:\/\/blogsaverroes.juntadeandalucia.es\/ceipnuestrasenoradelrosario\/files\/2020\/01\/biblioteca-web-48x26.png 48w, https:\/\/blogsaverroes.juntadeandalucia.es\/ceipnuestrasenoradelrosario\/files\/2020\/01\/biblioteca-web.png 348w\" sizes=\"100vw\" \/>\t\t\t\t\t\t\t\t<\/a>\n\t\t\t\t\t\t\t\t\t\t\t\t\t\t\t<\/div>\n\t\t\t\t<\/div>\n\t\t\t\t\t<\/div>\n\t\t<\/div>\n\t\t\t\t\t<\/div>\n\t\t<\/section>\n\t\t\t\t<section class=\"elementor-section elementor-top-section elementor-element elementor-element-b5ca8be elementor-section-boxed elementor-section-height-default elementor-section-height-default\" data-id=\"b5ca8be\" data-element_type=\"section\" data-settings=\"{&quot;background_background&quot;:&quot;classic&quot;}\">\n\t\t\t\t\t\t<div class=\"elementor-container elementor-column-gap-default\">\n\t\t\t\t\t<div class=\"elementor-column elementor-col-100 elementor-top-column elementor-element elementor-element-f85c0a7\" data-id=\"f85c0a7\" data-element_type=\"column\">\n\t\t\t<div class=\"elementor-widget-wrap elementor-element-populated\">\n\t\t\t\t\t\t<div class=\"elementor-element elementor-element-5092672 elementor-widget elementor-widget-html\" data-id=\"5092672\" data-element_type=\"widget\" data-widget_type=\"html.default\">\n\t\t\t\t<div class=\"elementor-widget-container\">\n\t\t\t\t\t<a name=\"plandetde\"><\/a>\n<br \/>\n<h2>Plan de TDE (2022-20232)<\/h2>\t\t\t\t<\/div>\n\t\t\t\t<\/div>\n\t\t\t\t\t<\/div>\n\t\t<\/div>\n\t\t\t\t\t<\/div>\n\t\t<\/section>\n\t\t\t\t<section class=\"elementor-section elementor-top-section elementor-element elementor-element-8b42e48 elementor-section-boxed elementor-section-height-default elementor-section-height-default\" data-id=\"8b42e48\" data-element_type=\"section\" data-settings=\"{&quot;background_background&quot;:&quot;classic&quot;}\">\n\t\t\t\t\t\t<div class=\"elementor-container elementor-column-gap-default\">\n\t\t\t\t\t<div class=\"elementor-column elementor-col-33 elementor-top-column elementor-element elementor-element-06abca4\" data-id=\"06abca4\" data-element_type=\"column\">\n\t\t\t<div class=\"elementor-widget-wrap elementor-element-populated\">\n\t\t\t\t\t\t<div class=\"elementor-element elementor-element-3e822a6 elementor-widget elementor-widget-image\" data-id=\"3e822a6\" data-element_type=\"widget\" data-widget_type=\"image.default\">\n\t\t\t\t<div class=\"elementor-widget-container\">\n\t\t\t\t\t\t\t\t\t\t\t\t\t\t\t\t<a href=\"https:\/\/blogsaverroes.juntadeandalucia.es\/ceipnuestrasenoradelrosario\/files\/2023\/01\/Plan-de-actuaci\u00f3n-digital.pdf\">\n\t\t\t\t\t\t\t<img loading=\"lazy\" decoding=\"async\" width=\"525\" height=\"358\" src=\"https:\/\/blogsaverroes.juntadeandalucia.es\/ceipnuestrasenoradelrosario\/files\/2022\/01\/TDEherr.png\" class=\"attachment-large size-large wp-image-4812\" alt=\"\" srcset=\"https:\/\/blogsaverroes.juntadeandalucia.es\/ceipnuestrasenoradelrosario\/files\/2022\/01\/TDEherr.png 986w, https:\/\/blogsaverroes.juntadeandalucia.es\/ceipnuestrasenoradelrosario\/files\/2022\/01\/TDEherr-300x204.png 300w, https:\/\/blogsaverroes.juntadeandalucia.es\/ceipnuestrasenoradelrosario\/files\/2022\/01\/TDEherr-768x523.png 768w\" sizes=\"100vw\" \/>\t\t\t\t\t\t\t\t<\/a>\n\t\t\t\t\t\t\t\t\t\t\t\t\t\t\t<\/div>\n\t\t\t\t<\/div>\n\t\t\t\t\t<\/div>\n\t\t<\/div>\n\t\t\t\t<div class=\"elementor-column elementor-col-33 elementor-top-column elementor-element elementor-element-1fec441\" data-id=\"1fec441\" data-element_type=\"column\">\n\t\t\t<div class=\"elementor-widget-wrap elementor-element-populated\">\n\t\t\t\t\t\t<div class=\"elementor-element elementor-element-efdeaa9 elementor-vertical-align-top elementor-widget elementor-widget-image-box\" data-id=\"efdeaa9\" data-element_type=\"widget\" data-widget_type=\"image-box.default\">\n\t\t\t\t<div class=\"elementor-widget-container\">\n\t\t\t\t\t<div class=\"elementor-image-box-wrapper\"><div class=\"elementor-image-box-content\"><p class=\"elementor-image-box-description\"><p style=\"text-align:justify\">Incluye el conjunto de actuaciones orientadas a la mejora y modernizaci\u00f3n de los procesos, los procedimientos, los h\u00e1bitos y comportamientos de las organizaciones educativas y de las personas que, haciendo uso de las tecnolog\u00edas digitales, mejoren su capacidad de hacer frente a los retos de la sociedad actual. Todo ello redundar\u00e1 en la mejora de un aprendizaje competencial, en la mejora de la experiencia, de los resultados de aprendizaje y en un refuerzo de la equidad, a cuyo servicio se supedita dicha transformaci\u00f3n, encuadrada dentro de los <strong>Marcos de Referencia Europeos<\/strong> relativos a la competencia digital (DigCompOrg, DigCompEdu y DigComp). Esta transformaci\u00f3n digital engloba tres \u00e1mbitos de actuaci\u00f3n, el de <strong>organizaci\u00f3n y gesti\u00f3n de los centros docentes<\/strong>, el de los <strong>procesos de ense\u00f1anza-aprendizaje<\/strong>, y el de la <strong>informaci\u00f3n y comunicaci\u00f3n<\/strong>, tanto interna como externa.<\/p><\/p><\/div><\/div>\t\t\t\t<\/div>\n\t\t\t\t<\/div>\n\t\t\t\t\t<\/div>\n\t\t<\/div>\n\t\t\t\t<div class=\"elementor-column elementor-col-33 elementor-top-column elementor-element elementor-element-e0ff44a\" data-id=\"e0ff44a\" data-element_type=\"column\">\n\t\t\t<div class=\"elementor-widget-wrap elementor-element-populated\">\n\t\t\t\t\t\t<div class=\"elementor-element elementor-element-22a3654 elementor-position-left elementor-vertical-align-middle elementor-widget elementor-widget-image-box\" data-id=\"22a3654\" data-element_type=\"widget\" data-widget_type=\"image-box.default\">\n\t\t\t\t<div class=\"elementor-widget-container\">\n\t\t\t\t\t<div class=\"elementor-image-box-wrapper\"><figure class=\"elementor-image-box-img\"><a href=\"https:\/\/blogsaverroes.juntadeandalucia.es\/ceipnuestrasenoradelrosario\/files\/2023\/01\/Plan-de-actuaci\u00f3n-digital.pdf\" tabindex=\"-1\"><img decoding=\"async\" width=\"170\" height=\"170\" src=\"https:\/\/blogsaverroes.juntadeandalucia.es\/ceipnuestrasenoradelrosario\/files\/2019\/12\/pdf.png\" class=\"attachment-full size-full wp-image-4168\" alt=\"\" srcset=\"https:\/\/blogsaverroes.juntadeandalucia.es\/ceipnuestrasenoradelrosario\/files\/2019\/12\/pdf.png 170w, https:\/\/blogsaverroes.juntadeandalucia.es\/ceipnuestrasenoradelrosario\/files\/2019\/12\/pdf-150x150.png 150w, https:\/\/blogsaverroes.juntadeandalucia.es\/ceipnuestrasenoradelrosario\/files\/2019\/12\/pdf-100x100.png 100w, https:\/\/blogsaverroes.juntadeandalucia.es\/ceipnuestrasenoradelrosario\/files\/2019\/12\/pdf-24x24.png 24w, https:\/\/blogsaverroes.juntadeandalucia.es\/ceipnuestrasenoradelrosario\/files\/2019\/12\/pdf-36x36.png 36w, https:\/\/blogsaverroes.juntadeandalucia.es\/ceipnuestrasenoradelrosario\/files\/2019\/12\/pdf-48x48.png 48w, https:\/\/blogsaverroes.juntadeandalucia.es\/ceipnuestrasenoradelrosario\/files\/2019\/12\/pdf-50x50.png 50w\" sizes=\"(max-width: 170px) 100vw, 170px\" \/><\/a><\/figure><\/div>\t\t\t\t<\/div>\n\t\t\t\t<\/div>\n\t\t\t\t\t<\/div>\n\t\t<\/div>\n\t\t\t\t\t<\/div>\n\t\t<\/section>\n\t\t\t\t<\/div>\n\t\t","protected":false},"excerpt":{"rendered":"<p>Creciendo en Salud (2022-2023) Actividades como el Frut\u00f3metro, el Desayuno Saludable, el Emocionario\u2026 han pasado a formar parte diaria de nuestra rutina escolar y, adem\u00e1s, de la rutina familiar de nuestros alumnos y alumnos que es, al fin y al cabo, nuestro objetivo fundamental, adem\u00e1s de crear h\u00e1bitos saludables en nuestro alumnado y en su &hellip; <\/p>\n<p class=\"link-more\"><a href=\"https:\/\/blogsaverroes.juntadeandalucia.es\/ceipnuestrasenoradelrosario\/planes-y-proyectos\/\" class=\"more-link\">Continuar leyendo<span class=\"screen-reader-text\"> \u00abPlanes y Programas\u00bb<\/span><\/a><\/p>\n","protected":false},"author":1,"featured_media":0,"parent":0,"menu_order":0,"comment_status":"closed","ping_status":"closed","template":"","meta":{"ngg_post_thumbnail":0,"footnotes":"","_mc_calendar":[]},"aioseo_notices":[],"_links":{"self":[{"href":"https:\/\/blogsaverroes.juntadeandalucia.es\/ceipnuestrasenoradelrosario\/wp-json\/wp\/v2\/pages\/44"}],"collection":[{"href":"https:\/\/blogsaverroes.juntadeandalucia.es\/ceipnuestrasenoradelrosario\/wp-json\/wp\/v2\/pages"}],"about":[{"href":"https:\/\/blogsaverroes.juntadeandalucia.es\/ceipnuestrasenoradelrosario\/wp-json\/wp\/v2\/types\/page"}],"author":[{"embeddable":true,"href":"https:\/\/blogsaverroes.juntadeandalucia.es\/ceipnuestrasenoradelrosario\/wp-json\/wp\/v2\/users\/1"}],"replies":[{"embeddable":true,"href":"https:\/\/blogsaverroes.juntadeandalucia.es\/ceipnuestrasenoradelrosario\/wp-json\/wp\/v2\/comments?post=44"}],"version-history":[{"count":111,"href":"https:\/\/blogsaverroes.juntadeandalucia.es\/ceipnuestrasenoradelrosario\/wp-json\/wp\/v2\/pages\/44\/revisions"}],"predecessor-version":[{"id":4960,"href":"https:\/\/blogsaverroes.juntadeandalucia.es\/ceipnuestrasenoradelrosario\/wp-json\/wp\/v2\/pages\/44\/revisions\/4960"}],"wp:attachment":[{"href":"https:\/\/blogsaverroes.juntadeandalucia.es\/ceipnuestrasenoradelrosario\/wp-json\/wp\/v2\/media?parent=44"}],"curies":[{"name":"wp","href":"https:\/\/api.w.org\/{rel}","templated":true}]}}