{"id":2460,"date":"2017-05-17T17:39:08","date_gmt":"2017-05-17T17:39:08","guid":{"rendered":"http:\/\/blogsaverroes.juntadeandalucia.es\/ceipnuevaalmeria\/?page_id=2460"},"modified":"2024-11-19T10:21:01","modified_gmt":"2024-11-19T10:21:01","slug":"tde","status":"publish","type":"page","link":"https:\/\/blogsaverroes.juntadeandalucia.es\/ceipnuevaalmeria\/tde\/","title":{"rendered":"Transformaci\u00f3n Digital Educativa (TDE)"},"content":{"rendered":"<p>&nbsp;<\/p>\n<p><img loading=\"lazy\" decoding=\"async\" class=\"aligncenter size-full wp-image-72127\" src=\"https:\/\/blogsaverroes.juntadeandalucia.es\/ceipnuevaalmeria\/files\/2023\/01\/logo-tde.png\" alt=\"\" width=\"367\" height=\"137\" srcset=\"https:\/\/blogsaverroes.juntadeandalucia.es\/ceipnuevaalmeria\/files\/2023\/01\/logo-tde.png 367w, https:\/\/blogsaverroes.juntadeandalucia.es\/ceipnuevaalmeria\/files\/2023\/01\/logo-tde-300x112.png 300w\" sizes=\"(max-width: 367px) 100vw, 367px\" \/><\/p>\n<table class=\"mceItemTable\" border=\"0\" width=\"100%\">\n<tbody>\n<tr>\n<td><span style=\"color: #333399\">&nbsp; \u27a1&nbsp;<strong>Coordinador TDE: D. Eduardo Jos\u00e9 Padial Garc\u00eda<\/strong><\/span><\/p>\n<p><span style=\"color: #333399\">&nbsp;&nbsp;<\/span><\/td>\n<\/tr>\n<\/tbody>\n<\/table>\n<p>El concepto de transformaci\u00f3n digital educativa (TDE) incluye el conjunto de actuaciones orientadas a la mejora y modernizaci\u00f3n de los procesos, los procedimientos, los h\u00e1bitos y comportamientos de las organizaciones educativas y de las personas que, haciendo uso de las tecnolog\u00edas digitales, mejoren su capacidad de hacer frente a los retos de la sociedad actual.<\/p>\n<p>Este punto de partida implica adoptar nuevos planteamientos que mejoren los logros alcanzados con el Plan Escuela TIC 2.0 o el Programa para la digitalizaci\u00f3n de centros, #PRODIG,&nbsp; para avanzar hacia modelos m\u00e1s hol\u00edsticos y pr\u00f3ximos al entorno comunitario, tomando como referentes los Marcos Europeos para la Competencia Digital de centros educativos (DigCompOrg), del profesorado (DigCompEdu) y del alumnado y resto de sectores de la comunidad educativa (DigComp). Estos marcos&nbsp;pretenden convertir a los centros educativos en centros digitalmente competentes, teniendo en cuenta tres l\u00edneas fundamentales:<\/p>\n<ul>\n<li>Organizaci\u00f3n y gesti\u00f3n del centro.<\/li>\n<li>Procesos de ense\u00f1anza-aprendizaje.<\/li>\n<li>Informaci\u00f3n y comunicaci\u00f3n.<\/li>\n<\/ul>\n<p>&nbsp;<\/p>\n<p><strong>DOCUMENTOS DE INTER\u00c9S:&nbsp;<\/strong><\/p>\n<ul>\n<li><a href=\"https:\/\/blogsaverroes.juntadeandalucia.es\/ceipnuevaalmeria\/files\/2024\/11\/PAD-NOV-2024-Informe.pdf\" target=\"_blank\" rel=\"noopener\">Informe Plan de Actuaci\u00f3n Digital: NOV-2024<\/a><\/li>\n<li><a href=\"https:\/\/blogsaverroes.juntadeandalucia.es\/ceipnuevaalmeria\/files\/2023\/01\/GuiaUsoResponsable.pdf\" target=\"_blank\" rel=\"noopener noreferrer\">Guia Uso Responsable Internet<\/a><\/li>\n<li><a href=\"https:\/\/blogsaverroes.juntadeandalucia.es\/ceipnuevaalmeria\/files\/2024\/11\/manual_de_buen_uso_equipos_informaticos.pdf\">Manual de buen uso de equipos inform\u00e1ticos<\/a><\/li>\n<li><a href=\"https:\/\/view.genial.ly\/63614f3632a5d700111bb2b8\/interactive-content-netiqueta\" target=\"_blank\" rel=\"noopener noreferrer\">Nuestra Netiqueta: Infograf\u00eda Interactiva CEIP Nueva Almer\u00eda<\/a><\/li>\n<\/ul>\n<p>&nbsp;<\/p>\n<p><strong>ENLACES \u00daTILES:&nbsp;<\/strong><\/p>\n<ul>\n<li><a href=\"https:\/\/blogsaverroes.juntadeandalucia.es\/cpsacratif\/manual-ipasen\/\" target=\"_blank\" rel=\"noopener noreferrer\">https:\/\/blogsaverroes.juntadeandalucia.es\/cpsacratif\/manual-ipasen\/<\/a><\/li>\n<li><a href=\"https:\/\/blogsaverroes.juntadeandalucia.es\/cpsacratif\/manual-google-classroom\/\" target=\"_blank\" rel=\"noopener noreferrer\">https:\/\/blogsaverroes.juntadeandalucia.es\/cpsacratif\/manual-google-classroom\/<\/a><\/li>\n<li><a href=\"https:\/\/www.juntadeandalucia.es\/educacion\/eaprendizaje\">Punto de encuentro de la comunidad educativa \u2013 Recursos<\/a><\/li>\n<li><a href=\"https:\/\/www.juntadeandalucia.es\/educacion\/eaprendizaje\/gsuite\/\" target=\"_blank\" rel=\"noopener noreferrer\">GSuite para Educaci\u00f3n \u2013 Plataforma Google para centros educativos<\/a><\/li>\n<li><a href=\"https:\/\/www.youtube.com\/user\/miguelangelcba\/videos\" target=\"_blank\" rel=\"noopener noreferrer\">Videotutoriales de Moodle Centros, S\u00e9neca y Herramientas Google<\/a><\/li>\n<li><a href=\"https:\/\/www.youtube.com\/channel\/UCQXHOZiDbSNSrjwnslYvZ1A\/videos\">M\u00e1s videotutoriales Moodle Centros y Cuaderno del profesor de S\u00e9neca<\/a><\/li>\n<li><a href=\"https:\/\/sites.google.com\/g.educaand.es\/iniciandogeducaand\/inicio\">Primeros pasos a dar con g.educaand<\/a><\/li>\n<li><a href=\"https:\/\/www.youtube.com\/watch?v=WHBv8vmevM8\">Migrar clases de Classroom a la cuenta g.educaand.es<\/a><\/li>\n<li><a href=\"https:\/\/www.juntadeandalucia.es\/boja\/2010\/101\/1\">Cuaderno del profesorado de S\u00e9neca<\/a><\/li>\n<li>\u00bf<a href=\"http:\/\/e-via.org\/blog\/index.php\/por-que-deberian-utilizar-pasen?blog=2\">Por qu\u00e9 usar PASEN<\/a>?<\/li>\n<li><a href=\"https:\/\/www.google.es\/intl\/es\/slides\/about\/\">Presentaciones online en Google<\/a><\/li>\n<li><a href=\"https:\/\/www.canva.com\/es_es\/\">Crea, trabaja en equipo y comparte (Canva)<\/a><\/li>\n<li><a href=\"https:\/\/creately.com\/\">Mapas conceptuales (Creately)<\/a><\/li>\n<li><a href=\"https:\/\/www.smore.com\/\">Murales digitales (Smore)<\/a><\/li>\n<li><a href=\"https:\/\/es.padlet.com\/\">Tablones digitales (Padlet)<\/a><\/li>\n<li><a href=\"https:\/\/www.genial.ly\/es\">Infograf\u00edas (Genially)<\/a><\/li>\n<li>Recursos Educativos Abiertos #ProyectoREADUAAndaluc\u00eda <a href=\"https:\/\/www.juntadeandalucia.es\/educacion\/portals\/web\/transformacion-digital-educativa\/rea\" target=\"_blank\" rel=\"noopener noreferrer\">https:\/\/www.juntadeandalucia.es\/educacion\/portals\/web\/transformacion-digital-educativa\/rea&nbsp;<\/a><\/li>\n<li><a href=\"http:\/\/descargas.educalab.es\/cedec\/guia_rea_cedec_v2017\/guia_rea_cedec_v2017\/index.html\">Gu\u00eda para creadores de Recursos Educativos Abiertos (REA) (Cedec)<\/a><\/li>\n<li><a href=\"http:\/\/cedec.intef.es\/proyecto-edia\/\">http:\/\/cedec.intef.es\/proyecto-edia\/<\/a><\/li>\n<li><a href=\"https:\/\/www.cae.net\/es\/principios-formato-scorm-elearning\/\">M\u00e1s informaci\u00f3n sobre el formato SCORM<\/a><\/li>\n<li><a href=\"http:\/\/agrega.educacion.es\/visualizadorcontenidos2\/Portada\/Portada.do\">Agrega (acceso al buscador)<\/a><\/li>\n<li><a href=\"http:\/\/procomun.educalab.es\/es\">Procom\u00fan (Red de recursos educativos en abierto, dependiente del Intef)<\/a><\/li>\n<li><a href=\"https:\/\/www.alaluzdeunabombilla.com\/\">Gamificaci\u00f3n (A t\u00edtulo de ejemplo, blog A la luz de una bombilla)<\/a><\/li>\n<li><a href=\"http:\/\/www.juntadeandalucia.es\/educacion\/portalaverroes\/experienciaseducativas\">Portal Averroes (experiencias educativas)<\/a><\/li>\n<li><a href=\"http:\/\/recursostic.educacion.es\/bancoimagenes\/web\/\">Banco de im\u00e1genes y sonidos del INTEF<\/a><\/li>\n<li><a href=\"https:\/\/enlinea.intef.es\/courses\">AprendeIntef<\/a>. Cursos online de los que existen diversas modalidades, tem\u00e1ticas e idiomas. Los que se dirigen al desarrollo de la competencia digital, mapeados seg\u00fan el marco DigComp (competencia digital ciudadana)<\/li>\n<li><strong>C\u00f3mo activar la cuenta de correo GSuite desde iPASEN<\/strong>. V\u00eddeo explicativo en este&nbsp;<a href=\"https:\/\/www.youtube.com\/watch?v=-ppCzFs-MSU\">enlace<\/a>.<\/li>\n<\/ul>\n<p>&nbsp;<\/p>\n","protected":false},"excerpt":{"rendered":"<p>&nbsp; &nbsp; \u27a1&nbsp;Coordinador TDE: D. Eduardo Jos\u00e9 Padial Garc\u00eda &nbsp;&nbsp; El concepto de transformaci\u00f3n digital educativa (TDE) incluye el conjunto de actuaciones orientadas a la mejora y modernizaci\u00f3n de los procesos, los procedimientos, los&#46;&#46;&#46;<\/p>\n","protected":false},"author":5011,"featured_media":72127,"parent":0,"menu_order":0,"comment_status":"closed","ping_status":"closed","template":"","meta":{"ngg_post_thumbnail":0,"footnotes":"","_mc_calendar":[]},"aioseo_notices":[],"_links":{"self":[{"href":"https:\/\/blogsaverroes.juntadeandalucia.es\/ceipnuevaalmeria\/wp-json\/wp\/v2\/pages\/2460"}],"collection":[{"href":"https:\/\/blogsaverroes.juntadeandalucia.es\/ceipnuevaalmeria\/wp-json\/wp\/v2\/pages"}],"about":[{"href":"https:\/\/blogsaverroes.juntadeandalucia.es\/ceipnuevaalmeria\/wp-json\/wp\/v2\/types\/page"}],"author":[{"embeddable":true,"href":"https:\/\/blogsaverroes.juntadeandalucia.es\/ceipnuevaalmeria\/wp-json\/wp\/v2\/users\/5011"}],"replies":[{"embeddable":true,"href":"https:\/\/blogsaverroes.juntadeandalucia.es\/ceipnuevaalmeria\/wp-json\/wp\/v2\/comments?post=2460"}],"version-history":[{"count":17,"href":"https:\/\/blogsaverroes.juntadeandalucia.es\/ceipnuevaalmeria\/wp-json\/wp\/v2\/pages\/2460\/revisions"}],"predecessor-version":[{"id":72708,"href":"https:\/\/blogsaverroes.juntadeandalucia.es\/ceipnuevaalmeria\/wp-json\/wp\/v2\/pages\/2460\/revisions\/72708"}],"wp:featuredmedia":[{"embeddable":true,"href":"https:\/\/blogsaverroes.juntadeandalucia.es\/ceipnuevaalmeria\/wp-json\/wp\/v2\/media\/72127"}],"wp:attachment":[{"href":"https:\/\/blogsaverroes.juntadeandalucia.es\/ceipnuevaalmeria\/wp-json\/wp\/v2\/media?parent=2460"}],"curies":[{"name":"wp","href":"https:\/\/api.w.org\/{rel}","templated":true}]}}