{"id":72286,"date":"2023-10-20T09:50:08","date_gmt":"2023-10-20T09:50:08","guid":{"rendered":"https:\/\/blogsaverroes.juntadeandalucia.es\/ceipnuevaalmeria\/?page_id=72286"},"modified":"2024-11-19T09:30:45","modified_gmt":"2024-11-19T09:30:45","slug":"erasmus","status":"publish","type":"page","link":"https:\/\/blogsaverroes.juntadeandalucia.es\/ceipnuevaalmeria\/planes-y-programas\/erasmus\/","title":{"rendered":"Erasmus+"},"content":{"rendered":"<h3>HAZ CLICK EN LA IMAGEN PARA ACCEDER A TODAS LAS ENTRADAS DE LA CATEGOR\u00cdA:<\/h3>\n<h3><a href=\"https:\/\/blogsaverroes.juntadeandalucia.es\/ceipnuevaalmeria\/category\/erasmus\/\"><img loading=\"lazy\" decoding=\"async\" class=\"aligncenter size-full wp-image-72377\" src=\"https:\/\/blogsaverroes.juntadeandalucia.es\/ceipnuevaalmeria\/files\/2024\/01\/Logo-Erasmus.png\" alt=\"\" width=\"726\" height=\"410\" srcset=\"https:\/\/blogsaverroes.juntadeandalucia.es\/ceipnuevaalmeria\/files\/2024\/01\/Logo-Erasmus.png 726w, https:\/\/blogsaverroes.juntadeandalucia.es\/ceipnuevaalmeria\/files\/2024\/01\/Logo-Erasmus-300x169.png 300w\" sizes=\"(max-width: 726px) 100vw, 726px\" \/><\/a><\/h3>\n<div class=\"\">\n<div class=\"oKdM2c ZZyype Kzv0Me\">\n<div id=\"h.160ac17231109bfc_12\" class=\"hJDwNd-AhqUyc-uQSCkd Ft7HRd-AhqUyc-uQSCkd jXK9ad D2fZ2 zu5uec OjCsFc dmUFtb wHaque g5GTcb\">\n<h3 dir=\"ltr\"><strong>NUEVA WEB DE ERASMUS+ DE NUESTRO CENTRO:&nbsp;<\/strong><\/h3>\n<p><a href=\"https:\/\/sites.google.com\/g.educaand.es\/ceipnuevaalmeria-erasmus\" target=\"_blank\" rel=\"noopener\">https:\/\/sites.google.com\/g.educaand.es\/ceipnuevaalmeria-erasmus<\/a><\/p>\n<\/div>\n<\/div>\n<\/div>\n<p>&nbsp;<\/p>\n<hr>\n<h3><strong>\u00a1SOMOS ERASMUS+!<\/strong><\/h3>\n<p>Nuestro colegio ha venido trabajando intensamente estos \u00faltimos meses con un objetivo muy claro: abrirnos al exterior e internacionalizar nuestro centro.<\/p>\n<p>El curso pasado dimos un importante paso, trabajando estrechamente con el IC Vitaliano Brancati, de Catania. Primero recibimos la visita de su coordinadora Erasmus, Giovanna, con quien mantuvimos varias reuniones de trabajo y encuentros con la comunidad educativa: alumnado, claustro, familias, AMPA, etc. (M\u00e1s info en estos links: <a href=\"https:\/\/blogsaverroes.juntadeandalucia.es\/ceipnuevaalmeria\/2023\/02\/15\/benvenuta-giovanna-benvenuta-catania\/\">link 1<\/a>, <a href=\"https:\/\/blogsaverroes.juntadeandalucia.es\/ceipnuevaalmeria\/2023\/02\/17\/buongiorno-dia-2-15-de-febrero-de-2023\/\">link 2<\/a>, <a href=\"https:\/\/blogsaverroes.juntadeandalucia.es\/ceipnuevaalmeria\/2023\/02\/20\/arrivederci-giovanna-nos-vemos-pronto-tercer-y-ultimo-dia\/\">link 3<\/a>).<\/p>\n<p>El objetivo de esta visita era preparar una movilidad de profesorado y alumnado que se celebrar\u00eda unas semanas despu\u00e9s (clic <a href=\"https:\/\/blogsaverroes.juntadeandalucia.es\/ceipnuevaalmeria\/2023\/03\/31\/movilidad-erasmus-ic-vitaliano-brancati-de-catania-sicilia-italia\/\">aqu\u00ed<\/a>).<\/p>\n\n\t\t<style>\n\t\t\t#gallery-1 {\n\t\t\t\tmargin: auto;\n\t\t\t}\n\t\t\t#gallery-1 .gallery-item {\n\t\t\t\tfloat: left;\n\t\t\t\tmargin-top: 10px;\n\t\t\t\ttext-align: center;\n\t\t\t\twidth: 50%;\n\t\t\t}\n\t\t\t#gallery-1 img {\n\t\t\t\tborder: 2px solid #cfcfcf;\n\t\t\t}\n\t\t\t#gallery-1 .gallery-caption {\n\t\t\t\tmargin-left: 0;\n\t\t\t}\n\t\t\t\/* see gallery_shortcode() in wp-includes\/media.php *\/\n\t\t<\/style>\n\t\t<div id='gallery-1' class='gallery galleryid-72286 gallery-columns-2 gallery-size-medium'><dl class='gallery-item'>\n\t\t\t<dt class='gallery-icon landscape'>\n\t\t\t\t<a href='https:\/\/blogsaverroes.juntadeandalucia.es\/ceipnuevaalmeria\/planes-y-programas\/erasmus\/somos-erasmus\/01-5\/'><img loading=\"lazy\" decoding=\"async\" width=\"300\" height=\"225\" src=\"https:\/\/blogsaverroes.juntadeandalucia.es\/ceipnuevaalmeria\/files\/2023\/11\/01-300x225.jpeg\" class=\"attachment-medium size-medium\" alt=\"\" srcset=\"https:\/\/blogsaverroes.juntadeandalucia.es\/ceipnuevaalmeria\/files\/2023\/11\/01-300x225.jpeg 300w, https:\/\/blogsaverroes.juntadeandalucia.es\/ceipnuevaalmeria\/files\/2023\/11\/01-1024x768.jpeg 1024w, https:\/\/blogsaverroes.juntadeandalucia.es\/ceipnuevaalmeria\/files\/2023\/11\/01-768x576.jpeg 768w, https:\/\/blogsaverroes.juntadeandalucia.es\/ceipnuevaalmeria\/files\/2023\/11\/01-1536x1152.jpeg 1536w, https:\/\/blogsaverroes.juntadeandalucia.es\/ceipnuevaalmeria\/files\/2023\/11\/01.jpeg 1600w\" sizes=\"(max-width: 300px) 100vw, 300px\" \/><\/a>\n\t\t\t<\/dt><\/dl><dl class='gallery-item'>\n\t\t\t<dt class='gallery-icon landscape'>\n\t\t\t\t<a href='https:\/\/blogsaverroes.juntadeandalucia.es\/ceipnuevaalmeria\/planes-y-programas\/erasmus\/somos-erasmus\/02-5\/'><img loading=\"lazy\" decoding=\"async\" width=\"300\" height=\"225\" src=\"https:\/\/blogsaverroes.juntadeandalucia.es\/ceipnuevaalmeria\/files\/2023\/11\/02-300x225.jpeg\" class=\"attachment-medium size-medium\" alt=\"\" srcset=\"https:\/\/blogsaverroes.juntadeandalucia.es\/ceipnuevaalmeria\/files\/2023\/11\/02-300x225.jpeg 300w, https:\/\/blogsaverroes.juntadeandalucia.es\/ceipnuevaalmeria\/files\/2023\/11\/02-1024x768.jpeg 1024w, https:\/\/blogsaverroes.juntadeandalucia.es\/ceipnuevaalmeria\/files\/2023\/11\/02-768x576.jpeg 768w, https:\/\/blogsaverroes.juntadeandalucia.es\/ceipnuevaalmeria\/files\/2023\/11\/02-1536x1152.jpeg 1536w, https:\/\/blogsaverroes.juntadeandalucia.es\/ceipnuevaalmeria\/files\/2023\/11\/02.jpeg 1600w\" sizes=\"(max-width: 300px) 100vw, 300px\" \/><\/a>\n\t\t\t<\/dt><\/dl><br style=\"clear: both\" \/><dl class='gallery-item'>\n\t\t\t<dt class='gallery-icon landscape'>\n\t\t\t\t<a href='https:\/\/blogsaverroes.juntadeandalucia.es\/ceipnuevaalmeria\/planes-y-programas\/erasmus\/somos-erasmus\/03-4\/'><img loading=\"lazy\" decoding=\"async\" width=\"300\" height=\"225\" src=\"https:\/\/blogsaverroes.juntadeandalucia.es\/ceipnuevaalmeria\/files\/2023\/11\/03-300x225.jpeg\" class=\"attachment-medium size-medium\" alt=\"\" srcset=\"https:\/\/blogsaverroes.juntadeandalucia.es\/ceipnuevaalmeria\/files\/2023\/11\/03-300x225.jpeg 300w, https:\/\/blogsaverroes.juntadeandalucia.es\/ceipnuevaalmeria\/files\/2023\/11\/03-1024x768.jpeg 1024w, https:\/\/blogsaverroes.juntadeandalucia.es\/ceipnuevaalmeria\/files\/2023\/11\/03-768x576.jpeg 768w, https:\/\/blogsaverroes.juntadeandalucia.es\/ceipnuevaalmeria\/files\/2023\/11\/03-1536x1152.jpeg 1536w, https:\/\/blogsaverroes.juntadeandalucia.es\/ceipnuevaalmeria\/files\/2023\/11\/03.jpeg 1600w\" sizes=\"(max-width: 300px) 100vw, 300px\" \/><\/a>\n\t\t\t<\/dt><\/dl><dl class='gallery-item'>\n\t\t\t<dt class='gallery-icon landscape'>\n\t\t\t\t<a href='https:\/\/blogsaverroes.juntadeandalucia.es\/ceipnuevaalmeria\/planes-y-programas\/erasmus\/somos-erasmus\/04-3\/'><img loading=\"lazy\" decoding=\"async\" width=\"300\" height=\"225\" src=\"https:\/\/blogsaverroes.juntadeandalucia.es\/ceipnuevaalmeria\/files\/2023\/11\/04-300x225.jpeg\" class=\"attachment-medium size-medium\" alt=\"\" srcset=\"https:\/\/blogsaverroes.juntadeandalucia.es\/ceipnuevaalmeria\/files\/2023\/11\/04-300x225.jpeg 300w, https:\/\/blogsaverroes.juntadeandalucia.es\/ceipnuevaalmeria\/files\/2023\/11\/04-1024x768.jpeg 1024w, https:\/\/blogsaverroes.juntadeandalucia.es\/ceipnuevaalmeria\/files\/2023\/11\/04-768x576.jpeg 768w, https:\/\/blogsaverroes.juntadeandalucia.es\/ceipnuevaalmeria\/files\/2023\/11\/04-1536x1152.jpeg 1536w, https:\/\/blogsaverroes.juntadeandalucia.es\/ceipnuevaalmeria\/files\/2023\/11\/04.jpeg 1600w\" sizes=\"(max-width: 300px) 100vw, 300px\" \/><\/a>\n\t\t\t<\/dt><\/dl><br style=\"clear: both\" \/><dl class='gallery-item'>\n\t\t\t<dt class='gallery-icon landscape'>\n\t\t\t\t<a href='https:\/\/blogsaverroes.juntadeandalucia.es\/ceipnuevaalmeria\/planes-y-programas\/erasmus\/somos-erasmus\/05-2\/'><img loading=\"lazy\" decoding=\"async\" width=\"300\" height=\"225\" src=\"https:\/\/blogsaverroes.juntadeandalucia.es\/ceipnuevaalmeria\/files\/2023\/11\/05-300x225.jpeg\" class=\"attachment-medium size-medium\" alt=\"\" srcset=\"https:\/\/blogsaverroes.juntadeandalucia.es\/ceipnuevaalmeria\/files\/2023\/11\/05-300x225.jpeg 300w, https:\/\/blogsaverroes.juntadeandalucia.es\/ceipnuevaalmeria\/files\/2023\/11\/05-768x576.jpeg 768w, https:\/\/blogsaverroes.juntadeandalucia.es\/ceipnuevaalmeria\/files\/2023\/11\/05.jpeg 1024w\" sizes=\"(max-width: 300px) 100vw, 300px\" \/><\/a>\n\t\t\t<\/dt><\/dl>\n\t\t\t<br style='clear: both' \/>\n\t\t<\/div>\n\n<p>Esta experiencia, unida a la formaci\u00f3n que se hab\u00eda estado realizando durante todo el curso, nos anim\u00f3 a solicitar un proyecto de movilidad Erasmus+ KA122, que llevar\u00eda por t\u00edtulo \u201cAbriendo nuestro colegio a Europa\u201d y a final de curso recibimos una noticia estupenda: \u00a1nuestro solicitud hab\u00eda sido aprobada!<\/p>\n<p><img loading=\"lazy\" decoding=\"async\" class=\"aligncenter size-full wp-image-72315\" src=\"https:\/\/blogsaverroes.juntadeandalucia.es\/ceipnuevaalmeria\/files\/2023\/11\/06.jpeg\" alt=\"\" width=\"1437\" height=\"809\" srcset=\"https:\/\/blogsaverroes.juntadeandalucia.es\/ceipnuevaalmeria\/files\/2023\/11\/06.jpeg 1437w, https:\/\/blogsaverroes.juntadeandalucia.es\/ceipnuevaalmeria\/files\/2023\/11\/06-300x169.jpeg 300w, https:\/\/blogsaverroes.juntadeandalucia.es\/ceipnuevaalmeria\/files\/2023\/11\/06-1024x576.jpeg 1024w, https:\/\/blogsaverroes.juntadeandalucia.es\/ceipnuevaalmeria\/files\/2023\/11\/06-768x432.jpeg 768w\" sizes=\"(max-width: 1437px) 100vw, 1437px\" \/><\/p>\n<p>Ya empezado el curso 22-23, el coordinador Erasmus particip\u00f3 en las Jornadas Iniciales de Proyectos de Movilidad Erasmus+ KA122 en Toledo y, a su regreso, se constituy\u00f3 el Equipo Erasmus en nuestro centro y se inform\u00f3 de los temas abordados en esas jornadas. Adem\u00e1s, se present\u00f3 en Claustro el proyecto aprobado y se trazaron las l\u00edneas de trabajo a implementar durante el curso. En las pr\u00f3ximas fechas continuaremos dando difusi\u00f3n al proyecto, informando al Consejo Escolar, familias, etc., con la intenci\u00f3n de que toda la comunidad educativa se implique en esta ambiciosa apuesta.<\/p>\n\n\t\t<style>\n\t\t\t#gallery-2 {\n\t\t\t\tmargin: auto;\n\t\t\t}\n\t\t\t#gallery-2 .gallery-item {\n\t\t\t\tfloat: left;\n\t\t\t\tmargin-top: 10px;\n\t\t\t\ttext-align: center;\n\t\t\t\twidth: 50%;\n\t\t\t}\n\t\t\t#gallery-2 img {\n\t\t\t\tborder: 2px solid #cfcfcf;\n\t\t\t}\n\t\t\t#gallery-2 .gallery-caption {\n\t\t\t\tmargin-left: 0;\n\t\t\t}\n\t\t\t\/* see gallery_shortcode() in wp-includes\/media.php *\/\n\t\t<\/style>\n\t\t<div id='gallery-2' class='gallery galleryid-72286 gallery-columns-2 gallery-size-medium'><dl class='gallery-item'>\n\t\t\t<dt class='gallery-icon portrait'>\n\t\t\t\t<a href='https:\/\/blogsaverroes.juntadeandalucia.es\/ceipnuevaalmeria\/planes-y-programas\/erasmus\/somos-erasmus\/07-3\/'><img loading=\"lazy\" decoding=\"async\" width=\"225\" height=\"300\" src=\"https:\/\/blogsaverroes.juntadeandalucia.es\/ceipnuevaalmeria\/files\/2023\/11\/07-225x300.jpeg\" class=\"attachment-medium size-medium\" alt=\"\" srcset=\"https:\/\/blogsaverroes.juntadeandalucia.es\/ceipnuevaalmeria\/files\/2023\/11\/07-225x300.jpeg 225w, https:\/\/blogsaverroes.juntadeandalucia.es\/ceipnuevaalmeria\/files\/2023\/11\/07-768x1024.jpeg 768w, https:\/\/blogsaverroes.juntadeandalucia.es\/ceipnuevaalmeria\/files\/2023\/11\/07-1152x1536.jpeg 1152w, https:\/\/blogsaverroes.juntadeandalucia.es\/ceipnuevaalmeria\/files\/2023\/11\/07.jpeg 1200w\" sizes=\"(max-width: 225px) 100vw, 225px\" \/><\/a>\n\t\t\t<\/dt><\/dl><dl class='gallery-item'>\n\t\t\t<dt class='gallery-icon landscape'>\n\t\t\t\t<a href='https:\/\/blogsaverroes.juntadeandalucia.es\/ceipnuevaalmeria\/planes-y-programas\/erasmus\/somos-erasmus\/08-3\/'><img loading=\"lazy\" decoding=\"async\" width=\"300\" height=\"225\" src=\"https:\/\/blogsaverroes.juntadeandalucia.es\/ceipnuevaalmeria\/files\/2023\/11\/08-300x225.jpeg\" class=\"attachment-medium size-medium\" alt=\"\" srcset=\"https:\/\/blogsaverroes.juntadeandalucia.es\/ceipnuevaalmeria\/files\/2023\/11\/08-300x225.jpeg 300w, https:\/\/blogsaverroes.juntadeandalucia.es\/ceipnuevaalmeria\/files\/2023\/11\/08-1024x768.jpeg 1024w, https:\/\/blogsaverroes.juntadeandalucia.es\/ceipnuevaalmeria\/files\/2023\/11\/08-768x576.jpeg 768w, https:\/\/blogsaverroes.juntadeandalucia.es\/ceipnuevaalmeria\/files\/2023\/11\/08-1536x1152.jpeg 1536w, https:\/\/blogsaverroes.juntadeandalucia.es\/ceipnuevaalmeria\/files\/2023\/11\/08.jpeg 1600w\" sizes=\"(max-width: 300px) 100vw, 300px\" \/><\/a>\n\t\t\t<\/dt><\/dl><br style=\"clear: both\" \/>\n\t\t<\/div>\n\n<p>&nbsp;<\/p>\n<p>Se trata, sin duda, de un proyecto muy ilusionante, que nos ayudar\u00e1 a abrir las puertas de nuestro centro, conocer otras realidades ling\u00fc\u00edsticas y culturales, estrechar v\u00ednculos de colaboraci\u00f3n con otros centros europeos, etc. Estamos convencidos de que es una oportunidad magn\u00edfica para nuestro alumnado, profesorado y, en definitiva, toda la comunidad educativa del CEIP Nueva Almer\u00eda.<\/p>\n<p>\u00bfNos acompa\u00f1as?<\/p>\n<p>&nbsp;<\/p>\n<p><span style=\"color: #3366ff\"><em>Logotipo de nuestro proyecto:<\/em><\/span><\/p>\n<p>&nbsp;<\/p>\n<p><a href=\"https:\/\/blogsaverroes.juntadeandalucia.es\/ceipnuevaalmeria\/category\/erasmus\/\"><img loading=\"lazy\" decoding=\"async\" class=\"aligncenter size-full wp-image-72380\" src=\"https:\/\/blogsaverroes.juntadeandalucia.es\/ceipnuevaalmeria\/files\/2024\/01\/Logo-erasmus-VERTICAL.png\" alt=\"\" width=\"1600\" height=\"1600\" srcset=\"https:\/\/blogsaverroes.juntadeandalucia.es\/ceipnuevaalmeria\/files\/2024\/01\/Logo-erasmus-VERTICAL.png 1600w, https:\/\/blogsaverroes.juntadeandalucia.es\/ceipnuevaalmeria\/files\/2024\/01\/Logo-erasmus-VERTICAL-300x300.png 300w, https:\/\/blogsaverroes.juntadeandalucia.es\/ceipnuevaalmeria\/files\/2024\/01\/Logo-erasmus-VERTICAL-1024x1024.png 1024w, https:\/\/blogsaverroes.juntadeandalucia.es\/ceipnuevaalmeria\/files\/2024\/01\/Logo-erasmus-VERTICAL-150x150.png 150w, https:\/\/blogsaverroes.juntadeandalucia.es\/ceipnuevaalmeria\/files\/2024\/01\/Logo-erasmus-VERTICAL-768x768.png 768w, https:\/\/blogsaverroes.juntadeandalucia.es\/ceipnuevaalmeria\/files\/2024\/01\/Logo-erasmus-VERTICAL-1536x1536.png 1536w, https:\/\/blogsaverroes.juntadeandalucia.es\/ceipnuevaalmeria\/files\/2024\/01\/Logo-erasmus-VERTICAL-2048x2048.png 2048w\" sizes=\"(max-width: 1600px) 100vw, 1600px\" \/><\/a><\/p>\n<p>&nbsp;<\/p>\n<div class=\"\">\n<div class=\"oKdM2c ZZyype Kzv0Me\">\n<div id=\"h.160ac17231109bfc_12\" class=\"hJDwNd-AhqUyc-uQSCkd Ft7HRd-AhqUyc-uQSCkd jXK9ad D2fZ2 zu5uec OjCsFc dmUFtb wHaque g5GTcb\">\n<h3 dir=\"ltr\"><strong>2024-2025: NUEVA WEB DE ERASMUS+ DE NUESTRO CENTRO:&nbsp;<\/strong><\/h3>\n<p><a href=\"https:\/\/sites.google.com\/g.educaand.es\/ceipnuevaalmeria-erasmus\" target=\"_blank\" rel=\"noopener\">https:\/\/sites.google.com\/g.educaand.es\/ceipnuevaalmeria-erasmus<\/a><\/p>\n<\/div>\n<\/div>\n<\/div>\n<p>&nbsp;<\/p>\n<p><a href=\"https:\/\/sites.google.com\/g.educaand.es\/ceipnuevaalmeria-erasmus\" target=\"_blank\" rel=\"noopener\"><img loading=\"lazy\" decoding=\"async\" class=\"aligncenter size-full wp-image-72702\" src=\"https:\/\/blogsaverroes.juntadeandalucia.es\/ceipnuevaalmeria\/files\/2024\/11\/Nueva-Web-Erasmus.jpeg\" alt=\"\" width=\"1080\" height=\"1080\" srcset=\"https:\/\/blogsaverroes.juntadeandalucia.es\/ceipnuevaalmeria\/files\/2024\/11\/Nueva-Web-Erasmus.jpeg 1080w, https:\/\/blogsaverroes.juntadeandalucia.es\/ceipnuevaalmeria\/files\/2024\/11\/Nueva-Web-Erasmus-300x300.jpeg 300w, https:\/\/blogsaverroes.juntadeandalucia.es\/ceipnuevaalmeria\/files\/2024\/11\/Nueva-Web-Erasmus-1024x1024.jpeg 1024w, https:\/\/blogsaverroes.juntadeandalucia.es\/ceipnuevaalmeria\/files\/2024\/11\/Nueva-Web-Erasmus-150x150.jpeg 150w, https:\/\/blogsaverroes.juntadeandalucia.es\/ceipnuevaalmeria\/files\/2024\/11\/Nueva-Web-Erasmus-768x768.jpeg 768w\" sizes=\"(max-width: 1080px) 100vw, 1080px\" \/><\/a><\/p>\n","protected":false},"excerpt":{"rendered":"<p>HAZ CLICK EN LA IMAGEN PARA ACCEDER A TODAS LAS ENTRADAS DE LA CATEGOR\u00cdA: NUEVA WEB DE ERASMUS+ DE NUESTRO CENTRO:&nbsp; https:\/\/sites.google.com\/g.educaand.es\/ceipnuevaalmeria-erasmus &nbsp; \u00a1SOMOS ERASMUS+! Nuestro colegio ha venido trabajando intensamente estos \u00faltimos meses&#46;&#46;&#46;<\/p>\n","protected":false},"author":5011,"featured_media":0,"parent":2109,"menu_order":0,"comment_status":"closed","ping_status":"closed","template":"","meta":{"ngg_post_thumbnail":0,"footnotes":"","_mc_calendar":[]},"aioseo_notices":[],"_links":{"self":[{"href":"https:\/\/blogsaverroes.juntadeandalucia.es\/ceipnuevaalmeria\/wp-json\/wp\/v2\/pages\/72286"}],"collection":[{"href":"https:\/\/blogsaverroes.juntadeandalucia.es\/ceipnuevaalmeria\/wp-json\/wp\/v2\/pages"}],"about":[{"href":"https:\/\/blogsaverroes.juntadeandalucia.es\/ceipnuevaalmeria\/wp-json\/wp\/v2\/types\/page"}],"author":[{"embeddable":true,"href":"https:\/\/blogsaverroes.juntadeandalucia.es\/ceipnuevaalmeria\/wp-json\/wp\/v2\/users\/5011"}],"replies":[{"embeddable":true,"href":"https:\/\/blogsaverroes.juntadeandalucia.es\/ceipnuevaalmeria\/wp-json\/wp\/v2\/comments?post=72286"}],"version-history":[{"count":8,"href":"https:\/\/blogsaverroes.juntadeandalucia.es\/ceipnuevaalmeria\/wp-json\/wp\/v2\/pages\/72286\/revisions"}],"predecessor-version":[{"id":72704,"href":"https:\/\/blogsaverroes.juntadeandalucia.es\/ceipnuevaalmeria\/wp-json\/wp\/v2\/pages\/72286\/revisions\/72704"}],"up":[{"embeddable":true,"href":"https:\/\/blogsaverroes.juntadeandalucia.es\/ceipnuevaalmeria\/wp-json\/wp\/v2\/pages\/2109"}],"wp:attachment":[{"href":"https:\/\/blogsaverroes.juntadeandalucia.es\/ceipnuevaalmeria\/wp-json\/wp\/v2\/media?parent=72286"}],"curies":[{"name":"wp","href":"https:\/\/api.w.org\/{rel}","templated":true}]}}