{"id":9034,"date":"2018-06-11T09:30:27","date_gmt":"2018-06-11T09:30:27","guid":{"rendered":"https:\/\/blogsaverroes.juntadeandalucia.es\/ceipnuevaalmeria\/?page_id=9034"},"modified":"2019-06-27T15:53:05","modified_gmt":"2019-06-27T15:53:05","slug":"en-la-red","status":"publish","type":"page","link":"https:\/\/blogsaverroes.juntadeandalucia.es\/ceipnuevaalmeria\/en-la-red\/","title":{"rendered":"En la Red"},"content":{"rendered":"<p>A lo largo de los a\u00f1os, el colegio va dejando un rastro \u00abdigital\u00bb del que todos los que han pasado por aqu\u00ed se sienten orgullosos. Esto es una recopilaci\u00f3n de todos aquellos momentos que hemos encontrado por la red&#8230;<\/p>\n<p>&nbsp;<\/p>\n<table style=\"width: 604px;height: 1241px\">\n<tbody>\n<tr>\n<td style=\"width: 172.727px;text-align: center\"><img loading=\"lazy\" decoding=\"async\" class=\"alignnone size-full wp-image-23407\" src=\"https:\/\/blogsaverroes.juntadeandalucia.es\/ceipnuevaalmeria\/files\/2019\/06\/Captura-5-e1561649748508.png\" alt=\"\" width=\"250\" height=\"140\"><\/td>\n<td style=\"width: 388.182px\">\n<h1 class=\"title style-scope ytd-video-primary-info-renderer\">Despedida Promoci\u00f3n 2019<\/h1>\n<p><a href=\"https:\/\/www.youtube.com\/watch?time_continue=16&amp;v=t2cZiH__nuI\">https:\/\/www.youtube.com\/watch?time_continue=16&amp;v=t2cZiH__nuI<\/a><\/td>\n<\/tr>\n<tr>\n<td style=\"width: 172.727px;text-align: center\"><img loading=\"lazy\" decoding=\"async\" class=\"alignnone size-full wp-image-23406\" src=\"https:\/\/blogsaverroes.juntadeandalucia.es\/ceipnuevaalmeria\/files\/2019\/06\/Captura-4-e1561649193154.png\" alt=\"\" width=\"250\" height=\"140\"><\/td>\n<td style=\"width: 388.182px\">\n<h1 class=\"title style-scope ytd-video-primary-info-renderer\">Poemas Infantiles 2019<\/h1>\n<p><a href=\"https:\/\/www.youtube.com\/watch?v=j1nDFly_aYA\">https:\/\/www.youtube.com\/watch?v=j1nDFly_aYA<\/a><\/td>\n<\/tr>\n<tr>\n<td style=\"width: 172.727px;text-align: center\"><img loading=\"lazy\" decoding=\"async\" class=\"alignnone size-full wp-image-23410\" src=\"https:\/\/blogsaverroes.juntadeandalucia.es\/ceipnuevaalmeria\/files\/2019\/06\/Captura-7-e1561650338934.png\" alt=\"\" width=\"250\" height=\"140\"><\/td>\n<td style=\"width: 388.182px\">\n<h1 class=\"title style-scope ytd-video-primary-info-renderer\">Carnavales 2019<\/h1>\n<p><a href=\"https:\/\/www.youtube.com\/watch?v=KASPK5TTul8\">https:\/\/www.youtube.com\/watch?v=KASPK5TTul8<\/a><\/td>\n<\/tr>\n<tr>\n<td style=\"width: 172.727px;text-align: center\"><img loading=\"lazy\" decoding=\"async\" class=\"alignnone size-full wp-image-12777\" src=\"https:\/\/blogsaverroes.juntadeandalucia.es\/ceipnuevaalmeria\/files\/2018\/06\/Captura-4.png\" alt=\"\" width=\"951\" height=\"534\" srcset=\"https:\/\/blogsaverroes.juntadeandalucia.es\/ceipnuevaalmeria\/files\/2018\/06\/Captura-4.png 951w, https:\/\/blogsaverroes.juntadeandalucia.es\/ceipnuevaalmeria\/files\/2018\/06\/Captura-4-300x168.png 300w, https:\/\/blogsaverroes.juntadeandalucia.es\/ceipnuevaalmeria\/files\/2018\/06\/Captura-4-24x13.png 24w, https:\/\/blogsaverroes.juntadeandalucia.es\/ceipnuevaalmeria\/files\/2018\/06\/Captura-4-36x20.png 36w, https:\/\/blogsaverroes.juntadeandalucia.es\/ceipnuevaalmeria\/files\/2018\/06\/Captura-4-48x27.png 48w\" sizes=\"(max-width: 951px) 100vw, 951px\" \/><\/td>\n<td style=\"width: 388.182px\">\n<h1 class=\"title style-scope ytd-video-primary-info-renderer\">D\u00eda del Flamenco 2018<\/h1>\n<p><a href=\"https:\/\/www.youtube.com\/watch?v=-eeo93nOHxo\">https:\/\/www.youtube.com\/watch?v=-eeo93nOHxo<\/a><\/td>\n<\/tr>\n<tr>\n<td style=\"width: 172.727px;text-align: center\"><a href=\"https:\/\/www.youtube.com\/watch?v=ZWu7i1jfvmM\"><img loading=\"lazy\" decoding=\"async\" class=\"alignnone size-full wp-image-9669\" src=\"https:\/\/blogsaverroes.juntadeandalucia.es\/ceipnuevaalmeria\/files\/2018\/06\/Captura-3.png\" alt=\"\" width=\"854\" height=\"479\" srcset=\"https:\/\/blogsaverroes.juntadeandalucia.es\/ceipnuevaalmeria\/files\/2018\/06\/Captura-3.png 854w, https:\/\/blogsaverroes.juntadeandalucia.es\/ceipnuevaalmeria\/files\/2018\/06\/Captura-3-300x168.png 300w, https:\/\/blogsaverroes.juntadeandalucia.es\/ceipnuevaalmeria\/files\/2018\/06\/Captura-3-24x13.png 24w, https:\/\/blogsaverroes.juntadeandalucia.es\/ceipnuevaalmeria\/files\/2018\/06\/Captura-3-36x20.png 36w, https:\/\/blogsaverroes.juntadeandalucia.es\/ceipnuevaalmeria\/files\/2018\/06\/Captura-3-48x27.png 48w\" sizes=\"(max-width: 854px) 100vw, 854px\" \/><\/a><\/td>\n<td style=\"width: 388.182px\">\n<h1 class=\"title style-scope ytd-video-primary-info-renderer\">Entrevista en Interalmer\u00eda TV 2018.<\/h1>\n<p class=\"title style-scope ytd-video-primary-info-renderer\">Exposici\u00f3n Carmen de Burgos<\/p>\n<p><a href=\"https:\/\/www.youtube.com\/watch?v=ZWu7i1jfvmM\">https:\/\/www.youtube.com\/watch?v=ZWu7i1jfvmM<\/a><\/td>\n<\/tr>\n<tr>\n<td style=\"width: 172.727px\"><img loading=\"lazy\" decoding=\"async\" class=\"alignnone size-full wp-image-23408\" src=\"https:\/\/blogsaverroes.juntadeandalucia.es\/ceipnuevaalmeria\/files\/2019\/06\/Captura-6.png\" alt=\"\" width=\"308\" height=\"198\" srcset=\"https:\/\/blogsaverroes.juntadeandalucia.es\/ceipnuevaalmeria\/files\/2019\/06\/Captura-6.png 308w, https:\/\/blogsaverroes.juntadeandalucia.es\/ceipnuevaalmeria\/files\/2019\/06\/Captura-6-300x193.png 300w, https:\/\/blogsaverroes.juntadeandalucia.es\/ceipnuevaalmeria\/files\/2019\/06\/Captura-6-280x180.png 280w, https:\/\/blogsaverroes.juntadeandalucia.es\/ceipnuevaalmeria\/files\/2019\/06\/Captura-6-24x15.png 24w, https:\/\/blogsaverroes.juntadeandalucia.es\/ceipnuevaalmeria\/files\/2019\/06\/Captura-6-36x23.png 36w, https:\/\/blogsaverroes.juntadeandalucia.es\/ceipnuevaalmeria\/files\/2019\/06\/Captura-6-48x31.png 48w\" sizes=\"(max-width: 308px) 100vw, 308px\" \/><\/td>\n<td style=\"width: 388.182px\">\n<h1 class=\"title style-scope ytd-video-primary-info-renderer\">Aulas Rojiblancas. Mayo 2018<\/h1>\n<p><a href=\"https:\/\/diariouda.com\/web\/aulas-rojiblancas-turno-para-el-ceip-nueva-almeria\/\">https:\/\/diariouda.com\/web\/aulas-rojiblancas-turno-para-el-ceip-nueva-almeria\/<\/a><\/td>\n<\/tr>\n<tr>\n<td style=\"width: 172.727px\"><img loading=\"lazy\" decoding=\"async\" class=\"wp-image-9036 size-medium alignleft\" src=\"https:\/\/blogsaverroes.juntadeandalucia.es\/ceipnuevaalmeria\/files\/2018\/05\/Captura-2-300x167.png\" alt=\"\" width=\"300\" height=\"167\" srcset=\"https:\/\/blogsaverroes.juntadeandalucia.es\/ceipnuevaalmeria\/files\/2018\/05\/Captura-2-300x167.png 300w, https:\/\/blogsaverroes.juntadeandalucia.es\/ceipnuevaalmeria\/files\/2018\/05\/Captura-2-24x13.png 24w, https:\/\/blogsaverroes.juntadeandalucia.es\/ceipnuevaalmeria\/files\/2018\/05\/Captura-2-36x20.png 36w, https:\/\/blogsaverroes.juntadeandalucia.es\/ceipnuevaalmeria\/files\/2018\/05\/Captura-2-48x27.png 48w, https:\/\/blogsaverroes.juntadeandalucia.es\/ceipnuevaalmeria\/files\/2018\/05\/Captura-2.png 855w\" sizes=\"(max-width: 300px) 100vw, 300px\" \/><\/td>\n<td style=\"width: 388.182px\">\n<h1 class=\"title style-scope ytd-video-primary-info-renderer\">D\u00eda de Andaluc\u00eda 2013<\/h1>\n<p><a href=\"https:\/\/www.youtube.com\/watch?v=pj60AElGGk0\">https:\/\/www.youtube.com\/watch?v=pj60AElGGk0<\/a><\/td>\n<\/tr>\n<tr>\n<td style=\"width: 172.727px\"><img loading=\"lazy\" decoding=\"async\" class=\"alignnone size-full wp-image-9037\" src=\"https:\/\/blogsaverroes.juntadeandalucia.es\/ceipnuevaalmeria\/files\/2018\/05\/Captura-3.png\" alt=\"\" width=\"849\" height=\"475\" srcset=\"https:\/\/blogsaverroes.juntadeandalucia.es\/ceipnuevaalmeria\/files\/2018\/05\/Captura-3.png 849w, https:\/\/blogsaverroes.juntadeandalucia.es\/ceipnuevaalmeria\/files\/2018\/05\/Captura-3-300x168.png 300w, https:\/\/blogsaverroes.juntadeandalucia.es\/ceipnuevaalmeria\/files\/2018\/05\/Captura-3-24x13.png 24w, https:\/\/blogsaverroes.juntadeandalucia.es\/ceipnuevaalmeria\/files\/2018\/05\/Captura-3-36x20.png 36w, https:\/\/blogsaverroes.juntadeandalucia.es\/ceipnuevaalmeria\/files\/2018\/05\/Captura-3-48x27.png 48w\" sizes=\"(max-width: 849px) 100vw, 849px\" \/><\/td>\n<td style=\"width: 388.182px\">\n<h1 class=\"title style-scope ytd-video-primary-info-renderer\">Despedida de la promoci\u00f3n 2016<\/h1>\n<p><a href=\"https:\/\/www.youtube.com\/watch?v=aDwBc9qUaHc\">https:\/\/www.youtube.com\/watch?v=aDwBc9qUaHc<\/a><\/td>\n<\/tr>\n<tr>\n<td style=\"width: 172.727px\"><img loading=\"lazy\" decoding=\"async\" class=\"alignnone size-full wp-image-9038\" src=\"https:\/\/blogsaverroes.juntadeandalucia.es\/ceipnuevaalmeria\/files\/2018\/05\/Captura-4.png\" alt=\"\" width=\"854\" height=\"476\" srcset=\"https:\/\/blogsaverroes.juntadeandalucia.es\/ceipnuevaalmeria\/files\/2018\/05\/Captura-4.png 854w, https:\/\/blogsaverroes.juntadeandalucia.es\/ceipnuevaalmeria\/files\/2018\/05\/Captura-4-300x167.png 300w, https:\/\/blogsaverroes.juntadeandalucia.es\/ceipnuevaalmeria\/files\/2018\/05\/Captura-4-24x13.png 24w, https:\/\/blogsaverroes.juntadeandalucia.es\/ceipnuevaalmeria\/files\/2018\/05\/Captura-4-36x20.png 36w, https:\/\/blogsaverroes.juntadeandalucia.es\/ceipnuevaalmeria\/files\/2018\/05\/Captura-4-48x27.png 48w\" sizes=\"(max-width: 854px) 100vw, 854px\" \/><\/td>\n<td style=\"width: 388.182px\">\n<h1 class=\"title style-scope ytd-video-primary-info-renderer\">D\u00eda de la Paz. 2014<\/h1>\n<p><a href=\"https:\/\/www.youtube.com\/watch?v=nhFFshwM3Vg\">https:\/\/www.youtube.com\/watch?v=nhFFshwM3Vg<\/a><\/td>\n<\/tr>\n<tr>\n<td style=\"width: 172.727px\"><img loading=\"lazy\" decoding=\"async\" class=\"alignnone size-full wp-image-9039\" src=\"https:\/\/blogsaverroes.juntadeandalucia.es\/ceipnuevaalmeria\/files\/2018\/05\/Captura-5.png\" alt=\"\" width=\"852\" height=\"476\" srcset=\"https:\/\/blogsaverroes.juntadeandalucia.es\/ceipnuevaalmeria\/files\/2018\/05\/Captura-5.png 852w, https:\/\/blogsaverroes.juntadeandalucia.es\/ceipnuevaalmeria\/files\/2018\/05\/Captura-5-300x168.png 300w, https:\/\/blogsaverroes.juntadeandalucia.es\/ceipnuevaalmeria\/files\/2018\/05\/Captura-5-24x13.png 24w, https:\/\/blogsaverroes.juntadeandalucia.es\/ceipnuevaalmeria\/files\/2018\/05\/Captura-5-36x20.png 36w, https:\/\/blogsaverroes.juntadeandalucia.es\/ceipnuevaalmeria\/files\/2018\/05\/Captura-5-48x27.png 48w\" sizes=\"(max-width: 852px) 100vw, 852px\" \/><\/td>\n<td style=\"width: 388.182px\">\n<h1 class=\"title style-scope ytd-video-primary-info-renderer\">Carnaval en Ed. Infantil. 2013<\/h1>\n<p><a href=\"https:\/\/www.youtube.com\/watch?v=63ZtRqw-kXM\">https:\/\/www.youtube.com\/watch?v=63ZtRqw-kXM<\/a><\/td>\n<\/tr>\n<tr>\n<td style=\"width: 172.727px\"><img loading=\"lazy\" decoding=\"async\" class=\"alignnone size-full wp-image-9040\" src=\"https:\/\/blogsaverroes.juntadeandalucia.es\/ceipnuevaalmeria\/files\/2018\/05\/Captura-6.png\" alt=\"\" width=\"854\" height=\"477\" srcset=\"https:\/\/blogsaverroes.juntadeandalucia.es\/ceipnuevaalmeria\/files\/2018\/05\/Captura-6.png 854w, https:\/\/blogsaverroes.juntadeandalucia.es\/ceipnuevaalmeria\/files\/2018\/05\/Captura-6-300x168.png 300w, https:\/\/blogsaverroes.juntadeandalucia.es\/ceipnuevaalmeria\/files\/2018\/05\/Captura-6-24x13.png 24w, https:\/\/blogsaverroes.juntadeandalucia.es\/ceipnuevaalmeria\/files\/2018\/05\/Captura-6-36x20.png 36w, https:\/\/blogsaverroes.juntadeandalucia.es\/ceipnuevaalmeria\/files\/2018\/05\/Captura-6-48x27.png 48w\" sizes=\"(max-width: 854px) 100vw, 854px\" \/><\/td>\n<td style=\"width: 388.182px\">\n<h1 class=\"title style-scope ytd-video-primary-info-renderer\">Actuaci\u00f3n de Navidad. 2013<\/h1>\n<p><a href=\"https:\/\/www.youtube.com\/watch?v=9nLo6Xag9zE\">https:\/\/www.youtube.com\/watch?v=9nLo6Xag9zE<\/a><\/td>\n<\/tr>\n<tr>\n<td style=\"width: 172.727px\"><img loading=\"lazy\" decoding=\"async\" class=\"alignnone size-full wp-image-9041\" src=\"https:\/\/blogsaverroes.juntadeandalucia.es\/ceipnuevaalmeria\/files\/2018\/05\/Captura-7.png\" alt=\"\" width=\"857\" height=\"482\" srcset=\"https:\/\/blogsaverroes.juntadeandalucia.es\/ceipnuevaalmeria\/files\/2018\/05\/Captura-7.png 857w, https:\/\/blogsaverroes.juntadeandalucia.es\/ceipnuevaalmeria\/files\/2018\/05\/Captura-7-300x169.png 300w, https:\/\/blogsaverroes.juntadeandalucia.es\/ceipnuevaalmeria\/files\/2018\/05\/Captura-7-24x13.png 24w, https:\/\/blogsaverroes.juntadeandalucia.es\/ceipnuevaalmeria\/files\/2018\/05\/Captura-7-36x20.png 36w, https:\/\/blogsaverroes.juntadeandalucia.es\/ceipnuevaalmeria\/files\/2018\/05\/Captura-7-48x27.png 48w\" sizes=\"(max-width: 857px) 100vw, 857px\" \/><\/td>\n<td style=\"width: 388.182px\">\n<h5 class=\"title style-scope ytd-video-primary-info-renderer\">Buena Pr\u00e1ctica llevada a cabo en las aulas de 3 a\u00f1os y 2\u00ba de primaria del CEIP Nueva Almer\u00eda, durante el curso escolar 2015-16.<\/h5>\n<h5 class=\"title style-scope ytd-video-primary-info-renderer\">Presentada en las III Jornadas de Escuela Moderna<\/h5>\n<p><a href=\"https:\/\/www.youtube.com\/watch?v=y_LiAr_glIU\">https:\/\/www.youtube.com\/watch?v=y_LiAr_glIU<\/a><\/td>\n<\/tr>\n<tr>\n<td style=\"width: 172.727px\">&nbsp;<img loading=\"lazy\" decoding=\"async\" class=\"alignnone size-full wp-image-9044\" src=\"https:\/\/blogsaverroes.juntadeandalucia.es\/ceipnuevaalmeria\/files\/2018\/05\/Captura-8.png\" alt=\"\" width=\"856\" height=\"481\" srcset=\"https:\/\/blogsaverroes.juntadeandalucia.es\/ceipnuevaalmeria\/files\/2018\/05\/Captura-8.png 856w, https:\/\/blogsaverroes.juntadeandalucia.es\/ceipnuevaalmeria\/files\/2018\/05\/Captura-8-300x169.png 300w, https:\/\/blogsaverroes.juntadeandalucia.es\/ceipnuevaalmeria\/files\/2018\/05\/Captura-8-24x13.png 24w, https:\/\/blogsaverroes.juntadeandalucia.es\/ceipnuevaalmeria\/files\/2018\/05\/Captura-8-36x20.png 36w, https:\/\/blogsaverroes.juntadeandalucia.es\/ceipnuevaalmeria\/files\/2018\/05\/Captura-8-48x27.png 48w\" sizes=\"(max-width: 856px) 100vw, 856px\" \/><\/td>\n<td style=\"width: 388.182px\">&nbsp;<\/p>\n<h1 class=\"title style-scope ytd-video-primary-info-renderer\">Concierto del cuarteto de cuerda de la OCAL. 2016<\/h1>\n<p><a href=\"https:\/\/www.youtube.com\/watch?v=tWgQY0F7K-I\">https:\/\/www.youtube.com\/watch?v=tWgQY0F7K-I<\/a><\/td>\n<\/tr>\n<tr>\n<td style=\"width: 172.727px\">&nbsp;<img loading=\"lazy\" decoding=\"async\" class=\"alignnone size-full wp-image-9045\" src=\"https:\/\/blogsaverroes.juntadeandalucia.es\/ceipnuevaalmeria\/files\/2018\/05\/Captura-9.png\" alt=\"\" width=\"851\" height=\"475\" srcset=\"https:\/\/blogsaverroes.juntadeandalucia.es\/ceipnuevaalmeria\/files\/2018\/05\/Captura-9.png 851w, https:\/\/blogsaverroes.juntadeandalucia.es\/ceipnuevaalmeria\/files\/2018\/05\/Captura-9-300x167.png 300w, https:\/\/blogsaverroes.juntadeandalucia.es\/ceipnuevaalmeria\/files\/2018\/05\/Captura-9-24x13.png 24w, https:\/\/blogsaverroes.juntadeandalucia.es\/ceipnuevaalmeria\/files\/2018\/05\/Captura-9-36x20.png 36w, https:\/\/blogsaverroes.juntadeandalucia.es\/ceipnuevaalmeria\/files\/2018\/05\/Captura-9-48x27.png 48w\" sizes=\"(max-width: 851px) 100vw, 851px\" \/><\/td>\n<td style=\"width: 388.182px\">\n<h1 class=\"title style-scope ytd-video-primary-info-renderer\">Reportaje de Interalmer\u00eda TV. 2013<\/h1>\n<h5 class=\"title style-scope ytd-video-primary-info-renderer\">Los alumnos del colegio Nueva Almer\u00eda adoptan un \u00e1rbol del Parque Andar\u00e1x<\/h5>\n<p>&nbsp;<a href=\"https:\/\/www.youtube.com\/watch?v=hckaeODqt90\">https:\/\/www.youtube.com\/watch?v=hckaeODqt90<\/a><\/td>\n<\/tr>\n<tr>\n<td style=\"width: 172.727px\">&nbsp;<img loading=\"lazy\" decoding=\"async\" class=\"alignnone size-full wp-image-9046\" src=\"https:\/\/blogsaverroes.juntadeandalucia.es\/ceipnuevaalmeria\/files\/2018\/05\/Captura-10.png\" alt=\"\" width=\"854\" height=\"480\" srcset=\"https:\/\/blogsaverroes.juntadeandalucia.es\/ceipnuevaalmeria\/files\/2018\/05\/Captura-10.png 854w, https:\/\/blogsaverroes.juntadeandalucia.es\/ceipnuevaalmeria\/files\/2018\/05\/Captura-10-300x169.png 300w, https:\/\/blogsaverroes.juntadeandalucia.es\/ceipnuevaalmeria\/files\/2018\/05\/Captura-10-24x13.png 24w, https:\/\/blogsaverroes.juntadeandalucia.es\/ceipnuevaalmeria\/files\/2018\/05\/Captura-10-36x20.png 36w, https:\/\/blogsaverroes.juntadeandalucia.es\/ceipnuevaalmeria\/files\/2018\/05\/Captura-10-48x27.png 48w\" sizes=\"(max-width: 854px) 100vw, 854px\" \/><\/td>\n<td style=\"width: 388.182px\">\n<h1 class=\"title style-scope ytd-video-primary-info-renderer\">Infantil en la Granja escuela \u00abEl Puntalillo\u00bb.2016<\/h1>\n<p><a href=\"https:\/\/www.youtube.com\/watch?v=OmWy9Z-TDVE\">&nbsp;https:\/\/www.youtube.com\/watch?v=OmWy9Z-TDVE<\/a><\/td>\n<\/tr>\n<tr>\n<td style=\"width: 172.727px\">&nbsp;<img loading=\"lazy\" decoding=\"async\" class=\"alignnone size-full wp-image-9047\" src=\"https:\/\/blogsaverroes.juntadeandalucia.es\/ceipnuevaalmeria\/files\/2018\/05\/Captura-11.png\" alt=\"\" width=\"854\" height=\"479\" srcset=\"https:\/\/blogsaverroes.juntadeandalucia.es\/ceipnuevaalmeria\/files\/2018\/05\/Captura-11.png 854w, https:\/\/blogsaverroes.juntadeandalucia.es\/ceipnuevaalmeria\/files\/2018\/05\/Captura-11-300x168.png 300w, https:\/\/blogsaverroes.juntadeandalucia.es\/ceipnuevaalmeria\/files\/2018\/05\/Captura-11-24x13.png 24w, https:\/\/blogsaverroes.juntadeandalucia.es\/ceipnuevaalmeria\/files\/2018\/05\/Captura-11-36x20.png 36w, https:\/\/blogsaverroes.juntadeandalucia.es\/ceipnuevaalmeria\/files\/2018\/05\/Captura-11-48x27.png 48w\" sizes=\"(max-width: 854px) 100vw, 854px\" \/><\/td>\n<td style=\"width: 388.182px\">\n<h1 class=\"title style-scope ytd-video-primary-info-renderer\">M\u00fasica en la UNIVERSIDAD. 2016<\/h1>\n<p><a href=\"https:\/\/www.youtube.com\/watch?v=U1jkaV-mUlY\">&nbsp;https:\/\/www.youtube.com\/watch?v=U1jkaV-mUlY<\/a><\/td>\n<\/tr>\n<tr>\n<td style=\"width: 172.727px\"><img loading=\"lazy\" decoding=\"async\" class=\"alignnone size-full wp-image-9048\" src=\"https:\/\/blogsaverroes.juntadeandalucia.es\/ceipnuevaalmeria\/files\/2018\/05\/Captura-12.png\" alt=\"\" width=\"852\" height=\"483\" srcset=\"https:\/\/blogsaverroes.juntadeandalucia.es\/ceipnuevaalmeria\/files\/2018\/05\/Captura-12.png 852w, https:\/\/blogsaverroes.juntadeandalucia.es\/ceipnuevaalmeria\/files\/2018\/05\/Captura-12-300x170.png 300w, https:\/\/blogsaverroes.juntadeandalucia.es\/ceipnuevaalmeria\/files\/2018\/05\/Captura-12-24x14.png 24w, https:\/\/blogsaverroes.juntadeandalucia.es\/ceipnuevaalmeria\/files\/2018\/05\/Captura-12-36x20.png 36w, https:\/\/blogsaverroes.juntadeandalucia.es\/ceipnuevaalmeria\/files\/2018\/05\/Captura-12-48x27.png 48w\" sizes=\"(max-width: 852px) 100vw, 852px\" \/><\/td>\n<td style=\"width: 388.182px\">\n<h2>Carnaval en familia. 2017<\/h2>\n<p><a href=\"https:\/\/www.youtube.com\/watch?v=zbnNhozxS4A\">https:\/\/www.youtube.com\/watch?v=zbnNhozxS4A<\/a><\/td>\n<\/tr>\n<tr>\n<td style=\"width: 172.727px\">&nbsp;<img loading=\"lazy\" decoding=\"async\" class=\"alignnone size-full wp-image-9049\" src=\"https:\/\/blogsaverroes.juntadeandalucia.es\/ceipnuevaalmeria\/files\/2018\/05\/Captura-13.png\" alt=\"\" width=\"855\" height=\"478\" srcset=\"https:\/\/blogsaverroes.juntadeandalucia.es\/ceipnuevaalmeria\/files\/2018\/05\/Captura-13.png 855w, https:\/\/blogsaverroes.juntadeandalucia.es\/ceipnuevaalmeria\/files\/2018\/05\/Captura-13-300x168.png 300w, https:\/\/blogsaverroes.juntadeandalucia.es\/ceipnuevaalmeria\/files\/2018\/05\/Captura-13-24x13.png 24w, https:\/\/blogsaverroes.juntadeandalucia.es\/ceipnuevaalmeria\/files\/2018\/05\/Captura-13-36x20.png 36w, https:\/\/blogsaverroes.juntadeandalucia.es\/ceipnuevaalmeria\/files\/2018\/05\/Captura-13-48x27.png 48w\" sizes=\"(max-width: 855px) 100vw, 855px\" \/><\/td>\n<td style=\"width: 388.182px\">\n<h2>Taller sobre \u00abEl Principito\u00bb en infantil. 2016.<\/h2>\n<p><a href=\"https:\/\/www.youtube.com\/watch?v=0QkVFQbyR0E\">https:\/\/www.youtube.com\/watch?v=0QkVFQbyR0E<\/a><\/td>\n<\/tr>\n<tr>\n<td style=\"width: 172.727px\">&nbsp;<\/td>\n<td style=\"width: 388.182px\">&nbsp;<\/td>\n<\/tr>\n<\/tbody>\n<\/table>\n","protected":false},"excerpt":{"rendered":"<p>A lo largo de los a\u00f1os, el colegio va dejando un rastro \u00abdigital\u00bb del que todos los que han pasado por aqu\u00ed se sienten orgullosos. Esto es una recopilaci\u00f3n de todos aquellos momentos que&#46;&#46;&#46;<\/p>\n","protected":false},"author":5011,"featured_media":0,"parent":0,"menu_order":0,"comment_status":"closed","ping_status":"closed","template":"","meta":{"ngg_post_thumbnail":0,"footnotes":"","_mc_calendar":[]},"aioseo_notices":[],"_links":{"self":[{"href":"https:\/\/blogsaverroes.juntadeandalucia.es\/ceipnuevaalmeria\/wp-json\/wp\/v2\/pages\/9034"}],"collection":[{"href":"https:\/\/blogsaverroes.juntadeandalucia.es\/ceipnuevaalmeria\/wp-json\/wp\/v2\/pages"}],"about":[{"href":"https:\/\/blogsaverroes.juntadeandalucia.es\/ceipnuevaalmeria\/wp-json\/wp\/v2\/types\/page"}],"author":[{"embeddable":true,"href":"https:\/\/blogsaverroes.juntadeandalucia.es\/ceipnuevaalmeria\/wp-json\/wp\/v2\/users\/5011"}],"replies":[{"embeddable":true,"href":"https:\/\/blogsaverroes.juntadeandalucia.es\/ceipnuevaalmeria\/wp-json\/wp\/v2\/comments?post=9034"}],"version-history":[{"count":16,"href":"https:\/\/blogsaverroes.juntadeandalucia.es\/ceipnuevaalmeria\/wp-json\/wp\/v2\/pages\/9034\/revisions"}],"predecessor-version":[{"id":23412,"href":"https:\/\/blogsaverroes.juntadeandalucia.es\/ceipnuevaalmeria\/wp-json\/wp\/v2\/pages\/9034\/revisions\/23412"}],"wp:attachment":[{"href":"https:\/\/blogsaverroes.juntadeandalucia.es\/ceipnuevaalmeria\/wp-json\/wp\/v2\/media?parent=9034"}],"curies":[{"name":"wp","href":"https:\/\/api.w.org\/{rel}","templated":true}]}}