{"id":2305,"date":"2016-02-15T23:23:28","date_gmt":"2016-02-15T23:23:28","guid":{"rendered":"http:\/\/blogsaverroes.juntadeandalucia.es\/ceipnuevaandalucia\/?page_id=2305"},"modified":"2017-11-26T09:51:31","modified_gmt":"2017-11-26T09:51:31","slug":"consejo-escolar","status":"publish","type":"page","link":"https:\/\/blogsaverroes.juntadeandalucia.es\/ceipnuevaandalucia\/consejo-escolar\/","title":{"rendered":"Consejo Escolar"},"content":{"rendered":"<p style=\"text-align: justify\">Nuestro Consejo Escolar fue constituido en sesi\u00f3n de&nbsp;24 de Noviembre de 2.014, tras las elecciones celebradas en el mes de Noviembre del a\u00f1o 2.014. En la sesi\u00f3n de constituci\u00f3n se formaron las comisiones Permanente y&nbsp; Convivencia.<\/p>\n<p>La composici\u00f3n actual de nuestro Consejo Escolar es la siguiente:<\/p>\n<table style=\"height: 921px\" width=\"708\">\n<tbody>\n<tr>\n<td style=\"width: 18%;text-align: center;vertical-align: middle;background-color: #298223\"><strong>Sector<\/strong><\/td>\n<td style=\"width: 32%;text-align: center;vertical-align: middle;background-color: #298223\"><strong>Nombre<\/strong><\/td>\n<td style=\"width: 15%;text-align: center;vertical-align: middle;background-color: #298223\"><strong>Cargo<\/strong><\/td>\n<td style=\"width: 15%;text-align: center;vertical-align: middle;background-color: #298223\" width=\"43%\"><strong>Comisi\u00f3n a la que pertenece<\/strong><\/td>\n<\/tr>\n<tr>\n<td style=\"width: 18%;vertical-align: middle;text-align: left\">E. Directivo<\/td>\n<td style=\"width: 18%;vertical-align: middle;text-align: left\">Pedro Mart\u00ednez Garc\u00eda<\/td>\n<td style=\"width: 15%;text-align: left;vertical-align: middle\">Presidente<\/td>\n<td style=\"width: 35%;text-align: left;vertical-align: middle\" width=\"43%\">Permanente y Convivencia<\/td>\n<\/tr>\n<tr>\n<td style=\"width: 18%;vertical-align: middle;text-align: left\">E. Directivo<\/td>\n<td style=\"width: 18%;vertical-align: middle;text-align: left\">Pedro G\u00e1mez C\u00e1mara<\/td>\n<td style=\"width: 15%;text-align: left;vertical-align: middle\">Secretario<\/td>\n<td style=\"width: 35%;text-align: left;vertical-align: middle\" width=\"43%\">&nbsp;<\/td>\n<\/tr>\n<tr>\n<td style=\"width: 18%;vertical-align: middle;text-align: left\">E. Directivo<\/td>\n<td style=\"width: 18%;vertical-align: middle;text-align: left\">Juana M\u00aa Reyes Godoy<\/td>\n<td style=\"width: 15%;text-align: left;vertical-align: middle\">Jefa Estudios<\/td>\n<td style=\"width: 35%;text-align: left;vertical-align: middle\" width=\"43%\">Permanente y Convivencia<\/td>\n<\/tr>\n<tr>\n<td style=\"width: 18%;vertical-align: middle;text-align: left\">Maestros\/as<\/td>\n<td style=\"width: 18%;vertical-align: middle;text-align: left\">Mar\u00eda Luc\u00eda Cabrera M\u00e9ndez<\/td>\n<td style=\"width: 15%;text-align: left;vertical-align: middle\">&nbsp;<\/td>\n<td style=\"width: 35%;text-align: left;vertical-align: middle\" width=\"43%\">&nbsp;<\/td>\n<\/tr>\n<tr>\n<td style=\"width: 18%;vertical-align: middle;text-align: left\">Maestros\/as<\/td>\n<td style=\"width: 18%;vertical-align: middle;text-align: left\">Benita I. Campos Alc\u00e1zar<\/td>\n<td style=\"width: 15%;text-align: left;vertical-align: middle\">&nbsp;<\/td>\n<td style=\"width: 35%;text-align: left;vertical-align: middle\" width=\"43%\">&nbsp;<\/td>\n<\/tr>\n<tr>\n<td style=\"width: 18%;vertical-align: middle;text-align: left\">Maestros\/as<\/td>\n<td style=\"width: 18%;vertical-align: middle;text-align: left\">Manuel Moyano Fuentes<\/td>\n<td style=\"width: 15%;text-align: left;vertical-align: middle\">&nbsp;<\/td>\n<td style=\"width: 35%;text-align: left;vertical-align: middle\" width=\"43%\">&nbsp;<\/td>\n<\/tr>\n<tr>\n<td style=\"width: 18%;vertical-align: middle;text-align: left\">Maestros\/as<\/td>\n<td style=\"width: 18%;vertical-align: middle;text-align: left\">Emilia Ortiz Garc\u00eda<\/td>\n<td style=\"width: 15%;text-align: left;vertical-align: middle\">&nbsp;<\/td>\n<td style=\"width: 35%;text-align: left;vertical-align: middle\" width=\"43%\">&nbsp;<\/td>\n<\/tr>\n<tr>\n<td style=\"width: 18%;vertical-align: middle;text-align: left\">Maestros\/as<\/td>\n<td style=\"width: 18%;vertical-align: middle;text-align: left\">M\u00aa Inmaculada P\u00e9rez Jim\u00e9nez<\/td>\n<td style=\"width: 15%;text-align: left;vertical-align: middle\">&nbsp;<\/td>\n<td style=\"width: 35%;text-align: left;vertical-align: middle\" width=\"43%\">&nbsp;<\/td>\n<\/tr>\n<tr>\n<td style=\"width: 18%;vertical-align: middle;text-align: left\">Maestros\/as<\/td>\n<td style=\"width: 18%;vertical-align: middle;text-align: left\">M\u00aa Inmaculada Ponce Delgado<\/td>\n<td style=\"width: 15%;text-align: left;vertical-align: middle\">&nbsp;<\/td>\n<td style=\"width: 35%;text-align: left;vertical-align: middle\" width=\"43%\">&nbsp;<\/td>\n<\/tr>\n<tr>\n<td style=\"width: 18%;vertical-align: middle;text-align: left\">Padres\/madres<\/td>\n<td style=\"width: 18%;vertical-align: middle;text-align: left\">Ana M\u00aa Casas S\u00e1nchez<\/td>\n<td style=\"width: 15%;text-align: left;vertical-align: middle\">&nbsp;<\/td>\n<td style=\"width: 35%;text-align: left;vertical-align: middle\" width=\"43%\">&nbsp;<\/td>\n<\/tr>\n<tr>\n<td style=\"width: 18%;vertical-align: middle;text-align: left\">Padres\/madres<\/td>\n<td style=\"width: 18%;vertical-align: middle;text-align: left\">Seraf\u00edn Fern\u00e1ndez Salazar<\/td>\n<td style=\"width: 15%;text-align: left;vertical-align: middle\">&nbsp;<\/td>\n<td style=\"width: 35%;text-align: left;vertical-align: middle\" width=\"43%\">&nbsp;<\/td>\n<\/tr>\n<tr>\n<td style=\"width: 18%;vertical-align: middle;text-align: left\">Padres\/madres<\/td>\n<td style=\"width: 18%;vertical-align: middle;text-align: left\">M\u00aa \u00c1ngeles Garc\u00eda Garc\u00eda<\/td>\n<td style=\"width: 15%;text-align: left;vertical-align: middle\">&nbsp;<\/td>\n<td style=\"width: 35%;text-align: left;vertical-align: middle\" width=\"43%\">&nbsp;<\/td>\n<\/tr>\n<tr>\n<td style=\"width: 18%;vertical-align: middle;text-align: left\">Padres\/madres<\/td>\n<td style=\"width: 18%;vertical-align: middle;text-align: left\">Vicente Garc\u00eda Garc\u00eda<\/td>\n<td style=\"width: 15%;text-align: left;vertical-align: middle\">&nbsp;<\/td>\n<td style=\"width: 35%;text-align: left;vertical-align: middle\" width=\"43%\">&nbsp;<\/td>\n<\/tr>\n<tr>\n<td style=\"width: 18%;vertical-align: middle;text-align: left\">Padres\/madres<\/td>\n<td style=\"width: 18%;vertical-align: middle;text-align: left\">Concepci\u00f3n Garrido Lechuga<\/td>\n<td style=\"width: 15%;text-align: left;vertical-align: middle\">&nbsp;<\/td>\n<td style=\"width: 35%;text-align: left;vertical-align: middle\" width=\"43%\">&nbsp;<\/td>\n<\/tr>\n<tr>\n<td style=\"width: 18%;vertical-align: middle;text-align: left\">Padres\/madres<\/td>\n<td style=\"width: 18%;vertical-align: middle;text-align: left\">M\u00aa Dolores P\u00e9rez De Luque<\/td>\n<td style=\"width: 15%;text-align: left;vertical-align: middle\">&nbsp;<\/td>\n<td style=\"width: 35%;text-align: left;vertical-align: middle\" width=\"43%\">&nbsp;<\/td>\n<\/tr>\n<tr>\n<td style=\"width: 18%;vertical-align: middle;text-align: left\">Padres\/madres<\/td>\n<td style=\"width: 18%;vertical-align: middle;text-align: left\">Carmela Pulpillo L\u00f3pez<\/td>\n<td style=\"width: 15%;text-align: left;vertical-align: middle\">&nbsp;<\/td>\n<td style=\"width: 35%;text-align: left;vertical-align: middle\" width=\"43%\">&nbsp;<\/td>\n<\/tr>\n<tr>\n<td style=\"width: 18%;vertical-align: middle;text-align: left\">Padres\/madres<\/td>\n<td style=\"width: 18%;vertical-align: middle;text-align: left\">Rafael Jim\u00e9nez Checa<\/td>\n<td style=\"width: 15%;text-align: left;vertical-align: middle\">&nbsp;<\/td>\n<td style=\"width: 35%;text-align: left;vertical-align: middle\" width=\"43%\">&nbsp;<\/td>\n<\/tr>\n<tr>\n<td style=\"width: 18%;vertical-align: middle;text-align: left\">P.A.S<\/td>\n<td style=\"width: 18%;vertical-align: middle;text-align: left\">Catalina Chiclana Parrilla<\/td>\n<td style=\"width: 15%;text-align: left;vertical-align: middle\">&nbsp;<\/td>\n<td style=\"width: 35%;text-align: left;vertical-align: middle\" width=\"43%\">&nbsp;<\/td>\n<\/tr>\n<tr>\n<td style=\"width: 18%;vertical-align: middle;text-align: left\">Ayuntamiento<\/td>\n<td style=\"width: 18%;vertical-align: middle;text-align: left\">Mar\u00eda&nbsp;Rodr\u00edguez Mart\u00ednez<\/td>\n<td style=\"width: 15%;text-align: left;vertical-align: middle\">&nbsp;<\/td>\n<td style=\"width: 35%;text-align: center;vertical-align: middle\" width=\"43%\">&nbsp;<\/td>\n<\/tr>\n<tr>\n<td style=\"width: 18%;vertical-align: middle;text-align: left\">Fomento Igualdad<\/td>\n<td style=\"width: 18%;vertical-align: middle;text-align: left\">Jaime S\u00e1nchez M\u00e1rquez<\/td>\n<td style=\"width: 15%;text-align: left;vertical-align: middle\">&nbsp;<\/td>\n<td style=\"width: 35%;text-align: center;vertical-align: middle\" width=\"43%\">&nbsp;<\/td>\n<\/tr>\n<\/tbody>\n<\/table>\n<p><a href=\"http:\/\/blogsaverroes.juntadeandalucia.es\/ceipnuevaandalucia\/files\/2016\/02\/DSC_3423.jpg\"><img loading=\"lazy\" decoding=\"async\" class=\"aligncenter size-large wp-image-2311\" src=\"http:\/\/blogsaverroes.juntadeandalucia.es\/ceipnuevaandalucia\/files\/2016\/02\/DSC_3423-1024x576.jpg\" alt=\"DSC_3423\" width=\"660\" height=\"371\" srcset=\"https:\/\/blogsaverroes.juntadeandalucia.es\/ceipnuevaandalucia\/files\/2016\/02\/DSC_3423-1024x576.jpg 1024w, https:\/\/blogsaverroes.juntadeandalucia.es\/ceipnuevaandalucia\/files\/2016\/02\/DSC_3423-300x169.jpg 300w, https:\/\/blogsaverroes.juntadeandalucia.es\/ceipnuevaandalucia\/files\/2016\/02\/DSC_3423-700x393.jpg 700w\" sizes=\"(max-width: 660px) 100vw, 660px\" \/><\/a><\/p>\n","protected":false},"excerpt":{"rendered":"<p>Nuestro Consejo Escolar fue constituido en sesi\u00f3n de&nbsp;24 de Noviembre de 2.014, tras las elecciones celebradas en el mes de Noviembre del a\u00f1o 2.014. En la sesi\u00f3n de constituci\u00f3n se formaron las comisiones Permanente&#46;&#46;&#46;<\/p>\n","protected":false},"author":2765,"featured_media":0,"parent":0,"menu_order":0,"comment_status":"open","ping_status":"open","template":"","meta":{"ngg_post_thumbnail":0,"footnotes":"","_mc_calendar":[]},"aioseo_notices":[],"_links":{"self":[{"href":"https:\/\/blogsaverroes.juntadeandalucia.es\/ceipnuevaandalucia\/wp-json\/wp\/v2\/pages\/2305"}],"collection":[{"href":"https:\/\/blogsaverroes.juntadeandalucia.es\/ceipnuevaandalucia\/wp-json\/wp\/v2\/pages"}],"about":[{"href":"https:\/\/blogsaverroes.juntadeandalucia.es\/ceipnuevaandalucia\/wp-json\/wp\/v2\/types\/page"}],"author":[{"embeddable":true,"href":"https:\/\/blogsaverroes.juntadeandalucia.es\/ceipnuevaandalucia\/wp-json\/wp\/v2\/users\/2765"}],"replies":[{"embeddable":true,"href":"https:\/\/blogsaverroes.juntadeandalucia.es\/ceipnuevaandalucia\/wp-json\/wp\/v2\/comments?post=2305"}],"version-history":[{"count":15,"href":"https:\/\/blogsaverroes.juntadeandalucia.es\/ceipnuevaandalucia\/wp-json\/wp\/v2\/pages\/2305\/revisions"}],"predecessor-version":[{"id":2335,"href":"https:\/\/blogsaverroes.juntadeandalucia.es\/ceipnuevaandalucia\/wp-json\/wp\/v2\/pages\/2305\/revisions\/2335"}],"wp:attachment":[{"href":"https:\/\/blogsaverroes.juntadeandalucia.es\/ceipnuevaandalucia\/wp-json\/wp\/v2\/media?parent=2305"}],"curies":[{"name":"wp","href":"https:\/\/api.w.org\/{rel}","templated":true}]}}