{"id":141,"date":"2015-03-17T07:13:24","date_gmt":"2015-03-17T07:13:24","guid":{"rendered":"http:\/\/blogsaverroes.juntadeandalucia.es\/pre\/ceip\/?page_id=141"},"modified":"2024-11-07T09:33:30","modified_gmt":"2024-11-07T09:33:30","slug":"escolarizacion","status":"publish","type":"page","link":"https:\/\/blogsaverroes.juntadeandalucia.es\/ceipparquenuevagranada\/escolarizacion\/","title":{"rendered":"Escolarizaci\u00f3n"},"content":{"rendered":"<h1><a href=\"https:\/\/blogsaverroes.juntadeandalucia.es\/ceipparquenuevagranada\/files\/2021\/02\/CENTRO-BILINGUE.png\"><img loading=\"lazy\" decoding=\"async\" class=\" wp-image-4912 aligncenter\" src=\"https:\/\/blogsaverroes.juntadeandalucia.es\/ceipparquenuevagranada\/files\/2021\/02\/CENTRO-BILINGUE-300x88.png\" alt=\"\" width=\"301\" height=\"98\"><\/a> ESCOLARIZACI\u00d3N PARA EL CURSO 2025-2026<strong> El periodo de admisi\u00f3n, del nuevo alumnado para el curso 2025-2026, comprender\u00e1 desde el 1 al 31 de marzo<\/strong><\/h1>\n<p><strong>Entre los d\u00edas 1 y 31 de marzo <\/strong>, ambos inclusive, permanecer\u00e1 abierto en Andaluc\u00eda el plazo para la presentaci\u00f3n de solicitudes de admisi\u00f3n correspondientes al curso escolar 2025\/26.&nbsp; Se inicia de este modo el proceso de escolarizaci\u00f3n en el que participan todos los ni\u00f1os y ni\u00f1as que se incorporan por primera vez al sistema educativo, as\u00ed como el alumnado que cambie de centro escolar.<\/p>\n<p>En el<a href=\"https:\/\/portales.ced.junta-andalucia.es\/educacion\/portales\/web\/escolarizacion\"> Portal de Escolarizaci\u00f3n de la Junta de Andaluc\u00eda tiene toda la informaci\u00f3<\/a>n. Pinche <a href=\"https:\/\/portales.ced.junta-andalucia.es\/educacion\/portales\/web\/escolarizacion\">aqu\u00ed.<\/a><\/p>\n<p><a href=\"https:\/\/portales.ced.junta-andalucia.es\/educacion\/portales\/documents\/100629\/669352\/Anexo%20III\/16050806-cd1f-89da-678f-001bb54aab73?version=1.0\">IMPRESOS<\/a><\/p>\n<p>Toda la documentaci\u00f3n que se necesita acompa\u00f1ar a la solicitud de admisi\u00f3n viene detalladas en las instrucciones del impreso.<\/p>\n","protected":false},"excerpt":{"rendered":"<p>ESCOLARIZACI\u00d3N PARA EL CURSO 2025-2026 El periodo de admisi\u00f3n, del nuevo alumnado para el curso 2025-2026, comprender\u00e1 desde el 1 al 31 de marzo Entre&hellip;<\/p>\n","protected":false},"author":1,"featured_media":0,"parent":0,"menu_order":0,"comment_status":"closed","ping_status":"open","template":"","meta":{"ngg_post_thumbnail":0,"footnotes":"","_mc_calendar":[]},"aioseo_notices":[],"_links":{"self":[{"href":"https:\/\/blogsaverroes.juntadeandalucia.es\/ceipparquenuevagranada\/wp-json\/wp\/v2\/pages\/141"}],"collection":[{"href":"https:\/\/blogsaverroes.juntadeandalucia.es\/ceipparquenuevagranada\/wp-json\/wp\/v2\/pages"}],"about":[{"href":"https:\/\/blogsaverroes.juntadeandalucia.es\/ceipparquenuevagranada\/wp-json\/wp\/v2\/types\/page"}],"author":[{"embeddable":true,"href":"https:\/\/blogsaverroes.juntadeandalucia.es\/ceipparquenuevagranada\/wp-json\/wp\/v2\/users\/1"}],"replies":[{"embeddable":true,"href":"https:\/\/blogsaverroes.juntadeandalucia.es\/ceipparquenuevagranada\/wp-json\/wp\/v2\/comments?post=141"}],"version-history":[{"count":22,"href":"https:\/\/blogsaverroes.juntadeandalucia.es\/ceipparquenuevagranada\/wp-json\/wp\/v2\/pages\/141\/revisions"}],"predecessor-version":[{"id":7354,"href":"https:\/\/blogsaverroes.juntadeandalucia.es\/ceipparquenuevagranada\/wp-json\/wp\/v2\/pages\/141\/revisions\/7354"}],"wp:attachment":[{"href":"https:\/\/blogsaverroes.juntadeandalucia.es\/ceipparquenuevagranada\/wp-json\/wp\/v2\/media?parent=141"}],"curies":[{"name":"wp","href":"https:\/\/api.w.org\/{rel}","templated":true}]}}