{"id":2621,"date":"2018-11-06T19:36:31","date_gmt":"2018-11-06T19:36:31","guid":{"rendered":"https:\/\/blogsaverroes.juntadeandalucia.es\/ceipperezacevedo\/?page_id=2621"},"modified":"2024-06-19T22:16:52","modified_gmt":"2024-06-19T20:16:52","slug":"actividades-y-efemerides","status":"publish","type":"page","link":"https:\/\/blogsaverroes.juntadeandalucia.es\/ceipperezacevedo\/actividades-y-efemerides\/","title":{"rendered":"ACTIVIDADES Y EFEM\u00c9RIDES"},"content":{"rendered":"<h1 align=\"center\"><span style=\"margin: 0px;color: #0070c0;line-height: 115%;font-family: 'MV Boli';font-size: 14pt\">Aqu\u00ed puedes ver todas las actividades complementarias que realizamos en nuestro cole<\/span>.<\/h1>\n<h1 align=\"center\"><strong>CURSO 24\/25<\/strong><\/h1>\n<h1 align=\"center\">&nbsp;<\/h1>\n<h1 align=\"center\">&nbsp;<\/h1>\n<h1 align=\"center\">&nbsp;<\/h1>\n<h1 align=\"center\">&nbsp;<\/h1>\n<h1 align=\"center\">&nbsp;<\/h1>\n<h1 align=\"center\">&nbsp;<\/h1>\n<h1 align=\"center\">&nbsp;<\/h1>\n<h1 align=\"center\">&nbsp;<\/h1>\n<h1 align=\"center\">&nbsp;<\/h1>\n<h1 align=\"center\"><span style=\"color: #f00a0a\"><strong>CURSO 23-24<\/strong><\/span><\/h1>\n<p>&nbsp;<\/p>\n<p style=\"text-align: justify\"><strong style=\"font-family: Oswald, sans-serif;font-size: 36px;letter-spacing: 1px\"><span style=\"color: #ff6600\">CELEBRACI\u00d3N DEL D\u00cdA DE HALLOWEEN<\/span><\/strong><\/p>\n<p><span style=\"color: #000000\">El d\u00eda 31 de octubre celebramos HALLOWEEN en nuestro colegio.<\/span><\/p>\n<p>&nbsp;<\/p>\n<p><img loading=\"lazy\" decoding=\"async\" class=\"aligncenter size-full wp-image-8557\" src=\"https:\/\/blogsaverroes.juntadeandalucia.es\/ceipperezacevedo\/files\/2023\/11\/Halloween-1.jpg\" alt=\"\" width=\"1600\" height=\"900\" srcset=\"https:\/\/blogsaverroes.juntadeandalucia.es\/ceipperezacevedo\/files\/2023\/11\/Halloween-1.jpg 1600w, https:\/\/blogsaverroes.juntadeandalucia.es\/ceipperezacevedo\/files\/2023\/11\/Halloween-1-300x169.jpg 300w, https:\/\/blogsaverroes.juntadeandalucia.es\/ceipperezacevedo\/files\/2023\/11\/Halloween-1-1024x576.jpg 1024w, https:\/\/blogsaverroes.juntadeandalucia.es\/ceipperezacevedo\/files\/2023\/11\/Halloween-1-768x432.jpg 768w, https:\/\/blogsaverroes.juntadeandalucia.es\/ceipperezacevedo\/files\/2023\/11\/Halloween-1-1536x864.jpg 1536w, https:\/\/blogsaverroes.juntadeandalucia.es\/ceipperezacevedo\/files\/2023\/11\/Halloween-1-700x393.jpg 700w\" sizes=\"(max-width: 1600px) 100vw, 1600px\" \/><\/p>\n<p><img loading=\"lazy\" decoding=\"async\" class=\"aligncenter size-full wp-image-8558\" src=\"https:\/\/blogsaverroes.juntadeandalucia.es\/ceipperezacevedo\/files\/2023\/11\/Halloween-3.jpg\" alt=\"\" width=\"1024\" height=\"768\" srcset=\"https:\/\/blogsaverroes.juntadeandalucia.es\/ceipperezacevedo\/files\/2023\/11\/Halloween-3.jpg 1024w, https:\/\/blogsaverroes.juntadeandalucia.es\/ceipperezacevedo\/files\/2023\/11\/Halloween-3-300x225.jpg 300w, https:\/\/blogsaverroes.juntadeandalucia.es\/ceipperezacevedo\/files\/2023\/11\/Halloween-3-768x576.jpg 768w, https:\/\/blogsaverroes.juntadeandalucia.es\/ceipperezacevedo\/files\/2023\/11\/Halloween-3-700x525.jpg 700w\" sizes=\"(max-width: 1024px) 100vw, 1024px\" \/><\/p>\n<p><img loading=\"lazy\" decoding=\"async\" class=\"aligncenter size-full wp-image-8559\" src=\"https:\/\/blogsaverroes.juntadeandalucia.es\/ceipperezacevedo\/files\/2023\/11\/Halloween-2.jpg\" alt=\"\" width=\"1200\" height=\"1600\" srcset=\"https:\/\/blogsaverroes.juntadeandalucia.es\/ceipperezacevedo\/files\/2023\/11\/Halloween-2.jpg 1200w, https:\/\/blogsaverroes.juntadeandalucia.es\/ceipperezacevedo\/files\/2023\/11\/Halloween-2-225x300.jpg 225w, https:\/\/blogsaverroes.juntadeandalucia.es\/ceipperezacevedo\/files\/2023\/11\/Halloween-2-768x1024.jpg 768w, https:\/\/blogsaverroes.juntadeandalucia.es\/ceipperezacevedo\/files\/2023\/11\/Halloween-2-1152x1536.jpg 1152w, https:\/\/blogsaverroes.juntadeandalucia.es\/ceipperezacevedo\/files\/2023\/11\/Halloween-2-700x933.jpg 700w\" sizes=\"(max-width: 1200px) 100vw, 1200px\" \/><\/p>\n<p><img loading=\"lazy\" decoding=\"async\" class=\"aligncenter size-full wp-image-8560\" src=\"https:\/\/blogsaverroes.juntadeandalucia.es\/ceipperezacevedo\/files\/2023\/11\/Halloween-4.jpg\" alt=\"\" width=\"480\" height=\"640\" srcset=\"https:\/\/blogsaverroes.juntadeandalucia.es\/ceipperezacevedo\/files\/2023\/11\/Halloween-4.jpg 480w, https:\/\/blogsaverroes.juntadeandalucia.es\/ceipperezacevedo\/files\/2023\/11\/Halloween-4-225x300.jpg 225w\" sizes=\"(max-width: 480px) 100vw, 480px\" \/><\/p>\n<p><a href=\"https:\/\/youtube.com\/shorts\/v8wFpfSeuGc\">Video realizado por el AMPA. Pintacaras para nuestro alumnado. Pincha dentro para ver el video.<\/a><\/p>\n<p>&nbsp;<\/p>\n<p><strong><span style=\"color: #0000ff\">VISITA A LA EXPOSICI\u00d3N \u00abSONIDO INVISIBLE\u00bb. FIGURAS GEOM\u00c9TRICAS.<\/span><\/strong><\/p>\n<p>El alumnado de 5 a\u00f1os hasta 6\u00ba de Ed. Primaria han visitado la exposici\u00f3n \u00abSonido invisible\u00bb de figuras geom\u00e9tricas.&nbsp;<\/p>\n<p><img loading=\"lazy\" decoding=\"async\" class=\"aligncenter size-full wp-image-8546\" src=\"https:\/\/blogsaverroes.juntadeandalucia.es\/ceipperezacevedo\/files\/2023\/11\/Foto-2.jpg\" alt=\"\" width=\"768\" height=\"1024\" srcset=\"https:\/\/blogsaverroes.juntadeandalucia.es\/ceipperezacevedo\/files\/2023\/11\/Foto-2.jpg 768w, https:\/\/blogsaverroes.juntadeandalucia.es\/ceipperezacevedo\/files\/2023\/11\/Foto-2-225x300.jpg 225w, https:\/\/blogsaverroes.juntadeandalucia.es\/ceipperezacevedo\/files\/2023\/11\/Foto-2-700x933.jpg 700w\" sizes=\"(max-width: 768px) 100vw, 768px\" \/><img loading=\"lazy\" decoding=\"async\" class=\"aligncenter size-full wp-image-8545\" src=\"https:\/\/blogsaverroes.juntadeandalucia.es\/ceipperezacevedo\/files\/2023\/11\/Foto-1.jpg\" alt=\"\" width=\"1024\" height=\"768\" srcset=\"https:\/\/blogsaverroes.juntadeandalucia.es\/ceipperezacevedo\/files\/2023\/11\/Foto-1.jpg 1024w, https:\/\/blogsaverroes.juntadeandalucia.es\/ceipperezacevedo\/files\/2023\/11\/Foto-1-300x225.jpg 300w, https:\/\/blogsaverroes.juntadeandalucia.es\/ceipperezacevedo\/files\/2023\/11\/Foto-1-768x576.jpg 768w, https:\/\/blogsaverroes.juntadeandalucia.es\/ceipperezacevedo\/files\/2023\/11\/Foto-1-700x525.jpg 700w\" sizes=\"(max-width: 1024px) 100vw, 1024px\" \/><\/p>\n<p>Nuestro alumnado realizo murales en la misma exposici\u00f3n.<\/p>\n<p><img loading=\"lazy\" decoding=\"async\" class=\"aligncenter size-full wp-image-8548\" src=\"https:\/\/blogsaverroes.juntadeandalucia.es\/ceipperezacevedo\/files\/2023\/11\/Geometr\u00eda-1.jpg\" alt=\"\" width=\"640\" height=\"272\" srcset=\"https:\/\/blogsaverroes.juntadeandalucia.es\/ceipperezacevedo\/files\/2023\/11\/Geometr\u00eda-1.jpg 640w, https:\/\/blogsaverroes.juntadeandalucia.es\/ceipperezacevedo\/files\/2023\/11\/Geometr\u00eda-1-300x128.jpg 300w\" sizes=\"(max-width: 640px) 100vw, 640px\" \/><\/p>\n<p><img loading=\"lazy\" decoding=\"async\" class=\"aligncenter size-full wp-image-8549\" src=\"https:\/\/blogsaverroes.juntadeandalucia.es\/ceipperezacevedo\/files\/2023\/11\/Geometr\u00eda-2.jpg\" alt=\"\" width=\"640\" height=\"301\" srcset=\"https:\/\/blogsaverroes.juntadeandalucia.es\/ceipperezacevedo\/files\/2023\/11\/Geometr\u00eda-2.jpg 640w, https:\/\/blogsaverroes.juntadeandalucia.es\/ceipperezacevedo\/files\/2023\/11\/Geometr\u00eda-2-300x141.jpg 300w\" sizes=\"(max-width: 640px) 100vw, 640px\" \/><\/p>\n<p><img loading=\"lazy\" decoding=\"async\" class=\"aligncenter size-full wp-image-8550\" src=\"https:\/\/blogsaverroes.juntadeandalucia.es\/ceipperezacevedo\/files\/2023\/11\/Geometr\u00eda-3.jpg\" alt=\"\" width=\"640\" height=\"319\" srcset=\"https:\/\/blogsaverroes.juntadeandalucia.es\/ceipperezacevedo\/files\/2023\/11\/Geometr\u00eda-3.jpg 640w, https:\/\/blogsaverroes.juntadeandalucia.es\/ceipperezacevedo\/files\/2023\/11\/Geometr\u00eda-3-300x150.jpg 300w\" sizes=\"(max-width: 640px) 100vw, 640px\" \/><\/p>\n<p><img loading=\"lazy\" decoding=\"async\" class=\"aligncenter size-full wp-image-8551\" src=\"https:\/\/blogsaverroes.juntadeandalucia.es\/ceipperezacevedo\/files\/2023\/11\/Geometr\u00eda-4.jpg\" alt=\"\" width=\"640\" height=\"199\" srcset=\"https:\/\/blogsaverroes.juntadeandalucia.es\/ceipperezacevedo\/files\/2023\/11\/Geometr\u00eda-4.jpg 640w, https:\/\/blogsaverroes.juntadeandalucia.es\/ceipperezacevedo\/files\/2023\/11\/Geometr\u00eda-4-300x93.jpg 300w\" sizes=\"(max-width: 640px) 100vw, 640px\" \/><\/p>\n<h1>&nbsp;<\/h1>\n<h1 style=\"text-align: center\"><strong><span style=\"color: #000080\">Conoce a tu Polic\u00eda<\/span><\/strong><\/h1>\n<p>Desde la Polic\u00eda Municipal de Lepe, est\u00e1n impartiendo la campa\u00f1a \u00abConoce a tu Polic\u00eda\u00bb a todos los centros educativos de la Localidad. Va dirigido al alumnado de 5 a\u00f1os.<\/p>\n<p>Este lunes. 22 de mayo, estuvieron en nuestro centro. Nuestro alumnado se lo pasaron estupendamente y disfrutaron much\u00edsimo.<\/p>\n<p><img loading=\"lazy\" decoding=\"async\" class=\"aligncenter size-medium wp-image-8510\" src=\"https:\/\/blogsaverroes.juntadeandalucia.es\/ceipperezacevedo\/files\/2023\/05\/Policia-1-300x171.jpg\" alt=\"\" width=\"300\" height=\"171\" srcset=\"https:\/\/blogsaverroes.juntadeandalucia.es\/ceipperezacevedo\/files\/2023\/05\/Policia-1-300x171.jpg 300w, https:\/\/blogsaverroes.juntadeandalucia.es\/ceipperezacevedo\/files\/2023\/05\/Policia-1-1024x585.jpg 1024w, https:\/\/blogsaverroes.juntadeandalucia.es\/ceipperezacevedo\/files\/2023\/05\/Policia-1-768x439.jpg 768w, https:\/\/blogsaverroes.juntadeandalucia.es\/ceipperezacevedo\/files\/2023\/05\/Policia-1-700x400.jpg 700w, https:\/\/blogsaverroes.juntadeandalucia.es\/ceipperezacevedo\/files\/2023\/05\/Policia-1.jpg 1050w\" sizes=\"(max-width: 300px) 100vw, 300px\" \/> <img loading=\"lazy\" decoding=\"async\" class=\"aligncenter size-medium wp-image-8514\" src=\"https:\/\/blogsaverroes.juntadeandalucia.es\/ceipperezacevedo\/files\/2023\/05\/Policia-5-300x135.jpg\" alt=\"\" width=\"300\" height=\"135\" srcset=\"https:\/\/blogsaverroes.juntadeandalucia.es\/ceipperezacevedo\/files\/2023\/05\/Policia-5-300x135.jpg 300w, https:\/\/blogsaverroes.juntadeandalucia.es\/ceipperezacevedo\/files\/2023\/05\/Policia-5-1024x461.jpg 1024w, https:\/\/blogsaverroes.juntadeandalucia.es\/ceipperezacevedo\/files\/2023\/05\/Policia-5-768x346.jpg 768w, https:\/\/blogsaverroes.juntadeandalucia.es\/ceipperezacevedo\/files\/2023\/05\/Policia-5-1536x691.jpg 1536w, https:\/\/blogsaverroes.juntadeandalucia.es\/ceipperezacevedo\/files\/2023\/05\/Policia-5-700x315.jpg 700w, https:\/\/blogsaverroes.juntadeandalucia.es\/ceipperezacevedo\/files\/2023\/05\/Policia-5.jpg 1600w\" sizes=\"(max-width: 300px) 100vw, 300px\" \/> <img loading=\"lazy\" decoding=\"async\" class=\"aligncenter size-medium wp-image-8513\" src=\"https:\/\/blogsaverroes.juntadeandalucia.es\/ceipperezacevedo\/files\/2023\/05\/Policia-4-300x135.jpg\" alt=\"\" width=\"300\" height=\"135\" srcset=\"https:\/\/blogsaverroes.juntadeandalucia.es\/ceipperezacevedo\/files\/2023\/05\/Policia-4-300x135.jpg 300w, https:\/\/blogsaverroes.juntadeandalucia.es\/ceipperezacevedo\/files\/2023\/05\/Policia-4-1024x461.jpg 1024w, https:\/\/blogsaverroes.juntadeandalucia.es\/ceipperezacevedo\/files\/2023\/05\/Policia-4-768x346.jpg 768w, https:\/\/blogsaverroes.juntadeandalucia.es\/ceipperezacevedo\/files\/2023\/05\/Policia-4-1536x691.jpg 1536w, https:\/\/blogsaverroes.juntadeandalucia.es\/ceipperezacevedo\/files\/2023\/05\/Policia-4-700x315.jpg 700w, https:\/\/blogsaverroes.juntadeandalucia.es\/ceipperezacevedo\/files\/2023\/05\/Policia-4.jpg 1600w\" sizes=\"(max-width: 300px) 100vw, 300px\" \/> <img loading=\"lazy\" decoding=\"async\" class=\"aligncenter size-medium wp-image-8512\" src=\"https:\/\/blogsaverroes.juntadeandalucia.es\/ceipperezacevedo\/files\/2023\/05\/policia-3-225x300.jpg\" alt=\"\" width=\"225\" height=\"300\" srcset=\"https:\/\/blogsaverroes.juntadeandalucia.es\/ceipperezacevedo\/files\/2023\/05\/policia-3-225x300.jpg 225w, https:\/\/blogsaverroes.juntadeandalucia.es\/ceipperezacevedo\/files\/2023\/05\/policia-3-700x933.jpg 700w, https:\/\/blogsaverroes.juntadeandalucia.es\/ceipperezacevedo\/files\/2023\/05\/policia-3.jpg 768w\" sizes=\"(max-width: 225px) 100vw, 225px\" \/> <img loading=\"lazy\" decoding=\"async\" class=\"aligncenter size-medium wp-image-8511\" src=\"https:\/\/blogsaverroes.juntadeandalucia.es\/ceipperezacevedo\/files\/2023\/05\/Policia-2-225x300.jpg\" alt=\"\" width=\"225\" height=\"300\" srcset=\"https:\/\/blogsaverroes.juntadeandalucia.es\/ceipperezacevedo\/files\/2023\/05\/Policia-2-225x300.jpg 225w, https:\/\/blogsaverroes.juntadeandalucia.es\/ceipperezacevedo\/files\/2023\/05\/Policia-2-700x933.jpg 700w, https:\/\/blogsaverroes.juntadeandalucia.es\/ceipperezacevedo\/files\/2023\/05\/Policia-2.jpg 768w\" sizes=\"(max-width: 225px) 100vw, 225px\" \/><\/p>\n<h1>&nbsp;<\/h1>\n<h1 style=\"text-align: center\"><span style=\"color: #0000ff\"><strong>23 de abril. D\u00eda Internacional del Libro.<\/strong><\/span><\/h1>\n<p>El d\u00eda 23 de abril, se celebra el D\u00eda Internacional del Libro, la fecha en la que falleci\u00f3 Cervantes. El objetivo es fomentar la lectura de nuestro alumnado.<\/p>\n<h1><img loading=\"lazy\" decoding=\"async\" class=\"aligncenter size-medium wp-image-8501\" src=\"https:\/\/blogsaverroes.juntadeandalucia.es\/ceipperezacevedo\/files\/2023\/05\/D\u00eda-del-libro.-300x300.jpg\" alt=\"\" width=\"300\" height=\"300\" srcset=\"https:\/\/blogsaverroes.juntadeandalucia.es\/ceipperezacevedo\/files\/2023\/05\/D\u00eda-del-libro.-300x300.jpg 300w, https:\/\/blogsaverroes.juntadeandalucia.es\/ceipperezacevedo\/files\/2023\/05\/D\u00eda-del-libro.-1024x1024.jpg 1024w, https:\/\/blogsaverroes.juntadeandalucia.es\/ceipperezacevedo\/files\/2023\/05\/D\u00eda-del-libro.-150x150.jpg 150w, https:\/\/blogsaverroes.juntadeandalucia.es\/ceipperezacevedo\/files\/2023\/05\/D\u00eda-del-libro.-768x768.jpg 768w, https:\/\/blogsaverroes.juntadeandalucia.es\/ceipperezacevedo\/files\/2023\/05\/D\u00eda-del-libro.-1536x1536.jpg 1536w, https:\/\/blogsaverroes.juntadeandalucia.es\/ceipperezacevedo\/files\/2023\/05\/D\u00eda-del-libro.-2048x2048.jpg 2048w, https:\/\/blogsaverroes.juntadeandalucia.es\/ceipperezacevedo\/files\/2023\/05\/D\u00eda-del-libro.-432x432.jpg 432w, https:\/\/blogsaverroes.juntadeandalucia.es\/ceipperezacevedo\/files\/2023\/05\/D\u00eda-del-libro.-268x268.jpg 268w, https:\/\/blogsaverroes.juntadeandalucia.es\/ceipperezacevedo\/files\/2023\/05\/D\u00eda-del-libro.-700x700.jpg 700w, https:\/\/blogsaverroes.juntadeandalucia.es\/ceipperezacevedo\/files\/2023\/05\/D\u00eda-del-libro..jpg 1600w\" sizes=\"(max-width: 300px) 100vw, 300px\" \/><\/h1>\n<h1><img loading=\"lazy\" decoding=\"async\" class=\"aligncenter size-medium wp-image-8502\" src=\"https:\/\/blogsaverroes.juntadeandalucia.es\/ceipperezacevedo\/files\/2023\/05\/D\u00eda-del-Libro-1-300x225.jpg\" alt=\"\" width=\"300\" height=\"225\" srcset=\"https:\/\/blogsaverroes.juntadeandalucia.es\/ceipperezacevedo\/files\/2023\/05\/D\u00eda-del-Libro-1-300x225.jpg 300w, https:\/\/blogsaverroes.juntadeandalucia.es\/ceipperezacevedo\/files\/2023\/05\/D\u00eda-del-Libro-1-1024x768.jpg 1024w, https:\/\/blogsaverroes.juntadeandalucia.es\/ceipperezacevedo\/files\/2023\/05\/D\u00eda-del-Libro-1-768x576.jpg 768w, https:\/\/blogsaverroes.juntadeandalucia.es\/ceipperezacevedo\/files\/2023\/05\/D\u00eda-del-Libro-1-1536x1152.jpg 1536w, https:\/\/blogsaverroes.juntadeandalucia.es\/ceipperezacevedo\/files\/2023\/05\/D\u00eda-del-Libro-1-700x525.jpg 700w, https:\/\/blogsaverroes.juntadeandalucia.es\/ceipperezacevedo\/files\/2023\/05\/D\u00eda-del-Libro-1.jpg 1600w\" sizes=\"(max-width: 300px) 100vw, 300px\" \/><\/h1>\n<h1><img loading=\"lazy\" decoding=\"async\" class=\"aligncenter size-medium wp-image-8503\" src=\"https:\/\/blogsaverroes.juntadeandalucia.es\/ceipperezacevedo\/files\/2023\/05\/D\u00eda-del-Libro-2-300x225.jpg\" alt=\"\" width=\"300\" height=\"225\" srcset=\"https:\/\/blogsaverroes.juntadeandalucia.es\/ceipperezacevedo\/files\/2023\/05\/D\u00eda-del-Libro-2-300x225.jpg 300w, https:\/\/blogsaverroes.juntadeandalucia.es\/ceipperezacevedo\/files\/2023\/05\/D\u00eda-del-Libro-2-1024x768.jpg 1024w, https:\/\/blogsaverroes.juntadeandalucia.es\/ceipperezacevedo\/files\/2023\/05\/D\u00eda-del-Libro-2-768x576.jpg 768w, https:\/\/blogsaverroes.juntadeandalucia.es\/ceipperezacevedo\/files\/2023\/05\/D\u00eda-del-Libro-2-1536x1152.jpg 1536w, https:\/\/blogsaverroes.juntadeandalucia.es\/ceipperezacevedo\/files\/2023\/05\/D\u00eda-del-Libro-2-700x525.jpg 700w, https:\/\/blogsaverroes.juntadeandalucia.es\/ceipperezacevedo\/files\/2023\/05\/D\u00eda-del-Libro-2.jpg 1600w\" sizes=\"(max-width: 300px) 100vw, 300px\" \/> <img loading=\"lazy\" decoding=\"async\" class=\"aligncenter size-medium wp-image-8504\" src=\"https:\/\/blogsaverroes.juntadeandalucia.es\/ceipperezacevedo\/files\/2023\/05\/D\u00eda-del-Libro-3-300x225.jpg\" alt=\"\" width=\"300\" height=\"225\" srcset=\"https:\/\/blogsaverroes.juntadeandalucia.es\/ceipperezacevedo\/files\/2023\/05\/D\u00eda-del-Libro-3-300x225.jpg 300w, https:\/\/blogsaverroes.juntadeandalucia.es\/ceipperezacevedo\/files\/2023\/05\/D\u00eda-del-Libro-3-1024x768.jpg 1024w, https:\/\/blogsaverroes.juntadeandalucia.es\/ceipperezacevedo\/files\/2023\/05\/D\u00eda-del-Libro-3-768x576.jpg 768w, https:\/\/blogsaverroes.juntadeandalucia.es\/ceipperezacevedo\/files\/2023\/05\/D\u00eda-del-Libro-3-1536x1152.jpg 1536w, https:\/\/blogsaverroes.juntadeandalucia.es\/ceipperezacevedo\/files\/2023\/05\/D\u00eda-del-Libro-3-700x525.jpg 700w, https:\/\/blogsaverroes.juntadeandalucia.es\/ceipperezacevedo\/files\/2023\/05\/D\u00eda-del-Libro-3.jpg 1600w\" sizes=\"(max-width: 300px) 100vw, 300px\" \/> <img loading=\"lazy\" decoding=\"async\" class=\"aligncenter size-medium wp-image-8505\" src=\"https:\/\/blogsaverroes.juntadeandalucia.es\/ceipperezacevedo\/files\/2023\/05\/D\u00eda-del-libro-4-225x300.jpg\" alt=\"\" width=\"225\" height=\"300\" srcset=\"https:\/\/blogsaverroes.juntadeandalucia.es\/ceipperezacevedo\/files\/2023\/05\/D\u00eda-del-libro-4-225x300.jpg 225w, https:\/\/blogsaverroes.juntadeandalucia.es\/ceipperezacevedo\/files\/2023\/05\/D\u00eda-del-libro-4-768x1024.jpg 768w, https:\/\/blogsaverroes.juntadeandalucia.es\/ceipperezacevedo\/files\/2023\/05\/D\u00eda-del-libro-4-1152x1536.jpg 1152w, https:\/\/blogsaverroes.juntadeandalucia.es\/ceipperezacevedo\/files\/2023\/05\/D\u00eda-del-libro-4-700x933.jpg 700w, https:\/\/blogsaverroes.juntadeandalucia.es\/ceipperezacevedo\/files\/2023\/05\/D\u00eda-del-libro-4.jpg 1200w\" sizes=\"(max-width: 225px) 100vw, 225px\" \/><\/h1>\n<h1 style=\"text-align: center\"><span style=\"color: #008000\"><strong>VISITA DEL ALUMNADO DE 5A\u00d1OS A LA GALERIA DE JOHN HOLLAND.<\/strong><\/span><\/h1>\n<p><img loading=\"lazy\" decoding=\"async\" class=\"aligncenter size-medium wp-image-8494\" src=\"https:\/\/blogsaverroes.juntadeandalucia.es\/ceipperezacevedo\/files\/2023\/04\/1-300x225.jpg\" alt=\"\" width=\"300\" height=\"225\" srcset=\"https:\/\/blogsaverroes.juntadeandalucia.es\/ceipperezacevedo\/files\/2023\/04\/1-300x225.jpg 300w, https:\/\/blogsaverroes.juntadeandalucia.es\/ceipperezacevedo\/files\/2023\/04\/1-1024x768.jpg 1024w, https:\/\/blogsaverroes.juntadeandalucia.es\/ceipperezacevedo\/files\/2023\/04\/1-768x576.jpg 768w, https:\/\/blogsaverroes.juntadeandalucia.es\/ceipperezacevedo\/files\/2023\/04\/1-1536x1152.jpg 1536w, https:\/\/blogsaverroes.juntadeandalucia.es\/ceipperezacevedo\/files\/2023\/04\/1-700x525.jpg 700w, https:\/\/blogsaverroes.juntadeandalucia.es\/ceipperezacevedo\/files\/2023\/04\/1.jpg 1600w\" sizes=\"(max-width: 300px) 100vw, 300px\" \/> <img loading=\"lazy\" decoding=\"async\" class=\"aligncenter size-medium wp-image-8495\" src=\"https:\/\/blogsaverroes.juntadeandalucia.es\/ceipperezacevedo\/files\/2023\/04\/2-300x225.jpg\" alt=\"\" width=\"300\" height=\"225\" srcset=\"https:\/\/blogsaverroes.juntadeandalucia.es\/ceipperezacevedo\/files\/2023\/04\/2-300x225.jpg 300w, https:\/\/blogsaverroes.juntadeandalucia.es\/ceipperezacevedo\/files\/2023\/04\/2-1024x768.jpg 1024w, https:\/\/blogsaverroes.juntadeandalucia.es\/ceipperezacevedo\/files\/2023\/04\/2-768x576.jpg 768w, https:\/\/blogsaverroes.juntadeandalucia.es\/ceipperezacevedo\/files\/2023\/04\/2-1536x1152.jpg 1536w, https:\/\/blogsaverroes.juntadeandalucia.es\/ceipperezacevedo\/files\/2023\/04\/2-700x525.jpg 700w, https:\/\/blogsaverroes.juntadeandalucia.es\/ceipperezacevedo\/files\/2023\/04\/2.jpg 1600w\" sizes=\"(max-width: 300px) 100vw, 300px\" \/> <img loading=\"lazy\" decoding=\"async\" class=\"aligncenter size-medium wp-image-8496\" src=\"https:\/\/blogsaverroes.juntadeandalucia.es\/ceipperezacevedo\/files\/2023\/04\/3-225x300.jpg\" alt=\"\" width=\"225\" height=\"300\" srcset=\"https:\/\/blogsaverroes.juntadeandalucia.es\/ceipperezacevedo\/files\/2023\/04\/3-225x300.jpg 225w, https:\/\/blogsaverroes.juntadeandalucia.es\/ceipperezacevedo\/files\/2023\/04\/3-768x1024.jpg 768w, https:\/\/blogsaverroes.juntadeandalucia.es\/ceipperezacevedo\/files\/2023\/04\/3-1152x1536.jpg 1152w, https:\/\/blogsaverroes.juntadeandalucia.es\/ceipperezacevedo\/files\/2023\/04\/3-700x933.jpg 700w, https:\/\/blogsaverroes.juntadeandalucia.es\/ceipperezacevedo\/files\/2023\/04\/3.jpg 1200w\" sizes=\"(max-width: 225px) 100vw, 225px\" \/> <img loading=\"lazy\" decoding=\"async\" class=\"aligncenter size-medium wp-image-8497\" src=\"https:\/\/blogsaverroes.juntadeandalucia.es\/ceipperezacevedo\/files\/2023\/04\/4-225x300.jpg\" alt=\"\" width=\"225\" height=\"300\" srcset=\"https:\/\/blogsaverroes.juntadeandalucia.es\/ceipperezacevedo\/files\/2023\/04\/4-225x300.jpg 225w, https:\/\/blogsaverroes.juntadeandalucia.es\/ceipperezacevedo\/files\/2023\/04\/4-768x1024.jpg 768w, https:\/\/blogsaverroes.juntadeandalucia.es\/ceipperezacevedo\/files\/2023\/04\/4-1152x1536.jpg 1152w, https:\/\/blogsaverroes.juntadeandalucia.es\/ceipperezacevedo\/files\/2023\/04\/4-700x933.jpg 700w, https:\/\/blogsaverroes.juntadeandalucia.es\/ceipperezacevedo\/files\/2023\/04\/4.jpg 1200w\" sizes=\"(max-width: 225px) 100vw, 225px\" \/> <img loading=\"lazy\" decoding=\"async\" class=\"aligncenter size-medium wp-image-8498\" src=\"https:\/\/blogsaverroes.juntadeandalucia.es\/ceipperezacevedo\/files\/2023\/04\/5-225x300.jpg\" alt=\"\" width=\"225\" height=\"300\" srcset=\"https:\/\/blogsaverroes.juntadeandalucia.es\/ceipperezacevedo\/files\/2023\/04\/5-225x300.jpg 225w, https:\/\/blogsaverroes.juntadeandalucia.es\/ceipperezacevedo\/files\/2023\/04\/5-768x1024.jpg 768w, https:\/\/blogsaverroes.juntadeandalucia.es\/ceipperezacevedo\/files\/2023\/04\/5-1152x1536.jpg 1152w, https:\/\/blogsaverroes.juntadeandalucia.es\/ceipperezacevedo\/files\/2023\/04\/5-700x933.jpg 700w, https:\/\/blogsaverroes.juntadeandalucia.es\/ceipperezacevedo\/files\/2023\/04\/5.jpg 1200w\" sizes=\"(max-width: 225px) 100vw, 225px\" \/><\/p>\n<h1 style=\"text-align: center\"><strong><span style=\"color: #cc99ff\">8 DE MARZO. D\u00cdA INTERNACIONAL DE LA MUJER<\/span><\/strong><\/h1>\n<p>Hoy se ha conmemorado el 8M en nuestro centro, con murales con el lema \u00ab<strong>Puedo ser lo que me d\u00e9 la gana de ser\u00bb, \u00ab\u00bfIgualdad Real?\u00bb y \u00ab\u00a1Hagamos visibles a las mujeres!\u00bb<\/strong><\/p>\n<p>En este d\u00eda el alumnado ha venido con algo de color lila y ha&nbsp; rellenado los murales.<\/p>\n<p><img loading=\"lazy\" decoding=\"async\" class=\"aligncenter size-medium wp-image-8489\" src=\"https:\/\/blogsaverroes.juntadeandalucia.es\/ceipperezacevedo\/files\/2023\/03\/8-DE-MARZO-2.-300x111.jpg\" alt=\"\" width=\"300\" height=\"111\" srcset=\"https:\/\/blogsaverroes.juntadeandalucia.es\/ceipperezacevedo\/files\/2023\/03\/8-DE-MARZO-2.-300x111.jpg 300w, https:\/\/blogsaverroes.juntadeandalucia.es\/ceipperezacevedo\/files\/2023\/03\/8-DE-MARZO-2.-1024x379.jpg 1024w, https:\/\/blogsaverroes.juntadeandalucia.es\/ceipperezacevedo\/files\/2023\/03\/8-DE-MARZO-2.-768x285.jpg 768w, https:\/\/blogsaverroes.juntadeandalucia.es\/ceipperezacevedo\/files\/2023\/03\/8-DE-MARZO-2.-1536x569.jpg 1536w, https:\/\/blogsaverroes.juntadeandalucia.es\/ceipperezacevedo\/files\/2023\/03\/8-DE-MARZO-2.-700x259.jpg 700w, https:\/\/blogsaverroes.juntadeandalucia.es\/ceipperezacevedo\/files\/2023\/03\/8-DE-MARZO-2.-600x220.jpg 600w, https:\/\/blogsaverroes.juntadeandalucia.es\/ceipperezacevedo\/files\/2023\/03\/8-DE-MARZO-2..jpg 1600w\" sizes=\"(max-width: 300px) 100vw, 300px\" \/><\/p>\n<h1><img loading=\"lazy\" decoding=\"async\" class=\"aligncenter size-medium wp-image-8490\" src=\"https:\/\/blogsaverroes.juntadeandalucia.es\/ceipperezacevedo\/files\/2023\/03\/8-DE-MARZO-1.-300x148.jpg\" alt=\"\" width=\"300\" height=\"148\" srcset=\"https:\/\/blogsaverroes.juntadeandalucia.es\/ceipperezacevedo\/files\/2023\/03\/8-DE-MARZO-1.-300x148.jpg 300w, https:\/\/blogsaverroes.juntadeandalucia.es\/ceipperezacevedo\/files\/2023\/03\/8-DE-MARZO-1.-1024x504.jpg 1024w, https:\/\/blogsaverroes.juntadeandalucia.es\/ceipperezacevedo\/files\/2023\/03\/8-DE-MARZO-1.-768x378.jpg 768w, https:\/\/blogsaverroes.juntadeandalucia.es\/ceipperezacevedo\/files\/2023\/03\/8-DE-MARZO-1.-1536x757.jpg 1536w, https:\/\/blogsaverroes.juntadeandalucia.es\/ceipperezacevedo\/files\/2023\/03\/8-DE-MARZO-1.-700x345.jpg 700w, https:\/\/blogsaverroes.juntadeandalucia.es\/ceipperezacevedo\/files\/2023\/03\/8-DE-MARZO-1..jpg 1600w\" sizes=\"(max-width: 300px) 100vw, 300px\" \/><img loading=\"lazy\" decoding=\"async\" class=\"aligncenter size-medium wp-image-8491\" src=\"https:\/\/blogsaverroes.juntadeandalucia.es\/ceipperezacevedo\/files\/2023\/03\/8M-3-300x139.jpg\" alt=\"\" width=\"300\" height=\"139\" srcset=\"https:\/\/blogsaverroes.juntadeandalucia.es\/ceipperezacevedo\/files\/2023\/03\/8M-3-300x139.jpg 300w, https:\/\/blogsaverroes.juntadeandalucia.es\/ceipperezacevedo\/files\/2023\/03\/8M-3-1024x474.jpg 1024w, https:\/\/blogsaverroes.juntadeandalucia.es\/ceipperezacevedo\/files\/2023\/03\/8M-3-768x356.jpg 768w, https:\/\/blogsaverroes.juntadeandalucia.es\/ceipperezacevedo\/files\/2023\/03\/8M-3-1536x712.jpg 1536w, https:\/\/blogsaverroes.juntadeandalucia.es\/ceipperezacevedo\/files\/2023\/03\/8M-3-700x324.jpg 700w, https:\/\/blogsaverroes.juntadeandalucia.es\/ceipperezacevedo\/files\/2023\/03\/8M-3.jpg 1600w\" sizes=\"(max-width: 300px) 100vw, 300px\" \/><\/h1>\n<h1>&nbsp;<\/h1>\n<h1 style=\"text-align: center\"><strong><span style=\"color: #0000ff\">ESCOLARIZACI\u00d3N<\/span><\/strong><span style=\"color: #000000\"><img loading=\"lazy\" decoding=\"async\" class=\"aligncenter size-medium wp-image-8481\" src=\"https:\/\/blogsaverroes.juntadeandalucia.es\/ceipperezacevedo\/files\/2023\/03\/ceip.-rodrigo-p\u00e9rez-de-acevedo_page-0001-300x300.jpg\" alt=\"\" width=\"300\" height=\"300\" srcset=\"https:\/\/blogsaverroes.juntadeandalucia.es\/ceipperezacevedo\/files\/2023\/03\/ceip.-rodrigo-p\u00e9rez-de-acevedo_page-0001-300x300.jpg 300w, https:\/\/blogsaverroes.juntadeandalucia.es\/ceipperezacevedo\/files\/2023\/03\/ceip.-rodrigo-p\u00e9rez-de-acevedo_page-0001-1024x1024.jpg 1024w, https:\/\/blogsaverroes.juntadeandalucia.es\/ceipperezacevedo\/files\/2023\/03\/ceip.-rodrigo-p\u00e9rez-de-acevedo_page-0001-150x150.jpg 150w, https:\/\/blogsaverroes.juntadeandalucia.es\/ceipperezacevedo\/files\/2023\/03\/ceip.-rodrigo-p\u00e9rez-de-acevedo_page-0001-768x768.jpg 768w, https:\/\/blogsaverroes.juntadeandalucia.es\/ceipperezacevedo\/files\/2023\/03\/ceip.-rodrigo-p\u00e9rez-de-acevedo_page-0001-1536x1536.jpg 1536w, https:\/\/blogsaverroes.juntadeandalucia.es\/ceipperezacevedo\/files\/2023\/03\/ceip.-rodrigo-p\u00e9rez-de-acevedo_page-0001-432x432.jpg 432w, https:\/\/blogsaverroes.juntadeandalucia.es\/ceipperezacevedo\/files\/2023\/03\/ceip.-rodrigo-p\u00e9rez-de-acevedo_page-0001-268x268.jpg 268w, https:\/\/blogsaverroes.juntadeandalucia.es\/ceipperezacevedo\/files\/2023\/03\/ceip.-rodrigo-p\u00e9rez-de-acevedo_page-0001-700x700.jpg 700w, https:\/\/blogsaverroes.juntadeandalucia.es\/ceipperezacevedo\/files\/2023\/03\/ceip.-rodrigo-p\u00e9rez-de-acevedo_page-0001.jpg 1563w\" sizes=\"(max-width: 300px) 100vw, 300px\" \/><\/span><\/h1>\n<h1 style=\"text-align: center\"><span style=\"color: #ff0000\"><strong>SAN VALENT\u00cdN. 14 DE FEBRERO.<\/strong><\/span><\/h1>\n<p style=\"text-align: center\">Con motivo del D\u00eda de San Valent\u00edn, las familias de infantil han mandado una nota con un mensaje cari\u00f1oso y positivo a sus hijos e hijas.<\/p>\n<h1><img loading=\"lazy\" decoding=\"async\" class=\"aligncenter size-medium wp-image-8455\" src=\"https:\/\/blogsaverroes.juntadeandalucia.es\/ceipperezacevedo\/files\/2023\/02\/SAN-VALENT\u00cdN-300x225.jpg\" alt=\"\" width=\"300\" height=\"225\" srcset=\"https:\/\/blogsaverroes.juntadeandalucia.es\/ceipperezacevedo\/files\/2023\/02\/SAN-VALENT\u00cdN-300x225.jpg 300w, https:\/\/blogsaverroes.juntadeandalucia.es\/ceipperezacevedo\/files\/2023\/02\/SAN-VALENT\u00cdN.jpg 640w\" sizes=\"(max-width: 300px) 100vw, 300px\" \/><\/h1>\n<h1 style=\"text-align: center\"><span style=\"color: #00ccff\"><strong>30 DE ENERO D\u00cdA DE LA PAZ<\/strong><\/span><\/h1>\n<p>El 30 de enero de 1948 fue asesinado el activista y abogado indio Mahatma Gandhi, quien luch\u00f3 por los derechos humanos con m\u00e9todos de resistencia pac\u00edfica y promoviendo la no violencia. Por ese motivo, cada 30 de enero, se celebra el D\u00eda Escolar de la NO violencia y la Paz.<\/p>\n<p><img loading=\"lazy\" decoding=\"async\" class=\"aligncenter size-medium wp-image-8445\" src=\"https:\/\/blogsaverroes.juntadeandalucia.es\/ceipperezacevedo\/files\/2023\/01\/Paz-1-300x225.jpg\" alt=\"\" width=\"300\" height=\"225\" srcset=\"https:\/\/blogsaverroes.juntadeandalucia.es\/ceipperezacevedo\/files\/2023\/01\/Paz-1-300x225.jpg 300w, https:\/\/blogsaverroes.juntadeandalucia.es\/ceipperezacevedo\/files\/2023\/01\/Paz-1-1024x768.jpg 1024w, https:\/\/blogsaverroes.juntadeandalucia.es\/ceipperezacevedo\/files\/2023\/01\/Paz-1-768x576.jpg 768w, https:\/\/blogsaverroes.juntadeandalucia.es\/ceipperezacevedo\/files\/2023\/01\/Paz-1-1536x1152.jpg 1536w, https:\/\/blogsaverroes.juntadeandalucia.es\/ceipperezacevedo\/files\/2023\/01\/Paz-1-700x525.jpg 700w, https:\/\/blogsaverroes.juntadeandalucia.es\/ceipperezacevedo\/files\/2023\/01\/Paz-1.jpg 1600w\" sizes=\"(max-width: 300px) 100vw, 300px\" \/> <img loading=\"lazy\" decoding=\"async\" class=\"aligncenter size-medium wp-image-8449\" src=\"https:\/\/blogsaverroes.juntadeandalucia.es\/ceipperezacevedo\/files\/2023\/01\/Paz-5.-225x300.jpg\" alt=\"\" width=\"225\" height=\"300\" srcset=\"https:\/\/blogsaverroes.juntadeandalucia.es\/ceipperezacevedo\/files\/2023\/01\/Paz-5.-225x300.jpg 225w, https:\/\/blogsaverroes.juntadeandalucia.es\/ceipperezacevedo\/files\/2023\/01\/Paz-5.-768x1024.jpg 768w, https:\/\/blogsaverroes.juntadeandalucia.es\/ceipperezacevedo\/files\/2023\/01\/Paz-5.-1152x1536.jpg 1152w, https:\/\/blogsaverroes.juntadeandalucia.es\/ceipperezacevedo\/files\/2023\/01\/Paz-5.-700x933.jpg 700w, https:\/\/blogsaverroes.juntadeandalucia.es\/ceipperezacevedo\/files\/2023\/01\/Paz-5..jpg 1200w\" sizes=\"(max-width: 225px) 100vw, 225px\" \/> <img loading=\"lazy\" decoding=\"async\" class=\"aligncenter size-medium wp-image-8448\" src=\"https:\/\/blogsaverroes.juntadeandalucia.es\/ceipperezacevedo\/files\/2023\/01\/Paz-4-225x300.jpg\" alt=\"\" width=\"225\" height=\"300\" srcset=\"https:\/\/blogsaverroes.juntadeandalucia.es\/ceipperezacevedo\/files\/2023\/01\/Paz-4-225x300.jpg 225w, https:\/\/blogsaverroes.juntadeandalucia.es\/ceipperezacevedo\/files\/2023\/01\/Paz-4-768x1024.jpg 768w, https:\/\/blogsaverroes.juntadeandalucia.es\/ceipperezacevedo\/files\/2023\/01\/Paz-4-1152x1536.jpg 1152w, https:\/\/blogsaverroes.juntadeandalucia.es\/ceipperezacevedo\/files\/2023\/01\/Paz-4-700x933.jpg 700w, https:\/\/blogsaverroes.juntadeandalucia.es\/ceipperezacevedo\/files\/2023\/01\/Paz-4.jpg 1200w\" sizes=\"(max-width: 225px) 100vw, 225px\" \/> <img loading=\"lazy\" decoding=\"async\" class=\"aligncenter size-medium wp-image-8447\" src=\"https:\/\/blogsaverroes.juntadeandalucia.es\/ceipperezacevedo\/files\/2023\/01\/Paz-3-300x225.jpg\" alt=\"\" width=\"300\" height=\"225\" srcset=\"https:\/\/blogsaverroes.juntadeandalucia.es\/ceipperezacevedo\/files\/2023\/01\/Paz-3-300x225.jpg 300w, https:\/\/blogsaverroes.juntadeandalucia.es\/ceipperezacevedo\/files\/2023\/01\/Paz-3-1024x768.jpg 1024w, https:\/\/blogsaverroes.juntadeandalucia.es\/ceipperezacevedo\/files\/2023\/01\/Paz-3-768x576.jpg 768w, https:\/\/blogsaverroes.juntadeandalucia.es\/ceipperezacevedo\/files\/2023\/01\/Paz-3-1536x1152.jpg 1536w, https:\/\/blogsaverroes.juntadeandalucia.es\/ceipperezacevedo\/files\/2023\/01\/Paz-3-700x525.jpg 700w, https:\/\/blogsaverroes.juntadeandalucia.es\/ceipperezacevedo\/files\/2023\/01\/Paz-3.jpg 1600w\" sizes=\"(max-width: 300px) 100vw, 300px\" \/> <img loading=\"lazy\" decoding=\"async\" class=\"aligncenter size-medium wp-image-8446\" src=\"https:\/\/blogsaverroes.juntadeandalucia.es\/ceipperezacevedo\/files\/2023\/01\/Paz-2-300x225.jpg\" alt=\"\" width=\"300\" height=\"225\" srcset=\"https:\/\/blogsaverroes.juntadeandalucia.es\/ceipperezacevedo\/files\/2023\/01\/Paz-2-300x225.jpg 300w, https:\/\/blogsaverroes.juntadeandalucia.es\/ceipperezacevedo\/files\/2023\/01\/Paz-2-1024x768.jpg 1024w, https:\/\/blogsaverroes.juntadeandalucia.es\/ceipperezacevedo\/files\/2023\/01\/Paz-2-768x576.jpg 768w, https:\/\/blogsaverroes.juntadeandalucia.es\/ceipperezacevedo\/files\/2023\/01\/Paz-2-1536x1152.jpg 1536w, https:\/\/blogsaverroes.juntadeandalucia.es\/ceipperezacevedo\/files\/2023\/01\/Paz-2-700x525.jpg 700w, https:\/\/blogsaverroes.juntadeandalucia.es\/ceipperezacevedo\/files\/2023\/01\/Paz-2.jpg 1600w\" sizes=\"(max-width: 300px) 100vw, 300px\" \/><\/p>\n<h2><span style=\"color: #cc99ff\"><strong>25 DE NOVIEMBRE: D\u00cdA INTERNACIONAL CONTRA LA VIOLENCIA DE G\u00c9NERO.<\/strong><\/span><\/h2>\n<h3><span style=\"color: #008000\"><strong><br \/>\n<img loading=\"lazy\" decoding=\"async\" class=\"aligncenter wp-image-8427 size-full\" src=\"https:\/\/blogsaverroes.juntadeandalucia.es\/ceipperezacevedo\/files\/2022\/11\/Cartel-2_page-0001.jpg\" alt=\"\" width=\"1130\" height=\"1600\" srcset=\"https:\/\/blogsaverroes.juntadeandalucia.es\/ceipperezacevedo\/files\/2022\/11\/Cartel-2_page-0001.jpg 1130w, https:\/\/blogsaverroes.juntadeandalucia.es\/ceipperezacevedo\/files\/2022\/11\/Cartel-2_page-0001-212x300.jpg 212w, https:\/\/blogsaverroes.juntadeandalucia.es\/ceipperezacevedo\/files\/2022\/11\/Cartel-2_page-0001-724x1024.jpg 724w, https:\/\/blogsaverroes.juntadeandalucia.es\/ceipperezacevedo\/files\/2022\/11\/Cartel-2_page-0001-768x1087.jpg 768w, https:\/\/blogsaverroes.juntadeandalucia.es\/ceipperezacevedo\/files\/2022\/11\/Cartel-2_page-0001-1085x1536.jpg 1085w, https:\/\/blogsaverroes.juntadeandalucia.es\/ceipperezacevedo\/files\/2022\/11\/Cartel-2_page-0001-700x991.jpg 700w\" sizes=\"(max-width: 1130px) 100vw, 1130px\" \/><\/strong><\/span><\/h3>\n<h3><img loading=\"lazy\" decoding=\"async\" class=\"aligncenter size-medium wp-image-8431\" src=\"https:\/\/blogsaverroes.juntadeandalucia.es\/ceipperezacevedo\/files\/2022\/12\/1-239x300.jpg\" alt=\"\" width=\"239\" height=\"300\" srcset=\"https:\/\/blogsaverroes.juntadeandalucia.es\/ceipperezacevedo\/files\/2022\/12\/1-239x300.jpg 239w, https:\/\/blogsaverroes.juntadeandalucia.es\/ceipperezacevedo\/files\/2022\/12\/1-815x1024.jpg 815w, https:\/\/blogsaverroes.juntadeandalucia.es\/ceipperezacevedo\/files\/2022\/12\/1-768x965.jpg 768w, https:\/\/blogsaverroes.juntadeandalucia.es\/ceipperezacevedo\/files\/2022\/12\/1-1222x1536.jpg 1222w, https:\/\/blogsaverroes.juntadeandalucia.es\/ceipperezacevedo\/files\/2022\/12\/1-700x880.jpg 700w, https:\/\/blogsaverroes.juntadeandalucia.es\/ceipperezacevedo\/files\/2022\/12\/1.jpg 1273w\" sizes=\"(max-width: 239px) 100vw, 239px\" \/><\/h3>\n<p><img loading=\"lazy\" decoding=\"async\" class=\"aligncenter size-medium wp-image-8432\" src=\"https:\/\/blogsaverroes.juntadeandalucia.es\/ceipperezacevedo\/files\/2022\/12\/2-225x300.jpg\" alt=\"\" width=\"225\" height=\"300\" srcset=\"https:\/\/blogsaverroes.juntadeandalucia.es\/ceipperezacevedo\/files\/2022\/12\/2-225x300.jpg 225w, https:\/\/blogsaverroes.juntadeandalucia.es\/ceipperezacevedo\/files\/2022\/12\/2-768x1024.jpg 768w, https:\/\/blogsaverroes.juntadeandalucia.es\/ceipperezacevedo\/files\/2022\/12\/2-1152x1536.jpg 1152w, https:\/\/blogsaverroes.juntadeandalucia.es\/ceipperezacevedo\/files\/2022\/12\/2-700x933.jpg 700w, https:\/\/blogsaverroes.juntadeandalucia.es\/ceipperezacevedo\/files\/2022\/12\/2.jpg 1200w\" sizes=\"(max-width: 225px) 100vw, 225px\" \/><\/p>\n<p><img loading=\"lazy\" decoding=\"async\" class=\"aligncenter size-medium wp-image-8433\" src=\"https:\/\/blogsaverroes.juntadeandalucia.es\/ceipperezacevedo\/files\/2022\/12\/20221125_135026-300x225.jpg\" alt=\"\" width=\"300\" height=\"225\" srcset=\"https:\/\/blogsaverroes.juntadeandalucia.es\/ceipperezacevedo\/files\/2022\/12\/20221125_135026-300x225.jpg 300w, https:\/\/blogsaverroes.juntadeandalucia.es\/ceipperezacevedo\/files\/2022\/12\/20221125_135026-1024x768.jpg 1024w, https:\/\/blogsaverroes.juntadeandalucia.es\/ceipperezacevedo\/files\/2022\/12\/20221125_135026-768x576.jpg 768w, https:\/\/blogsaverroes.juntadeandalucia.es\/ceipperezacevedo\/files\/2022\/12\/20221125_135026-1536x1152.jpg 1536w, https:\/\/blogsaverroes.juntadeandalucia.es\/ceipperezacevedo\/files\/2022\/12\/20221125_135026-2048x1536.jpg 2048w, https:\/\/blogsaverroes.juntadeandalucia.es\/ceipperezacevedo\/files\/2022\/12\/20221125_135026-700x525.jpg 700w, https:\/\/blogsaverroes.juntadeandalucia.es\/ceipperezacevedo\/files\/2022\/12\/20221125_135026-scaled.jpg 1600w\" sizes=\"(max-width: 300px) 100vw, 300px\" \/> <img loading=\"lazy\" decoding=\"async\" class=\"aligncenter size-medium wp-image-8434\" src=\"https:\/\/blogsaverroes.juntadeandalucia.es\/ceipperezacevedo\/files\/2022\/12\/20221125_135118-300x225.jpg\" alt=\"\" width=\"300\" height=\"225\" srcset=\"https:\/\/blogsaverroes.juntadeandalucia.es\/ceipperezacevedo\/files\/2022\/12\/20221125_135118-300x225.jpg 300w, https:\/\/blogsaverroes.juntadeandalucia.es\/ceipperezacevedo\/files\/2022\/12\/20221125_135118-1024x768.jpg 1024w, https:\/\/blogsaverroes.juntadeandalucia.es\/ceipperezacevedo\/files\/2022\/12\/20221125_135118-768x576.jpg 768w, https:\/\/blogsaverroes.juntadeandalucia.es\/ceipperezacevedo\/files\/2022\/12\/20221125_135118-1536x1152.jpg 1536w, https:\/\/blogsaverroes.juntadeandalucia.es\/ceipperezacevedo\/files\/2022\/12\/20221125_135118-2048x1536.jpg 2048w, https:\/\/blogsaverroes.juntadeandalucia.es\/ceipperezacevedo\/files\/2022\/12\/20221125_135118-700x525.jpg 700w, https:\/\/blogsaverroes.juntadeandalucia.es\/ceipperezacevedo\/files\/2022\/12\/20221125_135118-scaled.jpg 1600w\" sizes=\"(max-width: 300px) 100vw, 300px\" \/> <img loading=\"lazy\" decoding=\"async\" class=\"aligncenter size-medium wp-image-8435\" src=\"https:\/\/blogsaverroes.juntadeandalucia.es\/ceipperezacevedo\/files\/2022\/12\/20221125_140520-300x225.jpg\" alt=\"\" width=\"300\" height=\"225\" srcset=\"https:\/\/blogsaverroes.juntadeandalucia.es\/ceipperezacevedo\/files\/2022\/12\/20221125_140520-300x225.jpg 300w, https:\/\/blogsaverroes.juntadeandalucia.es\/ceipperezacevedo\/files\/2022\/12\/20221125_140520-1024x768.jpg 1024w, https:\/\/blogsaverroes.juntadeandalucia.es\/ceipperezacevedo\/files\/2022\/12\/20221125_140520-768x576.jpg 768w, https:\/\/blogsaverroes.juntadeandalucia.es\/ceipperezacevedo\/files\/2022\/12\/20221125_140520-1536x1152.jpg 1536w, https:\/\/blogsaverroes.juntadeandalucia.es\/ceipperezacevedo\/files\/2022\/12\/20221125_140520-2048x1536.jpg 2048w, https:\/\/blogsaverroes.juntadeandalucia.es\/ceipperezacevedo\/files\/2022\/12\/20221125_140520-700x525.jpg 700w, https:\/\/blogsaverroes.juntadeandalucia.es\/ceipperezacevedo\/files\/2022\/12\/20221125_140520-scaled.jpg 1600w\" sizes=\"(max-width: 300px) 100vw, 300px\" \/> <img loading=\"lazy\" decoding=\"async\" class=\"aligncenter size-medium wp-image-8436\" src=\"https:\/\/blogsaverroes.juntadeandalucia.es\/ceipperezacevedo\/files\/2022\/12\/20221125_140542-300x225.jpg\" alt=\"\" width=\"300\" height=\"225\" srcset=\"https:\/\/blogsaverroes.juntadeandalucia.es\/ceipperezacevedo\/files\/2022\/12\/20221125_140542-300x225.jpg 300w, https:\/\/blogsaverroes.juntadeandalucia.es\/ceipperezacevedo\/files\/2022\/12\/20221125_140542-1024x768.jpg 1024w, https:\/\/blogsaverroes.juntadeandalucia.es\/ceipperezacevedo\/files\/2022\/12\/20221125_140542-768x576.jpg 768w, https:\/\/blogsaverroes.juntadeandalucia.es\/ceipperezacevedo\/files\/2022\/12\/20221125_140542-1536x1152.jpg 1536w, https:\/\/blogsaverroes.juntadeandalucia.es\/ceipperezacevedo\/files\/2022\/12\/20221125_140542-2048x1536.jpg 2048w, https:\/\/blogsaverroes.juntadeandalucia.es\/ceipperezacevedo\/files\/2022\/12\/20221125_140542-700x525.jpg 700w, https:\/\/blogsaverroes.juntadeandalucia.es\/ceipperezacevedo\/files\/2022\/12\/20221125_140542-scaled.jpg 1600w\" sizes=\"(max-width: 300px) 100vw, 300px\" \/><\/p>\n<h3><strong>16 de noviembre<\/strong><\/h3>\n<h3><span style=\"color: #008000\"><strong>D\u00cdA DEL FLAMENCO<\/strong><\/span><\/h3>\n<p><img loading=\"lazy\" decoding=\"async\" class=\"aligncenter size-medium wp-image-8413\" src=\"https:\/\/blogsaverroes.juntadeandalucia.es\/ceipperezacevedo\/files\/2022\/11\/1-1-300x300.jpg\" alt=\"\" width=\"300\" height=\"300\" srcset=\"https:\/\/blogsaverroes.juntadeandalucia.es\/ceipperezacevedo\/files\/2022\/11\/1-1-300x300.jpg 300w, https:\/\/blogsaverroes.juntadeandalucia.es\/ceipperezacevedo\/files\/2022\/11\/1-1-1024x1024.jpg 1024w, https:\/\/blogsaverroes.juntadeandalucia.es\/ceipperezacevedo\/files\/2022\/11\/1-1-150x150.jpg 150w, https:\/\/blogsaverroes.juntadeandalucia.es\/ceipperezacevedo\/files\/2022\/11\/1-1-768x768.jpg 768w, https:\/\/blogsaverroes.juntadeandalucia.es\/ceipperezacevedo\/files\/2022\/11\/1-1-432x432.jpg 432w, https:\/\/blogsaverroes.juntadeandalucia.es\/ceipperezacevedo\/files\/2022\/11\/1-1-268x268.jpg 268w, https:\/\/blogsaverroes.juntadeandalucia.es\/ceipperezacevedo\/files\/2022\/11\/1-1-700x700.jpg 700w, https:\/\/blogsaverroes.juntadeandalucia.es\/ceipperezacevedo\/files\/2022\/11\/1-1.jpg 1080w\" sizes=\"(max-width: 300px) 100vw, 300px\" \/> <img loading=\"lazy\" decoding=\"async\" class=\"aligncenter size-medium wp-image-8414\" src=\"https:\/\/blogsaverroes.juntadeandalucia.es\/ceipperezacevedo\/files\/2022\/11\/2-1-300x300.jpg\" alt=\"\" width=\"300\" height=\"300\" srcset=\"https:\/\/blogsaverroes.juntadeandalucia.es\/ceipperezacevedo\/files\/2022\/11\/2-1-300x300.jpg 300w, https:\/\/blogsaverroes.juntadeandalucia.es\/ceipperezacevedo\/files\/2022\/11\/2-1-1024x1024.jpg 1024w, https:\/\/blogsaverroes.juntadeandalucia.es\/ceipperezacevedo\/files\/2022\/11\/2-1-150x150.jpg 150w, https:\/\/blogsaverroes.juntadeandalucia.es\/ceipperezacevedo\/files\/2022\/11\/2-1-768x768.jpg 768w, https:\/\/blogsaverroes.juntadeandalucia.es\/ceipperezacevedo\/files\/2022\/11\/2-1-432x432.jpg 432w, https:\/\/blogsaverroes.juntadeandalucia.es\/ceipperezacevedo\/files\/2022\/11\/2-1-268x268.jpg 268w, https:\/\/blogsaverroes.juntadeandalucia.es\/ceipperezacevedo\/files\/2022\/11\/2-1-700x700.jpg 700w, https:\/\/blogsaverroes.juntadeandalucia.es\/ceipperezacevedo\/files\/2022\/11\/2-1.jpg 1080w\" sizes=\"(max-width: 300px) 100vw, 300px\" \/> <img loading=\"lazy\" decoding=\"async\" class=\"aligncenter size-medium wp-image-8415\" src=\"https:\/\/blogsaverroes.juntadeandalucia.es\/ceipperezacevedo\/files\/2022\/11\/3-1-300x300.jpg\" alt=\"\" width=\"300\" height=\"300\" srcset=\"https:\/\/blogsaverroes.juntadeandalucia.es\/ceipperezacevedo\/files\/2022\/11\/3-1-300x300.jpg 300w, https:\/\/blogsaverroes.juntadeandalucia.es\/ceipperezacevedo\/files\/2022\/11\/3-1-1024x1024.jpg 1024w, https:\/\/blogsaverroes.juntadeandalucia.es\/ceipperezacevedo\/files\/2022\/11\/3-1-150x150.jpg 150w, https:\/\/blogsaverroes.juntadeandalucia.es\/ceipperezacevedo\/files\/2022\/11\/3-1-768x768.jpg 768w, https:\/\/blogsaverroes.juntadeandalucia.es\/ceipperezacevedo\/files\/2022\/11\/3-1-432x432.jpg 432w, https:\/\/blogsaverroes.juntadeandalucia.es\/ceipperezacevedo\/files\/2022\/11\/3-1-268x268.jpg 268w, https:\/\/blogsaverroes.juntadeandalucia.es\/ceipperezacevedo\/files\/2022\/11\/3-1-700x700.jpg 700w, https:\/\/blogsaverroes.juntadeandalucia.es\/ceipperezacevedo\/files\/2022\/11\/3-1.jpg 1080w\" sizes=\"(max-width: 300px) 100vw, 300px\" \/> <img loading=\"lazy\" decoding=\"async\" class=\"aligncenter size-medium wp-image-8416\" src=\"https:\/\/blogsaverroes.juntadeandalucia.es\/ceipperezacevedo\/files\/2022\/11\/4-1-300x300.jpg\" alt=\"\" width=\"300\" height=\"300\" srcset=\"https:\/\/blogsaverroes.juntadeandalucia.es\/ceipperezacevedo\/files\/2022\/11\/4-1-300x300.jpg 300w, https:\/\/blogsaverroes.juntadeandalucia.es\/ceipperezacevedo\/files\/2022\/11\/4-1-1024x1024.jpg 1024w, https:\/\/blogsaverroes.juntadeandalucia.es\/ceipperezacevedo\/files\/2022\/11\/4-1-150x150.jpg 150w, https:\/\/blogsaverroes.juntadeandalucia.es\/ceipperezacevedo\/files\/2022\/11\/4-1-768x768.jpg 768w, https:\/\/blogsaverroes.juntadeandalucia.es\/ceipperezacevedo\/files\/2022\/11\/4-1-432x432.jpg 432w, https:\/\/blogsaverroes.juntadeandalucia.es\/ceipperezacevedo\/files\/2022\/11\/4-1-268x268.jpg 268w, https:\/\/blogsaverroes.juntadeandalucia.es\/ceipperezacevedo\/files\/2022\/11\/4-1-700x700.jpg 700w, https:\/\/blogsaverroes.juntadeandalucia.es\/ceipperezacevedo\/files\/2022\/11\/4-1.jpg 1080w\" sizes=\"(max-width: 300px) 100vw, 300px\" \/> <img loading=\"lazy\" decoding=\"async\" class=\"aligncenter size-medium wp-image-8417\" src=\"https:\/\/blogsaverroes.juntadeandalucia.es\/ceipperezacevedo\/files\/2022\/11\/5-300x300.jpg\" alt=\"\" width=\"300\" height=\"300\" srcset=\"https:\/\/blogsaverroes.juntadeandalucia.es\/ceipperezacevedo\/files\/2022\/11\/5-300x300.jpg 300w, https:\/\/blogsaverroes.juntadeandalucia.es\/ceipperezacevedo\/files\/2022\/11\/5-1024x1024.jpg 1024w, https:\/\/blogsaverroes.juntadeandalucia.es\/ceipperezacevedo\/files\/2022\/11\/5-150x150.jpg 150w, https:\/\/blogsaverroes.juntadeandalucia.es\/ceipperezacevedo\/files\/2022\/11\/5-768x768.jpg 768w, https:\/\/blogsaverroes.juntadeandalucia.es\/ceipperezacevedo\/files\/2022\/11\/5-432x432.jpg 432w, https:\/\/blogsaverroes.juntadeandalucia.es\/ceipperezacevedo\/files\/2022\/11\/5-268x268.jpg 268w, https:\/\/blogsaverroes.juntadeandalucia.es\/ceipperezacevedo\/files\/2022\/11\/5-700x700.jpg 700w, https:\/\/blogsaverroes.juntadeandalucia.es\/ceipperezacevedo\/files\/2022\/11\/5.jpg 1080w\" sizes=\"(max-width: 300px) 100vw, 300px\" \/> <img loading=\"lazy\" decoding=\"async\" class=\"aligncenter size-medium wp-image-8418\" src=\"https:\/\/blogsaverroes.juntadeandalucia.es\/ceipperezacevedo\/files\/2022\/11\/6-300x300.jpg\" alt=\"\" width=\"300\" height=\"300\" srcset=\"https:\/\/blogsaverroes.juntadeandalucia.es\/ceipperezacevedo\/files\/2022\/11\/6-300x300.jpg 300w, https:\/\/blogsaverroes.juntadeandalucia.es\/ceipperezacevedo\/files\/2022\/11\/6-1024x1024.jpg 1024w, https:\/\/blogsaverroes.juntadeandalucia.es\/ceipperezacevedo\/files\/2022\/11\/6-150x150.jpg 150w, https:\/\/blogsaverroes.juntadeandalucia.es\/ceipperezacevedo\/files\/2022\/11\/6-768x768.jpg 768w, https:\/\/blogsaverroes.juntadeandalucia.es\/ceipperezacevedo\/files\/2022\/11\/6-432x432.jpg 432w, https:\/\/blogsaverroes.juntadeandalucia.es\/ceipperezacevedo\/files\/2022\/11\/6-268x268.jpg 268w, https:\/\/blogsaverroes.juntadeandalucia.es\/ceipperezacevedo\/files\/2022\/11\/6-700x700.jpg 700w, https:\/\/blogsaverroes.juntadeandalucia.es\/ceipperezacevedo\/files\/2022\/11\/6.jpg 1080w\" sizes=\"(max-width: 300px) 100vw, 300px\" \/> <img loading=\"lazy\" decoding=\"async\" class=\"aligncenter size-medium wp-image-8419\" src=\"https:\/\/blogsaverroes.juntadeandalucia.es\/ceipperezacevedo\/files\/2022\/11\/7-1-300x300.jpg\" alt=\"\" width=\"300\" height=\"300\" srcset=\"https:\/\/blogsaverroes.juntadeandalucia.es\/ceipperezacevedo\/files\/2022\/11\/7-1-300x300.jpg 300w, https:\/\/blogsaverroes.juntadeandalucia.es\/ceipperezacevedo\/files\/2022\/11\/7-1-1024x1024.jpg 1024w, https:\/\/blogsaverroes.juntadeandalucia.es\/ceipperezacevedo\/files\/2022\/11\/7-1-150x150.jpg 150w, https:\/\/blogsaverroes.juntadeandalucia.es\/ceipperezacevedo\/files\/2022\/11\/7-1-768x768.jpg 768w, https:\/\/blogsaverroes.juntadeandalucia.es\/ceipperezacevedo\/files\/2022\/11\/7-1-432x432.jpg 432w, https:\/\/blogsaverroes.juntadeandalucia.es\/ceipperezacevedo\/files\/2022\/11\/7-1-268x268.jpg 268w, https:\/\/blogsaverroes.juntadeandalucia.es\/ceipperezacevedo\/files\/2022\/11\/7-1-700x700.jpg 700w, https:\/\/blogsaverroes.juntadeandalucia.es\/ceipperezacevedo\/files\/2022\/11\/7-1.jpg 1080w\" sizes=\"(max-width: 300px) 100vw, 300px\" \/> <img loading=\"lazy\" decoding=\"async\" class=\"aligncenter size-medium wp-image-8420\" src=\"https:\/\/blogsaverroes.juntadeandalucia.es\/ceipperezacevedo\/files\/2022\/11\/8-1-300x300.jpg\" alt=\"\" width=\"300\" height=\"300\" srcset=\"https:\/\/blogsaverroes.juntadeandalucia.es\/ceipperezacevedo\/files\/2022\/11\/8-1-300x300.jpg 300w, https:\/\/blogsaverroes.juntadeandalucia.es\/ceipperezacevedo\/files\/2022\/11\/8-1-1024x1024.jpg 1024w, https:\/\/blogsaverroes.juntadeandalucia.es\/ceipperezacevedo\/files\/2022\/11\/8-1-150x150.jpg 150w, https:\/\/blogsaverroes.juntadeandalucia.es\/ceipperezacevedo\/files\/2022\/11\/8-1-768x768.jpg 768w, https:\/\/blogsaverroes.juntadeandalucia.es\/ceipperezacevedo\/files\/2022\/11\/8-1-432x432.jpg 432w, https:\/\/blogsaverroes.juntadeandalucia.es\/ceipperezacevedo\/files\/2022\/11\/8-1-268x268.jpg 268w, https:\/\/blogsaverroes.juntadeandalucia.es\/ceipperezacevedo\/files\/2022\/11\/8-1-700x700.jpg 700w, https:\/\/blogsaverroes.juntadeandalucia.es\/ceipperezacevedo\/files\/2022\/11\/8-1.jpg 1080w\" sizes=\"(max-width: 300px) 100vw, 300px\" \/> <img loading=\"lazy\" decoding=\"async\" class=\"aligncenter size-medium wp-image-8421\" src=\"https:\/\/blogsaverroes.juntadeandalucia.es\/ceipperezacevedo\/files\/2022\/11\/9-1-300x300.jpg\" alt=\"\" width=\"300\" height=\"300\" srcset=\"https:\/\/blogsaverroes.juntadeandalucia.es\/ceipperezacevedo\/files\/2022\/11\/9-1-300x300.jpg 300w, https:\/\/blogsaverroes.juntadeandalucia.es\/ceipperezacevedo\/files\/2022\/11\/9-1-1024x1024.jpg 1024w, https:\/\/blogsaverroes.juntadeandalucia.es\/ceipperezacevedo\/files\/2022\/11\/9-1-150x150.jpg 150w, https:\/\/blogsaverroes.juntadeandalucia.es\/ceipperezacevedo\/files\/2022\/11\/9-1-768x768.jpg 768w, https:\/\/blogsaverroes.juntadeandalucia.es\/ceipperezacevedo\/files\/2022\/11\/9-1-432x432.jpg 432w, https:\/\/blogsaverroes.juntadeandalucia.es\/ceipperezacevedo\/files\/2022\/11\/9-1-268x268.jpg 268w, https:\/\/blogsaverroes.juntadeandalucia.es\/ceipperezacevedo\/files\/2022\/11\/9-1-700x700.jpg 700w, https:\/\/blogsaverroes.juntadeandalucia.es\/ceipperezacevedo\/files\/2022\/11\/9-1.jpg 1080w\" sizes=\"(max-width: 300px) 100vw, 300px\" \/> <img loading=\"lazy\" decoding=\"async\" class=\"aligncenter size-medium wp-image-8422\" src=\"https:\/\/blogsaverroes.juntadeandalucia.es\/ceipperezacevedo\/files\/2022\/11\/Flamenco-300x300.jpg\" alt=\"\" width=\"300\" height=\"300\" srcset=\"https:\/\/blogsaverroes.juntadeandalucia.es\/ceipperezacevedo\/files\/2022\/11\/Flamenco-300x300.jpg 300w, https:\/\/blogsaverroes.juntadeandalucia.es\/ceipperezacevedo\/files\/2022\/11\/Flamenco-1024x1024.jpg 1024w, https:\/\/blogsaverroes.juntadeandalucia.es\/ceipperezacevedo\/files\/2022\/11\/Flamenco-150x150.jpg 150w, https:\/\/blogsaverroes.juntadeandalucia.es\/ceipperezacevedo\/files\/2022\/11\/Flamenco-768x768.jpg 768w, https:\/\/blogsaverroes.juntadeandalucia.es\/ceipperezacevedo\/files\/2022\/11\/Flamenco-432x432.jpg 432w, https:\/\/blogsaverroes.juntadeandalucia.es\/ceipperezacevedo\/files\/2022\/11\/Flamenco-268x268.jpg 268w, https:\/\/blogsaverroes.juntadeandalucia.es\/ceipperezacevedo\/files\/2022\/11\/Flamenco-700x700.jpg 700w, https:\/\/blogsaverroes.juntadeandalucia.es\/ceipperezacevedo\/files\/2022\/11\/Flamenco.jpg 1080w\" sizes=\"(max-width: 300px) 100vw, 300px\" \/><\/p>\n<p><strong><span style=\"color: #ff0000\">28\/10\/2022<\/span><\/strong><\/p>\n<p><strong>HALLOWEEN 2022<\/strong><\/p>\n<p><img loading=\"lazy\" decoding=\"async\" class=\"aligncenter size-large wp-image-8406\" src=\"https:\/\/blogsaverroes.juntadeandalucia.es\/ceipperezacevedo\/files\/2022\/11\/3-1024x766.jpg\" alt=\"\" width=\"660\" height=\"494\" srcset=\"https:\/\/blogsaverroes.juntadeandalucia.es\/ceipperezacevedo\/files\/2022\/11\/3-1024x766.jpg 1024w, https:\/\/blogsaverroes.juntadeandalucia.es\/ceipperezacevedo\/files\/2022\/11\/3-300x224.jpg 300w, https:\/\/blogsaverroes.juntadeandalucia.es\/ceipperezacevedo\/files\/2022\/11\/3-768x574.jpg 768w, https:\/\/blogsaverroes.juntadeandalucia.es\/ceipperezacevedo\/files\/2022\/11\/3-1536x1149.jpg 1536w, https:\/\/blogsaverroes.juntadeandalucia.es\/ceipperezacevedo\/files\/2022\/11\/3-700x524.jpg 700w, https:\/\/blogsaverroes.juntadeandalucia.es\/ceipperezacevedo\/files\/2022\/11\/3.jpg 1600w\" sizes=\"(max-width: 660px) 100vw, 660px\" \/> <img loading=\"lazy\" decoding=\"async\" class=\"aligncenter size-large wp-image-8402\" src=\"https:\/\/blogsaverroes.juntadeandalucia.es\/ceipperezacevedo\/files\/2022\/11\/9-1024x766.jpg\" alt=\"\" width=\"660\" height=\"494\" srcset=\"https:\/\/blogsaverroes.juntadeandalucia.es\/ceipperezacevedo\/files\/2022\/11\/9-1024x766.jpg 1024w, https:\/\/blogsaverroes.juntadeandalucia.es\/ceipperezacevedo\/files\/2022\/11\/9-300x224.jpg 300w, https:\/\/blogsaverroes.juntadeandalucia.es\/ceipperezacevedo\/files\/2022\/11\/9-768x574.jpg 768w, https:\/\/blogsaverroes.juntadeandalucia.es\/ceipperezacevedo\/files\/2022\/11\/9-1536x1149.jpg 1536w, https:\/\/blogsaverroes.juntadeandalucia.es\/ceipperezacevedo\/files\/2022\/11\/9-700x524.jpg 700w, https:\/\/blogsaverroes.juntadeandalucia.es\/ceipperezacevedo\/files\/2022\/11\/9.jpg 1600w\" sizes=\"(max-width: 660px) 100vw, 660px\" \/> <img loading=\"lazy\" decoding=\"async\" class=\"aligncenter size-large wp-image-8403\" src=\"https:\/\/blogsaverroes.juntadeandalucia.es\/ceipperezacevedo\/files\/2022\/11\/1-766x1024.jpg\" alt=\"\" width=\"660\" height=\"882\" srcset=\"https:\/\/blogsaverroes.juntadeandalucia.es\/ceipperezacevedo\/files\/2022\/11\/1-766x1024.jpg 766w, https:\/\/blogsaverroes.juntadeandalucia.es\/ceipperezacevedo\/files\/2022\/11\/1-224x300.jpg 224w, https:\/\/blogsaverroes.juntadeandalucia.es\/ceipperezacevedo\/files\/2022\/11\/1-768x1027.jpg 768w, https:\/\/blogsaverroes.juntadeandalucia.es\/ceipperezacevedo\/files\/2022\/11\/1-1149x1536.jpg 1149w, https:\/\/blogsaverroes.juntadeandalucia.es\/ceipperezacevedo\/files\/2022\/11\/1-700x936.jpg 700w, https:\/\/blogsaverroes.juntadeandalucia.es\/ceipperezacevedo\/files\/2022\/11\/1.jpg 1197w\" sizes=\"(max-width: 660px) 100vw, 660px\" \/> <img loading=\"lazy\" decoding=\"async\" class=\"aligncenter size-large wp-image-8404\" src=\"https:\/\/blogsaverroes.juntadeandalucia.es\/ceipperezacevedo\/files\/2022\/11\/2-766x1024.jpg\" alt=\"\" width=\"660\" height=\"882\" srcset=\"https:\/\/blogsaverroes.juntadeandalucia.es\/ceipperezacevedo\/files\/2022\/11\/2-766x1024.jpg 766w, https:\/\/blogsaverroes.juntadeandalucia.es\/ceipperezacevedo\/files\/2022\/11\/2-224x300.jpg 224w, https:\/\/blogsaverroes.juntadeandalucia.es\/ceipperezacevedo\/files\/2022\/11\/2-768x1027.jpg 768w, https:\/\/blogsaverroes.juntadeandalucia.es\/ceipperezacevedo\/files\/2022\/11\/2-1149x1536.jpg 1149w, https:\/\/blogsaverroes.juntadeandalucia.es\/ceipperezacevedo\/files\/2022\/11\/2-700x936.jpg 700w, https:\/\/blogsaverroes.juntadeandalucia.es\/ceipperezacevedo\/files\/2022\/11\/2.jpg 1197w\" sizes=\"(max-width: 660px) 100vw, 660px\" \/> <img loading=\"lazy\" decoding=\"async\" class=\"aligncenter size-large wp-image-8405\" src=\"https:\/\/blogsaverroes.juntadeandalucia.es\/ceipperezacevedo\/files\/2022\/11\/4-766x1024.jpg\" alt=\"\" width=\"660\" height=\"882\" srcset=\"https:\/\/blogsaverroes.juntadeandalucia.es\/ceipperezacevedo\/files\/2022\/11\/4-766x1024.jpg 766w, https:\/\/blogsaverroes.juntadeandalucia.es\/ceipperezacevedo\/files\/2022\/11\/4-224x300.jpg 224w, https:\/\/blogsaverroes.juntadeandalucia.es\/ceipperezacevedo\/files\/2022\/11\/4-768x1027.jpg 768w, https:\/\/blogsaverroes.juntadeandalucia.es\/ceipperezacevedo\/files\/2022\/11\/4-1149x1536.jpg 1149w, https:\/\/blogsaverroes.juntadeandalucia.es\/ceipperezacevedo\/files\/2022\/11\/4-700x936.jpg 700w, https:\/\/blogsaverroes.juntadeandalucia.es\/ceipperezacevedo\/files\/2022\/11\/4.jpg 1197w\" sizes=\"(max-width: 660px) 100vw, 660px\" \/> <img loading=\"lazy\" decoding=\"async\" class=\"aligncenter size-large wp-image-8407\" src=\"https:\/\/blogsaverroes.juntadeandalucia.es\/ceipperezacevedo\/files\/2022\/11\/7-766x1024.jpg\" alt=\"\" width=\"660\" height=\"882\" srcset=\"https:\/\/blogsaverroes.juntadeandalucia.es\/ceipperezacevedo\/files\/2022\/11\/7-766x1024.jpg 766w, https:\/\/blogsaverroes.juntadeandalucia.es\/ceipperezacevedo\/files\/2022\/11\/7-224x300.jpg 224w, https:\/\/blogsaverroes.juntadeandalucia.es\/ceipperezacevedo\/files\/2022\/11\/7-768x1027.jpg 768w, https:\/\/blogsaverroes.juntadeandalucia.es\/ceipperezacevedo\/files\/2022\/11\/7-1149x1536.jpg 1149w, https:\/\/blogsaverroes.juntadeandalucia.es\/ceipperezacevedo\/files\/2022\/11\/7-700x936.jpg 700w, https:\/\/blogsaverroes.juntadeandalucia.es\/ceipperezacevedo\/files\/2022\/11\/7.jpg 1197w\" sizes=\"(max-width: 660px) 100vw, 660px\" \/> <img loading=\"lazy\" decoding=\"async\" class=\"aligncenter size-medium wp-image-8408\" src=\"https:\/\/blogsaverroes.juntadeandalucia.es\/ceipperezacevedo\/files\/2022\/11\/8-300x225.jpg\" alt=\"\" width=\"300\" height=\"225\" srcset=\"https:\/\/blogsaverroes.juntadeandalucia.es\/ceipperezacevedo\/files\/2022\/11\/8-300x225.jpg 300w, https:\/\/blogsaverroes.juntadeandalucia.es\/ceipperezacevedo\/files\/2022\/11\/8-1024x768.jpg 1024w, https:\/\/blogsaverroes.juntadeandalucia.es\/ceipperezacevedo\/files\/2022\/11\/8-768x576.jpg 768w, https:\/\/blogsaverroes.juntadeandalucia.es\/ceipperezacevedo\/files\/2022\/11\/8-1536x1152.jpg 1536w, https:\/\/blogsaverroes.juntadeandalucia.es\/ceipperezacevedo\/files\/2022\/11\/8-700x525.jpg 700w, https:\/\/blogsaverroes.juntadeandalucia.es\/ceipperezacevedo\/files\/2022\/11\/8.jpg 1600w\" sizes=\"(max-width: 300px) 100vw, 300px\" \/><\/p>\n<p><strong><span style=\"color: #ff0000\">25\/06\/2020<\/span><\/strong><\/p>\n<p style=\"text-align: justify\">Como cada a\u00f1o, desde la asignatura de franc\u00e9s organizamos un concierto de despedida&nbsp; al alumnado de sexto de Primaria. Este a\u00f1o, debido a las circunstancias sobrevenidas del COVID-19, se ha enmarcado como una <span style=\"text-decoration: underline\">ACTIVIDAD VOLUNTARIA<\/span> que hemos realizado de manera virtual.<\/p>\n<p style=\"text-align: justify\">Debido a limitaciones de espacio, s\u00f3lo os podemos mostrar una peque\u00f1a parte del bonito resultado de la puesta en escena de la canci\u00f3n francesa <em>L&#8217;hymne de la vie, <\/em>de Kids United (nouvelle g\u00e9n\u00e9ration). Esperamos que os guste. \ud83d\ude42&nbsp;&nbsp;<\/p>\n<div style=\"width: 720px;\" class=\"wp-video\"><!--[if lt IE 9]><script>document.createElement('video');<\/script><![endif]-->\n<video class=\"wp-video-shortcode\" id=\"video-2621-1\" width=\"720\" height=\"1280\" preload=\"metadata\" controls=\"controls\"><source type=\"video\/mp4\" src=\"https:\/\/blogsaverroes.juntadeandalucia.es\/ceipperezacevedo\/files\/2020\/07\/LHYMNE-DE-LA-VIE.mp4?_=1\" \/><a href=\"https:\/\/blogsaverroes.juntadeandalucia.es\/ceipperezacevedo\/files\/2020\/07\/LHYMNE-DE-LA-VIE.mp4\">https:\/\/blogsaverroes.juntadeandalucia.es\/ceipperezacevedo\/files\/2020\/07\/LHYMNE-DE-LA-VIE.mp4<\/a><\/video><\/div>\n<p><strong><span style=\"color: #ff0000\">18\/06\/2020<\/span><\/strong><\/p>\n<p><strong>EXPOSICI\u00d3N FOTOGR\u00c1FICA \u00abOBJETS DE LA VIE QUOTIDIENNE\u00bb<\/strong><\/p>\n<p style=\"text-align: justify\">Este a\u00f1o, cerramos la asignatura de <strong>franc\u00e9s<\/strong> (segunda lengua extranjera) en el <strong>segundo ciclo<\/strong> de Educaci\u00f3n Primaria con una exposici\u00f3n fotogr\u00e1fica fruto de una metodolog\u00eda did\u00e1ctica denominada \u00ab<strong>Rally fotogr\u00e1fico<\/strong>\u00ab, durante la cual, el alumnado de 3\u00ba y 4\u00ba de Primaria de nuestro centro ha tenido que fotografiar 30 objetos, mascotas, espacios y\/o momentos de la vida cotidiana; en casa, en el parque o en cualquier otro lugar donde se encuentre en el momento de tomar la instant\u00e1nea. Dichas fotograf\u00edas fueron etiquetadas con su respectivo nombre en franc\u00e9s como pie de foto.<\/p>\n<p style=\"text-align: justify\">La creatividad may\u00fascula al tomar las fotos de nuestro alumnado debutante en esta segunda lengua extranjera ha dado como resultado una gran colecci\u00f3n de instant\u00e1neas que no tiene desperdicio, de la cual s\u00f3lo podemos mostraros esta peque\u00f1a muestra. Esperamos que os guste:<\/p>\n<p><iframe loading=\"lazy\" title=\"Exposition photo: OBJETS DE LA VIE QUOTIDIENNE.\" width=\"1170\" height=\"658\" src=\"https:\/\/www.youtube.com\/embed\/HjiidzeNbNM?feature=oembed\" frameborder=\"0\" allow=\"accelerometer; autoplay; clipboard-write; encrypted-media; gyroscope; picture-in-picture; web-share\" referrerpolicy=\"strict-origin-when-cross-origin\" allowfullscreen><\/iframe><\/p>\n<p><strong><span style=\"color: #ff0000\">07\/05\/2020<\/span><\/strong><\/p>\n<p><strong>PROGRAMA \u201cCRECIENDO EN SALUD\u201d<\/strong><\/p>\n<p style=\"text-align: justify\">Nuestros alumnos y alumnas llevan a cabo el programa <em>Creciendo en Salud<\/em> que iniciamos en el colegio y que ahora desde sus casas siguen realiz\u00e1ndolo, en este caso&nbsp; con&nbsp; una <strong>merienda saludable.<\/strong><\/p>\n<p><img loading=\"lazy\" decoding=\"async\" class=\"aligncenter wp-image-3091 size-full\" src=\"https:\/\/blogsaverroes.juntadeandalucia.es\/ceipperezacevedo\/files\/2020\/05\/collage-desayuno.jpg\" alt=\"\" width=\"398\" height=\"1600\" srcset=\"https:\/\/blogsaverroes.juntadeandalucia.es\/ceipperezacevedo\/files\/2020\/05\/collage-desayuno.jpg 398w, https:\/\/blogsaverroes.juntadeandalucia.es\/ceipperezacevedo\/files\/2020\/05\/collage-desayuno-768x3090.jpg 768w, https:\/\/blogsaverroes.juntadeandalucia.es\/ceipperezacevedo\/files\/2020\/05\/collage-desayuno-255x1024.jpg 255w, https:\/\/blogsaverroes.juntadeandalucia.es\/ceipperezacevedo\/files\/2020\/05\/collage-desayuno-6x24.jpg 6w, https:\/\/blogsaverroes.juntadeandalucia.es\/ceipperezacevedo\/files\/2020\/05\/collage-desayuno-9x36.jpg 9w, https:\/\/blogsaverroes.juntadeandalucia.es\/ceipperezacevedo\/files\/2020\/05\/collage-desayuno-12x48.jpg 12w\" sizes=\"(max-width: 398px) 100vw, 398px\" \/><\/p>\n<p><span style=\"color: #ff0000\"><strong>23\/04\/2020<\/strong><\/span><\/p>\n<p><strong>Celebramos el \u201cD\u00eda del Libro\u201d<\/strong><\/p>\n<p style=\"text-align: justify\">Este confinamiento no va a impedir que nuestros alumnos y alumnas celebren el D\u00eda del Libro. Los ni\u00f1os y ni\u00f1as, desde sus casas con sus familias, celebran este d\u00eda leyendo sus libros favoritos.<\/p>\n<p style=\"text-align: center\"><strong>Leer nos ense\u00f1a,<\/strong><\/p>\n<p style=\"text-align: center\"><strong>nos hace pensar,<\/strong><\/p>\n<p style=\"text-align: center\"><strong>nos hace vivir,<\/strong><\/p>\n<p style=\"text-align: center\"><strong>nos hace so\u00f1ar.<\/strong><\/p>\n<p><img loading=\"lazy\" decoding=\"async\" class=\"aligncenter wp-image-3078 size-full\" src=\"https:\/\/blogsaverroes.juntadeandalucia.es\/ceipperezacevedo\/files\/2020\/04\/DIA-DEL-LIBRO.jpg\" alt=\"\" width=\"1600\" height=\"1403\" srcset=\"https:\/\/blogsaverroes.juntadeandalucia.es\/ceipperezacevedo\/files\/2020\/04\/DIA-DEL-LIBRO.jpg 1600w, https:\/\/blogsaverroes.juntadeandalucia.es\/ceipperezacevedo\/files\/2020\/04\/DIA-DEL-LIBRO-300x263.jpg 300w, https:\/\/blogsaverroes.juntadeandalucia.es\/ceipperezacevedo\/files\/2020\/04\/DIA-DEL-LIBRO-768x674.jpg 768w, https:\/\/blogsaverroes.juntadeandalucia.es\/ceipperezacevedo\/files\/2020\/04\/DIA-DEL-LIBRO-1024x898.jpg 1024w, https:\/\/blogsaverroes.juntadeandalucia.es\/ceipperezacevedo\/files\/2020\/04\/DIA-DEL-LIBRO-24x21.jpg 24w, https:\/\/blogsaverroes.juntadeandalucia.es\/ceipperezacevedo\/files\/2020\/04\/DIA-DEL-LIBRO-36x32.jpg 36w, https:\/\/blogsaverroes.juntadeandalucia.es\/ceipperezacevedo\/files\/2020\/04\/DIA-DEL-LIBRO-48x42.jpg 48w\" sizes=\"(max-width: 1600px) 100vw, 1600px\" \/><\/p>\n<p style=\"text-align: center\"><img loading=\"lazy\" decoding=\"async\" class=\"aligncenter size-full wp-image-3081\" src=\"https:\/\/blogsaverroes.juntadeandalucia.es\/ceipperezacevedo\/files\/2020\/04\/3-a\u00f1os.jpg\" alt=\"\" width=\"720\" height=\"605\" srcset=\"https:\/\/blogsaverroes.juntadeandalucia.es\/ceipperezacevedo\/files\/2020\/04\/3-a\u00f1os.jpg 720w, https:\/\/blogsaverroes.juntadeandalucia.es\/ceipperezacevedo\/files\/2020\/04\/3-a\u00f1os-300x252.jpg 300w, https:\/\/blogsaverroes.juntadeandalucia.es\/ceipperezacevedo\/files\/2020\/04\/3-a\u00f1os-24x20.jpg 24w, https:\/\/blogsaverroes.juntadeandalucia.es\/ceipperezacevedo\/files\/2020\/04\/3-a\u00f1os-36x30.jpg 36w, https:\/\/blogsaverroes.juntadeandalucia.es\/ceipperezacevedo\/files\/2020\/04\/3-a\u00f1os-48x40.jpg 48w\" sizes=\"(max-width: 720px) 100vw, 720px\" \/> <img loading=\"lazy\" decoding=\"async\" class=\"aligncenter size-large wp-image-3082\" src=\"https:\/\/blogsaverroes.juntadeandalucia.es\/ceipperezacevedo\/files\/2020\/04\/4-a\u00f1os-1024x1024.jpg\" alt=\"\" width=\"525\" height=\"525\" srcset=\"https:\/\/blogsaverroes.juntadeandalucia.es\/ceipperezacevedo\/files\/2020\/04\/4-a\u00f1os-1024x1024.jpg 1024w, https:\/\/blogsaverroes.juntadeandalucia.es\/ceipperezacevedo\/files\/2020\/04\/4-a\u00f1os-150x150.jpg 150w, https:\/\/blogsaverroes.juntadeandalucia.es\/ceipperezacevedo\/files\/2020\/04\/4-a\u00f1os-300x300.jpg 300w, https:\/\/blogsaverroes.juntadeandalucia.es\/ceipperezacevedo\/files\/2020\/04\/4-a\u00f1os-768x768.jpg 768w, https:\/\/blogsaverroes.juntadeandalucia.es\/ceipperezacevedo\/files\/2020\/04\/4-a\u00f1os-100x100.jpg 100w, https:\/\/blogsaverroes.juntadeandalucia.es\/ceipperezacevedo\/files\/2020\/04\/4-a\u00f1os-24x24.jpg 24w, https:\/\/blogsaverroes.juntadeandalucia.es\/ceipperezacevedo\/files\/2020\/04\/4-a\u00f1os-36x36.jpg 36w, https:\/\/blogsaverroes.juntadeandalucia.es\/ceipperezacevedo\/files\/2020\/04\/4-a\u00f1os-48x48.jpg 48w, https:\/\/blogsaverroes.juntadeandalucia.es\/ceipperezacevedo\/files\/2020\/04\/4-a\u00f1os.jpg 1600w\" sizes=\"(max-width: 525px) 100vw, 525px\" \/> <img loading=\"lazy\" decoding=\"async\" class=\"aligncenter size-large wp-image-3084\" src=\"https:\/\/blogsaverroes.juntadeandalucia.es\/ceipperezacevedo\/files\/2020\/04\/IMG-20200422-WA00174314-1024x784.jpg\" alt=\"\" width=\"525\" height=\"402\" srcset=\"https:\/\/blogsaverroes.juntadeandalucia.es\/ceipperezacevedo\/files\/2020\/04\/IMG-20200422-WA00174314-1024x784.jpg 1024w, https:\/\/blogsaverroes.juntadeandalucia.es\/ceipperezacevedo\/files\/2020\/04\/IMG-20200422-WA00174314-300x230.jpg 300w, https:\/\/blogsaverroes.juntadeandalucia.es\/ceipperezacevedo\/files\/2020\/04\/IMG-20200422-WA00174314-768x588.jpg 768w, https:\/\/blogsaverroes.juntadeandalucia.es\/ceipperezacevedo\/files\/2020\/04\/IMG-20200422-WA00174314-24x18.jpg 24w, https:\/\/blogsaverroes.juntadeandalucia.es\/ceipperezacevedo\/files\/2020\/04\/IMG-20200422-WA00174314-36x28.jpg 36w, https:\/\/blogsaverroes.juntadeandalucia.es\/ceipperezacevedo\/files\/2020\/04\/IMG-20200422-WA00174314-48x37.jpg 48w, https:\/\/blogsaverroes.juntadeandalucia.es\/ceipperezacevedo\/files\/2020\/04\/IMG-20200422-WA00174314.jpg 1600w\" sizes=\"(max-width: 525px) 100vw, 525px\" \/><\/p>\n<p><img loading=\"lazy\" decoding=\"async\" class=\"aligncenter size-large wp-image-3086\" src=\"https:\/\/blogsaverroes.juntadeandalucia.es\/ceipperezacevedo\/files\/2020\/04\/5-a\u00f1os-1-1024x1024.jpg\" alt=\"\" width=\"525\" height=\"525\" srcset=\"https:\/\/blogsaverroes.juntadeandalucia.es\/ceipperezacevedo\/files\/2020\/04\/5-a\u00f1os-1-1024x1024.jpg 1024w, https:\/\/blogsaverroes.juntadeandalucia.es\/ceipperezacevedo\/files\/2020\/04\/5-a\u00f1os-1-150x150.jpg 150w, https:\/\/blogsaverroes.juntadeandalucia.es\/ceipperezacevedo\/files\/2020\/04\/5-a\u00f1os-1-300x300.jpg 300w, https:\/\/blogsaverroes.juntadeandalucia.es\/ceipperezacevedo\/files\/2020\/04\/5-a\u00f1os-1-768x768.jpg 768w, https:\/\/blogsaverroes.juntadeandalucia.es\/ceipperezacevedo\/files\/2020\/04\/5-a\u00f1os-1-100x100.jpg 100w, https:\/\/blogsaverroes.juntadeandalucia.es\/ceipperezacevedo\/files\/2020\/04\/5-a\u00f1os-1-24x24.jpg 24w, https:\/\/blogsaverroes.juntadeandalucia.es\/ceipperezacevedo\/files\/2020\/04\/5-a\u00f1os-1-36x36.jpg 36w, https:\/\/blogsaverroes.juntadeandalucia.es\/ceipperezacevedo\/files\/2020\/04\/5-a\u00f1os-1-48x48.jpg 48w, https:\/\/blogsaverroes.juntadeandalucia.es\/ceipperezacevedo\/files\/2020\/04\/5-a\u00f1os-1.jpg 1600w\" sizes=\"(max-width: 525px) 100vw, 525px\" \/><\/p>\n<p><span style=\"color: #ff0000\"><strong>30\/03\/2020<\/strong><\/span><\/p>\n<p><iframe loading=\"lazy\" src=\"https:\/\/www.youtube.com\/embed\/5J6JEmXOyiA\" width=\"560\" height=\"315\" frameborder=\"0\"><\/iframe> &nbsp;<\/p>\n<p><span style=\"color: #ff0000\"><b><span style=\"color: #005500\">06\/03\/2020<\/span><\/b><\/span><\/p>\n<p style=\"text-align: center\"><span style=\"text-decoration: underline\">\u00bfPor qu\u00e9 el 8 de marzo celebramos el D\u00eda de la Mujer?<\/span><\/p>\n<p style=\"text-align: justify\">El<b> D\u00eda Internacional de la Mujer<\/b> no se institucionaliz\u00f3 hasta 1975, cuando la Organizaci\u00f3n de Naciones Unidas (ONU) decidi\u00f3 por fin dar oficialidad a las reivindicaciones de las mujeres por la igualdad de oportunidades respecto a los varones. Sin embargo, la lucha contra el machismo tiene <b>antecedentes <\/b>que se remontan a principios del siglo pasado.<\/p>\n<p style=\"text-align: justify\"><b>Nueva York<\/b> es una ciudad clave en la lucha por los derechos y libertades de la mujer. En <b>1909<\/b>, una jornada organizada por mujeres de un partido socialista congreg\u00f3 a <b>m\u00e1s de 15.000 mujeres<\/b> en una marcha que exig\u00eda la reducci\u00f3n de la jornada laboral, mejores salarios y derecho al voto. El <strong>8 de marzo de 1911<\/strong>, m\u00e1s de 140 mujeres murieron tr\u00e1gicamente en un incendio de una f\u00e1brica de camisas en Nueva York. <strong>Fue el origen del 8M.<\/strong><\/p>\n<p><img loading=\"lazy\" decoding=\"async\" class=\"aligncenter size-large wp-image-3049\" src=\"https:\/\/blogsaverroes.juntadeandalucia.es\/ceipperezacevedo\/files\/2020\/03\/8M-1024x768.jpg\" alt=\"\" width=\"525\" height=\"394\" srcset=\"https:\/\/blogsaverroes.juntadeandalucia.es\/ceipperezacevedo\/files\/2020\/03\/8M-1024x768.jpg 1024w, https:\/\/blogsaverroes.juntadeandalucia.es\/ceipperezacevedo\/files\/2020\/03\/8M-300x225.jpg 300w, https:\/\/blogsaverroes.juntadeandalucia.es\/ceipperezacevedo\/files\/2020\/03\/8M-768x576.jpg 768w, https:\/\/blogsaverroes.juntadeandalucia.es\/ceipperezacevedo\/files\/2020\/03\/8M.jpg 1600w, https:\/\/blogsaverroes.juntadeandalucia.es\/ceipperezacevedo\/files\/2020\/03\/8M-24x18.jpg 24w, https:\/\/blogsaverroes.juntadeandalucia.es\/ceipperezacevedo\/files\/2020\/03\/8M-36x27.jpg 36w, https:\/\/blogsaverroes.juntadeandalucia.es\/ceipperezacevedo\/files\/2020\/03\/8M-48x36.jpg 48w\" sizes=\"(max-width: 525px) 100vw, 525px\" \/> <img loading=\"lazy\" decoding=\"async\" class=\"aligncenter size-large wp-image-3050\" src=\"https:\/\/blogsaverroes.juntadeandalucia.es\/ceipperezacevedo\/files\/2020\/03\/8M1-1024x768.jpg\" alt=\"\" width=\"525\" height=\"394\" srcset=\"https:\/\/blogsaverroes.juntadeandalucia.es\/ceipperezacevedo\/files\/2020\/03\/8M1-1024x768.jpg 1024w, https:\/\/blogsaverroes.juntadeandalucia.es\/ceipperezacevedo\/files\/2020\/03\/8M1-300x225.jpg 300w, https:\/\/blogsaverroes.juntadeandalucia.es\/ceipperezacevedo\/files\/2020\/03\/8M1-768x576.jpg 768w, https:\/\/blogsaverroes.juntadeandalucia.es\/ceipperezacevedo\/files\/2020\/03\/8M1.jpg 1600w, https:\/\/blogsaverroes.juntadeandalucia.es\/ceipperezacevedo\/files\/2020\/03\/8M1-24x18.jpg 24w, https:\/\/blogsaverroes.juntadeandalucia.es\/ceipperezacevedo\/files\/2020\/03\/8M1-36x27.jpg 36w, https:\/\/blogsaverroes.juntadeandalucia.es\/ceipperezacevedo\/files\/2020\/03\/8M1-48x36.jpg 48w\" sizes=\"(max-width: 525px) 100vw, 525px\" \/> <img loading=\"lazy\" decoding=\"async\" class=\"aligncenter size-large wp-image-3051\" src=\"https:\/\/blogsaverroes.juntadeandalucia.es\/ceipperezacevedo\/files\/2020\/03\/8M2-1024x768.jpg\" alt=\"\" width=\"525\" height=\"394\" srcset=\"https:\/\/blogsaverroes.juntadeandalucia.es\/ceipperezacevedo\/files\/2020\/03\/8M2-1024x768.jpg 1024w, https:\/\/blogsaverroes.juntadeandalucia.es\/ceipperezacevedo\/files\/2020\/03\/8M2-300x225.jpg 300w, https:\/\/blogsaverroes.juntadeandalucia.es\/ceipperezacevedo\/files\/2020\/03\/8M2-768x576.jpg 768w, https:\/\/blogsaverroes.juntadeandalucia.es\/ceipperezacevedo\/files\/2020\/03\/8M2.jpg 1599w, https:\/\/blogsaverroes.juntadeandalucia.es\/ceipperezacevedo\/files\/2020\/03\/8M2-24x18.jpg 24w, https:\/\/blogsaverroes.juntadeandalucia.es\/ceipperezacevedo\/files\/2020\/03\/8M2-36x27.jpg 36w, https:\/\/blogsaverroes.juntadeandalucia.es\/ceipperezacevedo\/files\/2020\/03\/8M2-48x36.jpg 48w\" sizes=\"(max-width: 525px) 100vw, 525px\" \/> <img loading=\"lazy\" decoding=\"async\" class=\"aligncenter size-large wp-image-3052\" src=\"https:\/\/blogsaverroes.juntadeandalucia.es\/ceipperezacevedo\/files\/2020\/03\/8M3-1024x768.jpg\" alt=\"\" width=\"525\" height=\"394\" srcset=\"https:\/\/blogsaverroes.juntadeandalucia.es\/ceipperezacevedo\/files\/2020\/03\/8M3-1024x768.jpg 1024w, https:\/\/blogsaverroes.juntadeandalucia.es\/ceipperezacevedo\/files\/2020\/03\/8M3-300x225.jpg 300w, https:\/\/blogsaverroes.juntadeandalucia.es\/ceipperezacevedo\/files\/2020\/03\/8M3-768x576.jpg 768w, https:\/\/blogsaverroes.juntadeandalucia.es\/ceipperezacevedo\/files\/2020\/03\/8M3.jpg 1600w, https:\/\/blogsaverroes.juntadeandalucia.es\/ceipperezacevedo\/files\/2020\/03\/8M3-24x18.jpg 24w, https:\/\/blogsaverroes.juntadeandalucia.es\/ceipperezacevedo\/files\/2020\/03\/8M3-36x27.jpg 36w, https:\/\/blogsaverroes.juntadeandalucia.es\/ceipperezacevedo\/files\/2020\/03\/8M3-48x36.jpg 48w\" sizes=\"(max-width: 525px) 100vw, 525px\" \/><\/p>\n<p><span style=\"color: #eb1ceb\">VALIENTES, CREATIVAS, EMPRENDEDORAS, APASIONADAS, INTUITIVAS<\/span>. A todas las mujeres: <span style=\"color: #eb1ceb\"><strong>\u00a1FELIZ D\u00cdA!<\/strong><\/span><\/p>\n<p><span style=\"color: #ff0000\"><b>28\/02\/2020<\/b><\/span><\/p>\n<p style=\"text-align: justify\">Cada 28 de febrero los andaluces celebramos el D\u00cdA DE ANDALUC\u00cdA. <span style=\"float: none;background-color: #ffffff;color: #000000;font-family: 'TiemposText-Regular',serif;font-size: 18px;font-style: normal;font-variant: normal;font-weight: 400;letter-spacing: normal;line-height: 26px;text-align: left;text-decoration: none;text-indent: 0px;text-transform: none\">Pero para conocer el origen de la festividad hay que remontarse d\u00e9cadas atr\u00e1s, cuando los andaluces celebramos un <\/span><b>refer\u00e9ndum <\/b><span style=\"float: none;background-color: #ffffff;color: #000000;font-family: 'TiemposText-Regular',serif;font-size: 18px;font-style: normal;font-variant: normal;font-weight: 400;letter-spacing: normal;line-height: 26px;text-align: left;text-decoration: none;text-indent: 0px;text-transform: none\">-en 1980- en el que apoyamos la propuesta de formar una <\/span><b>Comunidad Aut\u00f3noma<\/b><span style=\"float: none;background-color: #ffffff;color: #000000;font-family: 'TiemposText-Regular',serif;font-size: 18px;font-style: normal;font-variant: normal;font-weight: 400;letter-spacing: normal;line-height: 26px;text-align: left;text-decoration: none;text-indent: 0px;text-transform: none\">: tener un <\/span><b>gobierno propio con plenas competencias<\/b><span style=\"float: none;background-color: #ffffff;color: #000000;font-family: 'TiemposText-Regular',serif;font-size: 18px;font-style: normal;font-variant: normal;font-weight: 400;letter-spacing: normal;line-height: 26px;text-align: left;text-decoration: none;text-indent: 0px;text-transform: none\">.<\/span><\/p>\n<p style=\"text-align: justify\">Tras una larga lucha de a\u00f1os, fue el d\u00eda 28 de febrero de 1980 cuando el pueblo andaluz acudi\u00f3 a las urnas, que triunf\u00f3 en<b> siete de las ocho provincias <\/b>andaluzas. No obstante, la clara voluntad auton\u00f3mica del pueblo andaluz provoc\u00f3 un amplio debate pol\u00edtico que lleg\u00f3 a las Cortes del Estado, modific\u00e1ndose la <b>Ley de Refer\u00e9ndum <\/b>para que se permitiese la <b>incorporaci\u00f3n <\/b>de la provincia almeriense al proceso auton\u00f3mico. Un a\u00f1o despu\u00e9s, en 1981, se aprob\u00f3 el <b>Estatuto de Autonom\u00eda <\/b>que, tras la Constituci\u00f3n, es la norma m\u00e1s importante de los andaluces.<\/p>\n<p style=\"text-align: justify\">Actualmente, Andaluc\u00eda es la comunidad aut\u00f3noma <b>m\u00e1s poblada de Espa\u00f1a <\/b>-con 8,4 millones de habitantes- y la segunda m\u00e1s extensa, lo que explica su peso en el conjunto del pa\u00eds.<\/p>\n<p>En nuestro cole hemos realizado numerosas actividades entre las que han tenido cabida el canto del Himno de Andaluc\u00eda e izado de la bandera, as\u00ed como un desayuno t\u00edpico andaluz.<\/p>\n<p><img loading=\"lazy\" decoding=\"async\" class=\"aligncenter size-large wp-image-3056\" src=\"https:\/\/blogsaverroes.juntadeandalucia.es\/ceipperezacevedo\/files\/2020\/03\/IMG-20200226-WA00104023-768x1024.jpg\" alt=\"\" width=\"525\" height=\"700\" srcset=\"https:\/\/blogsaverroes.juntadeandalucia.es\/ceipperezacevedo\/files\/2020\/03\/IMG-20200226-WA00104023-768x1024.jpg 768w, https:\/\/blogsaverroes.juntadeandalucia.es\/ceipperezacevedo\/files\/2020\/03\/IMG-20200226-WA00104023-225x300.jpg 225w, https:\/\/blogsaverroes.juntadeandalucia.es\/ceipperezacevedo\/files\/2020\/03\/IMG-20200226-WA00104023-18x24.jpg 18w, https:\/\/blogsaverroes.juntadeandalucia.es\/ceipperezacevedo\/files\/2020\/03\/IMG-20200226-WA00104023-27x36.jpg 27w, https:\/\/blogsaverroes.juntadeandalucia.es\/ceipperezacevedo\/files\/2020\/03\/IMG-20200226-WA00104023-36x48.jpg 36w, https:\/\/blogsaverroes.juntadeandalucia.es\/ceipperezacevedo\/files\/2020\/03\/IMG-20200226-WA00104023.jpg 1200w\" sizes=\"(max-width: 525px) 100vw, 525px\" \/> <img loading=\"lazy\" decoding=\"async\" class=\"aligncenter size-large wp-image-3057\" src=\"https:\/\/blogsaverroes.juntadeandalucia.es\/ceipperezacevedo\/files\/2020\/03\/NuevoDocumento-2020-02-26-15.52.03-1024x649.jpg\" alt=\"\" width=\"525\" height=\"333\" srcset=\"https:\/\/blogsaverroes.juntadeandalucia.es\/ceipperezacevedo\/files\/2020\/03\/NuevoDocumento-2020-02-26-15.52.03-1024x649.jpg 1024w, https:\/\/blogsaverroes.juntadeandalucia.es\/ceipperezacevedo\/files\/2020\/03\/NuevoDocumento-2020-02-26-15.52.03-300x190.jpg 300w, https:\/\/blogsaverroes.juntadeandalucia.es\/ceipperezacevedo\/files\/2020\/03\/NuevoDocumento-2020-02-26-15.52.03-768x487.jpg 768w, https:\/\/blogsaverroes.juntadeandalucia.es\/ceipperezacevedo\/files\/2020\/03\/NuevoDocumento-2020-02-26-15.52.03-24x15.jpg 24w, https:\/\/blogsaverroes.juntadeandalucia.es\/ceipperezacevedo\/files\/2020\/03\/NuevoDocumento-2020-02-26-15.52.03-36x23.jpg 36w, https:\/\/blogsaverroes.juntadeandalucia.es\/ceipperezacevedo\/files\/2020\/03\/NuevoDocumento-2020-02-26-15.52.03-48x30.jpg 48w, https:\/\/blogsaverroes.juntadeandalucia.es\/ceipperezacevedo\/files\/2020\/03\/NuevoDocumento-2020-02-26-15.52.03.jpg 1600w\" sizes=\"(max-width: 525px) 100vw, 525px\" \/> <img loading=\"lazy\" decoding=\"async\" class=\"aligncenter size-large wp-image-3058\" src=\"https:\/\/blogsaverroes.juntadeandalucia.es\/ceipperezacevedo\/files\/2020\/03\/NuevoDocumento-2020-02-26-15.49.33_1-1024x296.jpg\" alt=\"\" width=\"525\" height=\"152\" srcset=\"https:\/\/blogsaverroes.juntadeandalucia.es\/ceipperezacevedo\/files\/2020\/03\/NuevoDocumento-2020-02-26-15.49.33_1-1024x296.jpg 1024w, https:\/\/blogsaverroes.juntadeandalucia.es\/ceipperezacevedo\/files\/2020\/03\/NuevoDocumento-2020-02-26-15.49.33_1-300x87.jpg 300w, https:\/\/blogsaverroes.juntadeandalucia.es\/ceipperezacevedo\/files\/2020\/03\/NuevoDocumento-2020-02-26-15.49.33_1-768x222.jpg 768w, https:\/\/blogsaverroes.juntadeandalucia.es\/ceipperezacevedo\/files\/2020\/03\/NuevoDocumento-2020-02-26-15.49.33_1-24x7.jpg 24w, https:\/\/blogsaverroes.juntadeandalucia.es\/ceipperezacevedo\/files\/2020\/03\/NuevoDocumento-2020-02-26-15.49.33_1-36x10.jpg 36w, https:\/\/blogsaverroes.juntadeandalucia.es\/ceipperezacevedo\/files\/2020\/03\/NuevoDocumento-2020-02-26-15.49.33_1-48x14.jpg 48w, https:\/\/blogsaverroes.juntadeandalucia.es\/ceipperezacevedo\/files\/2020\/03\/NuevoDocumento-2020-02-26-15.49.33_1.jpg 1600w\" sizes=\"(max-width: 525px) 100vw, 525px\" \/><\/p>\n<p><span style=\"color: #ff0000\"><strong>18\/02\/2020<\/strong><\/span><\/p>\n<p style=\"text-align: justify\">El 18 de febrero, nuestros representantes del CLIA (Consejo Local de la Infancia y la Adolescencia) con sus compa\u00f1eros de 6\u00b0 de Primaria han llevado acabo la plantaci\u00f3n de dos nuevos \u00e1rboles&nbsp; que nos regalaran sombra y ox\u00edgeno.<\/p>\n<p><img loading=\"lazy\" decoding=\"async\" class=\"aligncenter size-large wp-image-3040\" src=\"https:\/\/blogsaverroes.juntadeandalucia.es\/ceipperezacevedo\/files\/2020\/03\/IMG-20200218-WA00094030-1024x768.jpg\" alt=\"\" width=\"525\" height=\"394\" srcset=\"https:\/\/blogsaverroes.juntadeandalucia.es\/ceipperezacevedo\/files\/2020\/03\/IMG-20200218-WA00094030.jpg 1024w, https:\/\/blogsaverroes.juntadeandalucia.es\/ceipperezacevedo\/files\/2020\/03\/IMG-20200218-WA00094030-300x225.jpg 300w, https:\/\/blogsaverroes.juntadeandalucia.es\/ceipperezacevedo\/files\/2020\/03\/IMG-20200218-WA00094030-768x576.jpg 768w, https:\/\/blogsaverroes.juntadeandalucia.es\/ceipperezacevedo\/files\/2020\/03\/IMG-20200218-WA00094030-24x18.jpg 24w, https:\/\/blogsaverroes.juntadeandalucia.es\/ceipperezacevedo\/files\/2020\/03\/IMG-20200218-WA00094030-36x27.jpg 36w, https:\/\/blogsaverroes.juntadeandalucia.es\/ceipperezacevedo\/files\/2020\/03\/IMG-20200218-WA00094030-48x36.jpg 48w\" sizes=\"(max-width: 525px) 100vw, 525px\" \/> <img loading=\"lazy\" decoding=\"async\" class=\"aligncenter size-large wp-image-3041\" src=\"https:\/\/blogsaverroes.juntadeandalucia.es\/ceipperezacevedo\/files\/2020\/03\/IMG-20200218-WA00104029-1024x768.jpg\" alt=\"\" width=\"525\" height=\"394\" srcset=\"https:\/\/blogsaverroes.juntadeandalucia.es\/ceipperezacevedo\/files\/2020\/03\/IMG-20200218-WA00104029.jpg 1024w, https:\/\/blogsaverroes.juntadeandalucia.es\/ceipperezacevedo\/files\/2020\/03\/IMG-20200218-WA00104029-300x225.jpg 300w, https:\/\/blogsaverroes.juntadeandalucia.es\/ceipperezacevedo\/files\/2020\/03\/IMG-20200218-WA00104029-768x576.jpg 768w, https:\/\/blogsaverroes.juntadeandalucia.es\/ceipperezacevedo\/files\/2020\/03\/IMG-20200218-WA00104029-24x18.jpg 24w, https:\/\/blogsaverroes.juntadeandalucia.es\/ceipperezacevedo\/files\/2020\/03\/IMG-20200218-WA00104029-36x27.jpg 36w, https:\/\/blogsaverroes.juntadeandalucia.es\/ceipperezacevedo\/files\/2020\/03\/IMG-20200218-WA00104029-48x36.jpg 48w\" sizes=\"(max-width: 525px) 100vw, 525px\" \/><\/p>\n<p><span style=\"color: #ff0000\"><b>14\/02\/2020<\/b><\/span><\/p>\n<p style=\"text-align: justify\">Nuestro cole, IN L<img loading=\"lazy\" decoding=\"async\" src=\"https:\/\/pic.sopili.net\/pub\/emoji\/apple\/64\/2764.png\" width=\"13\" height=\"13\">VE .<\/p>\n<p style=\"text-align: justify\">Con motivo de la celebraci\u00f3n del 14 de febrero, D\u00eda de San Valent\u00edn, la coordinadora de la biblioteca del centro (Celia Cort\u00e9s) ha promovido entre el alumnado la escritura de mensajes relacionados con el amor y la amistad.<\/p>\n<p><img loading=\"lazy\" decoding=\"async\" class=\"aligncenter size-large wp-image-3021\" src=\"https:\/\/blogsaverroes.juntadeandalucia.es\/ceipperezacevedo\/files\/2020\/02\/14F-1024x576.jpg\" alt=\"\" width=\"525\" height=\"295\" srcset=\"https:\/\/blogsaverroes.juntadeandalucia.es\/ceipperezacevedo\/files\/2020\/02\/14F-1024x576.jpg 1024w, https:\/\/blogsaverroes.juntadeandalucia.es\/ceipperezacevedo\/files\/2020\/02\/14F-300x169.jpg 300w, https:\/\/blogsaverroes.juntadeandalucia.es\/ceipperezacevedo\/files\/2020\/02\/14F-768x432.jpg 768w, https:\/\/blogsaverroes.juntadeandalucia.es\/ceipperezacevedo\/files\/2020\/02\/14F-24x14.jpg 24w, https:\/\/blogsaverroes.juntadeandalucia.es\/ceipperezacevedo\/files\/2020\/02\/14F-36x20.jpg 36w, https:\/\/blogsaverroes.juntadeandalucia.es\/ceipperezacevedo\/files\/2020\/02\/14F-48x27.jpg 48w, https:\/\/blogsaverroes.juntadeandalucia.es\/ceipperezacevedo\/files\/2020\/02\/14F.jpg 1600w\" sizes=\"(max-width: 525px) 100vw, 525px\" \/> <img loading=\"lazy\" decoding=\"async\" class=\"aligncenter size-large wp-image-3022\" src=\"https:\/\/blogsaverroes.juntadeandalucia.es\/ceipperezacevedo\/files\/2020\/02\/14F1-1024x768.jpg\" alt=\"\" width=\"525\" height=\"394\" srcset=\"https:\/\/blogsaverroes.juntadeandalucia.es\/ceipperezacevedo\/files\/2020\/02\/14F1-1024x768.jpg 1024w, https:\/\/blogsaverroes.juntadeandalucia.es\/ceipperezacevedo\/files\/2020\/02\/14F1-300x225.jpg 300w, https:\/\/blogsaverroes.juntadeandalucia.es\/ceipperezacevedo\/files\/2020\/02\/14F1-768x576.jpg 768w, https:\/\/blogsaverroes.juntadeandalucia.es\/ceipperezacevedo\/files\/2020\/02\/14F1.jpg 1600w, https:\/\/blogsaverroes.juntadeandalucia.es\/ceipperezacevedo\/files\/2020\/02\/14F1-24x18.jpg 24w, https:\/\/blogsaverroes.juntadeandalucia.es\/ceipperezacevedo\/files\/2020\/02\/14F1-36x27.jpg 36w, https:\/\/blogsaverroes.juntadeandalucia.es\/ceipperezacevedo\/files\/2020\/02\/14F1-48x36.jpg 48w\" sizes=\"(max-width: 525px) 100vw, 525px\" \/><\/p>\n<p><span style=\"color: #ff0000\"><b>30\/01\/2020<\/b><\/span><\/p>\n<p class=\"h6 text-align-center\" style=\"text-align: justify\">El 30 de enero se celebra la cultura de no violencia y paz. <span style=\"float: none;background-color: #ffffff;color: #333333;cursor: text;font-family: 'Libre Franklin','Helvetica Neue',helvetica,arial,sans-serif;font-size: 16px;font-style: normal;font-variant: normal;font-weight: 400;letter-spacing: normal;text-align: left;text-decoration: none;text-indent: 0px;text-transform: none\">En ese d\u00eda se celebra el aniversario de la muerte del <\/span><strong>Mahatma Gandhi <\/strong><span style=\"float: none;background-color: #ffffff;color: #333333;cursor: text;font-family: 'Libre Franklin','Helvetica Neue',helvetica,arial,sans-serif;font-size: 16px;font-style: normal;font-variant: normal;font-weight: 400;letter-spacing: normal;text-align: left;text-decoration: none;text-indent: 0px;text-transform: none\">(India, 1869-1948), l\u00edder pacifista que defendi\u00f3 y promovi\u00f3 la no violencia y la resistencia pac\u00edfica frente a la injusticia y que fue asesinado por defender estas ideas.<\/span><\/p>\n<p class=\"h6 text-align-center\" style=\"text-align: justify\">La educaci\u00f3n en y para la tolerancia, la solidaridad, la concordia, el respeto a los Derechos Humanos, la no-violencia y la paz son motivos para recordar el 30 de enero. <strong>En el D\u00eda de la Paz, los centros educativos se comprometen como defensores de la paz y entendimiento entre personas de distinta procedencia y modos de pensar<\/strong>.<\/p>\n<p style=\"text-align: justify\">Una educaci\u00f3n inspirada en una cultura de no violencia y paz permite a nuestro alumnado adquirir conocimientos, actitudes y competencias que refuercen su desarrollo como ciudadanos globales cr\u00edticos y comprometidos con sus derechos y los de otras personas.<\/p>\n<p><strong><em>Debes ser el cambio que deseas ver en el mundo.<\/em><\/strong> Mahatma Gandhi.<\/p>\n<p><img loading=\"lazy\" decoding=\"async\" class=\"aligncenter size-large wp-image-3027\" src=\"https:\/\/blogsaverroes.juntadeandalucia.es\/ceipperezacevedo\/files\/2020\/02\/PAZ-1024x576.jpg\" alt=\"\" width=\"525\" height=\"295\" srcset=\"https:\/\/blogsaverroes.juntadeandalucia.es\/ceipperezacevedo\/files\/2020\/02\/PAZ-1024x576.jpg 1024w, https:\/\/blogsaverroes.juntadeandalucia.es\/ceipperezacevedo\/files\/2020\/02\/PAZ-300x169.jpg 300w, https:\/\/blogsaverroes.juntadeandalucia.es\/ceipperezacevedo\/files\/2020\/02\/PAZ-768x432.jpg 768w, https:\/\/blogsaverroes.juntadeandalucia.es\/ceipperezacevedo\/files\/2020\/02\/PAZ-24x14.jpg 24w, https:\/\/blogsaverroes.juntadeandalucia.es\/ceipperezacevedo\/files\/2020\/02\/PAZ-36x20.jpg 36w, https:\/\/blogsaverroes.juntadeandalucia.es\/ceipperezacevedo\/files\/2020\/02\/PAZ-48x27.jpg 48w, https:\/\/blogsaverroes.juntadeandalucia.es\/ceipperezacevedo\/files\/2020\/02\/PAZ.jpg 1600w\" sizes=\"(max-width: 525px) 100vw, 525px\" \/> <img loading=\"lazy\" decoding=\"async\" class=\"aligncenter size-large wp-image-3028\" src=\"https:\/\/blogsaverroes.juntadeandalucia.es\/ceipperezacevedo\/files\/2020\/02\/PAZ1-1024x576.jpg\" alt=\"\" width=\"525\" height=\"295\" srcset=\"https:\/\/blogsaverroes.juntadeandalucia.es\/ceipperezacevedo\/files\/2020\/02\/PAZ1-1024x576.jpg 1024w, https:\/\/blogsaverroes.juntadeandalucia.es\/ceipperezacevedo\/files\/2020\/02\/PAZ1-300x169.jpg 300w, https:\/\/blogsaverroes.juntadeandalucia.es\/ceipperezacevedo\/files\/2020\/02\/PAZ1-768x432.jpg 768w, https:\/\/blogsaverroes.juntadeandalucia.es\/ceipperezacevedo\/files\/2020\/02\/PAZ1-24x14.jpg 24w, https:\/\/blogsaverroes.juntadeandalucia.es\/ceipperezacevedo\/files\/2020\/02\/PAZ1-36x20.jpg 36w, https:\/\/blogsaverroes.juntadeandalucia.es\/ceipperezacevedo\/files\/2020\/02\/PAZ1-48x27.jpg 48w, https:\/\/blogsaverroes.juntadeandalucia.es\/ceipperezacevedo\/files\/2020\/02\/PAZ1.jpg 1600w\" sizes=\"(max-width: 525px) 100vw, 525px\" \/> <img loading=\"lazy\" decoding=\"async\" class=\"aligncenter size-large wp-image-3029\" src=\"https:\/\/blogsaverroes.juntadeandalucia.es\/ceipperezacevedo\/files\/2020\/02\/PAZPAZ-1024x576.jpg\" alt=\"\" width=\"525\" height=\"295\" srcset=\"https:\/\/blogsaverroes.juntadeandalucia.es\/ceipperezacevedo\/files\/2020\/02\/PAZPAZ-1024x576.jpg 1024w, https:\/\/blogsaverroes.juntadeandalucia.es\/ceipperezacevedo\/files\/2020\/02\/PAZPAZ-300x169.jpg 300w, https:\/\/blogsaverroes.juntadeandalucia.es\/ceipperezacevedo\/files\/2020\/02\/PAZPAZ-768x432.jpg 768w, https:\/\/blogsaverroes.juntadeandalucia.es\/ceipperezacevedo\/files\/2020\/02\/PAZPAZ-24x14.jpg 24w, https:\/\/blogsaverroes.juntadeandalucia.es\/ceipperezacevedo\/files\/2020\/02\/PAZPAZ-36x20.jpg 36w, https:\/\/blogsaverroes.juntadeandalucia.es\/ceipperezacevedo\/files\/2020\/02\/PAZPAZ-48x27.jpg 48w, https:\/\/blogsaverroes.juntadeandalucia.es\/ceipperezacevedo\/files\/2020\/02\/PAZPAZ.jpg 1600w\" sizes=\"(max-width: 525px) 100vw, 525px\" \/><\/p>\n<p><span style=\"color: #ff0000\"><b>21\/12\/2019<\/b><\/span><\/p>\n<p style=\"text-align: justify\">Hoy, el \u00faltimo d\u00eda de cole nos han visitado los Reyes Magos de Oriente y Pap\u00e1 Noel. Tras recibirlos en el patio, hemos ido visit\u00e1ndolos curso por curso para entregarles nuestras cartas. Paralelamente, distintos cursos de Educaci\u00f3n Infantil y Primaria nos han deleitado con coreograf\u00edas y cantos de villancicos, por su parte, sexto de Primaria ha representado la obra teatral \u00abSe mont\u00f3 el Bel\u00e9n\u00bb.<\/p>\n<p><span style=\"color: #ff0000\"><strong>03\/12\/2019<\/strong><\/span><\/p>\n<p style=\"text-align: justify\">Hoy, 3 de diciembre, es el D\u00eda Internacional de la Discapacidad. El objetivo de dicho d\u00eda es promover los derechos y el bienestar de las personas con discapacidad en todos los \u00e1mbitos de la sociedad, as\u00ed como concienciar sobre su situaci\u00f3n en todos los aspectos de la vida pol\u00edtica, social, econ\u00f3mica y cultural.<\/p>\n<p style=\"text-align: justify\">Para ello, desde nuestro Centro Educativo se han llevado a cabo numerosos talleres de formaci\u00f3n te\u00f3rico-pr\u00e1ctica en los que el alumnado ha podido ponerse por momentos en el lugar de discapacitados f\u00edsicos (deficiencia visual y movilidad reducida), comprobando lo dif\u00edcil que es, en ocasiones, acceder e interactuar en nuestra sociedad. Os dejamos algunas fotos:<\/p>\n<p><img loading=\"lazy\" decoding=\"async\" class=\"aligncenter size-large wp-image-2992\" src=\"https:\/\/blogsaverroes.juntadeandalucia.es\/ceipperezacevedo\/files\/2019\/12\/IMG-20191203-WA0121-1024x768.jpg\" alt=\"\" width=\"525\" height=\"394\" srcset=\"https:\/\/blogsaverroes.juntadeandalucia.es\/ceipperezacevedo\/files\/2019\/12\/IMG-20191203-WA0121-1024x768.jpg 1024w, https:\/\/blogsaverroes.juntadeandalucia.es\/ceipperezacevedo\/files\/2019\/12\/IMG-20191203-WA0121-300x225.jpg 300w, https:\/\/blogsaverroes.juntadeandalucia.es\/ceipperezacevedo\/files\/2019\/12\/IMG-20191203-WA0121-768x576.jpg 768w, https:\/\/blogsaverroes.juntadeandalucia.es\/ceipperezacevedo\/files\/2019\/12\/IMG-20191203-WA0121-24x18.jpg 24w, https:\/\/blogsaverroes.juntadeandalucia.es\/ceipperezacevedo\/files\/2019\/12\/IMG-20191203-WA0121-36x27.jpg 36w, https:\/\/blogsaverroes.juntadeandalucia.es\/ceipperezacevedo\/files\/2019\/12\/IMG-20191203-WA0121-48x36.jpg 48w, https:\/\/blogsaverroes.juntadeandalucia.es\/ceipperezacevedo\/files\/2019\/12\/IMG-20191203-WA0121.jpg 1600w\" sizes=\"(max-width: 525px) 100vw, 525px\" \/> <img loading=\"lazy\" decoding=\"async\" class=\"aligncenter size-large wp-image-2993\" src=\"https:\/\/blogsaverroes.juntadeandalucia.es\/ceipperezacevedo\/files\/2019\/12\/IMG-20191203-WA0110-1024x512.jpg\" alt=\"\" width=\"525\" height=\"263\" srcset=\"https:\/\/blogsaverroes.juntadeandalucia.es\/ceipperezacevedo\/files\/2019\/12\/IMG-20191203-WA0110-1024x512.jpg 1024w, https:\/\/blogsaverroes.juntadeandalucia.es\/ceipperezacevedo\/files\/2019\/12\/IMG-20191203-WA0110-300x150.jpg 300w, https:\/\/blogsaverroes.juntadeandalucia.es\/ceipperezacevedo\/files\/2019\/12\/IMG-20191203-WA0110-768x384.jpg 768w, https:\/\/blogsaverroes.juntadeandalucia.es\/ceipperezacevedo\/files\/2019\/12\/IMG-20191203-WA0110-24x12.jpg 24w, https:\/\/blogsaverroes.juntadeandalucia.es\/ceipperezacevedo\/files\/2019\/12\/IMG-20191203-WA0110-36x18.jpg 36w, https:\/\/blogsaverroes.juntadeandalucia.es\/ceipperezacevedo\/files\/2019\/12\/IMG-20191203-WA0110-48x24.jpg 48w, https:\/\/blogsaverroes.juntadeandalucia.es\/ceipperezacevedo\/files\/2019\/12\/IMG-20191203-WA0110.jpg 1600w\" sizes=\"(max-width: 525px) 100vw, 525px\" \/> <img loading=\"lazy\" decoding=\"async\" class=\"aligncenter size-large wp-image-2994\" src=\"https:\/\/blogsaverroes.juntadeandalucia.es\/ceipperezacevedo\/files\/2019\/12\/IMG-20191203-WA0046-768x1024.jpg\" alt=\"\" width=\"525\" height=\"700\" srcset=\"https:\/\/blogsaverroes.juntadeandalucia.es\/ceipperezacevedo\/files\/2019\/12\/IMG-20191203-WA0046-768x1024.jpg 768w, https:\/\/blogsaverroes.juntadeandalucia.es\/ceipperezacevedo\/files\/2019\/12\/IMG-20191203-WA0046-225x300.jpg 225w, https:\/\/blogsaverroes.juntadeandalucia.es\/ceipperezacevedo\/files\/2019\/12\/IMG-20191203-WA0046-18x24.jpg 18w, https:\/\/blogsaverroes.juntadeandalucia.es\/ceipperezacevedo\/files\/2019\/12\/IMG-20191203-WA0046-27x36.jpg 27w, https:\/\/blogsaverroes.juntadeandalucia.es\/ceipperezacevedo\/files\/2019\/12\/IMG-20191203-WA0046-36x48.jpg 36w, https:\/\/blogsaverroes.juntadeandalucia.es\/ceipperezacevedo\/files\/2019\/12\/IMG-20191203-WA0046.jpg 1200w\" sizes=\"(max-width: 525px) 100vw, 525px\" \/> <img loading=\"lazy\" decoding=\"async\" class=\"aligncenter size-large wp-image-2995\" src=\"https:\/\/blogsaverroes.juntadeandalucia.es\/ceipperezacevedo\/files\/2019\/12\/IMG-20191203-WA0120-1024x512.jpg\" alt=\"\" width=\"525\" height=\"263\" srcset=\"https:\/\/blogsaverroes.juntadeandalucia.es\/ceipperezacevedo\/files\/2019\/12\/IMG-20191203-WA0120-1024x512.jpg 1024w, https:\/\/blogsaverroes.juntadeandalucia.es\/ceipperezacevedo\/files\/2019\/12\/IMG-20191203-WA0120-300x150.jpg 300w, https:\/\/blogsaverroes.juntadeandalucia.es\/ceipperezacevedo\/files\/2019\/12\/IMG-20191203-WA0120-768x384.jpg 768w, https:\/\/blogsaverroes.juntadeandalucia.es\/ceipperezacevedo\/files\/2019\/12\/IMG-20191203-WA0120-24x12.jpg 24w, https:\/\/blogsaverroes.juntadeandalucia.es\/ceipperezacevedo\/files\/2019\/12\/IMG-20191203-WA0120-36x18.jpg 36w, https:\/\/blogsaverroes.juntadeandalucia.es\/ceipperezacevedo\/files\/2019\/12\/IMG-20191203-WA0120-48x24.jpg 48w, https:\/\/blogsaverroes.juntadeandalucia.es\/ceipperezacevedo\/files\/2019\/12\/IMG-20191203-WA0120.jpg 1600w\" sizes=\"(max-width: 525px) 100vw, 525px\" \/> <img loading=\"lazy\" decoding=\"async\" class=\"aligncenter size-large wp-image-2996\" src=\"https:\/\/blogsaverroes.juntadeandalucia.es\/ceipperezacevedo\/files\/2019\/12\/IMG-20191203-WA0118-1024x512.jpg\" alt=\"\" width=\"525\" height=\"263\" srcset=\"https:\/\/blogsaverroes.juntadeandalucia.es\/ceipperezacevedo\/files\/2019\/12\/IMG-20191203-WA0118-1024x512.jpg 1024w, https:\/\/blogsaverroes.juntadeandalucia.es\/ceipperezacevedo\/files\/2019\/12\/IMG-20191203-WA0118-300x150.jpg 300w, https:\/\/blogsaverroes.juntadeandalucia.es\/ceipperezacevedo\/files\/2019\/12\/IMG-20191203-WA0118-768x384.jpg 768w, https:\/\/blogsaverroes.juntadeandalucia.es\/ceipperezacevedo\/files\/2019\/12\/IMG-20191203-WA0118-24x12.jpg 24w, https:\/\/blogsaverroes.juntadeandalucia.es\/ceipperezacevedo\/files\/2019\/12\/IMG-20191203-WA0118-36x18.jpg 36w, https:\/\/blogsaverroes.juntadeandalucia.es\/ceipperezacevedo\/files\/2019\/12\/IMG-20191203-WA0118-48x24.jpg 48w, https:\/\/blogsaverroes.juntadeandalucia.es\/ceipperezacevedo\/files\/2019\/12\/IMG-20191203-WA0118.jpg 1600w\" sizes=\"(max-width: 525px) 100vw, 525px\" \/> <img loading=\"lazy\" decoding=\"async\" class=\"aligncenter size-large wp-image-2997\" src=\"https:\/\/blogsaverroes.juntadeandalucia.es\/ceipperezacevedo\/files\/2019\/12\/IMG-20191203-WA0107-1024x512.jpg\" alt=\"\" width=\"525\" height=\"263\" srcset=\"https:\/\/blogsaverroes.juntadeandalucia.es\/ceipperezacevedo\/files\/2019\/12\/IMG-20191203-WA0107-1024x512.jpg 1024w, https:\/\/blogsaverroes.juntadeandalucia.es\/ceipperezacevedo\/files\/2019\/12\/IMG-20191203-WA0107-300x150.jpg 300w, https:\/\/blogsaverroes.juntadeandalucia.es\/ceipperezacevedo\/files\/2019\/12\/IMG-20191203-WA0107-768x384.jpg 768w, https:\/\/blogsaverroes.juntadeandalucia.es\/ceipperezacevedo\/files\/2019\/12\/IMG-20191203-WA0107-24x12.jpg 24w, https:\/\/blogsaverroes.juntadeandalucia.es\/ceipperezacevedo\/files\/2019\/12\/IMG-20191203-WA0107-36x18.jpg 36w, https:\/\/blogsaverroes.juntadeandalucia.es\/ceipperezacevedo\/files\/2019\/12\/IMG-20191203-WA0107-48x24.jpg 48w, https:\/\/blogsaverroes.juntadeandalucia.es\/ceipperezacevedo\/files\/2019\/12\/IMG-20191203-WA0107.jpg 1600w\" sizes=\"(max-width: 525px) 100vw, 525px\" \/> <img loading=\"lazy\" decoding=\"async\" class=\"aligncenter size-large wp-image-2998\" src=\"https:\/\/blogsaverroes.juntadeandalucia.es\/ceipperezacevedo\/files\/2019\/12\/IMG-20191203-WA0050-1024x768.jpg\" alt=\"\" width=\"525\" height=\"394\" srcset=\"https:\/\/blogsaverroes.juntadeandalucia.es\/ceipperezacevedo\/files\/2019\/12\/IMG-20191203-WA0050-1024x768.jpg 1024w, https:\/\/blogsaverroes.juntadeandalucia.es\/ceipperezacevedo\/files\/2019\/12\/IMG-20191203-WA0050-300x225.jpg 300w, https:\/\/blogsaverroes.juntadeandalucia.es\/ceipperezacevedo\/files\/2019\/12\/IMG-20191203-WA0050-768x576.jpg 768w, https:\/\/blogsaverroes.juntadeandalucia.es\/ceipperezacevedo\/files\/2019\/12\/IMG-20191203-WA0050-24x18.jpg 24w, https:\/\/blogsaverroes.juntadeandalucia.es\/ceipperezacevedo\/files\/2019\/12\/IMG-20191203-WA0050-36x27.jpg 36w, https:\/\/blogsaverroes.juntadeandalucia.es\/ceipperezacevedo\/files\/2019\/12\/IMG-20191203-WA0050-48x36.jpg 48w, https:\/\/blogsaverroes.juntadeandalucia.es\/ceipperezacevedo\/files\/2019\/12\/IMG-20191203-WA0050.jpg 1600w\" sizes=\"(max-width: 525px) 100vw, 525px\" \/> <img loading=\"lazy\" decoding=\"async\" class=\"aligncenter size-large wp-image-2999\" src=\"https:\/\/blogsaverroes.juntadeandalucia.es\/ceipperezacevedo\/files\/2019\/12\/IMG-20191203-WA0113-1024x512.jpg\" alt=\"\" width=\"525\" height=\"263\" srcset=\"https:\/\/blogsaverroes.juntadeandalucia.es\/ceipperezacevedo\/files\/2019\/12\/IMG-20191203-WA0113-1024x512.jpg 1024w, https:\/\/blogsaverroes.juntadeandalucia.es\/ceipperezacevedo\/files\/2019\/12\/IMG-20191203-WA0113-300x150.jpg 300w, https:\/\/blogsaverroes.juntadeandalucia.es\/ceipperezacevedo\/files\/2019\/12\/IMG-20191203-WA0113-768x384.jpg 768w, https:\/\/blogsaverroes.juntadeandalucia.es\/ceipperezacevedo\/files\/2019\/12\/IMG-20191203-WA0113-24x12.jpg 24w, https:\/\/blogsaverroes.juntadeandalucia.es\/ceipperezacevedo\/files\/2019\/12\/IMG-20191203-WA0113-36x18.jpg 36w, https:\/\/blogsaverroes.juntadeandalucia.es\/ceipperezacevedo\/files\/2019\/12\/IMG-20191203-WA0113-48x24.jpg 48w, https:\/\/blogsaverroes.juntadeandalucia.es\/ceipperezacevedo\/files\/2019\/12\/IMG-20191203-WA0113.jpg 1600w\" sizes=\"(max-width: 525px) 100vw, 525px\" \/> <img loading=\"lazy\" decoding=\"async\" class=\"aligncenter size-large wp-image-3000\" src=\"https:\/\/blogsaverroes.juntadeandalucia.es\/ceipperezacevedo\/files\/2019\/12\/IMG-20191203-WA0123-768x1024.jpg\" alt=\"\" width=\"525\" height=\"700\" srcset=\"https:\/\/blogsaverroes.juntadeandalucia.es\/ceipperezacevedo\/files\/2019\/12\/IMG-20191203-WA0123-768x1024.jpg 768w, https:\/\/blogsaverroes.juntadeandalucia.es\/ceipperezacevedo\/files\/2019\/12\/IMG-20191203-WA0123-225x300.jpg 225w, https:\/\/blogsaverroes.juntadeandalucia.es\/ceipperezacevedo\/files\/2019\/12\/IMG-20191203-WA0123-18x24.jpg 18w, https:\/\/blogsaverroes.juntadeandalucia.es\/ceipperezacevedo\/files\/2019\/12\/IMG-20191203-WA0123-27x36.jpg 27w, https:\/\/blogsaverroes.juntadeandalucia.es\/ceipperezacevedo\/files\/2019\/12\/IMG-20191203-WA0123-36x48.jpg 36w, https:\/\/blogsaverroes.juntadeandalucia.es\/ceipperezacevedo\/files\/2019\/12\/IMG-20191203-WA0123.jpg 1200w\" sizes=\"(max-width: 525px) 100vw, 525px\" \/> <img loading=\"lazy\" decoding=\"async\" class=\"aligncenter size-large wp-image-3001\" src=\"https:\/\/blogsaverroes.juntadeandalucia.es\/ceipperezacevedo\/files\/2019\/12\/IMG-20191203-WA0122-768x1024.jpg\" alt=\"\" width=\"525\" height=\"700\" srcset=\"https:\/\/blogsaverroes.juntadeandalucia.es\/ceipperezacevedo\/files\/2019\/12\/IMG-20191203-WA0122-768x1024.jpg 768w, https:\/\/blogsaverroes.juntadeandalucia.es\/ceipperezacevedo\/files\/2019\/12\/IMG-20191203-WA0122-225x300.jpg 225w, https:\/\/blogsaverroes.juntadeandalucia.es\/ceipperezacevedo\/files\/2019\/12\/IMG-20191203-WA0122-18x24.jpg 18w, https:\/\/blogsaverroes.juntadeandalucia.es\/ceipperezacevedo\/files\/2019\/12\/IMG-20191203-WA0122-27x36.jpg 27w, https:\/\/blogsaverroes.juntadeandalucia.es\/ceipperezacevedo\/files\/2019\/12\/IMG-20191203-WA0122-36x48.jpg 36w, https:\/\/blogsaverroes.juntadeandalucia.es\/ceipperezacevedo\/files\/2019\/12\/IMG-20191203-WA0122.jpg 1200w\" sizes=\"(max-width: 525px) 100vw, 525px\" \/> <img loading=\"lazy\" decoding=\"async\" class=\"aligncenter size-large wp-image-3002\" src=\"https:\/\/blogsaverroes.juntadeandalucia.es\/ceipperezacevedo\/files\/2019\/12\/IMG-20191203-WA0106-1024x512.jpg\" alt=\"\" width=\"525\" height=\"263\" srcset=\"https:\/\/blogsaverroes.juntadeandalucia.es\/ceipperezacevedo\/files\/2019\/12\/IMG-20191203-WA0106-1024x512.jpg 1024w, https:\/\/blogsaverroes.juntadeandalucia.es\/ceipperezacevedo\/files\/2019\/12\/IMG-20191203-WA0106-300x150.jpg 300w, https:\/\/blogsaverroes.juntadeandalucia.es\/ceipperezacevedo\/files\/2019\/12\/IMG-20191203-WA0106-768x384.jpg 768w, https:\/\/blogsaverroes.juntadeandalucia.es\/ceipperezacevedo\/files\/2019\/12\/IMG-20191203-WA0106-24x12.jpg 24w, https:\/\/blogsaverroes.juntadeandalucia.es\/ceipperezacevedo\/files\/2019\/12\/IMG-20191203-WA0106-36x18.jpg 36w, https:\/\/blogsaverroes.juntadeandalucia.es\/ceipperezacevedo\/files\/2019\/12\/IMG-20191203-WA0106-48x24.jpg 48w, https:\/\/blogsaverroes.juntadeandalucia.es\/ceipperezacevedo\/files\/2019\/12\/IMG-20191203-WA0106.jpg 1600w\" sizes=\"(max-width: 525px) 100vw, 525px\" \/> <img loading=\"lazy\" decoding=\"async\" class=\"aligncenter size-large wp-image-3003\" src=\"https:\/\/blogsaverroes.juntadeandalucia.es\/ceipperezacevedo\/files\/2019\/12\/IMG-20191203-WA0104-1024x512.jpg\" alt=\"\" width=\"525\" height=\"263\" srcset=\"https:\/\/blogsaverroes.juntadeandalucia.es\/ceipperezacevedo\/files\/2019\/12\/IMG-20191203-WA0104-1024x512.jpg 1024w, https:\/\/blogsaverroes.juntadeandalucia.es\/ceipperezacevedo\/files\/2019\/12\/IMG-20191203-WA0104-300x150.jpg 300w, https:\/\/blogsaverroes.juntadeandalucia.es\/ceipperezacevedo\/files\/2019\/12\/IMG-20191203-WA0104-768x384.jpg 768w, https:\/\/blogsaverroes.juntadeandalucia.es\/ceipperezacevedo\/files\/2019\/12\/IMG-20191203-WA0104-24x12.jpg 24w, https:\/\/blogsaverroes.juntadeandalucia.es\/ceipperezacevedo\/files\/2019\/12\/IMG-20191203-WA0104-36x18.jpg 36w, https:\/\/blogsaverroes.juntadeandalucia.es\/ceipperezacevedo\/files\/2019\/12\/IMG-20191203-WA0104-48x24.jpg 48w, https:\/\/blogsaverroes.juntadeandalucia.es\/ceipperezacevedo\/files\/2019\/12\/IMG-20191203-WA0104.jpg 1600w\" sizes=\"(max-width: 525px) 100vw, 525px\" \/> <img loading=\"lazy\" decoding=\"async\" class=\"aligncenter size-large wp-image-3004\" src=\"https:\/\/blogsaverroes.juntadeandalucia.es\/ceipperezacevedo\/files\/2019\/12\/IMG-20191203-WA0093-1024x512.jpg\" alt=\"\" width=\"525\" height=\"263\" srcset=\"https:\/\/blogsaverroes.juntadeandalucia.es\/ceipperezacevedo\/files\/2019\/12\/IMG-20191203-WA0093-1024x512.jpg 1024w, https:\/\/blogsaverroes.juntadeandalucia.es\/ceipperezacevedo\/files\/2019\/12\/IMG-20191203-WA0093-300x150.jpg 300w, https:\/\/blogsaverroes.juntadeandalucia.es\/ceipperezacevedo\/files\/2019\/12\/IMG-20191203-WA0093-768x384.jpg 768w, https:\/\/blogsaverroes.juntadeandalucia.es\/ceipperezacevedo\/files\/2019\/12\/IMG-20191203-WA0093-24x12.jpg 24w, https:\/\/blogsaverroes.juntadeandalucia.es\/ceipperezacevedo\/files\/2019\/12\/IMG-20191203-WA0093-36x18.jpg 36w, https:\/\/blogsaverroes.juntadeandalucia.es\/ceipperezacevedo\/files\/2019\/12\/IMG-20191203-WA0093-48x24.jpg 48w, https:\/\/blogsaverroes.juntadeandalucia.es\/ceipperezacevedo\/files\/2019\/12\/IMG-20191203-WA0093.jpg 1600w\" sizes=\"(max-width: 525px) 100vw, 525px\" \/> <img loading=\"lazy\" decoding=\"async\" class=\"aligncenter size-large wp-image-3005\" src=\"https:\/\/blogsaverroes.juntadeandalucia.es\/ceipperezacevedo\/files\/2019\/12\/IMG-20191203-WA0092-1024x512.jpg\" alt=\"\" width=\"525\" height=\"263\" srcset=\"https:\/\/blogsaverroes.juntadeandalucia.es\/ceipperezacevedo\/files\/2019\/12\/IMG-20191203-WA0092-1024x512.jpg 1024w, https:\/\/blogsaverroes.juntadeandalucia.es\/ceipperezacevedo\/files\/2019\/12\/IMG-20191203-WA0092-300x150.jpg 300w, https:\/\/blogsaverroes.juntadeandalucia.es\/ceipperezacevedo\/files\/2019\/12\/IMG-20191203-WA0092-768x384.jpg 768w, https:\/\/blogsaverroes.juntadeandalucia.es\/ceipperezacevedo\/files\/2019\/12\/IMG-20191203-WA0092-24x12.jpg 24w, https:\/\/blogsaverroes.juntadeandalucia.es\/ceipperezacevedo\/files\/2019\/12\/IMG-20191203-WA0092-36x18.jpg 36w, https:\/\/blogsaverroes.juntadeandalucia.es\/ceipperezacevedo\/files\/2019\/12\/IMG-20191203-WA0092-48x24.jpg 48w, https:\/\/blogsaverroes.juntadeandalucia.es\/ceipperezacevedo\/files\/2019\/12\/IMG-20191203-WA0092.jpg 1600w\" sizes=\"(max-width: 525px) 100vw, 525px\" \/><\/p>\n<p><span style=\"color: #ff0000\"><strong>25\/11\/2019<\/strong><\/span><\/p>\n<p id=\"paragraph_1\" style=\"text-align: justify\">Hoy, <strong>25 de noviembre<\/strong>, es un d\u00eda importante para <strong>conmemorar y denunciar<\/strong>, no para celebrar.<\/p>\n<p style=\"text-align: justify\">Tenemos que hacer visible nuestra condena hacia esta lacra social m\u00e1s all\u00e1 de sumarnos a la repulsa de los delitos cometidos por violencia de g\u00e9nero. Debemos educar desde <strong>casa<\/strong> <strong>y<\/strong> desde la <strong>Escuela<\/strong> en el <strong>RESPETO<\/strong> y la <strong>IGUALDAD<\/strong> para que, ojal\u00e1, alg\u00fan d\u00eda la violencia de g\u00e9nero se estudie solamente en los libros de historia.&nbsp;<\/p>\n<p><img loading=\"lazy\" decoding=\"async\" class=\"aligncenter size-large wp-image-2972\" src=\"https:\/\/blogsaverroes.juntadeandalucia.es\/ceipperezacevedo\/files\/2019\/11\/thumbnail_IMG-20191125-WA00041-1024x768.jpg\" alt=\"\" width=\"525\" height=\"394\" srcset=\"https:\/\/blogsaverroes.juntadeandalucia.es\/ceipperezacevedo\/files\/2019\/11\/thumbnail_IMG-20191125-WA00041-1024x768.jpg 1024w, https:\/\/blogsaverroes.juntadeandalucia.es\/ceipperezacevedo\/files\/2019\/11\/thumbnail_IMG-20191125-WA00041-300x225.jpg 300w, https:\/\/blogsaverroes.juntadeandalucia.es\/ceipperezacevedo\/files\/2019\/11\/thumbnail_IMG-20191125-WA00041-768x576.jpg 768w, https:\/\/blogsaverroes.juntadeandalucia.es\/ceipperezacevedo\/files\/2019\/11\/thumbnail_IMG-20191125-WA00041-24x18.jpg 24w, https:\/\/blogsaverroes.juntadeandalucia.es\/ceipperezacevedo\/files\/2019\/11\/thumbnail_IMG-20191125-WA00041-36x27.jpg 36w, https:\/\/blogsaverroes.juntadeandalucia.es\/ceipperezacevedo\/files\/2019\/11\/thumbnail_IMG-20191125-WA00041-48x36.jpg 48w, https:\/\/blogsaverroes.juntadeandalucia.es\/ceipperezacevedo\/files\/2019\/11\/thumbnail_IMG-20191125-WA00041.jpg 1280w\" sizes=\"(max-width: 525px) 100vw, 525px\" \/> <img loading=\"lazy\" decoding=\"async\" class=\"aligncenter size-large wp-image-2973\" src=\"https:\/\/blogsaverroes.juntadeandalucia.es\/ceipperezacevedo\/files\/2019\/11\/thumbnail_IMG-20191125-WA00051-1024x768.jpg\" alt=\"\" width=\"525\" height=\"394\" srcset=\"https:\/\/blogsaverroes.juntadeandalucia.es\/ceipperezacevedo\/files\/2019\/11\/thumbnail_IMG-20191125-WA00051-1024x768.jpg 1024w, https:\/\/blogsaverroes.juntadeandalucia.es\/ceipperezacevedo\/files\/2019\/11\/thumbnail_IMG-20191125-WA00051-300x225.jpg 300w, https:\/\/blogsaverroes.juntadeandalucia.es\/ceipperezacevedo\/files\/2019\/11\/thumbnail_IMG-20191125-WA00051-768x576.jpg 768w, https:\/\/blogsaverroes.juntadeandalucia.es\/ceipperezacevedo\/files\/2019\/11\/thumbnail_IMG-20191125-WA00051-24x18.jpg 24w, https:\/\/blogsaverroes.juntadeandalucia.es\/ceipperezacevedo\/files\/2019\/11\/thumbnail_IMG-20191125-WA00051-36x27.jpg 36w, https:\/\/blogsaverroes.juntadeandalucia.es\/ceipperezacevedo\/files\/2019\/11\/thumbnail_IMG-20191125-WA00051-48x36.jpg 48w, https:\/\/blogsaverroes.juntadeandalucia.es\/ceipperezacevedo\/files\/2019\/11\/thumbnail_IMG-20191125-WA00051.jpg 1280w\" sizes=\"(max-width: 525px) 100vw, 525px\" \/> <img loading=\"lazy\" decoding=\"async\" class=\"aligncenter size-large wp-image-2975\" src=\"https:\/\/blogsaverroes.juntadeandalucia.es\/ceipperezacevedo\/files\/2019\/11\/thumbnail_P91125-1625561-1024x678.jpg\" alt=\"\" width=\"525\" height=\"348\" srcset=\"https:\/\/blogsaverroes.juntadeandalucia.es\/ceipperezacevedo\/files\/2019\/11\/thumbnail_P91125-1625561-1024x678.jpg 1024w, https:\/\/blogsaverroes.juntadeandalucia.es\/ceipperezacevedo\/files\/2019\/11\/thumbnail_P91125-1625561-300x199.jpg 300w, https:\/\/blogsaverroes.juntadeandalucia.es\/ceipperezacevedo\/files\/2019\/11\/thumbnail_P91125-1625561-768x509.jpg 768w, https:\/\/blogsaverroes.juntadeandalucia.es\/ceipperezacevedo\/files\/2019\/11\/thumbnail_P91125-1625561-24x16.jpg 24w, https:\/\/blogsaverroes.juntadeandalucia.es\/ceipperezacevedo\/files\/2019\/11\/thumbnail_P91125-1625561-36x24.jpg 36w, https:\/\/blogsaverroes.juntadeandalucia.es\/ceipperezacevedo\/files\/2019\/11\/thumbnail_P91125-1625561-48x32.jpg 48w, https:\/\/blogsaverroes.juntadeandalucia.es\/ceipperezacevedo\/files\/2019\/11\/thumbnail_P91125-1625561.jpg 1280w\" sizes=\"(max-width: 525px) 100vw, 525px\" \/><\/p>\n<p><span style=\"color: #ff0000\"><strong>16\/11\/2019<\/strong><\/span><\/p>\n<p style=\"text-align: justify\">El flamenco fue declarado <b>Patrimonio Cultural Inmaterial de la Humanidad,<\/b> por la Unesco, el <b>16 de noviembre<\/b> de 2010. Desde entonces, esta fecha se conoce como el <b>D\u00eda Internacional del Flamenco<\/b>. Para conmemorarlo, desde nuestro centro se han organizado varias <b>actividades&nbsp;<\/b>encaminadas a conocer en profundidad los aspectos m\u00e1s relevantes de esta se\u00f1a de identidad m\u00e1s internacional de nuestra Comunidad Aut\u00f3noma, que es el flamenco. Os dejamos una <strong>foto conmemorativa:<\/strong><\/p>\n<p><img loading=\"lazy\" decoding=\"async\" class=\"aligncenter size-large wp-image-2969\" src=\"https:\/\/blogsaverroes.juntadeandalucia.es\/ceipperezacevedo\/files\/2019\/11\/FLAMENCO-1024x512.jpg\" alt=\"\" width=\"525\" height=\"263\" srcset=\"https:\/\/blogsaverroes.juntadeandalucia.es\/ceipperezacevedo\/files\/2019\/11\/FLAMENCO-1024x512.jpg 1024w, https:\/\/blogsaverroes.juntadeandalucia.es\/ceipperezacevedo\/files\/2019\/11\/FLAMENCO-300x150.jpg 300w, https:\/\/blogsaverroes.juntadeandalucia.es\/ceipperezacevedo\/files\/2019\/11\/FLAMENCO-768x384.jpg 768w, https:\/\/blogsaverroes.juntadeandalucia.es\/ceipperezacevedo\/files\/2019\/11\/FLAMENCO-24x12.jpg 24w, https:\/\/blogsaverroes.juntadeandalucia.es\/ceipperezacevedo\/files\/2019\/11\/FLAMENCO-36x18.jpg 36w, https:\/\/blogsaverroes.juntadeandalucia.es\/ceipperezacevedo\/files\/2019\/11\/FLAMENCO-48x24.jpg 48w, https:\/\/blogsaverroes.juntadeandalucia.es\/ceipperezacevedo\/files\/2019\/11\/FLAMENCO.jpg 1280w\" sizes=\"(max-width: 525px) 100vw, 525px\" \/><\/p>\n<p><span style=\"color: #ff0000\"><strong>11\/11\/2019<\/strong><\/span><\/p>\n<p style=\"text-align: justify\">El alumnado de segundo ciclo de Educaci\u00f3n Primaria ha viajado en el d\u00eda de hoy al Parque Minero de Riotinto. All\u00ed, han podido descubrir la&nbsp;historia, y disfrutar de aventuras y de la naturaleza al m\u00e1ximo de emociones:&nbsp;Un viaje en un tren del siglo XIX que atraviesa&nbsp;paisajes incre\u00edbles, un r\u00edo \u00fanico en el mundo por el color y la composici\u00f3n&nbsp;de sus aguas, un territorio que muestra las huellas de 5.000 a\u00f1os de&nbsp;actividad minera, una antigua mina recuperada para el disfrute de nuestro alumnado, un museo plagado de joyas del patrimonio cultural, una casa que&nbsp;nos traslada a la Inglaterra victoriana\u2026 incluso un paseo por otro planeta,&nbsp;Marte, sin salir de la Tierra.<\/p>\n<p>Os dejamos algunas fotos de esta excursi\u00f3n tan educativa y emocionante:<\/p>\n<p><img loading=\"lazy\" decoding=\"async\" class=\"aligncenter size-large wp-image-2957\" src=\"https:\/\/blogsaverroes.juntadeandalucia.es\/ceipperezacevedo\/files\/2019\/11\/IMG-20191111-WA0071-1024x768.jpg\" alt=\"\" width=\"525\" height=\"394\" srcset=\"https:\/\/blogsaverroes.juntadeandalucia.es\/ceipperezacevedo\/files\/2019\/11\/IMG-20191111-WA0071-1024x768.jpg 1024w, https:\/\/blogsaverroes.juntadeandalucia.es\/ceipperezacevedo\/files\/2019\/11\/IMG-20191111-WA0071-300x225.jpg 300w, https:\/\/blogsaverroes.juntadeandalucia.es\/ceipperezacevedo\/files\/2019\/11\/IMG-20191111-WA0071-768x576.jpg 768w, https:\/\/blogsaverroes.juntadeandalucia.es\/ceipperezacevedo\/files\/2019\/11\/IMG-20191111-WA0071-24x18.jpg 24w, https:\/\/blogsaverroes.juntadeandalucia.es\/ceipperezacevedo\/files\/2019\/11\/IMG-20191111-WA0071-36x27.jpg 36w, https:\/\/blogsaverroes.juntadeandalucia.es\/ceipperezacevedo\/files\/2019\/11\/IMG-20191111-WA0071-48x36.jpg 48w, https:\/\/blogsaverroes.juntadeandalucia.es\/ceipperezacevedo\/files\/2019\/11\/IMG-20191111-WA0071.jpg 1600w\" sizes=\"(max-width: 525px) 100vw, 525px\" \/> <a href=\"https:\/\/blogsaverroes.juntadeandalucia.es\/ceipperezacevedo\/files\/2019\/11\/IMG-20191111-WA0018.jpg\"><img loading=\"lazy\" decoding=\"async\" class=\"aligncenter size-large wp-image-2958\" src=\"https:\/\/blogsaverroes.juntadeandalucia.es\/ceipperezacevedo\/files\/2019\/11\/IMG-20191111-WA0018-1024x768.jpg\" alt=\"\" width=\"525\" height=\"394\" srcset=\"https:\/\/blogsaverroes.juntadeandalucia.es\/ceipperezacevedo\/files\/2019\/11\/IMG-20191111-WA0018-1024x768.jpg 1024w, https:\/\/blogsaverroes.juntadeandalucia.es\/ceipperezacevedo\/files\/2019\/11\/IMG-20191111-WA0018-300x225.jpg 300w, https:\/\/blogsaverroes.juntadeandalucia.es\/ceipperezacevedo\/files\/2019\/11\/IMG-20191111-WA0018-768x576.jpg 768w, https:\/\/blogsaverroes.juntadeandalucia.es\/ceipperezacevedo\/files\/2019\/11\/IMG-20191111-WA0018-24x18.jpg 24w, https:\/\/blogsaverroes.juntadeandalucia.es\/ceipperezacevedo\/files\/2019\/11\/IMG-20191111-WA0018-36x27.jpg 36w, https:\/\/blogsaverroes.juntadeandalucia.es\/ceipperezacevedo\/files\/2019\/11\/IMG-20191111-WA0018-48x36.jpg 48w, https:\/\/blogsaverroes.juntadeandalucia.es\/ceipperezacevedo\/files\/2019\/11\/IMG-20191111-WA0018.jpg 1600w\" sizes=\"(max-width: 525px) 100vw, 525px\" \/><\/a> <a href=\"https:\/\/blogsaverroes.juntadeandalucia.es\/ceipperezacevedo\/files\/2019\/11\/IMG-20191111-WA0039.jpg\"><img loading=\"lazy\" decoding=\"async\" class=\"aligncenter size-large wp-image-2959\" src=\"https:\/\/blogsaverroes.juntadeandalucia.es\/ceipperezacevedo\/files\/2019\/11\/IMG-20191111-WA0039-1024x768.jpg\" alt=\"\" width=\"525\" height=\"394\" srcset=\"https:\/\/blogsaverroes.juntadeandalucia.es\/ceipperezacevedo\/files\/2019\/11\/IMG-20191111-WA0039-1024x768.jpg 1024w, https:\/\/blogsaverroes.juntadeandalucia.es\/ceipperezacevedo\/files\/2019\/11\/IMG-20191111-WA0039-300x225.jpg 300w, https:\/\/blogsaverroes.juntadeandalucia.es\/ceipperezacevedo\/files\/2019\/11\/IMG-20191111-WA0039-768x576.jpg 768w, https:\/\/blogsaverroes.juntadeandalucia.es\/ceipperezacevedo\/files\/2019\/11\/IMG-20191111-WA0039-24x18.jpg 24w, https:\/\/blogsaverroes.juntadeandalucia.es\/ceipperezacevedo\/files\/2019\/11\/IMG-20191111-WA0039-36x27.jpg 36w, https:\/\/blogsaverroes.juntadeandalucia.es\/ceipperezacevedo\/files\/2019\/11\/IMG-20191111-WA0039-48x36.jpg 48w, https:\/\/blogsaverroes.juntadeandalucia.es\/ceipperezacevedo\/files\/2019\/11\/IMG-20191111-WA0039.jpg 1600w\" sizes=\"(max-width: 525px) 100vw, 525px\" \/><\/a> <a href=\"https:\/\/blogsaverroes.juntadeandalucia.es\/ceipperezacevedo\/files\/2019\/11\/IMG-20191111-WA0053.jpg\"><img loading=\"lazy\" decoding=\"async\" class=\"aligncenter size-large wp-image-2960\" src=\"https:\/\/blogsaverroes.juntadeandalucia.es\/ceipperezacevedo\/files\/2019\/11\/IMG-20191111-WA0053-1024x768.jpg\" alt=\"\" width=\"525\" height=\"394\" srcset=\"https:\/\/blogsaverroes.juntadeandalucia.es\/ceipperezacevedo\/files\/2019\/11\/IMG-20191111-WA0053-1024x768.jpg 1024w, https:\/\/blogsaverroes.juntadeandalucia.es\/ceipperezacevedo\/files\/2019\/11\/IMG-20191111-WA0053-300x225.jpg 300w, https:\/\/blogsaverroes.juntadeandalucia.es\/ceipperezacevedo\/files\/2019\/11\/IMG-20191111-WA0053-768x576.jpg 768w, https:\/\/blogsaverroes.juntadeandalucia.es\/ceipperezacevedo\/files\/2019\/11\/IMG-20191111-WA0053-24x18.jpg 24w, https:\/\/blogsaverroes.juntadeandalucia.es\/ceipperezacevedo\/files\/2019\/11\/IMG-20191111-WA0053-36x27.jpg 36w, https:\/\/blogsaverroes.juntadeandalucia.es\/ceipperezacevedo\/files\/2019\/11\/IMG-20191111-WA0053-48x36.jpg 48w, https:\/\/blogsaverroes.juntadeandalucia.es\/ceipperezacevedo\/files\/2019\/11\/IMG-20191111-WA0053.jpg 1600w\" sizes=\"(max-width: 525px) 100vw, 525px\" \/><\/a> <a href=\"https:\/\/blogsaverroes.juntadeandalucia.es\/ceipperezacevedo\/files\/2019\/11\/IMG-20191111-WA006011.jpg\"><img loading=\"lazy\" decoding=\"async\" class=\"aligncenter size-large wp-image-2961\" src=\"https:\/\/blogsaverroes.juntadeandalucia.es\/ceipperezacevedo\/files\/2019\/11\/IMG-20191111-WA006011-768x1024.jpg\" alt=\"\" width=\"525\" height=\"700\" srcset=\"https:\/\/blogsaverroes.juntadeandalucia.es\/ceipperezacevedo\/files\/2019\/11\/IMG-20191111-WA006011-768x1024.jpg 768w, https:\/\/blogsaverroes.juntadeandalucia.es\/ceipperezacevedo\/files\/2019\/11\/IMG-20191111-WA006011-225x300.jpg 225w, https:\/\/blogsaverroes.juntadeandalucia.es\/ceipperezacevedo\/files\/2019\/11\/IMG-20191111-WA006011-18x24.jpg 18w, https:\/\/blogsaverroes.juntadeandalucia.es\/ceipperezacevedo\/files\/2019\/11\/IMG-20191111-WA006011-27x36.jpg 27w, https:\/\/blogsaverroes.juntadeandalucia.es\/ceipperezacevedo\/files\/2019\/11\/IMG-20191111-WA006011-36x48.jpg 36w, https:\/\/blogsaverroes.juntadeandalucia.es\/ceipperezacevedo\/files\/2019\/11\/IMG-20191111-WA006011.jpg 1200w\" sizes=\"(max-width: 525px) 100vw, 525px\" \/><\/a><\/p>\n<p><span style=\"color: #ff0000\"><strong>31\/10\/2019<\/strong><\/span><\/p>\n<p><img loading=\"lazy\" decoding=\"async\" src=\"https:\/\/www.gifmania.com\/Gif-Animados-Halloween\/Imagenes-Calabazas-Halloween\/Calabazas-Halloween-Miedo\/calabaza-halloween35-42282.gif\" alt=\"Calabazas de Halloween de Miedo - GIFMANIA\" width=\"44\" height=\"31\"><img loading=\"lazy\" decoding=\"async\" src=\"https:\/\/www.gifmania.com\/Gif-Animados-Halloween\/Imagenes-Calabazas-Halloween\/Calabazas-Halloween-Miedo\/calabaza-halloween35-42282.gif\" alt=\"Calabazas de Halloween de Miedo - GIFMANIA\" width=\"43\" height=\"30\"><img loading=\"lazy\" decoding=\"async\" src=\"https:\/\/www.gifmania.com\/Gif-Animados-Halloween\/Imagenes-Calabazas-Halloween\/Calabazas-Halloween-Miedo\/calabaza-halloween35-42282.gif\" alt=\"Calabazas de Halloween de Miedo - GIFMANIA\" width=\"43\" height=\"30\"><img loading=\"lazy\" decoding=\"async\" src=\"https:\/\/www.gifmania.com\/Gif-Animados-Halloween\/Imagenes-Calabazas-Halloween\/Calabazas-Halloween-Miedo\/calabaza-halloween35-42282.gif\" alt=\"Calabazas de Halloween de Miedo - GIFMANIA\" width=\"43\" height=\"30\"><img loading=\"lazy\" decoding=\"async\" src=\"https:\/\/www.gifmania.com\/Gif-Animados-Halloween\/Imagenes-Calabazas-Halloween\/Calabazas-Halloween-Miedo\/calabaza-halloween35-42282.gif\" alt=\"Calabazas de Halloween de Miedo - GIFMANIA\" width=\"43\" height=\"30\"><img loading=\"lazy\" decoding=\"async\" src=\"https:\/\/www.gifmania.com\/Gif-Animados-Halloween\/Imagenes-Calabazas-Halloween\/Calabazas-Halloween-Miedo\/calabaza-halloween35-42282.gif\" alt=\"Calabazas de Halloween de Miedo - GIFMANIA\" width=\"43\" height=\"30\"><\/p>\n<p style=\"text-align: justify\">Con motivo de la celebraci\u00f3n de Halloween, hemos realizado en el centro numerosas actividades, entre las que destacan un concurso de manualidades terror\u00edficas, un pase de disfraces y una coreograf\u00eda :<\/p>\n<p style=\"text-align: justify\">Os dejamos algunas fotos de esos momentos:<\/p>\n<p style=\"text-align: center\"><i><a href=\"https:\/\/blogsaverroes.juntadeandalucia.es\/ceipperezacevedo\/files\/2019\/11\/premios.jpg\"><img loading=\"lazy\" decoding=\"async\" class=\"aligncenter size-large wp-image-2938\" src=\"https:\/\/blogsaverroes.juntadeandalucia.es\/ceipperezacevedo\/files\/2019\/11\/premios-1024x512.jpg\" alt=\"\" width=\"525\" height=\"263\" srcset=\"https:\/\/blogsaverroes.juntadeandalucia.es\/ceipperezacevedo\/files\/2019\/11\/premios-1024x512.jpg 1024w, https:\/\/blogsaverroes.juntadeandalucia.es\/ceipperezacevedo\/files\/2019\/11\/premios-300x150.jpg 300w, https:\/\/blogsaverroes.juntadeandalucia.es\/ceipperezacevedo\/files\/2019\/11\/premios-768x384.jpg 768w, https:\/\/blogsaverroes.juntadeandalucia.es\/ceipperezacevedo\/files\/2019\/11\/premios-24x12.jpg 24w, https:\/\/blogsaverroes.juntadeandalucia.es\/ceipperezacevedo\/files\/2019\/11\/premios-36x18.jpg 36w, https:\/\/blogsaverroes.juntadeandalucia.es\/ceipperezacevedo\/files\/2019\/11\/premios-48x24.jpg 48w, https:\/\/blogsaverroes.juntadeandalucia.es\/ceipperezacevedo\/files\/2019\/11\/premios.jpg 1600w\" sizes=\"(max-width: 525px) 100vw, 525px\" \/><\/a> <a href=\"https:\/\/blogsaverroes.juntadeandalucia.es\/ceipperezacevedo\/files\/2019\/11\/coreografia.jpg\"><img loading=\"lazy\" decoding=\"async\" class=\"aligncenter size-large wp-image-2939\" src=\"https:\/\/blogsaverroes.juntadeandalucia.es\/ceipperezacevedo\/files\/2019\/11\/coreografia-1024x512.jpg\" alt=\"\" width=\"525\" height=\"263\" srcset=\"https:\/\/blogsaverroes.juntadeandalucia.es\/ceipperezacevedo\/files\/2019\/11\/coreografia-1024x512.jpg 1024w, https:\/\/blogsaverroes.juntadeandalucia.es\/ceipperezacevedo\/files\/2019\/11\/coreografia-300x150.jpg 300w, https:\/\/blogsaverroes.juntadeandalucia.es\/ceipperezacevedo\/files\/2019\/11\/coreografia-768x384.jpg 768w, https:\/\/blogsaverroes.juntadeandalucia.es\/ceipperezacevedo\/files\/2019\/11\/coreografia-24x12.jpg 24w, https:\/\/blogsaverroes.juntadeandalucia.es\/ceipperezacevedo\/files\/2019\/11\/coreografia-36x18.jpg 36w, https:\/\/blogsaverroes.juntadeandalucia.es\/ceipperezacevedo\/files\/2019\/11\/coreografia-48x24.jpg 48w, https:\/\/blogsaverroes.juntadeandalucia.es\/ceipperezacevedo\/files\/2019\/11\/coreografia.jpg 1600w\" sizes=\"(max-width: 525px) 100vw, 525px\" \/><\/a> <a href=\"https:\/\/blogsaverroes.juntadeandalucia.es\/ceipperezacevedo\/files\/2019\/11\/pase-disfraces.jpg\"><img loading=\"lazy\" decoding=\"async\" class=\"aligncenter size-large wp-image-2940\" src=\"https:\/\/blogsaverroes.juntadeandalucia.es\/ceipperezacevedo\/files\/2019\/11\/pase-disfraces-1024x512.jpg\" alt=\"\" width=\"525\" height=\"263\" srcset=\"https:\/\/blogsaverroes.juntadeandalucia.es\/ceipperezacevedo\/files\/2019\/11\/pase-disfraces-1024x512.jpg 1024w, https:\/\/blogsaverroes.juntadeandalucia.es\/ceipperezacevedo\/files\/2019\/11\/pase-disfraces-300x150.jpg 300w, https:\/\/blogsaverroes.juntadeandalucia.es\/ceipperezacevedo\/files\/2019\/11\/pase-disfraces-768x384.jpg 768w, https:\/\/blogsaverroes.juntadeandalucia.es\/ceipperezacevedo\/files\/2019\/11\/pase-disfraces-24x12.jpg 24w, https:\/\/blogsaverroes.juntadeandalucia.es\/ceipperezacevedo\/files\/2019\/11\/pase-disfraces-36x18.jpg 36w, https:\/\/blogsaverroes.juntadeandalucia.es\/ceipperezacevedo\/files\/2019\/11\/pase-disfraces-48x24.jpg 48w, https:\/\/blogsaverroes.juntadeandalucia.es\/ceipperezacevedo\/files\/2019\/11\/pase-disfraces.jpg 1600w\" sizes=\"(max-width: 525px) 100vw, 525px\" \/><\/a><\/i><\/p>\n<p><img loading=\"lazy\" decoding=\"async\" src=\"https:\/\/www.gifmania.com\/Gif-Animados-Halloween\/Imagenes-Calabazas-Halloween\/Calabazas-Halloween-Miedo\/calabaza-halloween35-42282.gif\" alt=\"Calabazas de Halloween de Miedo - GIFMANIA\" width=\"43\" height=\"30\"><img loading=\"lazy\" decoding=\"async\" src=\"https:\/\/www.gifmania.com\/Gif-Animados-Halloween\/Imagenes-Calabazas-Halloween\/Calabazas-Halloween-Miedo\/calabaza-halloween35-42282.gif\" alt=\"Calabazas de Halloween de Miedo - GIFMANIA\" width=\"43\" height=\"30\"><img loading=\"lazy\" decoding=\"async\" src=\"https:\/\/www.gifmania.com\/Gif-Animados-Halloween\/Imagenes-Calabazas-Halloween\/Calabazas-Halloween-Miedo\/calabaza-halloween35-42282.gif\" alt=\"Calabazas de Halloween de Miedo - GIFMANIA\" width=\"43\" height=\"30\"><img loading=\"lazy\" decoding=\"async\" src=\"https:\/\/www.gifmania.com\/Gif-Animados-Halloween\/Imagenes-Calabazas-Halloween\/Calabazas-Halloween-Miedo\/calabaza-halloween35-42282.gif\" alt=\"Calabazas de Halloween de Miedo - GIFMANIA\" width=\"43\" height=\"30\"><img loading=\"lazy\" decoding=\"async\" src=\"https:\/\/www.gifmania.com\/Gif-Animados-Halloween\/Imagenes-Calabazas-Halloween\/Calabazas-Halloween-Miedo\/calabaza-halloween35-42282.gif\" alt=\"Calabazas de Halloween de Miedo - GIFMANIA\" width=\"43\" height=\"30\"><img loading=\"lazy\" decoding=\"async\" src=\"https:\/\/www.gifmania.com\/Gif-Animados-Halloween\/Imagenes-Calabazas-Halloween\/Calabazas-Halloween-Miedo\/calabaza-halloween35-42282.gif\" alt=\"Calabazas de Halloween de Miedo - GIFMANIA\" width=\"43\" height=\"30\"><\/p>\n<p><span style=\"color: #ff0000\"><b>21\/10\/2019<\/b><\/span><\/p>\n<p>\u00c9xito de participaci\u00f3n en la marcha Escolar ben\u00e9fica a favor de la investigaci\u00f3n de la Leucemia Infantil. A continuaci\u00f3n puedes ver la noticia de la televisi\u00f3n local.<\/p>\n<p style=\"text-align: center\"><iframe loading=\"lazy\" src=\"https:\/\/www.youtube.com\/embed\/Tm6wiPdHJjw\" width=\"560\" height=\"315\" frameborder=\"0\"><\/iframe>&nbsp;<\/p>\n<p><span style=\"color: #ff0000\"><b>15\/10\/2019<\/b><\/span><\/p>\n<p style=\"text-align: center\"><a href=\"https:\/\/blogsaverroes.juntadeandalucia.es\/ceipperezacevedo\/files\/2019\/10\/CARRERA.jpg\"><img loading=\"lazy\" decoding=\"async\" class=\"aligncenter size-full wp-image-2911\" src=\"https:\/\/blogsaverroes.juntadeandalucia.es\/ceipperezacevedo\/files\/2019\/10\/CARRERA.jpg\" alt=\"\" width=\"523\" height=\"686\" srcset=\"https:\/\/blogsaverroes.juntadeandalucia.es\/ceipperezacevedo\/files\/2019\/10\/CARRERA.jpg 523w, https:\/\/blogsaverroes.juntadeandalucia.es\/ceipperezacevedo\/files\/2019\/10\/CARRERA-229x300.jpg 229w, https:\/\/blogsaverroes.juntadeandalucia.es\/ceipperezacevedo\/files\/2019\/10\/CARRERA-18x24.jpg 18w, https:\/\/blogsaverroes.juntadeandalucia.es\/ceipperezacevedo\/files\/2019\/10\/CARRERA-27x36.jpg 27w, https:\/\/blogsaverroes.juntadeandalucia.es\/ceipperezacevedo\/files\/2019\/10\/CARRERA-37x48.jpg 37w\" sizes=\"(max-width: 523px) 100vw, 523px\" \/><\/a><\/p>\n<p style=\"text-align: justify\">El CEIP Rodrig\u00f3 P\u00e9rez de Acevedo y el CEIP Alonso Barba os comunican que para el pr\u00f3ximo lunes, d\u00eda <strong>21 de octubre<\/strong>, se va a celebrar una carrera solidaria, en los alrededores del CEIP Alonso Barba, para la investigaci\u00f3n contra la leucemia infantil.<\/p>\n<p style=\"text-align: justify\">\u201cLa Vuelta al Cole\u201d es un proyecto de uno entre cien mil donde todos y todas corremos para que los \u201cpeques\u201d enfermos de leucemia infantil sepan que luchamos en encontrar la cura.<\/p>\n<p style=\"text-align: justify\">T\u00fa puedes ayudar aportando un euro por tu dorsal.<\/p>\n<p style=\"text-align: justify\">Invitamos a las familias a que participen junto a sus hijos\/as en esta causa. Para ello, todas aquellas personas interesadas en correr, deben rellenar la siguiente inscripci\u00f3n y entregarla junto al euro solidario a cada tutor\/a.<\/p>\n<p>HORARIO DE CARRERAS<\/p>\n<table>\n<tbody>\n<tr>\n<td width=\"149\">10:00 a 11:00<\/td>\n<td width=\"427\">Educaci\u00f3n Infantil<\/td>\n<\/tr>\n<tr>\n<td width=\"149\">11:00 a 11:30<\/td>\n<td width=\"427\">Educaci\u00f3n Primaria: Primer Ciclo<\/td>\n<\/tr>\n<tr>\n<td width=\"149\">11:30 a 12:00<\/td>\n<td width=\"427\">Educaci\u00f3n Primaria: Segundo Ciclo<\/td>\n<\/tr>\n<tr>\n<td width=\"149\">12:00 a 12:30<\/td>\n<td width=\"427\">Educaci\u00f3n Primaria: Tercer Ciclo<\/td>\n<\/tr>\n<\/tbody>\n<\/table>\n<p>&nbsp;<\/p>\n<p>* Las familias interesadas en participar deber\u00e1n estar 15 minutos antes del horario de la carrera en las pistas del CEIP Alonso Barba.<\/p>\n<p>&nbsp;<\/p>\n<p><b>18\/06\/2019<\/b><\/p>\n<p><a href=\"https:\/\/blogsaverroes.juntadeandalucia.es\/ceipperezacevedo\/files\/2018\/04\/EXPOSICI\u00d3N-DAL\u00cd.jpg\"><img loading=\"lazy\" decoding=\"async\" class=\"aligncenter size-full wp-image-2820\" src=\"https:\/\/blogsaverroes.juntadeandalucia.es\/ceipperezacevedo\/files\/2018\/04\/EXPOSICI\u00d3N-DAL\u00cd.jpg\" alt=\"\" width=\"960\" height=\"720\" srcset=\"https:\/\/blogsaverroes.juntadeandalucia.es\/ceipperezacevedo\/files\/2018\/04\/EXPOSICI\u00d3N-DAL\u00cd.jpg 960w, https:\/\/blogsaverroes.juntadeandalucia.es\/ceipperezacevedo\/files\/2018\/04\/EXPOSICI\u00d3N-DAL\u00cd-300x225.jpg 300w, https:\/\/blogsaverroes.juntadeandalucia.es\/ceipperezacevedo\/files\/2018\/04\/EXPOSICI\u00d3N-DAL\u00cd-768x576.jpg 768w, https:\/\/blogsaverroes.juntadeandalucia.es\/ceipperezacevedo\/files\/2018\/04\/EXPOSICI\u00d3N-DAL\u00cd-24x18.jpg 24w, https:\/\/blogsaverroes.juntadeandalucia.es\/ceipperezacevedo\/files\/2018\/04\/EXPOSICI\u00d3N-DAL\u00cd-36x27.jpg 36w, https:\/\/blogsaverroes.juntadeandalucia.es\/ceipperezacevedo\/files\/2018\/04\/EXPOSICI\u00d3N-DAL\u00cd-48x36.jpg 48w\" sizes=\"(max-width: 960px) 100vw, 960px\" \/><\/a><\/p>\n<p>El pr\u00f3ximo d\u00eda 21 de junio el alumnado del centro podr\u00e1 disfrutar de la <strong>II Edici\u00f3n de la Galer\u00eda de Arte<\/strong> en nuestro cole. Tras el \u00e9xito de la I edici\u00f3n \u00abVan Gogh: Vida y obra\u00bb, este a\u00f1o el protagonista ser\u00e1 Salvador Dal\u00ed, con una exposici\u00f3n titulada <strong>\u00abSurrealismo y Arte. DAL\u00cd\u00bb<\/strong>, que estar\u00e1 constituida por la muestra de diferentes obras c\u00e9lebres de este pintor y escultor replicadas mediante el uso de diferentes t\u00e9cnicas como el collage, las texturas, acuarelas, drapeado y puzle. Dicha exposici\u00f3n correr\u00e1 a cargo del alumnado de 2\u00ba de Primaria.<\/p>\n<p><b>12\/06\/2019<\/b><\/p>\n<p>En el D\u00eda de la Seguridad Vial, el alumnado de Infantil de 5 a\u00f1os y el alumnado de 4\u00ba de Primaria han asistido a una convivencia local de Seguridad Vial. Os dejamos unas fotos de esta jornada.<\/p>\n<p><a href=\"https:\/\/blogsaverroes.juntadeandalucia.es\/ceipperezacevedo\/files\/2018\/04\/Educacion-Vial-OK-Definitivo.jpg\"><img loading=\"lazy\" decoding=\"async\" class=\"aligncenter size-large wp-image-2814\" src=\"https:\/\/blogsaverroes.juntadeandalucia.es\/ceipperezacevedo\/files\/2018\/04\/Educacion-Vial-OK-Definitivo-723x1024.jpg\" alt=\"\" width=\"525\" height=\"744\" srcset=\"https:\/\/blogsaverroes.juntadeandalucia.es\/ceipperezacevedo\/files\/2018\/04\/Educacion-Vial-OK-Definitivo-723x1024.jpg 723w, https:\/\/blogsaverroes.juntadeandalucia.es\/ceipperezacevedo\/files\/2018\/04\/Educacion-Vial-OK-Definitivo-212x300.jpg 212w, https:\/\/blogsaverroes.juntadeandalucia.es\/ceipperezacevedo\/files\/2018\/04\/Educacion-Vial-OK-Definitivo-768x1088.jpg 768w, https:\/\/blogsaverroes.juntadeandalucia.es\/ceipperezacevedo\/files\/2018\/04\/Educacion-Vial-OK-Definitivo-17x24.jpg 17w, https:\/\/blogsaverroes.juntadeandalucia.es\/ceipperezacevedo\/files\/2018\/04\/Educacion-Vial-OK-Definitivo-25x36.jpg 25w, https:\/\/blogsaverroes.juntadeandalucia.es\/ceipperezacevedo\/files\/2018\/04\/Educacion-Vial-OK-Definitivo-34x48.jpg 34w, https:\/\/blogsaverroes.juntadeandalucia.es\/ceipperezacevedo\/files\/2018\/04\/Educacion-Vial-OK-Definitivo.jpg 1024w\" sizes=\"(max-width: 525px) 100vw, 525px\" \/><\/a> <a href=\"https:\/\/blogsaverroes.juntadeandalucia.es\/ceipperezacevedo\/files\/2018\/04\/poli1.jpg\"><img loading=\"lazy\" decoding=\"async\" class=\"aligncenter size-large wp-image-2815\" src=\"https:\/\/blogsaverroes.juntadeandalucia.es\/ceipperezacevedo\/files\/2018\/04\/poli1-1024x768.jpg\" alt=\"\" width=\"525\" height=\"394\"><\/a> <a href=\"https:\/\/blogsaverroes.juntadeandalucia.es\/ceipperezacevedo\/files\/2018\/04\/poli3.jpg\"><img loading=\"lazy\" decoding=\"async\" class=\"aligncenter size-large wp-image-2817\" src=\"https:\/\/blogsaverroes.juntadeandalucia.es\/ceipperezacevedo\/files\/2018\/04\/poli3.jpg\" alt=\"\" width=\"320\" height=\"240\" srcset=\"https:\/\/blogsaverroes.juntadeandalucia.es\/ceipperezacevedo\/files\/2018\/04\/poli3.jpg 320w, https:\/\/blogsaverroes.juntadeandalucia.es\/ceipperezacevedo\/files\/2018\/04\/poli3-300x225.jpg 300w, https:\/\/blogsaverroes.juntadeandalucia.es\/ceipperezacevedo\/files\/2018\/04\/poli3-24x18.jpg 24w, https:\/\/blogsaverroes.juntadeandalucia.es\/ceipperezacevedo\/files\/2018\/04\/poli3-36x27.jpg 36w, https:\/\/blogsaverroes.juntadeandalucia.es\/ceipperezacevedo\/files\/2018\/04\/poli3-48x36.jpg 48w\" sizes=\"(max-width: 320px) 100vw, 320px\" \/><\/a> <a href=\"https:\/\/blogsaverroes.juntadeandalucia.es\/ceipperezacevedo\/files\/2018\/04\/poli4.jpg\"><img loading=\"lazy\" decoding=\"async\" class=\"aligncenter size-large wp-image-2818\" src=\"https:\/\/blogsaverroes.juntadeandalucia.es\/ceipperezacevedo\/files\/2018\/04\/poli4-1024x768.jpg\" alt=\"\" width=\"525\" height=\"394\" srcset=\"https:\/\/blogsaverroes.juntadeandalucia.es\/ceipperezacevedo\/files\/2018\/04\/poli4-1024x768.jpg 1024w, https:\/\/blogsaverroes.juntadeandalucia.es\/ceipperezacevedo\/files\/2018\/04\/poli4-300x225.jpg 300w, https:\/\/blogsaverroes.juntadeandalucia.es\/ceipperezacevedo\/files\/2018\/04\/poli4-768x576.jpg 768w, https:\/\/blogsaverroes.juntadeandalucia.es\/ceipperezacevedo\/files\/2018\/04\/poli4.jpg 1599w, https:\/\/blogsaverroes.juntadeandalucia.es\/ceipperezacevedo\/files\/2018\/04\/poli4-24x18.jpg 24w, https:\/\/blogsaverroes.juntadeandalucia.es\/ceipperezacevedo\/files\/2018\/04\/poli4-36x27.jpg 36w, https:\/\/blogsaverroes.juntadeandalucia.es\/ceipperezacevedo\/files\/2018\/04\/poli4-48x36.jpg 48w\" sizes=\"(max-width: 525px) 100vw, 525px\" \/><\/a><\/p>\n<p><strong>09\/05\/2019<\/strong><\/p>\n<h6>OFRENDA FLORAL Y ROMER\u00cdA ESCOLAR<\/h6>\n<p>Hoy hemos ofrendado el Pend\u00f3n Escolar de Nuestra Stma. Sra. la Virgen de la Bella. Los ni\u00f1os y ni\u00f1as de todo el cole hemos ido desfilando ante el Pend\u00f3n y hemos hecho una ofrenda floral acompa\u00f1ada de diferentes cantos, bailes y v\u00edtores tradicionales de nuestra ilustre feria local. Adem\u00e1s, todo el alumnado ha venido ataviado con la vestimenta t\u00edpica de nuestra Romer\u00eda.<\/p>\n<p>Os dejamos algunas im\u00e1genes de esta celebraci\u00f3n:<\/p>\n<p><a href=\"https:\/\/blogsaverroes.juntadeandalucia.es\/ceipperezacevedo\/files\/2018\/04\/thumbnail_P90509-123637.jpg\"><img loading=\"lazy\" decoding=\"async\" class=\"aligncenter size-large wp-image-2798\" src=\"https:\/\/blogsaverroes.juntadeandalucia.es\/ceipperezacevedo\/files\/2018\/04\/thumbnail_P90509-123637-1024x512.jpg\" alt=\"\" width=\"525\" height=\"263\" srcset=\"https:\/\/blogsaverroes.juntadeandalucia.es\/ceipperezacevedo\/files\/2018\/04\/thumbnail_P90509-123637-1024x512.jpg 1024w, https:\/\/blogsaverroes.juntadeandalucia.es\/ceipperezacevedo\/files\/2018\/04\/thumbnail_P90509-123637-300x150.jpg 300w, https:\/\/blogsaverroes.juntadeandalucia.es\/ceipperezacevedo\/files\/2018\/04\/thumbnail_P90509-123637-768x384.jpg 768w, https:\/\/blogsaverroes.juntadeandalucia.es\/ceipperezacevedo\/files\/2018\/04\/thumbnail_P90509-123637-24x12.jpg 24w, https:\/\/blogsaverroes.juntadeandalucia.es\/ceipperezacevedo\/files\/2018\/04\/thumbnail_P90509-123637-36x18.jpg 36w, https:\/\/blogsaverroes.juntadeandalucia.es\/ceipperezacevedo\/files\/2018\/04\/thumbnail_P90509-123637-48x24.jpg 48w, https:\/\/blogsaverroes.juntadeandalucia.es\/ceipperezacevedo\/files\/2018\/04\/thumbnail_P90509-123637.jpg 1280w\" sizes=\"(max-width: 525px) 100vw, 525px\" \/><\/a> <a href=\"https:\/\/blogsaverroes.juntadeandalucia.es\/ceipperezacevedo\/files\/2018\/04\/thumbnail_P90509-132538.jpg\"><img loading=\"lazy\" decoding=\"async\" class=\"aligncenter size-large wp-image-2799\" src=\"https:\/\/blogsaverroes.juntadeandalucia.es\/ceipperezacevedo\/files\/2018\/04\/thumbnail_P90509-132538-1024x512.jpg\" alt=\"\" width=\"525\" height=\"263\" srcset=\"https:\/\/blogsaverroes.juntadeandalucia.es\/ceipperezacevedo\/files\/2018\/04\/thumbnail_P90509-132538-1024x512.jpg 1024w, https:\/\/blogsaverroes.juntadeandalucia.es\/ceipperezacevedo\/files\/2018\/04\/thumbnail_P90509-132538-300x150.jpg 300w, https:\/\/blogsaverroes.juntadeandalucia.es\/ceipperezacevedo\/files\/2018\/04\/thumbnail_P90509-132538-768x384.jpg 768w, https:\/\/blogsaverroes.juntadeandalucia.es\/ceipperezacevedo\/files\/2018\/04\/thumbnail_P90509-132538-24x12.jpg 24w, https:\/\/blogsaverroes.juntadeandalucia.es\/ceipperezacevedo\/files\/2018\/04\/thumbnail_P90509-132538-36x18.jpg 36w, https:\/\/blogsaverroes.juntadeandalucia.es\/ceipperezacevedo\/files\/2018\/04\/thumbnail_P90509-132538-48x24.jpg 48w, https:\/\/blogsaverroes.juntadeandalucia.es\/ceipperezacevedo\/files\/2018\/04\/thumbnail_P90509-132538.jpg 1280w\" sizes=\"(max-width: 525px) 100vw, 525px\" \/><\/a> <a href=\"https:\/\/blogsaverroes.juntadeandalucia.es\/ceipperezacevedo\/files\/2018\/04\/thumbnail_P90509-133409.jpg\"><img loading=\"lazy\" decoding=\"async\" class=\"aligncenter size-large wp-image-2800\" src=\"https:\/\/blogsaverroes.juntadeandalucia.es\/ceipperezacevedo\/files\/2018\/04\/thumbnail_P90509-133409-1024x512.jpg\" alt=\"\" width=\"525\" height=\"263\" srcset=\"https:\/\/blogsaverroes.juntadeandalucia.es\/ceipperezacevedo\/files\/2018\/04\/thumbnail_P90509-133409-1024x512.jpg 1024w, https:\/\/blogsaverroes.juntadeandalucia.es\/ceipperezacevedo\/files\/2018\/04\/thumbnail_P90509-133409-300x150.jpg 300w, https:\/\/blogsaverroes.juntadeandalucia.es\/ceipperezacevedo\/files\/2018\/04\/thumbnail_P90509-133409-768x384.jpg 768w, https:\/\/blogsaverroes.juntadeandalucia.es\/ceipperezacevedo\/files\/2018\/04\/thumbnail_P90509-133409-24x12.jpg 24w, https:\/\/blogsaverroes.juntadeandalucia.es\/ceipperezacevedo\/files\/2018\/04\/thumbnail_P90509-133409-36x18.jpg 36w, https:\/\/blogsaverroes.juntadeandalucia.es\/ceipperezacevedo\/files\/2018\/04\/thumbnail_P90509-133409-48x24.jpg 48w, https:\/\/blogsaverroes.juntadeandalucia.es\/ceipperezacevedo\/files\/2018\/04\/thumbnail_P90509-133409.jpg 1280w\" sizes=\"(max-width: 525px) 100vw, 525px\" \/><\/a><\/p>\n<p><strong>29\/04\/2019<\/strong><\/p>\n<p><strong>Visita al Parque Nacional de Do\u00f1ana y aldea de El Roc\u00edo<\/strong><\/p>\n<p>El alumnado de tercer ciclo de Educaci\u00f3n Primaria ha ido de excursi\u00f3n al Parque Nacional de Do\u00f1ana y a la cercana aldea de El Roc\u00edo. La visita guiada en el Parque Nacional ha permitido a los estudiantes poder conocer &nbsp;y avistar la abundante fauna aut\u00f3ctona de la zona as\u00ed como, interpretar la flora y la diferente orograf\u00eda del paisaje marisme\u00f1o en el que se encuadra Do\u00f1ana.<\/p>\n<p><a href=\"https:\/\/blogsaverroes.juntadeandalucia.es\/ceipperezacevedo\/files\/2018\/04\/image2.jpeg\"><img loading=\"lazy\" decoding=\"async\" class=\"aligncenter size-large wp-image-2788\" src=\"https:\/\/blogsaverroes.juntadeandalucia.es\/ceipperezacevedo\/files\/2018\/04\/image2-1024x768.jpeg\" alt=\"\" width=\"525\" height=\"394\" srcset=\"https:\/\/blogsaverroes.juntadeandalucia.es\/ceipperezacevedo\/files\/2018\/04\/image2-1024x768.jpeg 1024w, https:\/\/blogsaverroes.juntadeandalucia.es\/ceipperezacevedo\/files\/2018\/04\/image2-300x225.jpeg 300w, https:\/\/blogsaverroes.juntadeandalucia.es\/ceipperezacevedo\/files\/2018\/04\/image2-768x576.jpeg 768w, https:\/\/blogsaverroes.juntadeandalucia.es\/ceipperezacevedo\/files\/2018\/04\/image2.jpeg 1600w, https:\/\/blogsaverroes.juntadeandalucia.es\/ceipperezacevedo\/files\/2018\/04\/image2-24x18.jpeg 24w, https:\/\/blogsaverroes.juntadeandalucia.es\/ceipperezacevedo\/files\/2018\/04\/image2-36x27.jpeg 36w, https:\/\/blogsaverroes.juntadeandalucia.es\/ceipperezacevedo\/files\/2018\/04\/image2-48x36.jpeg 48w\" sizes=\"(max-width: 525px) 100vw, 525px\" \/><\/a> <a href=\"https:\/\/blogsaverroes.juntadeandalucia.es\/ceipperezacevedo\/files\/2018\/04\/thumbnail_image1.jpg\"><img loading=\"lazy\" decoding=\"async\" class=\"aligncenter size-large wp-image-2789\" src=\"https:\/\/blogsaverroes.juntadeandalucia.es\/ceipperezacevedo\/files\/2018\/04\/thumbnail_image1.jpg\" alt=\"\" width=\"481\" height=\"640\" srcset=\"https:\/\/blogsaverroes.juntadeandalucia.es\/ceipperezacevedo\/files\/2018\/04\/thumbnail_image1.jpg 481w, https:\/\/blogsaverroes.juntadeandalucia.es\/ceipperezacevedo\/files\/2018\/04\/thumbnail_image1-225x300.jpg 225w, https:\/\/blogsaverroes.juntadeandalucia.es\/ceipperezacevedo\/files\/2018\/04\/thumbnail_image1-18x24.jpg 18w, https:\/\/blogsaverroes.juntadeandalucia.es\/ceipperezacevedo\/files\/2018\/04\/thumbnail_image1-27x36.jpg 27w, https:\/\/blogsaverroes.juntadeandalucia.es\/ceipperezacevedo\/files\/2018\/04\/thumbnail_image1-36x48.jpg 36w\" sizes=\"(max-width: 481px) 100vw, 481px\" \/><\/a> <a href=\"https:\/\/blogsaverroes.juntadeandalucia.es\/ceipperezacevedo\/files\/2018\/04\/image3.jpeg\"><img loading=\"lazy\" decoding=\"async\" class=\"aligncenter size-large wp-image-2790\" src=\"https:\/\/blogsaverroes.juntadeandalucia.es\/ceipperezacevedo\/files\/2018\/04\/image3-1024x768.jpeg\" alt=\"\" width=\"525\" height=\"394\" srcset=\"https:\/\/blogsaverroes.juntadeandalucia.es\/ceipperezacevedo\/files\/2018\/04\/image3-1024x768.jpeg 1024w, https:\/\/blogsaverroes.juntadeandalucia.es\/ceipperezacevedo\/files\/2018\/04\/image3-300x225.jpeg 300w, https:\/\/blogsaverroes.juntadeandalucia.es\/ceipperezacevedo\/files\/2018\/04\/image3-768x576.jpeg 768w, https:\/\/blogsaverroes.juntadeandalucia.es\/ceipperezacevedo\/files\/2018\/04\/image3.jpeg 1600w, https:\/\/blogsaverroes.juntadeandalucia.es\/ceipperezacevedo\/files\/2018\/04\/image3-24x18.jpeg 24w, https:\/\/blogsaverroes.juntadeandalucia.es\/ceipperezacevedo\/files\/2018\/04\/image3-36x27.jpeg 36w, https:\/\/blogsaverroes.juntadeandalucia.es\/ceipperezacevedo\/files\/2018\/04\/image3-48x36.jpeg 48w\" sizes=\"(max-width: 525px) 100vw, 525px\" \/><\/a><\/p>\n<h6>&nbsp;<strong>23\/04\/2019<\/strong><\/h6>\n<h6>D\u00cdA INTERNACIONAL DEL LIBRO<\/h6>\n<p>La fecha elegida para celebrar el <strong>D\u00eda del Libro<\/strong> no es fruto del azar sino que se decidi\u00f3 que fuera ese d\u00eda porque fue un 23 de abril cuando escritores como&nbsp;<strong>Miguel de Cervantes<\/strong>,<strong>William Shakespeare<\/strong>, <strong>Garcilaso de la Vega,&nbsp;<\/strong><strong>William Wordsworth<\/strong> o <strong>Josep Pla<\/strong> murieron. Tambi\u00e9n fue un 23 de abril cuando escritores como Manuel Mej\u00eda Vallejo, Maurice Druon o Halld\u00f3r Laxness nacieron.<\/p>\n<p>Desde el CEIP Rodrigo P\u00e9rez de Acevedo se han realizado numerosas actividades para celebrar este d\u00eda tan importante. El <em>Apadrinamiento lector,<\/em> la representaci\u00f3n de poemas famosos, el <em>Cuentacuentos para la tercera edad, <\/em>entre otras, han sido las actividades m\u00e1s destacadas que se han desarrollado en la jornada de hoy, en las cuales el alumnado de nuestro centro ha sido protagonista y organizador de su funcionamiento.<\/p>\n<p>Se adjuntan algunas fotos de las actividades del apadrinamiento lector, el resto de contenido multimedia podr\u00e1 verse en el apartado <a href=\"https:\/\/blogsaverroes.juntadeandalucia.es\/ceipperezacevedo\/biblioteca\/\"><em>BIBLIOTECA.<\/em><\/a><\/p>\n<p><a href=\"https:\/\/blogsaverroes.juntadeandalucia.es\/ceipperezacevedo\/files\/2018\/04\/thumbnail_P90423-101714.jpg\"><img loading=\"lazy\" decoding=\"async\" class=\"aligncenter size-large wp-image-2773\" src=\"https:\/\/blogsaverroes.juntadeandalucia.es\/ceipperezacevedo\/files\/2018\/04\/thumbnail_P90423-101714-1024x512.jpg\" alt=\"\" width=\"525\" height=\"263\" srcset=\"https:\/\/blogsaverroes.juntadeandalucia.es\/ceipperezacevedo\/files\/2018\/04\/thumbnail_P90423-101714-1024x512.jpg 1024w, https:\/\/blogsaverroes.juntadeandalucia.es\/ceipperezacevedo\/files\/2018\/04\/thumbnail_P90423-101714-300x150.jpg 300w, https:\/\/blogsaverroes.juntadeandalucia.es\/ceipperezacevedo\/files\/2018\/04\/thumbnail_P90423-101714-768x384.jpg 768w, https:\/\/blogsaverroes.juntadeandalucia.es\/ceipperezacevedo\/files\/2018\/04\/thumbnail_P90423-101714-24x12.jpg 24w, https:\/\/blogsaverroes.juntadeandalucia.es\/ceipperezacevedo\/files\/2018\/04\/thumbnail_P90423-101714-36x18.jpg 36w, https:\/\/blogsaverroes.juntadeandalucia.es\/ceipperezacevedo\/files\/2018\/04\/thumbnail_P90423-101714-48x24.jpg 48w, https:\/\/blogsaverroes.juntadeandalucia.es\/ceipperezacevedo\/files\/2018\/04\/thumbnail_P90423-101714.jpg 1280w\" sizes=\"(max-width: 525px) 100vw, 525px\" \/><\/a> <a href=\"https:\/\/blogsaverroes.juntadeandalucia.es\/ceipperezacevedo\/files\/2018\/04\/thumbnail_P90423-101723.jpg\"><img loading=\"lazy\" decoding=\"async\" class=\"aligncenter size-large wp-image-2774\" src=\"https:\/\/blogsaverroes.juntadeandalucia.es\/ceipperezacevedo\/files\/2018\/04\/thumbnail_P90423-101723-1024x512.jpg\" alt=\"\" width=\"525\" height=\"263\" srcset=\"https:\/\/blogsaverroes.juntadeandalucia.es\/ceipperezacevedo\/files\/2018\/04\/thumbnail_P90423-101723-1024x512.jpg 1024w, https:\/\/blogsaverroes.juntadeandalucia.es\/ceipperezacevedo\/files\/2018\/04\/thumbnail_P90423-101723-300x150.jpg 300w, https:\/\/blogsaverroes.juntadeandalucia.es\/ceipperezacevedo\/files\/2018\/04\/thumbnail_P90423-101723-768x384.jpg 768w, https:\/\/blogsaverroes.juntadeandalucia.es\/ceipperezacevedo\/files\/2018\/04\/thumbnail_P90423-101723-24x12.jpg 24w, https:\/\/blogsaverroes.juntadeandalucia.es\/ceipperezacevedo\/files\/2018\/04\/thumbnail_P90423-101723-36x18.jpg 36w, https:\/\/blogsaverroes.juntadeandalucia.es\/ceipperezacevedo\/files\/2018\/04\/thumbnail_P90423-101723-48x24.jpg 48w, https:\/\/blogsaverroes.juntadeandalucia.es\/ceipperezacevedo\/files\/2018\/04\/thumbnail_P90423-101723.jpg 1280w\" sizes=\"(max-width: 525px) 100vw, 525px\" \/><\/a> <a href=\"https:\/\/blogsaverroes.juntadeandalucia.es\/ceipperezacevedo\/files\/2018\/04\/thumbnail_P90423-101753.jpg\"><img loading=\"lazy\" decoding=\"async\" class=\"aligncenter size-large wp-image-2775\" src=\"https:\/\/blogsaverroes.juntadeandalucia.es\/ceipperezacevedo\/files\/2018\/04\/thumbnail_P90423-101753-1024x512.jpg\" alt=\"\" width=\"525\" height=\"263\" srcset=\"https:\/\/blogsaverroes.juntadeandalucia.es\/ceipperezacevedo\/files\/2018\/04\/thumbnail_P90423-101753-1024x512.jpg 1024w, https:\/\/blogsaverroes.juntadeandalucia.es\/ceipperezacevedo\/files\/2018\/04\/thumbnail_P90423-101753-300x150.jpg 300w, https:\/\/blogsaverroes.juntadeandalucia.es\/ceipperezacevedo\/files\/2018\/04\/thumbnail_P90423-101753-768x384.jpg 768w, https:\/\/blogsaverroes.juntadeandalucia.es\/ceipperezacevedo\/files\/2018\/04\/thumbnail_P90423-101753-24x12.jpg 24w, https:\/\/blogsaverroes.juntadeandalucia.es\/ceipperezacevedo\/files\/2018\/04\/thumbnail_P90423-101753-36x18.jpg 36w, https:\/\/blogsaverroes.juntadeandalucia.es\/ceipperezacevedo\/files\/2018\/04\/thumbnail_P90423-101753-48x24.jpg 48w, https:\/\/blogsaverroes.juntadeandalucia.es\/ceipperezacevedo\/files\/2018\/04\/thumbnail_P90423-101753.jpg 1280w\" sizes=\"(max-width: 525px) 100vw, 525px\" \/><\/a> <a href=\"https:\/\/blogsaverroes.juntadeandalucia.es\/ceipperezacevedo\/files\/2018\/04\/thumbnail_P90423-101803.jpg\"><img loading=\"lazy\" decoding=\"async\" class=\"aligncenter size-large wp-image-2776\" src=\"https:\/\/blogsaverroes.juntadeandalucia.es\/ceipperezacevedo\/files\/2018\/04\/thumbnail_P90423-101803-1024x512.jpg\" alt=\"\" width=\"525\" height=\"263\" srcset=\"https:\/\/blogsaverroes.juntadeandalucia.es\/ceipperezacevedo\/files\/2018\/04\/thumbnail_P90423-101803-1024x512.jpg 1024w, https:\/\/blogsaverroes.juntadeandalucia.es\/ceipperezacevedo\/files\/2018\/04\/thumbnail_P90423-101803-300x150.jpg 300w, https:\/\/blogsaverroes.juntadeandalucia.es\/ceipperezacevedo\/files\/2018\/04\/thumbnail_P90423-101803-768x384.jpg 768w, https:\/\/blogsaverroes.juntadeandalucia.es\/ceipperezacevedo\/files\/2018\/04\/thumbnail_P90423-101803-24x12.jpg 24w, https:\/\/blogsaverroes.juntadeandalucia.es\/ceipperezacevedo\/files\/2018\/04\/thumbnail_P90423-101803-36x18.jpg 36w, https:\/\/blogsaverroes.juntadeandalucia.es\/ceipperezacevedo\/files\/2018\/04\/thumbnail_P90423-101803-48x24.jpg 48w, https:\/\/blogsaverroes.juntadeandalucia.es\/ceipperezacevedo\/files\/2018\/04\/thumbnail_P90423-101803.jpg 1280w\" sizes=\"(max-width: 525px) 100vw, 525px\" \/><\/a> <a href=\"https:\/\/blogsaverroes.juntadeandalucia.es\/ceipperezacevedo\/files\/2018\/04\/thumbnail_P90423-100325.jpg\"><img loading=\"lazy\" decoding=\"async\" class=\"aligncenter size-large wp-image-2777\" src=\"https:\/\/blogsaverroes.juntadeandalucia.es\/ceipperezacevedo\/files\/2018\/04\/thumbnail_P90423-100325-1024x768.jpg\" alt=\"\" width=\"525\" height=\"394\" srcset=\"https:\/\/blogsaverroes.juntadeandalucia.es\/ceipperezacevedo\/files\/2018\/04\/thumbnail_P90423-100325-1024x768.jpg 1024w, https:\/\/blogsaverroes.juntadeandalucia.es\/ceipperezacevedo\/files\/2018\/04\/thumbnail_P90423-100325-300x225.jpg 300w, https:\/\/blogsaverroes.juntadeandalucia.es\/ceipperezacevedo\/files\/2018\/04\/thumbnail_P90423-100325-768x576.jpg 768w, https:\/\/blogsaverroes.juntadeandalucia.es\/ceipperezacevedo\/files\/2018\/04\/thumbnail_P90423-100325-24x18.jpg 24w, https:\/\/blogsaverroes.juntadeandalucia.es\/ceipperezacevedo\/files\/2018\/04\/thumbnail_P90423-100325-36x27.jpg 36w, https:\/\/blogsaverroes.juntadeandalucia.es\/ceipperezacevedo\/files\/2018\/04\/thumbnail_P90423-100325-48x36.jpg 48w, https:\/\/blogsaverroes.juntadeandalucia.es\/ceipperezacevedo\/files\/2018\/04\/thumbnail_P90423-100325.jpg 1280w\" sizes=\"(max-width: 525px) 100vw, 525px\" \/><\/a> <a href=\"https:\/\/blogsaverroes.juntadeandalucia.es\/ceipperezacevedo\/files\/2018\/04\/thumbnail_P90423-100409.jpg\"><img loading=\"lazy\" decoding=\"async\" class=\"aligncenter size-large wp-image-2778\" src=\"https:\/\/blogsaverroes.juntadeandalucia.es\/ceipperezacevedo\/files\/2018\/04\/thumbnail_P90423-100409-1024x512.jpg\" alt=\"\" width=\"525\" height=\"263\" srcset=\"https:\/\/blogsaverroes.juntadeandalucia.es\/ceipperezacevedo\/files\/2018\/04\/thumbnail_P90423-100409-1024x512.jpg 1024w, https:\/\/blogsaverroes.juntadeandalucia.es\/ceipperezacevedo\/files\/2018\/04\/thumbnail_P90423-100409-300x150.jpg 300w, https:\/\/blogsaverroes.juntadeandalucia.es\/ceipperezacevedo\/files\/2018\/04\/thumbnail_P90423-100409-768x384.jpg 768w, https:\/\/blogsaverroes.juntadeandalucia.es\/ceipperezacevedo\/files\/2018\/04\/thumbnail_P90423-100409-24x12.jpg 24w, https:\/\/blogsaverroes.juntadeandalucia.es\/ceipperezacevedo\/files\/2018\/04\/thumbnail_P90423-100409-36x18.jpg 36w, https:\/\/blogsaverroes.juntadeandalucia.es\/ceipperezacevedo\/files\/2018\/04\/thumbnail_P90423-100409-48x24.jpg 48w, https:\/\/blogsaverroes.juntadeandalucia.es\/ceipperezacevedo\/files\/2018\/04\/thumbnail_P90423-100409.jpg 1280w\" sizes=\"(max-width: 525px) 100vw, 525px\" \/><\/a> <a href=\"https:\/\/blogsaverroes.juntadeandalucia.es\/ceipperezacevedo\/files\/2018\/04\/thumbnail_P90423-100531.jpg\"><img loading=\"lazy\" decoding=\"async\" class=\"aligncenter size-large wp-image-2779\" src=\"https:\/\/blogsaverroes.juntadeandalucia.es\/ceipperezacevedo\/files\/2018\/04\/thumbnail_P90423-100531-1024x512.jpg\" alt=\"\" width=\"525\" height=\"263\" srcset=\"https:\/\/blogsaverroes.juntadeandalucia.es\/ceipperezacevedo\/files\/2018\/04\/thumbnail_P90423-100531-1024x512.jpg 1024w, https:\/\/blogsaverroes.juntadeandalucia.es\/ceipperezacevedo\/files\/2018\/04\/thumbnail_P90423-100531-300x150.jpg 300w, https:\/\/blogsaverroes.juntadeandalucia.es\/ceipperezacevedo\/files\/2018\/04\/thumbnail_P90423-100531-768x384.jpg 768w, https:\/\/blogsaverroes.juntadeandalucia.es\/ceipperezacevedo\/files\/2018\/04\/thumbnail_P90423-100531-24x12.jpg 24w, https:\/\/blogsaverroes.juntadeandalucia.es\/ceipperezacevedo\/files\/2018\/04\/thumbnail_P90423-100531-36x18.jpg 36w, https:\/\/blogsaverroes.juntadeandalucia.es\/ceipperezacevedo\/files\/2018\/04\/thumbnail_P90423-100531-48x24.jpg 48w, https:\/\/blogsaverroes.juntadeandalucia.es\/ceipperezacevedo\/files\/2018\/04\/thumbnail_P90423-100531.jpg 1280w\" sizes=\"(max-width: 525px) 100vw, 525px\" \/><\/a> <a href=\"https:\/\/blogsaverroes.juntadeandalucia.es\/ceipperezacevedo\/files\/2018\/04\/thumbnail_P90423-101148.jpg\"><img loading=\"lazy\" decoding=\"async\" class=\"aligncenter size-large wp-image-2780\" src=\"https:\/\/blogsaverroes.juntadeandalucia.es\/ceipperezacevedo\/files\/2018\/04\/thumbnail_P90423-101148-1024x768.jpg\" alt=\"\" width=\"525\" height=\"394\" srcset=\"https:\/\/blogsaverroes.juntadeandalucia.es\/ceipperezacevedo\/files\/2018\/04\/thumbnail_P90423-101148-1024x768.jpg 1024w, https:\/\/blogsaverroes.juntadeandalucia.es\/ceipperezacevedo\/files\/2018\/04\/thumbnail_P90423-101148-300x225.jpg 300w, https:\/\/blogsaverroes.juntadeandalucia.es\/ceipperezacevedo\/files\/2018\/04\/thumbnail_P90423-101148-768x576.jpg 768w, https:\/\/blogsaverroes.juntadeandalucia.es\/ceipperezacevedo\/files\/2018\/04\/thumbnail_P90423-101148-24x18.jpg 24w, https:\/\/blogsaverroes.juntadeandalucia.es\/ceipperezacevedo\/files\/2018\/04\/thumbnail_P90423-101148-36x27.jpg 36w, https:\/\/blogsaverroes.juntadeandalucia.es\/ceipperezacevedo\/files\/2018\/04\/thumbnail_P90423-101148-48x36.jpg 48w, https:\/\/blogsaverroes.juntadeandalucia.es\/ceipperezacevedo\/files\/2018\/04\/thumbnail_P90423-101148.jpg 1280w\" sizes=\"(max-width: 525px) 100vw, 525px\" \/><\/a> <a href=\"https:\/\/blogsaverroes.juntadeandalucia.es\/ceipperezacevedo\/files\/2018\/04\/thumbnail_P90423-101236.jpg\"><img loading=\"lazy\" decoding=\"async\" class=\"aligncenter size-large wp-image-2781\" src=\"https:\/\/blogsaverroes.juntadeandalucia.es\/ceipperezacevedo\/files\/2018\/04\/thumbnail_P90423-101236-1024x768.jpg\" alt=\"\" width=\"525\" height=\"394\" srcset=\"https:\/\/blogsaverroes.juntadeandalucia.es\/ceipperezacevedo\/files\/2018\/04\/thumbnail_P90423-101236-1024x768.jpg 1024w, https:\/\/blogsaverroes.juntadeandalucia.es\/ceipperezacevedo\/files\/2018\/04\/thumbnail_P90423-101236-300x225.jpg 300w, https:\/\/blogsaverroes.juntadeandalucia.es\/ceipperezacevedo\/files\/2018\/04\/thumbnail_P90423-101236-768x576.jpg 768w, https:\/\/blogsaverroes.juntadeandalucia.es\/ceipperezacevedo\/files\/2018\/04\/thumbnail_P90423-101236-24x18.jpg 24w, https:\/\/blogsaverroes.juntadeandalucia.es\/ceipperezacevedo\/files\/2018\/04\/thumbnail_P90423-101236-36x27.jpg 36w, https:\/\/blogsaverroes.juntadeandalucia.es\/ceipperezacevedo\/files\/2018\/04\/thumbnail_P90423-101236-48x36.jpg 48w, https:\/\/blogsaverroes.juntadeandalucia.es\/ceipperezacevedo\/files\/2018\/04\/thumbnail_P90423-101236.jpg 1280w\" sizes=\"(max-width: 525px) 100vw, 525px\" \/><\/a><\/p>\n<p><strong>21\/03\/2019<\/strong><\/p>\n<p>Como cada&nbsp;<strong>21 de marzo<\/strong>, este jueves se celebra el<strong>&nbsp;D\u00eda Mundial del S\u00edndrome de Down<\/strong>, una celebraci\u00f3n promovida por las Naciones Unidas y secundada por un gran n\u00famero de organizaciones nacionales e internacionales que busca la concienciaci\u00f3n p\u00fablica sobre el s\u00edndrome de Down as\u00ed como<strong>&nbsp;recordar la dignidad inherente<\/strong>, la val\u00eda y las importantes contribuciones de las personas con discapacidad intelectual a la sociedad y a su diversidad.<\/p>\n<p>Desde nuestro cole se ha tratado el tema y adem\u00e1s todo el alumnado y equipo docente ha venido con calcetines de colores diferentes. El objetivo de esta iniciativa es<strong>&nbsp;mejorar la sensibilizaci\u00f3n de los ni\u00f1os hacia el s\u00edndrome de Down<\/strong>&nbsp;y lograr que su visi\u00f3n sea \u00abm\u00e1s inclusiva hacia esta discapacidad para que puedan crear una sociedad m\u00e1s abierta y tolerante hacia las personas con diferentes discapacidades\u00bb luchando contra los estereotipos y prejuicios que siguen asociados al s\u00edndrome de Down.<\/p>\n<p><a href=\"https:\/\/blogsaverroes.juntadeandalucia.es\/ceipperezacevedo\/files\/2018\/04\/file1-1.jpeg\"><img loading=\"lazy\" decoding=\"async\" class=\"aligncenter size-large wp-image-2743\" src=\"https:\/\/blogsaverroes.juntadeandalucia.es\/ceipperezacevedo\/files\/2018\/04\/file1-1-783x1024.jpeg\" alt=\"\" width=\"525\" height=\"687\" srcset=\"https:\/\/blogsaverroes.juntadeandalucia.es\/ceipperezacevedo\/files\/2018\/04\/file1-1-783x1024.jpeg 783w, https:\/\/blogsaverroes.juntadeandalucia.es\/ceipperezacevedo\/files\/2018\/04\/file1-1-229x300.jpeg 229w, https:\/\/blogsaverroes.juntadeandalucia.es\/ceipperezacevedo\/files\/2018\/04\/file1-1-768x1004.jpeg 768w, https:\/\/blogsaverroes.juntadeandalucia.es\/ceipperezacevedo\/files\/2018\/04\/file1-1-18x24.jpeg 18w, https:\/\/blogsaverroes.juntadeandalucia.es\/ceipperezacevedo\/files\/2018\/04\/file1-1-28x36.jpeg 28w, https:\/\/blogsaverroes.juntadeandalucia.es\/ceipperezacevedo\/files\/2018\/04\/file1-1-37x48.jpeg 37w, https:\/\/blogsaverroes.juntadeandalucia.es\/ceipperezacevedo\/files\/2018\/04\/file1-1.jpeg 1080w\" sizes=\"(max-width: 525px) 100vw, 525px\" \/><\/a><\/p>\n<p><strong>14\/03\/2019<\/strong><\/p>\n<p>El alumnado de Educaci\u00f3n Infantil (3, 4 y 5 a\u00f1os) de nuestro cole ha salido a visitar el <strong>Mercado Municipal<\/strong> para conocer de cerca a los profesionales locales del sector. Se trata de un actividad enmarcada dentro del proyecto de Educaci\u00f3n Infantil : <em><strong>Conozco mi ciudad<\/strong>. <\/em>Adem\u00e1s, este proyecto se desarrolla conjuntamente con el <strong>Programa&nbsp;<em>Creciendo en Salud<\/em><\/strong> del centro, por el que se promueven actitudes y h\u00e1bitos saludables en nuestros alumnos\/as.<\/p>\n<p><a href=\"https:\/\/blogsaverroes.juntadeandalucia.es\/ceipperezacevedo\/files\/2018\/04\/thumbnail_IMG_2129.jpg\"><img loading=\"lazy\" decoding=\"async\" class=\"aligncenter wp-image-2748 size-full\" src=\"https:\/\/blogsaverroes.juntadeandalucia.es\/ceipperezacevedo\/files\/2018\/04\/thumbnail_IMG_2129.jpg\" alt=\"\" width=\"320\" height=\"240\" srcset=\"https:\/\/blogsaverroes.juntadeandalucia.es\/ceipperezacevedo\/files\/2018\/04\/thumbnail_IMG_2129.jpg 320w, https:\/\/blogsaverroes.juntadeandalucia.es\/ceipperezacevedo\/files\/2018\/04\/thumbnail_IMG_2129-300x225.jpg 300w, https:\/\/blogsaverroes.juntadeandalucia.es\/ceipperezacevedo\/files\/2018\/04\/thumbnail_IMG_2129-24x18.jpg 24w, https:\/\/blogsaverroes.juntadeandalucia.es\/ceipperezacevedo\/files\/2018\/04\/thumbnail_IMG_2129-36x27.jpg 36w, https:\/\/blogsaverroes.juntadeandalucia.es\/ceipperezacevedo\/files\/2018\/04\/thumbnail_IMG_2129-48x36.jpg 48w\" sizes=\"(max-width: 320px) 100vw, 320px\" \/><\/a> <a href=\"https:\/\/blogsaverroes.juntadeandalucia.es\/ceipperezacevedo\/files\/2018\/04\/thumbnail_IMG_2131.jpg\"><img loading=\"lazy\" decoding=\"async\" class=\"aligncenter size-large wp-image-2749\" src=\"https:\/\/blogsaverroes.juntadeandalucia.es\/ceipperezacevedo\/files\/2018\/04\/thumbnail_IMG_2131.jpg\" alt=\"\" width=\"320\" height=\"240\" srcset=\"https:\/\/blogsaverroes.juntadeandalucia.es\/ceipperezacevedo\/files\/2018\/04\/thumbnail_IMG_2131.jpg 320w, https:\/\/blogsaverroes.juntadeandalucia.es\/ceipperezacevedo\/files\/2018\/04\/thumbnail_IMG_2131-300x225.jpg 300w, https:\/\/blogsaverroes.juntadeandalucia.es\/ceipperezacevedo\/files\/2018\/04\/thumbnail_IMG_2131-24x18.jpg 24w, https:\/\/blogsaverroes.juntadeandalucia.es\/ceipperezacevedo\/files\/2018\/04\/thumbnail_IMG_2131-36x27.jpg 36w, https:\/\/blogsaverroes.juntadeandalucia.es\/ceipperezacevedo\/files\/2018\/04\/thumbnail_IMG_2131-48x36.jpg 48w\" sizes=\"(max-width: 320px) 100vw, 320px\" \/><\/a><\/p>\n<p><strong>13\/03\/2019<\/strong><\/p>\n<p><strong>PROYECTOS BIT\u00c1CORA EN CIENCIAS<\/strong><\/p>\n<p>Los alumnos y alumnas de 3\u00ba y 4\u00ba de Primaria, han realizado sus proyectos de bit\u00e1cora y se los explica al resto de sus compa\u00f1eros de Primaria e Infantil.<\/p>\n<p>Los proyectos tratan de: m\u00e1quinas simples, m\u00e1quinas compuestas, energ\u00eda y circuitos\u2026<\/p>\n<p><a href=\"https:\/\/blogsaverroes.juntadeandalucia.es\/ceipperezacevedo\/files\/2018\/04\/IMG-20190312-WA0034.jpg\"><img loading=\"lazy\" decoding=\"async\" class=\"aligncenter wp-image-2727 size-large\" src=\"https:\/\/blogsaverroes.juntadeandalucia.es\/ceipperezacevedo\/files\/2018\/04\/IMG-20190312-WA0034-1024x768.jpg\" alt=\"\" width=\"525\" height=\"394\" srcset=\"https:\/\/blogsaverroes.juntadeandalucia.es\/ceipperezacevedo\/files\/2018\/04\/IMG-20190312-WA0034-1024x768.jpg 1024w, https:\/\/blogsaverroes.juntadeandalucia.es\/ceipperezacevedo\/files\/2018\/04\/IMG-20190312-WA0034-300x225.jpg 300w, https:\/\/blogsaverroes.juntadeandalucia.es\/ceipperezacevedo\/files\/2018\/04\/IMG-20190312-WA0034-768x576.jpg 768w, https:\/\/blogsaverroes.juntadeandalucia.es\/ceipperezacevedo\/files\/2018\/04\/IMG-20190312-WA0034.jpg 1600w, https:\/\/blogsaverroes.juntadeandalucia.es\/ceipperezacevedo\/files\/2018\/04\/IMG-20190312-WA0034-24x18.jpg 24w, https:\/\/blogsaverroes.juntadeandalucia.es\/ceipperezacevedo\/files\/2018\/04\/IMG-20190312-WA0034-36x27.jpg 36w, https:\/\/blogsaverroes.juntadeandalucia.es\/ceipperezacevedo\/files\/2018\/04\/IMG-20190312-WA0034-48x36.jpg 48w\" sizes=\"(max-width: 525px) 100vw, 525px\" \/><\/a> <a href=\"https:\/\/blogsaverroes.juntadeandalucia.es\/ceipperezacevedo\/files\/2018\/04\/IMG-20190312-WA0039.jpg\"><img loading=\"lazy\" decoding=\"async\" class=\"aligncenter wp-image-2728 size-large\" src=\"https:\/\/blogsaverroes.juntadeandalucia.es\/ceipperezacevedo\/files\/2018\/04\/IMG-20190312-WA0039-1024x768.jpg\" alt=\"\" width=\"525\" height=\"394\" srcset=\"https:\/\/blogsaverroes.juntadeandalucia.es\/ceipperezacevedo\/files\/2018\/04\/IMG-20190312-WA0039-1024x768.jpg 1024w, https:\/\/blogsaverroes.juntadeandalucia.es\/ceipperezacevedo\/files\/2018\/04\/IMG-20190312-WA0039-300x225.jpg 300w, https:\/\/blogsaverroes.juntadeandalucia.es\/ceipperezacevedo\/files\/2018\/04\/IMG-20190312-WA0039-768x576.jpg 768w, https:\/\/blogsaverroes.juntadeandalucia.es\/ceipperezacevedo\/files\/2018\/04\/IMG-20190312-WA0039.jpg 1600w, https:\/\/blogsaverroes.juntadeandalucia.es\/ceipperezacevedo\/files\/2018\/04\/IMG-20190312-WA0039-24x18.jpg 24w, https:\/\/blogsaverroes.juntadeandalucia.es\/ceipperezacevedo\/files\/2018\/04\/IMG-20190312-WA0039-36x27.jpg 36w, https:\/\/blogsaverroes.juntadeandalucia.es\/ceipperezacevedo\/files\/2018\/04\/IMG-20190312-WA0039-48x36.jpg 48w\" sizes=\"(max-width: 525px) 100vw, 525px\" \/><\/a> <a href=\"https:\/\/blogsaverroes.juntadeandalucia.es\/ceipperezacevedo\/files\/2018\/04\/IMG-20190312-WA0048.jpg\"><img loading=\"lazy\" decoding=\"async\" class=\"aligncenter wp-image-2729 size-large\" src=\"https:\/\/blogsaverroes.juntadeandalucia.es\/ceipperezacevedo\/files\/2018\/04\/IMG-20190312-WA0048-1024x768.jpg\" alt=\"\" width=\"525\" height=\"394\" srcset=\"https:\/\/blogsaverroes.juntadeandalucia.es\/ceipperezacevedo\/files\/2018\/04\/IMG-20190312-WA0048-1024x768.jpg 1024w, https:\/\/blogsaverroes.juntadeandalucia.es\/ceipperezacevedo\/files\/2018\/04\/IMG-20190312-WA0048-300x225.jpg 300w, https:\/\/blogsaverroes.juntadeandalucia.es\/ceipperezacevedo\/files\/2018\/04\/IMG-20190312-WA0048-768x576.jpg 768w, https:\/\/blogsaverroes.juntadeandalucia.es\/ceipperezacevedo\/files\/2018\/04\/IMG-20190312-WA0048.jpg 1600w, https:\/\/blogsaverroes.juntadeandalucia.es\/ceipperezacevedo\/files\/2018\/04\/IMG-20190312-WA0048-24x18.jpg 24w, https:\/\/blogsaverroes.juntadeandalucia.es\/ceipperezacevedo\/files\/2018\/04\/IMG-20190312-WA0048-36x27.jpg 36w, https:\/\/blogsaverroes.juntadeandalucia.es\/ceipperezacevedo\/files\/2018\/04\/IMG-20190312-WA0048-48x36.jpg 48w\" sizes=\"(max-width: 525px) 100vw, 525px\" \/><\/a> <a href=\"https:\/\/blogsaverroes.juntadeandalucia.es\/ceipperezacevedo\/files\/2018\/04\/IMG-20190312-WA0049.jpg\"><img loading=\"lazy\" decoding=\"async\" class=\"aligncenter wp-image-2730 size-large\" src=\"https:\/\/blogsaverroes.juntadeandalucia.es\/ceipperezacevedo\/files\/2018\/04\/IMG-20190312-WA0049-1024x768.jpg\" alt=\"\" width=\"525\" height=\"394\" srcset=\"https:\/\/blogsaverroes.juntadeandalucia.es\/ceipperezacevedo\/files\/2018\/04\/IMG-20190312-WA0049-1024x768.jpg 1024w, https:\/\/blogsaverroes.juntadeandalucia.es\/ceipperezacevedo\/files\/2018\/04\/IMG-20190312-WA0049-300x225.jpg 300w, https:\/\/blogsaverroes.juntadeandalucia.es\/ceipperezacevedo\/files\/2018\/04\/IMG-20190312-WA0049-768x576.jpg 768w, https:\/\/blogsaverroes.juntadeandalucia.es\/ceipperezacevedo\/files\/2018\/04\/IMG-20190312-WA0049.jpg 1600w, https:\/\/blogsaverroes.juntadeandalucia.es\/ceipperezacevedo\/files\/2018\/04\/IMG-20190312-WA0049-24x18.jpg 24w, https:\/\/blogsaverroes.juntadeandalucia.es\/ceipperezacevedo\/files\/2018\/04\/IMG-20190312-WA0049-36x27.jpg 36w, https:\/\/blogsaverroes.juntadeandalucia.es\/ceipperezacevedo\/files\/2018\/04\/IMG-20190312-WA0049-48x36.jpg 48w\" sizes=\"(max-width: 525px) 100vw, 525px\" \/><\/a> <a href=\"https:\/\/blogsaverroes.juntadeandalucia.es\/ceipperezacevedo\/files\/2018\/04\/thumbnail_P90312-1120301.jpg\"><img loading=\"lazy\" decoding=\"async\" class=\"aligncenter wp-image-2732 size-large\" src=\"https:\/\/blogsaverroes.juntadeandalucia.es\/ceipperezacevedo\/files\/2018\/04\/thumbnail_P90312-1120301-1024x512.jpg\" alt=\"\" width=\"525\" height=\"263\" srcset=\"https:\/\/blogsaverroes.juntadeandalucia.es\/ceipperezacevedo\/files\/2018\/04\/thumbnail_P90312-1120301-1024x512.jpg 1024w, https:\/\/blogsaverroes.juntadeandalucia.es\/ceipperezacevedo\/files\/2018\/04\/thumbnail_P90312-1120301-300x150.jpg 300w, https:\/\/blogsaverroes.juntadeandalucia.es\/ceipperezacevedo\/files\/2018\/04\/thumbnail_P90312-1120301-768x384.jpg 768w, https:\/\/blogsaverroes.juntadeandalucia.es\/ceipperezacevedo\/files\/2018\/04\/thumbnail_P90312-1120301-24x12.jpg 24w, https:\/\/blogsaverroes.juntadeandalucia.es\/ceipperezacevedo\/files\/2018\/04\/thumbnail_P90312-1120301-36x18.jpg 36w, https:\/\/blogsaverroes.juntadeandalucia.es\/ceipperezacevedo\/files\/2018\/04\/thumbnail_P90312-1120301-48x24.jpg 48w, https:\/\/blogsaverroes.juntadeandalucia.es\/ceipperezacevedo\/files\/2018\/04\/thumbnail_P90312-1120301.jpg 1280w\" sizes=\"(max-width: 525px) 100vw, 525px\" \/><\/a> <a href=\"https:\/\/blogsaverroes.juntadeandalucia.es\/ceipperezacevedo\/files\/2018\/04\/thumbnail_P90312-11203611.jpg\"><img loading=\"lazy\" decoding=\"async\" class=\"aligncenter wp-image-2733 size-large\" src=\"https:\/\/blogsaverroes.juntadeandalucia.es\/ceipperezacevedo\/files\/2018\/04\/thumbnail_P90312-11203611-1024x512.jpg\" alt=\"\" width=\"525\" height=\"263\" srcset=\"https:\/\/blogsaverroes.juntadeandalucia.es\/ceipperezacevedo\/files\/2018\/04\/thumbnail_P90312-11203611-1024x512.jpg 1024w, https:\/\/blogsaverroes.juntadeandalucia.es\/ceipperezacevedo\/files\/2018\/04\/thumbnail_P90312-11203611-300x150.jpg 300w, https:\/\/blogsaverroes.juntadeandalucia.es\/ceipperezacevedo\/files\/2018\/04\/thumbnail_P90312-11203611-768x384.jpg 768w, https:\/\/blogsaverroes.juntadeandalucia.es\/ceipperezacevedo\/files\/2018\/04\/thumbnail_P90312-11203611-24x12.jpg 24w, https:\/\/blogsaverroes.juntadeandalucia.es\/ceipperezacevedo\/files\/2018\/04\/thumbnail_P90312-11203611-36x18.jpg 36w, https:\/\/blogsaverroes.juntadeandalucia.es\/ceipperezacevedo\/files\/2018\/04\/thumbnail_P90312-11203611-48x24.jpg 48w, https:\/\/blogsaverroes.juntadeandalucia.es\/ceipperezacevedo\/files\/2018\/04\/thumbnail_P90312-11203611.jpg 1280w\" sizes=\"(max-width: 525px) 100vw, 525px\" \/><\/a><\/p>\n<p><b>08\/03\/2019<\/b><\/p>\n<p><strong>D\u00cdA INTERNACIONAL DE LA MUJER<\/strong><\/p>\n<p>&nbsp;Hoy, d\u00eda 8 de marzo se celebra el <strong>D\u00eda de la Mujer<\/strong>, un momento para recordar la lucha por la igualdad de g\u00e9nero. Aunque a lo largo de los a\u00f1os la mujer ha ganado en derechos y libertades, a\u00fan queda mucho por hacer.<strong> La violencia de g\u00e9nero<\/strong>, por ejemplo, es una de las lacras que arrastra la sociedad, o los techos de cristal en las profesiones. Hoy es un d\u00eda para <strong>condenar el machismo<\/strong> y reivindicar que todos tenemos los <strong>mismos derechos y libertades<\/strong>.<\/p>\n<p>Desde nuestro cole hemos realizado diferentes actividades en pro de las mujeres m\u00e1s cercanas a nosotros\/as.<\/p>\n<p><a href=\"https:\/\/blogsaverroes.juntadeandalucia.es\/ceipperezacevedo\/files\/2018\/04\/P90311-101726.jpg\"><img loading=\"lazy\" decoding=\"async\" class=\"aligncenter wp-image-2705 size-large\" src=\"https:\/\/blogsaverroes.juntadeandalucia.es\/ceipperezacevedo\/files\/2018\/04\/P90311-101726-541x1024.jpg\" alt=\"\" width=\"525\" height=\"994\" srcset=\"https:\/\/blogsaverroes.juntadeandalucia.es\/ceipperezacevedo\/files\/2018\/04\/P90311-101726-541x1024.jpg 541w, https:\/\/blogsaverroes.juntadeandalucia.es\/ceipperezacevedo\/files\/2018\/04\/P90311-101726-158x300.jpg 158w, https:\/\/blogsaverroes.juntadeandalucia.es\/ceipperezacevedo\/files\/2018\/04\/P90311-101726-13x24.jpg 13w, https:\/\/blogsaverroes.juntadeandalucia.es\/ceipperezacevedo\/files\/2018\/04\/P90311-101726-19x36.jpg 19w, https:\/\/blogsaverroes.juntadeandalucia.es\/ceipperezacevedo\/files\/2018\/04\/P90311-101726-25x48.jpg 25w, https:\/\/blogsaverroes.juntadeandalucia.es\/ceipperezacevedo\/files\/2018\/04\/P90311-101726.jpg 676w\" sizes=\"(max-width: 525px) 100vw, 525px\" \/><\/a><\/p>\n<p><a href=\"https:\/\/blogsaverroes.juntadeandalucia.es\/ceipperezacevedo\/files\/2018\/04\/P90308-140328-e1552565474475.jpg\"><img loading=\"lazy\" decoding=\"async\" class=\"aligncenter wp-image-2703 size-medium\" src=\"https:\/\/blogsaverroes.juntadeandalucia.es\/ceipperezacevedo\/files\/2018\/04\/P90308-140328-e1552565474475-259x300.jpg\" alt=\"\" width=\"259\" height=\"300\" srcset=\"https:\/\/blogsaverroes.juntadeandalucia.es\/ceipperezacevedo\/files\/2018\/04\/P90308-140328-e1552565474475-259x300.jpg 259w, https:\/\/blogsaverroes.juntadeandalucia.es\/ceipperezacevedo\/files\/2018\/04\/P90308-140328-e1552565474475-21x24.jpg 21w, https:\/\/blogsaverroes.juntadeandalucia.es\/ceipperezacevedo\/files\/2018\/04\/P90308-140328-e1552565474475-31x36.jpg 31w, https:\/\/blogsaverroes.juntadeandalucia.es\/ceipperezacevedo\/files\/2018\/04\/P90308-140328-e1552565474475-41x48.jpg 41w, https:\/\/blogsaverroes.juntadeandalucia.es\/ceipperezacevedo\/files\/2018\/04\/P90308-140328-e1552565474475.jpg 640w\" sizes=\"(max-width: 259px) 100vw, 259px\" \/><\/a><a href=\"https:\/\/blogsaverroes.juntadeandalucia.es\/ceipperezacevedo\/files\/2018\/04\/P90311-165217.jpg\"><img loading=\"lazy\" decoding=\"async\" class=\"aligncenter wp-image-2704 size-large\" src=\"https:\/\/blogsaverroes.juntadeandalucia.es\/ceipperezacevedo\/files\/2018\/04\/P90311-165217-1024x512.jpg\" alt=\"\" width=\"525\" height=\"263\" srcset=\"https:\/\/blogsaverroes.juntadeandalucia.es\/ceipperezacevedo\/files\/2018\/04\/P90311-165217-1024x512.jpg 1024w, https:\/\/blogsaverroes.juntadeandalucia.es\/ceipperezacevedo\/files\/2018\/04\/P90311-165217-300x150.jpg 300w, https:\/\/blogsaverroes.juntadeandalucia.es\/ceipperezacevedo\/files\/2018\/04\/P90311-165217-768x384.jpg 768w, https:\/\/blogsaverroes.juntadeandalucia.es\/ceipperezacevedo\/files\/2018\/04\/P90311-165217-24x12.jpg 24w, https:\/\/blogsaverroes.juntadeandalucia.es\/ceipperezacevedo\/files\/2018\/04\/P90311-165217-36x18.jpg 36w, https:\/\/blogsaverroes.juntadeandalucia.es\/ceipperezacevedo\/files\/2018\/04\/P90311-165217-48x24.jpg 48w, https:\/\/blogsaverroes.juntadeandalucia.es\/ceipperezacevedo\/files\/2018\/04\/P90311-165217.jpg 1280w\" sizes=\"(max-width: 525px) 100vw, 525px\" \/><\/a> <a href=\"https:\/\/blogsaverroes.juntadeandalucia.es\/ceipperezacevedo\/files\/2018\/04\/P90311-101726.jpg\"><br \/>\n<\/a> <a href=\"https:\/\/blogsaverroes.juntadeandalucia.es\/ceipperezacevedo\/files\/2018\/04\/P90311-140323.jpg\"><img loading=\"lazy\" decoding=\"async\" class=\"aligncenter wp-image-2706 size-large\" src=\"https:\/\/blogsaverroes.juntadeandalucia.es\/ceipperezacevedo\/files\/2018\/04\/P90311-140323-1024x512.jpg\" alt=\"\" width=\"525\" height=\"263\" srcset=\"https:\/\/blogsaverroes.juntadeandalucia.es\/ceipperezacevedo\/files\/2018\/04\/P90311-140323-1024x512.jpg 1024w, https:\/\/blogsaverroes.juntadeandalucia.es\/ceipperezacevedo\/files\/2018\/04\/P90311-140323-300x150.jpg 300w, https:\/\/blogsaverroes.juntadeandalucia.es\/ceipperezacevedo\/files\/2018\/04\/P90311-140323-768x384.jpg 768w, https:\/\/blogsaverroes.juntadeandalucia.es\/ceipperezacevedo\/files\/2018\/04\/P90311-140323-24x12.jpg 24w, https:\/\/blogsaverroes.juntadeandalucia.es\/ceipperezacevedo\/files\/2018\/04\/P90311-140323-36x18.jpg 36w, https:\/\/blogsaverroes.juntadeandalucia.es\/ceipperezacevedo\/files\/2018\/04\/P90311-140323-48x24.jpg 48w, https:\/\/blogsaverroes.juntadeandalucia.es\/ceipperezacevedo\/files\/2018\/04\/P90311-140323.jpg 1280w\" sizes=\"(max-width: 525px) 100vw, 525px\" \/><\/a> <a href=\"https:\/\/blogsaverroes.juntadeandalucia.es\/ceipperezacevedo\/files\/2018\/04\/P90311-140304.jpg\"><img loading=\"lazy\" decoding=\"async\" class=\"aligncenter wp-image-2707 size-large\" src=\"https:\/\/blogsaverroes.juntadeandalucia.es\/ceipperezacevedo\/files\/2018\/04\/P90311-140304-1024x512.jpg\" alt=\"\" width=\"525\" height=\"263\" srcset=\"https:\/\/blogsaverroes.juntadeandalucia.es\/ceipperezacevedo\/files\/2018\/04\/P90311-140304-1024x512.jpg 1024w, https:\/\/blogsaverroes.juntadeandalucia.es\/ceipperezacevedo\/files\/2018\/04\/P90311-140304-300x150.jpg 300w, https:\/\/blogsaverroes.juntadeandalucia.es\/ceipperezacevedo\/files\/2018\/04\/P90311-140304-768x384.jpg 768w, https:\/\/blogsaverroes.juntadeandalucia.es\/ceipperezacevedo\/files\/2018\/04\/P90311-140304-24x12.jpg 24w, https:\/\/blogsaverroes.juntadeandalucia.es\/ceipperezacevedo\/files\/2018\/04\/P90311-140304-36x18.jpg 36w, https:\/\/blogsaverroes.juntadeandalucia.es\/ceipperezacevedo\/files\/2018\/04\/P90311-140304-48x24.jpg 48w, https:\/\/blogsaverroes.juntadeandalucia.es\/ceipperezacevedo\/files\/2018\/04\/P90311-140304.jpg 1280w\" sizes=\"(max-width: 525px) 100vw, 525px\" \/><\/a><a href=\"https:\/\/blogsaverroes.juntadeandalucia.es\/ceipperezacevedo\/files\/2018\/04\/P90314-1125371.jpg\"><img loading=\"lazy\" decoding=\"async\" class=\"aligncenter wp-image-2713 size-large\" src=\"https:\/\/blogsaverroes.juntadeandalucia.es\/ceipperezacevedo\/files\/2018\/04\/P90314-1125371-1024x623.jpg\" alt=\"\" width=\"525\" height=\"319\" srcset=\"https:\/\/blogsaverroes.juntadeandalucia.es\/ceipperezacevedo\/files\/2018\/04\/P90314-1125371-1024x623.jpg 1024w, https:\/\/blogsaverroes.juntadeandalucia.es\/ceipperezacevedo\/files\/2018\/04\/P90314-1125371-300x183.jpg 300w, https:\/\/blogsaverroes.juntadeandalucia.es\/ceipperezacevedo\/files\/2018\/04\/P90314-1125371-768x467.jpg 768w, https:\/\/blogsaverroes.juntadeandalucia.es\/ceipperezacevedo\/files\/2018\/04\/P90314-1125371-24x15.jpg 24w, https:\/\/blogsaverroes.juntadeandalucia.es\/ceipperezacevedo\/files\/2018\/04\/P90314-1125371-36x22.jpg 36w, https:\/\/blogsaverroes.juntadeandalucia.es\/ceipperezacevedo\/files\/2018\/04\/P90314-1125371-48x29.jpg 48w, https:\/\/blogsaverroes.juntadeandalucia.es\/ceipperezacevedo\/files\/2018\/04\/P90314-1125371.jpg 1280w\" sizes=\"(max-width: 525px) 100vw, 525px\" \/><\/a><\/p>\n<p><b>07\/03\/2019<\/b><\/p>\n<p>Hoy hemos podido disfrutar de un desayuno saludable gracias a la colaboraci\u00f3n de la empresa JUCAMP, que ha donado las naranjas con la que hemos hecho unas brochetas muy coloridas. Damos las gracias a JUCAMP por su colaboraci\u00f3n desinteresada.<\/p>\n<p>Esta actividad est\u00e1 enmarcada dentro del Programa Creciendo en Salud de nuestro centro.<\/p>\n<p><a href=\"https:\/\/blogsaverroes.juntadeandalucia.es\/ceipperezacevedo\/files\/2018\/04\/P90308-104103.jpg\"><img loading=\"lazy\" decoding=\"async\" class=\"alignnone size-medium wp-image-2719\" src=\"https:\/\/blogsaverroes.juntadeandalucia.es\/ceipperezacevedo\/files\/2018\/04\/P90308-104103-225x300.jpg\" alt=\"\" width=\"225\" height=\"300\" srcset=\"https:\/\/blogsaverroes.juntadeandalucia.es\/ceipperezacevedo\/files\/2018\/04\/P90308-104103-225x300.jpg 225w, https:\/\/blogsaverroes.juntadeandalucia.es\/ceipperezacevedo\/files\/2018\/04\/P90308-104103-768x1024.jpg 768w, https:\/\/blogsaverroes.juntadeandalucia.es\/ceipperezacevedo\/files\/2018\/04\/P90308-104103-18x24.jpg 18w, https:\/\/blogsaverroes.juntadeandalucia.es\/ceipperezacevedo\/files\/2018\/04\/P90308-104103-27x36.jpg 27w, https:\/\/blogsaverroes.juntadeandalucia.es\/ceipperezacevedo\/files\/2018\/04\/P90308-104103-36x48.jpg 36w, https:\/\/blogsaverroes.juntadeandalucia.es\/ceipperezacevedo\/files\/2018\/04\/P90308-104103.jpg 960w\" sizes=\"(max-width: 225px) 100vw, 225px\" \/><\/a> <a href=\"https:\/\/blogsaverroes.juntadeandalucia.es\/ceipperezacevedo\/files\/2018\/04\/P90308-104128.jpg\"><img loading=\"lazy\" decoding=\"async\" class=\"alignnone size-medium wp-image-2720\" src=\"https:\/\/blogsaverroes.juntadeandalucia.es\/ceipperezacevedo\/files\/2018\/04\/P90308-104128-300x225.jpg\" alt=\"\" width=\"300\" height=\"225\" srcset=\"https:\/\/blogsaverroes.juntadeandalucia.es\/ceipperezacevedo\/files\/2018\/04\/P90308-104128-300x225.jpg 300w, https:\/\/blogsaverroes.juntadeandalucia.es\/ceipperezacevedo\/files\/2018\/04\/P90308-104128-768x576.jpg 768w, https:\/\/blogsaverroes.juntadeandalucia.es\/ceipperezacevedo\/files\/2018\/04\/P90308-104128-1024x768.jpg 1024w, https:\/\/blogsaverroes.juntadeandalucia.es\/ceipperezacevedo\/files\/2018\/04\/P90308-104128-24x18.jpg 24w, https:\/\/blogsaverroes.juntadeandalucia.es\/ceipperezacevedo\/files\/2018\/04\/P90308-104128-36x27.jpg 36w, https:\/\/blogsaverroes.juntadeandalucia.es\/ceipperezacevedo\/files\/2018\/04\/P90308-104128-48x36.jpg 48w, https:\/\/blogsaverroes.juntadeandalucia.es\/ceipperezacevedo\/files\/2018\/04\/P90308-104128.jpg 1280w\" sizes=\"(max-width: 300px) 100vw, 300px\" \/><\/a> <a href=\"https:\/\/blogsaverroes.juntadeandalucia.es\/ceipperezacevedo\/files\/2018\/04\/P90308-104303.jpg\"><img loading=\"lazy\" decoding=\"async\" class=\"alignnone size-medium wp-image-2721\" src=\"https:\/\/blogsaverroes.juntadeandalucia.es\/ceipperezacevedo\/files\/2018\/04\/P90308-104303-300x150.jpg\" alt=\"\" width=\"300\" height=\"150\" srcset=\"https:\/\/blogsaverroes.juntadeandalucia.es\/ceipperezacevedo\/files\/2018\/04\/P90308-104303-300x150.jpg 300w, https:\/\/blogsaverroes.juntadeandalucia.es\/ceipperezacevedo\/files\/2018\/04\/P90308-104303-768x384.jpg 768w, https:\/\/blogsaverroes.juntadeandalucia.es\/ceipperezacevedo\/files\/2018\/04\/P90308-104303-1024x512.jpg 1024w, https:\/\/blogsaverroes.juntadeandalucia.es\/ceipperezacevedo\/files\/2018\/04\/P90308-104303-24x12.jpg 24w, https:\/\/blogsaverroes.juntadeandalucia.es\/ceipperezacevedo\/files\/2018\/04\/P90308-104303-36x18.jpg 36w, https:\/\/blogsaverroes.juntadeandalucia.es\/ceipperezacevedo\/files\/2018\/04\/P90308-104303-48x24.jpg 48w, https:\/\/blogsaverroes.juntadeandalucia.es\/ceipperezacevedo\/files\/2018\/04\/P90308-104303.jpg 1280w\" sizes=\"(max-width: 300px) 100vw, 300px\" \/><\/a><a href=\"https:\/\/blogsaverroes.juntadeandalucia.es\/ceipperezacevedo\/files\/2018\/04\/thumbnail_IMG-20190308-WA006411.jpg\"><img loading=\"lazy\" decoding=\"async\" class=\"alignnone size-medium wp-image-2722\" src=\"https:\/\/blogsaverroes.juntadeandalucia.es\/ceipperezacevedo\/files\/2018\/04\/thumbnail_IMG-20190308-WA006411-300x263.jpg\" alt=\"\" width=\"300\" height=\"263\" srcset=\"https:\/\/blogsaverroes.juntadeandalucia.es\/ceipperezacevedo\/files\/2018\/04\/thumbnail_IMG-20190308-WA006411-300x263.jpg 300w, https:\/\/blogsaverroes.juntadeandalucia.es\/ceipperezacevedo\/files\/2018\/04\/thumbnail_IMG-20190308-WA006411-24x21.jpg 24w, https:\/\/blogsaverroes.juntadeandalucia.es\/ceipperezacevedo\/files\/2018\/04\/thumbnail_IMG-20190308-WA006411-36x32.jpg 36w, https:\/\/blogsaverroes.juntadeandalucia.es\/ceipperezacevedo\/files\/2018\/04\/thumbnail_IMG-20190308-WA006411-48x42.jpg 48w, https:\/\/blogsaverroes.juntadeandalucia.es\/ceipperezacevedo\/files\/2018\/04\/thumbnail_IMG-20190308-WA006411.jpg 498w\" sizes=\"(max-width: 300px) 100vw, 300px\" \/><\/a><\/p>\n<p><b>27\/02\/2019<\/b><\/p>\n<p>De entre las diferentes actividades programadas para la celebraci\u00f3n del D\u00eda de Andaluc\u00eda, destacan el <strong>II Concurso de Cultura Andaluza<\/strong>, el <strong>Desayuno Andaluz<\/strong> y el canto del <strong>Himno de Andaluc\u00eda.<\/strong><\/p>\n<p>Fotos de la final del II Concurso de Cultura Andaluza:<\/p>\n<p><a href=\"https:\/\/blogsaverroes.juntadeandalucia.es\/ceipperezacevedo\/files\/2018\/04\/final1.jpg\"><img loading=\"lazy\" decoding=\"async\" class=\"alignright wp-image-2697 size-medium\" src=\"https:\/\/blogsaverroes.juntadeandalucia.es\/ceipperezacevedo\/files\/2018\/04\/final1-300x150.jpg\" alt=\"\" width=\"300\" height=\"150\" srcset=\"https:\/\/blogsaverroes.juntadeandalucia.es\/ceipperezacevedo\/files\/2018\/04\/final1-300x150.jpg 300w, https:\/\/blogsaverroes.juntadeandalucia.es\/ceipperezacevedo\/files\/2018\/04\/final1-768x384.jpg 768w, https:\/\/blogsaverroes.juntadeandalucia.es\/ceipperezacevedo\/files\/2018\/04\/final1-1024x512.jpg 1024w, https:\/\/blogsaverroes.juntadeandalucia.es\/ceipperezacevedo\/files\/2018\/04\/final1-24x12.jpg 24w, https:\/\/blogsaverroes.juntadeandalucia.es\/ceipperezacevedo\/files\/2018\/04\/final1-36x18.jpg 36w, https:\/\/blogsaverroes.juntadeandalucia.es\/ceipperezacevedo\/files\/2018\/04\/final1-48x24.jpg 48w, https:\/\/blogsaverroes.juntadeandalucia.es\/ceipperezacevedo\/files\/2018\/04\/final1.jpg 1280w\" sizes=\"(max-width: 300px) 100vw, 300px\" \/><\/a> <a href=\"https:\/\/blogsaverroes.juntadeandalucia.es\/ceipperezacevedo\/files\/2018\/04\/premiados.jpg\"><img loading=\"lazy\" decoding=\"async\" class=\"alignnone wp-image-2698 size-medium\" src=\"https:\/\/blogsaverroes.juntadeandalucia.es\/ceipperezacevedo\/files\/2018\/04\/premiados-300x150.jpg\" alt=\"\" width=\"300\" height=\"150\" srcset=\"https:\/\/blogsaverroes.juntadeandalucia.es\/ceipperezacevedo\/files\/2018\/04\/premiados-300x150.jpg 300w, https:\/\/blogsaverroes.juntadeandalucia.es\/ceipperezacevedo\/files\/2018\/04\/premiados-768x384.jpg 768w, https:\/\/blogsaverroes.juntadeandalucia.es\/ceipperezacevedo\/files\/2018\/04\/premiados-1024x512.jpg 1024w, https:\/\/blogsaverroes.juntadeandalucia.es\/ceipperezacevedo\/files\/2018\/04\/premiados-24x12.jpg 24w, https:\/\/blogsaverroes.juntadeandalucia.es\/ceipperezacevedo\/files\/2018\/04\/premiados-36x18.jpg 36w, https:\/\/blogsaverroes.juntadeandalucia.es\/ceipperezacevedo\/files\/2018\/04\/premiados-48x24.jpg 48w, https:\/\/blogsaverroes.juntadeandalucia.es\/ceipperezacevedo\/files\/2018\/04\/premiados.jpg 1280w\" sizes=\"(max-width: 300px) 100vw, 300px\" \/><\/a> <a href=\"https:\/\/blogsaverroes.juntadeandalucia.es\/ceipperezacevedo\/files\/2018\/04\/final.jpg\"><img loading=\"lazy\" decoding=\"async\" class=\"alignright wp-image-2699 size-medium\" src=\"https:\/\/blogsaverroes.juntadeandalucia.es\/ceipperezacevedo\/files\/2018\/04\/final-300x150.jpg\" alt=\"\" width=\"300\" height=\"150\" srcset=\"https:\/\/blogsaverroes.juntadeandalucia.es\/ceipperezacevedo\/files\/2018\/04\/final-300x150.jpg 300w, https:\/\/blogsaverroes.juntadeandalucia.es\/ceipperezacevedo\/files\/2018\/04\/final-768x384.jpg 768w, https:\/\/blogsaverroes.juntadeandalucia.es\/ceipperezacevedo\/files\/2018\/04\/final-1024x512.jpg 1024w, https:\/\/blogsaverroes.juntadeandalucia.es\/ceipperezacevedo\/files\/2018\/04\/final-24x12.jpg 24w, https:\/\/blogsaverroes.juntadeandalucia.es\/ceipperezacevedo\/files\/2018\/04\/final-36x18.jpg 36w, https:\/\/blogsaverroes.juntadeandalucia.es\/ceipperezacevedo\/files\/2018\/04\/final-48x24.jpg 48w, https:\/\/blogsaverroes.juntadeandalucia.es\/ceipperezacevedo\/files\/2018\/04\/final.jpg 1280w\" sizes=\"(max-width: 300px) 100vw, 300px\" \/><\/a><\/p>\n<p>El alumnado del centro ha cantado y coreografiado el HIMNO DE ANDALUC\u00cdA.<\/p>\n<p><iframe loading=\"lazy\" src=\"https:\/\/www.youtube.com\/embed\/g2EBmpVfz-4\" width=\"560\" height=\"315\" frameborder=\"0\"><\/iframe><br \/>\n<a href=\"https:\/\/blogsaverroes.juntadeandalucia.es\/ceipperezacevedo\/files\/2018\/04\/P90227-095214.jpg\"><img loading=\"lazy\" decoding=\"async\" class=\"aligncenter wp-image-2694 size-large\" src=\"https:\/\/blogsaverroes.juntadeandalucia.es\/ceipperezacevedo\/files\/2018\/04\/P90227-095214-1024x512.jpg\" alt=\"\" width=\"525\" height=\"263\" srcset=\"https:\/\/blogsaverroes.juntadeandalucia.es\/ceipperezacevedo\/files\/2018\/04\/P90227-095214-1024x512.jpg 1024w, https:\/\/blogsaverroes.juntadeandalucia.es\/ceipperezacevedo\/files\/2018\/04\/P90227-095214-300x150.jpg 300w, https:\/\/blogsaverroes.juntadeandalucia.es\/ceipperezacevedo\/files\/2018\/04\/P90227-095214-768x384.jpg 768w, https:\/\/blogsaverroes.juntadeandalucia.es\/ceipperezacevedo\/files\/2018\/04\/P90227-095214-24x12.jpg 24w, https:\/\/blogsaverroes.juntadeandalucia.es\/ceipperezacevedo\/files\/2018\/04\/P90227-095214-36x18.jpg 36w, https:\/\/blogsaverroes.juntadeandalucia.es\/ceipperezacevedo\/files\/2018\/04\/P90227-095214-48x24.jpg 48w, https:\/\/blogsaverroes.juntadeandalucia.es\/ceipperezacevedo\/files\/2018\/04\/P90227-095214.jpg 1600w\" sizes=\"(max-width: 525px) 100vw, 525px\" \/><\/a><\/p>\n<p><a href=\"https:\/\/blogsaverroes.juntadeandalucia.es\/ceipperezacevedo\/files\/2018\/04\/Diapositiva1-1.jpg\"><img loading=\"lazy\" decoding=\"async\" class=\"size-medium wp-image-2673 aligncenter\" src=\"https:\/\/blogsaverroes.juntadeandalucia.es\/ceipperezacevedo\/files\/2018\/04\/Diapositiva1-1-300x259.jpg\" alt=\"\" width=\"300\" height=\"259\" srcset=\"https:\/\/blogsaverroes.juntadeandalucia.es\/ceipperezacevedo\/files\/2018\/04\/Diapositiva1-1-300x259.jpg 300w, https:\/\/blogsaverroes.juntadeandalucia.es\/ceipperezacevedo\/files\/2018\/04\/Diapositiva1-1-24x21.jpg 24w, https:\/\/blogsaverroes.juntadeandalucia.es\/ceipperezacevedo\/files\/2018\/04\/Diapositiva1-1-36x31.jpg 36w, https:\/\/blogsaverroes.juntadeandalucia.es\/ceipperezacevedo\/files\/2018\/04\/Diapositiva1-1-48x41.jpg 48w, https:\/\/blogsaverroes.juntadeandalucia.es\/ceipperezacevedo\/files\/2018\/04\/Diapositiva1-1.jpg 695w\" sizes=\"(max-width: 300px) 100vw, 300px\" \/><\/a><\/p>\n<p>El CEIP. \u201cRodrigo P\u00e9rez de Acevedo\u201d celebra el D\u00eda de Andaluc\u00eda con actividades como el \u201cdesayuno saludable\u201d. Las madres y padres de la AMPA, colaboran durante este d\u00eda en la preparaci\u00f3n de los mismos. Consiste en un bollo de pan con aceite y az\u00facar y un zumo de naranja natural.<\/p>\n<p>Durante la primera hora de la ma\u00f1ana, se preparan y posteriormente se reparten a cada tutor\u00eda. Desde Infantil de 3 a\u00f1os, hasta 6\u00ba de Primaria, en total 9 clases que se deleitaran con este tipo de desayuno andaluz.<\/p>\n<p><b>22\/02\/2019<\/b><\/p>\n<p><strong>CHARLA SOBRE LA ADOLESCENCIA. Cambios en la pubertad.<\/strong><\/p>\n<p><a href=\"https:\/\/blogsaverroes.juntadeandalucia.es\/ceipperezacevedo\/files\/2018\/04\/charla.jpg\"><img loading=\"lazy\" decoding=\"async\" class=\"alignnone size-medium wp-image-2687\" src=\"https:\/\/blogsaverroes.juntadeandalucia.es\/ceipperezacevedo\/files\/2018\/04\/charla-225x300.jpg\" alt=\"\" width=\"225\" height=\"300\" srcset=\"https:\/\/blogsaverroes.juntadeandalucia.es\/ceipperezacevedo\/files\/2018\/04\/charla-225x300.jpg 225w, https:\/\/blogsaverroes.juntadeandalucia.es\/ceipperezacevedo\/files\/2018\/04\/charla.jpg 768w, https:\/\/blogsaverroes.juntadeandalucia.es\/ceipperezacevedo\/files\/2018\/04\/charla-18x24.jpg 18w, https:\/\/blogsaverroes.juntadeandalucia.es\/ceipperezacevedo\/files\/2018\/04\/charla-27x36.jpg 27w, https:\/\/blogsaverroes.juntadeandalucia.es\/ceipperezacevedo\/files\/2018\/04\/charla-36x48.jpg 36w\" sizes=\"(max-width: 225px) 100vw, 225px\" \/><\/a><a href=\"https:\/\/blogsaverroes.juntadeandalucia.es\/ceipperezacevedo\/files\/2018\/04\/charla1.jpg\"><img loading=\"lazy\" decoding=\"async\" class=\"alignnone size-medium wp-image-2688\" src=\"https:\/\/blogsaverroes.juntadeandalucia.es\/ceipperezacevedo\/files\/2018\/04\/charla1-300x225.jpg\" alt=\"\" width=\"300\" height=\"225\" srcset=\"https:\/\/blogsaverroes.juntadeandalucia.es\/ceipperezacevedo\/files\/2018\/04\/charla1-300x225.jpg 300w, https:\/\/blogsaverroes.juntadeandalucia.es\/ceipperezacevedo\/files\/2018\/04\/charla1-768x576.jpg 768w, https:\/\/blogsaverroes.juntadeandalucia.es\/ceipperezacevedo\/files\/2018\/04\/charla1.jpg 1024w, https:\/\/blogsaverroes.juntadeandalucia.es\/ceipperezacevedo\/files\/2018\/04\/charla1-24x18.jpg 24w, https:\/\/blogsaverroes.juntadeandalucia.es\/ceipperezacevedo\/files\/2018\/04\/charla1-36x27.jpg 36w, https:\/\/blogsaverroes.juntadeandalucia.es\/ceipperezacevedo\/files\/2018\/04\/charla1-48x36.jpg 48w\" sizes=\"(max-width: 300px) 100vw, 300px\" \/><\/a><\/p>\n<p>La adolescencia es un momento clave y cr\u00edtico en la formaci\u00f3n de la personalidad, en esta \u00e9poca asumen su identidad sexual y adoptan una nueva perspectiva de la propia persona. Por ello, dentro del<em> Programa Creciendo en Salud,<\/em> desde nuestro centro se pretende dar respuesta educativa a estos cambios para que sepan asumirse con seguridad y de la manera m\u00e1s normalizada posible.<\/p>\n<p><b>22\/02\/2019<\/b><\/p>\n<p><strong>PLAN DIRECTOR PARA CONVIVENCIA Y MEJORA DE LA SEGURIDAD EN LOS CENTROS ESCOLARES.<\/strong><\/p>\n<p>El viernes 22 de febrero, agentes de la Guardia Civil realizaron un taller con el alumnado, dentro del Programa Plan Director solicitado por el Centro. El tema fue el acoso y los peligros que supone el uso de Internet sin tomar precauciones.<\/p>\n<p><a href=\"https:\/\/blogsaverroes.juntadeandalucia.es\/ceipperezacevedo\/files\/2018\/04\/plan-director-gc.jpg\"><img loading=\"lazy\" decoding=\"async\" class=\"alignnone size-full wp-image-2685\" src=\"https:\/\/blogsaverroes.juntadeandalucia.es\/ceipperezacevedo\/files\/2018\/04\/plan-director-gc.jpg\" alt=\"\" width=\"774\" height=\"617\"><\/a><\/p>\n<p><a href=\"https:\/\/blogsaverroes.juntadeandalucia.es\/ceipperezacevedo\/files\/2018\/04\/gc-1.jpg\"><img loading=\"lazy\" decoding=\"async\" class=\"aligncenter wp-image-2682 size-large\" src=\"https:\/\/blogsaverroes.juntadeandalucia.es\/ceipperezacevedo\/files\/2018\/04\/gc-1-1024x768.jpg\" alt=\"\" width=\"525\" height=\"394\" srcset=\"https:\/\/blogsaverroes.juntadeandalucia.es\/ceipperezacevedo\/files\/2018\/04\/gc-1-1024x768.jpg 1024w, https:\/\/blogsaverroes.juntadeandalucia.es\/ceipperezacevedo\/files\/2018\/04\/gc-1-300x225.jpg 300w, https:\/\/blogsaverroes.juntadeandalucia.es\/ceipperezacevedo\/files\/2018\/04\/gc-1-768x576.jpg 768w, https:\/\/blogsaverroes.juntadeandalucia.es\/ceipperezacevedo\/files\/2018\/04\/gc-1.jpg 1600w, https:\/\/blogsaverroes.juntadeandalucia.es\/ceipperezacevedo\/files\/2018\/04\/gc-1-24x18.jpg 24w, https:\/\/blogsaverroes.juntadeandalucia.es\/ceipperezacevedo\/files\/2018\/04\/gc-1-36x27.jpg 36w, https:\/\/blogsaverroes.juntadeandalucia.es\/ceipperezacevedo\/files\/2018\/04\/gc-1-48x36.jpg 48w\" sizes=\"(max-width: 525px) 100vw, 525px\" \/><\/a><\/p>\n<p><a href=\"https:\/\/blogsaverroes.juntadeandalucia.es\/ceipperezacevedo\/files\/2018\/04\/PGC.jpg\"><br \/>\n<img loading=\"lazy\" decoding=\"async\" class=\"aligncenter wp-image-2683 size-large\" src=\"https:\/\/blogsaverroes.juntadeandalucia.es\/ceipperezacevedo\/files\/2018\/04\/PGC-1024x768.jpg\" alt=\"\" width=\"525\" height=\"394\" srcset=\"https:\/\/blogsaverroes.juntadeandalucia.es\/ceipperezacevedo\/files\/2018\/04\/PGC-1024x768.jpg 1024w, https:\/\/blogsaverroes.juntadeandalucia.es\/ceipperezacevedo\/files\/2018\/04\/PGC-300x225.jpg 300w, https:\/\/blogsaverroes.juntadeandalucia.es\/ceipperezacevedo\/files\/2018\/04\/PGC-768x576.jpg 768w, https:\/\/blogsaverroes.juntadeandalucia.es\/ceipperezacevedo\/files\/2018\/04\/PGC.jpg 1600w, https:\/\/blogsaverroes.juntadeandalucia.es\/ceipperezacevedo\/files\/2018\/04\/PGC-24x18.jpg 24w, https:\/\/blogsaverroes.juntadeandalucia.es\/ceipperezacevedo\/files\/2018\/04\/PGC-36x27.jpg 36w, https:\/\/blogsaverroes.juntadeandalucia.es\/ceipperezacevedo\/files\/2018\/04\/PGC-48x36.jpg 48w\" sizes=\"(max-width: 525px) 100vw, 525px\" \/><\/a><\/p>\n<p><b>22\/02\/2019<\/b><\/p>\n<p><a href=\"https:\/\/blogsaverroes.juntadeandalucia.es\/ceipperezacevedo\/files\/2018\/04\/Diapositiva1-2.jpg\"><br \/>\n<img loading=\"lazy\" decoding=\"async\" class=\"size-medium wp-image-2676 aligncenter\" src=\"https:\/\/blogsaverroes.juntadeandalucia.es\/ceipperezacevedo\/files\/2018\/04\/Diapositiva1-2-300x167.jpg\" alt=\"\" width=\"300\" height=\"167\" srcset=\"https:\/\/blogsaverroes.juntadeandalucia.es\/ceipperezacevedo\/files\/2018\/04\/Diapositiva1-2-300x167.jpg 300w, https:\/\/blogsaverroes.juntadeandalucia.es\/ceipperezacevedo\/files\/2018\/04\/Diapositiva1-2-768x427.jpg 768w, https:\/\/blogsaverroes.juntadeandalucia.es\/ceipperezacevedo\/files\/2018\/04\/Diapositiva1-2-24x13.jpg 24w, https:\/\/blogsaverroes.juntadeandalucia.es\/ceipperezacevedo\/files\/2018\/04\/Diapositiva1-2-36x20.jpg 36w, https:\/\/blogsaverroes.juntadeandalucia.es\/ceipperezacevedo\/files\/2018\/04\/Diapositiva1-2-48x27.jpg 48w, https:\/\/blogsaverroes.juntadeandalucia.es\/ceipperezacevedo\/files\/2018\/04\/Diapositiva1-2.jpg 960w\" sizes=\"(max-width: 300px) 100vw, 300px\" \/><\/a><a href=\"https:\/\/blogsaverroes.juntadeandalucia.es\/ceipperezacevedo\/files\/2018\/04\/carnaval.jpg\"><img loading=\"lazy\" decoding=\"async\" class=\"aligncenter wp-image-2677 size-large\" src=\"https:\/\/blogsaverroes.juntadeandalucia.es\/ceipperezacevedo\/files\/2018\/04\/carnaval-1024x1024.jpg\" alt=\"\" width=\"525\" height=\"525\" srcset=\"https:\/\/blogsaverroes.juntadeandalucia.es\/ceipperezacevedo\/files\/2018\/04\/carnaval-1024x1024.jpg 1024w, https:\/\/blogsaverroes.juntadeandalucia.es\/ceipperezacevedo\/files\/2018\/04\/carnaval-150x150.jpg 150w, https:\/\/blogsaverroes.juntadeandalucia.es\/ceipperezacevedo\/files\/2018\/04\/carnaval-300x300.jpg 300w, https:\/\/blogsaverroes.juntadeandalucia.es\/ceipperezacevedo\/files\/2018\/04\/carnaval-768x768.jpg 768w, https:\/\/blogsaverroes.juntadeandalucia.es\/ceipperezacevedo\/files\/2018\/04\/carnaval-100x100.jpg 100w, https:\/\/blogsaverroes.juntadeandalucia.es\/ceipperezacevedo\/files\/2018\/04\/carnaval-24x24.jpg 24w, https:\/\/blogsaverroes.juntadeandalucia.es\/ceipperezacevedo\/files\/2018\/04\/carnaval-36x36.jpg 36w, https:\/\/blogsaverroes.juntadeandalucia.es\/ceipperezacevedo\/files\/2018\/04\/carnaval-48x48.jpg 48w, https:\/\/blogsaverroes.juntadeandalucia.es\/ceipperezacevedo\/files\/2018\/04\/carnaval.jpg 1080w\" sizes=\"(max-width: 525px) 100vw, 525px\" \/><\/a><\/p>\n<p>\u00a1\u00a1El COLEGIO SE VISTE DE CARNAVAL!! El alumnado de Educaci\u00f3n Infantil ha disfrutado de&nbsp;<em>La Semana del Carnaval,&nbsp;<\/em>que ha consistido en portar cada d\u00eda una prenda o atrezo; hoy como \u00faltimo d\u00eda han venido todos disfrazados completamente y han hecho una ruta por las diferentes clases del centro deleit\u00e1ndonos con divertidas canciones carnavaleras.<\/p>\n<p><b>20\/02\/2019<\/b><\/p>\n<p>Hoy nos ha venido a visitar el FRUTIB\u00daS como&nbsp;parte de las medidas de acompa\u00f1amiento contempladas en el Plan Escolar de Consumo de Frutas y Hortalizas. En \u00e9l, hemos realizado&nbsp;una serie de juegos y actividades relacionadas con las frutas y hortalizas. Hemos aprendido mucho y, \u00a1LO HEMOS PASADO GENIAL!<\/p>\n<p><a href=\"https:\/\/blogsaverroes.juntadeandalucia.es\/ceipperezacevedo\/files\/2018\/04\/IMG_2019-02-21_10-54-59.jpg\"><br \/>\n<img loading=\"lazy\" decoding=\"async\" class=\"aligncenter wp-image-2667 size-large\" src=\"https:\/\/blogsaverroes.juntadeandalucia.es\/ceipperezacevedo\/files\/2018\/04\/IMG_2019-02-21_10-54-59-1024x1024.jpg\" alt=\"\" width=\"525\" height=\"525\" srcset=\"https:\/\/blogsaverroes.juntadeandalucia.es\/ceipperezacevedo\/files\/2018\/04\/IMG_2019-02-21_10-54-59-1024x1024.jpg 1024w, https:\/\/blogsaverroes.juntadeandalucia.es\/ceipperezacevedo\/files\/2018\/04\/IMG_2019-02-21_10-54-59-150x150.jpg 150w, https:\/\/blogsaverroes.juntadeandalucia.es\/ceipperezacevedo\/files\/2018\/04\/IMG_2019-02-21_10-54-59-300x300.jpg 300w, https:\/\/blogsaverroes.juntadeandalucia.es\/ceipperezacevedo\/files\/2018\/04\/IMG_2019-02-21_10-54-59-768x768.jpg 768w, https:\/\/blogsaverroes.juntadeandalucia.es\/ceipperezacevedo\/files\/2018\/04\/IMG_2019-02-21_10-54-59-100x100.jpg 100w, https:\/\/blogsaverroes.juntadeandalucia.es\/ceipperezacevedo\/files\/2018\/04\/IMG_2019-02-21_10-54-59-24x24.jpg 24w, https:\/\/blogsaverroes.juntadeandalucia.es\/ceipperezacevedo\/files\/2018\/04\/IMG_2019-02-21_10-54-59-36x36.jpg 36w, https:\/\/blogsaverroes.juntadeandalucia.es\/ceipperezacevedo\/files\/2018\/04\/IMG_2019-02-21_10-54-59-48x48.jpg 48w, https:\/\/blogsaverroes.juntadeandalucia.es\/ceipperezacevedo\/files\/2018\/04\/IMG_2019-02-21_10-54-59.jpg 1080w\" sizes=\"(max-width: 525px) 100vw, 525px\" \/><\/a><\/p>\n<p><b>15\/02\/2019<\/b><\/p>\n<p>El alumnado de Educaci\u00f3n Infantil ha visitado la Farmacia Centro, de Lepe, haciendo coincidir la visita con el desarrollo del Proyecto Educativo La Calle y, dentro del Programa de centro Creciendo en Salud (a trav\u00e9s del cual se lleva a cabo experiencias did\u00e1cticas para el cuidado de nuestro cuerpo.<\/p>\n<p><a href=\"https:\/\/blogsaverroes.juntadeandalucia.es\/ceipperezacevedo\/files\/2018\/04\/IMG-20190215-WA0038.jpg\"><img loading=\"lazy\" decoding=\"async\" class=\"size-medium wp-image-2660 alignleft\" src=\"https:\/\/blogsaverroes.juntadeandalucia.es\/ceipperezacevedo\/files\/2018\/04\/IMG-20190215-WA0038-300x225.jpg\" alt=\"\" width=\"300\" height=\"225\" srcset=\"https:\/\/blogsaverroes.juntadeandalucia.es\/ceipperezacevedo\/files\/2018\/04\/IMG-20190215-WA0038-300x225.jpg 300w, https:\/\/blogsaverroes.juntadeandalucia.es\/ceipperezacevedo\/files\/2018\/04\/IMG-20190215-WA0038-768x576.jpg 768w, https:\/\/blogsaverroes.juntadeandalucia.es\/ceipperezacevedo\/files\/2018\/04\/IMG-20190215-WA0038.jpg 1024w, https:\/\/blogsaverroes.juntadeandalucia.es\/ceipperezacevedo\/files\/2018\/04\/IMG-20190215-WA0038-24x18.jpg 24w, https:\/\/blogsaverroes.juntadeandalucia.es\/ceipperezacevedo\/files\/2018\/04\/IMG-20190215-WA0038-36x27.jpg 36w, https:\/\/blogsaverroes.juntadeandalucia.es\/ceipperezacevedo\/files\/2018\/04\/IMG-20190215-WA0038-48x36.jpg 48w\" sizes=\"(max-width: 300px) 100vw, 300px\" \/><\/a><a href=\"https:\/\/blogsaverroes.juntadeandalucia.es\/ceipperezacevedo\/files\/2018\/04\/IMG-20190215-WA0072.jpg\"><img loading=\"lazy\" decoding=\"async\" class=\"size-medium wp-image-2661 aligncenter\" src=\"https:\/\/blogsaverroes.juntadeandalucia.es\/ceipperezacevedo\/files\/2018\/04\/IMG-20190215-WA0072-300x225.jpg\" alt=\"\" width=\"300\" height=\"225\" srcset=\"https:\/\/blogsaverroes.juntadeandalucia.es\/ceipperezacevedo\/files\/2018\/04\/IMG-20190215-WA0072-300x225.jpg 300w, https:\/\/blogsaverroes.juntadeandalucia.es\/ceipperezacevedo\/files\/2018\/04\/IMG-20190215-WA0072-768x576.jpg 768w, https:\/\/blogsaverroes.juntadeandalucia.es\/ceipperezacevedo\/files\/2018\/04\/IMG-20190215-WA0072-1024x768.jpg 1024w, https:\/\/blogsaverroes.juntadeandalucia.es\/ceipperezacevedo\/files\/2018\/04\/IMG-20190215-WA0072.jpg 1599w, https:\/\/blogsaverroes.juntadeandalucia.es\/ceipperezacevedo\/files\/2018\/04\/IMG-20190215-WA0072-24x18.jpg 24w, https:\/\/blogsaverroes.juntadeandalucia.es\/ceipperezacevedo\/files\/2018\/04\/IMG-20190215-WA0072-36x27.jpg 36w, https:\/\/blogsaverroes.juntadeandalucia.es\/ceipperezacevedo\/files\/2018\/04\/IMG-20190215-WA0072-48x36.jpg 48w\" sizes=\"(max-width: 300px) 100vw, 300px\" \/><\/a><a href=\"https:\/\/blogsaverroes.juntadeandalucia.es\/ceipperezacevedo\/files\/2018\/04\/IMG-20190215-WA0076.jpg\"><img loading=\"lazy\" decoding=\"async\" class=\"size-medium wp-image-2662 alignright\" src=\"https:\/\/blogsaverroes.juntadeandalucia.es\/ceipperezacevedo\/files\/2018\/04\/IMG-20190215-WA0076-300x225.jpg\" alt=\"\" width=\"300\" height=\"225\" srcset=\"https:\/\/blogsaverroes.juntadeandalucia.es\/ceipperezacevedo\/files\/2018\/04\/IMG-20190215-WA0076-300x225.jpg 300w, https:\/\/blogsaverroes.juntadeandalucia.es\/ceipperezacevedo\/files\/2018\/04\/IMG-20190215-WA0076-768x576.jpg 768w, https:\/\/blogsaverroes.juntadeandalucia.es\/ceipperezacevedo\/files\/2018\/04\/IMG-20190215-WA0076-1024x768.jpg 1024w, https:\/\/blogsaverroes.juntadeandalucia.es\/ceipperezacevedo\/files\/2018\/04\/IMG-20190215-WA0076.jpg 1599w, https:\/\/blogsaverroes.juntadeandalucia.es\/ceipperezacevedo\/files\/2018\/04\/IMG-20190215-WA0076-24x18.jpg 24w, https:\/\/blogsaverroes.juntadeandalucia.es\/ceipperezacevedo\/files\/2018\/04\/IMG-20190215-WA0076-36x27.jpg 36w, https:\/\/blogsaverroes.juntadeandalucia.es\/ceipperezacevedo\/files\/2018\/04\/IMG-20190215-WA0076-48x36.jpg 48w\" sizes=\"(max-width: 300px) 100vw, 300px\" \/><\/a><a href=\"https:\/\/blogsaverroes.juntadeandalucia.es\/ceipperezacevedo\/files\/2018\/04\/IMG-20190215-WA0072.jpg\">&nbsp;<\/a><a href=\"https:\/\/blogsaverroes.juntadeandalucia.es\/ceipperezacevedo\/files\/2018\/04\/IMG-20190215-WA0038.jpg\">&nbsp;<\/a><\/p>\n<p>Damos las gracias a la Farmacia Centro por su colaboraci\u00f3n.<\/p>\n<p><b>14\/02\/2019<\/b><\/p>\n<p>San Valent\u00edn no tiene por qu\u00e9 ser una celebraci\u00f3n exclusiva de los enamorados. Tambi\u00e9n los ni\u00f1os y las ni\u00f1as pueden expresar su amor y cari\u00f1o e igualmente recibirlos.<\/p>\n<p>Formando parte del IV CONCURSO DE CARTAS DE AMOR Y AMISTAD, hemos pasado por las clases y cada ni\u00f1o y ni\u00f1a ha escrito una carta sobre el amor y la amistad. Luego lo han depositado en nuestro bonito buz\u00f3n.<\/p>\n<p>Despu\u00e9s de una dif\u00edcil deliberaci\u00f3n, han sido seleccionadas: 3 cartas de Infantil, 3 de Primaria y&nbsp; una menci\u00f3n especial por su originalidad.<\/p>\n<p><a href=\"https:\/\/blogsaverroes.juntadeandalucia.es\/ceipperezacevedo\/files\/2018\/04\/P90214-113830.jpg\"><br \/>\n<img loading=\"lazy\" decoding=\"async\" class=\"aligncenter wp-image-2658 size-large\" src=\"https:\/\/blogsaverroes.juntadeandalucia.es\/ceipperezacevedo\/files\/2018\/04\/P90214-113830-1024x512.jpg\" alt=\"\" width=\"525\" height=\"263\" srcset=\"https:\/\/blogsaverroes.juntadeandalucia.es\/ceipperezacevedo\/files\/2018\/04\/P90214-113830-1024x512.jpg 1024w, https:\/\/blogsaverroes.juntadeandalucia.es\/ceipperezacevedo\/files\/2018\/04\/P90214-113830-300x150.jpg 300w, https:\/\/blogsaverroes.juntadeandalucia.es\/ceipperezacevedo\/files\/2018\/04\/P90214-113830-768x384.jpg 768w, https:\/\/blogsaverroes.juntadeandalucia.es\/ceipperezacevedo\/files\/2018\/04\/P90214-113830-24x12.jpg 24w, https:\/\/blogsaverroes.juntadeandalucia.es\/ceipperezacevedo\/files\/2018\/04\/P90214-113830-36x18.jpg 36w, https:\/\/blogsaverroes.juntadeandalucia.es\/ceipperezacevedo\/files\/2018\/04\/P90214-113830-48x24.jpg 48w, https:\/\/blogsaverroes.juntadeandalucia.es\/ceipperezacevedo\/files\/2018\/04\/P90214-113830.jpg 1600w\" sizes=\"(max-width: 525px) 100vw, 525px\" \/><\/a><\/p>\n<p>&nbsp;<\/p>\n<p><b>04\/02\/2019<\/b><\/p>\n<p>El lunes 4 de febrero, los alumnos&nbsp; y alumnas de 3\u00ba y 4\u00ba de Primaria visitaron la Biblioteca Municipal. Taller de cuentacuentos realizado por Inmaculada de Miguel.<\/p>\n<p><a href=\"https:\/\/blogsaverroes.juntadeandalucia.es\/ceipperezacevedo\/files\/2018\/04\/IMG-20190215-WA0049.jpg\">&nbsp;<\/a><a href=\"https:\/\/blogsaverroes.juntadeandalucia.es\/ceipperezacevedo\/files\/2018\/04\/IMG-20190215-WA0047.jpg\"><img loading=\"lazy\" decoding=\"async\" class=\"aligncenter wp-image-2665 size-large\" src=\"https:\/\/blogsaverroes.juntadeandalucia.es\/ceipperezacevedo\/files\/2018\/04\/IMG-20190215-WA0047-1024x768.jpg\" alt=\"\" width=\"525\" height=\"394\" srcset=\"https:\/\/blogsaverroes.juntadeandalucia.es\/ceipperezacevedo\/files\/2018\/04\/IMG-20190215-WA0047-1024x768.jpg 1024w, https:\/\/blogsaverroes.juntadeandalucia.es\/ceipperezacevedo\/files\/2018\/04\/IMG-20190215-WA0047-300x225.jpg 300w, https:\/\/blogsaverroes.juntadeandalucia.es\/ceipperezacevedo\/files\/2018\/04\/IMG-20190215-WA0047-768x576.jpg 768w, https:\/\/blogsaverroes.juntadeandalucia.es\/ceipperezacevedo\/files\/2018\/04\/IMG-20190215-WA0047.jpg 1600w, https:\/\/blogsaverroes.juntadeandalucia.es\/ceipperezacevedo\/files\/2018\/04\/IMG-20190215-WA0047-24x18.jpg 24w, https:\/\/blogsaverroes.juntadeandalucia.es\/ceipperezacevedo\/files\/2018\/04\/IMG-20190215-WA0047-36x27.jpg 36w, https:\/\/blogsaverroes.juntadeandalucia.es\/ceipperezacevedo\/files\/2018\/04\/IMG-20190215-WA0047-48x36.jpg 48w\" sizes=\"(max-width: 525px) 100vw, 525px\" \/><\/a><img loading=\"lazy\" decoding=\"async\" class=\"aligncenter wp-image-2664 size-large\" src=\"https:\/\/blogsaverroes.juntadeandalucia.es\/ceipperezacevedo\/files\/2018\/04\/IMG-20190215-WA0049-1024x768.jpg\" alt=\"\" width=\"525\" height=\"394\" srcset=\"https:\/\/blogsaverroes.juntadeandalucia.es\/ceipperezacevedo\/files\/2018\/04\/IMG-20190215-WA0049-1024x768.jpg 1024w, https:\/\/blogsaverroes.juntadeandalucia.es\/ceipperezacevedo\/files\/2018\/04\/IMG-20190215-WA0049-300x225.jpg 300w, https:\/\/blogsaverroes.juntadeandalucia.es\/ceipperezacevedo\/files\/2018\/04\/IMG-20190215-WA0049-768x576.jpg 768w, https:\/\/blogsaverroes.juntadeandalucia.es\/ceipperezacevedo\/files\/2018\/04\/IMG-20190215-WA0049.jpg 1600w, https:\/\/blogsaverroes.juntadeandalucia.es\/ceipperezacevedo\/files\/2018\/04\/IMG-20190215-WA0049-24x18.jpg 24w, https:\/\/blogsaverroes.juntadeandalucia.es\/ceipperezacevedo\/files\/2018\/04\/IMG-20190215-WA0049-36x27.jpg 36w, https:\/\/blogsaverroes.juntadeandalucia.es\/ceipperezacevedo\/files\/2018\/04\/IMG-20190215-WA0049-48x36.jpg 48w\" sizes=\"(max-width: 525px) 100vw, 525px\" \/><\/p>\n<p>Le damos las gracias por dicha actividad.<\/p>\n<p>&nbsp;<\/p>\n<p><strong>30\/01\/2019<\/strong><\/p>\n<p>Con motivo del D\u00eda de la Paz, los alumnos y alumnas del centro han decorado platos con el s\u00edmbolo de la Paz y se ha cantado la canci\u00f3n \u201cLos ni\u00f1os queremos la Paz\u201d.<\/p>\n<p><a href=\"https:\/\/blogsaverroes.juntadeandalucia.es\/ceipperezacevedo\/files\/2018\/04\/PAZ.jpg\"><br \/>\n<img loading=\"lazy\" decoding=\"async\" class=\"wp-image-2649 size-large aligncenter\" src=\"https:\/\/blogsaverroes.juntadeandalucia.es\/ceipperezacevedo\/files\/2018\/04\/PAZ-1024x512.jpg\" alt=\"\" width=\"525\" height=\"263\" srcset=\"https:\/\/blogsaverroes.juntadeandalucia.es\/ceipperezacevedo\/files\/2018\/04\/PAZ-1024x512.jpg 1024w, https:\/\/blogsaverroes.juntadeandalucia.es\/ceipperezacevedo\/files\/2018\/04\/PAZ-300x150.jpg 300w, https:\/\/blogsaverroes.juntadeandalucia.es\/ceipperezacevedo\/files\/2018\/04\/PAZ-768x384.jpg 768w, https:\/\/blogsaverroes.juntadeandalucia.es\/ceipperezacevedo\/files\/2018\/04\/PAZ-24x12.jpg 24w, https:\/\/blogsaverroes.juntadeandalucia.es\/ceipperezacevedo\/files\/2018\/04\/PAZ-36x18.jpg 36w, https:\/\/blogsaverroes.juntadeandalucia.es\/ceipperezacevedo\/files\/2018\/04\/PAZ-48x24.jpg 48w, https:\/\/blogsaverroes.juntadeandalucia.es\/ceipperezacevedo\/files\/2018\/04\/PAZ.jpg 1600w\" sizes=\"(max-width: 525px) 100vw, 525px\" \/><\/a><\/p>\n<p><a href=\"https:\/\/blogsaverroes.juntadeandalucia.es\/ceipperezacevedo\/files\/2018\/04\/PAZ1.jpg\"><br \/>\n<img loading=\"lazy\" decoding=\"async\" class=\"aligncenter wp-image-2651 size-large\" src=\"https:\/\/blogsaverroes.juntadeandalucia.es\/ceipperezacevedo\/files\/2018\/04\/PAZ1-1024x512.jpg\" alt=\"\" width=\"525\" height=\"263\" srcset=\"https:\/\/blogsaverroes.juntadeandalucia.es\/ceipperezacevedo\/files\/2018\/04\/PAZ1-1024x512.jpg 1024w, https:\/\/blogsaverroes.juntadeandalucia.es\/ceipperezacevedo\/files\/2018\/04\/PAZ1-300x150.jpg 300w, https:\/\/blogsaverroes.juntadeandalucia.es\/ceipperezacevedo\/files\/2018\/04\/PAZ1-768x384.jpg 768w, https:\/\/blogsaverroes.juntadeandalucia.es\/ceipperezacevedo\/files\/2018\/04\/PAZ1-24x12.jpg 24w, https:\/\/blogsaverroes.juntadeandalucia.es\/ceipperezacevedo\/files\/2018\/04\/PAZ1-36x18.jpg 36w, https:\/\/blogsaverroes.juntadeandalucia.es\/ceipperezacevedo\/files\/2018\/04\/PAZ1-48x24.jpg 48w, https:\/\/blogsaverroes.juntadeandalucia.es\/ceipperezacevedo\/files\/2018\/04\/PAZ1.jpg 1600w\" sizes=\"(max-width: 525px) 100vw, 525px\" \/><\/a><\/p>\n<p><iframe loading=\"lazy\" src=\"https:\/\/www.youtube.com\/embed\/r0E8RaisSB8\" width=\"560\" height=\"315\" frameborder=\"0\"><\/iframe><br \/>\n<em>&nbsp; \u27a1 Para ver el calendario escolar del curso 2018\/2019 haz click<\/em> <a href=\"https:\/\/blogsaverroes.juntadeandalucia.es\/ceipperezacevedo\/calendario-escolar\/\"><strong>AQU\u00cd<\/strong><\/a><\/p>\n<p style=\"text-align: left\" align=\"center\"><a href=\"https:\/\/blogsaverroes.juntadeandalucia.es\/ceipperezacevedo\/files\/2018\/11\/HALLOWEEN.jpg.png\"><img loading=\"lazy\" decoding=\"async\" class=\"alignnone size-medium wp-image-2622\" src=\"https:\/\/blogsaverroes.juntadeandalucia.es\/ceipperezacevedo\/files\/2018\/11\/HALLOWEEN.jpg-300x78.png\" alt=\"\" width=\"300\" height=\"78\" srcset=\"https:\/\/blogsaverroes.juntadeandalucia.es\/ceipperezacevedo\/files\/2018\/11\/HALLOWEEN.jpg-300x78.png 300w, https:\/\/blogsaverroes.juntadeandalucia.es\/ceipperezacevedo\/files\/2018\/11\/HALLOWEEN.jpg-24x6.png 24w, https:\/\/blogsaverroes.juntadeandalucia.es\/ceipperezacevedo\/files\/2018\/11\/HALLOWEEN.jpg-36x9.png 36w, https:\/\/blogsaverroes.juntadeandalucia.es\/ceipperezacevedo\/files\/2018\/11\/HALLOWEEN.jpg-48x13.png 48w, https:\/\/blogsaverroes.juntadeandalucia.es\/ceipperezacevedo\/files\/2018\/11\/HALLOWEEN.jpg.png 547w\" sizes=\"(max-width: 300px) 100vw, 300px\" \/><\/a><\/p>\n<p align=\"center\"><a href=\"https:\/\/blogsaverroes.juntadeandalucia.es\/ceipperezacevedo\/files\/2018\/11\/halloween.jpg\"><img loading=\"lazy\" decoding=\"async\" class=\"aligncenter wp-image-2625 size-full\" src=\"https:\/\/blogsaverroes.juntadeandalucia.es\/ceipperezacevedo\/files\/2018\/11\/halloween.jpg\" alt=\"\" width=\"960\" height=\"720\" srcset=\"https:\/\/blogsaverroes.juntadeandalucia.es\/ceipperezacevedo\/files\/2018\/11\/halloween.jpg 960w, https:\/\/blogsaverroes.juntadeandalucia.es\/ceipperezacevedo\/files\/2018\/11\/halloween-300x225.jpg 300w, https:\/\/blogsaverroes.juntadeandalucia.es\/ceipperezacevedo\/files\/2018\/11\/halloween-768x576.jpg 768w, https:\/\/blogsaverroes.juntadeandalucia.es\/ceipperezacevedo\/files\/2018\/11\/halloween-700x525.jpg 700w, https:\/\/blogsaverroes.juntadeandalucia.es\/ceipperezacevedo\/files\/2018\/11\/halloween-24x18.jpg 24w, https:\/\/blogsaverroes.juntadeandalucia.es\/ceipperezacevedo\/files\/2018\/11\/halloween-36x27.jpg 36w, https:\/\/blogsaverroes.juntadeandalucia.es\/ceipperezacevedo\/files\/2018\/11\/halloween-48x36.jpg 48w\" sizes=\"(max-width: 960px) 100vw, 960px\" \/><\/a><\/p>\n<p align=\"center\">&nbsp;<\/p>\n","protected":false},"excerpt":{"rendered":"<p>Aqu\u00ed puedes ver todas las actividades complementarias que realizamos en nuestro cole. CURSO 24\/25 &nbsp; &nbsp; &nbsp; &nbsp; &nbsp; &nbsp; &nbsp; &nbsp; &nbsp; CURSO 23-24 &nbsp; CELEBRACI\u00d3N DEL D\u00cdA DE HALLOWEEN El d\u00eda 31 de octubre celebramos HALLOWEEN en nuestro colegio. &nbsp; Video realizado por el AMPA. Pintacaras para nuestro alumnado. Pincha dentro para ver [&hellip;]<\/p>\n","protected":false},"author":5741,"featured_media":0,"parent":0,"menu_order":0,"comment_status":"closed","ping_status":"closed","template":"","meta":{"ngg_post_thumbnail":0,"footnotes":"","_mc_calendar":[]},"aioseo_notices":[],"_links":{"self":[{"href":"https:\/\/blogsaverroes.juntadeandalucia.es\/ceipperezacevedo\/wp-json\/wp\/v2\/pages\/2621"}],"collection":[{"href":"https:\/\/blogsaverroes.juntadeandalucia.es\/ceipperezacevedo\/wp-json\/wp\/v2\/pages"}],"about":[{"href":"https:\/\/blogsaverroes.juntadeandalucia.es\/ceipperezacevedo\/wp-json\/wp\/v2\/types\/page"}],"author":[{"embeddable":true,"href":"https:\/\/blogsaverroes.juntadeandalucia.es\/ceipperezacevedo\/wp-json\/wp\/v2\/users\/5741"}],"replies":[{"embeddable":true,"href":"https:\/\/blogsaverroes.juntadeandalucia.es\/ceipperezacevedo\/wp-json\/wp\/v2\/comments?post=2621"}],"version-history":[{"count":10,"href":"https:\/\/blogsaverroes.juntadeandalucia.es\/ceipperezacevedo\/wp-json\/wp\/v2\/pages\/2621\/revisions"}],"predecessor-version":[{"id":8835,"href":"https:\/\/blogsaverroes.juntadeandalucia.es\/ceipperezacevedo\/wp-json\/wp\/v2\/pages\/2621\/revisions\/8835"}],"wp:attachment":[{"href":"https:\/\/blogsaverroes.juntadeandalucia.es\/ceipperezacevedo\/wp-json\/wp\/v2\/media?parent=2621"}],"curies":[{"name":"wp","href":"https:\/\/api.w.org\/{rel}","templated":true}]}}