{"id":44,"date":"2015-03-13T08:42:15","date_gmt":"2015-03-13T08:42:15","guid":{"rendered":"http:\/\/blogsaverroes.juntadeandalucia.es\/pre\/ceip\/?page_id=44"},"modified":"2024-07-07T19:15:06","modified_gmt":"2024-07-07T19:15:06","slug":"planes-y-programas","status":"publish","type":"page","link":"https:\/\/blogsaverroes.juntadeandalucia.es\/ceippicasso\/planes-y-programas\/","title":{"rendered":"Planes y programas"},"content":{"rendered":"<!--themify_builder_content-->\n<div id=\"themify_builder_content-44\" data-postid=\"44\" class=\"themify_builder_content themify_builder_content-44 themify_builder tf_clear\">\n                    <div  data-lazy=\"1\" class=\"module_row themify_builder_row tb_y319213 tb_first tf_w\">\n                        <div class=\"row_inner col_align_top tb_col_count_1 tf_box tf_rel\">\n                        <div  data-lazy=\"1\" class=\"module_column tb-column col-full tb_wr0k215 first\">\n                            <div  data-lazy=\"1\" class=\"module_subrow themify_builder_sub_row tf_w col_align_top tb_col_count_2 tb_gq2k625\">\n                <div  data-lazy=\"1\" class=\"module_column sub_column col2-1 tb_09pr626 first\">\n                    <!-- module text -->\n<div  class=\"module module-text tb_2it9934   \" data-lazy=\"1\">\n        <div  class=\"tb_text_wrap\">\n        <p style=\"text-align: justify;\"><span style=\"color: #000000;\">El CEIP. Pablo Picasso participa de un gran n\u00famero de planes, programas y proyectos que la Junta de Andaluc\u00eda pone a disposici\u00f3n de los centros. De esta manera, se busca mejorar la pr\u00e1ctica docente en nuestro d\u00eda a d\u00eda e inculcar valores para la ciudadan\u00eda del futuro: sostenible, comprometida con la igualdad y la salud, as\u00ed como con la cultura y los retos digitales.<\/span><\/p>    <\/div>\n<\/div>\n<!-- \/module text -->        <\/div>\n                    <div  data-lazy=\"1\" class=\"module_column sub_column col2-1 tb_qb05626 last\">\n                    <!-- module image -->\n<div  class=\"module module-image tb_6oif214 image-center   auto_fullwidth tf_mw\" data-lazy=\"1\">\n        <div class=\"image-wrap tf_rel tf_mw\">\n            <img loading=\"lazy\" decoding=\"async\" width=\"746\" height=\"290\" src=\"https:\/\/blogsaverroes.juntadeandalucia.es\/ceippicasso\/files\/2022\/09\/PLAN_ESTRATEGICO_INNOVACION_EDUCATIVA.png\" class=\"wp-post-image wp-image-3265\" title=\"PLAN_ESTRATEGICO_INNOVACION_EDUCATIVA\" alt=\"PLAN_ESTRATEGICO_INNOVACION_EDUCATIVA\" srcset=\"https:\/\/blogsaverroes.juntadeandalucia.es\/ceippicasso\/files\/2022\/09\/PLAN_ESTRATEGICO_INNOVACION_EDUCATIVA.png 746w, https:\/\/blogsaverroes.juntadeandalucia.es\/ceippicasso\/files\/2022\/09\/PLAN_ESTRATEGICO_INNOVACION_EDUCATIVA-300x117.png 300w\" sizes=\"(max-width: 746px) 100vw, 746px\" \/>    \n        <\/div>\n    <!-- \/image-wrap -->\n    \n        <\/div>\n<!-- \/module image -->        <\/div>\n                    <\/div>\n                <\/div>\n                        <\/div>\n        <\/div>\n                        <div  data-lazy=\"1\" class=\"module_row themify_builder_row tb_xxew579 tf_w\">\n                        <div class=\"row_inner col_align_top tb_col_count_4 tf_box tf_rel\">\n                        <div  data-lazy=\"1\" class=\"module_column tb-column col4-1 tb_khmg581 first\">\n                    <!-- module image -->\n<div  class=\"module module-image tb_itk6261 image-top   tf_mw\" data-lazy=\"1\">\n        <div class=\"image-wrap tf_rel tf_mw\">\n            <img loading=\"lazy\" decoding=\"async\" width=\"480\" height=\"480\" src=\"https:\/\/blogsaverroes.juntadeandalucia.es\/ceippicasso\/files\/2022\/09\/escuela_paz.jpeg\" class=\"wp-post-image wp-image-3284\" title=\"escuela_paz\" alt=\"escuela_paz\" srcset=\"https:\/\/blogsaverroes.juntadeandalucia.es\/ceippicasso\/files\/2022\/09\/escuela_paz.jpeg 480w, https:\/\/blogsaverroes.juntadeandalucia.es\/ceippicasso\/files\/2022\/09\/escuela_paz-300x300.jpeg 300w, https:\/\/blogsaverroes.juntadeandalucia.es\/ceippicasso\/files\/2022\/09\/escuela_paz-150x150.jpeg 150w\" sizes=\"(max-width: 480px) 100vw, 480px\" \/>    \n        <\/div>\n    <!-- \/image-wrap -->\n    \n        <\/div>\n<!-- \/module image --><!-- module box -->\n<div  class=\"module module-box tb_ypjj261 \" data-lazy=\"1\">\n    <div class=\"module-box-content ui  tb_default_color\">\n                <div class=\"tb_text_wrap\"><h4 style=\"text-align: center;\">Escuela Espacio de Paz<\/h4><\/div>\n    <\/div>\n<\/div>\n<!-- \/module box -->\n        <div  data-lazy=\"1\" class=\"module_subrow themify_builder_sub_row tf_w col_align_top tb_col_count_2 tb_6ugz694\">\n                <div  data-lazy=\"1\" class=\"module_column sub_column col2-1 tb_ptd0696 first\">\n                    <!-- module text -->\n<div  class=\"module module-text tb_s4b9884   \" data-lazy=\"1\">\n        <div  class=\"tb_text_wrap\">\n        <p style=\"text-align: right;\"><span style=\"color: #000000;\">M\u00e1s informaci\u00f3n <b>\u2192<\/b><\/span><\/p>    <\/div>\n<\/div>\n<!-- \/module text -->        <\/div>\n                    <div  data-lazy=\"1\" class=\"module_column sub_column col2-1 tb_jpvu697 last\">\n                    <!-- module icon -->\n<div  class=\"module module-icon tb_eqft75  normal rounded icon_horizontal tf_textl\" data-lazy=\"1\">\n            <div class=\"module-icon-item\">\n                                                                <em class=\"tf_boxblue\"><svg  class=\"tf_fa tf-fas-link\" aria-hidden=\"true\"><use href=\"#tf-fas-link\"><\/use><\/svg><\/em>\n                                                        <\/div>\n    <\/div>\n<!-- \/module icon -->\n        <\/div>\n                    <\/div>\n                <\/div>\n                    <div  data-lazy=\"1\" class=\"module_column tb-column col4-1 tb_f641260\">\n                    <!-- module image -->\n<div  class=\"module module-image tb_lxgv958 image-top   tf_mw\" data-lazy=\"1\">\n        <div class=\"image-wrap tf_rel tf_mw\">\n            <img loading=\"lazy\" decoding=\"async\" width=\"466\" height=\"466\" src=\"https:\/\/blogsaverroes.juntadeandalucia.es\/ceippicasso\/files\/2022\/09\/Captura-de-Pantalla-2022-09-25-a-las-16.02.38.png\" class=\"wp-post-image wp-image-3287\" title=\"Captura de Pantalla 2022-09-25 a las 16.02.38\" alt=\"Captura de Pantalla 2022-09-25 a las 16.02.38\" srcset=\"https:\/\/blogsaverroes.juntadeandalucia.es\/ceippicasso\/files\/2022\/09\/Captura-de-Pantalla-2022-09-25-a-las-16.02.38.png 466w, https:\/\/blogsaverroes.juntadeandalucia.es\/ceippicasso\/files\/2022\/09\/Captura-de-Pantalla-2022-09-25-a-las-16.02.38-300x300.png 300w, https:\/\/blogsaverroes.juntadeandalucia.es\/ceippicasso\/files\/2022\/09\/Captura-de-Pantalla-2022-09-25-a-las-16.02.38-150x150.png 150w\" sizes=\"(max-width: 466px) 100vw, 466px\" \/>    \n        <\/div>\n    <!-- \/image-wrap -->\n    \n        <\/div>\n<!-- \/module image --><!-- module box -->\n<div  class=\"module module-box tb_7la1958 \" data-lazy=\"1\">\n    <div class=\"module-box-content ui  tb_default_color\">\n                <div class=\"tb_text_wrap\"><h4 style=\"text-align: center;\">Bibliotecas Escolares<\/h4><\/div>\n    <\/div>\n<\/div>\n<!-- \/module box -->\n        <div  data-lazy=\"1\" class=\"module_subrow themify_builder_sub_row tf_w col_align_top tb_col_count_2 tb_lze2262\">\n                <div  data-lazy=\"1\" class=\"module_column sub_column col2-1 tb_2168262 first\">\n                    <!-- module text -->\n<div  class=\"module module-text tb_osfi263   \" data-lazy=\"1\">\n        <div  class=\"tb_text_wrap\">\n        <p style=\"text-align: right;\"><span style=\"color: #000000;\">M\u00e1s informaci\u00f3n <b>\u2192<\/b><\/span><\/p>    <\/div>\n<\/div>\n<!-- \/module text -->        <\/div>\n                    <div  data-lazy=\"1\" class=\"module_column sub_column col2-1 tb_i17e263 last\">\n                    <!-- module icon -->\n<div  class=\"module module-icon tb_7eps263  normal rounded icon_horizontal tf_textl\" data-lazy=\"1\">\n            <div class=\"module-icon-item\">\n                                                                <em class=\"tf_boxblue\"><svg  class=\"tf_fa tf-fas-link\" aria-hidden=\"true\"><use href=\"#tf-fas-link\"><\/use><\/svg><\/em>\n                                                        <\/div>\n    <\/div>\n<!-- \/module icon -->\n        <\/div>\n                    <\/div>\n                <\/div>\n                    <div  data-lazy=\"1\" class=\"module_column tb-column col4-1 tb_9ygt958\">\n                    <!-- module image -->\n<div  class=\"module module-image tb_5gzp595 image-top   tf_mw\" data-lazy=\"1\">\n        <div class=\"image-wrap tf_rel tf_mw\">\n            <img loading=\"lazy\" decoding=\"async\" width=\"778\" height=\"778\" src=\"https:\/\/blogsaverroes.juntadeandalucia.es\/ceippicasso\/files\/2022\/09\/Captura-de-Pantalla-2022-09-25-a-las-14.28.19.png\" class=\"wp-post-image wp-image-3267\" title=\"Captura de Pantalla 2022-09-25 a las 14.28.19\" alt=\"Captura de Pantalla 2022-09-25 a las 14.28.19\" srcset=\"https:\/\/blogsaverroes.juntadeandalucia.es\/ceippicasso\/files\/2022\/09\/Captura-de-Pantalla-2022-09-25-a-las-14.28.19.png 778w, https:\/\/blogsaverroes.juntadeandalucia.es\/ceippicasso\/files\/2022\/09\/Captura-de-Pantalla-2022-09-25-a-las-14.28.19-300x300.png 300w, https:\/\/blogsaverroes.juntadeandalucia.es\/ceippicasso\/files\/2022\/09\/Captura-de-Pantalla-2022-09-25-a-las-14.28.19-150x150.png 150w, https:\/\/blogsaverroes.juntadeandalucia.es\/ceippicasso\/files\/2022\/09\/Captura-de-Pantalla-2022-09-25-a-las-14.28.19-768x768.png 768w\" sizes=\"(max-width: 778px) 100vw, 778px\" \/>    \n        <\/div>\n    <!-- \/image-wrap -->\n    \n        <\/div>\n<!-- \/module image --><!-- module box -->\n<div  class=\"module module-box tb_481u593 \" data-lazy=\"1\">\n    <div class=\"module-box-content ui  tb_default_color\">\n                <div class=\"tb_text_wrap\"><h4 style=\"text-align: center;\">Transformaci\u00f3n Digital<\/h4><\/div>\n    <\/div>\n<\/div>\n<!-- \/module box -->\n        <div  data-lazy=\"1\" class=\"module_subrow themify_builder_sub_row tf_w col_align_top tb_col_count_2 tb_9o2x959\">\n                <div  data-lazy=\"1\" class=\"module_column sub_column col2-1 tb_gwyw959 first\">\n                    <!-- module text -->\n<div  class=\"module module-text tb_8sys959   \" data-lazy=\"1\">\n        <div  class=\"tb_text_wrap\">\n        <p style=\"text-align: right;\"><span style=\"color: #000000;\">M\u00e1s informaci\u00f3n <b>\u2192<\/b><\/span><\/p>    <\/div>\n<\/div>\n<!-- \/module text -->        <\/div>\n                    <div  data-lazy=\"1\" class=\"module_column sub_column col2-1 tb_ow28959 last\">\n                    <!-- module icon -->\n<div  class=\"module module-icon tb_hvj7959  normal rounded icon_horizontal tf_textl\" data-lazy=\"1\">\n            <div class=\"module-icon-item\">\n                                                                <em class=\"tf_boxblue\"><svg  class=\"tf_fa tf-fas-link\" aria-hidden=\"true\"><use href=\"#tf-fas-link\"><\/use><\/svg><\/em>\n                                                        <\/div>\n    <\/div>\n<!-- \/module icon -->\n        <\/div>\n                    <\/div>\n                <\/div>\n                    <div  data-lazy=\"1\" class=\"module_column tb-column col4-1 tb_87t6874 last\">\n                    <!-- module image -->\n<div  class=\"module module-image tb_0emu875 image-top   tf_mw\" data-lazy=\"1\">\n        <div class=\"image-wrap tf_rel tf_mw\">\n            <img loading=\"lazy\" decoding=\"async\" width=\"500\" height=\"500\" src=\"https:\/\/blogsaverroes.juntadeandalucia.es\/ceippicasso\/files\/2022\/09\/pacto_estado-1.jpeg\" class=\"wp-post-image wp-image-3293\" title=\"pacto_estado\" alt=\"pacto_estado\" srcset=\"https:\/\/blogsaverroes.juntadeandalucia.es\/ceippicasso\/files\/2022\/09\/pacto_estado-1.jpeg 500w, https:\/\/blogsaverroes.juntadeandalucia.es\/ceippicasso\/files\/2022\/09\/pacto_estado-1-300x300.jpeg 300w, https:\/\/blogsaverroes.juntadeandalucia.es\/ceippicasso\/files\/2022\/09\/pacto_estado-1-150x150.jpeg 150w\" sizes=\"(max-width: 500px) 100vw, 500px\" \/>    \n        <\/div>\n    <!-- \/image-wrap -->\n    \n        <\/div>\n<!-- \/module image --><!-- module box -->\n<div  class=\"module module-box tb_tqxl875 \" data-lazy=\"1\">\n    <div class=\"module-box-content ui  tb_default_color\">\n                <div class=\"tb_text_wrap\"><h4 style=\"text-align: center;\">Plan de Igualdad<\/h4><\/div>\n    <\/div>\n<\/div>\n<!-- \/module box -->\n        <div  data-lazy=\"1\" class=\"module_subrow themify_builder_sub_row tf_w col_align_top tb_col_count_2 tb_maj8875\">\n                <div  data-lazy=\"1\" class=\"module_column sub_column col2-1 tb_sr0o875 first\">\n                    <!-- module text -->\n<div  class=\"module module-text tb_bxos875   \" data-lazy=\"1\">\n        <div  class=\"tb_text_wrap\">\n        <p style=\"text-align: right;\"><span style=\"color: #000000;\">M\u00e1s informaci\u00f3n <b>\u2192<\/b><\/span><\/p>    <\/div>\n<\/div>\n<!-- \/module text -->        <\/div>\n                    <div  data-lazy=\"1\" class=\"module_column sub_column col2-1 tb_8pfh875 last\">\n                    <!-- module icon -->\n<div  class=\"module module-icon tb_lzy8875  normal rounded icon_horizontal tf_textl\" data-lazy=\"1\">\n            <div class=\"module-icon-item\">\n                                                                <em class=\"tf_boxblue\"><svg  class=\"tf_fa tf-fas-link\" aria-hidden=\"true\"><use href=\"#tf-fas-link\"><\/use><\/svg><\/em>\n                                                        <\/div>\n    <\/div>\n<!-- \/module icon -->\n        <\/div>\n                    <\/div>\n                <\/div>\n                        <\/div>\n        <\/div>\n                        <div  data-lazy=\"1\" class=\"module_row themify_builder_row tb_oyuv591 tf_w\">\n                        <div class=\"row_inner col_align_top tb_col_count_4 tf_box tf_rel\">\n                        <div  data-lazy=\"1\" class=\"module_column tb-column col4-1 tb_r7rn592 first\">\n                    <!-- module image -->\n<div  class=\"module module-image tb_0iyj417 image-top   tf_mw\" data-lazy=\"1\">\n        <div class=\"image-wrap tf_rel tf_mw\">\n            <img loading=\"lazy\" decoding=\"async\" width=\"1500\" height=\"1500\" src=\"https:\/\/blogsaverroes.juntadeandalucia.es\/ceippicasso\/files\/2022\/09\/ods.jpeg\" class=\"wp-post-image wp-image-3297\" title=\"Print\" alt=\"Print\" srcset=\"https:\/\/blogsaverroes.juntadeandalucia.es\/ceippicasso\/files\/2022\/09\/ods.jpeg 1500w, https:\/\/blogsaverroes.juntadeandalucia.es\/ceippicasso\/files\/2022\/09\/ods-300x300.jpeg 300w, https:\/\/blogsaverroes.juntadeandalucia.es\/ceippicasso\/files\/2022\/09\/ods-1024x1024.jpeg 1024w, https:\/\/blogsaverroes.juntadeandalucia.es\/ceippicasso\/files\/2022\/09\/ods-150x150.jpeg 150w, https:\/\/blogsaverroes.juntadeandalucia.es\/ceippicasso\/files\/2022\/09\/ods-768x768.jpeg 768w\" sizes=\"(max-width: 1500px) 100vw, 1500px\" \/>    \n        <\/div>\n    <!-- \/image-wrap -->\n    \n        <\/div>\n<!-- \/module image --><!-- module box -->\n<div  class=\"module module-box tb_ig9z417 \" data-lazy=\"1\">\n    <div class=\"module-box-content ui  tb_default_color\">\n                <div class=\"tb_text_wrap\"><h4 style=\"text-align: center;\">PROA Plus Transf\u00f3rmate<\/h4><\/div>\n    <\/div>\n<\/div>\n<!-- \/module box -->\n        <div  data-lazy=\"1\" class=\"module_subrow themify_builder_sub_row tf_w col_align_top tb_col_count_2 tb_y8zo593\">\n                <div  data-lazy=\"1\" class=\"module_column sub_column col2-1 tb_ev7d593 first\">\n                    <!-- module text -->\n<div  class=\"module module-text tb_6wi0593   \" data-lazy=\"1\">\n        <div  class=\"tb_text_wrap\">\n        <p style=\"text-align: right;\"><span style=\"color: #000000;\">M\u00e1s informaci\u00f3n <b>\u2192<\/b><\/span><\/p>    <\/div>\n<\/div>\n<!-- \/module text -->        <\/div>\n                    <div  data-lazy=\"1\" class=\"module_column sub_column col2-1 tb_fm8m593 last\">\n                    <!-- module icon -->\n<div  class=\"module module-icon tb_y6ee594  normal rounded icon_horizontal tf_textl\" data-lazy=\"1\">\n            <div class=\"module-icon-item\">\n                                                                <em class=\"tf_boxblue\"><svg  class=\"tf_fa tf-fas-link\" aria-hidden=\"true\"><use href=\"#tf-fas-link\"><\/use><\/svg><\/em>\n                                                        <\/div>\n    <\/div>\n<!-- \/module icon -->\n        <\/div>\n                    <\/div>\n                <\/div>\n                    <div  data-lazy=\"1\" class=\"module_column tb-column col4-1 tb_slu9594\">\n                    <!-- module image -->\n<div  class=\"module module-image tb_ei6w592 image-top   tf_mw\" data-lazy=\"1\">\n        <div class=\"image-wrap tf_rel tf_mw\">\n            <img loading=\"lazy\" decoding=\"async\" width=\"420\" height=\"420\" src=\"https:\/\/blogsaverroes.juntadeandalucia.es\/ceippicasso\/files\/2022\/09\/Captura-de-Pantalla-2022-09-25-a-las-16.10.11.png\" class=\"wp-post-image wp-image-3291\" title=\"infancia_Coord\" alt=\"infancia_Coord\" srcset=\"https:\/\/blogsaverroes.juntadeandalucia.es\/ceippicasso\/files\/2022\/09\/Captura-de-Pantalla-2022-09-25-a-las-16.10.11.png 420w, https:\/\/blogsaverroes.juntadeandalucia.es\/ceippicasso\/files\/2022\/09\/Captura-de-Pantalla-2022-09-25-a-las-16.10.11-300x300.png 300w, https:\/\/blogsaverroes.juntadeandalucia.es\/ceippicasso\/files\/2022\/09\/Captura-de-Pantalla-2022-09-25-a-las-16.10.11-150x150.png 150w\" sizes=\"(max-width: 420px) 100vw, 420px\" \/>    \n        <\/div>\n    <!-- \/image-wrap -->\n    \n        <\/div>\n<!-- \/module image --><!-- module box -->\n<div  class=\"module module-box tb_3q81597 \" data-lazy=\"1\">\n    <div class=\"module-box-content ui  tb_default_color\">\n                <div class=\"tb_text_wrap\"><h4 style=\"text-align: center;\">Bienestar y promoci\u00f3n de la infancia<\/h4><\/div>\n    <\/div>\n<\/div>\n<!-- \/module box -->\n        <div  data-lazy=\"1\" class=\"module_subrow themify_builder_sub_row tf_w col_align_top tb_col_count_2 tb_58y4595\">\n                <div  data-lazy=\"1\" class=\"module_column sub_column col2-1 tb_8fhq595 first\">\n                    <!-- module text -->\n<div  class=\"module module-text tb_d0gd596   \" data-lazy=\"1\">\n        <div  class=\"tb_text_wrap\">\n        <p style=\"text-align: right;\"><span style=\"color: #000000;\">M\u00e1s informaci\u00f3n <b>\u2192<\/b><\/span><\/p>    <\/div>\n<\/div>\n<!-- \/module text -->        <\/div>\n                    <div  data-lazy=\"1\" class=\"module_column sub_column col2-1 tb_kbpi596 last\">\n                    <!-- module icon -->\n<div  class=\"module module-icon tb_5ojs596  normal rounded icon_horizontal tf_textl\" data-lazy=\"1\">\n            <div class=\"module-icon-item\">\n                                                                <em class=\"tf_boxblue\"><svg  class=\"tf_fa tf-fas-link\" aria-hidden=\"true\"><use href=\"#tf-fas-link\"><\/use><\/svg><\/em>\n                                                        <\/div>\n    <\/div>\n<!-- \/module icon -->\n        <\/div>\n                    <\/div>\n                <\/div>\n                    <div  data-lazy=\"1\" class=\"module_column tb-column col4-1 tb_wfs7596\">\n                    <!-- module image -->\n<div  class=\"module module-image tb_anuo416 image-top   tf_mw\" data-lazy=\"1\">\n        <div class=\"image-wrap tf_rel tf_mw\">\n            <img loading=\"lazy\" decoding=\"async\" width=\"1516\" height=\"1516\" src=\"https:\/\/blogsaverroes.juntadeandalucia.es\/ceippicasso\/files\/2022\/09\/autoprotect.png\" class=\"wp-post-image wp-image-3296\" title=\"autoprotect\" alt=\"autoprotect\" srcset=\"https:\/\/blogsaverroes.juntadeandalucia.es\/ceippicasso\/files\/2022\/09\/autoprotect.png 1516w, https:\/\/blogsaverroes.juntadeandalucia.es\/ceippicasso\/files\/2022\/09\/autoprotect-300x300.png 300w, https:\/\/blogsaverroes.juntadeandalucia.es\/ceippicasso\/files\/2022\/09\/autoprotect-1024x1024.png 1024w, https:\/\/blogsaverroes.juntadeandalucia.es\/ceippicasso\/files\/2022\/09\/autoprotect-150x150.png 150w, https:\/\/blogsaverroes.juntadeandalucia.es\/ceippicasso\/files\/2022\/09\/autoprotect-768x768.png 768w\" sizes=\"(max-width: 1516px) 100vw, 1516px\" \/>    \n        <\/div>\n    <!-- \/image-wrap -->\n    \n        <\/div>\n<!-- \/module image --><!-- module box -->\n<div  class=\"module module-box tb_ijy8633 \" data-lazy=\"1\">\n    <div class=\"module-box-content ui  tb_default_color\">\n                <div class=\"tb_text_wrap\"><h4 style=\"text-align: center;\">Protecci\u00f3n de Riesgos Laborales<\/h4><\/div>\n    <\/div>\n<\/div>\n<!-- \/module box -->\n        <div  data-lazy=\"1\" class=\"module_subrow themify_builder_sub_row tf_w col_align_top tb_col_count_2 tb_hqmm597\">\n                <div  data-lazy=\"1\" class=\"module_column sub_column col2-1 tb_9ndj597 first\">\n                    <!-- module text -->\n<div  class=\"module module-text tb_bzm7597   \" data-lazy=\"1\">\n        <div  class=\"tb_text_wrap\">\n        <p style=\"text-align: right;\"><span style=\"color: #000000;\">M\u00e1s informaci\u00f3n <b>\u2192<\/b><\/span><\/p>    <\/div>\n<\/div>\n<!-- \/module text -->        <\/div>\n                    <div  data-lazy=\"1\" class=\"module_column sub_column col2-1 tb_8sz8597 last\">\n                    <!-- module icon -->\n<div  class=\"module module-icon tb_mkk8598  normal rounded icon_horizontal tf_textl\" data-lazy=\"1\">\n            <div class=\"module-icon-item\">\n                                                                <em class=\"tf_boxblue\"><svg  class=\"tf_fa tf-fas-link\" aria-hidden=\"true\"><use href=\"#tf-fas-link\"><\/use><\/svg><\/em>\n                                                        <\/div>\n    <\/div>\n<!-- \/module icon -->\n        <\/div>\n                    <\/div>\n                <\/div>\n                    <div  data-lazy=\"1\" class=\"module_column tb-column col4-1 tb_neo6598 last\">\n                    <!-- module image -->\n<div  class=\"module module-image tb_drk8631 image-top   tf_mw\" data-lazy=\"1\">\n        <div class=\"image-wrap tf_rel tf_mw\">\n            <img loading=\"lazy\" decoding=\"async\" width=\"400\" height=\"400\" src=\"https:\/\/blogsaverroes.juntadeandalucia.es\/ceippicasso\/files\/2022\/09\/uca.jpeg\" class=\"wp-post-image wp-image-3302\" title=\"uca\" alt=\"uca\" srcset=\"https:\/\/blogsaverroes.juntadeandalucia.es\/ceippicasso\/files\/2022\/09\/uca.jpeg 400w, https:\/\/blogsaverroes.juntadeandalucia.es\/ceippicasso\/files\/2022\/09\/uca-300x300.jpeg 300w, https:\/\/blogsaverroes.juntadeandalucia.es\/ceippicasso\/files\/2022\/09\/uca-150x150.jpeg 150w\" sizes=\"(max-width: 400px) 100vw, 400px\" \/>    \n        <\/div>\n    <!-- \/image-wrap -->\n    \n        <\/div>\n<!-- \/module image --><!-- module box -->\n<div  class=\"module module-box tb_cw4q632 \" data-lazy=\"1\">\n    <div class=\"module-box-content ui  tb_default_color\">\n                <div class=\"tb_text_wrap\"><h4 style=\"text-align: center;\">Pr\u00e1cticum Maestros Infantil y Primaria<\/h4><\/div>\n    <\/div>\n<\/div>\n<!-- \/module box -->\n        <div  data-lazy=\"1\" class=\"module_subrow themify_builder_sub_row tf_w col_align_top tb_col_count_2 tb_pgo2598\">\n                <div  data-lazy=\"1\" class=\"module_column sub_column col2-1 tb_ko2u599 first\">\n                    <!-- module text -->\n<div  class=\"module module-text tb_7ht5599   \" data-lazy=\"1\">\n        <div  class=\"tb_text_wrap\">\n        <p style=\"text-align: right;\"><span style=\"color: #000000;\">M\u00e1s informaci\u00f3n <b>\u2192<\/b><\/span><\/p>    <\/div>\n<\/div>\n<!-- \/module text -->        <\/div>\n                    <div  data-lazy=\"1\" class=\"module_column sub_column col2-1 tb_y4tt599 last\">\n                    <!-- module icon -->\n<div  class=\"module module-icon tb_perr599  normal rounded icon_horizontal tf_textl\" data-lazy=\"1\">\n            <div class=\"module-icon-item\">\n                                                                <em class=\"tf_boxblue\"><svg  class=\"tf_fa tf-fas-link\" aria-hidden=\"true\"><use href=\"#tf-fas-link\"><\/use><\/svg><\/em>\n                                                        <\/div>\n    <\/div>\n<!-- \/module icon -->\n        <\/div>\n                    <\/div>\n                <\/div>\n                        <\/div>\n        <\/div>\n                        <div  data-lazy=\"1\" class=\"module_row themify_builder_row tb_2hp5630 tf_w\">\n                        <div class=\"row_inner col_align_top tb_col_count_4 tf_box tf_rel\">\n                        <div  data-lazy=\"1\" class=\"module_column tb-column col4-1 tb_1spe631 first\">\n                    <!-- module image -->\n<div  class=\"module module-image tb_1ky5632 image-top   tf_mw\" data-lazy=\"1\">\n        <div class=\"image-wrap tf_rel tf_mw\">\n            <img loading=\"lazy\" decoding=\"async\" width=\"532\" height=\"532\" src=\"https:\/\/blogsaverroes.juntadeandalucia.es\/ceippicasso\/files\/2022\/09\/proa_and.png\" class=\"wp-post-image wp-image-3304\" title=\"proa_and\" alt=\"proa_and\" srcset=\"https:\/\/blogsaverroes.juntadeandalucia.es\/ceippicasso\/files\/2022\/09\/proa_and.png 532w, https:\/\/blogsaverroes.juntadeandalucia.es\/ceippicasso\/files\/2022\/09\/proa_and-300x300.png 300w, https:\/\/blogsaverroes.juntadeandalucia.es\/ceippicasso\/files\/2022\/09\/proa_and-150x150.png 150w\" sizes=\"(max-width: 532px) 100vw, 532px\" \/>    \n        <\/div>\n    <!-- \/image-wrap -->\n    \n        <\/div>\n<!-- \/module image --><!-- module box -->\n<div  class=\"module module-box tb_e6nd595 \" data-lazy=\"1\">\n    <div class=\"module-box-content ui  tb_default_color\">\n                <div class=\"tb_text_wrap\"><h4 style=\"text-align: center;\">Programa de Acompa\u00f1amiento<\/h4><\/div>\n    <\/div>\n<\/div>\n<!-- \/module box -->\n        <div  data-lazy=\"1\" class=\"module_subrow themify_builder_sub_row tf_w col_align_top tb_col_count_2 tb_q69z631\">\n                <div  data-lazy=\"1\" class=\"module_column sub_column col2-1 tb_cjs4631 first\">\n                    <!-- module text -->\n<div  class=\"module module-text tb_59ql632   \" data-lazy=\"1\">\n        <div  class=\"tb_text_wrap\">\n        <p style=\"text-align: right;\"><span style=\"color: #000000;\">M\u00e1s informaci\u00f3n <b>\u2192<\/b><\/span><\/p>    <\/div>\n<\/div>\n<!-- \/module text -->        <\/div>\n                    <div  data-lazy=\"1\" class=\"module_column sub_column col2-1 tb_ezwp632 last\">\n                    <!-- module icon -->\n<div  class=\"module module-icon tb_ykhx632  normal rounded icon_horizontal tf_textl\" data-lazy=\"1\">\n            <div class=\"module-icon-item\">\n                                                                <em class=\"tf_boxblue\"><svg  class=\"tf_fa tf-fas-link\" aria-hidden=\"true\"><use href=\"#tf-fas-link\"><\/use><\/svg><\/em>\n                                                        <\/div>\n    <\/div>\n<!-- \/module icon -->\n        <\/div>\n                    <\/div>\n                <\/div>\n                    <div  data-lazy=\"1\" class=\"module_column tb-column col4-1 tb_dkhn632\">\n                    <!-- module image -->\n<div  class=\"module module-image tb_8vve225 image-top   tf_mw\" data-lazy=\"1\">\n        <div class=\"image-wrap tf_rel tf_mw\">\n            <img loading=\"lazy\" decoding=\"async\" width=\"350\" height=\"350\" src=\"https:\/\/blogsaverroes.juntadeandalucia.es\/ceippicasso\/files\/2022\/09\/Captura-de-Pantalla-2022-09-26-a-las-20.39.03.png\" class=\"wp-post-image wp-image-3314\" title=\"Captura de Pantalla 2022-09-26 a las 20.39.03\" alt=\"Captura de Pantalla 2022-09-26 a las 20.39.03\" srcset=\"https:\/\/blogsaverroes.juntadeandalucia.es\/ceippicasso\/files\/2022\/09\/Captura-de-Pantalla-2022-09-26-a-las-20.39.03.png 350w, https:\/\/blogsaverroes.juntadeandalucia.es\/ceippicasso\/files\/2022\/09\/Captura-de-Pantalla-2022-09-26-a-las-20.39.03-300x300.png 300w, https:\/\/blogsaverroes.juntadeandalucia.es\/ceippicasso\/files\/2022\/09\/Captura-de-Pantalla-2022-09-26-a-las-20.39.03-150x150.png 150w\" sizes=\"(max-width: 350px) 100vw, 350px\" \/>    \n        <\/div>\n    <!-- \/image-wrap -->\n    \n        <\/div>\n<!-- \/module image --><!-- module box -->\n<div  class=\"module module-box tb_tfmc225 \" data-lazy=\"1\">\n    <div class=\"module-box-content ui  tb_default_color\">\n                <div class=\"tb_text_wrap\"><h4 style=\"text-align: center;\">Red de Escuelas UNESCO<\/h4><\/div>\n    <\/div>\n<\/div>\n<!-- \/module box -->\n        <div  data-lazy=\"1\" class=\"module_subrow themify_builder_sub_row tf_w col_align_top tb_col_count_2 tb_tz10632\">\n                <div  data-lazy=\"1\" class=\"module_column sub_column col2-1 tb_fec2632 first\">\n                    <!-- module text -->\n<div  class=\"module module-text tb_pp2n632   \" data-lazy=\"1\">\n        <div  class=\"tb_text_wrap\">\n        <p style=\"text-align: right;\"><span style=\"color: #000000;\">M\u00e1s informaci\u00f3n <b>\u2192<\/b><\/span><\/p>    <\/div>\n<\/div>\n<!-- \/module text -->        <\/div>\n                    <div  data-lazy=\"1\" class=\"module_column sub_column col2-1 tb_p82j633 last\">\n                    <!-- module icon -->\n<div  class=\"module module-icon tb_ubsc633  normal rounded icon_horizontal tf_textl\" data-lazy=\"1\">\n            <div class=\"module-icon-item\">\n                                                                <em class=\"tf_boxblue\"><svg  class=\"tf_fa tf-fas-link\" aria-hidden=\"true\"><use href=\"#tf-fas-link\"><\/use><\/svg><\/em>\n                                                        <\/div>\n    <\/div>\n<!-- \/module icon -->\n        <\/div>\n                    <\/div>\n                <\/div>\n                    <div  data-lazy=\"1\" class=\"module_column tb-column col4-1 tb_bthq633\">\n                    <!-- module image -->\n<div  class=\"module module-image tb_cbsr226 image-top   tf_mw\" data-lazy=\"1\">\n        <div class=\"image-wrap tf_rel tf_mw\">\n            <img loading=\"lazy\" decoding=\"async\" width=\"356\" height=\"356\" src=\"https:\/\/blogsaverroes.juntadeandalucia.es\/ceippicasso\/files\/2022\/09\/Captura-de-Pantalla-2022-09-26-a-las-20.40.54.png\" class=\"wp-post-image wp-image-3313\" title=\"Captura de Pantalla 2022-09-26 a las 20.40.54\" alt=\"Captura de Pantalla 2022-09-26 a las 20.40.54\" srcset=\"https:\/\/blogsaverroes.juntadeandalucia.es\/ceippicasso\/files\/2022\/09\/Captura-de-Pantalla-2022-09-26-a-las-20.40.54.png 356w, https:\/\/blogsaverroes.juntadeandalucia.es\/ceippicasso\/files\/2022\/09\/Captura-de-Pantalla-2022-09-26-a-las-20.40.54-300x300.png 300w, https:\/\/blogsaverroes.juntadeandalucia.es\/ceippicasso\/files\/2022\/09\/Captura-de-Pantalla-2022-09-26-a-las-20.40.54-150x150.png 150w\" sizes=\"(max-width: 356px) 100vw, 356px\" \/>    \n        <\/div>\n    <!-- \/image-wrap -->\n    \n        <\/div>\n<!-- \/module image --><!-- module box -->\n<div  class=\"module module-box tb_xbln226 \" data-lazy=\"1\">\n    <div class=\"module-box-content ui  tb_default_color\">\n                <div class=\"tb_text_wrap\"><h4 style=\"text-align: center;\">Plan de apertura de centros<\/h4><\/div>\n    <\/div>\n<\/div>\n<!-- \/module box -->\n        <div  data-lazy=\"1\" class=\"module_subrow themify_builder_sub_row tf_w col_align_top tb_col_count_2 tb_jciy633\">\n                <div  data-lazy=\"1\" class=\"module_column sub_column col2-1 tb_lwfs633 first\">\n                    <!-- module text -->\n<div  class=\"module module-text tb_0avk633   \" data-lazy=\"1\">\n        <div  class=\"tb_text_wrap\">\n        <p style=\"text-align: right;\"><span style=\"color: #000000;\">M\u00e1s informaci\u00f3n <b>\u2192<\/b><\/span><\/p>    <\/div>\n<\/div>\n<!-- \/module text -->        <\/div>\n                    <div  data-lazy=\"1\" class=\"module_column sub_column col2-1 tb_82zn633 last\">\n                    <!-- module icon -->\n<div  class=\"module module-icon tb_6kzt634  normal rounded icon_horizontal tf_textl\" data-lazy=\"1\">\n            <div class=\"module-icon-item\">\n                                                                <em class=\"tf_boxblue\"><svg  class=\"tf_fa tf-fas-link\" aria-hidden=\"true\"><use href=\"#tf-fas-link\"><\/use><\/svg><\/em>\n                                                        <\/div>\n    <\/div>\n<!-- \/module icon -->\n        <\/div>\n                    <\/div>\n                <\/div>\n                    <div  data-lazy=\"1\" class=\"module_column tb-column col4-1 tb_ulki634 last\">\n                    <!-- module image -->\n<div  class=\"module module-image tb_qnsp634 image-top   tf_mw\" data-lazy=\"1\">\n        <div class=\"image-wrap tf_rel tf_mw\">\n            <img loading=\"lazy\" decoding=\"async\" width=\"724\" height=\"724\" src=\"https:\/\/blogsaverroes.juntadeandalucia.es\/ceippicasso\/files\/2022\/09\/Captura-de-Pantalla-2022-09-25-a-las-16.21.12.png\" class=\"wp-post-image wp-image-3299\" title=\"impulsa_jda\" alt=\"impulsa_jda\" srcset=\"https:\/\/blogsaverroes.juntadeandalucia.es\/ceippicasso\/files\/2022\/09\/Captura-de-Pantalla-2022-09-25-a-las-16.21.12.png 724w, https:\/\/blogsaverroes.juntadeandalucia.es\/ceippicasso\/files\/2022\/09\/Captura-de-Pantalla-2022-09-25-a-las-16.21.12-300x300.png 300w, https:\/\/blogsaverroes.juntadeandalucia.es\/ceippicasso\/files\/2022\/09\/Captura-de-Pantalla-2022-09-25-a-las-16.21.12-150x150.png 150w\" sizes=\"(max-width: 724px) 100vw, 724px\" \/>    \n        <\/div>\n    <!-- \/image-wrap -->\n    \n        <\/div>\n<!-- \/module image --><!-- module box -->\n<div  class=\"module module-box tb_7n3b279 \" data-lazy=\"1\">\n    <div class=\"module-box-content ui  tb_default_color\">\n                <div class=\"tb_text_wrap\"><h4 style=\"text-align: center;\">M\u00e1s Equidad<\/h4><\/div>\n    <\/div>\n<\/div>\n<!-- \/module box -->\n        <div  data-lazy=\"1\" class=\"module_subrow themify_builder_sub_row tf_w col_align_top tb_col_count_2 tb_v729634\">\n                <div  data-lazy=\"1\" class=\"module_column sub_column col2-1 tb_kw3r634 first\">\n                    <!-- module text -->\n<div  class=\"module module-text tb_rkgl634   \" data-lazy=\"1\">\n        <div  class=\"tb_text_wrap\">\n        <p style=\"text-align: right;\"><span style=\"color: #000000;\">M\u00e1s informaci\u00f3n <b>\u2192<\/b><\/span><\/p>    <\/div>\n<\/div>\n<!-- \/module text -->        <\/div>\n                    <div  data-lazy=\"1\" class=\"module_column sub_column col2-1 tb_fvtf634 last\">\n                    <!-- module icon -->\n<div  class=\"module module-icon tb_ri7g634  normal rounded icon_horizontal tf_textl\" data-lazy=\"1\">\n            <div class=\"module-icon-item\">\n                                                                <em class=\"tf_boxblue\"><svg  class=\"tf_fa tf-fas-link\" aria-hidden=\"true\"><use href=\"#tf-fas-link\"><\/use><\/svg><\/em>\n                                                        <\/div>\n    <\/div>\n<!-- \/module icon -->\n        <\/div>\n                    <\/div>\n                <\/div>\n                        <\/div>\n        <\/div>\n        <\/div>\n<!--\/themify_builder_content-->","protected":false},"excerpt":{"rendered":"<p>El CEIP. Pablo Picasso participa de un gran n\u00famero de planes, programas y proyectos que la Junta de Andaluc\u00eda pone a disposici\u00f3n de los centros. De esta manera, se busca mejorar la pr\u00e1ctica docente en nuestro d\u00eda a d\u00eda e inculcar valores para la ciudadan\u00eda del futuro: sostenible, comprometida con la igualdad y la salud, [&hellip;]<\/p>\n","protected":false},"author":1,"featured_media":0,"parent":0,"menu_order":0,"comment_status":"closed","ping_status":"closed","template":"","meta":{"ngg_post_thumbnail":0,"footnotes":"","_mc_calendar":[]},"aioseo_notices":[],"post_mailing_queue_ids":[],"_links":{"self":[{"href":"https:\/\/blogsaverroes.juntadeandalucia.es\/ceippicasso\/wp-json\/wp\/v2\/pages\/44"}],"collection":[{"href":"https:\/\/blogsaverroes.juntadeandalucia.es\/ceippicasso\/wp-json\/wp\/v2\/pages"}],"about":[{"href":"https:\/\/blogsaverroes.juntadeandalucia.es\/ceippicasso\/wp-json\/wp\/v2\/types\/page"}],"author":[{"embeddable":true,"href":"https:\/\/blogsaverroes.juntadeandalucia.es\/ceippicasso\/wp-json\/wp\/v2\/users\/1"}],"replies":[{"embeddable":true,"href":"https:\/\/blogsaverroes.juntadeandalucia.es\/ceippicasso\/wp-json\/wp\/v2\/comments?post=44"}],"version-history":[{"count":33,"href":"https:\/\/blogsaverroes.juntadeandalucia.es\/ceippicasso\/wp-json\/wp\/v2\/pages\/44\/revisions"}],"predecessor-version":[{"id":6230,"href":"https:\/\/blogsaverroes.juntadeandalucia.es\/ceippicasso\/wp-json\/wp\/v2\/pages\/44\/revisions\/6230"}],"wp:attachment":[{"href":"https:\/\/blogsaverroes.juntadeandalucia.es\/ceippicasso\/wp-json\/wp\/v2\/media?parent=44"}],"curies":[{"name":"wp","href":"https:\/\/api.w.org\/{rel}","templated":true}]}}