{"id":645,"date":"2021-07-13T22:49:27","date_gmt":"2021-07-13T21:49:27","guid":{"rendered":"https:\/\/blogsaverroes.juntadeandalucia.es\/ceippoetamolleja\/?page_id=645"},"modified":"2024-03-20T12:46:05","modified_gmt":"2024-03-20T11:46:05","slug":"e-delegados-as-de-padres-y-madres","status":"publish","type":"page","link":"https:\/\/blogsaverroes.juntadeandalucia.es\/ceippoetamolleja\/e-delegados-as-de-padres-y-madres\/","title":{"rendered":"E.- Delegados\/as de padres y madres."},"content":{"rendered":"<table style=\"width: 42.9281%;height: 456px\">\n<tbody>\n<tr>\n<td style=\"width: 115px\">\n<p style=\"text-align: center\">3 a\u00f1os A<\/p>\n<\/td>\n<td style=\"width: 269px\">Natalia Leal Aguilera<\/p>\n<p>Roc\u00edo Castro Canales<\/td>\n<td style=\"width: 192px\">&nbsp;<\/td>\n<\/tr>\n<tr>\n<td style=\"width: 115px\">3 a\u00f1os B<\/td>\n<td style=\"width: 269px\">Mar\u00eda Gonz\u00e1lez<\/p>\n<p>Estrella Borrego<\/td>\n<td style=\"width: 192px\">&nbsp;<\/td>\n<\/tr>\n<tr>\n<td style=\"width: 115px\">4 a\u00f1os A<\/td>\n<td style=\"width: 269px\">M\u00aa Pilar Gasc\u00f3n<\/td>\n<td style=\"width: 192px\">&nbsp;<\/td>\n<\/tr>\n<tr>\n<td style=\"width: 115px\">4 a\u00f1os B<\/td>\n<td style=\"width: 269px\">&nbsp;<\/td>\n<td style=\"width: 192px\">&nbsp;<\/td>\n<\/tr>\n<tr>\n<td style=\"width: 115px\">5 a\u00f1os A<\/td>\n<td style=\"width: 269px\">M\u00aa \u00c1ngeles Garc\u00eda Granados<\/td>\n<td style=\"width: 192px\">&nbsp;<\/td>\n<\/tr>\n<tr>\n<td style=\"width: 115px\">5 a\u00f1os B<\/td>\n<td style=\"width: 269px\">&nbsp;<\/td>\n<td style=\"width: 192px\">&nbsp;<\/td>\n<\/tr>\n<\/tbody>\n<\/table>\n<p>&nbsp;<\/p>\n<table>\n<tbody>\n<tr>\n<td colspan=\"3\" width=\"576\"><strong>&nbsp;<\/strong><strong>DELEGADAS\/OS DE PADRES PRIMARIA 23\/24<\/strong><\/td>\n<\/tr>\n<tr>\n<td width=\"115\"><strong>CURSO<\/strong><\/td>\n<td width=\"269\"><strong>NOMBRE<\/strong><\/td>\n<td width=\"192\">&nbsp;<\/td>\n<\/tr>\n<tr>\n<td width=\"115\"><strong>1\u00baA<\/strong><\/td>\n<td width=\"269\">Isabel Lara<\/p>\n<p>Victoria<\/td>\n<td width=\"192\">&nbsp;<\/td>\n<\/tr>\n<tr>\n<td width=\"115\"><strong>1\u00baB<\/strong><\/td>\n<td width=\"269\">Estrella Borrego Medina<\/p>\n<p>Ana Montero Leal<\/td>\n<td width=\"192\">&nbsp;<\/td>\n<\/tr>\n<tr>\n<td width=\"115\"><strong>2\u00ba A<\/strong><\/td>\n<td width=\"269\">Elena Caraba\u00f1o<\/p>\n<p>M\u00aa \u00c1ngeles Garc\u00eda Granados<\/td>\n<td width=\"192\">&nbsp;<\/td>\n<\/tr>\n<tr>\n<td width=\"115\"><strong>2\u00baB<\/strong><\/td>\n<td width=\"269\">\u00c1ngela Platero<\/td>\n<td width=\"192\">&nbsp;<\/td>\n<\/tr>\n<tr>\n<td width=\"115\">3\u00ba A<\/td>\n<td width=\"269\">Laura Rodr\u00edguez<\/td>\n<td width=\"192\">&nbsp;<\/td>\n<\/tr>\n<tr>\n<td width=\"115\">3\u00ba B<\/td>\n<td width=\"269\">\u00c1ngela Platero<\/td>\n<td width=\"192\">&nbsp;<\/td>\n<\/tr>\n<tr>\n<td width=\"115\">3\u00ba B<\/td>\n<td width=\"269\">Raquel Gonz\u00e1lez<\/td>\n<td width=\"192\">&nbsp;<\/td>\n<\/tr>\n<tr>\n<td width=\"115\">3\u00ba C<\/td>\n<td width=\"269\">Cristina C\u00f3rdoba<\/p>\n<p>Lorena Nieves<\/td>\n<td width=\"192\">&nbsp;<\/td>\n<\/tr>\n<tr>\n<td width=\"115\">4\u00ba A<\/td>\n<td width=\"269\">Juana Mar\u00eda Canales<\/td>\n<td style=\"text-align: center\" width=\"192\">&nbsp;<\/td>\n<\/tr>\n<tr>\n<td width=\"115\">4\u00ba B<\/td>\n<td width=\"269\">Mercedes R\u00edos<\/td>\n<td style=\"text-align: center\" width=\"192\">&nbsp;<\/td>\n<\/tr>\n<tr>\n<td width=\"115\">5\u00ba A<\/td>\n<td width=\"269\">Dolores Garc\u00eda Granados<\/p>\n<p>Estrella Madue\u00f1o<\/td>\n<td style=\"text-align: center\" width=\"192\">&nbsp;<\/td>\n<\/tr>\n<tr>\n<td width=\"115\">5\u00ba B<\/td>\n<td width=\"269\">Cristina Ca\u00f1as Pedersen<\/p>\n<p>&nbsp;<\/td>\n<td style=\"text-align: center\" width=\"192\">&nbsp;<\/td>\n<\/tr>\n<tr>\n<td width=\"115\">&nbsp;6\u00ba A<\/td>\n<td width=\"269\">Manuela Ram\u00edrez Calleja<\/td>\n<td style=\"text-align: center\" width=\"192\">&nbsp;<\/td>\n<\/tr>\n<tr>\n<td width=\"115\">6\u00ba B<\/td>\n<td width=\"269\">Carmen Mart\u00ednez L\u00f3pez<\/td>\n<td style=\"text-align: center\" width=\"192\">&nbsp;<\/td>\n<\/tr>\n<tr>\n<td width=\"115\">6\u00ba C<\/td>\n<td width=\"269\">Estrella Laguna<\/td>\n<td style=\"text-align: center\" width=\"192\">&nbsp;<\/td>\n<\/tr>\n<\/tbody>\n<\/table>\n","protected":false},"excerpt":{"rendered":"<p>3 a\u00f1os A Natalia Leal Aguilera Roc\u00edo Castro Canales &nbsp; 3 a\u00f1os B Mar\u00eda Gonz\u00e1lez Estrella Borrego &nbsp; 4 a\u00f1os A M\u00aa Pilar Gasc\u00f3n &nbsp; 4 a\u00f1os B &nbsp; &nbsp; 5 a\u00f1os A M\u00aa&#46;&#46;&#46;<\/p>\n","protected":false},"author":13272,"featured_media":0,"parent":0,"menu_order":0,"comment_status":"closed","ping_status":"closed","template":"","meta":{"ngg_post_thumbnail":0,"footnotes":""},"aioseo_notices":[],"_links":{"self":[{"href":"https:\/\/blogsaverroes.juntadeandalucia.es\/ceippoetamolleja\/wp-json\/wp\/v2\/pages\/645"}],"collection":[{"href":"https:\/\/blogsaverroes.juntadeandalucia.es\/ceippoetamolleja\/wp-json\/wp\/v2\/pages"}],"about":[{"href":"https:\/\/blogsaverroes.juntadeandalucia.es\/ceippoetamolleja\/wp-json\/wp\/v2\/types\/page"}],"author":[{"embeddable":true,"href":"https:\/\/blogsaverroes.juntadeandalucia.es\/ceippoetamolleja\/wp-json\/wp\/v2\/users\/13272"}],"replies":[{"embeddable":true,"href":"https:\/\/blogsaverroes.juntadeandalucia.es\/ceippoetamolleja\/wp-json\/wp\/v2\/comments?post=645"}],"version-history":[{"count":4,"href":"https:\/\/blogsaverroes.juntadeandalucia.es\/ceippoetamolleja\/wp-json\/wp\/v2\/pages\/645\/revisions"}],"predecessor-version":[{"id":1494,"href":"https:\/\/blogsaverroes.juntadeandalucia.es\/ceippoetamolleja\/wp-json\/wp\/v2\/pages\/645\/revisions\/1494"}],"wp:attachment":[{"href":"https:\/\/blogsaverroes.juntadeandalucia.es\/ceippoetamolleja\/wp-json\/wp\/v2\/media?parent=645"}],"curies":[{"name":"wp","href":"https:\/\/api.w.org\/{rel}","templated":true}]}}