{"id":141,"date":"2015-03-17T07:13:24","date_gmt":"2015-03-17T07:13:24","guid":{"rendered":"http:\/\/blogsaverroes.juntadeandalucia.es\/pre\/ceip\/?page_id=141"},"modified":"2024-07-28T13:35:05","modified_gmt":"2024-07-28T13:35:05","slug":"escolarizacion","status":"publish","type":"page","link":"https:\/\/blogsaverroes.juntadeandalucia.es\/ceipposadascarvajal\/escolarizacion\/","title":{"rendered":"Escolarizaci\u00f3n"},"content":{"rendered":"<p><!--themify_builder_static--><\/p>\n<p><\/p>\n<p><a href=\"http:\/\/www.juntadeandalucia.es\/educacion\/webportal\/web\/portal-escolarizacion\/infantil-primaria-eso-bachillerato\"><img loading=\"lazy\" decoding=\"async\" src=\"https:\/\/www.juntadeandalucia.es\/educacion\/portals\/image\/layout_set_logo?img_id=22116&amp;t=1593831967782\" alt=\"Escolarizaci\u00f3n 2020\/2021\" width=\"395\" height=\"118\"><\/a><\/p>\n<h3 style=\"text-align: center\"><b>PROCEDIMIENTO DE ADMISI\u00d3N DE ALUMNADO PARA EL CURSO 2024\/2025<\/b><\/h3>\n<p>Para nuevos alumnos de <b>Educaci\u00f3n Infantil de 3 a\u00f1os&nbsp;<\/b>y alumnos <b>procedentes de otros Centros<\/b>&nbsp;(los alumnos del Centro y ESO ahora no tienen que hacer nada, en Junio de echar\u00e1 la matr\u00edcula)<\/p>\n<h4 style=\"text-align: center\"><b>del 1 al 31 de marzo<\/b><\/h4>\n<p>De conformidad con la normativa vigente y en relaci\u00f3n al procedimiento de admisi\u00f3n del alumnado para el curso escolar 2024\/2025, se informa lo siguiente:&nbsp;<\/p>\n<ul>\n<li style=\"font-weight: 400\"><b>El alumnado que cursa actualmente 2\u00ba de E.S.O<\/b>. y pasa a 3\u00ba de ESO. No tiene que hacer nada hasta junio. Directamente est\u00e1 adscrito al I.E.S. Virgen del Rosario, sito en Avenida de Sanl\u00facar la Mayor, s\/n. <strong>Si quiere cambiar de centro<\/strong> tiene que echar la admisi\u00f3n en el centro seleccionado.<\/li>\n<li style=\"font-weight: 400\"><b>Alumnado de nueva matriculaci\u00f3n de&nbsp; 2\u00ba Ciclo de educaci\u00f3n Infantil<\/b> (Infantil de 3 a\u00f1os) <b>y alumnado procedente de otros Centros Educativos.<\/b><\/li>\n<\/ul>\n<p>Para <b>rellenar la documentaci\u00f3n<\/b> para el proceso de admisi\u00f3n hay dos formas de hacerlo:<\/p>\n<ol>\n<li>\n<h5><b>Telem\u00e1tica (recomendada):<\/b><\/h5>\n<p>A trav\u00e9s de la Secretar\u00eda Virtual de los Centros Educativos (s\u00f3lo con certificado digital, C@lve-pin o clave iANDE) en el siguiente enlace: (pincha en la imagen)<\/p>\n<\/li>\n<\/ol>\n<p><a href=\"https:\/\/www.juntadeandalucia.es\/educacion\/secretariavirtual\/\"><img decoding=\"async\" src=\"https:\/\/www.juntadeandalucia.es\/educacion\/secretariavirtual\/images\/logo_secretaria_virtual.svg\" alt=\"Secretar\u00eda Virtual\"><\/a><\/p>\n<p><b>2. Presencial:<\/b> en la Secretar\u00eda de nuestro centro en Sede 1 calle Virgen de la Asunci\u00f3n s\/n de<b> 10:00 a 13:00<\/b> de lunes a viernes, siendo conveniente pedir cita con antelaci\u00f3n en el n\u00famero <b>955 759 527<\/b><\/p>\n<p>&nbsp;La <b>documentaci\u00f3n necesaria<\/b> ser\u00eda:<\/p>\n<ol>\n<li style=\"font-weight: 400\"><a href=\"https:\/\/www.juntadeandalucia.es\/educacion\/portales\/documents\/100629\/669352\/Anexo%20III\/16050806-cd1f-89da-678f-001bb54aab73?version=1.0\"><b>Solicitud de Admisi\u00f3n (Anexo III)<\/b><\/a> dos copias debidamente rellenas y firmadas (hojas 1,2,3,4,y 5), se puede descargar de la web de la Delegaci\u00f3n de Educaci\u00f3n, recoger en el propio Centro o Guarder\u00edas de la localidad.<\/li>\n<li style=\"font-weight: 400\"><b>Fotocopia del DNI <\/b>del padre y madre o tutores legales.<\/li>\n<li style=\"font-weight: 400\"><b>Fotocopia del Libro de Familia, DNI, partida de nacimiento <\/b>u otro documento oficial acreditativo de la fecha de nacimiento del alumno\/a.<\/li>\n<li style=\"font-weight: 400\">Si se alegan otras<b> circunstancias declaradas <\/b>(domicilio detrabajo, familia monoparentales, orden de alejamiento, discapacidad o trastornos del desarrollo, familia numerosa, centro acogida&#8230;) deber\u00e1 adjuntar la documentaci\u00f3n que as\u00ed lo acredite seg\u00fan se detallan en las hojas 6,7,8 y 9 del Anexo III.<\/li>\n<li style=\"font-weight: 400\">El<b> alumnado con NEE <\/b>es necesario que la familia marque la correspondiente casilla en el apartado que indica que tiene NEE, adem\u00e1s debe autorizar la&nbsp; realizaci\u00f3n del dictamen (marcando la casilla que lo indica).<\/li>\n<li>Inpreso de <a href=\"https:\/\/www.juntadeandalucia.es\/educacion\/portales\/documents\/100629\/669349\/Anexo%20Religi%C3%B3n\/b7b1a1ac-aa79-a70f-4667-75af06005072?version=1.0\"><strong>Ense\u00f1anza de Religi\u00f3n<\/strong><\/a><\/li>\n<\/ol>\n<h5><strong>S<\/strong><strong>ervicios complementarios<\/strong> (aula matinal, comedor, transporte&#8230;) se solicitan <strong>en junio con la matr\u00edcula.<\/strong><\/h5>\n<p>Si necesita m\u00e1s informaci\u00f3n puede acceder al Delegaci\u00f3n de educaci\u00f3n pinchando en la siguiente imagen:<a href=\"https:\/\/www.juntadeandalucia.es\/educacion\/portales\/web\/escolarizacion\"><img loading=\"lazy\" decoding=\"async\" src=\"https:\/\/blogsaverroes.juntadeandalucia.es\/ceipposadascarvajal\/files\/2022\/03\/Captura.png\" alt=\"\" width=\"458\" height=\"90\"><\/a><\/p>\n<p><!--\/themify_builder_static--><\/p>\n<p>&nbsp;<\/p>\n<p>&nbsp;<\/p>\n<p>&nbsp;<\/p>\n","protected":false},"excerpt":{"rendered":"<p>PROCEDIMIENTO DE ADMISI\u00d3N DE ALUMNADO PARA EL CURSO 2024\/2025Para nuevos alumnos de Educaci\u00f3n Infantil de 3 a\u00f1os&nbsp;y alumnos procedentes de otros Centros&nbsp;(los alumnos del Centro y ESO ahora no tienen que hacer nada, en Junio de echar\u00e1 la matr\u00edcula)del 1 al 31 de marzoDe conformidad con la normativa vigente y en relaci\u00f3n al procedimiento de [&hellip;]<\/p>\n","protected":false},"author":1,"featured_media":0,"parent":0,"menu_order":0,"comment_status":"closed","ping_status":"closed","template":"","meta":{"_et_pb_use_builder":"on","_et_pb_old_content":"<p><!--themify_builder_static--><br><br><br><\/p><p><a href=\"http:\/\/www.juntadeandalucia.es\/educacion\/webportal\/web\/portal-escolarizacion\/infantil-primaria-eso-bachillerato\"><img src=\"https:\/\/www.juntadeandalucia.es\/educacion\/portals\/image\/layout_set_logo?img_id=22116&t=1593831967782\" alt=\"Escolarizaci\u00f3n 2020\/2021\" width=\"395\" height=\"118\"><\/a><\/p><h3 style=\"text-align: center;\"><b>PROCEDIMIENTO DE ADMISI\u00d3N DE ALUMNADO PARA EL CURSO 2024\/2025<\/b><\/h3><p>Para nuevos alumnos de <b>Educaci\u00f3n Infantil de 3 a\u00f1os\u00a0<\/b>y alumnos <b>procedentes de otros Centros<\/b>\u00a0(los alumnos del Centro y ESO ahora no tienen que hacer nada, en Junio de echar\u00e1 la matr\u00edcula)<\/p><h4 style=\"text-align: center;\"><b>del 1 al 31 de marzo<\/b><\/h4><p>De conformidad con la normativa vigente y en relaci\u00f3n al procedimiento de admisi\u00f3n del alumnado para el curso escolar 2024\/2025, se informa lo siguiente:\u00a0<\/p><ul><li style=\"font-weight: 400;\" aria-level=\"1\"><b>El alumnado que cursa actualmente 2\u00ba de E.S.O<\/b>. y pasa a 3\u00ba de ESO. No tiene que hacer nada hasta junio. Directamente est\u00e1 adscrito al I.E.S. Virgen del Rosario, sito en Avenida de Sanl\u00facar la Mayor, s\/n. <strong>Si quiere cambiar de centro<\/strong> tiene que echar la admisi\u00f3n en el centro seleccionado.<\/li><li style=\"font-weight: 400;\" aria-level=\"1\"><b>Alumnado de nueva matriculaci\u00f3n de\u00a0 2\u00ba Ciclo de educaci\u00f3n Infantil<\/b> (Infantil de 3 a\u00f1os) <b>y alumnado procedente de otros Centros Educativos.<\/b><\/li><\/ul><p>Para <b>rellenar la documentaci\u00f3n<\/b> para el proceso de admisi\u00f3n hay dos formas de hacerlo:<\/p><ol><li><h5><b>Telem\u00e1tica (recomendada):<\/b><\/h5><p>A trav\u00e9s de la Secretar\u00eda Virtual de los Centros Educativos (s\u00f3lo con certificado digital, C@lve-pin o clave iANDE) en el siguiente enlace: (pincha en la imagen)<\/p><\/li><\/ol><p><a href=\"https:\/\/www.juntadeandalucia.es\/educacion\/secretariavirtual\/\"><img src=\"https:\/\/www.juntadeandalucia.es\/educacion\/secretariavirtual\/images\/logo_secretaria_virtual.svg\" alt=\"Secretar\u00eda Virtual\"><\/a><\/p><p><b>2. Presencial:<\/b> en la Secretar\u00eda de nuestro centro en Sede 1 calle Virgen de la Asunci\u00f3n s\/n de<b> 10:00 a 13:00<\/b> de lunes a viernes, siendo conveniente pedir cita con antelaci\u00f3n en el n\u00famero <b>955 759 527<\/b><\/p><p>\u00a0La <b>documentaci\u00f3n necesaria<\/b> ser\u00eda:<\/p><ol><li style=\"font-weight: 400;\" aria-level=\"2\"><a href=\"https:\/\/www.juntadeandalucia.es\/educacion\/portales\/documents\/100629\/669352\/Anexo%20III\/16050806-cd1f-89da-678f-001bb54aab73?version=1.0\"><b>Solicitud de Admisi\u00f3n (Anexo III)<\/b><\/a> dos copias debidamente rellenas y firmadas (hojas 1,2,3,4,y 5), se puede descargar de la web de la Delegaci\u00f3n de Educaci\u00f3n, recoger en el propio Centro o Guarder\u00edas de la localidad.<\/li><li style=\"font-weight: 400;\" aria-level=\"2\"><b>Fotocopia del DNI <\/b>del padre y madre o tutores legales.<\/li><li style=\"font-weight: 400;\" aria-level=\"2\"><b>Fotocopia del Libro de Familia, DNI, partida de nacimiento <\/b>u otro documento oficial acreditativo de la fecha de nacimiento del alumno\/a.<\/li><li style=\"font-weight: 400;\" aria-level=\"2\">Si se alegan otras<b> circunstancias declaradas <\/b>(domicilio detrabajo, familia monoparentales, orden de alejamiento, discapacidad o trastornos del desarrollo, familia numerosa, centro acogida...) deber\u00e1 adjuntar la documentaci\u00f3n que as\u00ed lo acredite seg\u00fan se detallan en las hojas 6,7,8 y 9 del Anexo III.<\/li><li style=\"font-weight: 400;\" aria-level=\"2\">El<b> alumnado con NEE <\/b>es necesario que la familia marque la correspondiente casilla en el apartado que indica que tiene NEE, adem\u00e1s debe autorizar la\u00a0 realizaci\u00f3n del dictamen (marcando la casilla que lo indica).<\/li><li aria-level=\"2\">Inpreso de <a href=\"https:\/\/www.juntadeandalucia.es\/educacion\/portales\/documents\/100629\/669349\/Anexo%20Religi%C3%B3n\/b7b1a1ac-aa79-a70f-4667-75af06005072?version=1.0\"><strong>Ense\u00f1anza de Religi\u00f3n<\/strong><\/a><\/li><\/ol><h5><strong>S<\/strong><strong>ervicios complementarios<\/strong> (aula matinal, comedor, transporte...) se solicitan <strong>en junio con la matr\u00edcula.<\/strong><\/h5><p>Si necesita m\u00e1s informaci\u00f3n puede acceder al Delegaci\u00f3n de educaci\u00f3n pinchando en la siguiente imagen:<a href=\"https:\/\/www.juntadeandalucia.es\/educacion\/portales\/web\/escolarizacion\"><img src=\"https:\/\/blogsaverroes.juntadeandalucia.es\/ceipposadascarvajal\/files\/2022\/03\/Captura.png\" sizes=\"(max-width: 458px) 100vw, 458px\" srcset=\"https:\/\/blogsaverroes.juntadeandalucia.es\/ceipposadascarvajal\/files\/2022\/03\/Captura.png 458w, https:\/\/blogsaverroes.juntadeandalucia.es\/ceipposadascarvajal\/files\/2022\/03\/Captura-300x59.png 300w\" alt=\"\" width=\"458\" height=\"90\"><\/a><\/p><p><!--\/themify_builder_static--><\/p><p>\u00a0<\/p><p>\u00a0<\/p><p>\u00a0<\/p>","_et_gb_content_width":"","ngg_post_thumbnail":0,"footnotes":"","_mc_calendar":[]},"aioseo_notices":[],"_links":{"self":[{"href":"https:\/\/blogsaverroes.juntadeandalucia.es\/ceipposadascarvajal\/wp-json\/wp\/v2\/pages\/141"}],"collection":[{"href":"https:\/\/blogsaverroes.juntadeandalucia.es\/ceipposadascarvajal\/wp-json\/wp\/v2\/pages"}],"about":[{"href":"https:\/\/blogsaverroes.juntadeandalucia.es\/ceipposadascarvajal\/wp-json\/wp\/v2\/types\/page"}],"author":[{"embeddable":true,"href":"https:\/\/blogsaverroes.juntadeandalucia.es\/ceipposadascarvajal\/wp-json\/wp\/v2\/users\/1"}],"replies":[{"embeddable":true,"href":"https:\/\/blogsaverroes.juntadeandalucia.es\/ceipposadascarvajal\/wp-json\/wp\/v2\/comments?post=141"}],"version-history":[{"count":119,"href":"https:\/\/blogsaverroes.juntadeandalucia.es\/ceipposadascarvajal\/wp-json\/wp\/v2\/pages\/141\/revisions"}],"predecessor-version":[{"id":5179,"href":"https:\/\/blogsaverroes.juntadeandalucia.es\/ceipposadascarvajal\/wp-json\/wp\/v2\/pages\/141\/revisions\/5179"}],"wp:attachment":[{"href":"https:\/\/blogsaverroes.juntadeandalucia.es\/ceipposadascarvajal\/wp-json\/wp\/v2\/media?parent=141"}],"curies":[{"name":"wp","href":"https:\/\/api.w.org\/{rel}","templated":true}]}}