{"id":870,"date":"2015-03-16T07:24:27","date_gmt":"2015-03-16T07:24:27","guid":{"rendered":"http:\/\/blogsaverroes.juntadeandalucia.es\/pre\/ceip\/?page_id=103"},"modified":"2023-08-30T18:02:37","modified_gmt":"2023-08-30T18:02:37","slug":"aula-matinal","status":"publish","type":"page","link":"https:\/\/blogsaverroes.juntadeandalucia.es\/ceipposadascarvajal\/aula-matinal\/","title":{"rendered":"Aula Matinal"},"content":{"rendered":"<p><!--themify_builder_static--><\/p>\n<p><\/p>\n<h4>AULA MATINAL<\/h4>\n<p><img loading=\"lazy\" decoding=\"async\" src=\"https:\/\/blogsaverroes.juntadeandalucia.es\/ceipposadascarvajal\/files\/2015\/03\/aula_matinal.jpg\" alt=\"aula_matinal\" width=\"709\" height=\"439\" data-attachment-id=\"226\" data-permalink=\"https:\/\/blogsaverroes.juntadeandalucia.es\/ceipposadascarvajal\/aula_matinal-2\/\" data-orig-file=\"https:\/\/i0.wp.com\/blogsaverroes.juntadeandalucia.es\/ceipposadascarvajal\/files\/2015\/03\/aula_matinal.jpg?fit=709%2C439&amp;ssl=1\" data-orig-size=\"709,439\" data-comments-opened=\"1\" data-image-meta=\"{&quot;aperture&quot;:&quot;2.8&quot;,&quot;credit&quot;:&quot;&quot;,&quot;camera&quot;:&quot;Canon EOS 5D Mark II&quot;,&quot;caption&quot;:&quot;&quot;,&quot;created_timestamp&quot;:&quot;1267621001&quot;,&quot;copyright&quot;:&quot;&quot;,&quot;focal_length&quot;:&quot;16&quot;,&quot;iso&quot;:&quot;800&quot;,&quot;shutter_speed&quot;:&quot;0.25&quot;,&quot;title&quot;:&quot;&quot;,&quot;orientation&quot;:&quot;1&quot;}\" data-image-title=\"aula_matinal\" data-image-description=\"\" data-medium-file=\"https:\/\/i0.wp.com\/blogsaverroes.juntadeandalucia.es\/ceipposadascarvajal\/files\/2015\/03\/aula_matinal.jpg?fit=300%2C185&amp;ssl=1\" data-large-file=\"https:\/\/i0.wp.com\/blogsaverroes.juntadeandalucia.es\/ceipposadascarvajal\/files\/2015\/03\/aula_matinal.jpg?fit=709%2C439&amp;ssl=1\" data-recalc-dims=\"1\" srcset=\"https:\/\/blogsaverroes.juntadeandalucia.es\/ceipposadascarvajal\/files\/2015\/03\/aula_matinal.jpg 709w, https:\/\/blogsaverroes.juntadeandalucia.es\/ceipposadascarvajal\/files\/2015\/03\/aula_matinal-300x185.jpg 300w\" sizes=\"(max-width: 709px) 100vw, 709px\" \/><\/p>\n<p>\u00a0<\/p>\n<p>El\u00a0<strong>Aula Matinal<\/strong>\u00a0abre a las 7.30 horas de lunes a viernes, ofreciendo actividades diversas a los estudiantes hasta el comienzo del horario lectivo.<\/p>\n<p>Puede\u00a0utilizarse\u00a0cualquier d\u00eda previa inscripci\u00f3n y domicializaci\u00f3n bancaria.<\/p>\n<p>Disponemos de dos ubicaciones, en la Sede 3 (Callej\u00f3n el Chiva) para Educaci\u00f3n Infantil y en la Sede 1 ( Calle Virgen de la Asunci\u00f3n) para Educaci\u00f3n Primaria, Eso y EE.<\/p>\n<p><!--\/themify_builder_static--><\/p>\n","protected":false},"excerpt":{"rendered":"<p>AULA MATINAL \u00a0 El\u00a0Aula Matinal\u00a0abre a las 7.30 horas de lunes a viernes, ofreciendo actividades diversas a los estudiantes hasta el comienzo del horario lectivo. Puede\u00a0utilizarse\u00a0cualquier d\u00eda previa inscripci\u00f3n y domicializaci\u00f3n bancaria. Disponemos de dos ubicaciones, en la Sede 3 (Callej\u00f3n el Chiva) para Educaci\u00f3n Infantil y en la Sede 1 ( Calle Virgen de [&hellip;]<\/p>\n","protected":false},"author":1,"featured_media":0,"parent":0,"menu_order":0,"comment_status":"closed","ping_status":"open","template":"","meta":{"_et_pb_use_builder":"","_et_pb_old_content":"","_et_gb_content_width":"","ngg_post_thumbnail":0,"footnotes":"","_mc_calendar":[]},"aioseo_notices":[],"_links":{"self":[{"href":"https:\/\/blogsaverroes.juntadeandalucia.es\/ceipposadascarvajal\/wp-json\/wp\/v2\/pages\/870"}],"collection":[{"href":"https:\/\/blogsaverroes.juntadeandalucia.es\/ceipposadascarvajal\/wp-json\/wp\/v2\/pages"}],"about":[{"href":"https:\/\/blogsaverroes.juntadeandalucia.es\/ceipposadascarvajal\/wp-json\/wp\/v2\/types\/page"}],"author":[{"embeddable":true,"href":"https:\/\/blogsaverroes.juntadeandalucia.es\/ceipposadascarvajal\/wp-json\/wp\/v2\/users\/1"}],"replies":[{"embeddable":true,"href":"https:\/\/blogsaverroes.juntadeandalucia.es\/ceipposadascarvajal\/wp-json\/wp\/v2\/comments?post=870"}],"version-history":[{"count":16,"href":"https:\/\/blogsaverroes.juntadeandalucia.es\/ceipposadascarvajal\/wp-json\/wp\/v2\/pages\/870\/revisions"}],"predecessor-version":[{"id":5072,"href":"https:\/\/blogsaverroes.juntadeandalucia.es\/ceipposadascarvajal\/wp-json\/wp\/v2\/pages\/870\/revisions\/5072"}],"wp:attachment":[{"href":"https:\/\/blogsaverroes.juntadeandalucia.es\/ceipposadascarvajal\/wp-json\/wp\/v2\/media?parent=870"}],"curies":[{"name":"wp","href":"https:\/\/api.w.org\/{rel}","templated":true}]}}