{"id":2891,"date":"2020-08-04T11:57:11","date_gmt":"2020-08-04T09:57:11","guid":{"rendered":"https:\/\/blogsaverroes.juntadeandalucia.es\/ceipposidonia\/?page_id=2891"},"modified":"2020-08-07T13:39:48","modified_gmt":"2020-08-07T11:39:48","slug":"noticias-2017-2018","status":"publish","type":"page","link":"https:\/\/blogsaverroes.juntadeandalucia.es\/ceipposidonia\/baul-de-los-recuerdos\/noticias-antiguas\/noticias-2017-2018\/","title":{"rendered":"NOTICIAS 2017\/2018"},"content":{"rendered":"\t\t<div data-elementor-type=\"wp-post\" data-elementor-id=\"2891\" class=\"elementor elementor-2891\">\n\t\t\t\t\t\t<section class=\"elementor-section elementor-top-section elementor-element elementor-element-df1e257 elementor-section-boxed elementor-section-height-default elementor-section-height-default\" data-id=\"df1e257\" data-element_type=\"section\">\n\t\t\t\t\t\t<div class=\"elementor-container elementor-column-gap-default\">\n\t\t\t\t\t<div class=\"elementor-column elementor-col-100 elementor-top-column elementor-element elementor-element-35a10c9\" data-id=\"35a10c9\" data-element_type=\"column\">\n\t\t\t<div class=\"elementor-widget-wrap elementor-element-populated\">\n\t\t\t\t\t\t<div class=\"elementor-element elementor-element-1db0568 elementor-widget elementor-widget-text-editor\" data-id=\"1db0568\" data-element_type=\"widget\" data-widget_type=\"text-editor.default\">\n\t\t\t\t<div class=\"elementor-widget-container\">\n\t\t\t\t\t\t\t\t\t<p>A continuaci\u00f3n puedes leer las noticias m\u00e1s importantes del curso 2017\/18. Aparecer\u00e1n en orden descendente desde la m\u00e1s reciente a la m\u00e1s antigua.<\/p>\t\t\t\t\t\t\t\t<\/div>\n\t\t\t\t<\/div>\n\t\t\t\t\t<\/div>\n\t\t<\/div>\n\t\t\t\t\t<\/div>\n\t\t<\/section>\n\t\t\t\t<section class=\"elementor-section elementor-top-section elementor-element elementor-element-8f0eb4f elementor-section-boxed elementor-section-height-default elementor-section-height-default\" data-id=\"8f0eb4f\" data-element_type=\"section\">\n\t\t\t\t\t\t<div class=\"elementor-container elementor-column-gap-default\">\n\t\t\t\t\t<div class=\"elementor-column elementor-col-100 elementor-top-column elementor-element elementor-element-65437b8\" data-id=\"65437b8\" data-element_type=\"column\">\n\t\t\t<div class=\"elementor-widget-wrap elementor-element-populated\">\n\t\t\t\t\t\t<div class=\"elementor-element elementor-element-6cd04db elementor-widget elementor-widget-text-editor\" data-id=\"6cd04db\" data-element_type=\"widget\" data-widget_type=\"text-editor.default\">\n\t\t\t\t<div class=\"elementor-widget-container\">\n\t\t\t\t\t\t\t\t\t<h6 class=\"wsite-content-title\" style=\"text-align: center\"><span style=\"font-size: 18pt;color: #800000\">MALAGASY GOSPEL<\/span><\/h6><div class=\"paragraph\"><p>Desde el pasado curso 2016-17 en el CEIP Posidonia llevamos a cabo el Proyecto Namana, un programa de hermanamiento entre escuelas europeas y escuelas malgaches, enmarcado dentro de los programas de sensibilizaci\u00f3n de la ONG Agua de Coco.<br \/>El pasado jueves, 17 de mayo de 2018, disfrutamos en el centro de una jornada de convivencia muy especial\u00a0 con la visita de la Malagasy Gospel.<br \/>La Malagasy Gospel es una coral de canto Gospel compuesta por ni\u00f1as y adolescentes que provienen de los barrios m\u00e1s desfavorecidos de Tulear (Madagascar) y que constituye otro de los proyectos de esta ONG.<br \/>Esta ha sido la primera vez que desde el programa Namana se realiza este tipo de actividad, un intercambio en vivo que pone un broche perfecto para cerrar un acercamiento a otra cultura.<br \/>Durante esta jornada se han llevado a cabo actividades y juegos entre las ni\u00f1as y los grupos de 5\u00baA y 5\u00baB (las clases \u201chermanadas\u201d en el programa Namana) y, adem\u00e1s, todo el centro ha podido disfrutar de un breve concierto.<br \/>Gracias a la colaboraci\u00f3n del AMPA, el grupo de ni\u00f1as y sus acompa\u00f1antes comieron en el centro antes de volver a Almer\u00eda para prepararse para el concierto que esa misma tarde dieron en el Auditorio Maestro Padilla.<\/p><p>Podemos asegurar que este tipo de experiencias enriquecen de manera excepcional la vida del centro.<\/p><\/div>\t\t\t\t\t\t\t\t<\/div>\n\t\t\t\t<\/div>\n\t\t\t\t\t<\/div>\n\t\t<\/div>\n\t\t\t\t\t<\/div>\n\t\t<\/section>\n\t\t\t\t<section class=\"elementor-section elementor-top-section elementor-element elementor-element-71a8f90 elementor-section-boxed elementor-section-height-default elementor-section-height-default\" data-id=\"71a8f90\" data-element_type=\"section\">\n\t\t\t\t\t\t<div class=\"elementor-container elementor-column-gap-default\">\n\t\t\t\t\t<div class=\"elementor-column elementor-col-100 elementor-top-column elementor-element elementor-element-06490f6\" data-id=\"06490f6\" data-element_type=\"column\">\n\t\t\t<div class=\"elementor-widget-wrap elementor-element-populated\">\n\t\t\t\t\t\t<div class=\"elementor-element elementor-element-9420c1b elementor-widget elementor-widget-video\" data-id=\"9420c1b\" data-element_type=\"widget\" data-settings=\"{&quot;youtube_url&quot;:&quot;https:\\\/\\\/youtu.be\\\/txJne1FrFAU&quot;,&quot;video_type&quot;:&quot;youtube&quot;,&quot;controls&quot;:&quot;yes&quot;}\" data-widget_type=\"video.default\">\n\t\t\t\t<div class=\"elementor-widget-container\">\n\t\t\t\t\t\t\t<div class=\"elementor-wrapper elementor-open-inline\">\n\t\t\t<div class=\"elementor-video\"><\/div>\t\t<\/div>\n\t\t\t\t\t\t<\/div>\n\t\t\t\t<\/div>\n\t\t\t\t\t<\/div>\n\t\t<\/div>\n\t\t\t\t\t<\/div>\n\t\t<\/section>\n\t\t\t\t<section class=\"elementor-section elementor-top-section elementor-element elementor-element-59ff819 elementor-section-boxed elementor-section-height-default elementor-section-height-default\" data-id=\"59ff819\" data-element_type=\"section\">\n\t\t\t\t\t\t<div class=\"elementor-container elementor-column-gap-default\">\n\t\t\t\t\t<div class=\"elementor-column elementor-col-100 elementor-top-column elementor-element elementor-element-3e82263\" data-id=\"3e82263\" data-element_type=\"column\">\n\t\t\t<div class=\"elementor-widget-wrap elementor-element-populated\">\n\t\t\t\t\t\t<div class=\"elementor-element elementor-element-76db6b7 elementor-widget elementor-widget-text-editor\" data-id=\"76db6b7\" data-element_type=\"widget\" data-widget_type=\"text-editor.default\">\n\t\t\t\t<div class=\"elementor-widget-container\">\n\t\t\t\t\t\t\t\t\t<div><div class=\"wsite-image wsite-image-border-none \"><div><div><div class=\"wsite-image wsite-image-border-none \"><p><a> <img decoding=\"async\" class=\"aligncenter\" src=\"https:\/\/www.posidoniaceip.com\/uploads\/2\/0\/5\/6\/20562826\/published\/separador-l-piz-3-orig_26.jpg\" alt=\"Imagen\" \/> <\/a><\/p><\/div><\/div><\/div><\/div><\/div><p style=\"text-align: center\"><strong><span style=\"color: #800000;font-size: 18pt\">SEMANA DE SENSIBILIZACI\u00d3N POR EL D\u00cdA MUNDIAL DEL AUTISMO<\/span><\/strong><\/p><div class=\"paragraph\"><p>Con motivo del 2 de abril, D\u00eda Mundial del Autismo, en el cole nos hemos sensibilizado con este trastorno a trav\u00e9s de diferentes actividades como:<\/p><ul><li>Pictografiar el cole.<\/li><li>Hacer visitas guiadas al aula TEA para conocer un poco mejor a los compa\u00f1eros que estudian y trabajan en ella.<\/li><li>Ver v\u00eddeos de sensibilizaci\u00f3n sobre el Trastorno del Espectro Autista.<\/li><li>Aprender una canci\u00f3n que trata sobre el autismo para grabar un v\u00eddeo que os dejamos aqu\u00ed colgado (nos ha quedado fant\u00e1stico).<\/li><\/ul><p>La Asociaci\u00f3n de Madres y Padres Poseidon tambi\u00e9n ha colaborado con esta sensibilizaci\u00f3n, recaudando fondos a trav\u00e9s de la venta de unas chapas superchulas del D\u00eda del Autismo, para crear en el cole un aula multisensorial.<\/p><p>A continuaci\u00f3n os dejamos dos v\u00eddeos muy interesantes que hemos grabado en el cole. En el primero pod\u00e9is ver la canci\u00f3n que interpretamos todo el alumnado de Primaria en lenguaje de signos, acompa\u00f1ados por la voz de la maestra Cristina de Infantil y por la m\u00fasica del maestro Juanma de 4\u00ba. En el segundo v\u00eddeo, las chicas y chicos de 5\u00ba nos ense\u00f1an a un compa\u00f1ero muy especial.<br \/>ROMPAMOS JUNTOS LAS BARRERAS POR EL AUTISMO.<\/p><\/div>\t\t\t\t\t\t\t\t<\/div>\n\t\t\t\t<\/div>\n\t\t\t\t\t<\/div>\n\t\t<\/div>\n\t\t\t\t\t<\/div>\n\t\t<\/section>\n\t\t\t\t<section class=\"elementor-section elementor-top-section elementor-element elementor-element-156cf98 elementor-section-boxed elementor-section-height-default elementor-section-height-default\" data-id=\"156cf98\" data-element_type=\"section\">\n\t\t\t\t\t\t<div class=\"elementor-container elementor-column-gap-default\">\n\t\t\t\t\t<div class=\"elementor-column elementor-col-50 elementor-top-column elementor-element elementor-element-d31ce4f\" data-id=\"d31ce4f\" data-element_type=\"column\">\n\t\t\t<div class=\"elementor-widget-wrap elementor-element-populated\">\n\t\t\t\t\t\t<div class=\"elementor-element elementor-element-55b3f5c elementor-widget elementor-widget-video\" data-id=\"55b3f5c\" data-element_type=\"widget\" data-settings=\"{&quot;youtube_url&quot;:&quot;https:\\\/\\\/youtu.be\\\/UUentYjgolY&quot;,&quot;video_type&quot;:&quot;youtube&quot;,&quot;controls&quot;:&quot;yes&quot;}\" data-widget_type=\"video.default\">\n\t\t\t\t<div class=\"elementor-widget-container\">\n\t\t\t\t\t\t\t<div class=\"elementor-wrapper elementor-open-inline\">\n\t\t\t<div class=\"elementor-video\"><\/div>\t\t<\/div>\n\t\t\t\t\t\t<\/div>\n\t\t\t\t<\/div>\n\t\t\t\t\t<\/div>\n\t\t<\/div>\n\t\t\t\t<div class=\"elementor-column elementor-col-50 elementor-top-column elementor-element elementor-element-6c03cb1\" data-id=\"6c03cb1\" data-element_type=\"column\">\n\t\t\t<div class=\"elementor-widget-wrap elementor-element-populated\">\n\t\t\t\t\t\t<div class=\"elementor-element elementor-element-274f77b elementor-widget elementor-widget-video\" data-id=\"274f77b\" data-element_type=\"widget\" data-settings=\"{&quot;youtube_url&quot;:&quot;https:\\\/\\\/youtu.be\\\/D2G-X0lyd4c&quot;,&quot;video_type&quot;:&quot;youtube&quot;,&quot;controls&quot;:&quot;yes&quot;}\" data-widget_type=\"video.default\">\n\t\t\t\t<div class=\"elementor-widget-container\">\n\t\t\t\t\t\t\t<div class=\"elementor-wrapper elementor-open-inline\">\n\t\t\t<div class=\"elementor-video\"><\/div>\t\t<\/div>\n\t\t\t\t\t\t<\/div>\n\t\t\t\t<\/div>\n\t\t\t\t\t<\/div>\n\t\t<\/div>\n\t\t\t\t\t<\/div>\n\t\t<\/section>\n\t\t\t\t<section class=\"elementor-section elementor-top-section elementor-element elementor-element-68a4902 elementor-section-boxed elementor-section-height-default elementor-section-height-default\" data-id=\"68a4902\" data-element_type=\"section\">\n\t\t\t\t\t\t<div class=\"elementor-container elementor-column-gap-default\">\n\t\t\t\t\t<div class=\"elementor-column elementor-col-100 elementor-top-column elementor-element elementor-element-a5896e3\" data-id=\"a5896e3\" data-element_type=\"column\">\n\t\t\t<div class=\"elementor-widget-wrap elementor-element-populated\">\n\t\t\t\t\t\t<div class=\"elementor-element elementor-element-dc83060 elementor-widget elementor-widget-text-editor\" data-id=\"dc83060\" data-element_type=\"widget\" data-widget_type=\"text-editor.default\">\n\t\t\t\t<div class=\"elementor-widget-container\">\n\t\t\t\t\t\t\t\t\t<div><div class=\"wsite-image wsite-image-border-none \"><p><a> <img decoding=\"async\" class=\"aligncenter\" src=\"https:\/\/www.posidoniaceip.com\/uploads\/2\/0\/5\/6\/20562826\/published\/separador-l-piz-3-orig_27.jpg\" alt=\"Imagen\" \/> <\/a><\/p><p>\u00a0<\/p><\/div><\/div><h6 class=\"wsite-content-title\" style=\"text-align: center\"><span style=\"color: #800000;font-size: 18pt\">MINUTO DE SILENCIO POR GABRIEL CRUZ<\/span><\/h6><div class=\"paragraph\">Desde el CEIP Posidonia nos hacemos solidarios con todas las personas que sufren por la muerte de Gabriel Cruz: su familia, su colegio, sus amigos y amigas&#8230;<br \/>All\u00ed donde est\u00e9s, SIGUE NADANDO PECECITO.<\/div><div class=\"wsite-youtube\"><div class=\"wsite-youtube-wrapper wsite-youtube-size-auto wsite-youtube-align-center\"><div class=\"wsite-youtube-container\">[youtube https:\/\/www.youtube.com\/watch?v=Kn4ICiWKTNM?wmode=opaque]<\/div><\/div><\/div><div><div class=\"wsite-image wsite-image-border-none \"><p><a> <img decoding=\"async\" class=\"aligncenter\" src=\"https:\/\/www.posidoniaceip.com\/uploads\/2\/0\/5\/6\/20562826\/published\/pano-20180312-110420_2.jpg\" alt=\"Imagen\" \/> <\/a><\/p><\/div><\/div><div><div class=\"wsite-image wsite-image-border-none \"><p><a> <img decoding=\"async\" class=\"aligncenter\" src=\"https:\/\/www.posidoniaceip.com\/uploads\/2\/0\/5\/6\/20562826\/published\/img-20180312-wa0002_3.jpg\" alt=\"Imagen\" \/> <\/a><\/p><div>\u00a0<\/div><\/div><\/div><div><div class=\"wsite-image wsite-image-border-none \"><p><a> <img decoding=\"async\" class=\"aligncenter\" src=\"https:\/\/www.posidoniaceip.com\/uploads\/2\/0\/5\/6\/20562826\/published\/separador-l-piz-3_4.jpg\" alt=\"Imagen\" \/> <\/a><\/p><div>\u00a0<\/div><\/div><\/div><h6 class=\"wsite-content-title\" style=\"text-align: center\"><span style=\"font-size: 18pt;color: #800000\"><strong>DESIERTO A LA VISTA<\/strong><\/span><\/h6><div class=\"paragraph\">Durante este trimestre, el alumnado de 3 a\u00f1os se ha adentrado en el desierto\u00a0 y ha descubierto muchas cosas que desconoc\u00eda. A lo largo de este tiempo, hemos disfrutado mucho.<br \/><strong>En este video resumimos todo lo que hemos vivido<\/strong>.<\/div><div class=\"wsite-youtube\"><div class=\"wsite-youtube-wrapper wsite-youtube-size-auto wsite-youtube-align-center\"><div class=\"wsite-youtube-container\">[youtube https:\/\/www.youtube.com\/watch?v=8q-7ZJA4w88?wmode=opaque]<\/div><div>\u00a0<\/div><\/div><\/div><div><div class=\"wsite-image wsite-image-border-none \"><p><a> <img decoding=\"async\" class=\"aligncenter\" src=\"https:\/\/www.posidoniaceip.com\/uploads\/2\/0\/5\/6\/20562826\/published\/separador-l-piz-3-orig_28.jpg\" alt=\"Imagen\" \/> <\/a><\/p><div>\u00a0<\/div><\/div><\/div><h6 class=\"wsite-content-title\" style=\"text-align: center\"><span style=\"color: #800000;font-size: 18pt\"><strong>D\u00eda escolar por la no violencia y la paz 2018<\/strong><\/span><\/h6><div class=\"wsite-youtube\"><div class=\"wsite-youtube-wrapper wsite-youtube-size-auto wsite-youtube-align-center\"><div class=\"wsite-youtube-container\">[youtube https:\/\/www.youtube.com\/watch?v=6u_phY7mZ1A?wmode=opaque]<\/div><div>\u00a0<\/div><\/div><\/div><div><div class=\"wsite-image wsite-image-border-none \"><p><a> <img decoding=\"async\" class=\"aligncenter\" src=\"https:\/\/www.posidoniaceip.com\/uploads\/2\/0\/5\/6\/20562826\/published\/separador-l-piz-3-orig_29.jpg\" alt=\"Imagen\" \/> <\/a><\/p><div>\u00a0<\/div><\/div><\/div><h6 class=\"wsite-content-title\" style=\"text-align: center\"><span style=\"color: #800000;font-size: 18pt\">NUEVO DISE\u00d1O PARA LA P\u00c1GINA WEB DEL COLE<\/span><\/h6><div class=\"paragraph\">Tras varios a\u00f1os usando el mismo formato de p\u00e1gina web, ha llegado la hora de un profundo cambio. Estrenamos dise\u00f1o y a la vez reorganizamos todo el contenido para que la navegaci\u00f3n sea m\u00e1s sencilla e intuitiva.<br \/>Esperamos que os guste.<\/div><div>\u00a0<\/div><div><div class=\"wsite-image wsite-image-border-none \"><p><a> <img decoding=\"async\" class=\"aligncenter\" src=\"https:\/\/www.posidoniaceip.com\/uploads\/2\/0\/5\/6\/20562826\/published\/separador-l-piz-3-orig_30.jpg\" alt=\"Imagen\" \/> <\/a><\/p><div>\u00a0<\/div><\/div><\/div><h6 class=\"wsite-content-title\" style=\"text-align: center\"><span style=\"color: #800000;font-size: 18pt\"><strong>ACTUACIONES DEL FESTIVAL DE NAVIDAD DE LAS CLASES DE PRIMARIA<\/strong><\/span><\/h6><div class=\"paragraph\">En este v\u00eddeo puedes ver las actuaciones de los diferentes grupos de Educaci\u00f3n Primaria en el Festival de Navidad del pasado 22 de diciembre.<\/div><div class=\"wsite-youtube\"><div class=\"wsite-youtube-wrapper wsite-youtube-size-auto wsite-youtube-align-center\"><div class=\"wsite-youtube-container\">[youtube https:\/\/www.youtube.com\/watch?v=oT-uMW5jNOc?wmode=opaque]<\/div><div>\u00a0<\/div><\/div><\/div><div><div class=\"wsite-image wsite-image-border-none \"><p><a> <img decoding=\"async\" class=\"aligncenter\" src=\"https:\/\/www.posidoniaceip.com\/uploads\/2\/0\/5\/6\/20562826\/published\/separador-l-piz-3-orig_31.jpg\" alt=\"Imagen\" \/> <\/a><\/p><div>\u00a0<\/div><\/div><\/div><h6 class=\"wsite-content-title\" style=\"text-align: center\"><span style=\"color: #800000;font-size: 18pt\">Actuaciones del festival de navidad de las clases de infantil<\/span><\/h6><div class=\"paragraph\">En este v\u00eddeo puedes ver las actuaciones de los diferentes grupos de Educaci\u00f3n Infantil en el Festival de Navidad del pasado 22 de diciembre.<\/div><div class=\"wsite-youtube\"><div class=\"wsite-youtube-wrapper wsite-youtube-size-auto wsite-youtube-align-center\"><div class=\"wsite-youtube-container\">[youtube https:\/\/www.youtube.com\/watch?v=2kU-BoOFHLk?wmode=opaque]<\/div><div>\u00a0<\/div><\/div><\/div><div><div class=\"wsite-image wsite-image-border-none \"><p><a> <img decoding=\"async\" class=\"aligncenter\" src=\"https:\/\/www.posidoniaceip.com\/uploads\/2\/0\/5\/6\/20562826\/published\/separador-l-piz-3-orig_32.jpg\" alt=\"Imagen\" \/><\/a><\/p><div>\u00a0<\/div><\/div><\/div><h6 class=\"wsite-content-title\" style=\"text-align: center\"><span style=\"color: #800000;font-size: 18pt\">FELICITACI\u00d3N DE NAVIDAD<\/span><\/h6><div><div class=\"wsite-image wsite-image-border-none \"><p><a> <img decoding=\"async\" class=\"aligncenter\" src=\"https:\/\/www.posidoniaceip.com\/uploads\/2\/0\/5\/6\/20562826\/page-000001_2.png\" alt=\"Imagen\" \/> <\/a><\/p><div>\u00a0<\/div><\/div><\/div><div><div class=\"wsite-image wsite-image-border-none \"><p><a> <img decoding=\"async\" class=\"aligncenter\" src=\"https:\/\/www.posidoniaceip.com\/uploads\/2\/0\/5\/6\/20562826\/published\/separador-l-piz-3-orig_33.jpg\" alt=\"Imagen\" \/> <\/a><\/p><div>\u00a0<\/div><\/div><\/div><h6 class=\"wsite-content-title\" style=\"text-align: center\"><span style=\"color: #800000;font-size: 18pt\"><strong>NOS SUMAMOS A LA CAMPA\u00d1A SOLIDARIA DE CRUZ ROJA<\/strong><\/span><\/h6><div class=\"paragraph\">El CEIP Posidonia se solidariza con la Campa\u00f1a Solidaria de Cruz Roja para la recogida de alimentos para beb\u00e9s y alimentaci\u00f3n para gente sin recursos. Por ello les invitamos a colaborar entre el 11 y el 15 de diciembre aportando alimentaci\u00f3n espec\u00edfica para beb\u00e9s, as\u00ed como conservas y productos que no requieran cocinado. Gracias por colaborar.<\/div><div><div class=\"wsite-image wsite-image-border-none \"><p>\u00a0<\/p><p><a><img decoding=\"async\" class=\"aligncenter\" src=\"https:\/\/www.posidoniaceip.com\/uploads\/2\/0\/5\/6\/20562826\/published\/separador-l-piz-3-orig_34.jpg\" alt=\"Imagen\" \/> <\/a><\/p><div>\u00a0<\/div><\/div><\/div><h6 class=\"wsite-content-title\" style=\"text-align: center\"><span style=\"color: #800000;font-size: 18pt\"><strong>6 de diciembre: d\u00eda de la constituci\u00f3n<\/strong><\/span><\/h6><div class=\"paragraph\">El martes 5 de diciembre celebramos el D\u00eda de la Constituci\u00f3n. Adem\u00e1s del acto organizado en el patio del centro con despliegue de bandera y escucha del himno, se han llevado a cabo diferentes actividades por niveles relacionadas con esta festividad y con las que el alumnado entiende el motivo y la importancia de este d\u00eda, conoce sus derechos y los s\u00edmbolos que nos identifican.<\/div><p><a><img decoding=\"async\" class=\"galleryImageBorder wsite-image\" src=\"https:\/\/www.posidoniaceip.com\/uploads\/2\/0\/5\/6\/20562826\/20171205-120716_3.jpg\" alt=\"Imagen\" \/><\/a><\/p><div class=\"paragraph\" style=\"text-align: center\"><span style=\"font-size: 8pt\">Celebraci\u00f3n en el patio con despliegue de bandera e himno.<\/span><\/div><hr \/><div><div class=\"wsite-image wsite-image-border-none \"><p>\u00a0<\/p><p><a><img decoding=\"async\" class=\"aligncenter\" src=\"https:\/\/www.posidoniaceip.com\/uploads\/2\/0\/5\/6\/20562826\/published\/separador-l-piz-3-orig_35.jpg\" alt=\"Imagen\" \/> <\/a><\/p><div>\u00a0<\/div><\/div><\/div><h6 class=\"wsite-content-title\" style=\"text-align: center\"><span style=\"color: #800000;font-size: 18pt\"><strong>PRIMERA JUNTA DE DELEGADAS Y DELEGADOS DE CLASE<\/strong><\/span><\/h6><div class=\"paragraph\">El jueves d\u00eda 30 de Noviembre tuvimos nuestra primera Junta de Delegados\/as. Nos hicieron entrega de un diploma nombr\u00e1ndonos como delegados y subdelegados de Paz, tambi\u00e9n nos explicaron cu\u00e1les son nuestras funciones y analizamos el estado de la convivencia. Finalmente hicimos unas propuestas de mejora para llevar a cabo a partir de ahora.<\/div>\t\t\t\t\t\t\t\t<\/div>\n\t\t\t\t<\/div>\n\t\t\t\t\t<\/div>\n\t\t<\/div>\n\t\t\t\t\t<\/div>\n\t\t<\/section>\n\t\t\t\t<section class=\"elementor-section elementor-top-section elementor-element elementor-element-adb4a98 elementor-section-boxed elementor-section-height-default elementor-section-height-default\" data-id=\"adb4a98\" data-element_type=\"section\">\n\t\t\t\t\t\t<div class=\"elementor-container elementor-column-gap-default\">\n\t\t\t\t\t<div class=\"elementor-column elementor-col-25 elementor-top-column elementor-element elementor-element-144e290\" data-id=\"144e290\" data-element_type=\"column\">\n\t\t\t<div class=\"elementor-widget-wrap elementor-element-populated\">\n\t\t\t\t\t\t<div class=\"elementor-element elementor-element-21939dd elementor-widget elementor-widget-text-editor\" data-id=\"21939dd\" data-element_type=\"widget\" data-widget_type=\"text-editor.default\">\n\t\t\t\t<div class=\"elementor-widget-container\">\n\t\t\t\t\t\t\t\t\t<p><img decoding=\"async\" src=\"https:\/\/www.posidoniaceip.com\/uploads\/2\/0\/5\/6\/20562826\/3f41e577-7136-4f0b-b851-eed989c8c23b_3_orig.jpg\" \/><\/p>\t\t\t\t\t\t\t\t<\/div>\n\t\t\t\t<\/div>\n\t\t\t\t\t<\/div>\n\t\t<\/div>\n\t\t\t\t<div class=\"elementor-column elementor-col-25 elementor-top-column elementor-element elementor-element-0ab4ef6\" data-id=\"0ab4ef6\" data-element_type=\"column\">\n\t\t\t<div class=\"elementor-widget-wrap elementor-element-populated\">\n\t\t\t\t\t\t<div class=\"elementor-element elementor-element-922cc84 elementor-widget elementor-widget-text-editor\" data-id=\"922cc84\" data-element_type=\"widget\" data-widget_type=\"text-editor.default\">\n\t\t\t\t<div class=\"elementor-widget-container\">\n\t\t\t\t\t\t\t\t\t<p><img decoding=\"async\" src=\"https:\/\/www.posidoniaceip.com\/uploads\/2\/0\/5\/6\/20562826\/8cb05fba-2d47-480f-b3cb-c86674252c00_3_orig.jpg\" \/><\/p>\t\t\t\t\t\t\t\t<\/div>\n\t\t\t\t<\/div>\n\t\t\t\t\t<\/div>\n\t\t<\/div>\n\t\t\t\t<div class=\"elementor-column elementor-col-25 elementor-top-column elementor-element elementor-element-751148d\" data-id=\"751148d\" data-element_type=\"column\">\n\t\t\t<div class=\"elementor-widget-wrap elementor-element-populated\">\n\t\t\t\t\t\t<div class=\"elementor-element elementor-element-c4d00a6 elementor-widget elementor-widget-text-editor\" data-id=\"c4d00a6\" data-element_type=\"widget\" data-widget_type=\"text-editor.default\">\n\t\t\t\t<div class=\"elementor-widget-container\">\n\t\t\t\t\t\t\t\t\t<p><img decoding=\"async\" src=\"https:\/\/www.posidoniaceip.com\/uploads\/2\/0\/5\/6\/20562826\/13344e6b-f3d5-4b67-ba18-e695dfe0ab96_3_orig.jpg\" \/><\/p>\t\t\t\t\t\t\t\t<\/div>\n\t\t\t\t<\/div>\n\t\t\t\t\t<\/div>\n\t\t<\/div>\n\t\t\t\t<div class=\"elementor-column elementor-col-25 elementor-top-column elementor-element elementor-element-b0e8888\" data-id=\"b0e8888\" data-element_type=\"column\">\n\t\t\t<div class=\"elementor-widget-wrap elementor-element-populated\">\n\t\t\t\t\t\t<div class=\"elementor-element elementor-element-5662472 elementor-widget elementor-widget-text-editor\" data-id=\"5662472\" data-element_type=\"widget\" data-widget_type=\"text-editor.default\">\n\t\t\t\t<div class=\"elementor-widget-container\">\n\t\t\t\t\t\t\t\t\t<p><img decoding=\"async\" src=\"https:\/\/www.posidoniaceip.com\/uploads\/2\/0\/5\/6\/20562826\/4a1e7969-c74e-4be0-8276-fc2b752d9a3f_3_orig.jpg\" \/><\/p>\t\t\t\t\t\t\t\t<\/div>\n\t\t\t\t<\/div>\n\t\t\t\t\t<\/div>\n\t\t<\/div>\n\t\t\t\t\t<\/div>\n\t\t<\/section>\n\t\t\t\t<section class=\"elementor-section elementor-top-section elementor-element elementor-element-3453705 elementor-section-boxed elementor-section-height-default elementor-section-height-default\" data-id=\"3453705\" data-element_type=\"section\">\n\t\t\t\t\t\t<div class=\"elementor-container elementor-column-gap-default\">\n\t\t\t\t\t<div class=\"elementor-column elementor-col-100 elementor-top-column elementor-element elementor-element-50bd770\" data-id=\"50bd770\" data-element_type=\"column\">\n\t\t\t<div class=\"elementor-widget-wrap elementor-element-populated\">\n\t\t\t\t\t\t<div class=\"elementor-element elementor-element-6657852 elementor-widget elementor-widget-text-editor\" data-id=\"6657852\" data-element_type=\"widget\" data-widget_type=\"text-editor.default\">\n\t\t\t\t<div class=\"elementor-widget-container\">\n\t\t\t\t\t\t\t\t\t<div><div class=\"wsite-image wsite-image-border-none \"><a> <img decoding=\"async\" class=\"aligncenter\" src=\"https:\/\/www.posidoniaceip.com\/uploads\/2\/0\/5\/6\/20562826\/separador-l-piz-3-orig-5_3.jpg\" alt=\"Imagen\" \/> <\/a><div>\u00a0<\/div><\/div><\/div><h6 class=\"wsite-content-title\" style=\"text-align: center\"><span style=\"color: #800000;font-size: 18pt\"><strong>25 de noviembre: d\u00eda internacional de la eliminaci\u00f3n de la violencia contra la mujer<\/strong><\/span><\/h6><p class=\"paragraph\" style=\"text-align: justify\"><span style=\"color: #000000;font-size: 14pt\">Con motivo del D\u00eda Internacional de la Eliminaci\u00f3n de la Violencia contra la Mujer hemos elaborado el siguiente v\u00eddeo en el que ha participado todo el alumnado del colegio.<\/span><\/p><div class=\"wsite-youtube\"><div class=\"wsite-youtube-wrapper wsite-youtube-size-auto wsite-youtube-align-center\"><div class=\"wsite-youtube-container\">[youtube https:\/\/www.youtube.com\/watch?v=Xp_riw8nrVg?wmode=opaque]<\/div><div>\u00a0<\/div><\/div><\/div><div><div class=\"wsite-image wsite-image-border-none \"><a> <img decoding=\"async\" class=\"aligncenter\" src=\"https:\/\/www.posidoniaceip.com\/uploads\/2\/0\/5\/6\/20562826\/published\/separador-l-piz-3-orig_36.jpg\" alt=\"Imagen\" \/> <\/a><div>\u00a0<\/div><\/div><\/div><h6 class=\"wsite-content-title\" style=\"text-align: center\"><span style=\"color: #800000;font-size: 18pt\"><strong>20 de noviembre:<br \/>D\u00cdA UNIVERSAL DE LOS DERECHOS DE LAS NI\u00d1AS Y NI\u00d1OS.<\/strong><\/span><\/h6><div class=\"paragraph\">El lunes 20 de noviembre trabajamos en el cole los derechos universales de los ni\u00f1os y ni\u00f1as. Como apoyo al trabajo realizado en las distintas aulas, la se\u00f1o Cristina nos dio una charla a todas las clases de primaria y nos ense\u00f1\u00f3 una canci\u00f3n sobre los derechos de la infancia.<\/div><div>\u00a0<\/div><div>\u00a0<\/div><div><div class=\"wsite-image wsite-image-border-none \"><a><img decoding=\"async\" class=\"aligncenter\" src=\"https:\/\/www.posidoniaceip.com\/uploads\/2\/0\/5\/6\/20562826\/published\/separador-l-piz-3-orig_37.jpg\" alt=\"Imagen\" \/><\/a><\/div><\/div><div>\u00a0<\/div><h6>\u00a0<\/h6><h6 class=\"wsite-content-title\" style=\"text-align: center\"><span style=\"color: #800000;font-size: 18pt\"><strong>REUNIONES GENERALES DE INICIO DE CURSO<\/strong><\/span><\/h6><div class=\"paragraph\">El calendario de reuniones generales de inicio de curso de las distintas tutor\u00edas queda establecido de la siguiente forma:<br \/><strong>INFANTIL <\/strong>Lunes<strong> 2 de octubre:<\/strong><ul><li>Infantil 3 a\u00f1os a las 16:00h. (Aulas Infantil 1, 2 y 3)<\/li><li>Infantil 4 a\u00f1os a las 16:30h. (Aulas Infantil 4, 5 y 6)<\/li><li>Infantil 5 a\u00f1os a las 17:00h. (Aulas Infantil 7, 8 y 9)<\/li><\/ul><strong>PRIMARIA <\/strong>Lunes<strong> 9 de octubre:<\/strong><ul><li>1\u00ba de Primaria a las 16:00h. (Aulas Primaria 3, 4, 5 y 6)<\/li><li>2\u00ba de Primaria a las 16:30h. (Aulas Primaria 7, 8, 9 y 10)<\/li><li>3\u00ba de Primaria a las 17:00h. (Aulas Primaria 11, 12 y 15)<\/li><li>4\u00ba de Primaria a las 17:30h. (Aulas Primaria 1 y 2)<\/li><li>5\u00ba de Primaria a las 18:00h. (Aulas Primaria 13 y 14)<\/li><li>Aula TEA a las 16:00h (Aula TEA)<\/li><\/ul>Les recordamos la importancia de acudir a esta reuni\u00f3n. <br \/>Para facilitar la din\u00e1mica de la misma, a ser posible, acudan ustedes solos y en caso de venir con sus hijos\/as son los responsables de los mismos dentro del aula de la reuni\u00f3n, en ning\u00fan caso podr\u00e1n estar los ni\u00f1os\/as en los pasillos o zonas comunes.<\/div><div><div class=\"wsite-image wsite-image-border-none \">\u00a0<\/div><div class=\"wsite-image wsite-image-border-none \"><a><img decoding=\"async\" class=\"aligncenter\" src=\"https:\/\/www.posidoniaceip.com\/uploads\/2\/0\/5\/6\/20562826\/published\/separador-l-piz-3-orig_38.jpg\" alt=\"Imagen\" \/><\/a><\/div><div>\u00a0<\/div><\/div><h2>\u00a0<\/h2><h6 class=\"wsite-content-title\" style=\"text-align: center\"><span style=\"font-size: 18pt\"><strong><span style=\"color: #508d24\">COMIENZAN LAS CLASES<\/span><\/strong><\/span><\/h6><div class=\"paragraph\">El lunes 11 de septiembre empiezan las clases en el CEIP Posidonia. El horario de entrada para el primer d\u00eda es el siguiente:<br \/><strong>Infantil de 3 a\u00f1os<\/strong> : De 10:00 a 14:00 horas.<br \/><strong>1\u00ba de Primaria<\/strong> : De 9:30 a 14:00 horas.<br \/><strong>Resto de cursos<\/strong> : De 9:00 a 14:00 horas.<br \/>Al alumnado de Primaria se le recomienda traer el primer d\u00eda al menos un l\u00e1piz, una goma y colores, as\u00ed como el desayuno de media ma\u00f1ana.<\/div><div><div class=\"wsite-image wsite-image-border-none \">\u00a0<\/div><div class=\"wsite-image wsite-image-border-none \">\u00a0<\/div><div class=\"wsite-image wsite-image-border-none \"><a><img decoding=\"async\" class=\"aligncenter\" src=\"https:\/\/www.posidoniaceip.com\/uploads\/2\/0\/5\/6\/20562826\/published\/separador-l-piz-3-orig_39.jpg\" alt=\"Imagen\" \/> <\/a><div>\u00a0<\/div><\/div><\/div><h2>\u00a0<\/h2><h6 class=\"wsite-content-title\" style=\"text-align: center\"><span style=\"color: #800000;font-size: 18pt\"><strong>RECOGIDA DE LIBROS Y MATERIAL CURSO 2017\/18<\/strong><\/span><\/h6><div class=\"paragraph\">El <strong>lunes 11 de septiembre a las 16:00h <\/strong>se proceder\u00e1 a la recogida del material de aula y de los libros de Infantil y Primaria. Se recomienda entregar los libros y el material en bolsas con el nombre del alumno o alumna en cada una.<br \/>El profesorado de nueva incorporaci\u00f3n mantendr\u00e1 una breve reuni\u00f3n con el grupo de madres y padres de su tutor\u00eda a modo de presentaci\u00f3n.<\/div><div>\u00a0<\/div><h2>\u00a0<\/h2><h6 class=\"wsite-content-title\" style=\"text-align: center\"><span style=\"color: #800000;font-size: 18pt\"><strong>REUNI\u00d3N INFORMATIVA PARA LAS FAMILIAS DEL ALUMNADO DE INFANTIL DE 3 A\u00d1OS (CURSO 2017\/18)<\/strong><\/span><\/h6><div class=\"paragraph\">Se informa a las familias del alumnado de <strong>Infantil de 3 a\u00f1os <\/strong>que el pr\u00f3ximo <strong>viernes 8 de septiembre a las 11:00 horas<\/strong>, se har\u00e1 una reuni\u00f3n informativa con las tutoras y tutores de sus hijas e hijos.<\/div><div>\u00a0<\/div><div><div><div class=\"wsite-image wsite-image-border-none \"><a> <img decoding=\"async\" class=\"aligncenter\" src=\"https:\/\/www.posidoniaceip.com\/uploads\/2\/0\/5\/6\/20562826\/published\/separador-l-piz-3-orig_42.jpg\" alt=\"Imagen\" \/> <\/a><div>\u00a0<\/div><\/div><\/div><h6>\u00a0<\/h6><h6 class=\"wsite-content-title\" style=\"text-align: center\"><span style=\"color: #800000;font-size: 18pt\"><strong>Solicitudes Bonificaci\u00f3n Plan de Familia<\/strong><\/span><\/h6><div class=\"paragraph\">Las solicitudes de bonificaci\u00f3n para el Plan de Familia (<em>comedor, aula matinal y actividades extraescolares<\/em>) se presentar\u00e1n del 1 al 7 de septiembre en la secretar\u00eda del colegio en horario de 9:00 a 12:00 h.<br \/><br \/><\/div><div><div>\u00a0<\/div><div><div><div class=\"wsite-image wsite-image-border-none \"><a> <img decoding=\"async\" class=\"aligncenter\" src=\"https:\/\/www.posidoniaceip.com\/uploads\/2\/0\/5\/6\/20562826\/published\/separador-l-piz-3-orig_42.jpg\" alt=\"Imagen\" \/><\/a><\/div><\/div><\/div><\/div><div><h2>\u00a0<\/h2><h2 class=\"wsite-content-title\" style=\"text-align: center\"><span style=\"color: #800000;font-size: xx-large\"><strong>COMIENZA EL CURSO 2017\/18<\/strong><\/span><\/h2><div class=\"paragraph\">Desde la p\u00e1gina web del CEIP Posidonia os damos la bienvenida al curso 2017\/18. En esta secci\u00f3n os mantendremos informados de todas las noticias del centro para este a\u00f1o acad\u00e9mico.<\/div><div>\u00a0<\/div><div><div class=\"wsite-image wsite-image-border-none \"><a> <img decoding=\"async\" src=\"https:\/\/www.posidoniaceip.com\/uploads\/2\/0\/5\/6\/20562826\/separador-l-piz-3_5.jpg\" alt=\"Imagen\" \/> <\/a><\/div><\/div><\/div><\/div><div><div class=\"wsite-image wsite-image-border-none \">\u00a0<\/div><\/div>\t\t\t\t\t\t\t\t<\/div>\n\t\t\t\t<\/div>\n\t\t\t\t\t<\/div>\n\t\t<\/div>\n\t\t\t\t\t<\/div>\n\t\t<\/section>\n\t\t\t\t<\/div>\n\t\t","protected":false},"excerpt":{"rendered":"<p>A continuaci\u00f3n puedes leer las noticias m\u00e1s importantes del curso 2017\/18. Aparecer\u00e1n en orden descendente desde la m\u00e1s reciente a la m\u00e1s antigua. MALAGASY GOSPEL Desde el pasado curso 2016-17 en el CEIP Posidonia llevamos a cabo el Proyecto Namana, un programa de hermanamiento entre escuelas europeas y escuelas malgaches, enmarcado dentro de los programas de sensibilizaci\u00f3n de la ONG Agua de Coco.El pasado jueves, 17 de mayo de 2018, disfrutamos en el centro de una jornada de convivencia muy especial\u00a0 con la visita de la Malagasy Gospel.La Malagasy Gospel es una coral de canto Gospel compuesta por ni\u00f1as y adolescentes que provienen de los barrios m\u00e1s desfavorecidos de Tulear (Madagascar) y que constituye otro de los proyectos de esta ONG.Esta ha sido la primera vez que desde el programa Namana se realiza este tipo de actividad, un intercambio en vivo que pone un broche perfecto para cerrar un acercamiento a otra cultura.Durante esta jornada se han llevado a cabo actividades y juegos entre las ni\u00f1as y los grupos de 5\u00baA y 5\u00baB (las clases \u201chermanadas\u201d en el programa Namana) y, adem\u00e1s, todo el centro ha podido disfrutar de un breve concierto.Gracias a la colaboraci\u00f3n del AMPA, el grupo de&#46;&#46;&#46;<\/p>\n","protected":false},"author":3608,"featured_media":0,"parent":2459,"menu_order":4,"comment_status":"closed","ping_status":"closed","template":"","meta":{"ngg_post_thumbnail":0,"footnotes":"","_mc_calendar":[]},"aioseo_notices":[],"_links":{"self":[{"href":"https:\/\/blogsaverroes.juntadeandalucia.es\/ceipposidonia\/wp-json\/wp\/v2\/pages\/2891"}],"collection":[{"href":"https:\/\/blogsaverroes.juntadeandalucia.es\/ceipposidonia\/wp-json\/wp\/v2\/pages"}],"about":[{"href":"https:\/\/blogsaverroes.juntadeandalucia.es\/ceipposidonia\/wp-json\/wp\/v2\/types\/page"}],"author":[{"embeddable":true,"href":"https:\/\/blogsaverroes.juntadeandalucia.es\/ceipposidonia\/wp-json\/wp\/v2\/users\/3608"}],"replies":[{"embeddable":true,"href":"https:\/\/blogsaverroes.juntadeandalucia.es\/ceipposidonia\/wp-json\/wp\/v2\/comments?post=2891"}],"version-history":[{"count":3,"href":"https:\/\/blogsaverroes.juntadeandalucia.es\/ceipposidonia\/wp-json\/wp\/v2\/pages\/2891\/revisions"}],"predecessor-version":[{"id":2969,"href":"https:\/\/blogsaverroes.juntadeandalucia.es\/ceipposidonia\/wp-json\/wp\/v2\/pages\/2891\/revisions\/2969"}],"up":[{"embeddable":true,"href":"https:\/\/blogsaverroes.juntadeandalucia.es\/ceipposidonia\/wp-json\/wp\/v2\/pages\/2459"}],"wp:attachment":[{"href":"https:\/\/blogsaverroes.juntadeandalucia.es\/ceipposidonia\/wp-json\/wp\/v2\/media?parent=2891"}],"curies":[{"name":"wp","href":"https:\/\/api.w.org\/{rel}","templated":true}]}}