{"id":2962,"date":"2020-08-07T12:57:35","date_gmt":"2020-08-07T10:57:35","guid":{"rendered":"https:\/\/blogsaverroes.juntadeandalucia.es\/ceipposidonia\/?page_id=2962"},"modified":"2020-08-07T13:38:30","modified_gmt":"2020-08-07T11:38:30","slug":"noticias-15-16","status":"publish","type":"page","link":"https:\/\/blogsaverroes.juntadeandalucia.es\/ceipposidonia\/baul-de-los-recuerdos\/noticias-antiguas\/noticias-15-16\/","title":{"rendered":"NOTICIAS 2015\/2016"},"content":{"rendered":"\t\t<div data-elementor-type=\"wp-post\" data-elementor-id=\"2962\" class=\"elementor elementor-2962\">\n\t\t\t\t\t\t<section class=\"elementor-section elementor-top-section elementor-element elementor-element-12bab89 elementor-section-boxed elementor-section-height-default elementor-section-height-default\" data-id=\"12bab89\" data-element_type=\"section\">\n\t\t\t\t\t\t<div class=\"elementor-container elementor-column-gap-default\">\n\t\t\t\t\t<div class=\"elementor-column elementor-col-100 elementor-top-column elementor-element elementor-element-d01301f\" data-id=\"d01301f\" data-element_type=\"column\">\n\t\t\t<div class=\"elementor-widget-wrap elementor-element-populated\">\n\t\t\t\t\t\t<div class=\"elementor-element elementor-element-403f1b6 elementor-widget elementor-widget-text-editor\" data-id=\"403f1b6\" data-element_type=\"widget\" data-widget_type=\"text-editor.default\">\n\t\t\t\t<div class=\"elementor-widget-container\">\n\t\t\t\t\t\t\t\t\t<p>A continuaci\u00f3n puedes leer las noticias m\u00e1s importantes del curso 2015\/16. Aparecer\u00e1n en orden descendente desde la m\u00e1s reciente a la m\u00e1s antigua.<\/p>\t\t\t\t\t\t\t\t<\/div>\n\t\t\t\t<\/div>\n\t\t\t\t\t<\/div>\n\t\t<\/div>\n\t\t\t\t\t<\/div>\n\t\t<\/section>\n\t\t\t\t<section class=\"elementor-section elementor-top-section elementor-element elementor-element-d447354 elementor-section-boxed elementor-section-height-default elementor-section-height-default\" data-id=\"d447354\" data-element_type=\"section\">\n\t\t\t\t\t\t<div class=\"elementor-container elementor-column-gap-default\">\n\t\t\t\t\t<div class=\"elementor-column elementor-col-100 elementor-top-column elementor-element elementor-element-c2d4150\" data-id=\"c2d4150\" data-element_type=\"column\">\n\t\t\t<div class=\"elementor-widget-wrap elementor-element-populated\">\n\t\t\t\t\t\t<div class=\"elementor-element elementor-element-893364f elementor-widget elementor-widget-text-editor\" data-id=\"893364f\" data-element_type=\"widget\" data-widget_type=\"text-editor.default\">\n\t\t\t\t<div class=\"elementor-widget-container\">\n\t\t\t\t\t\t\t\t\t<h6 class=\"wsite-content-title\" style=\"text-align: center\"><span style=\"color: #993300;font-size: 18pt\"><strong>APERTURA DEL AULA MUSEO DE LA TORTUGA BOBA<\/strong><\/span><\/h6><div><div class=\"wsite-multicol\"><div class=\"wsite-multicol-table-wrap\"><table class=\"wsite-multicol-table\"><tbody class=\"wsite-multicol-tbody\"><tr class=\"wsite-multicol-tr\"><td class=\"wsite-multicol-col\"><div class=\"paragraph\">La pr\u00f3xima semana, <strong>del 6 al 10 de junio<\/strong>, el centro abrir\u00e1 sus puertas a toda la comunidad educativa para visitar el Aula-museo de la tortuga boba. Dicha iniciativa surge desde el <strong>Programa Cuidemos la Costa<\/strong> y ha sido llevada a cabo por todo el <strong>alumnado de Educaci\u00f3n Primaria<\/strong>.<br \/><br \/>El aula-museo estar\u00e1 <strong>abierto de lunes a viernes en horario de 12:00h. a 14:00h.<\/strong>, con una duraci\u00f3n por visita de apr\u00f3ximadamente <strong>30 minutos<\/strong>. <strong>Los pases de visita se realizar\u00e1n a las: 12:00h &#8211; 12:30h. &#8211; 13:00h. &#8211; 13:30h. <\/strong>Adem\u00e1s, tambi\u00e9n abrir\u00e1 el <strong>mi\u00e9rcoles 8 de junio de 16:00h. a 18:00h<\/strong>.<br \/><br \/>La apertura del aula tiene una <strong>raz\u00f3n solidaria<\/strong>, ayudar en el rescate y protecci\u00f3n de las especies marinas protegidas en la provincia de Almer\u00eda, pudiendo realizar un donativo que ser\u00e1 <strong>destinado a la ONG Equinac<\/strong> (<a href=\"http:\/\/www.equinac.org\/\">http:\/\/www.equinac.org\/<\/a>). Para agradecer vuestro donativo, el alumnado ha elaborado souvenirs de recuerdo de la visita al aula.<\/div><\/td><td class=\"wsite-multicol-col\"><div><div class=\"wsite-image wsite-image-border-none \"><a> <img decoding=\"async\" src=\"https:\/\/www.posidoniaceip.com\/uploads\/2\/0\/5\/6\/20562826\/8245511_2.jpg\" alt=\"Imagen\" \/> <\/a><div>\u00a0<\/div><\/div><\/div><\/td><\/tr><\/tbody><\/table><\/div><\/div><\/div><div><div class=\"wsite-image wsite-image-border-none \"><a> <img decoding=\"async\" class=\"aligncenter\" src=\"https:\/\/www.posidoniaceip.com\/uploads\/2\/0\/5\/6\/20562826\/4775840_2_orig.png\" alt=\"Imagen\" \/> <\/a><div>\u00a0<\/div><\/div><\/div><h6 class=\"wsite-content-title\" style=\"text-align: center\"><span style=\"color: #993300;font-size: 18pt\"><strong>CEREMONIA DE CLAUSURA DE LOS JUEGOS OL\u00cdMPICOS POSIDONIA<\/strong><\/span><\/h6><div class=\"paragraph\">Los cinco continentes han participado en estas Olimpiadas Escolares en el CEIP Posidonia en un ambiente agradable y demostrando sus cualidades en cada una de las pruebas. En este v\u00eddeo pod\u00e9is ver un resumen de la Ceremonia de Clausura de estos Juegos.<\/div>\t\t\t\t\t\t\t\t<\/div>\n\t\t\t\t<\/div>\n\t\t\t\t\t<\/div>\n\t\t<\/div>\n\t\t\t\t\t<\/div>\n\t\t<\/section>\n\t\t\t\t<section class=\"elementor-section elementor-top-section elementor-element elementor-element-5342469 elementor-section-boxed elementor-section-height-default elementor-section-height-default\" data-id=\"5342469\" data-element_type=\"section\">\n\t\t\t\t\t\t<div class=\"elementor-container elementor-column-gap-default\">\n\t\t\t\t\t<div class=\"elementor-column elementor-col-100 elementor-top-column elementor-element elementor-element-9578bbc\" data-id=\"9578bbc\" data-element_type=\"column\">\n\t\t\t<div class=\"elementor-widget-wrap elementor-element-populated\">\n\t\t\t\t\t\t<div class=\"elementor-element elementor-element-f863a52 elementor-widget elementor-widget-video\" data-id=\"f863a52\" data-element_type=\"widget\" data-settings=\"{&quot;video_type&quot;:&quot;vimeo&quot;}\" data-widget_type=\"video.default\">\n\t\t\t\t<div class=\"elementor-widget-container\">\n\t\t\t\t\t\t\t<div class=\"elementor-wrapper elementor-open-inline\">\n\t\t\t<iframe class=\"elementor-video-iframe\" allowfullscreen allow=\"clipboard-write\" title=\"Reproductor de v\u00eddeo vimeo\" src=\"https:\/\/player.vimeo.com\/video\/164992221?color&amp;autopause=0&amp;loop=0&amp;muted=0&amp;title=1&amp;portrait=1&amp;byline=1#t=\"><\/iframe>\t\t<\/div>\n\t\t\t\t\t\t<\/div>\n\t\t\t\t<\/div>\n\t\t\t\t\t<\/div>\n\t\t<\/div>\n\t\t\t\t\t<\/div>\n\t\t<\/section>\n\t\t\t\t<section class=\"elementor-section elementor-top-section elementor-element elementor-element-98e6ae3 elementor-section-boxed elementor-section-height-default elementor-section-height-default\" data-id=\"98e6ae3\" data-element_type=\"section\">\n\t\t\t\t\t\t<div class=\"elementor-container elementor-column-gap-default\">\n\t\t\t\t\t<div class=\"elementor-column elementor-col-100 elementor-top-column elementor-element elementor-element-f9c8b16\" data-id=\"f9c8b16\" data-element_type=\"column\">\n\t\t\t<div class=\"elementor-widget-wrap elementor-element-populated\">\n\t\t\t\t\t\t<div class=\"elementor-element elementor-element-0d6d0b1 elementor-widget elementor-widget-text-editor\" data-id=\"0d6d0b1\" data-element_type=\"widget\" data-widget_type=\"text-editor.default\">\n\t\t\t\t<div class=\"elementor-widget-container\">\n\t\t\t\t\t\t\t\t\t<div><div class=\"wsite-image wsite-image-border-none \"><a> <img decoding=\"async\" class=\"aligncenter\" src=\"https:\/\/www.posidoniaceip.com\/uploads\/2\/0\/5\/6\/20562826\/5755420_3_orig.png\" alt=\"Imagen\" \/> <\/a><div>\u00a0<\/div><\/div><\/div><h6 class=\"wsite-content-title\" style=\"text-align: center\"><span style=\"color: #993300;font-size: 18pt\"><strong>IV JORNADAS DE ANIMACI\u00d3N A LA LECTURA<\/strong><\/span><\/h6><div class=\"paragraph\">El 26 de abril de 2016 se celebraron las IV Jornadas de Animaci\u00f3n a la Lectura en\u00a0nuestro cole. En esta ocasi\u00f3n disfrutamos de 10 talleres la mar de entretenidos. Esperamos que disfrut\u00e9is del siguiente video del mismo modo que disfrutamos todos\/as los que pudimos asistir a estas fant\u00e1sticas Jornadas.<\/div>\t\t\t\t\t\t\t\t<\/div>\n\t\t\t\t<\/div>\n\t\t\t\t\t<\/div>\n\t\t<\/div>\n\t\t\t\t\t<\/div>\n\t\t<\/section>\n\t\t\t\t<section class=\"elementor-section elementor-top-section elementor-element elementor-element-fcf598e elementor-section-boxed elementor-section-height-default elementor-section-height-default\" data-id=\"fcf598e\" data-element_type=\"section\">\n\t\t\t\t\t\t<div class=\"elementor-container elementor-column-gap-default\">\n\t\t\t\t\t<div class=\"elementor-column elementor-col-100 elementor-top-column elementor-element elementor-element-e6c657c\" data-id=\"e6c657c\" data-element_type=\"column\">\n\t\t\t<div class=\"elementor-widget-wrap elementor-element-populated\">\n\t\t\t\t\t\t<div class=\"elementor-element elementor-element-3ac1ad9 elementor-widget elementor-widget-video\" data-id=\"3ac1ad9\" data-element_type=\"widget\" data-settings=\"{&quot;video_type&quot;:&quot;vimeo&quot;}\" data-widget_type=\"video.default\">\n\t\t\t\t<div class=\"elementor-widget-container\">\n\t\t\t\t\t\t\t<div class=\"elementor-wrapper elementor-open-inline\">\n\t\t\t<iframe class=\"elementor-video-iframe\" allowfullscreen allow=\"clipboard-write\" title=\"Reproductor de v\u00eddeo vimeo\" src=\"https:\/\/player.vimeo.com\/video\/164471633?color&amp;autopause=0&amp;loop=0&amp;muted=0&amp;title=1&amp;portrait=1&amp;byline=1#t=\"><\/iframe>\t\t<\/div>\n\t\t\t\t\t\t<\/div>\n\t\t\t\t<\/div>\n\t\t\t\t\t<\/div>\n\t\t<\/div>\n\t\t\t\t\t<\/div>\n\t\t<\/section>\n\t\t\t\t<section class=\"elementor-section elementor-top-section elementor-element elementor-element-31ba8a3 elementor-section-boxed elementor-section-height-default elementor-section-height-default\" data-id=\"31ba8a3\" data-element_type=\"section\">\n\t\t\t\t\t\t<div class=\"elementor-container elementor-column-gap-default\">\n\t\t\t\t\t<div class=\"elementor-column elementor-col-100 elementor-top-column elementor-element elementor-element-b780bae\" data-id=\"b780bae\" data-element_type=\"column\">\n\t\t\t<div class=\"elementor-widget-wrap elementor-element-populated\">\n\t\t\t\t\t\t<div class=\"elementor-element elementor-element-a681019 elementor-widget elementor-widget-text-editor\" data-id=\"a681019\" data-element_type=\"widget\" data-widget_type=\"text-editor.default\">\n\t\t\t\t<div class=\"elementor-widget-container\">\n\t\t\t\t\t\t\t\t\t<div><div class=\"wsite-image wsite-image-border-none \"><a> <img decoding=\"async\" class=\"aligncenter\" src=\"https:\/\/www.posidoniaceip.com\/uploads\/2\/0\/5\/6\/20562826\/2515618_2_orig.png\" alt=\"Imagen\" \/> <\/a><div>\u00a0<\/div><\/div><\/div><h6 class=\"wsite-content-title\" style=\"text-align: center\"><span style=\"font-size: 18pt;color: #993300\"><strong>JUNTA DE DELEGADOS Y DELEGADAS<\/strong><\/span><\/h6>\t\t\t\t\t\t\t\t<\/div>\n\t\t\t\t<\/div>\n\t\t\t\t\t<\/div>\n\t\t<\/div>\n\t\t\t\t\t<\/div>\n\t\t<\/section>\n\t\t\t\t<section class=\"elementor-section elementor-top-section elementor-element elementor-element-a7cd89c elementor-section-boxed elementor-section-height-default elementor-section-height-default\" data-id=\"a7cd89c\" data-element_type=\"section\">\n\t\t\t\t\t\t<div class=\"elementor-container elementor-column-gap-default\">\n\t\t\t\t\t<div class=\"elementor-column elementor-col-100 elementor-top-column elementor-element elementor-element-4842da9\" data-id=\"4842da9\" data-element_type=\"column\">\n\t\t\t<div class=\"elementor-widget-wrap elementor-element-populated\">\n\t\t\t\t\t\t<div class=\"elementor-element elementor-element-712d170 elementor-widget elementor-widget-video\" data-id=\"712d170\" data-element_type=\"widget\" data-settings=\"{&quot;video_type&quot;:&quot;vimeo&quot;}\" data-widget_type=\"video.default\">\n\t\t\t\t<div class=\"elementor-widget-container\">\n\t\t\t\t\t\t\t<div class=\"elementor-wrapper elementor-open-inline\">\n\t\t\t<iframe class=\"elementor-video-iframe\" allowfullscreen allow=\"clipboard-write\" title=\"Reproductor de v\u00eddeo vimeo\" src=\"https:\/\/player.vimeo.com\/video\/161985180?color&amp;autopause=0&amp;loop=0&amp;muted=0&amp;title=1&amp;portrait=1&amp;byline=1#t=\"><\/iframe>\t\t<\/div>\n\t\t\t\t\t\t<\/div>\n\t\t\t\t<\/div>\n\t\t\t\t\t<\/div>\n\t\t<\/div>\n\t\t\t\t\t<\/div>\n\t\t<\/section>\n\t\t\t\t<section class=\"elementor-section elementor-top-section elementor-element elementor-element-ee72460 elementor-section-boxed elementor-section-height-default elementor-section-height-default\" data-id=\"ee72460\" data-element_type=\"section\">\n\t\t\t\t\t\t<div class=\"elementor-container elementor-column-gap-default\">\n\t\t\t\t\t<div class=\"elementor-column elementor-col-100 elementor-top-column elementor-element elementor-element-e1b71d2\" data-id=\"e1b71d2\" data-element_type=\"column\">\n\t\t\t<div class=\"elementor-widget-wrap elementor-element-populated\">\n\t\t\t\t\t\t<div class=\"elementor-element elementor-element-1b8c55d elementor-widget elementor-widget-text-editor\" data-id=\"1b8c55d\" data-element_type=\"widget\" data-widget_type=\"text-editor.default\">\n\t\t\t\t<div class=\"elementor-widget-container\">\n\t\t\t\t\t\t\t\t\t<h6 class=\"wsite-content-title\" style=\"text-align: center\"><span style=\"font-size: 18pt;color: #993300\"><strong>V certamen escolar po\u00e9tico-pict\u00f3rico \u00absol de almer\u00eda\u00bb<\/strong><\/span><\/h6><p><a><img decoding=\"async\" class=\"galleryImageBorder wsite-image aligncenter\" src=\"https:\/\/www.posidoniaceip.com\/uploads\/2\/0\/5\/6\/20562826\/1783844_2.jpg\" alt=\"Picture\" \/><\/a><\/p><div class=\"paragraph\">El pasado d\u00eda 28 de marzo se procedi\u00f3 a dictar el fallo del <strong>V Certamen Escolar Po\u00e9tico-Pict\u00f3rico \u00abSol de Almer\u00eda\u00bb<\/strong>, en el que nuestro alumnado de Primaria particip\u00f3\u00a0muy activamente.<br \/>\u200bEn esta quinta edici\u00f3n, el certamen giraba en torno a una poes\u00eda y un dibujo del libro de poemas \u00abLa f\u00e1brica de disparates disparatados y otras historias\u00bb de la escritora Mar\u00eda del Mar Salda\u00f1a y el ilustrados Manuel Bernal, publicado en primera edici\u00f3n por el Instituto de Estudios Almerienses y en segunda edici\u00f3n por Editorial Soldesol.<br \/>\u200bAl comienzo de esta quinta edici\u00f3n solicitaron su participaci\u00f3n al certamen doce centros educativos de Almer\u00eda, habi\u00e9ndose ajustado a las bases y remitido las obras (unas 450) s\u00f3lo\u00a0seis de ellos, entre los que se encontraba nuestro centro.<br \/>\u200bAfortunadamente, <strong>un alumno y una alumna de nuestro centro han obtenido el tercer premio (Jos\u00e9 Antonio Molina Salas de 2\u00ba A) y un acc\u00e9sit (Marina Morillas Herrera de 2\u00ba A) en la categor\u00eda po\u00e9tica. <\/strong><br \/><br \/><strong>\u00a1Enhorabuena a los premiados!<\/strong><br \/><br \/>\u200bLa entrega de premios se realiz\u00f3 el pasado jueves 31 de marzo en la Sala Infantil de la Biblioteca P\u00fablica Provincial Francisco Villaespesa de Almer\u00eda, celebrando as\u00ed el D\u00eda Internacional del Libro Infantil y Juvenil (2 de abril). <strong>Las obras ganadoras del certamen estar\u00e1n expuestas en la Sala Infantil de la Biblioteca P\u00fablica Provincial Francisco Villaespesa de Almer\u00eda durante la semana del 31 de marzo al 8 de abril.<\/strong><\/div><hr \/><p><a><img decoding=\"async\" class=\"aligncenter\" src=\"https:\/\/www.posidoniaceip.com\/uploads\/2\/0\/5\/6\/20562826\/3790556_2_orig.png\" alt=\"Imagen\" \/> <\/a><\/p><div><div class=\"wsite-image wsite-image-border-none \"><div>\u00a0<\/div><\/div><\/div><h6 class=\"wsite-content-title\" style=\"text-align: center\"><span style=\"color: #993300;font-size: 18pt\"><strong>EL d\u00eda mundial de la concienciaci\u00f3n del autismo y las actividades del centro<\/strong><\/span><\/h6><div><div class=\"wsite-image wsite-image-border-none \"><a> <img decoding=\"async\" class=\"aligncenter\" src=\"https:\/\/www.posidoniaceip.com\/uploads\/2\/0\/5\/6\/20562826\/6804890_2.jpg\" alt=\"Picture\" \/> <\/a><\/div><\/div><div class=\"paragraph\">El d\u00eda<strong>\u00a02 de abril se celebra el d\u00eda del autismo<\/strong>. Por este motivo,\u00a0en el centro, hemos querido\u00a0poner nuestro granito de arena\u00a0realizando una serie de actividades\u00a0conmemorativas a nivel de aula. Igualmente, a nivel\u00a0de centro, todos\/as hemos realizado\u00a0una cadena humana en la que\u00a0los peque\u00f1os\/as se han ido pasando un testigo de mano en mano hasta llegar al aula TEA. Con la realizaci\u00f3n de este acto simb\u00f3lico queremos transmitir la uni\u00f3n y el compromiso de toda la comunidad educativa para seguir luchando\u00a0por la inclusi\u00f3n\u00a0de \u00abnuestros peque\u00f1os \u00e1ngeles\u00bb.<br \/><br \/>En este sentido y remando en la misma direcci\u00f3n,\u00a0la AMPA este a\u00f1o ha querido ayudar a recaudar fondos para nuestros queridos ni\u00f1@s del aula TEA vendiendo unas pulseras muy bonitas por el m\u00f3dico precio de 1\u20ac. Pod\u00e9is adquirirlas a trav\u00e9s de los miembros del AMPA, en el horario de oficina del lunes de 16:00-17:00 h.\u00a0y mi\u00e9rcoles y viernes de 9:00-10:00 h. Tambi\u00e9n se podr\u00e1n adquirir el lunes d\u00eda 4 a las 9:00 h.\u00a0en la puerta del cole, donde los miembros de la AMPA os las ofrecer\u00e1n,\u00a0y el d\u00eda 10 en la convivencia que se realizar\u00e1 en el cole.<br \/><br \/><strong>\u00a1\u00a1\u00a1Colabora!!!!<\/strong><\/div>\t\t\t\t\t\t\t\t<\/div>\n\t\t\t\t<\/div>\n\t\t\t\t\t<\/div>\n\t\t<\/div>\n\t\t\t\t\t<\/div>\n\t\t<\/section>\n\t\t\t\t<section class=\"elementor-section elementor-top-section elementor-element elementor-element-b62f13e elementor-section-boxed elementor-section-height-default elementor-section-height-default\" data-id=\"b62f13e\" data-element_type=\"section\">\n\t\t\t\t\t\t<div class=\"elementor-container elementor-column-gap-default\">\n\t\t\t\t\t<div class=\"elementor-column elementor-col-100 elementor-top-column elementor-element elementor-element-7aac261\" data-id=\"7aac261\" data-element_type=\"column\">\n\t\t\t<div class=\"elementor-widget-wrap elementor-element-populated\">\n\t\t\t\t\t\t<div class=\"elementor-element elementor-element-4f6855e elementor-widget elementor-widget-video\" data-id=\"4f6855e\" data-element_type=\"widget\" data-settings=\"{&quot;video_type&quot;:&quot;vimeo&quot;}\" data-widget_type=\"video.default\">\n\t\t\t\t<div class=\"elementor-widget-container\">\n\t\t\t\t\t\t\t<div class=\"elementor-wrapper elementor-open-inline\">\n\t\t\t<iframe class=\"elementor-video-iframe\" allowfullscreen allow=\"clipboard-write\" title=\"Reproductor de v\u00eddeo vimeo\" src=\"https:\/\/player.vimeo.com\/video\/161211532?color&amp;autopause=0&amp;loop=0&amp;muted=0&amp;title=1&amp;portrait=1&amp;byline=1#t=\"><\/iframe>\t\t<\/div>\n\t\t\t\t\t\t<\/div>\n\t\t\t\t<\/div>\n\t\t\t\t\t<\/div>\n\t\t<\/div>\n\t\t\t\t\t<\/div>\n\t\t<\/section>\n\t\t\t\t<section class=\"elementor-section elementor-top-section elementor-element elementor-element-6131a76 elementor-section-boxed elementor-section-height-default elementor-section-height-default\" data-id=\"6131a76\" data-element_type=\"section\">\n\t\t\t\t\t\t<div class=\"elementor-container elementor-column-gap-default\">\n\t\t\t\t\t<div class=\"elementor-column elementor-col-100 elementor-top-column elementor-element elementor-element-a1ffc9b\" data-id=\"a1ffc9b\" data-element_type=\"column\">\n\t\t\t<div class=\"elementor-widget-wrap elementor-element-populated\">\n\t\t\t\t\t\t<div class=\"elementor-element elementor-element-aac6dba elementor-widget elementor-widget-text-editor\" data-id=\"aac6dba\" data-element_type=\"widget\" data-widget_type=\"text-editor.default\">\n\t\t\t\t<div class=\"elementor-widget-container\">\n\t\t\t\t\t\t\t\t\t<div><div class=\"wsite-image wsite-image-border-none \"><a> <img decoding=\"async\" class=\"aligncenter\" src=\"https:\/\/www.posidoniaceip.com\/uploads\/2\/0\/5\/6\/20562826\/9252200_2_orig.png\" alt=\"Picture\" \/> <\/a><div>\u00a0<\/div><\/div><\/div><h6 class=\"wsite-content-title\" style=\"text-align: center\"><span style=\"color: #993300;font-size: 18pt\"><strong>EL OLIMPISMO EN LA ESCUELA LLEGA AL COLEGIO POSIDONIA<\/strong><\/span><\/h6><div class=\"paragraph\">El 17 de marzo tuvo lugar la <strong>Ceremonia de Inauguraci\u00f3n de los Juegos Ol\u00edmpicos <\/strong>en el Colegio Posidonia. El centro participa en el programa el Olimpismo en la Escuela 2016, cuyo objetivo es transmitir, divulgar e inculcar los valores del deporte y del ideario ol\u00edmpico entre los escolares.<br \/><br \/>\u200bEl programa introduce al alumnado en el mundo ol\u00edmpico mediante la recreaci\u00f3n de unos particulares Juegos en la escuela en los que, para su realizaci\u00f3n, deber\u00e1n ejercitar el verdadero esp\u00edritu ol\u00edmpico actuando en equipo, siendo justos, respetando al rival, cumpliendo las metas y participando todos juntos.\u00a0<\/div>\t\t\t\t\t\t\t\t<\/div>\n\t\t\t\t<\/div>\n\t\t\t\t\t<\/div>\n\t\t<\/div>\n\t\t\t\t\t<\/div>\n\t\t<\/section>\n\t\t\t\t<section class=\"elementor-section elementor-top-section elementor-element elementor-element-d9e1938 elementor-section-boxed elementor-section-height-default elementor-section-height-default\" data-id=\"d9e1938\" data-element_type=\"section\">\n\t\t\t\t\t\t<div class=\"elementor-container elementor-column-gap-default\">\n\t\t\t\t\t<div class=\"elementor-column elementor-col-100 elementor-top-column elementor-element elementor-element-5fa896b\" data-id=\"5fa896b\" data-element_type=\"column\">\n\t\t\t<div class=\"elementor-widget-wrap elementor-element-populated\">\n\t\t\t\t\t\t<div class=\"elementor-element elementor-element-e6c8934 elementor-widget elementor-widget-video\" data-id=\"e6c8934\" data-element_type=\"widget\" data-settings=\"{&quot;video_type&quot;:&quot;vimeo&quot;}\" data-widget_type=\"video.default\">\n\t\t\t\t<div class=\"elementor-widget-container\">\n\t\t\t\t\t\t\t<div class=\"elementor-wrapper elementor-open-inline\">\n\t\t\t<iframe class=\"elementor-video-iframe\" allowfullscreen allow=\"clipboard-write\" title=\"Reproductor de v\u00eddeo vimeo\" src=\"https:\/\/player.vimeo.com\/video\/159636326?color&amp;autopause=0&amp;loop=0&amp;muted=0&amp;title=1&amp;portrait=1&amp;byline=1#t=\"><\/iframe>\t\t<\/div>\n\t\t\t\t\t\t<\/div>\n\t\t\t\t<\/div>\n\t\t\t\t\t<\/div>\n\t\t<\/div>\n\t\t\t\t\t<\/div>\n\t\t<\/section>\n\t\t\t\t<section class=\"elementor-section elementor-top-section elementor-element elementor-element-212dc74 elementor-section-boxed elementor-section-height-default elementor-section-height-default\" data-id=\"212dc74\" data-element_type=\"section\">\n\t\t\t\t\t\t<div class=\"elementor-container elementor-column-gap-default\">\n\t\t\t\t\t<div class=\"elementor-column elementor-col-100 elementor-top-column elementor-element elementor-element-9faff57\" data-id=\"9faff57\" data-element_type=\"column\">\n\t\t\t<div class=\"elementor-widget-wrap elementor-element-populated\">\n\t\t\t\t\t\t<div class=\"elementor-element elementor-element-0864e32 elementor-widget elementor-widget-text-editor\" data-id=\"0864e32\" data-element_type=\"widget\" data-widget_type=\"text-editor.default\">\n\t\t\t\t<div class=\"elementor-widget-container\">\n\t\t\t\t\t\t\t\t\t<div><div class=\"wsite-image wsite-image-border-none \"><p><a> <img decoding=\"async\" class=\"aligncenter\" src=\"https:\/\/www.posidoniaceip.com\/uploads\/2\/0\/5\/6\/20562826\/7100996_2_orig.png\" alt=\"Cuadro\" \/> <\/a><\/p><div>\u00a0<\/div><\/div><\/div><h6 class=\"wsite-content-title\" style=\"text-align: center\"><span style=\"color: #993300;font-size: 18pt\"><strong>entrega de boletines de notas 2\u00aa evaluaci\u00f3n<\/strong><\/span><\/h6><div class=\"paragraph\"><p><strong>\u00a0\u00a0 El pr\u00f3ximo lunes d\u00eda 14<\/strong> se har\u00e1 la <strong>entrega de boletines de notas de la segunda evaluaci\u00f3n de 16:00 a 17:30 en las aulas<\/strong> de sus hijos\/as. Recordarles que para el buen funcionamiento de las mismas es preferible y si pueden acudan sin sus hijos\/as y en caso de venir sean responsables en todo momento de ellos\/as. En el Centro hay actividades y trabajo que en esas horas requieren de un clima adecuado para el mismo.<\/p><p>\u00a0\u00a0 Muchas gracias por su colaboraci\u00f3n.<\/p><p><strong>\u00a0\u00a0 Recordarles que las vacaciones de Semana Santa son del 21 al 25 de marzo, retomando las clases el lunes d\u00eda 28.<br \/><\/strong><\/p><\/div><div>\u00a0<\/div><div>\u00a0<\/div><div>\u00a0<\/div><div class=\"paragraph\"><h6 class=\"wsite-content-title\" style=\"text-align: center\"><span style=\"font-size: 18pt;color: #993300\"><strong>VISITA DE LAS ABUELAS AL CENTRO<\/strong><\/span><\/h6><p><strong><br \/><\/strong>Aqu\u00ed pod\u00e9is ver el v\u00eddeo realizado sobre la visita de las abuelas de algunos de los alumnos\/as a nuestro Centro:<\/p><\/div>\t\t\t\t\t\t\t\t<\/div>\n\t\t\t\t<\/div>\n\t\t\t\t\t<\/div>\n\t\t<\/div>\n\t\t\t\t\t<\/div>\n\t\t<\/section>\n\t\t\t\t<section class=\"elementor-section elementor-top-section elementor-element elementor-element-7d6c58c elementor-section-boxed elementor-section-height-default elementor-section-height-default\" data-id=\"7d6c58c\" data-element_type=\"section\">\n\t\t\t\t\t\t<div class=\"elementor-container elementor-column-gap-default\">\n\t\t\t\t\t<div class=\"elementor-column elementor-col-100 elementor-top-column elementor-element elementor-element-df5e8ad\" data-id=\"df5e8ad\" data-element_type=\"column\">\n\t\t\t<div class=\"elementor-widget-wrap elementor-element-populated\">\n\t\t\t\t\t\t<div class=\"elementor-element elementor-element-434cf9e elementor-widget elementor-widget-video\" data-id=\"434cf9e\" data-element_type=\"widget\" data-settings=\"{&quot;video_type&quot;:&quot;vimeo&quot;}\" data-widget_type=\"video.default\">\n\t\t\t\t<div class=\"elementor-widget-container\">\n\t\t\t\t\t\t\t<div class=\"elementor-wrapper elementor-open-inline\">\n\t\t\t<iframe class=\"elementor-video-iframe\" allowfullscreen allow=\"clipboard-write\" title=\"Reproductor de v\u00eddeo vimeo\" src=\"https:\/\/player.vimeo.com\/video\/158538183?color&amp;autopause=0&amp;loop=0&amp;muted=0&amp;title=1&amp;portrait=1&amp;byline=1#t=\"><\/iframe>\t\t<\/div>\n\t\t\t\t\t\t<\/div>\n\t\t\t\t<\/div>\n\t\t\t\t\t<\/div>\n\t\t<\/div>\n\t\t\t\t\t<\/div>\n\t\t<\/section>\n\t\t\t\t<section class=\"elementor-section elementor-top-section elementor-element elementor-element-bd84e48 elementor-section-boxed elementor-section-height-default elementor-section-height-default\" data-id=\"bd84e48\" data-element_type=\"section\">\n\t\t\t\t\t\t<div class=\"elementor-container elementor-column-gap-default\">\n\t\t\t\t\t<div class=\"elementor-column elementor-col-100 elementor-top-column elementor-element elementor-element-2ee0bd2\" data-id=\"2ee0bd2\" data-element_type=\"column\">\n\t\t\t<div class=\"elementor-widget-wrap elementor-element-populated\">\n\t\t\t\t\t\t<div class=\"elementor-element elementor-element-fc3919c elementor-widget elementor-widget-text-editor\" data-id=\"fc3919c\" data-element_type=\"widget\" data-widget_type=\"text-editor.default\">\n\t\t\t\t<div class=\"elementor-widget-container\">\n\t\t\t\t\t\t\t\t\t<div><div class=\"wsite-image wsite-image-border-none \"><p><a><img decoding=\"async\" class=\"aligncenter\" src=\"https:\/\/www.posidoniaceip.com\/uploads\/2\/0\/5\/6\/20562826\/1221702_2_orig.png\" alt=\"Imagen\" \/> <\/a><\/p><div>\u00a0<\/div><\/div><\/div><h6 class=\"wsite-content-title\" style=\"text-align: center\"><span style=\"color: #993300;font-size: 18pt\"><strong>ESCOLARIZACI\u00d3N CURSO 2016\/2017<\/strong><\/span><\/h6><div class=\"paragraph\"><p>\u00a0\u00a0 <strong>La Consejer\u00eda de Educaci\u00f3n convoca el procedimiento de admisi\u00f3n del alumnado en los centros docentes p\u00fablicos y privados concertados para cursar las ense\u00f1anzas de segundo ciclo de educaci\u00f3n infantil, educaci\u00f3n primaria, educaci\u00f3n especial, educaci\u00f3n secundaria obligatoria y bachillerato para el curso escolar 2016\/17.<br \/>\u00a0\u00a0 <\/strong>\u00a0Durante todo el mes de <strong>marzo<\/strong> permanecer\u00e1 abierto en Andaluc\u00eda el plazo para la presentaci\u00f3n de solicitudes de admisi\u00f3n correspondientes al curso escolar 2016\/17 en la red de centros sostenidos con fondos p\u00fablicos. Se inicia de este modo el proceso de escolarizaci\u00f3n en el que participan todos los ni\u00f1os y ni\u00f1as que se incorporan por primera vez al sistema educativo, tanto en centros p\u00fablicos como privados concertados, as\u00ed como el alumnado que cambie de centro escolar. El calendario es el siguiente:<\/p><p>-Presentaci\u00f3n de solicitudes de admisi\u00f3n*: del <strong>01<\/strong> al <strong>31 de marzo de 2016.<\/strong><\/p><p><strong>&#8211;<\/strong>Relaci\u00f3n baremada del alumnado solicitante: del <strong>04<\/strong> al <strong>11 de abril de 2016.<\/strong><\/p><p><strong>&#8211;<\/strong>Tr\u00e1mite de audiencia: <strong>diez d\u00edas lectivos a partir de la fecha 12 de abril de 2016. D\u00edas lectivos a partir del 12 de abril de 2016.<\/strong><\/p><p><strong>&#8211;<\/strong>Sorteo p\u00fablico para dirimir empates: <strong>10 de mayo de 2016.<\/strong><\/p><p><strong>&#8211;<\/strong>Publicaci\u00f3n de la Resoluci\u00f3n de adjudicaci\u00f3n del procedimiento de admisi\u00f3n: <strong>12 de mayo de 2016.<\/strong><\/p><p><strong>&#8211;<\/strong>Publicaci\u00f3n de la Resoluci\u00f3n de adjudicaci\u00f3n de plaza del alumnado no admitido en el centro docente elegido como prioritario (reubicaci\u00f3n): <strong>20 de mayo de 2016.<\/strong><\/p><p><strong>&#8211;<\/strong>Reclamaciones\/recursos de alzada: del <strong>21 de mayo<\/strong> al <strong>20 de junio de 2016.<\/strong><\/p><p><strong>&#8211;<\/strong>Plazo de matriculaci\u00f3n de todo el alumnado admitido*: del <strong>01<\/strong> al <strong>08 de junio de 2016.<br \/>Cuando el alumnado admitido en el Centro no formalice su matriculaci\u00f3n en este plazo se entender\u00e1 que renuncia al puesto escolar conseguido.<\/strong><\/p><p>*Pueden descargarse la solicitud de admisi\u00f3n en<strong> SECRETAR\u00cdA VIRTUAL <\/strong>de esta p\u00e1gina web.<br \/>*Si tiene intenci\u00f3n de solicitar: <strong>Aula Matinal, Comedor Escolar o Actividades Extraescolares<\/strong> debe hacerlo tambi\u00e9n entre el 1 y el 8 de junio, presentando JUNTO A LA SOLICITUD, la documentaci\u00f3n justificada que considere pertinente: certificado laboral con el horario, IAE o licencia de apertura y declaraci\u00f3n responsable del horario, certificado del centro de acogida, etc. NO SE ADMITIR\u00c1 NINGUNA DOCUMENTACI\u00d3N QUE NO ACOMPA\u00d1E A LA SOLICITUD O QUE SE PRETENDA ENTREGAR TRANSCURRIDO EL PLAZO DE PRESENTACI\u00d3N.<\/p><p>&gt;Para las dietas especiales deben presentar obligatoriamente un certificado m\u00e9dico.<br \/>&gt;<strong>ATENCI\u00d3N<\/strong>: con objeto de proporcionar la respuesta educativa adecuada, atendiendo al T\u00edtulo III \u00abEquidad en la Educaci\u00f3n\u00bb, secci\u00f3n 1\u00aa, art\u00edculo 5 de la Ley de Educaci\u00f3n, aquellos padres, madres o tutores legales que consideren que su hijo o hija pueda tener necesidad de recursos educativos especiales, deben comunicarlo en el centro en el momento de presentar la solicitud de admisi\u00f3n.<\/p><p><strong><u>HORARIO DE SECRETAR\u00cdA DURANTE EL PERIODO DE ADMISI\u00d3N<\/u>: de lunes a jueves de 9:00 h. a 11:15 h. y viernes de 11:15 h. a 14:00 h.<\/strong><\/p><\/div>\t\t\t\t\t\t\t\t<\/div>\n\t\t\t\t<\/div>\n\t\t\t\t\t<\/div>\n\t\t<\/div>\n\t\t\t\t\t<\/div>\n\t\t<\/section>\n\t\t\t\t<section class=\"elementor-section elementor-top-section elementor-element elementor-element-fee53d0 elementor-section-boxed elementor-section-height-default elementor-section-height-default\" data-id=\"fee53d0\" data-element_type=\"section\">\n\t\t\t\t\t\t<div class=\"elementor-container elementor-column-gap-default\">\n\t\t\t\t\t<div class=\"elementor-column elementor-col-100 elementor-top-column elementor-element elementor-element-db5033a\" data-id=\"db5033a\" data-element_type=\"column\">\n\t\t\t<div class=\"elementor-widget-wrap elementor-element-populated\">\n\t\t\t\t\t\t<div class=\"elementor-element elementor-element-4e435f4 elementor-widget elementor-widget-text-editor\" data-id=\"4e435f4\" data-element_type=\"widget\" data-widget_type=\"text-editor.default\">\n\t\t\t\t<div class=\"elementor-widget-container\">\n\t\t\t\t\t\t\t\t\t<div><div class=\"wsite-image wsite-image-border-none \"><a> <img decoding=\"async\" class=\"aligncenter\" src=\"https:\/\/www.posidoniaceip.com\/uploads\/2\/0\/5\/6\/20562826\/9467684_2_orig.png\" alt=\"Imagen\" \/> <\/a><div>\u00a0<\/div><\/div><\/div><h6 class=\"wsite-content-title\" style=\"text-align: center\"><span style=\"color: #993300;font-size: 18pt\"><strong>D\u00cdA DE ANDALUC\u00cdA<\/strong><\/span><\/h6><div class=\"paragraph\">\u00a0\u00a0 El pasado jueves d\u00eda 26 celebramos en nuestro centro el d\u00eda de Andaluc\u00eda como se merece: desayuno andaluz\u00a0a cargo de\u00a0la AMPA, actividades a nivel de centro y a nivel de aulas, izado de nuestra bandera andaluza\u00a0a la vez que sonaba el himno de Andaluc\u00eda,&#8230;<br \/><br \/>\u00a0\u00a0 Os dejamos un v\u00eddeo-resumen de todo lo acontecido en este d\u00eda tan especial. Esperamos que lo disfrut\u00e9is.<br \/><br \/><strong>\u00a0\u00a1Viva Andaluc\u00eda!<\/strong><br \/><br \/><strong>\u00a0\u00a0 Recordamos que las clases se reanudar\u00e1n el pr\u00f3ximo mi\u00e9rcoles d\u00eda 2 de marzo.<\/strong><\/div>\t\t\t\t\t\t\t\t<\/div>\n\t\t\t\t<\/div>\n\t\t\t\t\t<\/div>\n\t\t<\/div>\n\t\t\t\t\t<\/div>\n\t\t<\/section>\n\t\t\t\t<section class=\"elementor-section elementor-top-section elementor-element elementor-element-a805758 elementor-section-boxed elementor-section-height-default elementor-section-height-default\" data-id=\"a805758\" data-element_type=\"section\">\n\t\t\t\t\t\t<div class=\"elementor-container elementor-column-gap-default\">\n\t\t\t\t\t<div class=\"elementor-column elementor-col-100 elementor-top-column elementor-element elementor-element-5cf1c27\" data-id=\"5cf1c27\" data-element_type=\"column\">\n\t\t\t<div class=\"elementor-widget-wrap elementor-element-populated\">\n\t\t\t\t\t\t<div class=\"elementor-element elementor-element-8dc43b5 elementor-widget elementor-widget-video\" data-id=\"8dc43b5\" data-element_type=\"widget\" data-settings=\"{&quot;youtube_url&quot;:&quot;https:\\\/\\\/youtu.be\\\/AMza_u_NVWg&quot;,&quot;video_type&quot;:&quot;youtube&quot;,&quot;controls&quot;:&quot;yes&quot;}\" data-widget_type=\"video.default\">\n\t\t\t\t<div class=\"elementor-widget-container\">\n\t\t\t\t\t\t\t<div class=\"elementor-wrapper elementor-open-inline\">\n\t\t\t<div class=\"elementor-video\"><\/div>\t\t<\/div>\n\t\t\t\t\t\t<\/div>\n\t\t\t\t<\/div>\n\t\t\t\t\t<\/div>\n\t\t<\/div>\n\t\t\t\t\t<\/div>\n\t\t<\/section>\n\t\t\t\t<section class=\"elementor-section elementor-top-section elementor-element elementor-element-c7d793e elementor-section-boxed elementor-section-height-default elementor-section-height-default\" data-id=\"c7d793e\" data-element_type=\"section\">\n\t\t\t\t\t\t<div class=\"elementor-container elementor-column-gap-default\">\n\t\t\t\t\t<div class=\"elementor-column elementor-col-100 elementor-top-column elementor-element elementor-element-ff46b59\" data-id=\"ff46b59\" data-element_type=\"column\">\n\t\t\t<div class=\"elementor-widget-wrap elementor-element-populated\">\n\t\t\t\t\t\t<div class=\"elementor-element elementor-element-ef269c1 elementor-widget elementor-widget-text-editor\" data-id=\"ef269c1\" data-element_type=\"widget\" data-widget_type=\"text-editor.default\">\n\t\t\t\t<div class=\"elementor-widget-container\">\n\t\t\t\t\t\t\t\t\t<div><div class=\"wsite-image wsite-image-border-none \"><a> <img decoding=\"async\" class=\"aligncenter\" src=\"https:\/\/www.posidoniaceip.com\/uploads\/2\/0\/5\/6\/20562826\/6147373_2_orig.png\" alt=\"Imagen\" \/> <\/a><div>\u00a0<\/div><\/div><\/div><h6 class=\"wsite-content-title\" style=\"text-align: center\"><span style=\"color: #993300;font-size: 18pt\"><strong>30 de enero: d\u00eda internacional de la paz<\/strong><\/span><\/h6><div class=\"paragraph\">\u00a0 \u00a0Hoy hemos celebrado en el cole el D\u00eda de la Paz. A primera hora de la ma\u00f1ana nos hemos concentrado en el patio de Primaria con un globo blanco cada ni\u00f1o y ni\u00f1a. El alumnado de 3\u00ba ha\u00a0le\u00eddo\u00a0un manifiesto sobre la Paz y, tras\u00a0escuchar una canci\u00f3n alusiva al tema, hemos hecho nuestra \u00abparticular traca de globos\u00bb, explotando todos a la vez pidiendo que nuestro mundo trabaje en una sola senda&#8230; y no es otra que la que marca la tolerancia y la solidaridad. Despu\u00e9s hemos abierto nuestro mercadillo solidario, donde el dinero recaudado lo donaremos al Banco de Alimentos. En el tabl\u00f3n del colegio se expondr\u00e1 el resguardo del ingreso hecho.<br \/>El AMPA, durante la ma\u00f1ana, ha preparado bolsas de palomitas con la pegatina de la paz que han repartido a todo nuestro alumnado&#8230;En la galer\u00eda de im\u00e1genes pod\u00e9is ver todas las fotos.<br \/><br \/><span style=\"font-size: 12pt\"><strong>Hoy que estamos todos reunidos os queremos contar,<br \/>que podemos hacer muchas cosas para el mundo cambiar.<br \/><br \/>Una de esas cosas queremos hoy reivindicar,<br \/>pues todos ser\u00edamos felices si existiera la PAZ.<br \/><br \/>Los ni\u00f1os del Posidonia sabemos que la violencia est\u00e1 mal,<br \/>por eso pedimos al mundo que haya PAZ.<br \/><br \/>\u00a1Fuera guerras!, \u00a1viva la PAZ!<br \/>\u00a1Este es el mensaje que queremos dar!<\/strong><\/span><\/div><div><div class=\"wsite-image wsite-image-border-none \"><a> <img decoding=\"async\" class=\"aligncenter\" src=\"https:\/\/www.posidoniaceip.com\/uploads\/2\/0\/5\/6\/20562826\/8637388_2_orig.png\" alt=\"Imagen\" \/> <\/a><div>\u00a0<\/div><\/div><\/div><h6 class=\"wsite-content-title\" style=\"text-align: center\"><span style=\"color: #993300;font-size: 18pt\"><strong>COMIENZO DEL SEGUNDO TRIMESTRE<\/strong><\/span><\/h6><div class=\"paragraph\">\u00a0 \u00a0Desde el CEIP Posidonia os damos la<strong> bienvenida<\/strong> a toda la comunidad educativa a este <strong>segundo trimestre<\/strong>,<br \/><br \/>\u00a0 \u00a0Y comenzamos con la convocatoria de <strong>una reuni\u00f3n de tutor\u00eda que tendr\u00e1 lugar el pr\u00f3ximo lunes 18 a las 16:00 h. en el aula de su hijo\/a<\/strong>. Dicha reuni\u00f3n servir\u00e1 para tratar temas relacionados con la metodolog\u00eda de trabajo de aula, organizaci\u00f3n y funcionamiento del Centro as\u00ed como aquello que sea necesario y espec\u00edfico a tratar por parte del tutor\/a del grupo. Para ello rogamos su implicaci\u00f3n y la asistencia a la misma considerando que es una propuesta de mejora para beneficio de sus hijos\/as. Para aquellas familias con m\u00e1s de un hijo\/a en el Centro, dado el cambio normativo en Primaria se aconseja acudan a dicha tutor\u00eda.<br \/><br \/>\u00a0 \u00a0Igualmente, en la galer\u00eda de im\u00e1genes pueden ver las <strong>fotos del festival de Navidad<\/strong>. Adem\u00e1s, en la Secretar\u00eda Virtual pueden encontrar el <strong>documento<\/strong> necesario para<strong> solicitar cita al tutor\/a para poder asistir a tutor\u00eda<\/strong>.<\/div><div><div class=\"wsite-image wsite-image-border-none \"><a> <img decoding=\"async\" class=\"aligncenter\" src=\"https:\/\/www.posidoniaceip.com\/uploads\/2\/0\/5\/6\/20562826\/6386832_2_orig.png\" alt=\"Imagen\" \/> <\/a><div>\u00a0<\/div><\/div><\/div><h6 class=\"wsite-content-title\" style=\"text-align: center\"><span id=\"selectionBoundary_1450341774212_6920387744903564\"><\/span><span style=\"color: #993300;font-size: 18pt\"><strong>FELICITACI\u00d3N NAVIDE\u00d1A<\/strong><\/span><\/h6><div class=\"paragraph\">\u00a0 \u00a0Desde el CEIP Posidonia en Roquetas de Mar os deseamos toda la comunidad educativa Felices Fiestas y que siempre compart\u00e1is la aventura de la vida.\u00a0<br \/><strong><span style=\"color: #da4444\">\u00a0 \u00a0 \u00a0 \u00a0 \u00a0 \u00a0 \u00a0 \u00a0 \u00a0 \u00a0 \u00a0 \u00a0 \u00a0 \u00a0 \u00a0 \u00a0 \u00a0 \u00a0 \u00a0 \u00a0 \u00a0 \u00a0 \u00a0 \u00a0 \u00a0 \u00a0 \u00a0 \u00a0 \u00a0 \u00a0 \u00a0 \u00a0 \u00a0 \u00a0 \u00a0 \u00a0 \u00a0\u00a1Feliz Navidad y feliz a\u00f1o 2016!<\/span><\/strong><\/div>\t\t\t\t\t\t\t\t<\/div>\n\t\t\t\t<\/div>\n\t\t\t\t\t<\/div>\n\t\t<\/div>\n\t\t\t\t\t<\/div>\n\t\t<\/section>\n\t\t\t\t<section class=\"elementor-section elementor-top-section elementor-element elementor-element-7626363 elementor-section-boxed elementor-section-height-default elementor-section-height-default\" data-id=\"7626363\" data-element_type=\"section\">\n\t\t\t\t\t\t<div class=\"elementor-container elementor-column-gap-default\">\n\t\t\t\t\t<div class=\"elementor-column elementor-col-100 elementor-top-column elementor-element elementor-element-01a4776\" data-id=\"01a4776\" data-element_type=\"column\">\n\t\t\t<div class=\"elementor-widget-wrap elementor-element-populated\">\n\t\t\t\t\t\t<div class=\"elementor-element elementor-element-cafc684 elementor-widget elementor-widget-video\" data-id=\"cafc684\" data-element_type=\"widget\" data-settings=\"{&quot;video_type&quot;:&quot;vimeo&quot;}\" data-widget_type=\"video.default\">\n\t\t\t\t<div class=\"elementor-widget-container\">\n\t\t\t\t\t\t\t<div class=\"elementor-wrapper elementor-open-inline\">\n\t\t\t<iframe class=\"elementor-video-iframe\" allowfullscreen allow=\"clipboard-write\" title=\"Reproductor de v\u00eddeo vimeo\" src=\"https:\/\/player.vimeo.com\/video\/149194587?color&amp;autopause=0&amp;loop=0&amp;muted=0&amp;title=1&amp;portrait=1&amp;byline=1#t=\"><\/iframe>\t\t<\/div>\n\t\t\t\t\t\t<\/div>\n\t\t\t\t<\/div>\n\t\t\t\t\t<\/div>\n\t\t<\/div>\n\t\t\t\t\t<\/div>\n\t\t<\/section>\n\t\t\t\t<section class=\"elementor-section elementor-top-section elementor-element elementor-element-41ff905 elementor-section-boxed elementor-section-height-default elementor-section-height-default\" data-id=\"41ff905\" data-element_type=\"section\">\n\t\t\t\t\t\t<div class=\"elementor-container elementor-column-gap-default\">\n\t\t\t\t\t<div class=\"elementor-column elementor-col-100 elementor-top-column elementor-element elementor-element-b38099d\" data-id=\"b38099d\" data-element_type=\"column\">\n\t\t\t<div class=\"elementor-widget-wrap elementor-element-populated\">\n\t\t\t\t\t\t<div class=\"elementor-element elementor-element-2b5d21a elementor-widget elementor-widget-text-editor\" data-id=\"2b5d21a\" data-element_type=\"widget\" data-widget_type=\"text-editor.default\">\n\t\t\t\t<div class=\"elementor-widget-container\">\n\t\t\t\t\t\t\t\t\t<h2><a><img decoding=\"async\" class=\"aligncenter\" src=\"https:\/\/www.posidoniaceip.com\/uploads\/2\/0\/5\/6\/20562826\/4753330_2_orig.png\" alt=\"Imagen\" \/><\/a><\/h2><h6 class=\"wsite-content-title\" style=\"text-align: center\"><span style=\"color: #993300;font-size: 18pt\"><strong>la navidad en nuestro cole<\/strong><\/span><\/h6><div class=\"paragraph\"><br \/><ul><li>Desde primeros de mes se puede visitar el Bel\u00e9n que realiz\u00f3 el AMPA de nuestro cole con mucha dedicaci\u00f3n y cari\u00f1o. Les qued\u00f3 precioso y muy original, como se puede ver en la imagen que mostramos. <strong>\u00a1Todav\u00eda est\u00e1is a tiempo de poder visitarlo!<\/strong><\/li><li>Ma\u00f1ana acaba la \u00aboperaci\u00f3n kilo\u00bb, puesta en marcha por la Cofrad\u00eda Ntra. Sra. de los Dolores de Roquetas de Mar en colaboraci\u00f3n con C\u00e1ritas Parroquiales Virgen del Rosario. Piden \u00fanicamente la generosidad de todos\/as nosotros\/as, aportando un kilo de cualquier alimento no perecedero (aceite, az\u00facar, alimentos infantiles, productos de higiene y aseo personal, pastas, legumbres,&#8230;). <strong>\u00a1Todav\u00eda estamos a tiempo de colaborar!<\/strong><\/li><li>D\u00edas 21 y 22: el pr\u00f3ximo<strong> lunes 21<\/strong> se proceder\u00e1 a la entrega de notas del primer trimestre. El horario ser\u00e1 de 16:00 a 17:30 h. en las aulas de sus hijos\/as. Se recuerda que para gestionar un buen funcionamiento y dada la importancia del momento, procuren acudir sin ni\u00f1os\/as y, en caso de hacerlo, recuerden que est\u00e1n bajo su responsabilidad y deber\u00e1n evitar juegos, ruidos y ni\u00f1os\/as solos por pasillos y dem\u00e1s estancias. El <strong>martes 22 <\/strong>se celebrar\u00e1, como cada a\u00f1o, nuestra fiesta de Navidad, que ser\u00e1 compartida con ustedes. El festival se celebrar\u00e1 en el patio de Primaria sobre las 10:30 h. Como otros a\u00f1os, el alumnado se preparar\u00e1 y se abrir\u00e1 la puerta de acceso al patio de las actividades extraescolares a la hora mencionada para que accedan las familias. Les recordamos que se acotar\u00e1 el recinto y rogamos se respeten las normas establecidas. Ese d\u00eda el horario ser\u00e1 el habitual para el alumnado con entrada a las 9:00 horas y salida a las 14:00 h. El Aula Matinal y Comedor seguir\u00e1n con su horario habitual. El festival es s\u00f3lo una parte de las actividades programadas para ese d\u00eda.<\/li><\/ul><br \/><strong>\u00a0\u00a0 Les deseamos un buen final de trimestre as\u00ed como unas felices fiestas y A\u00f1o Nuevo en compa\u00f1\u00eda de los suyos.<\/strong><br \/><br \/><strong>\u00a0\u00a0 Las clases se reanudar\u00e1n el pr\u00f3ximo d\u00eda 7 de enero jueves.<\/strong><\/div><div><div class=\"wsite-image wsite-image-border-none \"><a> <img decoding=\"async\" src=\"https:\/\/www.posidoniaceip.com\/uploads\/2\/0\/5\/6\/20562826\/1185492_2_orig.jpg\" alt=\"Imagen\" \/> <\/a><div>\u00a0<\/div><\/div><\/div><div><div class=\"wsite-image wsite-image-border-none \"><a> <img decoding=\"async\" class=\"aligncenter\" src=\"https:\/\/www.posidoniaceip.com\/uploads\/2\/0\/5\/6\/20562826\/9905760_2_orig.png\" alt=\"Imagen\" \/> <\/a><div>\u00a0<\/div><\/div><\/div><h6 class=\"wsite-content-title\" style=\"text-align: center\"><span style=\"color: #993300;font-size: 18pt\"><strong>APERTURA DE LA CL\u00cdNICA DE FISIOTERAPIA POSIDONIA<\/strong><\/span><\/h6><div><div class=\"wsite-multicol\"><div class=\"wsite-multicol-table-wrap\"><table class=\"wsite-multicol-table\"><tbody class=\"wsite-multicol-tbody\"><tr class=\"wsite-multicol-tr\"><td class=\"wsite-multicol-col\"><div class=\"paragraph\" style=\"text-align: left\">El alumnado de 3\u00ba de Educaci\u00f3n Primaria, tras un periodo de formaci\u00f3n y organizaci\u00f3n, tiene el\u00a0placer de <strong>invitarles a su cl\u00ednica de fisioterapia \u201cCl\u00ednica Posidonia\u201d, <\/strong>en la que cuentan con tres\u00a0salas de masaje dedicadas a la espalda, las manos y la cara.\u00a0<br \/>El <strong>jueves 17 y viernes 18<\/strong> de diciembre los alumnos y alumnas de 3\u00ba A y 3\u00ba B prestar\u00e1n sus\u00a0servicios de forma totalmente gratuita ofreciendo sesiones de masaje relajante en el siguiente\u00a0horario:\u00a0<\/div><\/td><td class=\"wsite-multicol-col\"><div><div class=\"wsite-image wsite-image-border-border-width:0 \"><a> <img decoding=\"async\" src=\"https:\/\/www.posidoniaceip.com\/uploads\/2\/0\/5\/6\/20562826\/1449937733_2.png\" alt=\"Imagen\" \/> <\/a><div>\u00a0<\/div><\/div><\/div><\/td><\/tr><\/tbody><\/table><\/div><\/div><\/div><div class=\"paragraph\">JUEVES 17: \u00a0de 9:45 \u00a0a 11:15 y de 12:00 a 12:30<br \/>VIERNES 18:\u00a0de 9:45 \u00a0a 11:15 y de 12:00 a 12:30<\/div><div class=\"paragraph\">La sesi\u00f3n de masaje incluye las tres salas y tiene una duraci\u00f3n aproximada de 15 minutos.\u00a0Os agradecemos que confirmen su asistencia a la salida del colegio (14:00h) el lunes, martes o\u00a0mi\u00e9rcoles a las maestras Eugenia o Marta.<br \/>Esperamos su visita.<\/div><div><div class=\"wsite-image wsite-image-border-none \"><a> <img decoding=\"async\" class=\"aligncenter\" src=\"https:\/\/www.posidoniaceip.com\/uploads\/2\/0\/5\/6\/20562826\/4753330_2_orig.png\" alt=\"Imagen\" \/> <\/a><div>\u00a0<\/div><\/div><\/div><h6 class=\"wsite-content-title\" style=\"text-align: center\"><span style=\"color: #993300;font-size: 18pt\"><strong>d\u00eda de la constituci\u00f3n espa\u00f1ola<\/strong><\/span><\/h6><div class=\"paragraph\">\u00a0\u00a0 El pasado d\u00eda 3 de diciembre conmemoramos en nuestro cole, con una serie de actividades alusivas,\u00a0que el pr\u00f3ximo d\u00eda 6\u00a0hace ya 37 a\u00f1os que se ratific\u00f3 nuestra Carta Magna.<br \/>\u200b\u00a0\u00a0 Es fundamental recordar este gran d\u00eda, el cual supuso un antes y un despu\u00e9s para los derechos y libertades de todos los espa\u00f1oles. En este sentido, desde\u00a0el momento en que fue ratificada nuestra Constituci\u00f3n, se determin\u00f3 la norma suprema del ordenamiento jur\u00eddico del Reino de Espa\u00f1a, a la que est\u00e1n sujetos los poderes p\u00fablicos y los ciudadanos de Espa\u00f1a, en vigor desde el 29 de diciembre de 1978.<\/div>\t\t\t\t\t\t\t\t<\/div>\n\t\t\t\t<\/div>\n\t\t\t\t\t<\/div>\n\t\t<\/div>\n\t\t\t\t\t<\/div>\n\t\t<\/section>\n\t\t\t\t<section class=\"elementor-section elementor-top-section elementor-element elementor-element-2fc2502 elementor-section-boxed elementor-section-height-default elementor-section-height-default\" data-id=\"2fc2502\" data-element_type=\"section\">\n\t\t\t\t\t\t<div class=\"elementor-container elementor-column-gap-default\">\n\t\t\t\t\t<div class=\"elementor-column elementor-col-33 elementor-top-column elementor-element elementor-element-765b7c1\" data-id=\"765b7c1\" data-element_type=\"column\">\n\t\t\t<div class=\"elementor-widget-wrap elementor-element-populated\">\n\t\t\t\t\t\t<div class=\"elementor-element elementor-element-a2b537d elementor-widget elementor-widget-text-editor\" data-id=\"a2b537d\" data-element_type=\"widget\" data-widget_type=\"text-editor.default\">\n\t\t\t\t<div class=\"elementor-widget-container\">\n\t\t\t\t\t\t\t\t\t<p><img decoding=\"async\" src=\"https:\/\/www.posidoniaceip.com\/uploads\/2\/0\/5\/6\/20562826\/9982402_2_orig.jpeg\" \/><\/p>\t\t\t\t\t\t\t\t<\/div>\n\t\t\t\t<\/div>\n\t\t\t\t\t<\/div>\n\t\t<\/div>\n\t\t\t\t<div class=\"elementor-column elementor-col-33 elementor-top-column elementor-element elementor-element-3a74cd8\" data-id=\"3a74cd8\" data-element_type=\"column\">\n\t\t\t<div class=\"elementor-widget-wrap elementor-element-populated\">\n\t\t\t\t\t\t<div class=\"elementor-element elementor-element-215450e elementor-widget elementor-widget-text-editor\" data-id=\"215450e\" data-element_type=\"widget\" data-widget_type=\"text-editor.default\">\n\t\t\t\t<div class=\"elementor-widget-container\">\n\t\t\t\t\t\t\t\t\t<p><img decoding=\"async\" class=\"aligncenter\" src=\"https:\/\/www.posidoniaceip.com\/uploads\/2\/0\/5\/6\/20562826\/3463980_2_orig.jpeg\" width=\"181\" height=\"242\" \/><\/p>\t\t\t\t\t\t\t\t<\/div>\n\t\t\t\t<\/div>\n\t\t\t\t\t<\/div>\n\t\t<\/div>\n\t\t\t\t<div class=\"elementor-column elementor-col-33 elementor-top-column elementor-element elementor-element-28df014\" data-id=\"28df014\" data-element_type=\"column\">\n\t\t\t<div class=\"elementor-widget-wrap elementor-element-populated\">\n\t\t\t\t\t\t<div class=\"elementor-element elementor-element-62841c8 elementor-widget elementor-widget-text-editor\" data-id=\"62841c8\" data-element_type=\"widget\" data-widget_type=\"text-editor.default\">\n\t\t\t\t<div class=\"elementor-widget-container\">\n\t\t\t\t\t\t\t\t\t<p><img decoding=\"async\" src=\"https:\/\/www.posidoniaceip.com\/uploads\/2\/0\/5\/6\/20562826\/2070211_2_orig.jpeg\" \/><\/p>\t\t\t\t\t\t\t\t<\/div>\n\t\t\t\t<\/div>\n\t\t\t\t\t<\/div>\n\t\t<\/div>\n\t\t\t\t\t<\/div>\n\t\t<\/section>\n\t\t\t\t<section class=\"elementor-section elementor-top-section elementor-element elementor-element-ad13a8c elementor-section-boxed elementor-section-height-default elementor-section-height-default\" data-id=\"ad13a8c\" data-element_type=\"section\">\n\t\t\t\t\t\t<div class=\"elementor-container elementor-column-gap-default\">\n\t\t\t\t\t<div class=\"elementor-column elementor-col-100 elementor-top-column elementor-element elementor-element-d5515da\" data-id=\"d5515da\" data-element_type=\"column\">\n\t\t\t<div class=\"elementor-widget-wrap elementor-element-populated\">\n\t\t\t\t\t\t<div class=\"elementor-element elementor-element-81e3c75 elementor-widget elementor-widget-text-editor\" data-id=\"81e3c75\" data-element_type=\"widget\" data-widget_type=\"text-editor.default\">\n\t\t\t\t<div class=\"elementor-widget-container\">\n\t\t\t\t\t\t\t\t\t<div><div class=\"wsite-image wsite-image-border-none \"><a> <img decoding=\"async\" class=\"aligncenter\" src=\"https:\/\/www.posidoniaceip.com\/uploads\/2\/0\/5\/6\/20562826\/8691073_2_orig.png\" alt=\"Imagen\" \/> <\/a><div>\u00a0<\/div><\/div><\/div><h6 class=\"wsite-content-title\" style=\"text-align: center\"><span style=\"font-size: 18pt;color: #993300\"><strong>d\u00eda internacional contra la violencia de g\u00e9nero<\/strong><\/span><\/h6><div class=\"paragraph\">Hoy d\u00eda 25 de noviembre, como cada ma\u00f1ana, nos hemos levantado con la seguridad que da el sentirnos queridos, la posibilidad de recibir una caricia, la certeza de una palabra de \u00e1nimo, una sonrisa, un beso&#8230;pero hoy tambi\u00e9n no podemos dejar de solidarizarnos con aquellas mujeres que no hablan por miedo, que solo reciben insultos, humillaciones f\u00edsicas o ps\u00edquicas, hoy toca decir ya no&#8230;.es hora de cambiar.\u00a0<br \/>En el CEIP Posidonia todos mostramos <strong>tolerancia cero a la violencia de g\u00e9nero y a la violencia en general<\/strong>. La cara positiva de las manos nos permiten darnos abrazos, acariciarnos o dar una palmadita en la espalda cuando m\u00e1s se necesita.\u00a0<br \/>Basta ya.<\/div>\t\t\t\t\t\t\t\t<\/div>\n\t\t\t\t<\/div>\n\t\t\t\t\t<\/div>\n\t\t<\/div>\n\t\t\t\t\t<\/div>\n\t\t<\/section>\n\t\t\t\t<section class=\"elementor-section elementor-top-section elementor-element elementor-element-1b36b93 elementor-section-boxed elementor-section-height-default elementor-section-height-default\" data-id=\"1b36b93\" data-element_type=\"section\">\n\t\t\t\t\t\t<div class=\"elementor-container elementor-column-gap-default\">\n\t\t\t\t\t<div class=\"elementor-column elementor-col-100 elementor-top-column elementor-element elementor-element-7678b83\" data-id=\"7678b83\" data-element_type=\"column\">\n\t\t\t<div class=\"elementor-widget-wrap elementor-element-populated\">\n\t\t\t\t\t\t<div class=\"elementor-element elementor-element-e0c7d81 elementor-widget elementor-widget-video\" data-id=\"e0c7d81\" data-element_type=\"widget\" data-settings=\"{&quot;video_type&quot;:&quot;vimeo&quot;}\" data-widget_type=\"video.default\">\n\t\t\t\t<div class=\"elementor-widget-container\">\n\t\t\t\t\t\t\t<div class=\"elementor-wrapper elementor-open-inline\">\n\t\t\t<iframe class=\"elementor-video-iframe\" allowfullscreen allow=\"clipboard-write\" title=\"Reproductor de v\u00eddeo vimeo\" src=\"https:\/\/player.vimeo.com\/video\/146924996?color&amp;autopause=0&amp;loop=0&amp;muted=0&amp;title=1&amp;portrait=1&amp;byline=1#t=\"><\/iframe>\t\t<\/div>\n\t\t\t\t\t\t<\/div>\n\t\t\t\t<\/div>\n\t\t\t\t\t<\/div>\n\t\t<\/div>\n\t\t\t\t\t<\/div>\n\t\t<\/section>\n\t\t\t\t<section class=\"elementor-section elementor-top-section elementor-element elementor-element-086e914 elementor-section-boxed elementor-section-height-default elementor-section-height-default\" data-id=\"086e914\" data-element_type=\"section\">\n\t\t\t\t\t\t<div class=\"elementor-container elementor-column-gap-default\">\n\t\t\t\t\t<div class=\"elementor-column elementor-col-100 elementor-top-column elementor-element elementor-element-f1599f5\" data-id=\"f1599f5\" data-element_type=\"column\">\n\t\t\t<div class=\"elementor-widget-wrap elementor-element-populated\">\n\t\t\t\t\t\t<div class=\"elementor-element elementor-element-89da79f elementor-widget elementor-widget-text-editor\" data-id=\"89da79f\" data-element_type=\"widget\" data-widget_type=\"text-editor.default\">\n\t\t\t\t<div class=\"elementor-widget-container\">\n\t\t\t\t\t\t\t\t\t<h2><a><img decoding=\"async\" class=\"aligncenter\" src=\"https:\/\/www.posidoniaceip.com\/uploads\/2\/0\/5\/6\/20562826\/8622694_2_orig.png\" alt=\"Imagen\" \/><\/a><\/h2><h6 class=\"wsite-content-title\" style=\"text-align: center\"><span style=\"color: #993300;font-size: 18pt\"><strong>d\u00eda internacional de la infancia<\/strong><\/span><\/h6><div class=\"paragraph\">El\u00a0<strong>D\u00eda Internacional de la Infancia, que se celebra todos los a\u00f1os el 20 de noviembre<\/strong>, es un d\u00eda dedicado a todos los ni\u00f1os y ni\u00f1as del mundo.<br \/><strong>El objetivo del D\u00eda Internacional de la Infancia es recordar a la ciudadan\u00eda\u00a0<\/strong>que los ni\u00f1os\/as son el colectivo m\u00e1s vulnerable y por tanto que m\u00e1s sufre las crisis y los problemas del mundo.\u00a0Este d\u00eda mundial recuerda que\u00a0<strong>todos los ni\u00f1os\/as tienen derecho a la salud, la educaci\u00f3n y la protecci\u00f3n<\/strong>, independientemente del lugar del mundo en el que hayan nacido.<br \/>Dedicar un d\u00eda internacional a la infancia tambi\u00e9n sirve para hacer un llamamiento mundial sobre las necesidades de los m\u00e1s peque\u00f1os\/as y para reconocer la labor de las personas que cada d\u00eda trabajan para que los\u00a0<strong>ni\u00f1os y ni\u00f1as tengan un futuro mejor<\/strong>.<br \/>El pasado viernes se realizaron diversas actividades en\u00a0nuestro centro con los peque\u00f1os\/as\u00a0para que conocieran sus derechos.<br \/>Desde\u00a0el<strong> CEIP Posidonia<\/strong>\u00a0queremos colaborar a que los ni\u00f1os\/as tengan una infancia mejor y queremos felicitar a todos los ni\u00f1os\/as del mundo por ser ni\u00f1os\/as.<\/div><div><div class=\"wsite-image wsite-image-border-none \"><a> <img decoding=\"async\" src=\"https:\/\/www.posidoniaceip.com\/uploads\/2\/0\/5\/6\/20562826\/7791699_2_orig.jpg\" alt=\"Imagen\" \/> <\/a><div>\u00a0<\/div><\/div><\/div><div><div class=\"wsite-image wsite-image-border-none \"><a> <img decoding=\"async\" class=\"aligncenter\" src=\"https:\/\/www.posidoniaceip.com\/uploads\/2\/0\/5\/6\/20562826\/8622694_2_orig.png\" alt=\"Imagen\" \/> <\/a><div>\u00a0<\/div><\/div><\/div><h6 class=\"wsite-content-title\" style=\"text-align: center\"><span style=\"color: #993300;font-size: 18pt\"><strong>D\u00cdA DEL FLAMENCO CURSO 2015\/16<\/strong><\/span><\/h6><div class=\"paragraph\">\u200bEl lunes, 16 de noviembre de 2015 celebramos el d\u00eda del flamenco. En esta ocasi\u00f3n, desde el \u00e1rea de m\u00fasica, se prepararon varias canciones con diferentes estilos flamencos; folklore andaluz, tangos, alegr\u00edas y buler\u00edas. Despu\u00e9s del recreo, nos reunimos en el patio del colegio para escuchar al grupo \u00abCuadro flamenco\u00bb, formado por maestros\/as y alumnado de 2\u00ba y 3\u00ba de Primaria. Antes de la celebraci\u00f3n, guardamos un minuto de silencio por las v\u00edctimas del terrorismo de los atentados sucedidos en Par\u00eds el 13 de noviembre.<br \/>\u200b<br \/>\u00a1Disfrutad del video flamenco tal y como nosotros disfrutamos ese d\u00eda vi\u00e9ndolos en directo!<\/div>\t\t\t\t\t\t\t\t<\/div>\n\t\t\t\t<\/div>\n\t\t\t\t\t<\/div>\n\t\t<\/div>\n\t\t\t\t\t<\/div>\n\t\t<\/section>\n\t\t\t\t<section class=\"elementor-section elementor-top-section elementor-element elementor-element-ad5b788 elementor-section-boxed elementor-section-height-default elementor-section-height-default\" data-id=\"ad5b788\" data-element_type=\"section\">\n\t\t\t\t\t\t<div class=\"elementor-container elementor-column-gap-default\">\n\t\t\t\t\t<div class=\"elementor-column elementor-col-100 elementor-top-column elementor-element elementor-element-861993d\" data-id=\"861993d\" data-element_type=\"column\">\n\t\t\t<div class=\"elementor-widget-wrap elementor-element-populated\">\n\t\t\t\t\t\t<div class=\"elementor-element elementor-element-9091ce4 elementor-widget elementor-widget-video\" data-id=\"9091ce4\" data-element_type=\"widget\" data-settings=\"{&quot;video_type&quot;:&quot;vimeo&quot;}\" data-widget_type=\"video.default\">\n\t\t\t\t<div class=\"elementor-widget-container\">\n\t\t\t\t\t\t\t<div class=\"elementor-wrapper elementor-open-inline\">\n\t\t\t<iframe class=\"elementor-video-iframe\" allowfullscreen allow=\"clipboard-write\" title=\"Reproductor de v\u00eddeo vimeo\" src=\"https:\/\/player.vimeo.com\/video\/146157696?color&amp;autopause=0&amp;loop=0&amp;muted=0&amp;title=1&amp;portrait=1&amp;byline=1#t=\"><\/iframe>\t\t<\/div>\n\t\t\t\t\t\t<\/div>\n\t\t\t\t<\/div>\n\t\t\t\t\t<\/div>\n\t\t<\/div>\n\t\t\t\t\t<\/div>\n\t\t<\/section>\n\t\t\t\t<section class=\"elementor-section elementor-top-section elementor-element elementor-element-efa2d19 elementor-section-boxed elementor-section-height-default elementor-section-height-default\" data-id=\"efa2d19\" data-element_type=\"section\">\n\t\t\t\t\t\t<div class=\"elementor-container elementor-column-gap-default\">\n\t\t\t\t\t<div class=\"elementor-column elementor-col-100 elementor-top-column elementor-element elementor-element-5adca80\" data-id=\"5adca80\" data-element_type=\"column\">\n\t\t\t<div class=\"elementor-widget-wrap elementor-element-populated\">\n\t\t\t\t\t\t<div class=\"elementor-element elementor-element-910c68a elementor-widget elementor-widget-text-editor\" data-id=\"910c68a\" data-element_type=\"widget\" data-widget_type=\"text-editor.default\">\n\t\t\t\t<div class=\"elementor-widget-container\">\n\t\t\t\t\t\t\t\t\t<div><div class=\"wsite-image wsite-image-border-none \"><a> <img decoding=\"async\" class=\"aligncenter\" src=\"https:\/\/www.posidoniaceip.com\/uploads\/2\/0\/5\/6\/20562826\/441861_2_orig.png\" alt=\"Imagen\" \/> <\/a><div>\u00a0<\/div><\/div><\/div><h6 class=\"wsite-content-title\" style=\"text-align: center\"><span style=\"font-size: 18pt;color: #993300\"><strong>JUNTOS CON M\u00d3NICA. STOP AL S\u00cdNDROME DE LEIGH<\/strong><\/span><\/h6><p><a><img decoding=\"async\" class=\"galleryImageBorder wsite-image aligncenter\" src=\"https:\/\/www.posidoniaceip.com\/uploads\/2\/0\/5\/6\/20562826\/2719468_2.jpg\" alt=\"Imagen\" \/><\/a><\/p><div class=\"paragraph\">\u00a0 \u00a0Desde hace algunos d\u00edas, en la entrada de nuestro cole se instal\u00f3 un punto de recogida de tapones para ayudar a la peque\u00f1a M\u00f3nica, de tan s\u00f3lo 3 a\u00f1os, residente en Almer\u00eda, que sufre la enfermedad denominada \u00abs\u00edndrome de Leigh\u00bb.<br \/><br \/>\u00a0 \u00a0La citada recogida de tapones tiene como finalidad recoger fondos para destinarlos a la investigaci\u00f3n de la enfermedad que sufre la peque\u00f1a M\u00f3nica.<br \/><br \/>\u00a0 \u00a0\u00a1Un poquito de cada uno puede ayudar mucho a la peque\u00f1a M\u00f3nica!<br \/><br \/>\u00a0 \u00a0\u00a1No dej\u00e9is de depositar tapones en el punto de recogida situado en la entrada del cole!<\/div><div>\u00a0<\/div><div class=\"paragraph\"><strong>\u00a1Ayudemos a M\u00f3nica!<\/strong><\/div><hr \/><div><div class=\"wsite-image wsite-image-border-none \"><a> <img decoding=\"async\" class=\"aligncenter\" src=\"https:\/\/www.posidoniaceip.com\/uploads\/2\/0\/5\/6\/20562826\/692602_2_orig.png\" alt=\"Imagen\" \/> <\/a><div>\u00a0<\/div><\/div><\/div><h6 class=\"wsite-content-title\" style=\"text-align: center\"><span style=\"color: #993300;font-size: 18pt\"><strong>halloween 2015<\/strong><\/span><\/h6><div class=\"paragraph\">El pasado viernes d\u00eda 30 de octubre nuestro cole sirvi\u00f3 de guarida para infinidad de\u00a0seres de ultratumba, enterradores, muertos vivientes, fantasmas, viudas negras, demonios,&#8230; \u00a1Fue algo espeluznante! \u00a1Los gritos se escuchaban desde muy lejos! \u00a1Terror\u00edfico! Hay quien dice que los vieron jugar a juegos del m\u00e1s all\u00e1 y\u00a0otros dicen que incluso les contaron cuentos a los m\u00e1s peque\u00f1os\/as. No nos creeremos nada, o s\u00ed, quien sabe lo que pudo pasar el pasado viernes en nuestro cole&#8230;<br \/>Quiz\u00e1 el siguiente video ayude a entenderlo todo.\u200b<\/div>\t\t\t\t\t\t\t\t<\/div>\n\t\t\t\t<\/div>\n\t\t\t\t\t<\/div>\n\t\t<\/div>\n\t\t\t\t\t<\/div>\n\t\t<\/section>\n\t\t\t\t<section class=\"elementor-section elementor-top-section elementor-element elementor-element-2ba0819 elementor-section-boxed elementor-section-height-default elementor-section-height-default\" data-id=\"2ba0819\" data-element_type=\"section\">\n\t\t\t\t\t\t<div class=\"elementor-container elementor-column-gap-default\">\n\t\t\t\t\t<div class=\"elementor-column elementor-col-100 elementor-top-column elementor-element elementor-element-60e0c48\" data-id=\"60e0c48\" data-element_type=\"column\">\n\t\t\t<div class=\"elementor-widget-wrap elementor-element-populated\">\n\t\t\t\t\t\t<div class=\"elementor-element elementor-element-0dd90da elementor-widget elementor-widget-video\" data-id=\"0dd90da\" data-element_type=\"widget\" data-settings=\"{&quot;video_type&quot;:&quot;vimeo&quot;}\" data-widget_type=\"video.default\">\n\t\t\t\t<div class=\"elementor-widget-container\">\n\t\t\t\t\t\t\t<div class=\"elementor-wrapper elementor-open-inline\">\n\t\t\t<iframe class=\"elementor-video-iframe\" allowfullscreen allow=\"clipboard-write\" title=\"Reproductor de v\u00eddeo youtube\" src=\"https:\/\/www.youtube.com\/embed\/i04MMyiwkiI?feature=oembed&amp;color&amp;autopause=0&amp;loop=0&amp;muted=0&amp;title=1&amp;portrait=1&amp;byline=1\"><\/iframe>\t\t<\/div>\n\t\t\t\t\t\t<\/div>\n\t\t\t\t<\/div>\n\t\t\t\t\t<\/div>\n\t\t<\/div>\n\t\t\t\t\t<\/div>\n\t\t<\/section>\n\t\t\t\t<section class=\"elementor-section elementor-top-section elementor-element elementor-element-03e1e55 elementor-section-boxed elementor-section-height-default elementor-section-height-default\" data-id=\"03e1e55\" data-element_type=\"section\">\n\t\t\t\t\t\t<div class=\"elementor-container elementor-column-gap-default\">\n\t\t\t\t\t<div class=\"elementor-column elementor-col-100 elementor-top-column elementor-element elementor-element-3cd327f\" data-id=\"3cd327f\" data-element_type=\"column\">\n\t\t\t<div class=\"elementor-widget-wrap elementor-element-populated\">\n\t\t\t\t\t\t<div class=\"elementor-element elementor-element-d11b720 elementor-widget elementor-widget-text-editor\" data-id=\"d11b720\" data-element_type=\"widget\" data-widget_type=\"text-editor.default\">\n\t\t\t\t<div class=\"elementor-widget-container\">\n\t\t\t\t\t\t\t\t\t<div><div class=\"wsite-image wsite-image-border-none \"><a> <img decoding=\"async\" class=\"aligncenter\" src=\"https:\/\/www.posidoniaceip.com\/uploads\/2\/0\/5\/6\/20562826\/7988035_2_orig.png\" alt=\"Imagen\" \/> <\/a><div>\u00a0<\/div><\/div><\/div><h6 class=\"wsite-content-title\" style=\"text-align: center\"><span style=\"color: #993300;font-size: 18pt\"><strong>\u00a1\u00a1LLEGA HALLOWEEN!! UHHHHH \u00a1QU\u00c9 SUSTO!<\/strong><\/span><\/h6><div class=\"paragraph\"><strong>El pr\u00f3ximo 30 de octubre<\/strong> anticipamos Halloween en el colegio y los maestros y maestras nos ponemos en contacto con ustedes para comunicarles varias actividades que vamos a realizar.<br \/>La primera es una exposici\u00f3n voluntaria de <strong>calabazas decoradas<\/strong>, dado que es un alimento perecedero, comenzar\u00e1 el <strong>mi\u00e9rcoles 28 hasta el viernes 30<\/strong>, el viernes la pueden recoger (en caso de no hacerlo se tirar\u00e1n a la basura por salubridad).<br \/>En Infantil los tutores y tutoras les informar\u00e1n respecto a los disfraces. En Primaria el disfraz es libre seg\u00fan consideren.\u200b\u200b<br \/><strong>\u00a0\u00a1Feliz Halloween!<\/strong><br \/><br \/><strong>Recordamos que no habr\u00e1 clase ni el lunes d\u00eda 2 ni el martes d\u00eda 3 por ser festivo por Todos los Santos y por ser no lectivo, respectivamente, por lo que retomaremos las clases el mi\u00e9rcoles d\u00eda 4 de noviembre.<\/strong>\u200b\u200b<\/div><hr \/><p><a><img decoding=\"async\" class=\"aligncenter\" src=\"https:\/\/www.posidoniaceip.com\/uploads\/2\/0\/5\/6\/20562826\/6277063_2_orig.png\" alt=\"Imagen\" \/> <\/a><\/p><div><div class=\"wsite-image wsite-image-border-none \"><div>\u00a0<\/div><\/div><\/div><h6 class=\"wsite-content-title\" style=\"text-align: center\"><span style=\"color: #3a96b8\"><strong><span style=\"font-size: 18pt;color: #993300\">reuni\u00f3n INFORMATIVA DE INICIO DE CURSO<\/span><br \/><\/strong><\/span><\/h6><p><a><img decoding=\"async\" class=\"galleryImageBorder wsite-image aligncenter\" src=\"https:\/\/www.posidoniaceip.com\/uploads\/2\/0\/5\/6\/20562826\/1443082950_2.png\" alt=\"Imagen\" \/><\/a><\/p><div class=\"paragraph\">Comenzando el curso escolar es momento de hacer las primeras reuniones informativas con los tutores y tutoras de sus hijos\/as. Por este motivo se comunica el calendario, lugar y hora de la reuni\u00f3n informativa de inicio de curso.<br \/>Dada la importancia de la misma confiamos en su asistencia, pero tambi\u00e9n se ruega que se acuda a la misma, a ser posible, sin ni\u00f1os\/as, para as\u00ed asegurar una correcta comunicaci\u00f3n y efectividad de la misma en toda la informaci\u00f3n que el tutor\/a facilite sobre el funcionamiento del aula, l\u00edneas de actuaci\u00f3n, organizaci\u00f3n y dem\u00e1s asuntos de su inter\u00e9s.<br \/>La reuni\u00f3n comenzar\u00e1 a la hora asignada en el sal\u00f3n de usos m\u00faltiples para presentaci\u00f3n de equipo docente, pasando despu\u00e9s a las aulas respectivas con los tutores\/as. Rogamos por ello puntualidad.<br \/><br \/><strong>D\u00eda 28 de septiembre (lunes):<br \/>\u00a0\u00a0\u00a0 * Primero de Primaria a las 16:00 h.<br \/>\u00a0\u00a0\u00a0 * Segundo y Tercero de Primaria a las 16:30 h.<br \/><br \/>D\u00eda 5 de octubre (lunes):<br \/>\u00a0\u00a0\u00a0 * Infantil 3 a\u00f1os a las 16:00 h.<br \/>\u00a0\u00a0\u00a0 * Infantil 4 a\u00f1os a las 16:15 h.<br \/>\u00a0\u00a0\u00a0 * Infantil 5 a\u00f1os a las 16:30 h.<\/strong><\/div><hr \/><div><div class=\"wsite-image wsite-image-border-none \"><a> <img decoding=\"async\" class=\"aligncenter\" src=\"https:\/\/www.posidoniaceip.com\/uploads\/2\/0\/5\/6\/20562826\/7375200_2_orig.png\" alt=\"Imagen\" \/> <\/a><div>\u00a0<\/div><\/div><\/div><h6 class=\"wsite-content-title\" style=\"text-align: center\"><span style=\"color: #993300;font-size: 18pt\"><strong>CENTRO SOLIDARIO<\/strong><\/span><\/h6><div><div class=\"wsite-multicol\"><div class=\"wsite-multicol-table-wrap\"><table class=\"wsite-multicol-table\"><tbody class=\"wsite-multicol-tbody\"><tr class=\"wsite-multicol-tr\"><td class=\"wsite-multicol-col\"><div><div class=\"wsite-image wsite-image-border-none \"><a> <img decoding=\"async\" src=\"https:\/\/www.posidoniaceip.com\/uploads\/2\/0\/5\/6\/20562826\/3675916_2_orig.jpg\" alt=\"Imagen\" \/> <\/a><div>\u00a0<\/div><\/div><\/div><\/td><td class=\"wsite-multicol-col\"><div class=\"paragraph\">Somos Centro Solidario <strong>gracias a la colaboraci\u00f3n familiar.<\/strong> Desde el Colegio Posidonia queremos agradecer a las familias del alumnado su aportaci\u00f3n econ\u00f3mica durante la representaci\u00f3n de la obra \u00abAnal\u00edo y Colas\u00edn se van de pesca\u00bb.\u00a0<br \/><br \/>En el mes de junio del pasado curso escolar 2014\/15, el alumnado de 2\u00ba de Primaria represent\u00f3 este cuento en un teatro en negro para recaudar fondos y poder <strong>ayudar a las v\u00edctimas del reciente terremoto ocurrido en Nepal.<\/strong> El ingreso del dinero recaudado (354,30 \u20ac) se don\u00f3 a la ONG \u00abSave the children\u00bb la cu\u00e1l agradece vuestra ayuda.<\/div><\/td><\/tr><\/tbody><\/table><\/div><\/div><\/div><div><div class=\"wsite-image wsite-image-border-none \"><a> <img decoding=\"async\" class=\"aligncenter\" src=\"https:\/\/www.posidoniaceip.com\/uploads\/2\/0\/5\/6\/20562826\/3671820_2_orig.png\" alt=\"Imagen\" \/> <\/a><div>\u00a0<\/div><\/div><\/div><h6 class=\"wsite-content-title\" style=\"text-align: center\"><span style=\"font-size: 18pt;color: #993300\"><strong>VUELTA AL COLE<\/strong><\/span><\/h6><div class=\"paragraph\" style=\"text-align: center\">El <strong>curso 2015\/2016<\/strong> comienza con muchas ganas e ilusi\u00f3n y la esperanza de poder poner nuestro granito de arena para ayudar a la formaci\u00f3n integral del alumnado que asiste a nuestro Centro.<br \/><br \/>Por medio de esta v\u00eda tambi\u00e9n queremos dar la bienvenida a toda la Comunidad Educativa que forma parte del mismo, deseando que el curso que empieza venga cargado de nuevos aprendizajes y vivencias para tod@s.<br \/><strong><span style=\"color: #508d24;font-size: large\">\u00a1Bienvenidos!<\/span><\/strong><\/div><hr \/><div><div class=\"wsite-image wsite-image-border-none \"><a> <img decoding=\"async\" class=\"aligncenter\" src=\"https:\/\/www.posidoniaceip.com\/uploads\/2\/0\/5\/6\/20562826\/5023091_2.png\" alt=\"Imagen\" \/> <\/a><\/div><\/div>\t\t\t\t\t\t\t\t<\/div>\n\t\t\t\t<\/div>\n\t\t\t\t\t<\/div>\n\t\t<\/div>\n\t\t\t\t\t<\/div>\n\t\t<\/section>\n\t\t\t\t<\/div>\n\t\t","protected":false},"excerpt":{"rendered":"<p>A continuaci\u00f3n puedes leer las noticias m\u00e1s importantes del curso 2015\/16. Aparecer\u00e1n en orden descendente desde la m\u00e1s reciente a la m\u00e1s antigua. APERTURA DEL AULA MUSEO DE LA TORTUGA BOBA La pr\u00f3xima semana, del 6 al 10 de junio, el centro abrir\u00e1 sus puertas a toda la comunidad educativa para visitar el Aula-museo de la tortuga boba. Dicha iniciativa surge desde el Programa Cuidemos la Costa y ha sido llevada a cabo por todo el alumnado de Educaci\u00f3n Primaria. El aula-museo estar\u00e1 abierto de lunes a viernes en horario de 12:00h. a 14:00h., con una duraci\u00f3n por visita de apr\u00f3ximadamente 30 minutos. Los pases de visita se realizar\u00e1n a las: 12:00h &#8211; 12:30h. &#8211; 13:00h. &#8211; 13:30h. Adem\u00e1s, tambi\u00e9n abrir\u00e1 el mi\u00e9rcoles 8 de junio de 16:00h. a 18:00h. La apertura del aula tiene una raz\u00f3n solidaria, ayudar en el rescate y protecci\u00f3n de las especies marinas protegidas en la provincia de Almer\u00eda, pudiendo realizar un donativo que ser\u00e1 destinado a la ONG Equinac (http:\/\/www.equinac.org\/). Para agradecer vuestro donativo, el alumnado ha elaborado souvenirs de recuerdo de la visita al aula. &nbsp; &nbsp; CEREMONIA DE CLAUSURA DE LOS JUEGOS OL\u00cdMPICOS POSIDONIA Los cinco continentes han participado en estas Olimpiadas&#46;&#46;&#46;<\/p>\n","protected":false},"author":3608,"featured_media":0,"parent":2459,"menu_order":2,"comment_status":"closed","ping_status":"closed","template":"","meta":{"ngg_post_thumbnail":0,"footnotes":"","_mc_calendar":[]},"aioseo_notices":[],"_links":{"self":[{"href":"https:\/\/blogsaverroes.juntadeandalucia.es\/ceipposidonia\/wp-json\/wp\/v2\/pages\/2962"}],"collection":[{"href":"https:\/\/blogsaverroes.juntadeandalucia.es\/ceipposidonia\/wp-json\/wp\/v2\/pages"}],"about":[{"href":"https:\/\/blogsaverroes.juntadeandalucia.es\/ceipposidonia\/wp-json\/wp\/v2\/types\/page"}],"author":[{"embeddable":true,"href":"https:\/\/blogsaverroes.juntadeandalucia.es\/ceipposidonia\/wp-json\/wp\/v2\/users\/3608"}],"replies":[{"embeddable":true,"href":"https:\/\/blogsaverroes.juntadeandalucia.es\/ceipposidonia\/wp-json\/wp\/v2\/comments?post=2962"}],"version-history":[{"count":3,"href":"https:\/\/blogsaverroes.juntadeandalucia.es\/ceipposidonia\/wp-json\/wp\/v2\/pages\/2962\/revisions"}],"predecessor-version":[{"id":2967,"href":"https:\/\/blogsaverroes.juntadeandalucia.es\/ceipposidonia\/wp-json\/wp\/v2\/pages\/2962\/revisions\/2967"}],"up":[{"embeddable":true,"href":"https:\/\/blogsaverroes.juntadeandalucia.es\/ceipposidonia\/wp-json\/wp\/v2\/pages\/2459"}],"wp:attachment":[{"href":"https:\/\/blogsaverroes.juntadeandalucia.es\/ceipposidonia\/wp-json\/wp\/v2\/media?parent=2962"}],"curies":[{"name":"wp","href":"https:\/\/api.w.org\/{rel}","templated":true}]}}