{"id":57,"date":"2020-03-14T23:20:15","date_gmt":"2020-03-14T22:20:15","guid":{"rendered":"https:\/\/ceipprincipefelipe.net\/portal\/?page_id=57"},"modified":"2024-01-28T20:25:00","modified_gmt":"2024-01-28T19:25:00","slug":"impresos","status":"publish","type":"page","link":"https:\/\/blogsaverroes.juntadeandalucia.es\/ceipprincipefelipemotril\/impresos\/","title":{"rendered":"Impresos"},"content":{"rendered":"\r\n<ul>\r\n<li><a href=\"https:\/\/drive.google.com\/file\/d\/1uhB6mHyfYzN-wEujgEjzB-RAcez7Ftlt\/view?usp=drive_link\"><strong>Anexo IV<\/strong> <strong>Impreso de matr\u00edcula<\/strong><\/a> para Segundo Ciclo de Educaci\u00f3n Infantil.<\/li>\r\n<li><a href=\"https:\/\/drive.google.com\/file\/d\/1dhWpIpVnRofKuwG9MzLKGOVhWUzhfRsk\/view?usp=drive_link\"><strong>Anexo V<\/strong> <strong>Impreso de matr\u00edcula<\/strong><\/a> para Educaci\u00f3n Primaria.<\/li>\r\n<li><a href=\"https:\/\/drive.google.com\/file\/d\/1tP0d_KfnA9V6vuomeXavqU-XcJimY5Oz\/view?usp=drive_link\"><strong>Anexo II<\/strong> <strong>Solicitud de inscripci\u00f3n<\/strong><\/a> en los servicios de <strong>aula matinal<\/strong>, <strong>comedor escolar<\/strong> y <strong>actividades extraescolares<\/strong>.<\/li>\r\n<li><a href=\"https:\/\/drive.google.com\/file\/d\/1JqSle-sZuVyYysDEws8QA5rX9HOVa7gC\/view?usp=drive_link\"><strong>Anexo V<\/strong> <strong>Solicitud bonificaci\u00f3n<\/strong><\/a> del precio p\u00fablico por los servicios de <strong>aula matinal<\/strong>,<strong> comedor escolar<\/strong> y <strong>actividades extraescolares<\/strong>.<\/li>\r\n<li><strong>S<\/strong><a href=\"https:\/\/drive.google.com\/file\/d\/1cvafGXapIM1ZJ1SQovPb1aEqQPvYuS5u\/view?usp=drive_link\"><strong>olicitud<\/strong> para cursar la ense\u00f1anza de <strong>Religi\u00f3n<\/strong><\/a> en Educaci\u00f3n <strong>Primaria <\/strong>e<strong> Infantil o Alternativa: Valores Sociales y C\u00edvicos<\/strong><\/li>\r\n<\/ul>\r\n\r\n\r\n\r\n<p class=\"has-vivid-purple-color has-text-color\"><strong><em>Otros documentos:<\/em><\/strong><\/p>\r\n\r\n\r\n\r\n<ul>\r\n<li><a href=\"https:\/\/drive.google.com\/file\/d\/1x-3nA74cXdkht79IQC0rrZ6ObiXNW4U8\/view?usp=drive_link\" target=\"_blank\" rel=\"noreferrer noopener\" aria-label=\" (se abre en una nueva pesta\u00f1a)\">Recogida de alumnado del comedor<\/a><\/li>\r\n<li><a href=\"https:\/\/drive.google.com\/file\/d\/13nTAOpcmOnsQcFrHbcXOyVtFvz25Qdmy\/view?usp=drive_link\">Impreso solicitud de Transporte Escolar<\/a><\/li>\r\n<li><a href=\"https:\/\/drive.google.com\/file\/d\/173ULIxGjr6hoLZQquepBuw0Bjj9YFexb\/view?usp=drive_link\" target=\"_blank\" rel=\"noreferrer noopener\" aria-label=\" (se abre en una nueva pesta\u00f1a)\">Autorizaci\u00f3n de uso de la imagen y <\/a><a href=\"http:\/\/www.ceipprincipefelipe.net\/documentos\/impresos\/Impreso-solicitud-Transporte-Escolar.pdf\" target=\"_blank\" rel=\"noreferrer noopener\" aria-label=\"servicios  (se abre en una nueva pesta\u00f1a)\">servicios <\/a><a href=\"http:\/\/www.ceipprincipefelipe.net\/documentos\/impresos\/\">Web del alumnado<\/a><\/li>\r\n<\/ul>\r\n\r\n\r\n\r\n<p>Aut\u00f3nomos (comedor, aula matinal y extraescolares)<\/p>\r\n\r\n\r\n\r\n<ul>\r\n<li>Declaraci\u00f3n responsable<\/li>\r\n<\/ul>\r\n\r\n\r\n\r\n<div data-wp-interactive=\"\" class=\"wp-block-file\"><object data-wp-bind--hidden=\"!selectors.core.file.hasPdfPreview\" hidden data=\"https:\/\/blogsaverroes.juntadeandalucia.es\/ceipprincipefelipemotril\/files\/2022\/06\/DECLARACION-RESPONSABLE-AUTONOMOS.pdf\" type=\"application\/pdf\" width=\"300\" height=\"150\"><\/object><a id=\"wp-block-file--media-19fd3ff3-ef93-478e-829c-34f844defda9\" href=\"https:\/\/blogsaverroes.juntadeandalucia.es\/ceipprincipefelipemotril\/files\/2022\/06\/DECLARACION-RESPONSABLE-AUTONOMOS.pdf\">DECLARACION-RESPONSABLE-AUTONOMOS<\/a><a class=\"wp-block-file__button\" href=\"https:\/\/blogsaverroes.juntadeandalucia.es\/ceipprincipefelipemotril\/files\/2022\/06\/DECLARACION-RESPONSABLE-AUTONOMOS.pdf\" aria-describedby=\"wp-block-file--media-19fd3ff3-ef93-478e-829c-34f844defda9\">Descarga<\/a><\/div>\r\n\r\n\r\n\r\n<p>Para poder acceder a los formularios en formato PDF debe tener instalado en su equipo el programa Adobe Reader. Se requiere utilizar la versi\u00f3n 8.0 o superior <br>Puede descargar la \u00faltima versi\u00f3n desde<\/p>\r\n\r\n\r\n\r\n<figure class=\"wp-block-image aligncenter\"><a href=\"http:\/\/get.adobe.com\/es\/reader\/\" target=\"_blank\" rel=\"noreferrer noopener\"><img decoding=\"async\" src=\"http:\/\/cardenalbelluga.es\/images\/logos\/get_adobe_reader.png\" alt=\"Descargar Adobe Reader\"><\/a>\r\n<figcaption><a href=\"http:\/\/get.adobe.com\/es\/reader\/\" target=\"_blank\" rel=\"noreferrer noopener\" aria-label=\" (se abre en una nueva pesta\u00f1a)\">http:\/\/get.adobe.com\/es\/reader\/<\/a><\/figcaption>\r\n<\/figure>\r\n","protected":false},"excerpt":{"rendered":"<p>Anexo IV Impreso de matr\u00edcula para Segundo Ciclo de Educaci\u00f3n Infantil. Anexo V Impreso de matr\u00edcula para Educaci\u00f3n Primaria. Anexo II Solicitud de inscripci\u00f3n en los servicios de aula matinal, comedor escolar y actividades extraescolares. Anexo V Solicitud bonificaci\u00f3n del precio p\u00fablico por los servicios de aula matinal, comedor escolar y actividades extraescolares. Solicitud para [&hellip;]<\/p>\n","protected":false},"author":19076,"featured_media":0,"parent":0,"menu_order":0,"comment_status":"closed","ping_status":"closed","template":"","meta":{"_et_pb_use_builder":"","_et_pb_old_content":"","_et_gb_content_width":"","ngg_post_thumbnail":0,"footnotes":""},"aioseo_notices":[],"_links":{"self":[{"href":"https:\/\/blogsaverroes.juntadeandalucia.es\/ceipprincipefelipemotril\/wp-json\/wp\/v2\/pages\/57"}],"collection":[{"href":"https:\/\/blogsaverroes.juntadeandalucia.es\/ceipprincipefelipemotril\/wp-json\/wp\/v2\/pages"}],"about":[{"href":"https:\/\/blogsaverroes.juntadeandalucia.es\/ceipprincipefelipemotril\/wp-json\/wp\/v2\/types\/page"}],"author":[{"embeddable":true,"href":"https:\/\/blogsaverroes.juntadeandalucia.es\/ceipprincipefelipemotril\/wp-json\/wp\/v2\/users\/19076"}],"replies":[{"embeddable":true,"href":"https:\/\/blogsaverroes.juntadeandalucia.es\/ceipprincipefelipemotril\/wp-json\/wp\/v2\/comments?post=57"}],"version-history":[{"count":2,"href":"https:\/\/blogsaverroes.juntadeandalucia.es\/ceipprincipefelipemotril\/wp-json\/wp\/v2\/pages\/57\/revisions"}],"predecessor-version":[{"id":1463,"href":"https:\/\/blogsaverroes.juntadeandalucia.es\/ceipprincipefelipemotril\/wp-json\/wp\/v2\/pages\/57\/revisions\/1463"}],"wp:attachment":[{"href":"https:\/\/blogsaverroes.juntadeandalucia.es\/ceipprincipefelipemotril\/wp-json\/wp\/v2\/media?parent=57"}],"curies":[{"name":"wp","href":"https:\/\/api.w.org\/{rel}","templated":true}]}}