{"id":141,"date":"2015-03-17T07:13:24","date_gmt":"2015-03-17T07:13:24","guid":{"rendered":"http:\/\/blogsaverroes.juntadeandalucia.es\/pre\/ceip\/?page_id=141"},"modified":"2022-12-05T10:14:17","modified_gmt":"2022-12-05T10:14:17","slug":"escolarizacion","status":"publish","type":"page","link":"https:\/\/blogsaverroes.juntadeandalucia.es\/ceipptiernogalvangr\/escolarizacion\/","title":{"rendered":"PERSONAL DEL CENTRO"},"content":{"rendered":"<h1 style=\"text-align: center\"><span style=\"color: #ff0000\"><strong>CURSO 22\/23<\/strong><\/span><\/h1>\n<p><strong>En el curso 2022\/23<\/strong><strong>&nbsp;el personal del Centro est\u00e1 compuesto por:<\/strong><\/p>\n<p>El <strong>Claustro de Profesores<\/strong> de este curso escolar se compone de los maestros y maestras que a continuaci\u00f3n se relacionan, distribuidos en los siguientes Ciclos:<\/p>\n<h3><strong><span style=\"color: #000080\">EDUCACI\u00d3N INFANTIL<\/span>:<\/strong><\/h3>\n<p>&nbsp; &nbsp; &nbsp; &nbsp; &nbsp; &nbsp; &nbsp; &nbsp; &nbsp; &nbsp; &nbsp; &nbsp; &nbsp; &nbsp; &nbsp;&nbsp; &nbsp;&nbsp;&nbsp;&nbsp;&nbsp;&nbsp;&nbsp;&nbsp;&nbsp;&nbsp;&nbsp;&nbsp;3 a\u00f1os A &#8211;&nbsp; &nbsp;M\u00aa Jos\u00e9 Molina Ruiz<\/p>\n<p>&nbsp; &nbsp; &nbsp; &nbsp; &nbsp; &nbsp; &nbsp; &nbsp; &nbsp; &nbsp; &nbsp; &nbsp; &nbsp; &nbsp; &nbsp;&nbsp;&nbsp;&nbsp;&nbsp;&nbsp;&nbsp;&nbsp;&nbsp; &nbsp;&nbsp;&nbsp;&nbsp;&nbsp;4 a\u00f1os A &#8211; Montserrat Fern\u00e1ndez Castillo<\/p>\n<p>&nbsp; &nbsp; &nbsp; &nbsp; &nbsp; &nbsp; &nbsp; &nbsp; &nbsp; &nbsp; &nbsp; &nbsp; &nbsp; &nbsp; &nbsp; &nbsp;&nbsp;&nbsp;&nbsp;&nbsp;&nbsp;&nbsp;&nbsp;&nbsp;&nbsp;&nbsp;&nbsp;&nbsp;5 a\u00f1os A &#8211;&nbsp; Matilde Navarro Merino<\/p>\n<p>&nbsp; &nbsp; &nbsp; &nbsp; &nbsp; &nbsp; &nbsp; &nbsp; &nbsp; &nbsp; &nbsp; &nbsp; &nbsp; &nbsp; &nbsp; &nbsp; &nbsp; &nbsp; &nbsp;Apoyo Infantil &#8211; M\u00aa Carmen Pastor Antequera<\/p>\n<h3><strong><span style=\"color: #000080\">PRIMER CICLO DE EDUCACI\u00d3N PRIMARIA<\/span>:<\/strong><\/h3>\n<p>&nbsp;&nbsp;&nbsp;&nbsp;&nbsp;&nbsp;&nbsp;&nbsp;&nbsp;&nbsp;&nbsp;&nbsp;&nbsp;&nbsp;&nbsp;&nbsp;&nbsp;&nbsp;&nbsp;&nbsp;&nbsp;&nbsp;&nbsp;&nbsp;&nbsp;&nbsp;&nbsp;&nbsp;&nbsp;&nbsp;&nbsp;&nbsp;&nbsp;&nbsp;&nbsp;&nbsp;&nbsp;&nbsp;&nbsp;&nbsp; Primero A \u2013 Josefa Villegas Herrera<\/p>\n<p>&nbsp; &nbsp; &nbsp; &nbsp; &nbsp; &nbsp; &nbsp; &nbsp; &nbsp; &nbsp; &nbsp; &nbsp; &nbsp; &nbsp; &nbsp; &nbsp; &nbsp;&nbsp;&nbsp;&nbsp;&nbsp;&nbsp;&nbsp;&nbsp;&nbsp;Primero B \u2013 Alonso Guerrero Rubio<\/p>\n<p>&nbsp; &nbsp; &nbsp; &nbsp; &nbsp; &nbsp; &nbsp; &nbsp; &nbsp; &nbsp; &nbsp; &nbsp; &nbsp; &nbsp; &nbsp; &nbsp;&nbsp;&nbsp;&nbsp;&nbsp;&nbsp;&nbsp;&nbsp;&nbsp; &nbsp;Segundo A &#8211; M\u00aa Paz Salinas Velasco<\/p>\n<p>&nbsp; &nbsp; &nbsp; &nbsp; &nbsp; &nbsp; &nbsp; &nbsp; &nbsp; &nbsp; &nbsp; &nbsp; &nbsp; &nbsp; &nbsp; &nbsp;&nbsp;&nbsp;&nbsp;&nbsp;&nbsp;&nbsp;&nbsp;&nbsp;&nbsp; Segundo B \u2013 Paula Mart\u00edn Quirantes<\/p>\n<h3><span style=\"color: #000080\"><strong>SEGUNDO CICLO DE EDUCACI\u00d3N PRIMARIA:<\/strong><\/span>&nbsp; &nbsp; &nbsp;<\/h3>\n<p>&nbsp; &nbsp; &nbsp; &nbsp; &nbsp; &nbsp; &nbsp; &nbsp; &nbsp; &nbsp; &nbsp; &nbsp; &nbsp; &nbsp; &nbsp; &nbsp; &nbsp; &nbsp; &nbsp; &nbsp; &nbsp;Tercero A &#8211;&nbsp; Juana Galeote Benavides<\/p>\n<p>&nbsp; &nbsp; &nbsp; &nbsp; &nbsp; &nbsp; &nbsp; &nbsp; &nbsp; &nbsp; &nbsp; &nbsp; &nbsp; &nbsp; &nbsp;&nbsp;&nbsp;&nbsp;&nbsp;&nbsp;&nbsp;&nbsp;&nbsp;&nbsp; &nbsp;&nbsp;Tercero B &#8211; M\u00aa Angustias Castillo Carranza<\/p>\n<p>&nbsp; &nbsp; &nbsp; &nbsp; &nbsp; &nbsp; &nbsp; &nbsp; &nbsp; &nbsp; &nbsp; &nbsp; &nbsp; &nbsp; &nbsp; &nbsp;&nbsp;&nbsp;&nbsp;&nbsp;&nbsp; &nbsp;&nbsp;&nbsp;&nbsp;&nbsp;Cuarto A &nbsp;&#8211; Beatriz Mac\u00edas Espinosa<\/p>\n<p>&nbsp; &nbsp; &nbsp; &nbsp; &nbsp; &nbsp; &nbsp; &nbsp; &nbsp; &nbsp; &nbsp; &nbsp; &nbsp; &nbsp; &nbsp; &nbsp; &nbsp;&nbsp;&nbsp;&nbsp;&nbsp;&nbsp;&nbsp;&nbsp;&nbsp;&nbsp;Cuarto B &#8211;&nbsp; M\u00aa Jos\u00e9 Garc\u00eda Romero<\/p>\n<h3><span style=\"color: #000080\"><strong>TERCER CICLO DE EDUCACI\u00d3N PRIMARIA:<\/strong><\/span><\/h3>\n<p>&nbsp; &nbsp; &nbsp; &nbsp; &nbsp; &nbsp; &nbsp; &nbsp; &nbsp; &nbsp; &nbsp; &nbsp; &nbsp; &nbsp; &nbsp; &nbsp; &nbsp; &nbsp; &nbsp; &nbsp; &nbsp; Quinto A \u2013 Jorge Pert\u00ed\u00f1ez Gonz\u00e1lez<\/p>\n<p>&nbsp; &nbsp; &nbsp; &nbsp; &nbsp; &nbsp; &nbsp; &nbsp; &nbsp; &nbsp; &nbsp; &nbsp; &nbsp; &nbsp; &nbsp; &nbsp; &nbsp;&nbsp;&nbsp;&nbsp;&nbsp;&nbsp;&nbsp;&nbsp;&nbsp;&nbsp;Quinto B \u2013 Inma Arg\u00fcelles Calero<\/p>\n<p>&nbsp; &nbsp; &nbsp; &nbsp; &nbsp; &nbsp; &nbsp; &nbsp; &nbsp; &nbsp; &nbsp; &nbsp; &nbsp; &nbsp; &nbsp; &nbsp;&nbsp;&nbsp;&nbsp;&nbsp;&nbsp;&nbsp;&nbsp;&nbsp; &nbsp;&nbsp;Sexto A \u2013&nbsp; Laura Leonor Z\u00fa\u00f1iga Garc\u00eda<\/p>\n<p>&nbsp; &nbsp; &nbsp; &nbsp; &nbsp; &nbsp; &nbsp; &nbsp; &nbsp; &nbsp; &nbsp; &nbsp; &nbsp; &nbsp; &nbsp; &nbsp; &nbsp;&nbsp;&nbsp;&nbsp;&nbsp;&nbsp;&nbsp;&nbsp;&nbsp;&nbsp;Sexto B &#8211;&nbsp; &nbsp;Eugenia Vallecillos Segovia<\/p>\n<h3><span style=\"color: #000080\"><strong>ESPECIALISTAS:<\/strong><\/span><\/h3>\n<p>&nbsp; &nbsp; &nbsp; &nbsp; &nbsp; Apoyo Primaria:&nbsp; &nbsp; &nbsp;M\u00aa Jos\u00e9 Blancas L\u00f3pez-Barajas<\/p>\n<p>&nbsp; &nbsp; &nbsp; &nbsp; &nbsp; Ingl\u00e9s:&nbsp; &nbsp; &nbsp; &nbsp; &nbsp; &nbsp; &nbsp; &nbsp; &nbsp; &nbsp; D\u00aa Inmaculada S\u00e1nchez Santa B\u00e1rbara<\/p>\n<p>&nbsp; &nbsp; &nbsp; &nbsp; &nbsp; &nbsp; &nbsp; &nbsp; &nbsp; &nbsp; &nbsp; &nbsp; &nbsp; &nbsp; &nbsp; &nbsp; &nbsp; &nbsp; &nbsp; &nbsp; &nbsp;D\u00aa Beatriz&nbsp; Mac\u00edas Espinosa<\/p>\n<p>&nbsp; &nbsp; &nbsp; &nbsp; &nbsp; Pedagog\u00eda Terap\u00e9utica (P.T.):&nbsp; &nbsp; &nbsp;D\u00aa M\u00aa \u00c1ngeles Domingo Zambudio<\/p>\n<p>&nbsp; &nbsp; &nbsp; &nbsp; &nbsp; Religi\u00f3n Cat\u00f3lica:&nbsp; &nbsp; &nbsp;D\u00aa Encarnaci\u00f3n Nievas Cazorla<\/p>\n<p>&nbsp; &nbsp; &nbsp; &nbsp; &nbsp; Ed. F\u00edsica:&nbsp; &nbsp; &nbsp;D\u00aa Inmaculada Arg\u00fcelles Calero&nbsp;<\/p>\n<p>&nbsp; &nbsp; &nbsp; &nbsp; &nbsp; &nbsp; &nbsp; &nbsp; &nbsp; &nbsp; &nbsp; &nbsp; &nbsp; &nbsp; &nbsp; &nbsp; D. Javier Narv\u00e1ez&nbsp; Mar\u00edn&nbsp; &nbsp;<\/p>\n<h3><span style=\"color: #000080\"><strong>EQUIPO T\u00c9CNICO ORIENTACI\u00d3N PEDAG\u00d3GICA (E.O.E)<\/strong>:<\/span><\/h3>\n<p>&nbsp; &nbsp; &nbsp; &nbsp; &nbsp; D\u00aa Carmen L\u00f3pez \u00c1lvarez&nbsp; &nbsp; &nbsp;M\u00e9dica<\/p>\n<p>&nbsp; &nbsp; &nbsp; &nbsp; &nbsp; D\u00aa&nbsp; &nbsp; &nbsp; Orientadora<\/p>\n<p>&nbsp; &nbsp; &nbsp; &nbsp; &nbsp; D\u00aa&nbsp; &nbsp; &nbsp; Logopeda<\/p>\n<p>&nbsp; &nbsp; &nbsp; &nbsp; &nbsp; D\u00aa M\u00aa Teresa S\u00e1nchez Hitos&nbsp; &nbsp; &nbsp;ATAL<\/p>\n<h3><span style=\"color: #000080\"><strong>PERSONAL DE ADMINISTRACI\u00d3N Y SERVICIOS<\/strong><\/span><\/h3>\n<p>&nbsp; &nbsp; &nbsp; &nbsp; &nbsp; D\u00aa Resurrecci\u00f3n P\u00e9rez Rojas,&nbsp; Monitora escolar<\/p>\n<p>&nbsp; &nbsp; &nbsp; &nbsp; &nbsp; D\u00ba Luis Nieto S\u00e1nchez,&nbsp; &nbsp;Conserje<\/p>\n<h3><span style=\"color: #000080\"><strong>OTRO PERSONAL <\/strong>:<\/span><\/h3>\n<p>&nbsp; &nbsp; &nbsp; &nbsp; &nbsp; D\u00aa Ana Adarve Molina, Monitora Escolar Apoyo<\/p>\n<h1 style=\"text-align: center\"><span style=\"color: #ff0000\"><strong>CURSO 21\/22<\/strong><\/span><\/h1>\n<p><strong>En el curso 2021\/22<\/strong><strong>&nbsp;el personal del Centro est\u00e1 compuesto por:<\/strong><\/p>\n<p>El <strong>Claustro de Profesores<\/strong> de este curso escolar se compone de los maestros y maestras que a continuaci\u00f3n se relacionan, distribuidos en los siguientes Ciclos:<\/p>\n<h3><strong><span style=\"color: #000080\">EDUCACI\u00d3N INFANTIL<\/span>:<\/strong><\/h3>\n<p>&nbsp; &nbsp; &nbsp; &nbsp; &nbsp; &nbsp; &nbsp; &nbsp; &nbsp; &nbsp; &nbsp; &nbsp; &nbsp; &nbsp; &nbsp;&nbsp; &nbsp;&nbsp;&nbsp;&nbsp;&nbsp;&nbsp;&nbsp;&nbsp;&nbsp;&nbsp;&nbsp;&nbsp;3 a\u00f1os A &#8211;&nbsp; Montserrat Fern\u00e1ndez Castillo<\/p>\n<p>&nbsp; &nbsp; &nbsp; &nbsp; &nbsp; &nbsp; &nbsp; &nbsp; &nbsp; &nbsp; &nbsp; &nbsp; &nbsp; &nbsp; &nbsp;&nbsp;&nbsp;&nbsp;&nbsp;&nbsp;&nbsp;&nbsp;&nbsp; &nbsp;&nbsp;&nbsp;&nbsp;&nbsp;4 a\u00f1os A &#8211; Matilde Navarro Merino<\/p>\n<p>&nbsp; &nbsp; &nbsp; &nbsp; &nbsp; &nbsp; &nbsp; &nbsp; &nbsp; &nbsp; &nbsp; &nbsp; &nbsp; &nbsp; &nbsp; &nbsp;&nbsp;&nbsp;&nbsp;&nbsp;&nbsp;&nbsp;&nbsp;&nbsp;&nbsp;&nbsp;&nbsp;&nbsp;5 a\u00f1os A &#8211; &nbsp;Josefa Villegas Herrera<\/p>\n<p>&nbsp; &nbsp; &nbsp; &nbsp; &nbsp; &nbsp; &nbsp; &nbsp; &nbsp; &nbsp; &nbsp; &nbsp; &nbsp; &nbsp; &nbsp;&nbsp;&nbsp;&nbsp;&nbsp;&nbsp;&nbsp;&nbsp;&nbsp;&nbsp;&nbsp;&nbsp;&nbsp; &nbsp;5 a\u00f1os B &#8211; &nbsp;M\u00aa Jos\u00e9 Molina Ruiz<\/p>\n<h3><strong><span style=\"color: #000080\">PRIMER CICLO DE EDUCACI\u00d3N PRIMARIA<\/span>:<\/strong><\/h3>\n<p>&nbsp;&nbsp;&nbsp;&nbsp;&nbsp;&nbsp;&nbsp;&nbsp;&nbsp;&nbsp;&nbsp;&nbsp;&nbsp;&nbsp;&nbsp;&nbsp;&nbsp;&nbsp;&nbsp;&nbsp;&nbsp;&nbsp;&nbsp;&nbsp;&nbsp;&nbsp;&nbsp;&nbsp;&nbsp;&nbsp;&nbsp;&nbsp;&nbsp;&nbsp;&nbsp;&nbsp;&nbsp;&nbsp;&nbsp;&nbsp; Primero A \u2013 M\u00aa Paz Salinas Velasco<\/p>\n<p>&nbsp; &nbsp; &nbsp; &nbsp; &nbsp; &nbsp; &nbsp; &nbsp; &nbsp; &nbsp; &nbsp; &nbsp; &nbsp; &nbsp; &nbsp; &nbsp; &nbsp;&nbsp;&nbsp;&nbsp;&nbsp;&nbsp;&nbsp;&nbsp;&nbsp;Primero B \u2013 Paula Mart\u00edn Quirantes<\/p>\n<p>&nbsp; &nbsp; &nbsp; &nbsp; &nbsp; &nbsp; &nbsp; &nbsp; &nbsp; &nbsp; &nbsp; &nbsp; &nbsp; &nbsp; &nbsp; &nbsp;&nbsp;&nbsp;&nbsp;&nbsp;&nbsp;&nbsp;&nbsp;&nbsp; &nbsp;Segundo A &#8211; Juana Galeote Benavides<\/p>\n<p>&nbsp; &nbsp; &nbsp; &nbsp; &nbsp; &nbsp; &nbsp; &nbsp; &nbsp; &nbsp; &nbsp; &nbsp; &nbsp; &nbsp; &nbsp; &nbsp;&nbsp;&nbsp;&nbsp;&nbsp;&nbsp;&nbsp;&nbsp;&nbsp;&nbsp; Segundo B \u2013 Elena Garc\u00eda Fern\u00e1ndez<\/p>\n<h3><span style=\"color: #000080\"><strong>SEGUNDO CICLO DE EDUCACI\u00d3N PRIMARIA:<\/strong><\/span>&nbsp; &nbsp; &nbsp;<\/h3>\n<p>&nbsp; &nbsp; &nbsp; &nbsp; &nbsp; &nbsp; &nbsp; &nbsp; &nbsp; &nbsp; &nbsp; &nbsp; &nbsp; &nbsp; &nbsp; &nbsp; &nbsp; &nbsp; &nbsp; &nbsp; &nbsp;Tercero A &#8211; &nbsp;Josefa Hern\u00e1ndez Gil<\/p>\n<p>&nbsp; &nbsp; &nbsp; &nbsp; &nbsp; &nbsp; &nbsp; &nbsp; &nbsp; &nbsp; &nbsp; &nbsp; &nbsp; &nbsp; &nbsp;&nbsp;&nbsp;&nbsp;&nbsp;&nbsp;&nbsp;&nbsp;&nbsp;&nbsp; &nbsp;&nbsp;Tercero B &#8211; M\u00aa Jos\u00e9 Garc\u00eda Romero<\/p>\n<p>&nbsp; &nbsp; &nbsp; &nbsp; &nbsp; &nbsp; &nbsp; &nbsp; &nbsp; &nbsp; &nbsp; &nbsp; &nbsp; &nbsp; &nbsp; &nbsp;&nbsp;&nbsp;&nbsp;&nbsp;&nbsp; &nbsp;&nbsp;&nbsp;&nbsp;&nbsp;Cuarto A &nbsp;&#8211; Alonso Guerrero Rubio<\/p>\n<p>&nbsp; &nbsp; &nbsp; &nbsp; &nbsp; &nbsp; &nbsp; &nbsp; &nbsp; &nbsp; &nbsp; &nbsp; &nbsp; &nbsp; &nbsp; &nbsp; &nbsp;&nbsp;&nbsp;&nbsp;&nbsp;&nbsp;&nbsp;&nbsp;&nbsp;&nbsp;Cuarto B &#8211; &nbsp;Inma Arg\u00fcelles Calero<\/p>\n<h3><span style=\"color: #000080\"><strong>TERCER CICLO DE EDUCACI\u00d3N PRIMARIA:<\/strong><\/span><\/h3>\n<p>&nbsp; &nbsp; &nbsp; &nbsp; &nbsp; &nbsp; &nbsp; &nbsp; &nbsp; &nbsp; &nbsp; &nbsp; &nbsp; &nbsp; &nbsp; &nbsp; &nbsp; &nbsp; &nbsp; &nbsp; &nbsp; Quinto A \u2013 Manuel Jos\u00e9 Martos Mart\u00ednez<\/p>\n<p>&nbsp; &nbsp; &nbsp; &nbsp; &nbsp; &nbsp; &nbsp; &nbsp; &nbsp; &nbsp; &nbsp; &nbsp; &nbsp; &nbsp; &nbsp; &nbsp; &nbsp;&nbsp;&nbsp;&nbsp;&nbsp;&nbsp;&nbsp;&nbsp;&nbsp;&nbsp;Quinto B \u2013 Eugenia Vallecillos Segovia<\/p>\n<p>&nbsp; &nbsp; &nbsp; &nbsp; &nbsp; &nbsp; &nbsp; &nbsp; &nbsp; &nbsp; &nbsp; &nbsp; &nbsp; &nbsp; &nbsp; &nbsp;&nbsp;&nbsp;&nbsp;&nbsp;&nbsp;&nbsp;&nbsp;&nbsp; &nbsp;&nbsp;Sexto A \u2013 Inmaculada S\u00e1nchez Santa-Barbara<\/p>\n<p>&nbsp; &nbsp; &nbsp; &nbsp; &nbsp; &nbsp; &nbsp; &nbsp; &nbsp; &nbsp; &nbsp; &nbsp; &nbsp; &nbsp; &nbsp; &nbsp; &nbsp;&nbsp;&nbsp;&nbsp;&nbsp;&nbsp;&nbsp;&nbsp;&nbsp;&nbsp;Sexto B &#8211;&nbsp;&nbsp; Jorge Pert\u00ed\u00f1ez Gonz\u00e1lez<\/p>\n<h3><span style=\"color: #000080\"><strong>ESPECIALISTAS:<\/strong><\/span><\/h3>\n<p>&nbsp; &nbsp; &nbsp; &nbsp; &nbsp; Apoyo Primaria:&nbsp; &nbsp; &nbsp;M\u00aa Jos\u00e9 Blancas L\u00f3pez-Barajas<\/p>\n<p>&nbsp; &nbsp; &nbsp; &nbsp; &nbsp; Ingl\u00e9s:&nbsp; &nbsp; &nbsp; &nbsp; &nbsp; &nbsp; &nbsp; &nbsp; &nbsp; &nbsp; D\u00aa Inmaculada S\u00e1nchez Santa B\u00e1rbara<\/p>\n<p>&nbsp; &nbsp; &nbsp; &nbsp; &nbsp; &nbsp; &nbsp; &nbsp; &nbsp; &nbsp; &nbsp; &nbsp; &nbsp; &nbsp; &nbsp; &nbsp; &nbsp; &nbsp; &nbsp; &nbsp; &nbsp;D\u00aa Beatriz&nbsp; Mac\u00edas Espinosa<\/p>\n<p>&nbsp; &nbsp; &nbsp; &nbsp; &nbsp; Pedagog\u00eda Terap\u00e9utica (P.T.):&nbsp; &nbsp; &nbsp;D\u00aa M\u00aa \u00c1ngeles Domingo Zambudio<\/p>\n<p>&nbsp; &nbsp; &nbsp; &nbsp; &nbsp; Religi\u00f3n Cat\u00f3lica:&nbsp; &nbsp; &nbsp;D\u00aa Encarnaci\u00f3n Nievas Cazorla<\/p>\n<p>&nbsp; &nbsp; &nbsp; &nbsp; &nbsp; Ed. F\u00edsica:&nbsp; &nbsp; &nbsp;D\u00aa Inmaculada Arg\u00fcelles Calero&nbsp;<\/p>\n<p>&nbsp; &nbsp; &nbsp; &nbsp; &nbsp; &nbsp; &nbsp; &nbsp; &nbsp; &nbsp; &nbsp; &nbsp; &nbsp; &nbsp; &nbsp; &nbsp; D. Javier Narv\u00e1ez&nbsp; Mar\u00edn&nbsp; &nbsp;<\/p>\n<h3><span style=\"color: #000080\"><strong>EQUIPO T\u00c9CNICO ORIENTACI\u00d3N PEDAG\u00d3GICA (E.O.E)<\/strong>:<\/span><\/h3>\n<p>&nbsp; &nbsp; &nbsp; &nbsp; &nbsp; D\u00aa Carmen L\u00f3pez \u00c1lvarez&nbsp; &nbsp; &nbsp;M\u00e9dica<\/p>\n<p>&nbsp; &nbsp; &nbsp; &nbsp; &nbsp; D\u00aa&nbsp; &nbsp; &nbsp; Orientadora<\/p>\n<p>&nbsp; &nbsp; &nbsp; &nbsp; &nbsp; D\u00aa&nbsp; &nbsp; &nbsp; Logopeda<\/p>\n<p>&nbsp; &nbsp; &nbsp; &nbsp; &nbsp; D\u00aa M\u00aa Teresa S\u00e1nchez Hitos&nbsp; &nbsp; &nbsp;ATAL<\/p>\n<h3><span style=\"color: #000080\"><strong>PERSONAL DE ADMINISTRACI\u00d3N Y SERVICIOS<\/strong><\/span><\/h3>\n<p>&nbsp; &nbsp; &nbsp; &nbsp; &nbsp; D\u00aa Resurrecci\u00f3n P\u00e9rez Rojas,&nbsp; Monitora escolar<\/p>\n<p>&nbsp; &nbsp; &nbsp; &nbsp; &nbsp; D\u00ba Luis Nieto S\u00e1nchez,&nbsp; &nbsp;Bedel<\/p>\n<h3><span style=\"color: #000080\"><strong>OTRO PERSONAL <\/strong>:<\/span><\/h3>\n<p>&nbsp; &nbsp; &nbsp; &nbsp; &nbsp; D\u00aa Ana Adarve Molina, Monitora Escolar Apoyo<\/p>\n<h1 style=\"text-align: center\"><span style=\"color: #ff0000\"><strong>CURSO 20\/21<\/strong><\/span><\/h1>\n<p><strong>En el curso 2020\/21<\/strong><strong>&nbsp;el personal del Centro est\u00e1 compuesto por:<\/strong><\/p>\n<p>El <strong>Claustro de Profesores<\/strong> de este curso escolar se compone de los maestros y maestras que a continuaci\u00f3n se relacionan, distribuidos en los siguientes Ciclos:<\/p>\n<h3><strong><span style=\"color: #000080\">EDUCACI\u00d3N INFANTIL<\/span>:<\/strong><\/h3>\n<p>&nbsp; &nbsp; &nbsp; &nbsp; &nbsp; &nbsp;3 a\u00f1os A&nbsp; &nbsp; D\u00aa M\u00aa Matilde Navarro Merino<\/p>\n<p>&nbsp; &nbsp; &nbsp; &nbsp; &nbsp; 3 a\u00f1os B&nbsp; &nbsp; &nbsp;D\u00aa&nbsp; &nbsp;M\u00aa Paz Salinas Velasco<\/p>\n<p>&nbsp; &nbsp; &nbsp; &nbsp; &nbsp; 4 a\u00f1os A&nbsp; &nbsp; &nbsp;D\u00aa Josefa Villegas Herrera&nbsp;&nbsp;<\/p>\n<p>&nbsp; &nbsp; &nbsp; &nbsp; &nbsp; 4 a\u00f1os B&nbsp; &nbsp; D\u00aa&nbsp; &nbsp;Concepci\u00f3n V\u00e1zquez Guerrero<\/p>\n<p>&nbsp; &nbsp; &nbsp; &nbsp; &nbsp; 5 a\u00f1os A&nbsp; &nbsp; D\u00aa Montserrat Fern\u00e1ndez Castillo<\/p>\n<p>&nbsp; &nbsp; &nbsp; &nbsp; &nbsp; 5 a\u00f1os B&nbsp; &nbsp; D\u00aa&nbsp; M\u00aa Jos\u00e9 Molina Ruiz<\/p>\n<h3><strong><span style=\"color: #000080\">PRIMER CICLO DE EDUCACI\u00d3N PRIMARIA<\/span>:<\/strong><\/h3>\n<p>&nbsp; &nbsp; &nbsp; &nbsp; &nbsp; Primero A&nbsp; &nbsp; D\u00aa Juana M\u00aa Galeote Benavides<\/p>\n<p>&nbsp; &nbsp; &nbsp; &nbsp; &nbsp; Primero B&nbsp; &nbsp; D\u00aa M\u00aa Carmen Ortega Castillo<\/p>\n<p>&nbsp; &nbsp; &nbsp; &nbsp; &nbsp; Segundo A&nbsp; &nbsp;D\u00aa Josefa Hern\u00e1ndez Gil&nbsp;&nbsp;<\/p>\n<p>&nbsp; &nbsp; &nbsp; &nbsp; &nbsp; Segundo B&nbsp; &nbsp;D\u00aa M\u00aa Jos\u00e9 Garc\u00eda Romero&nbsp;<\/p>\n<h3><span style=\"color: #000080\"><strong>SEGUNDO CICLO DE EDUCACI\u00d3N PRIMARIA:<\/strong><\/span><\/h3>\n<p>&nbsp; &nbsp; &nbsp; &nbsp; &nbsp; Tercero A&nbsp; &nbsp; &nbsp; D.&nbsp; Alonso Guerrero Rubio<\/p>\n<p>&nbsp; &nbsp; &nbsp; &nbsp; &nbsp; Tercero B&nbsp; &nbsp; &nbsp; D\u00aa&nbsp; Inmaculada Arg\u00fcelles&nbsp; Calero<\/p>\n<p>&nbsp; &nbsp; &nbsp; &nbsp; &nbsp; Cuarto A&nbsp; &nbsp; &nbsp; &nbsp; D\u00aa Amalia Casta\u00f1o Bartet<\/p>\n<p>&nbsp; &nbsp; &nbsp; &nbsp; &nbsp; Cuarto B&nbsp; &nbsp; &nbsp; &nbsp; D\u00aa Sara Ruiz Soto<\/p>\n<h3><span style=\"color: #000080\"><strong>TERCER CICLO DE EDUCACI\u00d3N PRIMARIA:<\/strong><\/span><\/h3>\n<p>&nbsp; &nbsp; &nbsp; &nbsp; &nbsp; Quinto A&nbsp; &nbsp; &nbsp; &nbsp; &nbsp;D\u00aa Inmaculada S\u00e1nchez Santa-B\u00e1rbara&nbsp;<\/p>\n<p>&nbsp; &nbsp; &nbsp; &nbsp; &nbsp; Quinto B&nbsp; &nbsp; &nbsp; &nbsp; D\u00aa Jorge Pert\u00ed\u00f1ez Gonz\u00e1lez<\/p>\n<p>&nbsp; &nbsp; &nbsp; &nbsp; &nbsp; Sexto A&nbsp; &nbsp; &nbsp; &nbsp; &nbsp; D\u00aa M\u00aa Teresa Montalvo Mart\u00edn<\/p>\n<p>&nbsp; &nbsp; &nbsp; &nbsp; &nbsp; Sexto B&nbsp; &nbsp; &nbsp; &nbsp; &nbsp; D. Javier Pleguezuelos S\u00e1nchez<\/p>\n<p>&nbsp; &nbsp; &nbsp; &nbsp; &nbsp; Sexto C (Desdoble)&nbsp; D. Jos\u00e9 Lu\u00eds&nbsp;<\/p>\n<h3><span style=\"color: #000080\"><strong>ESPECIALISTAS:<\/strong><\/span><\/h3>\n<p>&nbsp; &nbsp; &nbsp; &nbsp; &nbsp; Apoyo Primaria:&nbsp; &nbsp; &nbsp;M\u00aa Jos\u00e9 Blancas L\u00f3pez-Barajas<\/p>\n<p>&nbsp; &nbsp; &nbsp; &nbsp; &nbsp; Ingl\u00e9s:&nbsp; &nbsp; &nbsp; &nbsp; &nbsp; &nbsp; &nbsp; &nbsp; &nbsp; &nbsp; D\u00aa Inmaculada S\u00e1nchez Santa B\u00e1rbara<\/p>\n<p>&nbsp; &nbsp; &nbsp; &nbsp; &nbsp; &nbsp; &nbsp; &nbsp; &nbsp; &nbsp; &nbsp; &nbsp; &nbsp; &nbsp; &nbsp; &nbsp; &nbsp; &nbsp; &nbsp; &nbsp; &nbsp;D\u00aa Beatriz&nbsp; Mac\u00edas Espinosa<\/p>\n<p>&nbsp; &nbsp; &nbsp; &nbsp; &nbsp; Pedagog\u00eda Terap\u00e9utica (P.T.):&nbsp; &nbsp; &nbsp;D\u00aa M\u00aa \u00c1ngeles Domingo Zambudio<\/p>\n<p>&nbsp; &nbsp; &nbsp; &nbsp; &nbsp; Religi\u00f3n Cat\u00f3lica:&nbsp; &nbsp; &nbsp;D\u00aa Encarnaci\u00f3n Nievas Cazorla<\/p>\n<p>&nbsp; &nbsp; &nbsp; &nbsp; &nbsp; Ed. F\u00edsica:&nbsp; &nbsp; &nbsp;D\u00aa Inmaculada Arg\u00fcelles Calero&nbsp;<\/p>\n<p>&nbsp; &nbsp; &nbsp; &nbsp; &nbsp; &nbsp; &nbsp; &nbsp; &nbsp; &nbsp; &nbsp; &nbsp; &nbsp; &nbsp; &nbsp; &nbsp; D. Javier Narv\u00e1ez&nbsp; Mar\u00edn&nbsp; &nbsp;<\/p>\n<h3><span style=\"color: #000080\"><strong>EQUIPO T\u00c9CNICO ORIENTACI\u00d3N PEDAG\u00d3GICA (E.O.E)<\/strong>:<\/span><\/h3>\n<p>&nbsp; &nbsp; &nbsp; &nbsp; &nbsp; D\u00aa Carmen L\u00f3pez \u00c1lvarez&nbsp; &nbsp; &nbsp;M\u00e9dica<\/p>\n<p>&nbsp; &nbsp; &nbsp; &nbsp; &nbsp; D\u00aa Silvia Carretero Gonz\u00e1lez&nbsp; &nbsp; &nbsp;Orientadora<\/p>\n<p>&nbsp; &nbsp; &nbsp; &nbsp; &nbsp; D\u00aa M\u00aa Carmen M Ortega&nbsp; &nbsp; &nbsp;Logopeda<\/p>\n<p>&nbsp; &nbsp; &nbsp; &nbsp; &nbsp; D\u00aa M\u00aa Teresa S\u00e1nchez Hitos&nbsp; &nbsp; &nbsp;ATAL<\/p>\n<h3><span style=\"color: #000080\"><strong>PERSONAL DE ADMINISTRACI\u00d3N Y SERVICIOS<\/strong><\/span><\/h3>\n<p>&nbsp; &nbsp; &nbsp; &nbsp; &nbsp; D\u00aa Resurrecci\u00f3n P\u00e9rez Rojas,&nbsp; Monitora escolar<\/p>\n<p>&nbsp; &nbsp; &nbsp; &nbsp; &nbsp; D\u00ba Luis Nieto S\u00e1nchez,&nbsp; &nbsp;Bedel<\/p>\n<h3><span style=\"color: #000080\"><strong>OTRO PERSONAL <\/strong>:<\/span><\/h3>\n<p>&nbsp; &nbsp; &nbsp; &nbsp; &nbsp; D\u00aa Ana Adarve Molina, Monitora Escolar Apoyo<\/p>\n<h1 style=\"text-align: center\"><span style=\"color: #ff0000\"><strong>CURSO 19\/20<\/strong><\/span><\/h1>\n<p><strong>En el curso 2019\/20<\/strong><strong>&nbsp;el personal del Centro est\u00e1 compuesto por:<\/strong><\/p>\n<p>El <strong>Claustro de Profesores<\/strong> de este curso escolar se compone de los maestros y maestras que a continuaci\u00f3n se relacionan, distribuidos en los siguientes Ciclos:<\/p>\n<p><strong>Educaci\u00f3n Infantil:<\/strong><\/p>\n<p>&nbsp; &nbsp; &nbsp; &nbsp; &nbsp; &nbsp;3 a\u00f1os A&nbsp; &nbsp; D\u00aa Josefa Villegas Herrera&nbsp;<\/p>\n<p>&nbsp; &nbsp; &nbsp; &nbsp; &nbsp; 3 a\u00f1os B&nbsp; &nbsp; &nbsp;D\u00aa&nbsp; Elena Mar\u00eda Garc\u00eda Fern\u00e1ndez&nbsp;<\/p>\n<p>&nbsp; &nbsp; &nbsp; &nbsp; &nbsp; 4 a\u00f1os A&nbsp; &nbsp; D\u00aa Montserrat Fern\u00e1ndez Castillo&nbsp;<\/p>\n<p>&nbsp; &nbsp; &nbsp; &nbsp; &nbsp; 4 a\u00f1os B&nbsp; &nbsp; D\u00aa&nbsp; M\u00aa Jos\u00e9 Molina Ruiz&nbsp;<\/p>\n<p>&nbsp; &nbsp; &nbsp; &nbsp; &nbsp; 5 a\u00f1os A&nbsp; &nbsp; D\u00aa M\u00aa Matilde Navarro Merino<\/p>\n<p>&nbsp; &nbsp; &nbsp; &nbsp; &nbsp; 5 a\u00f1os B&nbsp; &nbsp; D\u00aa M\u00aa Paz Salinas Velasco&nbsp;<\/p>\n<p><strong>Primer Ciclo Educaci\u00f3n Primaria:<\/strong><\/p>\n<p>&nbsp; &nbsp; &nbsp; &nbsp; &nbsp; Primero A&nbsp; &nbsp; D\u00aa Josefa Hern\u00e1ndez Gil&nbsp;<\/p>\n<p>&nbsp; &nbsp; &nbsp; &nbsp; &nbsp; Primero B&nbsp; &nbsp; D\u00aa M\u00aa Jos\u00e9 Garc\u00eda Romero<\/p>\n<p>&nbsp; &nbsp; &nbsp; &nbsp; &nbsp; Segundo A&nbsp; D. Alonso Guerrero Rubio&nbsp;&nbsp;<\/p>\n<p>&nbsp; &nbsp; &nbsp; &nbsp; &nbsp; Segundo B&nbsp; &nbsp;D. Inmaculada Arg\u00fcelles&nbsp; Calero &#8211; Javier Andrade Gonz\u00e1lez&nbsp;<\/p>\n<p><strong>Segundo Ciclo Educaci\u00f3n Primaria:<\/strong><\/p>\n<p>&nbsp; &nbsp; &nbsp; &nbsp; &nbsp; Tercero A&nbsp; &nbsp; &nbsp; D\u00aa Amalia Casta\u00f1o Bartet&nbsp;<\/p>\n<p>&nbsp; &nbsp; &nbsp; &nbsp; &nbsp; Tercero B&nbsp; &nbsp; &nbsp; D\u00aa Purificaci\u00f3n Ruiz L\u00f3pez D\u00aa&nbsp;<\/p>\n<p>&nbsp; &nbsp; &nbsp; &nbsp; &nbsp; Cuarto A&nbsp; &nbsp; &nbsp; &nbsp; D\u00aa Juana M\u00aa Galeote Benavides<\/p>\n<p>&nbsp; &nbsp; &nbsp; &nbsp; &nbsp; Cuarto B&nbsp; &nbsp; &nbsp; &nbsp; D\u00aa Mar Quesada Rodr\u00edguez<\/p>\n<p><strong>Tercer Ciclo Educaci\u00f3n Primaria:<\/strong><\/p>\n<p>&nbsp; &nbsp; &nbsp; &nbsp; &nbsp; Quinto A&nbsp; &nbsp; &nbsp; &nbsp;M\u00aa \u00c1ngeles Bol\u00edvar Puertas&nbsp;<\/p>\n<p>&nbsp; &nbsp; &nbsp; &nbsp; &nbsp; Quinto B&nbsp; &nbsp; &nbsp; &nbsp; D\u00aa Rosa M\u00aa Fr\u00edas S\u00e1nchez&nbsp; (Marina Chac\u00f3n Agea)<\/p>\n<p>&nbsp; &nbsp; &nbsp; &nbsp; &nbsp; Sexto A&nbsp; &nbsp; &nbsp; &nbsp; &nbsp; D\u00aa Beatriz Mac\u00edas Espinosa&nbsp;<\/p>\n<p>&nbsp; &nbsp; &nbsp; &nbsp; &nbsp; Sexto B&nbsp; &nbsp; &nbsp; &nbsp; &nbsp; D. Antonio Arenas Maestre<\/p>\n<p><strong>Especialistas:<\/strong><\/p>\n<p>&nbsp; &nbsp; &nbsp; &nbsp; &nbsp; Apoyo Primaria:&nbsp; &nbsp; &nbsp;M\u00aa Jos\u00e9 Blancas L\u00f3pez-Barajas<\/p>\n<p>&nbsp; &nbsp; &nbsp; &nbsp; &nbsp; Ingl\u00e9s:&nbsp; &nbsp; &nbsp; &nbsp; &nbsp; &nbsp; &nbsp; &nbsp; &nbsp; &nbsp; D\u00aa Inmaculada S\u00e1nchez Santa B\u00e1rbara<\/p>\n<p>&nbsp; &nbsp; &nbsp; &nbsp; &nbsp; Pedagog\u00eda Terap\u00e9utica (P.T.):&nbsp; &nbsp; &nbsp;D\u00aa M\u00aa \u00c1ngeles Domingo Zambudio<\/p>\n<p>&nbsp; &nbsp; &nbsp; &nbsp; &nbsp; Religi\u00f3n Cat\u00f3lica:&nbsp; &nbsp; &nbsp;D\u00aa Encarnaci\u00f3n Nievas Cazorla<\/p>\n<p>&nbsp; &nbsp; &nbsp; &nbsp; &nbsp; Religi\u00f3n Evang\u00e9lica:&nbsp; &nbsp; &nbsp;D\u00aa Yaiza Mar\u00edn Rom\u00e1n<\/p>\n<p>&nbsp; &nbsp; &nbsp; &nbsp; &nbsp; Ed. F\u00edsica:&nbsp; &nbsp; &nbsp;D\u00aa Inmaculada Arg\u00fcelles Calero&nbsp; &nbsp; &nbsp; &nbsp;<\/p>\n<p><strong>Equipo T\u00e9cnico de Orientaci\u00f3n Pedag\u00f3gica (E.O.E)<\/strong>:<\/p>\n<p>&nbsp; &nbsp; &nbsp; &nbsp; &nbsp; D\u00aa Carmen L\u00f3pez \u00c1lvarez&nbsp; &nbsp; &nbsp;M\u00e9dica<\/p>\n<p>&nbsp; &nbsp; &nbsp; &nbsp; &nbsp; D\u00aa Silvia Carretero Gonz\u00e1lez&nbsp; &nbsp; &nbsp;Orientadora<\/p>\n<p>&nbsp; &nbsp; &nbsp; &nbsp; &nbsp; D\u00aa Silvia Alc\u00e1zar Gonz\u00e1lez&nbsp; &nbsp; &nbsp;Logopeda<\/p>\n<p>&nbsp; &nbsp; &nbsp; &nbsp; &nbsp; D\u00aa M\u00aa Teresa S\u00e1nchez Hitos&nbsp; &nbsp; &nbsp;ATAL<\/p>\n<p><strong>Personal de Administraci\u00f3n y Servicios<\/strong>:<\/p>\n<p>&nbsp; &nbsp; &nbsp; &nbsp; &nbsp; D\u00aa Resurrecci\u00f3n P\u00e9rez Rojas,&nbsp; Monitora escolar<\/p>\n<p>&nbsp; &nbsp; &nbsp; &nbsp; &nbsp;D\u00aa Gloria Mu\u00f1oz Rodr\u00edguez, Bedel<\/p>\n<p>&nbsp; &nbsp; &nbsp; &nbsp; &nbsp; D\u00ba Luis Nieto S\u00e1nchez,&nbsp; &nbsp;Bedel<\/p>\n<p><strong>Otro Personal <\/strong>:<\/p>\n<p>&nbsp; &nbsp; &nbsp; &nbsp; &nbsp; D\u00aa Ana Adarve Molina, Monitora Escolar Apoyo<\/p>\n<h1 style=\"text-align: center\"><span style=\"color: #ff0000\"><strong>CURSO 18\/19<\/strong><\/span><\/h1>\n<p><strong>En el curso 2018\/19 el personal del Centro est\u00e1 compuesto por:<\/strong><\/p>\n<p>El <strong>Claustro de Profesores<\/strong> de este curso escolar se compone de los maestros y maestras que a continuaci\u00f3n se relacionan, distribuidos en los siguientes Ciclos:<\/p>\n<p>Educaci\u00f3n Infantil:&nbsp;<\/p>\n<p>&nbsp; &nbsp; &nbsp; &nbsp; &nbsp; 3 a\u00f1os A&nbsp; &nbsp; &nbsp;D\u00aa Montserrat Fern\u00e1ndez Castillo<\/p>\n<p>&nbsp; &nbsp; &nbsp; &nbsp; &nbsp; 3 a\u00f1os B&nbsp; &nbsp; &nbsp;D\u00aa M\u00aa Jos\u00e9 Molina Ruiz<\/p>\n<p>&nbsp; &nbsp; &nbsp; &nbsp; &nbsp; 4 a\u00f1os A&nbsp; &nbsp; &nbsp;D\u00aa M\u00aa Matilde Navarro Merino<\/p>\n<p>&nbsp; &nbsp; &nbsp; &nbsp; &nbsp; 4 a\u00f1os B&nbsp; &nbsp; &nbsp;D\u00aa M\u00aa Paz Salinas Velasco<\/p>\n<p>&nbsp; &nbsp; &nbsp; &nbsp; &nbsp; 5 a\u00f1os A&nbsp; &nbsp; &nbsp;D\u00aa Josefa Villegas Herrera<\/p>\n<p>&nbsp; &nbsp; &nbsp; &nbsp; &nbsp; 5 a\u00f1os B&nbsp; &nbsp; &nbsp;D\u00aa Concepci\u00f3n V\u00e1zquez Guerrero<\/p>\n<p>Primer Ciclo Educaci\u00f3n Primaria:<\/p>\n<p>&nbsp; &nbsp; &nbsp; &nbsp; &nbsp; Primero A&nbsp; &nbsp; D. Alonso Guerrero Rubio<\/p>\n<p>&nbsp; &nbsp; &nbsp; &nbsp; &nbsp; Primero B&nbsp; &nbsp; D\u00aa Carmen Molina Gonz\u00e1lez<\/p>\n<p>&nbsp; &nbsp; &nbsp; &nbsp; &nbsp; Segundo A&nbsp; &nbsp;D\u00aa Amalia Casta\u00f1o Bartet<\/p>\n<p>&nbsp; &nbsp; &nbsp; &nbsp; &nbsp; Segundo B&nbsp; &nbsp;D\u00aa Purificaci\u00f3n Ruiz L\u00f3pez<\/p>\n<p>Segundo Ciclo Educaci\u00f3n Primaria:<\/p>\n<p>&nbsp; &nbsp; &nbsp; &nbsp; &nbsp; Tercero A&nbsp; &nbsp; &nbsp; D\u00aa Juana M\u00aa Galeote Benavides<\/p>\n<p>&nbsp; &nbsp; &nbsp; &nbsp; &nbsp; Tercero B&nbsp; &nbsp; &nbsp; D\u00aa M\u00aa Carmen Casas Machado<\/p>\n<p>&nbsp; &nbsp; &nbsp; &nbsp; &nbsp; Cuarto A&nbsp; &nbsp; &nbsp; &nbsp;&nbsp;D\u00aa Josefa Hern\u00e1ndez Gil<\/p>\n<p>&nbsp; &nbsp; &nbsp; &nbsp; &nbsp; Cuarto B&nbsp; &nbsp; &nbsp; &nbsp; D\u00aa Manuela Pe\u00f1a Mart\u00edn<\/p>\n<p>Tercer Ciclo Educaci\u00f3n Primaria:<\/p>\n<p>&nbsp; &nbsp; &nbsp; &nbsp; &nbsp; Quinto A&nbsp; &nbsp; &nbsp; &nbsp; D\u00aa Beatriz Mac\u00edas Espinosa<\/p>\n<p>&nbsp; &nbsp; &nbsp; &nbsp; &nbsp; Quinto B&nbsp; &nbsp; &nbsp; &nbsp; D. Antonio Arenas Maestre<\/p>\n<p>&nbsp; &nbsp; &nbsp; &nbsp; &nbsp; Sexto A&nbsp; &nbsp; &nbsp; &nbsp; &nbsp; D\u00aa M\u00aa Jos\u00e9 Garc\u00eda Romero<\/p>\n<p>&nbsp; &nbsp; &nbsp; &nbsp; &nbsp; Sexto B&nbsp; &nbsp; &nbsp; &nbsp; &nbsp; D\u00aa Rosa M\u00aa Fr\u00edas S\u00e1nchez<\/p>\n<p>Especialistas:<\/p>\n<p>&nbsp; &nbsp; &nbsp; &nbsp; &nbsp; Apoyo Primaria:&nbsp; &nbsp; &nbsp;M\u00aa Jos\u00e9 Blancas L\u00f3pez-Barajas<\/p>\n<p>&nbsp; &nbsp; &nbsp; &nbsp; &nbsp; Ingl\u00e9s:&nbsp; &nbsp; &nbsp; &nbsp; &nbsp; &nbsp; &nbsp; &nbsp; &nbsp; &nbsp; D\u00aa Inmaculada S\u00e1nchez Santa B\u00e1rbara<\/p>\n<p>&nbsp; &nbsp; &nbsp; &nbsp; &nbsp; Pedagog\u00eda Terap\u00e9utica (P.T.):&nbsp; &nbsp; &nbsp;D\u00aa M\u00aa \u00c1ngeles Domingo Zambudio<\/p>\n<p>&nbsp; &nbsp; &nbsp; &nbsp; &nbsp; Religi\u00f3n Cat\u00f3lica:&nbsp; &nbsp; &nbsp;D\u00aa Encarnaci\u00f3n Nievas Cazorla<\/p>\n<p>&nbsp; &nbsp; &nbsp; &nbsp; &nbsp; Religi\u00f3n Evang\u00e9lica:&nbsp; &nbsp; &nbsp;D\u00aa Yaiza Mar\u00edn Rom\u00e1n<\/p>\n<p>&nbsp; &nbsp; &nbsp; &nbsp; &nbsp; Ed. F\u00edsica:&nbsp; &nbsp; &nbsp;D\u00aa Inmaculada Arg\u00fcelles Calero<\/p>\n<p>&nbsp; &nbsp; &nbsp; &nbsp; &nbsp; &nbsp; &nbsp; &nbsp; &nbsp; &nbsp; &nbsp; &nbsp; &nbsp; &nbsp; &nbsp; &nbsp; D. Eugenio Ramos Coca<\/p>\n<p><strong>Equipo T\u00e9cnico de Orientaci\u00f3n Pedag\u00f3gica (E.O.E)<\/strong>:<\/p>\n<p>&nbsp; &nbsp; &nbsp; &nbsp; &nbsp; D\u00aa Carmen L\u00f3pez \u00c1lvarez&nbsp; &nbsp; &nbsp;M\u00e9dica<\/p>\n<p>&nbsp; &nbsp; &nbsp; &nbsp; &nbsp; D\u00aa Silvia Carretero Gonz\u00e1lez&nbsp; &nbsp; &nbsp;Orientadora<\/p>\n<p>&nbsp; &nbsp; &nbsp; &nbsp; &nbsp; D\u00aa Silvia Alc\u00e1zar Gonz\u00e1lez&nbsp; &nbsp; &nbsp;Logopeda<\/p>\n<p>&nbsp; &nbsp; &nbsp; &nbsp; &nbsp; D\u00aa M\u00aa Teresa S\u00e1nchez Hitos&nbsp; &nbsp; &nbsp;ATAL<\/p>\n<p><strong>Personal de Administraci\u00f3n y Servicios<\/strong>:<\/p>\n<p>&nbsp; &nbsp; &nbsp; &nbsp; &nbsp; D\u00aa Resurrecci\u00f3n P\u00e9rez Rojas&nbsp; &nbsp; Monitora escolar<\/p>\n<p>&nbsp; &nbsp; &nbsp; &nbsp; &nbsp; D. Luis Nieto S\u00e1nchez&nbsp; &nbsp; &nbsp;Bedel<\/p>\n<p><strong>Otro Personal <\/strong>:<\/p>\n<p>&nbsp; &nbsp; &nbsp; &nbsp; &nbsp; D\u00aa Ana Adarve Molina&nbsp; &nbsp; &nbsp;Monitora Escolar Apoyo<\/p>\n<p>&nbsp;<\/p>\n<p>CURSO 18\/19<\/p>\n<p>El personal del Centro est\u00e1 compuesto por:<\/p>\n<p>El <strong>Claustro de Profesores<\/strong> de este curso escolar se compone de los maestros y maestras que a continuaci\u00f3n se relacionan, distribuidos en los siguientes Ciclos:<\/p>\n<p>Educaci\u00f3n Infantil:&nbsp;<\/p>\n<p>&nbsp; &nbsp; &nbsp; &nbsp; &nbsp; 3 a\u00f1os A&nbsp; &nbsp; &nbsp;D\u00aa Montserrat Fern\u00e1ndez Castillo<\/p>\n<p>&nbsp; &nbsp; &nbsp; &nbsp; &nbsp; 3 a\u00f1os B&nbsp; &nbsp; &nbsp;D\u00aa M\u00aa Jos\u00e9 Molina Ruiz<\/p>\n<p>&nbsp; &nbsp; &nbsp; &nbsp; &nbsp; 4 a\u00f1os A&nbsp; &nbsp; &nbsp;D\u00aa M\u00aa Matilde Navarro Merino<\/p>\n<p>&nbsp; &nbsp; &nbsp; &nbsp; &nbsp; 4 a\u00f1os B&nbsp; &nbsp; &nbsp;D\u00aa M\u00aa Paz Salinas Velasco<\/p>\n<p>&nbsp; &nbsp; &nbsp; &nbsp; &nbsp; 5 a\u00f1os A&nbsp; &nbsp; &nbsp;D\u00aa Josefa Villegas Herrera<\/p>\n<p>&nbsp; &nbsp; &nbsp; &nbsp; &nbsp; 5 a\u00f1os B&nbsp; &nbsp; &nbsp;D\u00aa Concepci\u00f3n V\u00e1zquez Guerrero<\/p>\n<p>Primer Ciclo Educaci\u00f3n Primaria:<\/p>\n<p>&nbsp; &nbsp; &nbsp; &nbsp; &nbsp; Primero A&nbsp; &nbsp; D. Alonso Guerrero Rubio<\/p>\n<p>&nbsp; &nbsp; &nbsp; &nbsp; &nbsp; Primero B&nbsp; &nbsp; D\u00aa Carmen Molina Gonz\u00e1lez<\/p>\n<p>&nbsp; &nbsp; &nbsp; &nbsp; &nbsp; Segundo A&nbsp; &nbsp;D\u00aa Amalia Casta\u00f1o Bartet<\/p>\n<p>&nbsp; &nbsp; &nbsp; &nbsp; &nbsp; Segundo B&nbsp; &nbsp;D\u00aa Purificaci\u00f3n Ruiz L\u00f3pez<\/p>\n<p>Segundo Ciclo Educaci\u00f3n Primaria:<\/p>\n<p>&nbsp; &nbsp; &nbsp; &nbsp; &nbsp; Tercero A&nbsp; &nbsp; &nbsp; D\u00aa Juana M\u00aa Galeote Benavides<\/p>\n<p>&nbsp; &nbsp; &nbsp; &nbsp; &nbsp; Tercero B&nbsp; &nbsp; &nbsp; D\u00aa M\u00aa Carmen Casas Machado<\/p>\n<p>&nbsp; &nbsp; &nbsp; &nbsp; &nbsp; Cuarto A&nbsp; &nbsp; &nbsp; &nbsp;&nbsp;D\u00aa Josefa Hern\u00e1ndez Gil<\/p>\n<p>&nbsp; &nbsp; &nbsp; &nbsp; &nbsp; Cuarto B&nbsp; &nbsp; &nbsp; &nbsp; D\u00aa Manuela Pe\u00f1a Mart\u00edn<\/p>\n<p>Tercer Ciclo Educaci\u00f3n Primaria:<\/p>\n<p>&nbsp; &nbsp; &nbsp; &nbsp; &nbsp; Quinto A&nbsp; &nbsp; &nbsp; &nbsp; D\u00aa Beatriz Mac\u00edas Espinosa<\/p>\n<p>&nbsp; &nbsp; &nbsp; &nbsp; &nbsp; Quinto B&nbsp; &nbsp; &nbsp; &nbsp; D. Antonio Arenas Maestre<\/p>\n<p>&nbsp; &nbsp; &nbsp; &nbsp; &nbsp; Sexto A&nbsp; &nbsp; &nbsp; &nbsp; &nbsp; D\u00aa M\u00aa Jos\u00e9 Garc\u00eda Romero<\/p>\n<p>&nbsp; &nbsp; &nbsp; &nbsp; &nbsp; Sexto B&nbsp; &nbsp; &nbsp; &nbsp; &nbsp; D\u00aa Rosa M\u00aa Fr\u00edas S\u00e1nchez<\/p>\n<p>Especialistas:<\/p>\n<p>&nbsp; &nbsp; &nbsp; &nbsp; &nbsp; Apoyo Primaria:&nbsp; &nbsp; &nbsp;M\u00aa Jos\u00e9 Blancas L\u00f3pez-Barajas<\/p>\n<p>&nbsp; &nbsp; &nbsp; &nbsp; &nbsp; Ingl\u00e9s:&nbsp; &nbsp; &nbsp; &nbsp; &nbsp; &nbsp; &nbsp; &nbsp; &nbsp; &nbsp; D\u00aa Inmaculada S\u00e1nchez Santa B\u00e1rbara<\/p>\n<p>&nbsp; &nbsp; &nbsp; &nbsp; &nbsp; Pedagog\u00eda Terap\u00e9utica (P.T.):&nbsp; &nbsp; &nbsp;D\u00aa M\u00aa \u00c1ngeles Domingo Zambudio<\/p>\n<p>&nbsp; &nbsp; &nbsp; &nbsp; &nbsp; Religi\u00f3n Cat\u00f3lica:&nbsp; &nbsp; &nbsp;D\u00aa Encarnaci\u00f3n Nievas Cazorla<\/p>\n<p>&nbsp; &nbsp; &nbsp; &nbsp; &nbsp; Religi\u00f3n Evang\u00e9lica:&nbsp; &nbsp; &nbsp;D\u00aa Yaiza Mar\u00edn Rom\u00e1n<\/p>\n<p>&nbsp; &nbsp; &nbsp; &nbsp; &nbsp; Ed. F\u00edsica:&nbsp; &nbsp; &nbsp;D\u00aa Inmaculada Arg\u00fcelles Calero<\/p>\n<p>&nbsp; &nbsp; &nbsp; &nbsp; &nbsp; &nbsp; &nbsp; &nbsp; &nbsp; &nbsp; &nbsp; &nbsp; &nbsp; &nbsp; &nbsp; &nbsp; D. Eugenio Ramos Coca<\/p>\n<p><strong>Equipo T\u00e9cnico de Orientaci\u00f3n Pedag\u00f3gica (E.O.E)<\/strong>:<\/p>\n<p>&nbsp; &nbsp; &nbsp; &nbsp; &nbsp; D\u00aa Carmen L\u00f3pez \u00c1lvarez&nbsp; &nbsp; &nbsp;M\u00e9dica<\/p>\n<p>&nbsp; &nbsp; &nbsp; &nbsp; &nbsp; D\u00aa Silvia Carretero Gonz\u00e1lez&nbsp; &nbsp; &nbsp;Orientadora<\/p>\n<p>&nbsp; &nbsp; &nbsp; &nbsp; &nbsp; D\u00aa Silvia Alc\u00e1zar Gonz\u00e1lez&nbsp; &nbsp; &nbsp;Logopeda<\/p>\n<p>&nbsp; &nbsp; &nbsp; &nbsp; &nbsp; D\u00aa M\u00aa Teresa S\u00e1nchez Hitos&nbsp; &nbsp; &nbsp;ATAL<\/p>\n<p><strong>Personal de Administraci\u00f3n y Servicios<\/strong>:<\/p>\n<p>&nbsp; &nbsp; &nbsp; &nbsp; &nbsp; D\u00aa Resurrecci\u00f3n P\u00e9rez Rojas&nbsp; &nbsp; &nbsp;Administrativa<\/p>\n<p>&nbsp; &nbsp; &nbsp; &nbsp; &nbsp; D. Luis Nieto S\u00e1nchez&nbsp; &nbsp; &nbsp;Bedel<\/p>\n<p><strong>Otro Personal Docente<\/strong>:<\/p>\n<p>&nbsp; &nbsp; &nbsp; &nbsp; &nbsp; D\u00aa Ana Adarve Molina&nbsp; &nbsp; &nbsp;Monitora Escolar Apoyo<\/p>\n","protected":false},"excerpt":{"rendered":"<p>CURSO 22\/23 En el curso 2022\/23&nbsp;el personal del Centro est\u00e1 compuesto por: El Claustro de Profesores de este curso escolar se compone de los maestros y maestras que a continuaci\u00f3n se relacionan, distribuidos en&#46;&#46;&#46;<\/p>\n","protected":false},"author":1,"featured_media":0,"parent":0,"menu_order":0,"comment_status":"open","ping_status":"open","template":"page-templates\/child-menu.php","meta":{"ngg_post_thumbnail":0,"footnotes":"","_mc_calendar":[]},"aioseo_notices":[],"_links":{"self":[{"href":"https:\/\/blogsaverroes.juntadeandalucia.es\/ceipptiernogalvangr\/wp-json\/wp\/v2\/pages\/141"}],"collection":[{"href":"https:\/\/blogsaverroes.juntadeandalucia.es\/ceipptiernogalvangr\/wp-json\/wp\/v2\/pages"}],"about":[{"href":"https:\/\/blogsaverroes.juntadeandalucia.es\/ceipptiernogalvangr\/wp-json\/wp\/v2\/types\/page"}],"author":[{"embeddable":true,"href":"https:\/\/blogsaverroes.juntadeandalucia.es\/ceipptiernogalvangr\/wp-json\/wp\/v2\/users\/1"}],"replies":[{"embeddable":true,"href":"https:\/\/blogsaverroes.juntadeandalucia.es\/ceipptiernogalvangr\/wp-json\/wp\/v2\/comments?post=141"}],"version-history":[{"count":12,"href":"https:\/\/blogsaverroes.juntadeandalucia.es\/ceipptiernogalvangr\/wp-json\/wp\/v2\/pages\/141\/revisions"}],"predecessor-version":[{"id":4232,"href":"https:\/\/blogsaverroes.juntadeandalucia.es\/ceipptiernogalvangr\/wp-json\/wp\/v2\/pages\/141\/revisions\/4232"}],"wp:attachment":[{"href":"https:\/\/blogsaverroes.juntadeandalucia.es\/ceipptiernogalvangr\/wp-json\/wp\/v2\/media?parent=141"}],"curies":[{"name":"wp","href":"https:\/\/api.w.org\/{rel}","templated":true}]}}