{"id":77,"date":"2015-03-16T06:54:56","date_gmt":"2015-03-16T06:54:56","guid":{"rendered":"http:\/\/blogsaverroes.juntadeandalucia.es\/pre\/ceip\/?page_id=77"},"modified":"2022-12-05T10:46:21","modified_gmt":"2022-12-05T10:46:21","slug":"secretaria","status":"publish","type":"page","link":"https:\/\/blogsaverroes.juntadeandalucia.es\/ceipptiernogalvangr\/secretaria\/","title":{"rendered":"SECRETAR\u00cdA"},"content":{"rendered":"<h3 style=\"text-align: justify\">&nbsp; &nbsp; &nbsp;La <strong>Secretar\u00eda<\/strong> desarrolla muchas funciones importantes en la vida de un centro, especialmente en la relaci\u00f3n que mantiene con las familias en los diferentes tr\u00e1mites administrativos a lo largo de la escolarizaci\u00f3n: admisi\u00f3n, matr\u00edcula, comedor escolar, becas, etc.<\/h3>\n<h3 style=\"text-align: justify\">&nbsp; &nbsp; &nbsp;Estar\u00e1 a su disposici\u00f3n para cualquier tr\u00e1mite a realizar desde las 9:00 hasta las 13:30 horas de la ma\u00f1ana.&nbsp;<\/h3>\n<h3 style=\"text-align: justify\">&nbsp; &nbsp; &nbsp;Esperamos atenderles con la mayor&nbsp; <strong>transparencia, agilidad y eficiencia.<\/strong><\/h3>\n<h1 style=\"text-align: center\"><span style=\"color: #000080\">CURSO 22-23<\/span><iframe loading=\"lazy\" src=\"https:\/\/drive.google.com\/file\/d\/1wOSFdikbPlsUlipbXiTvuLbkzDpYtvJn\/preview\" width=\"640\" height=\"480\"><\/iframe><\/h1>\n<p>&nbsp;<\/p>\n<h1 style=\"text-align: center\"><span style=\"color: #000080\">CURSO 21-22<\/span><\/h1>\n<p>&nbsp;<a title=\"servicios complementarios\" href=\"https:\/\/drive.google.com\/file\/d\/1ll0iMH0ER-ADkeXfxGtNVuIhsEDsxIHF\/view?usp=sharing\" target=\"_blank\" rel=\"noopener noreferrer\"> &nbsp;Servicios complementarios: aula matinal, comedor y actividades extraescolares<\/a><\/p>\n<h1 style=\"text-align: center\"><span style=\"color: #000080\">CURSO 20-21<\/span><\/h1>\n<h3 style=\"text-align: center\"><span style=\"color: #ff0000\">CALENDARIO ESCOLAR<\/span><\/h3>\n<p style=\"text-align: center\">[googleapps domain=\u00bbdrive\u00bb dir=\u00bbfile\/d\/1VNkz1unodWGPRy94069zEYIi0tfa7EY5\/preview\u00bb query=\u00bb\u00bb width=\u00bb640&#8243; height=\u00bb480&#8243; \/]<\/p>\n<h3 style=\"text-align: center\"><span style=\"color: #0000ff\">PLANIFICACI\u00d3N FINAL DE TRIMESTRES<\/span><\/h3>\n<p style=\"text-align: center\">[googleapps domain=\u00bbdrive\u00bb dir=\u00bbfile\/d\/1EmOnCgCw_QhzZ_Y-rzZdiZoNyIXZxUIJ\/preview\u00bb query=\u00bb\u00bb width=\u00bb640&#8243; height=\u00bb480&#8243; \/]<\/p>\n<p style=\"text-align: center\">[googleapps domain=\u00bbdrive\u00bb dir=\u00bbfile\/d\/1CEOdffIbTQ5A3p7yiDDSmwYpQgOWlA07\/preview\u00bb query=\u00bb\u00bb width=\u00bb640&#8243; height=\u00bb480&#8243; \/]<\/p>\n<p style=\"text-align: center\">[googleapps domain=\u00bbdrive\u00bb dir=\u00bbfile\/d\/1xVaCZkYwa6K1DYd3SYLRHeXNsu2xx6yx\/preview\u00bb query=\u00bb\u00bb width=\u00bb640&#8243; height=\u00bb480&#8243; \/]<\/p>\n<h3 style=\"text-align: center\"><span style=\"color: #008000\">ESCOLARIZACI\u00d3N<\/span><\/h3>\n<p style=\"text-align: center\">[googleapps domain=\u00bbdrive\u00bb dir=\u00bbfile\/d\/15DhqQAbxSE-xlSU1oE60Gt25YvIk65_D\/preview\u00bb query=\u00bb\u00bb width=\u00bb640&#8243; height=\u00bb480&#8243; \/]<\/p>\n<h4 style=\"text-align: center\"><span style=\"color: #339966\">CALENDARIO DEL PROCESO DE ESCOLARIZACI\u00d3N&nbsp;<\/span><\/h4>\n<p style=\"text-align: center\">[googleapps domain=\u00bbdrive\u00bb dir=\u00bbfile\/d\/138kj-8OIeZ1VRnVrXrEGHpbEnJfzOWQv\/preview\u00bb query=\u00bb\u00bb width=\u00bb640&#8243; height=\u00bb480&#8243; \/]<\/p>\n","protected":false},"excerpt":{"rendered":"<p>&nbsp; &nbsp; &nbsp;La Secretar\u00eda desarrolla muchas funciones importantes en la vida de un centro, especialmente en la relaci\u00f3n que mantiene con las familias en los diferentes tr\u00e1mites administrativos a lo largo de la escolarizaci\u00f3n:&#46;&#46;&#46;<\/p>\n","protected":false},"author":1,"featured_media":0,"parent":0,"menu_order":0,"comment_status":"open","ping_status":"open","template":"page-templates\/child-menu.php","meta":{"ngg_post_thumbnail":0,"footnotes":"","_mc_calendar":[]},"aioseo_notices":[],"_links":{"self":[{"href":"https:\/\/blogsaverroes.juntadeandalucia.es\/ceipptiernogalvangr\/wp-json\/wp\/v2\/pages\/77"}],"collection":[{"href":"https:\/\/blogsaverroes.juntadeandalucia.es\/ceipptiernogalvangr\/wp-json\/wp\/v2\/pages"}],"about":[{"href":"https:\/\/blogsaverroes.juntadeandalucia.es\/ceipptiernogalvangr\/wp-json\/wp\/v2\/types\/page"}],"author":[{"embeddable":true,"href":"https:\/\/blogsaverroes.juntadeandalucia.es\/ceipptiernogalvangr\/wp-json\/wp\/v2\/users\/1"}],"replies":[{"embeddable":true,"href":"https:\/\/blogsaverroes.juntadeandalucia.es\/ceipptiernogalvangr\/wp-json\/wp\/v2\/comments?post=77"}],"version-history":[{"count":10,"href":"https:\/\/blogsaverroes.juntadeandalucia.es\/ceipptiernogalvangr\/wp-json\/wp\/v2\/pages\/77\/revisions"}],"predecessor-version":[{"id":4235,"href":"https:\/\/blogsaverroes.juntadeandalucia.es\/ceipptiernogalvangr\/wp-json\/wp\/v2\/pages\/77\/revisions\/4235"}],"wp:attachment":[{"href":"https:\/\/blogsaverroes.juntadeandalucia.es\/ceipptiernogalvangr\/wp-json\/wp\/v2\/media?parent=77"}],"curies":[{"name":"wp","href":"https:\/\/api.w.org\/{rel}","templated":true}]}}