{"id":871,"date":"2015-03-16T07:25:46","date_gmt":"2015-03-16T07:25:46","guid":{"rendered":"http:\/\/blogsaverroes.juntadeandalucia.es\/pre\/ceip\/?page_id=106"},"modified":"2022-12-05T09:15:50","modified_gmt":"2022-12-05T09:15:50","slug":"actividades-extraescolares","status":"publish","type":"page","link":"https:\/\/blogsaverroes.juntadeandalucia.es\/ceipptiernogalvangr\/actividades-extraescolares\/","title":{"rendered":"ACTIVIDADES EXTRAESCOLARES"},"content":{"rendered":"<h3><em><span style=\"color: #ff0000\">LAS ACTIVIDADES EXTRAESCOLARES<\/span><\/em><\/h3>\n<p style=\"text-align: left\"><a href=\"http:\/\/blogsaverroes.juntadeandalucia.es\/temahueman\/files\/2015\/03\/talleres.jpg\"><img loading=\"lazy\" decoding=\"async\" class=\" alignnone wp-image-228 size-medium alignleft\" src=\"http:\/\/blogsaverroes.juntadeandalucia.es\/temahueman\/files\/2015\/03\/talleres-300x199.jpg\" alt=\"\" width=\"300\" height=\"199\" srcset=\"https:\/\/blogsaverroes.juntadeandalucia.es\/ceipptiernogalvangr\/files\/2015\/03\/talleres-300x199.jpg 300w, https:\/\/blogsaverroes.juntadeandalucia.es\/ceipptiernogalvangr\/files\/2015\/03\/talleres-1024x682.jpg 1024w, https:\/\/blogsaverroes.juntadeandalucia.es\/ceipptiernogalvangr\/files\/2015\/03\/talleres.jpg 1280w\" sizes=\"(max-width: 300px) 100vw, 300px\" \/><\/a>Las <strong>actividades extraescolares<\/strong> tienen lugar en horario de tarde, hasta las 18.00, y abarcan aspectos como la lectura, el deporte, la m\u00fasica, la inform\u00e1tica, los idiomas, la danza o el teatro, entre otras actividades l\u00fadicas y formativas.<\/p>\n<p>Para hacer posible la realizaci\u00f3n de estas actividades fuera del horario lectivo, los centros pueden abrir sus instalaciones hasta las 18.00 todos los d\u00edas lectivos con excepci\u00f3n de los viernes, en los que el cierre se establece a las 16.00.<\/p>\n<p>Actualmente la empresa que se encarga de organizar y poner en pr\u00e1ctica estas actividades es DEDI, a lo largo de los a\u00f1os que lleva con nosotros ha demostrado su profesionalidad y seriedad en el desarrollo de las mismas.&nbsp;<\/p>\n<p>El centro oferta un amplio abanico&nbsp; de actividades, pero se necesita una demanda m\u00ednima de diez solicitantes para que se pueda llevar a cabo. Si durante un mes, el n\u00famero de usuarios medio por d\u00eda de una actividad extraescolar fuera inferior a la ratio anterior, la direcci\u00f3n del centro notificar\u00e1 a los padres\/madres\/tutores\/as del usuario que dicha actividad dejar\u00e1 de ofertarse a partir del mes siguiente.<\/p>\n<p>Se ofrece la posibilidad de realizar las siguientes actividades:<\/p>\n<ul style=\"list-style-type: square\">\n<li><strong><span style=\"color: #000080\">AJEDREZ<\/span><\/strong><\/li>\n<li><strong><span style=\"color: #000080\">ATLETISMO<\/span><\/strong><\/li>\n<li><strong><span style=\"color: #000080\">BAILE<\/span><\/strong><\/li>\n<li><strong><span style=\"color: #000080\">BAL\u00d3NMANO<\/span><\/strong><\/li>\n<li><strong><span style=\"color: #000080\">F\u00daTBOL<\/span><\/strong><\/li>\n<li><span style=\"color: #000080\"><strong>HERRAMIENTAS DE GOOGLE<\/strong><\/span><\/li>\n<li><strong><span style=\"color: #000080\">INGL\u00c9S<\/span><\/strong><\/li>\n<li><strong><span style=\"color: #000080\">PATINAJE<\/span><\/strong><\/li>\n<li><strong><span style=\"color: #000080\">PINTURA<\/span><\/strong><\/li>\n<li><strong><span style=\"color: #000080\">P.R.D. (Programaci\u00f3n y rob\u00f3tica)<\/span><\/strong><\/li>\n<li><strong><span style=\"color: #000080\">TEATRO<\/span><\/strong><\/li>\n<li><span style=\"color: #000080\"><strong>COCINA<\/strong><\/span><\/li>\n<\/ul>\n<p>Recuerden que<span style=\"color: #0000ff\"><b> antes del 30 de septiembre<\/b><\/span>&nbsp;deber\u00e1n ratificar si quieren que sus hijos\/as comiencen con las actividades extraescolares, para ello comunicar\u00e1n en el centro que actividad o actividades han elegido para este curso. Pueden hacerlo llamando por tel\u00e9fono, mediante correo electr\u00f3nico o, si no pudiera ser de otra forma, present\u00e1ndose en secretar\u00eda.<\/p>\n<div>El horario para su desarrollo ser\u00e1 como siempre,<b>&nbsp;<span style=\"color: #0000ff\">de lunes a jueves de 16:00h a 17:00 h<\/span><\/b> y el horario de&nbsp; las actividades que se ofertaron en junio ser\u00eda:<\/div>\n<div>&nbsp; &nbsp; &nbsp;&#8211; <strong><span style=\"color: #ff0000\">LUNES y MI\u00c9RCOLES<\/span><\/strong>, podr\u00e1n elegir entre:<strong> F\u00daTBOL. BAILE, INGL\u00c9S, COCINA Y ROB\u00d3TICA ( de 17:00 a 18:00).<\/strong><\/div>\n<div>&nbsp; &nbsp; &nbsp;&#8211; <strong><span style=\"color: #ff0000\">MARTES y JUEVES<\/span><\/strong>, podr\u00e1n elegir entre:<strong> PATINAJE Y ATLETISMO.<\/strong><\/div>\n<p>&nbsp;<\/p>\n<p>&nbsp;<\/p>\n<p>&nbsp;<\/p>\n<p>&nbsp;<\/p>\n<p>&nbsp;<\/p>\n<p>&nbsp;<\/p>\n<p>Talleres<\/p>\n<p>Horarios<\/p>\n<p>Solicitudes<\/p>\n<p>Precios<\/p>\n","protected":false},"excerpt":{"rendered":"<p>LAS ACTIVIDADES EXTRAESCOLARES Las actividades extraescolares tienen lugar en horario de tarde, hasta las 18.00, y abarcan aspectos como la lectura, el deporte, la m\u00fasica, la inform\u00e1tica, los idiomas, la danza o el teatro,&#46;&#46;&#46;<\/p>\n","protected":false},"author":1,"featured_media":0,"parent":0,"menu_order":0,"comment_status":"open","ping_status":"open","template":"page-templates\/child-menu.php","meta":{"ngg_post_thumbnail":0,"footnotes":"","_mc_calendar":[]},"aioseo_notices":[],"_links":{"self":[{"href":"https:\/\/blogsaverroes.juntadeandalucia.es\/ceipptiernogalvangr\/wp-json\/wp\/v2\/pages\/871"}],"collection":[{"href":"https:\/\/blogsaverroes.juntadeandalucia.es\/ceipptiernogalvangr\/wp-json\/wp\/v2\/pages"}],"about":[{"href":"https:\/\/blogsaverroes.juntadeandalucia.es\/ceipptiernogalvangr\/wp-json\/wp\/v2\/types\/page"}],"author":[{"embeddable":true,"href":"https:\/\/blogsaverroes.juntadeandalucia.es\/ceipptiernogalvangr\/wp-json\/wp\/v2\/users\/1"}],"replies":[{"embeddable":true,"href":"https:\/\/blogsaverroes.juntadeandalucia.es\/ceipptiernogalvangr\/wp-json\/wp\/v2\/comments?post=871"}],"version-history":[{"count":9,"href":"https:\/\/blogsaverroes.juntadeandalucia.es\/ceipptiernogalvangr\/wp-json\/wp\/v2\/pages\/871\/revisions"}],"predecessor-version":[{"id":4227,"href":"https:\/\/blogsaverroes.juntadeandalucia.es\/ceipptiernogalvangr\/wp-json\/wp\/v2\/pages\/871\/revisions\/4227"}],"wp:attachment":[{"href":"https:\/\/blogsaverroes.juntadeandalucia.es\/ceipptiernogalvangr\/wp-json\/wp\/v2\/media?parent=871"}],"curies":[{"name":"wp","href":"https:\/\/api.w.org\/{rel}","templated":true}]}}