{"id":1051,"date":"2024-01-30T10:13:44","date_gmt":"2024-01-30T09:13:44","guid":{"rendered":"https:\/\/blogsaverroes.juntadeandalucia.es\/ceippurisimaconcepcion\/?page_id=1051"},"modified":"2024-04-02T12:18:07","modified_gmt":"2024-04-02T11:18:07","slug":"descripcion-plan-de-apertura","status":"publish","type":"page","link":"https:\/\/blogsaverroes.juntadeandalucia.es\/ceippurisimaconcepcion\/descripcion-plan-de-apertura\/","title":{"rendered":"Descripci\u00f3n plan de apertura"},"content":{"rendered":"<p><span style=\"color: #000080\">Estos son los servicios del Plan de apertura de los que dispone el centro:<\/span><\/p>\n<p><strong><span style=\"color: #000080\">AULA MATINAL<\/span><\/strong><\/p>\n<p><span style=\"color: #000080\"><span class=\"C9DxTc \">El horario del Aula Matinal comienza a las&nbsp;<\/span><span class=\"C9DxTc \">7:30 y termina a las 8:45.<\/span><\/span><\/p>\n<p><span style=\"color: #000080\"><span class=\"C9DxTc \">Las monitoras de aula matinal suelen hacer <\/span><span class=\"C9DxTc \">manualidades, peque\u00f1os juegos, desayunar, repasar<\/span><span class=\"C9DxTc \">&nbsp;contenidos curriculares\u2026El alumnado puede llevar su desayuno al aula matinal, procurando siempre que sea lo m\u00e1s saludable posible.&nbsp;<\/span><\/span><\/p>\n<p><span style=\"color: #000080\">El cargo de los recibos se realizar\u00e1&nbsp;<strong>a mes vencido sobre la primera quincena de cada mes, mediante domiciliaci\u00f3n bancaria<\/strong>&nbsp;al n\u00famero de cuenta que se haya incluido en la solicitud del servicio.<strong>&nbsp;<\/strong><span class=\"C9DxTc \">El precio para el curso escolar 2023\/2024 es de 17,51\u20ac mes. Los d\u00edas sueltos salen a 1,33\u20ac. Este servicio est\u00e1 sujeto a bonificaciones por parte de la Consejer\u00eda de Desarrollo Educativo y Formaci\u00f3n Profesional.<\/span><span class=\"C9DxTc \">&nbsp;<\/span>Las solicitudes de bonificaci\u00f3n para el servicio del aula matinal deber\u00e1n presentarse del<strong>&nbsp;1 al 7 de septiembre,&nbsp;<\/strong>o en los<strong>&nbsp;tres d\u00edas naturales siguientes&nbsp;<\/strong>a la admisi\u00f3n en el servicio del aula matinal, si \u00e9sta se produjera durante el curso escolar.&nbsp;<\/span><\/p>\n<p><span style=\"color: #000080\"><strong>COMEDOR<\/strong><\/span><\/p>\n<p class=\"zfr3Q CDt4Ke \" dir=\"ltr\"><span style=\"color: #000080\"><span class=\"C9DxTc \">El servicio de comedor escolar ofrece comida diaria (dos platos, pan, agua y postre),&nbsp; servida&nbsp; por el catering Aramark, contratado por la Junta de Andaluc\u00eda. <\/span><span class=\"C9DxTc \">La empresa de catering que presta el servicio ofrece un men\u00fa saludable que siempre tendr\u00e1s a mano en esta misma p\u00e1gina web o en la de la empresa.<\/span><\/span><\/p>\n<p class=\"zfr3Q CDt4Ke \" dir=\"ltr\"><span style=\"color: #000080\"><a class=\"XqQF9c\" style=\"color: #000080\" href=\"https:\/\/www.aramark.es\/sectores\/educacion\/colegios\" target=\"_blank\" rel=\"noopener noreferrer\"><span class=\"C9DxTc aw5Odc \">https:\/\/www.aramark.es\/sectores\/educacion\/colegios<\/span><\/a><\/span><\/p>\n<p dir=\"ltr\"><span style=\"color: #000080\">El horario de comedor comienza a las 14:00 horas y termina a las 16:00 horas.<\/span><\/p>\n<p dir=\"ltr\"><span style=\"color: #000080\"><span class=\"C9DxTc \">El precio es de de&nbsp; 4,98\u20ac\/ d\u00eda. Se puede solicitar para d\u00eda sueltos. Este servicio est\u00e1 sujeto a bonificaciones por parte de la Consejer\u00eda de Desarrollo Educativo y Formaci\u00f3n Profesional.<\/span><span class=\"C9DxTc \">&nbsp;<\/span><span class=\"C9DxTc \">Es&nbsp;<\/span><span class=\"C9DxTc \">necesario&nbsp;<\/span><span class=\"C9DxTc \">avisar con tres d\u00edas de antelaci\u00f3n<\/span><span class=\"C9DxTc \"> las ausencia a trav\u00e9s de la aplicaci\u00f3n para m\u00f3viles de la propia empresa. El cargo de los recibos se realizar\u00e1&nbsp;<strong>a mes vencido sobre la primera quincena de cada mes, mediante domiciliaci\u00f3n bancaria<\/strong>. Las solicitudes de bonificaci\u00f3n para el servicio del comedor escolar deber\u00e1n presentarse del<strong>&nbsp;1 al 7 de septiembre,&nbsp;<\/strong>o en los<strong>&nbsp;tres d\u00edas naturales siguientes&nbsp;<\/strong>a la admisi\u00f3n en el servicio del comedor, si \u00e9sta se produjera durante l curso escolar.<\/span><\/span><\/p>\n<p dir=\"ltr\"><span style=\"color: #000080\">El alumnado causar\u00e1 baja cuando se produzca el&nbsp;<strong>impago de dos recibos<\/strong>&nbsp;o cuando&nbsp;<strong>no se utilice el servicio&nbsp;<\/strong>durante 5 d\u00edas consecutivos sin causa justificada.<\/span><\/p>\n<p dir=\"ltr\"><span style=\"color: #000080\"><strong>ACTIVIDADES EXTRAESCOLARES<\/strong><\/span><\/p>\n<p dir=\"ltr\"><span style=\"color: #000080\">Las actividades extraaescolares se desarrolllan de ocrtubre a mayo en horario de tarde. Para este curso la oferta es artes pla\u00b4sticas, teatro, ingl\u00e9s y apoyo educativo.<\/span><\/p>\n<p dir=\"ltr\"><span style=\"color: #000080\">El precio de las actividades extraescolares para el curso 2023\/2024 es de 17,51 \u20ac.<\/span><\/p>\n<p dir=\"ltr\">&nbsp;<\/p>\n<p dir=\"ltr\">&nbsp;<\/p>\n<p>&nbsp;<\/p>\n","protected":false},"excerpt":{"rendered":"<p>Estos son los servicios del Plan de apertura de los que dispone el centro: AULA MATINAL El horario del Aula Matinal comienza a las&nbsp;7:30 y termina a las 8:45. Las monitoras de aula matinal suelen hacer manualidades, peque\u00f1os juegos, desayunar, repasar&nbsp;contenidos curriculares\u2026El alumnado puede llevar su desayuno al aula matinal, procurando siempre que sea lo [&hellip;]<\/p>\n","protected":false},"author":8435,"featured_media":0,"parent":0,"menu_order":0,"comment_status":"closed","ping_status":"closed","template":"","meta":{"_et_pb_use_builder":"","_et_pb_old_content":"","_et_gb_content_width":"","footnotes":""},"aioseo_notices":[],"_links":{"self":[{"href":"https:\/\/blogsaverroes.juntadeandalucia.es\/ceippurisimaconcepcion\/wp-json\/wp\/v2\/pages\/1051"}],"collection":[{"href":"https:\/\/blogsaverroes.juntadeandalucia.es\/ceippurisimaconcepcion\/wp-json\/wp\/v2\/pages"}],"about":[{"href":"https:\/\/blogsaverroes.juntadeandalucia.es\/ceippurisimaconcepcion\/wp-json\/wp\/v2\/types\/page"}],"author":[{"embeddable":true,"href":"https:\/\/blogsaverroes.juntadeandalucia.es\/ceippurisimaconcepcion\/wp-json\/wp\/v2\/users\/8435"}],"replies":[{"embeddable":true,"href":"https:\/\/blogsaverroes.juntadeandalucia.es\/ceippurisimaconcepcion\/wp-json\/wp\/v2\/comments?post=1051"}],"version-history":[{"count":5,"href":"https:\/\/blogsaverroes.juntadeandalucia.es\/ceippurisimaconcepcion\/wp-json\/wp\/v2\/pages\/1051\/revisions"}],"predecessor-version":[{"id":1256,"href":"https:\/\/blogsaverroes.juntadeandalucia.es\/ceippurisimaconcepcion\/wp-json\/wp\/v2\/pages\/1051\/revisions\/1256"}],"wp:attachment":[{"href":"https:\/\/blogsaverroes.juntadeandalucia.es\/ceippurisimaconcepcion\/wp-json\/wp\/v2\/media?parent=1051"}],"curies":[{"name":"wp","href":"https:\/\/api.w.org\/{rel}","templated":true}]}}