{"id":3335,"date":"2020-11-27T12:50:35","date_gmt":"2020-11-27T11:50:35","guid":{"rendered":"https:\/\/blogsaverroes.juntadeandalucia.es\/ceiprafaelalbertidh\/?page_id=3335"},"modified":"2022-12-13T12:48:48","modified_gmt":"2022-12-13T11:48:48","slug":"actividades-curso-2020-2021","status":"publish","type":"page","link":"https:\/\/blogsaverroes.juntadeandalucia.es\/ceiprafaelalbertidh\/actividades-curso-2020-2021\/","title":{"rendered":"Actividades curso 2020-2021"},"content":{"rendered":"<h5><a href=\"https:\/\/blogsaverroes.juntadeandalucia.es\/ceiprafaelalbertidh\/files\/2022\/12\/491817-PHSO91-388-02.png\"><img loading=\"lazy\" decoding=\"async\" class=\"aligncenter size-full wp-image-4649\" src=\"https:\/\/blogsaverroes.juntadeandalucia.es\/ceiprafaelalbertidh\/files\/2022\/12\/491817-PHSO91-388-02.png\" alt=\"\" width=\"439\" height=\"184\" srcset=\"https:\/\/blogsaverroes.juntadeandalucia.es\/ceiprafaelalbertidh\/files\/2022\/12\/491817-PHSO91-388-02.png 439w, https:\/\/blogsaverroes.juntadeandalucia.es\/ceiprafaelalbertidh\/files\/2022\/12\/491817-PHSO91-388-02-300x126.png 300w\" sizes=\"(max-width: 439px) 100vw, 439px\" \/><\/a><\/h5>\n<p>&nbsp;<\/p>\n<h5><strong>FIN DE CURSO 2020-21&nbsp; (1 DE JULIO 2021)<\/strong><\/h5>\n<div class=\"embed-container\"><iframe loading=\"lazy\" title=\"FIN DE CURSO 20\/21\" width=\"1140\" height=\"641\" src=\"https:\/\/www.youtube.com\/embed\/RGQBTo7n2hI?feature=oembed\" frameborder=\"0\" allow=\"accelerometer; autoplay; clipboard-write; encrypted-media; gyroscope; picture-in-picture; web-share\" referrerpolicy=\"strict-origin-when-cross-origin\" allowfullscreen><\/iframe><\/div>\n<h5><strong>GRADUACIONES 2021&nbsp; (19 DE JUNIO 2021)<\/strong><\/h5>\n<p><iframe loading=\"lazy\" src=\"\/\/www.youtube.com\/embed\/ksIx30u1HiA\" width=\"560\" height=\"314\"><\/iframe><\/p>\n<h5><strong>\u00bfCOMO VER? EXPOSICI\u00d3N VIRTUAL&nbsp; (16 DE JUNIO 2021)<\/strong><\/h5>\n<h5><iframe loading=\"lazy\" src=\"\/\/www.youtube.com\/embed\/2_Ys8yxBw30\" width=\"560\" height=\"314\"><\/iframe><\/h5>\n<h5><strong>SACANDO SONRISAS&nbsp; (31 DE ABRIL 2021)<\/strong><\/h5>\n<p><iframe loading=\"lazy\" src=\"\/\/www.youtube.com\/embed\/jE1xEQcBC30\" width=\"560\" height=\"314\"><\/iframe><\/p>\n<h5><strong>D\u00cdA DEL LIBRO&nbsp; (28 DE MAYO 2021)<\/strong><\/h5>\n<p><iframe loading=\"lazy\" src=\"\/\/www.youtube.com\/embed\/OCFMjNdkZHs\" width=\"560\" height=\"314\"><\/iframe><\/p>\n<h5><strong>CARRERA ESCOLAR&nbsp; (28 DE MAYO 2021)<\/strong><\/h5>\n<p><iframe loading=\"lazy\" src=\"\/\/www.youtube.com\/embed\/FuDBF-yh20A\" width=\"560\" height=\"314\"><\/iframe><\/p>\n<h5><strong>D\u00cdA DE CONCIENCIACI\u00d3N DEL AUTISMO&nbsp; (11 DE ABRIL 2021)<\/strong><\/h5>\n<div class=\"embed-container\"><iframe loading=\"lazy\" title=\"D\u00eda de concienciaci\u00f3n del autismo\" width=\"1140\" height=\"641\" src=\"https:\/\/www.youtube.com\/embed\/xB278OkOr5k?feature=oembed\" frameborder=\"0\" allow=\"accelerometer; autoplay; clipboard-write; encrypted-media; gyroscope; picture-in-picture; web-share\" referrerpolicy=\"strict-origin-when-cross-origin\" allowfullscreen><\/iframe><\/div>\n<h5><strong>D\u00cdA MUNDIAL DEL S\u00cdNDROME DE DOWN (28 DE MARZO 2021)<\/strong><\/h5>\n<h5><iframe loading=\"lazy\" src=\"\/\/www.youtube.com\/embed\/vlMZQ61esHM\" width=\"560\" height=\"314\"><\/iframe><\/h5>\n<h5><strong>D\u00cdA INTERNACIONAL DE LA MUJER (8 DE MARZO 2021)<\/strong><\/h5>\n<div class=\"embed-container\"><iframe loading=\"lazy\" title=\"D\u00eda internacional de la mujer Ceip Rafael Alberti\" width=\"1140\" height=\"641\" src=\"https:\/\/www.youtube.com\/embed\/7pAUELhuNCM?start=8&#038;feature=oembed\" frameborder=\"0\" allow=\"accelerometer; autoplay; clipboard-write; encrypted-media; gyroscope; picture-in-picture; web-share\" referrerpolicy=\"strict-origin-when-cross-origin\" allowfullscreen><\/iframe><\/div>\n<h5><strong>D\u00cdA DE ANDALUC\u00cdA 2021 ( 28 DE FEBRERO DE 2021 )<\/strong><\/h5>\n<h5><iframe loading=\"lazy\" src=\"\/\/www.youtube.com\/embed\/V7cDq8lnyBg\" width=\"560\" height=\"314\"><\/iframe><\/h5>\n<h5><strong>CARNAVAL 2021 ( 13 DE FEBRERO DE 2021 )<\/strong><\/h5>\n<div class=\"embed-container\"><iframe loading=\"lazy\" title=\"Carnaval 2021\" width=\"1140\" height=\"641\" src=\"https:\/\/www.youtube.com\/embed\/HLTFSt_--Zw?feature=oembed\" frameborder=\"0\" allow=\"accelerometer; autoplay; clipboard-write; encrypted-media; gyroscope; picture-in-picture; web-share\" referrerpolicy=\"strict-origin-when-cross-origin\" allowfullscreen><\/iframe><\/div>\n<h5><strong>D\u00cdA DE LA PAZ 2021 ( 31 DE ENERO DE 2021 )<\/strong><\/h5>\n<p><iframe loading=\"lazy\" src=\"\/\/www.youtube.com\/embed\/0zRveZ1CFKs\" width=\"560\" height=\"314\"><\/iframe><\/p>\n<h5><strong>REYES MAGOS 2021 ( 4 DE ENERO DE 2021 )<\/strong><\/h5>\n<div class=\"embed-container\"><iframe loading=\"lazy\" title=\"4 de enero de 2021\" width=\"1140\" height=\"641\" src=\"https:\/\/www.youtube.com\/embed\/mUTRl2m7HuE?feature=oembed\" frameborder=\"0\" allow=\"accelerometer; autoplay; clipboard-write; encrypted-media; gyroscope; picture-in-picture; web-share\" referrerpolicy=\"strict-origin-when-cross-origin\" allowfullscreen><\/iframe><\/div>\n<h5><strong>SIGUE MI ESTRELLA ( 22 DE DICIEMBRE DE 2020 )<\/strong><\/h5>\n<div class=\"embed-container\"><iframe loading=\"lazy\" title=\"Sigue mi estrella\" width=\"1140\" height=\"641\" src=\"https:\/\/www.youtube.com\/embed\/EylfPCrIsaA?feature=oembed\" frameborder=\"0\" allow=\"accelerometer; autoplay; clipboard-write; encrypted-media; gyroscope; picture-in-picture; web-share\" referrerpolicy=\"strict-origin-when-cross-origin\" allowfullscreen><\/iframe><\/div>\n<h5><strong>DIVERSIDAD 2020 ( 8 DE DICIEMBRE DE 2020 )<\/strong><\/h5>\n<div class=\"embed-container\"><iframe loading=\"lazy\" title=\"diversidad 2020\" width=\"1140\" height=\"641\" src=\"https:\/\/www.youtube.com\/embed\/YEnFWMJmsgQ?feature=oembed\" frameborder=\"0\" allow=\"accelerometer; autoplay; clipboard-write; encrypted-media; gyroscope; picture-in-picture; web-share\" referrerpolicy=\"strict-origin-when-cross-origin\" allowfullscreen><\/iframe><\/div>\n<h5><strong>CELEBRACI\u00d3N DEL FLAMENCO ( 19 DE NOVIEMBRE DE 2020 )<\/strong><\/h5>\n<div class=\"embed-container\"><iframe loading=\"lazy\" title=\"Flamenco 2020 Ceip Rafael Alberti\" width=\"1140\" height=\"641\" src=\"https:\/\/www.youtube.com\/embed\/MS3M70Gv9MM?feature=oembed\" frameborder=\"0\" allow=\"accelerometer; autoplay; clipboard-write; encrypted-media; gyroscope; picture-in-picture; web-share\" referrerpolicy=\"strict-origin-when-cross-origin\" allowfullscreen><\/iframe><\/div>\n<h5><strong>HALLOWEEN ( 30 DE OCTUBRE DE 2020 )<\/strong><\/h5>\n<div class=\"embed-container\"><iframe loading=\"lazy\" title=\"Halloween 2020\" width=\"1140\" height=\"641\" src=\"https:\/\/www.youtube.com\/embed\/cKw-muxDnF4?feature=oembed\" frameborder=\"0\" allow=\"accelerometer; autoplay; clipboard-write; encrypted-media; gyroscope; picture-in-picture; web-share\" referrerpolicy=\"strict-origin-when-cross-origin\" allowfullscreen><\/iframe><\/div>\n<h5>&nbsp;<\/h5>\n","protected":false},"excerpt":{"rendered":"<p>&nbsp; FIN DE CURSO 2020-21&nbsp; (1 DE JULIO 2021) GRADUACIONES 2021&nbsp; (19 DE JUNIO 2021) \u00bfCOMO VER? EXPOSICI\u00d3N VIRTUAL&nbsp; (16 DE JUNIO 2021) SACANDO SONRISAS&nbsp; (31 DE ABRIL 2021) D\u00cdA DEL LIBRO&nbsp; (28 DE MAYO 2021) CARRERA ESCOLAR&nbsp; (28 DE MAYO 2021) D\u00cdA DE CONCIENCIACI\u00d3N DEL AUTISMO&nbsp; (11 DE ABRIL 2021) D\u00cdA MUNDIAL DEL S\u00cdNDROME &hellip; <\/p>\n<p><a class=\"more-link btn\" href=\"https:\/\/blogsaverroes.juntadeandalucia.es\/ceiprafaelalbertidh\/actividades-curso-2020-2021\/\">Seguir leyendo<\/a><\/p>\n","protected":false},"author":6883,"featured_media":0,"parent":0,"menu_order":0,"comment_status":"closed","ping_status":"closed","template":"","meta":{"ngg_post_thumbnail":0,"footnotes":"","_mc_calendar":[]},"aioseo_notices":[],"_links":{"self":[{"href":"https:\/\/blogsaverroes.juntadeandalucia.es\/ceiprafaelalbertidh\/wp-json\/wp\/v2\/pages\/3335"}],"collection":[{"href":"https:\/\/blogsaverroes.juntadeandalucia.es\/ceiprafaelalbertidh\/wp-json\/wp\/v2\/pages"}],"about":[{"href":"https:\/\/blogsaverroes.juntadeandalucia.es\/ceiprafaelalbertidh\/wp-json\/wp\/v2\/types\/page"}],"author":[{"embeddable":true,"href":"https:\/\/blogsaverroes.juntadeandalucia.es\/ceiprafaelalbertidh\/wp-json\/wp\/v2\/users\/6883"}],"replies":[{"embeddable":true,"href":"https:\/\/blogsaverroes.juntadeandalucia.es\/ceiprafaelalbertidh\/wp-json\/wp\/v2\/comments?post=3335"}],"version-history":[{"count":25,"href":"https:\/\/blogsaverroes.juntadeandalucia.es\/ceiprafaelalbertidh\/wp-json\/wp\/v2\/pages\/3335\/revisions"}],"predecessor-version":[{"id":4650,"href":"https:\/\/blogsaverroes.juntadeandalucia.es\/ceiprafaelalbertidh\/wp-json\/wp\/v2\/pages\/3335\/revisions\/4650"}],"wp:attachment":[{"href":"https:\/\/blogsaverroes.juntadeandalucia.es\/ceiprafaelalbertidh\/wp-json\/wp\/v2\/media?parent=3335"}],"curies":[{"name":"wp","href":"https:\/\/api.w.org\/{rel}","templated":true}]}}