{"id":3971,"date":"2021-09-09T09:09:44","date_gmt":"2021-09-09T07:09:44","guid":{"rendered":"https:\/\/blogsaverroes.juntadeandalucia.es\/ceiprafaelalbertidh\/?page_id=3971"},"modified":"2022-06-30T11:51:33","modified_gmt":"2022-06-30T09:51:33","slug":"correos-2021-2022","status":"publish","type":"page","link":"https:\/\/blogsaverroes.juntadeandalucia.es\/ceiprafaelalbertidh\/correos-2021-2022\/","title":{"rendered":"Correos electr\u00f3nicos enviados a las familias en el curso 2021-2022"},"content":{"rendered":"<h3><em><strong>*PULSE SOBRE EL CORREO QUE DESEE LEER<\/strong><\/em><\/h3>\n<h5><strong><a href=\"https:\/\/blogsaverroes.juntadeandalucia.es\/ceiprafaelalbertidh\/files\/2022\/06\/CORREO-94-PASEN-30-JUNIO-22-LISTA-DEFINITIVA-PLAN-DE-APERTURA.pdf\" target=\"_blank\" rel=\"noopener noreferrer\">30 de junio de 2022: Listado de admitidos y suplentes del plan de apertura<\/a><\/strong><\/h5>\n<h5><strong><a href=\"https:\/\/blogsaverroes.juntadeandalucia.es\/ceiprafaelalbertidh\/files\/2022\/06\/CORREO-93-PASEN-27-JUNIO-22-Calificaciones-y-noticias-final-de-curso.pdf\" target=\"_blank\" rel=\"noopener noreferrer\">24 de junio de 2022: Bolet\u00edn de notas y noticias relevantes<\/a>&nbsp;<\/strong><\/h5>\n<h5><a href=\"https:\/\/blogsaverroes.juntadeandalucia.es\/ceiprafaelalbertidh\/files\/2022\/06\/CORREO-92-PASEN-23-JUNIO-22-PRENDAS-Y-RECIPIENTES-HERM\u00c9TICOS.pdf\" target=\"_blank\" rel=\"noopener noreferrer\"><strong>23 de junio de 2022: D\u00eda para recoger prendas y recipientes herm\u00e9ticos<\/strong><\/a><\/h5>\n<h5><strong><a href=\"https:\/\/blogsaverroes.juntadeandalucia.es\/ceiprafaelalbertidh\/files\/2022\/06\/CORREO-91-PASEN-23-junio-22-IES-HERMANOS-MACHADO.pdf\" target=\"_blank\" rel=\"noopener noreferrer\">23 de junio de 2022: Convocatoria reuni\u00f3n con familias admitidas en 1o ESO<\/a> en el <a href=\"https:\/\/blogsaverroes.juntadeandalucia.es\/ceiprafaelalbertidh\/files\/2022\/06\/CORREO-91-PASEN-23-junio-22-IES-HERMANOS-MACHADO-ADJUNTO.pdf\" target=\"_blank\" rel=\"noopener noreferrer\">I. E. S. Hermanos Machado<\/a><\/strong><\/h5>\n<h5><a href=\"https:\/\/blogsaverroes.juntadeandalucia.es\/ceiprafaelalbertidh\/files\/2022\/06\/CORREO-92-PASEN-24-JUNIO-22-Reuni\u00f3n-bienvenida-nuevas-familias.pdf\" target=\"_blank\" rel=\"noopener noreferrer\"><strong>22 de junio de 2022: Reuni\u00f3n de bienvenida de las nuevas familias al centro<\/strong><\/a><\/h5>\n<h5><strong><a href=\"https:\/\/blogsaverroes.juntadeandalucia.es\/ceiprafaelalbertidh\/files\/2022\/06\/CORREO-90-PASEN-22-junio-22-Organizaci\u00f3n-Convivencia-final-de-curso.pdf\" target=\"_blank\" rel=\"noopener noreferrer\">22 de junio de 2022: Organizaci\u00f3n de la Convivencia final de curso<\/a> (<a href=\"https:\/\/blogsaverroes.juntadeandalucia.es\/ceiprafaelalbertidh\/files\/2022\/06\/CORREO-90-PASEN-22-junio-22-Organizaci\u00f3n-Convivencia-final-de-curso-ADJUNTO.pdf\" target=\"_blank\" rel=\"noopener noreferrer\">HORARIOS<\/a>)<\/strong><\/h5>\n<h5><a href=\"https:\/\/blogsaverroes.juntadeandalucia.es\/ceiprafaelalbertidh\/files\/2022\/06\/CORREO-89-PASEN-22-JUNIO-22-Notificaciones-bolet\u00edn-de-notas.pdf\" target=\"_blank\" rel=\"noopener noreferrer\"><strong>21 de junio de 2022: Fecha de notificaci\u00f3n del bolet\u00edn de calificaciones<\/strong><\/a><\/h5>\n<h5><strong><a href=\"https:\/\/blogsaverroes.juntadeandalucia.es\/ceiprafaelalbertidh\/files\/2022\/06\/CORREO-88-PASEN-17-junio-22-Convivencia-final-de-curso.pdf\" target=\"_blank\" rel=\"noopener noreferrer\">17 de junio de 2022: Convivencia final de curso<\/a> (<a href=\"https:\/\/blogsaverroes.juntadeandalucia.es\/ceiprafaelalbertidh\/files\/2022\/06\/CORREO-88-PASEN-17-junio-22-Convivencia-final-de-curso-ADJUNTO.pdf\" target=\"_blank\" rel=\"noopener noreferrer\">con familias<\/a>)&nbsp;<\/strong><\/h5>\n<h5><strong><a href=\"https:\/\/blogsaverroes.juntadeandalucia.es\/ceiprafaelalbertidh\/files\/2022\/06\/CORREO-87-PASEN-16-JUNIO-22-MERCADILLO-SOLIDARIO.pdf\" target=\"_blank\" rel=\"noopener noreferrer\">16 de junio de 2022: Actividad solidaria Tercer Trimestre. Mercadillo solidario<\/a> (<a href=\"https:\/\/blogsaverroes.juntadeandalucia.es\/ceiprafaelalbertidh\/files\/2022\/06\/CORREO-87-PASEN-16-JUNIO-22-MERCADILLO-SOLIDARIO-ADJUNTO.pdf\" target=\"_blank\" rel=\"noopener noreferrer\">ADJUNTO<\/a>)&nbsp;<\/strong><\/h5>\n<h5><strong><a href=\"https:\/\/blogsaverroes.juntadeandalucia.es\/ceiprafaelalbertidh\/files\/2022\/06\/CORREO-86-PASEN-15-JUNIO-22-LISTA-PROVISIONAL-PLAN-DE-APERTURA.pdf\" target=\"_blank\" rel=\"noopener noreferrer\">15 de junio de 2022: Listado de admitidos y suplentes del plan de apertura<\/a>&nbsp;<\/strong><\/h5>\n<h5><a href=\"https:\/\/blogsaverroes.juntadeandalucia.es\/ceiprafaelalbertidh\/files\/2022\/06\/CORREO-85-PASEN-14-junio-22-Transito-a-EP.pdf\" target=\"_blank\" rel=\"noopener noreferrer\"><strong>14 de junio de 2022: Reuni\u00f3n presencial de tr\u00e1nsito a Educaci\u00f3n Primaria<\/strong><\/a><\/h5>\n<h5><strong><a href=\"https:\/\/blogsaverroes.juntadeandalucia.es\/ceiprafaelalbertidh\/files\/2022\/06\/CORREO-84-PASEN-13-JUNIO-22-LECHE.pdf\" target=\"_blank\" rel=\"noopener noreferrer\">13 de junio de 2022: Plan escolar de consumo de leche (gratuito)<\/a><\/strong><\/h5>\n<h5><strong><a href=\"https:\/\/blogsaverroes.juntadeandalucia.es\/ceiprafaelalbertidh\/files\/2022\/06\/CORREO-83-PASEN-8-junio-22-Convivencia-final-de-curso.pdf\" target=\"_blank\" rel=\"noopener noreferrer\">8 de junio de 2022: Convivencia final de curso (con familias)<\/a><\/strong><\/h5>\n<h5><strong><a href=\"https:\/\/blogsaverroes.juntadeandalucia.es\/ceiprafaelalbertidh\/files\/2022\/06\/CORREO-82-PASEN-7-junio-22-Recordatorio-Matriculaci\u00f3n.pdf\" target=\"_blank\" rel=\"noopener noreferrer\">7 de junio de 2022: Recordatorio: ma\u00f1ana \u00faltimo d\u00eda para la Matriculaci\u00f3n<\/a><\/strong><\/h5>\n<h5><strong><a href=\"https:\/\/blogsaverroes.juntadeandalucia.es\/ceiprafaelalbertidh\/files\/2022\/06\/CORREO-81-PASEN-3-junio-22-Inscripci\u00f3n-AMPA.pdf\" target=\"_blank\" rel=\"noopener noreferrer\">3 de junio de 2022: Asociaci\u00f3n de Madres y Padres del Centro \u201cEl Trenecito\u201d<\/a> (<a href=\"https:\/\/blogsaverroes.juntadeandalucia.es\/ceiprafaelalbertidh\/files\/2022\/06\/CORREO-81-PASEN-3-junio-22-Inscripci\u00f3n-AMPA-ADJUNTO.pdf\" target=\"_blank\" rel=\"noopener noreferrer\">ADJUNTO<\/a>)<\/strong><\/h5>\n<h5><strong><a href=\"https:\/\/blogsaverroes.juntadeandalucia.es\/ceiprafaelalbertidh\/files\/2022\/06\/CORREO-80-PASEN-2-junio-22-PAC.pdf\" target=\"_blank\" rel=\"noopener noreferrer\">2 de junio de 2022: Actividades Extraescolares CURSO 2022 \u2013 2023<\/a> (<a href=\"https:\/\/blogsaverroes.juntadeandalucia.es\/ceiprafaelalbertidh\/files\/2022\/06\/CORREO-80-PASEN-2-junio-22-PAC-ADJUNTO.pdf\" target=\"_blank\" rel=\"noopener noreferrer\">ADJUNTO<\/a>)<\/strong><\/h5>\n<h5><strong><a href=\"https:\/\/blogsaverroes.juntadeandalucia.es\/ceiprafaelalbertidh\/files\/2022\/06\/CORREO-79-PASEN-1-junio-22-Matriculaci\u00f3n.pdf\" target=\"_blank\" rel=\"noopener noreferrer\">1 de junio de 2022: Matriculaci\u00f3n del alumnado CURSO 2022 \u2013 2023<\/a> (<a href=\"https:\/\/blogsaverroes.juntadeandalucia.es\/ceiprafaelalbertidh\/files\/2022\/06\/CORREO-79-PASEN-1-junio-22-Matriculaci\u00f3n-ADJUNTO.pdf\" target=\"_blank\" rel=\"noopener noreferrer\">ADJUNTO<\/a>)<\/strong><\/h5>\n<h5><strong><a href=\"https:\/\/blogsaverroes.juntadeandalucia.es\/ceiprafaelalbertidh\/files\/2022\/06\/CORREO-78-PASEN-27-mayo-22-Frutas.pdf\" target=\"_blank\" rel=\"noopener noreferrer\">27 de mayo de 2022: Plan de Consumo de Fruta en las Escuelas (gratuito)<\/a><\/strong><\/h5>\n<h5><strong><a href=\"https:\/\/blogsaverroes.juntadeandalucia.es\/ceiprafaelalbertidh\/files\/2022\/06\/CORREO-77-PASEN-26-MAYO-22-AAEE.pdf\" target=\"_blank\" rel=\"noopener noreferrer\">26 de mayo de 2022: Finalizaci\u00f3n Actividades Extraescolares (SOLO PLAN DE APERTURA)<\/a><\/strong><\/h5>\n<h5><strong><a href=\"https:\/\/blogsaverroes.juntadeandalucia.es\/ceiprafaelalbertidh\/files\/2022\/06\/CORREO-76-PASEN-24-mayo-21-Becas-ACNEAE.pdf\" target=\"_blank\" rel=\"noopener noreferrer\">24 de mayo de 2022: Ayudas para alumnos\/as con necesidad espec\u00edfica de apoyo educativo<\/a> (<a href=\"https:\/\/blogsaverroes.juntadeandalucia.es\/ceiprafaelalbertidh\/files\/2022\/06\/CORREO-76-PASEN-24-mayo-21-Becas-ACNEAE-ADJUNTO.pdf\" target=\"_blank\" rel=\"noopener noreferrer\">ADJUNTO<\/a>)<\/strong><\/h5>\n<h5><strong><a href=\"https:\/\/blogsaverroes.juntadeandalucia.es\/ceiprafaelalbertidh\/files\/2022\/06\/CORREO-75-PASEN-23-mayo-22-recordatorio-formaci\u00f3n-familias-6.pdf\" target=\"_blank\" rel=\"noopener noreferrer\">23 de mayo de 2022: Recordatorio: formaci\u00f3n para las familias sobre el programa de prevenci\u00f3n de la violencia sexual (6o de E. P.)<\/a><\/strong><\/h5>\n<h5><strong><a href=\"https:\/\/blogsaverroes.juntadeandalucia.es\/ceiprafaelalbertidh\/files\/2022\/06\/CORREO-74-PASEN-18-mayo-22-formaci\u00f3n-familias-6.pdf\" target=\"_blank\" rel=\"noopener noreferrer\">18 de mayo de 2022: Formaci\u00f3n para las familias sobre el programa de prevenci\u00f3n de la violencia sexual (6o de E. P.)<\/a><\/strong><\/h5>\n<h5><strong><a href=\"https:\/\/blogsaverroes.juntadeandalucia.es\/ceiprafaelalbertidh\/files\/2022\/06\/CORREO-73-PASEN-10-mayo-22-Jornadas-Culturales.pdf\" target=\"_blank\" rel=\"noopener noreferrer\">10 de mayo de 2022: Invitaci\u00f3n a las IV Jornadas Culturales del centro<\/a> (<a href=\"https:\/\/blogsaverroes.juntadeandalucia.es\/ceiprafaelalbertidh\/files\/2022\/06\/CORREO-73-PASEN-10-mayo-22-Jornadas-Culturales-ADJUNTO.pdf\" target=\"_blank\" rel=\"noopener noreferrer\">ADJUNTO<\/a>)<\/strong><\/h5>\n<h5><strong><a href=\"https:\/\/blogsaverroes.juntadeandalucia.es\/ceiprafaelalbertidh\/files\/2022\/06\/CORREO-72-PASEN-9-mayo-22-Frutas.pdf\" target=\"_blank\" rel=\"noopener noreferrer\">9 de mayo de 2022: Plan de Consumo de Fruta en las Escuelas (gratuito)<\/a><\/strong><\/h5>\n<h5><strong><a href=\"https:\/\/blogsaverroes.juntadeandalucia.es\/ceiprafaelalbertidh\/files\/2022\/06\/CORREO-71-PASEN-4-mayo-22-Retraso-Frutas.pdf\" target=\"_blank\" rel=\"noopener noreferrer\">4 de mayo de 2022: Plan de Consumo de Fruta en las Escuelas<\/a>&nbsp;<\/strong><\/h5>\n<h5><strong><a href=\"https:\/\/blogsaverroes.juntadeandalucia.es\/ceiprafaelalbertidh\/files\/2022\/06\/CORREO-70-PASEN-29-abril-22-Frutas.pdf\" target=\"_blank\" rel=\"noopener noreferrer\">29 de abril de 2022: Plan de Consumo de Fruta en las Escuelas<\/a><\/strong><\/h5>\n<h5><strong><a href=\"https:\/\/blogsaverroes.juntadeandalucia.es\/ceiprafaelalbertidh\/files\/2022\/04\/CORREO-69-PASEN-26-abril-22-ganadores-Certamen-AMPA.pdf\" target=\"_blank\" rel=\"noopener noreferrer\">26 de abril de 2022: Fallo del jurado del II Certamen Relatos y Cuentos Rafael Alberti (AMPA)<\/a><\/strong><\/h5>\n<h5><strong><a href=\"https:\/\/blogsaverroes.juntadeandalucia.es\/ceiprafaelalbertidh\/files\/2022\/04\/CORREO-68-PASEN-25-ABRIL-22-LECHE.pdf\" target=\"_blank\" rel=\"noopener noreferrer\">25 de abril de 2022: Plan escolar de consumo de leche<\/a>&nbsp;<\/strong><\/h5>\n<h5><strong><a href=\"https:\/\/blogsaverroes.juntadeandalucia.es\/ceiprafaelalbertidh\/files\/2022\/04\/CORREO-67-PASEN-20-abril-22-carrera-escolar.pdf\" target=\"_blank\" rel=\"noopener noreferrer\">20 de abril de 2022: 41\u00aa Carrera Escolar Ayuntamiento de Dos Hermanas<\/a> (<a href=\"https:\/\/blogsaverroes.juntadeandalucia.es\/ceiprafaelalbertidh\/files\/2022\/04\/CORREO-67-PASEN-20-abril-22-carrera-escolar-ADJUNTO.pdf\" target=\"_blank\" rel=\"noopener noreferrer\">ADJUNTO<\/a>)<\/strong><\/h5>\n<h5><strong><a href=\"https:\/\/blogsaverroes.juntadeandalucia.es\/ceiprafaelalbertidh\/files\/2022\/04\/CORREO-66-PASEN-19-abril-22-alegaciones.pdf\" target=\"_blank\" rel=\"noopener noreferrer\">19 de abril de 2022: Proceso de Escolarizaci\u00f3n 22-23 (alumnado de nuevo ingreso)<\/a><\/strong><\/h5>\n<h5><strong><a href=\"https:\/\/blogsaverroes.juntadeandalucia.es\/ceiprafaelalbertidh\/files\/2022\/04\/CORREO-65-PASEN-18-abril-22-baremo.pdf\" target=\"_blank\" rel=\"noopener noreferrer\">18 de abril de 2022: Publicaci\u00f3n del baremo del proceso de admisi\u00f3n (alumnado de nuevo ingreso)<\/a><\/strong><\/h5>\n<h5><strong><a href=\"https:\/\/blogsaverroes.juntadeandalucia.es\/ceiprafaelalbertidh\/files\/2022\/04\/CORREO-64-PASEN-25-marzo-22-Boletin-de-notas.pdf\" target=\"_blank\" rel=\"noopener noreferrer\">25 de marzo de 2022: Bolet\u00edn de notas Segunda Evaluaci\u00f3n<\/a><\/strong><\/h5>\n<h5><strong><a href=\"https:\/\/blogsaverroes.juntadeandalucia.es\/ceiprafaelalbertidh\/files\/2022\/03\/CORREO-63-PASEN-11-MARZO-22-LECHE.pdf\" target=\"_blank\" rel=\"noopener noreferrer\">11 de marzo de 2022: Plan escolar de consumo de leche<\/a><\/strong><\/h5>\n<h5><strong><a href=\"https:\/\/blogsaverroes.juntadeandalucia.es\/ceiprafaelalbertidh\/files\/2022\/03\/CORREO-62-PASEN-10-MARZO-22-Escuela-de-familias-pantallas.pdf\" target=\"_blank\" rel=\"noopener noreferrer\">10 de marzo de 2022: Escuela de Familias AMPA<\/a> (<a href=\"https:\/\/blogsaverroes.juntadeandalucia.es\/ceiprafaelalbertidh\/files\/2022\/03\/CORREO-62-PASEN-10-MARZO-22-Escuela-de-familias-pantallas.jpg\" target=\"_blank\" rel=\"noopener noreferrer\">ADJUNTO<\/a>)<\/strong><\/h5>\n<h5><strong><a href=\"https:\/\/blogsaverroes.juntadeandalucia.es\/ceiprafaelalbertidh\/files\/2022\/03\/CORREO-61-PASEN-9-MARZO-22-Club-de-lectura.pdf\" target=\"_blank\" rel=\"noopener noreferrer\">9 de marzo de 2022: Clubes de Lectura Alberti AMPA<\/a> (<a href=\"https:\/\/blogsaverroes.juntadeandalucia.es\/ceiprafaelalbertidh\/files\/2022\/03\/CORREO-61-PASEN-9-MARZO-22-Club-de-lectura-ADJUNTO.png\" target=\"_blank\" rel=\"noopener noreferrer\">ADJUNTO<\/a>)<\/strong><\/h5>\n<h5><strong><a href=\"https:\/\/blogsaverroes.juntadeandalucia.es\/ceiprafaelalbertidh\/files\/2022\/03\/CORREO-60-PASEN-8-marzo-22-Actividad-Solidaria.pdf\" target=\"_blank\" rel=\"noopener noreferrer\">8 de marzo de 2022: Actividad solidaria Ucrania<\/a> (<a href=\"https:\/\/blogsaverroes.juntadeandalucia.es\/ceiprafaelalbertidh\/files\/2022\/03\/CORREO-60-PASEN-8-marzo-22-Actividad-Solidaria-ADJUNTO.pdf\" target=\"_blank\" rel=\"noopener noreferrer\">ADJUNTO<\/a>)<\/strong><\/h5>\n<h5><strong><a href=\"https:\/\/blogsaverroes.juntadeandalucia.es\/ceiprafaelalbertidh\/files\/2022\/03\/CORREO-59-PASEN-4-marzo-22-ADMISI\u00d3N-CENTROS.pdf\" target=\"_blank\" rel=\"noopener noreferrer\">4 de marzo de 2022: Admisi\u00f3n en Centros<\/a><\/strong><\/h5>\n<h5><strong><a href=\"https:\/\/blogsaverroes.juntadeandalucia.es\/ceiprafaelalbertidh\/files\/2022\/03\/CORREO-58-PASEN-3-marzo-22-actividad-d\u00eda-Internacional-Mujer.pdf\" target=\"_blank\" rel=\"noopener noreferrer\">3 de marzo de 2022: Actividad para el D\u00eda Internacional de la Mujer<\/a><\/strong><\/h5>\n<h5><strong><a href=\"https:\/\/blogsaverroes.juntadeandalucia.es\/ceiprafaelalbertidh\/files\/2022\/03\/CORREO-57-PASEN-1-marzo-22-Certamen-AMPA.pdf\" target=\"_blank\" rel=\"noopener noreferrer\">1 de marzo de 2022: II CERTAMEN DE CUENTOS Y RELATOS AMPA<\/a> (<a href=\"https:\/\/blogsaverroes.juntadeandalucia.es\/ceiprafaelalbertidh\/files\/2022\/03\/CORREO-57-PASEN-1-marzo-22-Certamen-AMPA-ADJUNTO.pdf\" target=\"_blank\" rel=\"noopener noreferrer\">ADJUNTO<\/a>)<\/strong><\/h5>\n<h5><strong><a href=\"https:\/\/blogsaverroes.juntadeandalucia.es\/ceiprafaelalbertidh\/files\/2022\/03\/CORREO-56-PASEN-1-marzo-22-talleres-6EP.pdf\" target=\"_blank\" rel=\"noopener noreferrer\">1 de marzo de 2022: Informaci\u00f3n Talleres<\/a> (<a href=\"https:\/\/blogsaverroes.juntadeandalucia.es\/ceiprafaelalbertidh\/files\/2022\/03\/CORREO-56-PASEN-1-marzo-22-talleres-6EP-ADJUNTO.pdf\" target=\"_blank\" rel=\"noopener noreferrer\">ADJUNTO<\/a>)<\/strong><\/h5>\n<h5><strong><a href=\"https:\/\/blogsaverroes.juntadeandalucia.es\/ceiprafaelalbertidh\/files\/2022\/03\/CORREO-55-PASEN-22-febrero-22-talleres-6EP.pdf\" target=\"_blank\" rel=\"noopener noreferrer\">24 de febrero de 2022: Talleres prevenci\u00f3n de la violencia sexual&nbsp;<\/a><\/strong><\/h5>\n<h5><strong><a href=\"https:\/\/blogsaverroes.juntadeandalucia.es\/ceiprafaelalbertidh\/files\/2022\/03\/CORREO-54-PASEN-24-FEBRERO-22-Frutas.pdf\" target=\"_blank\" rel=\"noopener noreferrer\">24 de febrero de 2022: Plan de Consumo de Fruta en las Escuelas<\/a><\/strong><\/h5>\n<h5><strong><a href=\"https:\/\/blogsaverroes.juntadeandalucia.es\/ceiprafaelalbertidh\/files\/2022\/03\/CORREO-53-PASEN-22-febrero-22-IES-MARIANA-PINEDA.pdf\" target=\"_blank\" rel=\"noopener noreferrer\">22 de febrero de 2022: I.E.S. MARIANA PINEDA<\/a> (<a href=\"https:\/\/blogsaverroes.juntadeandalucia.es\/ceiprafaelalbertidh\/files\/2022\/03\/CORREO-53-PASEN-22-febrero-22-IES-MARIANA-PINEDA-ADJUNTO.pdf\" target=\"_blank\" rel=\"noopener noreferrer\">ADJUNTO<\/a>)<\/strong><\/h5>\n<h5><strong><a href=\"https:\/\/blogsaverroes.juntadeandalucia.es\/ceiprafaelalbertidh\/files\/2022\/02\/CORREO-52-PASEN-17-febrero-22-Talleres-Andaluc\u00eda.pdf\" target=\"_blank\" rel=\"noopener noreferrer\">18 de febrero de 2022: Talleres d\u00eda de Andaluc\u00eda<\/a><\/strong><\/h5>\n<h5><strong><a href=\"https:\/\/blogsaverroes.juntadeandalucia.es\/ceiprafaelalbertidh\/files\/2022\/02\/CORREO-51-PASEN-16-febrero-21-ADMISI\u00d3N-IES.pdf\" target=\"_blank\" rel=\"noopener noreferrer\">16 de febrero de 2022: Reuni\u00f3n sobre la adscripci\u00f3n a los IES de referencia<\/a><\/strong><\/h5>\n<h5><strong><a href=\"https:\/\/blogsaverroes.juntadeandalucia.es\/ceiprafaelalbertidh\/files\/2022\/02\/CORREO-50-PASEN-15-febrero-22-Carnaval-Infantil.pdf\" target=\"_blank\" rel=\"noopener noreferrer\">15 de febrero de 2022: Carnaval en Educaci\u00f3n Infantil<\/a><\/strong><\/h5>\n<h5><strong><a href=\"https:\/\/blogsaverroes.juntadeandalucia.es\/ceiprafaelalbertidh\/files\/2022\/02\/CORREO-49-PASEN-15-febrero-22-Carnaval-AE.pdf\" target=\"_blank\" rel=\"noopener noreferrer\">15 de febrero de 2022: Carnaval en Aula Espec\u00edfica<\/a>&nbsp;<\/strong><\/h5>\n<h5><strong><a href=\"https:\/\/blogsaverroes.juntadeandalucia.es\/ceiprafaelalbertidh\/files\/2022\/02\/CORREO-48-PASEN-14-febrero-22-Jornadas-d\u00eda-de-Andaluc\u00eda.pdf\" target=\"_blank\" rel=\"noopener noreferrer\">14 de febrero de 2022: Jornadas d\u00eda de Andaluc\u00eda<\/a> (<a href=\"https:\/\/blogsaverroes.juntadeandalucia.es\/ceiprafaelalbertidh\/files\/2022\/02\/CORREO-48-PASEN-14-febrero-22-Jornadas-d\u00eda-de-Andaluc\u00eda-ADJUNTO.pdf\" target=\"_blank\" rel=\"noopener noreferrer\">ADJUNTO<\/a>)<\/strong><\/h5>\n<h5><strong><a href=\"https:\/\/blogsaverroes.juntadeandalucia.es\/ceiprafaelalbertidh\/files\/2022\/02\/CORREO-47-PASEN-10-febrero-22-Jornadas-Puertas-Abiertas.pdf\" target=\"_blank\" rel=\"noopener noreferrer\">10 de febrero de 2022: JORNADAS PARA LA ESCOLARIZACI\u00d3N 2022-2023<\/a>&nbsp;(<a href=\"https:\/\/blogsaverroes.juntadeandalucia.es\/ceiprafaelalbertidh\/files\/2022\/02\/CORREO-47-PASEN-10-febrero-22-Jornadas-Puertas-Abiertas-ADJUNTO-1.pdf\" target=\"_blank\" rel=\"noopener noreferrer\">ADJUNTO<\/a>)<\/strong><\/h5>\n<h5><strong><a href=\"https:\/\/blogsaverroes.juntadeandalucia.es\/ceiprafaelalbertidh\/files\/2022\/02\/CORREO-46-PASEN-28-ENERO-22-Frutas.pdf\" target=\"_blank\" rel=\"noopener noreferrer\">28 de enero de 2022: Plan de Consumo de Fruta en las Escuelas (gratuito)<\/a>&nbsp;<\/strong><\/h5>\n<h5><strong><a href=\"https:\/\/blogsaverroes.juntadeandalucia.es\/ceiprafaelalbertidh\/files\/2022\/02\/CORREO-45-PASEN-27-enero-22-Taller-Ayuntamiento.pdf\" target=\"_blank\" rel=\"noopener noreferrer\">27 de enero de 2022: Taller educativo online del AYUNTAMIENTO<\/a><\/strong><\/h5>\n<h5><strong><a href=\"https:\/\/blogsaverroes.juntadeandalucia.es\/ceiprafaelalbertidh\/files\/2022\/02\/CORREO-44-PASEN-25-enero-22-D\u00eda-de-la-Paz.pdf\" target=\"_blank\" rel=\"noopener noreferrer\">25 de enero de 2022: D\u00eda Escolar de la No-violencia y la Paz<\/a>&nbsp;(<a href=\"https:\/\/blogsaverroes.juntadeandalucia.es\/ceiprafaelalbertidh\/files\/2022\/02\/CORREO-44-PASEN-25-enero-22-D\u00eda-de-la-Paz-ADJ.pdf\" target=\"_blank\" rel=\"noopener noreferrer\">ADJUNTO<\/a>)<\/strong><\/h5>\n<h5><strong><a href=\"https:\/\/blogsaverroes.juntadeandalucia.es\/ceiprafaelalbertidh\/files\/2022\/02\/CORREO-43-PASEN-20-enero-22-PROTOCOLO-COVID.pdf\" target=\"_blank\" rel=\"noopener noreferrer\">20 de enero de 2022: Cambios en el protocolo COVID-19<\/a> (<a href=\"https:\/\/blogsaverroes.juntadeandalucia.es\/ceiprafaelalbertidh\/files\/2022\/02\/CORREO-43-PASEN-20-enero-22-PROTOCOLO-COVID-ADJ.pdf\" target=\"_blank\" rel=\"noopener noreferrer\">ADJUNTO<\/a>)<\/strong><\/h5>\n<h5><strong><a href=\"https:\/\/blogsaverroes.juntadeandalucia.es\/ceiprafaelalbertidh\/files\/2022\/01\/CORREO-42-PASEN-22-diciembre-21-Boletines-de-calificaciones-y-felices-fiestas.pdf\" target=\"_blank\" rel=\"noopener noreferrer\">22 de diciembre de 2021: Bolet\u00edn de notas \u2013 Felices fiestas<\/a> (<a href=\"https:\/\/blogsaverroes.juntadeandalucia.es\/ceiprafaelalbertidh\/files\/2022\/01\/CORREO-42-PASEN-22-diciembre-21-Boletines-de-calificaciones-y-felices-fiestas-ADJUNTO.pdf\" target=\"_blank\" rel=\"noopener noreferrer\">ADJUNTO<\/a>)<\/strong><\/h5>\n<h5><strong><a href=\"https:\/\/blogsaverroes.juntadeandalucia.es\/ceiprafaelalbertidh\/files\/2022\/01\/CORREO-41-PASEN-15-diciembre-21-Organizaci\u00f3n-1T.pdf\" target=\"_blank\" rel=\"noopener noreferrer\">15 de diciembre de 2021: Organizaci\u00f3n final del Primer Trimestre<\/a> (<a href=\"https:\/\/blogsaverroes.juntadeandalucia.es\/ceiprafaelalbertidh\/files\/2022\/01\/CORREO-41-PASEN-15-diciembre-21-Organizaci\u00f3n-1T-ADJUNTO.pdf\" target=\"_blank\" rel=\"noopener noreferrer\">ADJUNTO<\/a>)<\/strong><\/h5>\n<h5><strong><a href=\"https:\/\/blogsaverroes.juntadeandalucia.es\/ceiprafaelalbertidh\/files\/2022\/01\/CORREO-40-PASEN-10-DIC-21-Escuela-de-familias-AMPA-Bullying.pdf\" target=\"_blank\" rel=\"noopener noreferrer\">10 de diciembre de 2021: Escuela de Familias: Prevenci\u00f3n e intervenci\u00f3n en Bullying (AMPA)<\/a><\/strong><\/h5>\n<h5><strong><a href=\"https:\/\/blogsaverroes.juntadeandalucia.es\/ceiprafaelalbertidh\/files\/2022\/01\/CORREO-39-PASEN-9-diciembre-21-Desayuno-navide\u00f1o.pdf\" target=\"_blank\" rel=\"noopener noreferrer\">9 de diciembre de 2021: Desayuno Navide\u00f1o<\/a><\/strong><\/h5>\n<h5><strong><a href=\"https:\/\/blogsaverroes.juntadeandalucia.es\/ceiprafaelalbertidh\/files\/2021\/11\/CORREO-38-PASEN-26-NOV-21-C\u00f3mic-Diversidad-Funcional-y-Constituci\u00f3n.pdf\" target=\"_blank\" rel=\"noopener noreferrer\">26 de noviembre de 2021: Proyecto C\u00f3mic (d\u00eda de la Diversidad Funcional y de la Constituci\u00f3n)<\/a><\/strong><\/h5>\n<h5><strong><a href=\"https:\/\/blogsaverroes.juntadeandalucia.es\/ceiprafaelalbertidh\/files\/2021\/11\/CORREO-37-PASEN-22-NOV-21-representantes-electos-Consejo-Escolar.pdf\" target=\"_blank\" rel=\"noopener noreferrer\">22 de noviembre de 2021: Representantes electos del Consejo Escolar<\/a><\/strong><\/h5>\n<h5><strong><a href=\"https:\/\/blogsaverroes.juntadeandalucia.es\/ceiprafaelalbertidh\/files\/2021\/11\/CORREO-36-PASEN-17-NOV-21-votaci\u00f3n-y-objetos-perdidos.pdf\" target=\"_blank\" rel=\"noopener noreferrer\">17 de noviembre de 2021: Votaci\u00f3n y objetos perdidos<\/a><\/strong><\/h5>\n<h5><strong><a href=\"https:\/\/blogsaverroes.juntadeandalucia.es\/ceiprafaelalbertidh\/files\/2021\/11\/CORREO-35-PASEN-16-NOV-21-Eliminaci\u00f3n-violencia.pdf\" target=\"_blank\" rel=\"noopener noreferrer\">16 de noviembre de 2021: Eliminaci\u00f3n violencia<\/a><\/strong><\/h5>\n<h5><strong><a href=\"https:\/\/blogsaverroes.juntadeandalucia.es\/ceiprafaelalbertidh\/files\/2021\/11\/CORREO-34-PASEN-12-NOV-21-Elecciones-Consejo-Escolar.pdf\" target=\"_blank\" rel=\"noopener noreferrer\">12 de noviembre de 2021: Elecciones Consejo Escolar<\/a><\/strong><\/h5>\n<h5><strong><a href=\"https:\/\/blogsaverroes.juntadeandalucia.es\/ceiprafaelalbertidh\/files\/2021\/11\/CORREO-33-PASEN-12-noviembre-21-Cajas-Solidarias.pdf\" target=\"_blank\" rel=\"noopener noreferrer\">12 de noviembre de 2021: Cajas Solidarias<\/a> (<a href=\"https:\/\/blogsaverroes.juntadeandalucia.es\/ceiprafaelalbertidh\/files\/2021\/11\/CORREO-33-PASEN-12-noviembre-21-Cajas-Solidarias-ADJUNTO.pdf\" target=\"_blank\" rel=\"noopener noreferrer\">ADJUNTO<\/a>)<\/strong><\/h5>\n<h5><strong><a href=\"https:\/\/blogsaverroes.juntadeandalucia.es\/ceiprafaelalbertidh\/files\/2021\/11\/CORREO-32-PASEN-8-NOV-21-Taller-de-chocolate-AMPA.pdf\" target=\"_blank\" rel=\"noopener noreferrer\">11 de noviembre de 2021: Taller de chocolate AMPA<\/a><\/strong><\/h5>\n<h5><strong><a href=\"https:\/\/blogsaverroes.juntadeandalucia.es\/ceiprafaelalbertidh\/files\/2021\/11\/CORREO-31-PASEN-9-noviembre-21-Firma-Bonificaciones.pdf\" target=\"_blank\" rel=\"noopener noreferrer\">9 de noviembre de 2021: Firma de bonificaciones<\/a><\/strong><\/h5>\n<h5><strong><a href=\"https:\/\/blogsaverroes.juntadeandalucia.es\/ceiprafaelalbertidh\/files\/2021\/11\/CORREO-30-PASEN-9-noviembre-21-Bonificaciones-definitivas.pdf\" target=\"_blank\" rel=\"noopener noreferrer\">9 de noviembre de 2021: Bonificaciones definitivas<\/a><\/strong><\/h5>\n<h5><strong><a href=\"https:\/\/blogsaverroes.juntadeandalucia.es\/ceiprafaelalbertidh\/files\/2021\/11\/CORREO-29-PASEN-8-NOV-21-gymkhana-AMPA.pdf\" target=\"_blank\" rel=\"noopener noreferrer\">8 de noviembre de 2021: gymkhana AMPA<\/a><\/strong><\/h5>\n<h5><strong><a href=\"https:\/\/blogsaverroes.juntadeandalucia.es\/ceiprafaelalbertidh\/files\/2021\/11\/CORREO-28-PASEN-4-NOV-21-D\u00cdA-DEL-FLAMENCO.pdf\" target=\"_blank\" rel=\"noopener noreferrer\">4 de noviembre de 2021: D\u00eda del FLAMENCO<\/a><\/strong><\/h5>\n<h5><strong><a href=\"https:\/\/blogsaverroes.juntadeandalucia.es\/ceiprafaelalbertidh\/files\/2021\/11\/CORREO-27-PASEN-3-NOV-21-Candidatos-DEFINITIVOS-Consejo-Escolar.pdf\" target=\"_blank\" rel=\"noopener noreferrer\">3 de noviembre de 2021: Candidatos DEFINITIVOS Consejo Escolar<\/a><\/strong><\/h5>\n<h5><strong><a href=\"https:\/\/blogsaverroes.juntadeandalucia.es\/ceiprafaelalbertidh\/files\/2021\/10\/CORREO-27-PASEN-29-OCT-21-Candidatos-provisionales-Consejo-Escolar.pdf\" target=\"_blank\" rel=\"noopener noreferrer\">29 de octubre de 2021: Lista provisional de personas candidatas al Consejo escolar<\/a><\/strong><\/h5>\n<h5><strong><a href=\"https:\/\/blogsaverroes.juntadeandalucia.es\/ceiprafaelalbertidh\/files\/2021\/10\/CORREO-26-PASEN-21-OTUBRE-21-Becas-ACNEAE-CUENTA-CORRIENTE.pdf\" target=\"_blank\" rel=\"noopener noreferrer\">21 de octubre de 2021: Ayudas Becas (ALTA DE CUENTAS CORRIENTES)&nbsp;<\/a><\/strong><\/h5>\n<h5><strong><a href=\"https:\/\/blogsaverroes.juntadeandalucia.es\/ceiprafaelalbertidh\/files\/2021\/10\/CORREO-25-PASEN-20-OCTUBRE-21-coro-escolar.pdf\" target=\"_blank\" rel=\"noopener noreferrer\">20 de octubre de 2021: Reuni\u00f3n informativa sobre el Coro escolar (5\u00ba Y 6\u00ba DE E. P.)<\/a><\/strong><\/h5>\n<h5><strong><a href=\"https:\/\/blogsaverroes.juntadeandalucia.es\/ceiprafaelalbertidh\/files\/2021\/10\/CORREO-23-PASEN-19-OCTUBRE-21-PATINAJE.pdf\" target=\"_blank\" rel=\"noopener noreferrer\">19 de octubre de 2021: Nuevo taller (PATINAJE) dentro de la actividad de ludoteca de AMPA<\/a>&nbsp;<\/strong><\/h5>\n<h5><strong><a href=\"https:\/\/blogsaverroes.juntadeandalucia.es\/ceiprafaelalbertidh\/files\/2021\/10\/CORREO-22-PASEN-18-OCTUBRE-21-COMEDOR-ESCOLAR.pdf\" target=\"_blank\" rel=\"noopener noreferrer\">18 de octubre de 2021: Turnos de comedor y recogida<\/a>&nbsp;<\/strong><\/h5>\n<h5><strong><a href=\"https:\/\/blogsaverroes.juntadeandalucia.es\/ceiprafaelalbertidh\/files\/2021\/10\/CORREO-21-PASEN-18-OCTUBRE-21-dispositivos-ELECTR\u00d3NICOS.pdf\" target=\"_blank\" rel=\"noopener noreferrer\">18 de octubre de 2021: Dispositivos electr\u00f3nicos<\/a>&nbsp;<\/strong><\/h5>\n<h5><strong><a href=\"https:\/\/blogsaverroes.juntadeandalucia.es\/ceiprafaelalbertidh\/files\/2021\/10\/CORREO-20-PASEN-13-OCTUBRE-21-Convocatoria-Consejo-Escolar.pdf\" target=\"_blank\" rel=\"noopener noreferrer\">13 de octubre de 2021: Convocatoria Consejo Escolar<\/a> (<a href=\"https:\/\/blogsaverroes.juntadeandalucia.es\/ceiprafaelalbertidh\/files\/2021\/10\/CORREO-20-PASEN-13-OCTUBRE-21-Convocatoria-Consejo-Escolar-ADJUNTO.pdf\" target=\"_blank\" rel=\"noopener noreferrer\">ADJUNTO<\/a>)<\/strong><\/h5>\n<h5><strong><a href=\"https:\/\/blogsaverroes.juntadeandalucia.es\/ceiprafaelalbertidh\/files\/2021\/10\/CORREO-19-PASEN-8-OCTUBRE-21-Reuniones-pedag\u00f3gicas.pdf\" target=\"_blank\" rel=\"noopener noreferrer\">8 de octubre de 2021: Reuniones Pedag\u00f3gicas<\/a><\/strong><\/h5>\n<h5><strong><a href=\"https:\/\/blogsaverroes.juntadeandalucia.es\/ceiprafaelalbertidh\/files\/2021\/10\/CORREO-18-PASEN-7-OCTUBRE-21-Usuario-y-contrase\u00f1a-Moodle.pdf\" target=\"_blank\" rel=\"noopener noreferrer\">7 de octubre de 2021: Usuario y contrase\u00f1a MOODLE<\/a><\/strong><\/h5>\n<h5><strong><a href=\"https:\/\/blogsaverroes.juntadeandalucia.es\/ceiprafaelalbertidh\/files\/2021\/10\/CORREO-17-PASEN-5-OCTUBRE-21-BONIFICACIONES-PROVISIONALES.pdf\" target=\"_blank\" rel=\"noopener noreferrer\">5 de octubre de 2021:Bonificaciones provisionales<\/a><\/strong><\/h5>\n<h5><strong><a href=\"https:\/\/blogsaverroes.juntadeandalucia.es\/ceiprafaelalbertidh\/files\/2021\/10\/CORREO-16-PASEN-1-OCTUBRE-21-JUNTA-ELECTORAL.pdf\" target=\"_blank\" rel=\"noopener noreferrer\">1 de octubre de 2021: Junta Electoral<\/a><\/strong><\/h5>\n<h5><strong><a href=\"https:\/\/blogsaverroes.juntadeandalucia.es\/ceiprafaelalbertidh\/files\/2021\/10\/CORREO-15-PASEN-30-SEP-21-AAEE.pdf\" target=\"_blank\" rel=\"noopener noreferrer\">30 de septiembre de 2021: A.A.E.E.<\/a><\/strong><\/h5>\n<h5><strong><a href=\"https:\/\/blogsaverroes.juntadeandalucia.es\/ceiprafaelalbertidh\/files\/2021\/10\/CORREO-14-PASEN-29-SEP-21-Dias-no-lectivos.pdf\" target=\"_blank\" rel=\"noopener noreferrer\">29 de septiembre de 2021: D\u00edas NO lectivos<\/a><\/strong><\/h5>\n<h5><strong><a href=\"https:\/\/blogsaverroes.juntadeandalucia.es\/ceiprafaelalbertidh\/files\/2021\/10\/CORREO-13-PASEN-28-SEP-21-Elecciones-CONSEJO.pdf\" target=\"_blank\" rel=\"noopener noreferrer\">28 de septiembre de 2021: Elecciones Consejo Escolar<\/a>&nbsp;<\/strong><\/h5>\n<h5><strong><a href=\"https:\/\/blogsaverroes.juntadeandalucia.es\/ceiprafaelalbertidh\/files\/2021\/10\/CORREO-12-PASEN-27-SEP-21-Becas-ACNEAE-CUENTA-CORRIENTE.pdf\" target=\"_blank\" rel=\"noopener noreferrer\">27 de septiembre de 2021: Becas ACNEAE Cuenta Corriente<\/a>&nbsp;(<a href=\"https:\/\/blogsaverroes.juntadeandalucia.es\/ceiprafaelalbertidh\/files\/2021\/10\/CORREO-12-PASEN-27-SEP-21-Becas-ACNEAE-CUENTA-CORRIENTE-ADJUNTO.pdf\" target=\"_blank\" rel=\"noopener noreferrer\">ADJUNTO<\/a>)<\/strong><\/h5>\n<h5><strong><a href=\"https:\/\/blogsaverroes.juntadeandalucia.es\/ceiprafaelalbertidh\/files\/2021\/10\/CORREO-11-PASEN-23-SEP-21-libros-de-texto.pdf\" target=\"_blank\" rel=\"noopener noreferrer\">23 de septiembre de 2021: Libros de texto<\/a><\/strong><\/h5>\n<h5><strong><a href=\"https:\/\/blogsaverroes.juntadeandalucia.es\/ceiprafaelalbertidh\/files\/2021\/10\/CORREO-10-PASEN-22-SEP-21-Becas-ACNEAE.pdf\" target=\"_blank\" rel=\"noopener noreferrer\">22 de septiembre de 2021: Becas ACNEAE<\/a> (<a href=\"https:\/\/blogsaverroes.juntadeandalucia.es\/ceiprafaelalbertidh\/files\/2021\/10\/CORREO-10-PASEN-22-SEP-21-Becas-ACNEAE-ADJUNTO.pdf\" target=\"_blank\" rel=\"noopener noreferrer\">ADJUNTO<\/a>)<\/strong><\/h5>\n<h5><strong><a href=\"https:\/\/blogsaverroes.juntadeandalucia.es\/ceiprafaelalbertidh\/files\/2021\/10\/CORREO-9-PASEN-21-SEP-21-COMEDOR-ESCOLAR.pdf\" target=\"_blank\" rel=\"noopener noreferrer\">21 de septiembre de 2021: Comedor escolar<\/a><\/strong><\/h5>\n<h5><a href=\"https:\/\/blogsaverroes.juntadeandalucia.es\/ceiprafaelalbertidh\/files\/2021\/10\/CORREO-8-PASEN-17-SEP-21-ENLACE-REUNI\u00d3N-AAEE.pdf\" target=\"_blank\" rel=\"noopener noreferrer\"><strong>17 de<\/strong> <strong>septiembre de 2021: Enlace reuni\u00f3n A.A.E.E.<\/strong><\/a><\/h5>\n<h5><strong><a href=\"https:\/\/blogsaverroes.juntadeandalucia.es\/ceiprafaelalbertidh\/files\/2021\/10\/CORREO-7-PASEN-16-SEP-21-REUNI\u00d3N-AAEE.pdf\" target=\"_blank\" rel=\"noopener noreferrer\">16 de septiembre de 2021: Reuni\u00f3n A.A.E.E.&nbsp;<\/a><\/strong><\/h5>\n<h5><strong><a href=\"https:\/\/blogsaverroes.juntadeandalucia.es\/ceiprafaelalbertidh\/files\/2021\/10\/CORREO-6-PASEN-14-SEP-21-SECRETARIA-DEL-CENTRO.pdf\" target=\"_blank\" rel=\"noopener noreferrer\">14 de septiembre de 2021: Secretar\u00eda del Centro<\/a>&nbsp;<\/strong><\/h5>\n<h5><strong><a href=\"https:\/\/blogsaverroes.juntadeandalucia.es\/ceiprafaelalbertidh\/files\/2021\/09\/CORREO-5-PASEN-13-SEP-21-Becas-ACNEAE.pdf\" target=\"_blank\" rel=\"noopener noreferrer\">13 de septiembre de 2021: Ayudas para alumnos\/as con necesidad espec\u00edfica de apoyo educativo<\/a> <a href=\"https:\/\/blogsaverroes.juntadeandalucia.es\/ceiprafaelalbertidh\/files\/2021\/09\/CORREO-5-PASEN-13-SEP-21-Becas-ACNEAE-ADJUNTO.pdf\" target=\"_blank\" rel=\"noopener noreferrer\">(ADJUNTO)<\/a><\/strong><\/h5>\n<h5><strong><a href=\"https:\/\/blogsaverroes.juntadeandalucia.es\/ceiprafaelalbertidh\/files\/2021\/09\/CORREO-4-PASEN-9-SEP-21-Reuniones-presentaci\u00f3n.pdf\" target=\"_blank\" rel=\"noopener noreferrer\">9 de septiembre de 2021: Reuniones presentaci\u00f3n inicio de curso<\/a><\/strong><\/h5>\n<h5><a href=\"https:\/\/blogsaverroes.juntadeandalucia.es\/ceiprafaelalbertidh\/files\/2021\/09\/CORREO-3-PASEN-9-SEP-21-AAEE.pdf\" target=\"_blank\" rel=\"noopener noreferrer\"><strong>9 de septiembre de 2021: Aula de Mediod\u00eda y Actividades Extraescolares<\/strong><\/a><strong> <a href=\"https:\/\/blogsaverroes.juntadeandalucia.es\/ceiprafaelalbertidh\/files\/2021\/09\/CORREO-3-PASEN-9-SEP-21-AAEE-ADJUNTO.pdf\" target=\"_blank\" rel=\"noopener noreferrer\">(ADJUNTO)<\/a><\/strong><\/h5>\n<h5><strong><a href=\"https:\/\/blogsaverroes.juntadeandalucia.es\/ceiprafaelalbertidh\/files\/2021\/09\/CORREO-2-PASEN-7-SEP-21-BONIFICACI\u00d3N.pdf\" target=\"_blank\" rel=\"noopener noreferrer\">7 de septiembre de 2021: Recordatorio \u00faltimo d\u00eda de bonificaci\u00f3n<\/a><\/strong><\/h5>\n<h5><strong><a href=\"https:\/\/blogsaverroes.juntadeandalucia.es\/ceiprafaelalbertidh\/files\/2021\/09\/CORREO-1-PASEN-3-SEP-21-BIENVENIDA.pdf\" target=\"_blank\" rel=\"noopener noreferrer\">3 de septiembre de 2021: Bienvenida<\/a><\/strong><\/h5>\n<h5><strong><a href=\"https:\/\/blogsaverroes.juntadeandalucia.es\/ceiprafaelalbertidh\/novedades-curso-21-22\/\" target=\"_blank\" rel=\"noopener noreferrer\">Novedades inicio de curso 2021-2022<\/a><\/strong><\/h5>\n","protected":false},"excerpt":{"rendered":"<p>*PULSE SOBRE EL CORREO QUE DESEE LEER 30 de junio de 2022: Listado de admitidos y suplentes del plan de apertura 24 de junio de 2022: Bolet\u00edn de notas y noticias relevantes&nbsp; 23 de junio de 2022: D\u00eda para recoger prendas y recipientes herm\u00e9ticos 23 de junio de 2022: Convocatoria reuni\u00f3n con familias admitidas en &hellip; <\/p>\n<p><a class=\"more-link btn\" href=\"https:\/\/blogsaverroes.juntadeandalucia.es\/ceiprafaelalbertidh\/correos-2021-2022\/\">Seguir leyendo<\/a><\/p>\n","protected":false},"author":6883,"featured_media":0,"parent":0,"menu_order":0,"comment_status":"closed","ping_status":"closed","template":"","meta":{"ngg_post_thumbnail":0,"footnotes":"","_mc_calendar":[]},"aioseo_notices":[],"_links":{"self":[{"href":"https:\/\/blogsaverroes.juntadeandalucia.es\/ceiprafaelalbertidh\/wp-json\/wp\/v2\/pages\/3971"}],"collection":[{"href":"https:\/\/blogsaverroes.juntadeandalucia.es\/ceiprafaelalbertidh\/wp-json\/wp\/v2\/pages"}],"about":[{"href":"https:\/\/blogsaverroes.juntadeandalucia.es\/ceiprafaelalbertidh\/wp-json\/wp\/v2\/types\/page"}],"author":[{"embeddable":true,"href":"https:\/\/blogsaverroes.juntadeandalucia.es\/ceiprafaelalbertidh\/wp-json\/wp\/v2\/users\/6883"}],"replies":[{"embeddable":true,"href":"https:\/\/blogsaverroes.juntadeandalucia.es\/ceiprafaelalbertidh\/wp-json\/wp\/v2\/comments?post=3971"}],"version-history":[{"count":22,"href":"https:\/\/blogsaverroes.juntadeandalucia.es\/ceiprafaelalbertidh\/wp-json\/wp\/v2\/pages\/3971\/revisions"}],"predecessor-version":[{"id":4434,"href":"https:\/\/blogsaverroes.juntadeandalucia.es\/ceiprafaelalbertidh\/wp-json\/wp\/v2\/pages\/3971\/revisions\/4434"}],"wp:attachment":[{"href":"https:\/\/blogsaverroes.juntadeandalucia.es\/ceiprafaelalbertidh\/wp-json\/wp\/v2\/media?parent=3971"}],"curies":[{"name":"wp","href":"https:\/\/api.w.org\/{rel}","templated":true}]}}