{"id":4997,"date":"2023-09-03T11:23:07","date_gmt":"2023-09-03T09:23:07","guid":{"rendered":"https:\/\/blogsaverroes.juntadeandalucia.es\/ceiprafaelalbertidh\/?page_id=4997"},"modified":"2024-06-28T12:57:21","modified_gmt":"2024-06-28T10:57:21","slug":"correos-2023-2024","status":"publish","type":"page","link":"https:\/\/blogsaverroes.juntadeandalucia.es\/ceiprafaelalbertidh\/correos-2023-2024\/","title":{"rendered":"Correos electr\u00f3nicos enviados a las familias en el curso 2023-2024"},"content":{"rendered":"<h3><em><strong>*PULSE SOBRE EL CORREO QUE DESEE LEER<\/strong><\/em><\/h3>\n<h5><a href=\"https:\/\/blogsaverroes.juntadeandalucia.es\/ceiprafaelalbertidh\/novedades-curso-2023-2024\/\" target=\"_blank\" rel=\"noopener noreferrer\"><strong>Novedades inicio de curso 2023-2024<\/strong><\/a><\/h5>\n<h5><a href=\"https:\/\/blogsaverroes.juntadeandalucia.es\/ceiprafaelalbertidh\/files\/2024\/06\/71-CORREO-PASEN-Listado-de-admitidos-definitivos-28-de-junio-de-2024.pdf\" target=\"_blank\" rel=\"noopener\"><strong>28 de junio de 2024: Adjudicaci\u00f3n definitiva de Servicios Complementarios<\/strong><\/a><\/h5>\n<h5><a href=\"https:\/\/blogsaverroes.juntadeandalucia.es\/ceiprafaelalbertidh\/files\/2024\/06\/70-CORREO-PASEN-Aula-Matinal-27-de-junio-de-2024.pdf\" target=\"_blank\" rel=\"noopener\"><strong>27 de junio de 2024: Informaci\u00f3n servicio Aula Matinal<\/strong><\/a><\/h5>\n<h5><a href=\"https:\/\/blogsaverroes.juntadeandalucia.es\/ceiprafaelalbertidh\/files\/2024\/06\/69-CORREO-PASEN-Calificacion-ordinaria-25-de-junio-de-2024.pdf\" target=\"_blank\" rel=\"noopener\"><strong>25 de junio de 2024: Bolet\u00edn de notas y noticias relevantes<\/strong><\/a><\/h5>\n<h5><strong><a href=\"https:\/\/blogsaverroes.juntadeandalucia.es\/ceiprafaelalbertidh\/files\/2024\/06\/68-CORREO-PASEN-Reunion-I.E.S.-Hermanos-Machado-25-de-junio-de-2024.pdf\" target=\"_blank\" rel=\"noopener\">25 de junio de 2024: Reuni\u00f3n I. E. S. Hermanos Machado<\/a> ( <a href=\"https:\/\/blogsaverroes.juntadeandalucia.es\/ceiprafaelalbertidh\/files\/2024\/06\/68-CORREO-PASEN-Reunion-I.E.S.-Hermanos-Machado-25-de-junio-de-2024-ADJ.pdf\" target=\"_blank\" rel=\"noopener\">ADJUNTO<\/a> )<\/strong><\/h5>\n<h5><strong><a href=\"https:\/\/blogsaverroes.juntadeandalucia.es\/ceiprafaelalbertidh\/files\/2024\/06\/67-CORREO-PASEN-Becas-ANEAE-19-de-junio-de-2024.pdf\" target=\"_blank\" rel=\"noopener\">19 de junio de 2024: Ayudas para alumnos\/as con necesidad espec\u00edfica de apoyo educativo<\/a> ( <a href=\"https:\/\/blogsaverroes.juntadeandalucia.es\/ceiprafaelalbertidh\/files\/2024\/06\/67-CORREO-PASEN-Becas-ANEAE-19-de-junio-de-2024-adjunto.pdf\" target=\"_blank\" rel=\"noopener\">ADJUNTO<\/a> )<\/strong><\/h5>\n<h5><strong><a href=\"https:\/\/blogsaverroes.juntadeandalucia.es\/ceiprafaelalbertidh\/files\/2024\/06\/66-CORREO-PASEN-Jornadas-finales-Curso-2023-2024-18-de-junio-de-2024.pdf\" target=\"_blank\" rel=\"noopener\">18 de junio de 2024: Jornadas finales Curso 2023-2024<\/a> ( <a href=\"https:\/\/blogsaverroes.juntadeandalucia.es\/ceiprafaelalbertidh\/files\/2024\/06\/66-CORREO-PASEN-Jornadas-finales-Curso-2023-2024-18-de-junio-de-2024-ADJ.pdf\" target=\"_blank\" rel=\"noopener\">ADJUNTO<\/a> )<\/strong><\/h5>\n<h5><strong><a href=\"https:\/\/blogsaverroes.juntadeandalucia.es\/ceiprafaelalbertidh\/files\/2024\/06\/65-CORREO-PASEN-Convivencia-final-de-curso-17-de-junio-de-2024.pdf\" target=\"_blank\" rel=\"noopener\">17 de junio de 2024: Convivencia final de curso (con familias)<\/a> ( <a href=\"https:\/\/blogsaverroes.juntadeandalucia.es\/ceiprafaelalbertidh\/files\/2024\/06\/65-CORREO-PASEN-Convivencia-final-de-curso-17-de-junio-de-2024-adj.png\" target=\"_blank\" rel=\"noopener\">ADJUNTO<\/a> )<\/strong><\/h5>\n<h5><strong><a href=\"https:\/\/blogsaverroes.juntadeandalucia.es\/ceiprafaelalbertidh\/files\/2024\/06\/64-CORREO-PASEN-Listado-porvisional-plan-de-apertura-13-de-junio-de-2024.pdf\" target=\"_blank\" rel=\"noopener\">13 de junio de 2024: Listado provisional de admitidos y suplentes del plan de apertura<\/a><\/strong><\/h5>\n<h5><strong><a href=\"https:\/\/blogsaverroes.juntadeandalucia.es\/ceiprafaelalbertidh\/files\/2024\/06\/63-CORREO-PASEN-Banderin-convivencia-finals-12-de-junio-de-2024.pdf\" target=\"_blank\" rel=\"noopener\">12 de junio de 2024: Banderines para la convivencia final de curso<\/a> <a href=\"https:\/\/blogsaverroes.juntadeandalucia.es\/ceiprafaelalbertidh\/files\/2024\/06\/63-CORREO-PASEN-Banderin-convivencia-finals-12-de-junio-de-2024-ADJ.pdf\" target=\"_blank\" rel=\"noopener\">(ADJUNTO)<\/a>&nbsp;&nbsp;<\/strong><\/h5>\n<h5><strong><a href=\"https:\/\/blogsaverroes.juntadeandalucia.es\/ceiprafaelalbertidh\/files\/2024\/06\/62-CORREO-PASEN-Reunion-nuevas-familias-11-de-junio-de-2024.pdf\" target=\"_blank\" rel=\"noopener\">11 de junio de 2024: Reuni\u00f3n de bienvenida de las nuevas familias al centro<\/a>&nbsp;&nbsp;<\/strong><\/h5>\n<h5><a href=\"https:\/\/blogsaverroes.juntadeandalucia.es\/ceiprafaelalbertidh\/files\/2024\/06\/61-CORREO-PASEN-objetos-perdidos-11-de-junio-de-2023.pdf\" target=\"_blank\" rel=\"noopener\"><strong>11 de junio de 2024: Entrada al centro para recoger los objetos perdidos<\/strong><\/a><\/h5>\n<h5><a href=\"https:\/\/blogsaverroes.juntadeandalucia.es\/ceiprafaelalbertidh\/files\/2024\/06\/60-CORREO-PASEN-Reunion-Transito-10-de-junio-de-2024.pdf\" target=\"_blank\" rel=\"noopener\"><strong>10 de junio de 2024: Reuni\u00f3n de tr\u00e1nsito de Educaci\u00f3n Infantil a Educaci\u00f3n Primaria&nbsp;<\/strong><\/a><\/h5>\n<h5><a href=\"https:\/\/blogsaverroes.juntadeandalucia.es\/ceiprafaelalbertidh\/files\/2024\/06\/59-CORREO-PASEN-Frutas-cuarta-7-de-junio-de-2024.pdf\" target=\"_blank\" rel=\"noopener\"><strong>7 de junio de 2024: Plan de Consumo de Fruta en las Escuelas (gratuito)<\/strong><\/a><\/h5>\n<h5><strong><a href=\"https:\/\/blogsaverroes.juntadeandalucia.es\/ceiprafaelalbertidh\/files\/2024\/06\/58-CORREO-PASEN-RECORDATORIO-MATRICULACION-24-25-6-de-JUNIO-de-2024.pdf\" target=\"_blank\" rel=\"noopener\">6 de junio de 2024: RECORDATORIO MATRICULACI\u00d3N \u2013 \u00daLTIMOS D\u00cdAS<\/a> <a href=\"https:\/\/blogsaverroes.juntadeandalucia.es\/ceiprafaelalbertidh\/files\/2024\/06\/58-CORREO-PASEN-RECORDATORIO-MATRICULACION-24-25-6-de-JUNIO-de-2024-ADJUNTO.pdf\" target=\"_blank\" rel=\"noopener\">(ADJUNTO)<\/a>&nbsp;&nbsp;<\/strong><\/h5>\n<h5><strong><a href=\"https:\/\/blogsaverroes.juntadeandalucia.es\/ceiprafaelalbertidh\/files\/2024\/06\/57-CORREO-PASEN-MATRICULACION-24-25-3-de-JUNIO-de-2024.pdf\" target=\"_blank\" rel=\"noopener\">3 de junio de 2024: MATRICULACI\u00d3N DEL ALUMNADO CURSO 2024 \u2013 2025<\/a> <a href=\"https:\/\/blogsaverroes.juntadeandalucia.es\/ceiprafaelalbertidh\/files\/2024\/06\/57-CORREO-PASEN-MATRICULACION-24-25-3-de-JUNIO-de-2024-ADJUNTO.pdf\" target=\"_blank\" rel=\"noopener\">(ADJUNTO)<\/a>&nbsp;&nbsp;<\/strong><\/h5>\n<h5><strong><a href=\"https:\/\/blogsaverroes.juntadeandalucia.es\/ceiprafaelalbertidh\/files\/2024\/06\/56-CORREO-PASEN-Inicios-prestamos-biblioteca-21-de-MAYO-de-2024.pdf\" target=\"_blank\" rel=\"noopener\">21 de mayo de 2024: Inauguraci\u00f3n de la Biblioteca de nuestro centro<\/a>&nbsp;&nbsp;<\/strong><\/h5>\n<h5><a href=\"https:\/\/blogsaverroes.juntadeandalucia.es\/ceiprafaelalbertidh\/files\/2024\/06\/55-CORREO-PASEN-FIESTA-PRIMAVERA-AMPA-17-de-MAYO-de-2024.pdf\" target=\"_blank\" rel=\"noopener\"><strong>17 de mayo de 2024: Fiesta de la PRIMAVERA organizada por la asociaci\u00f3n de familias<\/strong><\/a><\/h5>\n<h5><strong><a href=\"https:\/\/blogsaverroes.juntadeandalucia.es\/ceiprafaelalbertidh\/files\/2024\/06\/54-CORREO-PASEN-Concurso-dia-de-la-Familia-agenda-14-de-mayo-de-2024.pdf\" target=\"_blank\" rel=\"noopener\">14 de mayo de 2024: Concurso para el d\u00eda de la familia (agenda AMPA)<\/a> <a href=\"https:\/\/blogsaverroes.juntadeandalucia.es\/ceiprafaelalbertidh\/files\/2024\/06\/54-CORREO-PASEN-Concurso-dia-de-la-Familia-agenda-14-de-mayo-de-2024-ADJ.png\" target=\"_blank\" rel=\"noopener\">(ADJUNTO)<\/a>&nbsp;&nbsp;<\/strong><\/h5>\n<h5><strong><a href=\"https:\/\/blogsaverroes.juntadeandalucia.es\/ceiprafaelalbertidh\/files\/2024\/06\/53-CORREO-PASEN-Frutas-tercera-13-de-mayo-de-2024.pdf\" target=\"_blank\" rel=\"noopener\">13 de mayo de 2024: Plan de Consumo de Fruta en las Escuelas (gratuito)<\/a>&nbsp;<\/strong><\/h5>\n<h5><a href=\"https:\/\/blogsaverroes.juntadeandalucia.es\/ceiprafaelalbertidh\/files\/2024\/06\/52-CORREO-PASEN-Evaluacion-de-diagnostico-25-de-abril-de-2024.pdf\" target=\"_blank\" rel=\"noopener\"><strong>25 de abril de 2024: Evaluaci\u00f3n de diagn\u00f3stico<\/strong><\/a><\/h5>\n<h5><strong><a href=\"https:\/\/blogsaverroes.juntadeandalucia.es\/ceiprafaelalbertidh\/files\/2024\/04\/51-CORREO-PASEN-resultado-certamen-literario-24-de-abril-de-2024.pdf\" target=\"_blank\" rel=\"noopener\">24 de abril de 2024: Fallo del Jurado del IV Certamen de Relatos y Cuentos Rafael Alberti (PROMOVIDO POR AMPA)<\/a>&nbsp;&nbsp;<\/strong><\/h5>\n<h5><strong><a href=\"https:\/\/blogsaverroes.juntadeandalucia.es\/ceiprafaelalbertidh\/files\/2024\/04\/50-CORREO-PASEN-Carrera-ayuntamiento-19-de-abril-de-2024.pdf\" target=\"_blank\" rel=\"noopener\">19 de abril de 2024: 43o Carrera Escolar (Ayuntamiento de Dos Hermanas)<\/a> (<a href=\"https:\/\/blogsaverroes.juntadeandalucia.es\/ceiprafaelalbertidh\/files\/2024\/04\/50-CORREO-PASEN-Carrera-ayuntamiento-19-de-abril-de-2024-ADJUNTO.jpg\" target=\"_blank\" rel=\"noopener\">ADJUNTO<\/a>)&nbsp;<\/strong><\/h5>\n<h5><strong><a href=\"https:\/\/blogsaverroes.juntadeandalucia.es\/ceiprafaelalbertidh\/files\/2024\/04\/49-CORREO-PASEN-Frutas-segunda-16-de-abril-de-2024.pdf\" target=\"_blank\" rel=\"noopener\">16 de abril de 2024: Plan de Consumo de Fruta en las Escuelas (gratuito)<\/a>&nbsp;<\/strong><\/h5>\n<h5><strong><a href=\"https:\/\/blogsaverroes.juntadeandalucia.es\/ceiprafaelalbertidh\/files\/2024\/04\/48-CORREO-PASEN-Escuela-de-familia-9-de-abril-de-2024.pdf\" target=\"_blank\" rel=\"noopener\">9 de abril de 2024: Escuela de familia organizada por la asociaci\u00f3n de familias<\/a> (<a href=\"https:\/\/blogsaverroes.juntadeandalucia.es\/ceiprafaelalbertidh\/files\/2024\/04\/48-CORREO-PASEN-Escuela-de-familia-9-de-abril-de-2024-ADJUNTO.png\" target=\"_blank\" rel=\"noopener\">ADJUNTO<\/a>)&nbsp;<\/strong><\/h5>\n<h5><strong><a href=\"https:\/\/blogsaverroes.juntadeandalucia.es\/ceiprafaelalbertidh\/files\/2024\/04\/47-CORREO-PASEN-Autismo-1-de-abril-de-2024.pdf\" target=\"_blank\" rel=\"noopener\">1 de abril de 2024: D\u00eda Mundial de Concienciaci\u00f3n sobre el Autismo<\/a>&nbsp;&nbsp;<\/strong><\/h5>\n<h5><strong><a href=\"https:\/\/blogsaverroes.juntadeandalucia.es\/ceiprafaelalbertidh\/files\/2024\/04\/46-CORREO-PASEN-Boletin-de-calificaciones-Segundo-Trimestre-22-de-marzo-de-2024.pdf\" target=\"_blank\" rel=\"noopener\">22 de marzo de 2024: Bolet\u00edn de notas \u2013 Segunda Evaluaci\u00f3n<\/a>&nbsp;&nbsp;<\/strong><\/h5>\n<h5><strong><a href=\"https:\/\/blogsaverroes.juntadeandalucia.es\/ceiprafaelalbertidh\/files\/2024\/04\/45-CORREO-PASEN-recordatorio-adscripcion-IES-12-de-marzo-de-2024.pdf\" target=\"_blank\" rel=\"noopener\">12 de marzo de 2024: Reuni\u00f3n sobre la adscripci\u00f3n a los IES de referencia<\/a>&nbsp;&nbsp;<\/strong><\/h5>\n<h5><strong><a href=\"https:\/\/blogsaverroes.juntadeandalucia.es\/ceiprafaelalbertidh\/files\/2024\/04\/44-CORREO-PASEN-Jornadas-Culturales-11-de-marzo-de-2024.pdf\" target=\"_blank\" rel=\"noopener\">11 de marzo de 2024: Organizaci\u00f3n de las VI Jornadas Culturales del centro (horario de tarde)<\/a> (<a href=\"https:\/\/blogsaverroes.juntadeandalucia.es\/ceiprafaelalbertidh\/files\/2024\/04\/44-CORREO-PASEN-Jornadas-Culturales-11-de-marzo-de-2024-ADJ_compressed.pdf\" target=\"_blank\" rel=\"noopener\">ADJUNTO<\/a>)&nbsp;<\/strong><\/h5>\n<h5><a href=\"https:\/\/blogsaverroes.juntadeandalucia.es\/ceiprafaelalbertidh\/files\/2024\/03\/43-CORREO-PASEN-Frutas-primera-8-de-marzo-de-2024.pdf\" target=\"_blank\" rel=\"noopener noreferrer\"><strong>8 de marzo de 2024: Plan de Consumo de Fruta en las Escuelas (gratuito)<\/strong><\/a><\/h5>\n<h5><strong><a href=\"https:\/\/blogsaverroes.juntadeandalucia.es\/ceiprafaelalbertidh\/files\/2024\/03\/42-CORREO-PASEN-Jornadas-Culturales-7-de-marzo-de-2024.pdf\" target=\"_blank\" rel=\"noopener noreferrer\">7 de marzo de 2024: Invitaci\u00f3n a las VI Jornadas Culturales del Centro (horario de tarde)<\/a> (<a href=\"https:\/\/blogsaverroes.juntadeandalucia.es\/ceiprafaelalbertidh\/files\/2024\/03\/42-CORREO-PASEN-Jornadas-Culturales-7-de-marzo-de-2024-ADJ.png\" target=\"_blank\" rel=\"noopener noreferrer\">ADJUNTO<\/a>)&nbsp;<\/strong><\/h5>\n<h5><strong><a href=\"https:\/\/blogsaverroes.juntadeandalucia.es\/ceiprafaelalbertidh\/files\/2024\/03\/41-CORREO-PASEN-certamen-literario-6-de-marzo-de-2024.pdf\" target=\"_blank\" rel=\"noopener noreferrer\">6 de marzo de 2024: IV Certamen de Relatos y Cuentos Rafael Alberti (organizado por AMPA)<\/a> (<a href=\"https:\/\/blogsaverroes.juntadeandalucia.es\/ceiprafaelalbertidh\/files\/2024\/03\/41-CORREO-PASEN-certamen-literario-6-de-marzo-de-2024-ADJ.pdf\" target=\"_blank\" rel=\"noopener noreferrer\">ADJUNTO<\/a>)&nbsp;<\/strong><\/h5>\n<h5><strong><a href=\"https:\/\/blogsaverroes.juntadeandalucia.es\/ceiprafaelalbertidh\/files\/2024\/03\/40-CORREO-PASEN-Reuniones-IES-1-de-marzo-de-2024.pdf\" target=\"_blank\" rel=\"noopener noreferrer\">1 de marzo de 2024: Reuniones en los I. E.S. de referencias<\/a>&nbsp;(<a href=\"https:\/\/blogsaverroes.juntadeandalucia.es\/ceiprafaelalbertidh\/files\/2024\/03\/40-CORREO-PASEN-Reuniones-IES-1-de-marzo-de-2024-ADJUNTO.pdf\" target=\"_blank\" rel=\"noopener noreferrer\">ADJUNTO<\/a>)&nbsp;<\/strong><\/h5>\n<h5><strong><a href=\"https:\/\/blogsaverroes.juntadeandalucia.es\/ceiprafaelalbertidh\/files\/2024\/03\/39-CORREO-PASEN-Talleres-Jornadas-Culturales-1-de-marzo-de-2024.pdf\" target=\"_blank\" rel=\"noopener noreferrer\">1 de marzo de 2024: Jornadas Culturales (horario de tarde)<\/a>&nbsp;<\/strong><\/h5>\n<h5><strong><a href=\"https:\/\/blogsaverroes.juntadeandalucia.es\/ceiprafaelalbertidh\/files\/2024\/03\/38-CORREO-PASEN-adscripci\u00f3n-IES-19-de-febrero-de-2024.pdf\" target=\"_blank\" rel=\"noopener noreferrer\">19 de febrero de 2024: Reuni\u00f3n sobre la adscripci\u00f3n a los IES de referencia<\/a>&nbsp;<\/strong><\/h5>\n<h5><strong><a href=\"https:\/\/blogsaverroes.juntadeandalucia.es\/ceiprafaelalbertidh\/files\/2024\/02\/37-CORREO-PASEN-jornadas-Andaluc\u00eda-12-de-febrero-de-2024.pdf\" target=\"_blank\" rel=\"noopener noreferrer\">12 de febrero de 2024: Jornadas d\u00eda de Andaluc\u00eda<\/a>&nbsp;&nbsp;(<a href=\"https:\/\/blogsaverroes.juntadeandalucia.es\/ceiprafaelalbertidh\/files\/2024\/02\/37-CORREO-PASEN-jornadas-Andaluc\u00eda-12-de-febrero-de-2024-ADJUNTO.pdf\" target=\"_blank\" rel=\"noopener noreferrer\">ADJUNTO<\/a>)&nbsp;<\/strong><\/h5>\n<h5><strong><a href=\"https:\/\/blogsaverroes.juntadeandalucia.es\/ceiprafaelalbertidh\/files\/2024\/02\/36-CORREO-PASEN-Celebraci\u00f3n-Carnaval-viernes-9-8-de-febrero-de-2024.pdf\" target=\"_blank\" rel=\"noopener noreferrer\">8 de febrero de 2024: Celebraci\u00f3n Carnaval<\/a> &nbsp;(<a href=\"https:\/\/blogsaverroes.juntadeandalucia.es\/ceiprafaelalbertidh\/files\/2024\/02\/36-CORREO-PASEN-Celebraci\u00f3n-Carnaval-viernes-9-8-de-febrero-de-2024-ADJUNTO.png\" target=\"_blank\" rel=\"noopener noreferrer\">ADJUNTO<\/a>)&nbsp;<\/strong><\/h5>\n<h5><strong><a href=\"https:\/\/blogsaverroes.juntadeandalucia.es\/ceiprafaelalbertidh\/files\/2024\/02\/35-CORREO-PASEN-Misi\u00f3n-Carnaval-jueves-8-de-febrero-7-de-febrero-de-2024.pdf\" target=\"_blank\" rel=\"noopener noreferrer\">8 de febrero de 2024: Carnaval<\/a> &nbsp;(<a href=\"https:\/\/blogsaverroes.juntadeandalucia.es\/ceiprafaelalbertidh\/files\/2024\/02\/35-CORREO-PASEN-Misi\u00f3n-Carnaval-jueves-8-de-febrero-7-de-febrero-de-2024-ADJUNTO.png\" target=\"_blank\" rel=\"noopener noreferrer\">ADJUNTO<\/a>)&nbsp;<\/strong><\/h5>\n<h5><strong><a href=\"https:\/\/blogsaverroes.juntadeandalucia.es\/ceiprafaelalbertidh\/files\/2024\/02\/34-CORREO-PASEN-Astronom\u00eda-AMPA-7-de-febrero-de-2024.pdf\" target=\"_blank\" rel=\"noopener noreferrer\">7 de febrero de 2024: Taller de Astronom\u00eda organizado por la asociaci\u00f3n de familias<\/a> &nbsp;(<a href=\"https:\/\/blogsaverroes.juntadeandalucia.es\/ceiprafaelalbertidh\/files\/2024\/02\/34-CORREO-PASEN-Astronom\u00eda-AMPA-7-de-febrero-de-2024-ADJUNTO.jpg\" target=\"_blank\" rel=\"noopener noreferrer\">ADJUNTO<\/a>)&nbsp;<\/strong><\/h5>\n<h5><strong><a href=\"https:\/\/blogsaverroes.juntadeandalucia.es\/ceiprafaelalbertidh\/files\/2024\/02\/33-CORREO-PASEN-Misi\u00f3n-Carnaval-7-de-febrero-6-de-febrero-de-2024.pdf\" target=\"_blank\" rel=\"noopener noreferrer\">6 de febrero de 2024: Misi\u00f3n Carnaval 7 de febrero<\/a> &nbsp;(<a href=\"https:\/\/blogsaverroes.juntadeandalucia.es\/ceiprafaelalbertidh\/files\/2024\/02\/33-CORREO-PASEN-Misi\u00f3n-Carnaval-7-de-febrero-6-de-febrero-de-2024-ADJUNTO.png\" target=\"_blank\" rel=\"noopener noreferrer\">ADJUNTO<\/a>)&nbsp;<\/strong><\/h5>\n<h5><strong><a href=\"https:\/\/blogsaverroes.juntadeandalucia.es\/ceiprafaelalbertidh\/files\/2024\/02\/32-CORREO-PASEN-Celebraci\u00f3n-Carnaval-martes-5-de-febrero-de-2024.pdf\" target=\"_blank\" rel=\"noopener noreferrer\">5 de febrero de 2024: Celebraci\u00f3n Carnaval<\/a> &nbsp;(<a href=\"https:\/\/blogsaverroes.juntadeandalucia.es\/ceiprafaelalbertidh\/files\/2024\/02\/32-CORREO-PASEN-Celebraci\u00f3n-Carnaval-martes-5-de-febrero-de-2024-ADJUNTO.png\" target=\"_blank\" rel=\"noopener noreferrer\">ADJUNTO<\/a>)&nbsp;<\/strong><\/h5>\n<h5><strong><a href=\"https:\/\/blogsaverroes.juntadeandalucia.es\/ceiprafaelalbertidh\/files\/2024\/02\/31-CORREO-PASEN-Celebraci\u00f3n-Carnaval-2-de-febrero-de-2024.pdf\" target=\"_blank\" rel=\"noopener noreferrer\">2 de febrero de 2024: Carnaval<\/a> &nbsp;(<a href=\"https:\/\/blogsaverroes.juntadeandalucia.es\/ceiprafaelalbertidh\/files\/2024\/02\/31-CORREO-PASEN-Carnaval-Infantil-y-Primaria-2-de-febrero-de-2024-ADJUNTO.png\" target=\"_blank\" rel=\"noopener noreferrer\">ADJUNTO<\/a>)&nbsp;<\/strong><\/h5>\n<h5><a href=\"https:\/\/blogsaverroes.juntadeandalucia.es\/ceiprafaelalbertidh\/files\/2024\/02\/30-CORREO-PASEN-Carnaval-Infantil-1-de-febrero-de-2024.pdf\" target=\"_blank\" rel=\"noopener noreferrer\"><strong>1 de febrero de 2024: Carnaval en Educaci\u00f3n Infantil<\/strong><\/a><\/h5>\n<h5><strong><a href=\"https:\/\/blogsaverroes.juntadeandalucia.es\/ceiprafaelalbertidh\/files\/2024\/01\/29-CORREO-PASEN-Escuela-de-familia-29-de-enero-de-2024-1.pdf\" target=\"_blank\" rel=\"noopener noreferrer\">29 de enero de 2024: Escuela de familia organizada por la asociaci\u00f3n de familias<\/a>&nbsp;(<a href=\"https:\/\/blogsaverroes.juntadeandalucia.es\/ceiprafaelalbertidh\/files\/2024\/01\/29-CORREO-PASEN-Escuela-de-familia-29-de-enero-de-2024-ADJ-1.jpg\" target=\"_blank\" rel=\"noopener noreferrer\">ADJUNTO<\/a>)&nbsp;<\/strong><\/h5>\n<h5><strong><a href=\"https:\/\/blogsaverroes.juntadeandalucia.es\/ceiprafaelalbertidh\/files\/2024\/01\/28-CORREO-PASEN-D\u00eda-Paz-23-de-enero-de-2024-1.pdf\" target=\"_blank\" rel=\"noopener noreferrer\">23 de enero de 2024: D\u00eda Escolar de la No-violencia y la Paz<\/a>&nbsp;<\/strong><\/h5>\n<h5><strong><a href=\"https:\/\/blogsaverroes.juntadeandalucia.es\/ceiprafaelalbertidh\/files\/2024\/01\/27-CORREO-PASEN-Jornadas-de-puertas-abiertas-19-de-enero-de-2024.pdf\" target=\"_blank\" rel=\"noopener noreferrer\">19 de enero de 2024: Jornadas para la escolarizaci\u00f3n 2024-2025<\/a> (<a href=\"https:\/\/blogsaverroes.juntadeandalucia.es\/ceiprafaelalbertidh\/files\/2024\/01\/27-CORREO-PASEN-Jornadas-de-puertas-abiertas-19-de-enero-de-2024-ADJ.png\" target=\"_blank\" rel=\"noopener noreferrer\">ADJUNTO<\/a>)&nbsp;<\/strong><\/h5>\n<h5><strong><a href=\"https:\/\/blogsaverroes.juntadeandalucia.es\/ceiprafaelalbertidh\/files\/2024\/01\/26-CORREO-PASEN-Boletin-de-calificaciones-felices-fiestas-22-de-diciembre-de-2023.pdf\" target=\"_blank\" rel=\"noopener noreferrer\">22 de diciembre de 2023: Bolet\u00edn de notas \u2013 Felices fiestas<\/a>&nbsp;<\/strong><\/h5>\n<h5><strong><a href=\"https:\/\/blogsaverroes.juntadeandalucia.es\/ceiprafaelalbertidh\/files\/2023\/12\/24-CORREO-PASEN-Actividades-Final-Trimestre-11-de-diciembre-de-2023.pdf\" target=\"_blank\" rel=\"noopener noreferrer\">11 de diciembre de 2023: Actividades Final Trimestre<\/a> (<a href=\"https:\/\/blogsaverroes.juntadeandalucia.es\/ceiprafaelalbertidh\/files\/2023\/12\/24-Diptico-actividades-finales-trimestre.pdf\" target=\"_blank\" rel=\"noopener noreferrer\">ADJUNTO<\/a>)<\/strong><\/h5>\n<h5><a href=\"https:\/\/blogsaverroes.juntadeandalucia.es\/ceiprafaelalbertidh\/files\/2023\/12\/23-CORREO-PASEN-recital-de-villancicos-5-de-diciembre-de-2023.pdf\" target=\"_blank\" rel=\"noopener noreferrer\"><strong>5 de diciembre de 2023: Recital de villancicos<\/strong><\/a><\/h5>\n<h5><strong><a href=\"https:\/\/blogsaverroes.juntadeandalucia.es\/ceiprafaelalbertidh\/files\/2023\/12\/22-CORREO-PASEN-Jugamos-en-familia-30-de-noviembre-de-2023.pdf\" target=\"_blank\" rel=\"noopener noreferrer\">1 de diciembre de 2023: Jugamos en familia con la participaci\u00f3n de nuestra AMPA (AYUNTAMIENTO)<\/a> (<a href=\"https:\/\/blogsaverroes.juntadeandalucia.es\/ceiprafaelalbertidh\/files\/2023\/12\/22-CORREO-PASEN-Jugamos-en-familia-30-de-noviembre-de-2023-ADJUNTO-scaled.jpg\" target=\"_blank\" rel=\"noopener noreferrer\">ADJUNTO<\/a>)<\/strong><\/h5>\n<h5><a href=\"https:\/\/blogsaverroes.juntadeandalucia.es\/ceiprafaelalbertidh\/files\/2023\/12\/21-CORREO-PASEN-Concurso-d\u00eda-de-la-Constituci\u00f3n-24-de-noviembre-de-2023.pdf\" target=\"_blank\" rel=\"noopener noreferrer\"><strong>24 de noviembre de 2023: Concurso para el d\u00eda de la Constituci\u00f3n Espa\u00f1ola<\/strong><\/a><\/h5>\n<h5><a href=\"https:\/\/blogsaverroes.juntadeandalucia.es\/ceiprafaelalbertidh\/files\/2023\/12\/20-CORREO-PASEN-Visita-en-el-d\u00eda-Escolar-del-Flamenco-21-de-noviembre-de-2023.pdf\" target=\"_blank\" rel=\"noopener noreferrer\"><strong>21 de noviembre de 2023: Visita en el d\u00eda Escolar del Flamenco<\/strong><\/a><\/h5>\n<h5><a href=\"https:\/\/blogsaverroes.juntadeandalucia.es\/ceiprafaelalbertidh\/files\/2023\/12\/19-CORREO-PASEN-dia-del-flamenco-17-de-noviembre-de-2023.pdf\" target=\"_blank\" rel=\"noopener noreferrer\"><strong>17 de noviembre de 2023: D\u00eda Escolar del Flamenco<\/strong><\/a><\/h5>\n<h5><a href=\"https:\/\/blogsaverroes.juntadeandalucia.es\/ceiprafaelalbertidh\/files\/2023\/12\/18-CORREO-PASEN-Actividades-D\u00eda-del-Flamenco-14-de-noviembre-de-2023.pdf\" target=\"_blank\" rel=\"noopener noreferrer\"><strong>14 de noviembre de 2023: Actividades del D\u00eda del Flamenco<\/strong><\/a><\/h5>\n<h5><a href=\"https:\/\/blogsaverroes.juntadeandalucia.es\/ceiprafaelalbertidh\/files\/2023\/12\/17-CORREO-PASEN-Gymkhana-AMPA-8-de-noviembre-de-2023.pdf\" target=\"_blank\" rel=\"noopener noreferrer\"><strong>8 de noviembre de 2023: Gymkhana organizada por la asociaci\u00f3n de familias<\/strong><\/a><\/h5>\n<h5><strong><a href=\"https:\/\/blogsaverroes.juntadeandalucia.es\/ceiprafaelalbertidh\/files\/2023\/12\/16-CORREO-PASEN-Aula-Matinal-7-de-noviembre-de-2023.pdf\" target=\"_blank\" rel=\"noopener noreferrer\">7 de noviembre de 2023: Informaci\u00f3n servicio Aula Matinal<\/a> (<a href=\"https:\/\/blogsaverroes.juntadeandalucia.es\/ceiprafaelalbertidh\/files\/2023\/12\/16-CORREO-PASEN-Aula-Matinal-7-de-noviembre-de-2023-ADJUNTO.pdf\" target=\"_blank\" rel=\"noopener noreferrer\">ADJUNTO<\/a>)<\/strong><\/h5>\n<h5><strong><a href=\"https:\/\/blogsaverroes.juntadeandalucia.es\/ceiprafaelalbertidh\/files\/2023\/12\/15-CORREO-PASEN-calendario-AMPA-6-de-noviembre-de-2023.pdf\" target=\"_blank\" rel=\"noopener noreferrer\">6 de noviembre de 2023: Calendarios El Trenecito<\/a> (<a href=\"https:\/\/blogsaverroes.juntadeandalucia.es\/ceiprafaelalbertidh\/files\/2023\/12\/15-CORREO-PASEN-calendario-AMPA-6-de-noviembre-de-2023-ADJUNTO.pdf\" target=\"_blank\" rel=\"noopener noreferrer\">ADJUNTO<\/a>)<\/strong><\/h5>\n<h5><strong><a href=\"https:\/\/blogsaverroes.juntadeandalucia.es\/ceiprafaelalbertidh\/files\/2023\/12\/14-CORREO-PASEN-cineclub-AMPA-2-de-noviembre-de-2023.pdf\" target=\"_blank\" rel=\"noopener noreferrer\">2 de noviembre de 2023: Cineclub Trenecito organizado por la asociaci\u00f3n de familias<\/a> (<a href=\"https:\/\/blogsaverroes.juntadeandalucia.es\/ceiprafaelalbertidh\/files\/2023\/12\/14-CORREO-PASEN-cineclub-AMPA-2-de-noviembre-de-2023-ADJUNTO.png\" target=\"_blank\" rel=\"noopener noreferrer\">ADJUNTO<\/a>)<\/strong><\/h5>\n<h5><a href=\"https:\/\/blogsaverroes.juntadeandalucia.es\/ceiprafaelalbertidh\/files\/2023\/11\/13-CORREO-PASEN-Halloween-27-de-octubre-de-2023-1.pdf\" target=\"_blank\" rel=\"noopener noreferrer\"><strong>27 de octubre de 2023: D\u00eda Escolar Halloween<\/strong><\/a><\/h5>\n<h5><a href=\"https:\/\/blogsaverroes.juntadeandalucia.es\/ceiprafaelalbertidh\/files\/2023\/11\/12-CORREO-PASEN-Bonificaciones-definitivas-20-de-octubre-de-2023-3.pdf\" target=\"_blank\" rel=\"noopener noreferrer\"><strong>20 de octubre de 2023: Bonificaciones definitivas de los servicios complementarios<\/strong><\/a><\/h5>\n<h5><a href=\"https:\/\/blogsaverroes.juntadeandalucia.es\/ceiprafaelalbertidh\/files\/2023\/10\/11-CORREO-PASEN-Inicio-AAA-EE-16-de-octubre-de-2023.pdf\" target=\"_blank\" rel=\"noopener noreferrer\"><strong>16 de octubre de 2023: Inicio actividades extraescolares del Plan de Apertura<\/strong><\/a><\/h5>\n<h5><a href=\"https:\/\/blogsaverroes.juntadeandalucia.es\/ceiprafaelalbertidh\/files\/2023\/10\/10-CORREO-Calendario-escolar-2-de-octubre-de-2023.pdf\" target=\"_blank\" rel=\"noopener noreferrer\"><strong>2 de octubre de 2023: D\u00edas no lectivos curso 2023-2024<\/strong><\/a><\/h5>\n<h5><strong><a href=\"https:\/\/blogsaverroes.juntadeandalucia.es\/ceiprafaelalbertidh\/files\/2023\/10\/09-CORREO-PASEN-Inicio-actividades-complementarias-29-de-septiembre-de-2023.pdf\" target=\"_blank\" rel=\"noopener noreferrer\">29 de septiembre de 2023: Inicio de las actividades extraescolares<\/a>&nbsp;(<a href=\"https:\/\/blogsaverroes.juntadeandalucia.es\/ceiprafaelalbertidh\/files\/2023\/10\/09-CORREO-PASEN-Inicio-actividades-complementarias-29-de-septiembre-de-2023-adjunto.png\" target=\"_blank\" rel=\"noopener noreferrer\">ADJUNTO<\/a>)<\/strong><\/h5>\n<h5><a href=\"https:\/\/blogsaverroes.juntadeandalucia.es\/ceiprafaelalbertidh\/files\/2023\/10\/08-CORREO-PASEN-Bonificaciones-provisionales-26-de-septiembre-de-2023.pdf\" target=\"_blank\" rel=\"noopener noreferrer\"><strong>26 de septiembre de 2023: Bonificaciones previsionales de los servicios complementarios<\/strong><\/a><\/h5>\n<h5><a href=\"https:\/\/blogsaverroes.juntadeandalucia.es\/ceiprafaelalbertidh\/files\/2023\/10\/07-CORREO-PASEN-AAA-EE-y-reuni\u00f3n-25-de-septiembre-de-2023.pdf\" target=\"_blank\" rel=\"noopener noreferrer\"><strong>25 de septiembre de 2023: Actividades extraescolares y reuni\u00f3n informativa<\/strong><\/a><\/h5>\n<h5><a href=\"https:\/\/blogsaverroes.juntadeandalucia.es\/ceiprafaelalbertidh\/files\/2023\/10\/06-CORREO-PASEN-Reuniones-pedag\u00f3gicas-20-de-septiembre-de-2023.pdf\" target=\"_blank\" rel=\"noopener noreferrer\"><strong>20 de septiembre de 2023: Reuniones pedag\u00f3gicas<\/strong><\/a><\/h5>\n<h5><strong><a href=\"https:\/\/blogsaverroes.juntadeandalucia.es\/ceiprafaelalbertidh\/files\/2023\/09\/05-CORREO-PASEN-Aula-Matinal-Comedor-8-de-septiembre-de-2023.pdf\" target=\"_blank\" rel=\"noopener noreferrer\">8 de septiembre de 2023: Informaci\u00f3n importante usuarios servicios Aula Matinal y Comedor<\/a> (<a href=\"https:\/\/blogsaverroes.juntadeandalucia.es\/ceiprafaelalbertidh\/files\/2023\/09\/05-CORREO-PASEN-Aula-Matinal-Comedor-8-de-septiembre-de-2023-ADJUNTO.pdf\" target=\"_blank\" rel=\"noopener noreferrer\">ADJUNTO<\/a>)<\/strong><\/h5>\n<h5><a href=\"https:\/\/blogsaverroes.juntadeandalucia.es\/ceiprafaelalbertidh\/files\/2023\/09\/04-CORREO-PASEN-Sello-PGLT-7-de-septiembre-de-2023-1.pdf\" target=\"_blank\" rel=\"noopener noreferrer\"><strong>7 de septiembre de 2023: Estampaci\u00f3n del sello en los libros (PGLT)<\/strong><\/a><\/h5>\n<h5><strong><a href=\"https:\/\/blogsaverroes.juntadeandalucia.es\/ceiprafaelalbertidh\/files\/2023\/09\/03-CORREO-PASEN-Becas-ANEAE-6-de-septiembre-de-2023.pdf\" target=\"_blank\" rel=\"noopener noreferrer\">6 de septiembre de 2023: Ayudas para alumnos\/as con necesidad espec\u00edfica de apoyo educativo<\/a> (<a href=\"https:\/\/blogsaverroes.juntadeandalucia.es\/ceiprafaelalbertidh\/files\/2023\/09\/03-CORREO-PASEN-Becas-ANEAE-6-de-septiembre-de-2023-ADJUNTO.pdf\" target=\"_blank\" rel=\"noopener noreferrer\">ADJUNTO<\/a>)<\/strong><\/h5>\n<h5><a href=\"https:\/\/blogsaverroes.juntadeandalucia.es\/ceiprafaelalbertidh\/files\/2023\/09\/02-CORREO-PASEN-Alergias-e-intolerancias-servicio-de-comedor-5-de-septiembre-de-2023.pdf\" target=\"_blank\" rel=\"noopener noreferrer\"><strong>5 de septiembre de 2023: Alergias e intolerancias servicio de comedor<\/strong><\/a><\/h5>\n<h5><a href=\"https:\/\/blogsaverroes.juntadeandalucia.es\/ceiprafaelalbertidh\/files\/2023\/09\/01-CORREO-PASEN-Bienvenida-1-de-septiembre-de-2023.pdf\" target=\"_blank\" rel=\"noopener noreferrer\"><strong>1 de septiembre de 2023: Bienvenida curso 2023-2024<\/strong><\/a><\/h5>\n<h5>&nbsp;<\/h5>\n","protected":false},"excerpt":{"rendered":"<p>*PULSE SOBRE EL CORREO QUE DESEE LEER Novedades inicio de curso 2023-2024 28 de junio de 2024: Adjudicaci\u00f3n definitiva de Servicios Complementarios 27 de junio de 2024: Informaci\u00f3n servicio Aula Matinal 25 de junio de 2024: Bolet\u00edn de notas y noticias relevantes 25 de junio de 2024: Reuni\u00f3n I. E. S. Hermanos Machado ( ADJUNTO &hellip; <\/p>\n<p><a class=\"more-link btn\" href=\"https:\/\/blogsaverroes.juntadeandalucia.es\/ceiprafaelalbertidh\/correos-2023-2024\/\">Seguir leyendo<\/a><\/p>\n","protected":false},"author":6883,"featured_media":0,"parent":0,"menu_order":0,"comment_status":"closed","ping_status":"closed","template":"","meta":{"ngg_post_thumbnail":0,"footnotes":"","_mc_calendar":[]},"aioseo_notices":[],"_links":{"self":[{"href":"https:\/\/blogsaverroes.juntadeandalucia.es\/ceiprafaelalbertidh\/wp-json\/wp\/v2\/pages\/4997"}],"collection":[{"href":"https:\/\/blogsaverroes.juntadeandalucia.es\/ceiprafaelalbertidh\/wp-json\/wp\/v2\/pages"}],"about":[{"href":"https:\/\/blogsaverroes.juntadeandalucia.es\/ceiprafaelalbertidh\/wp-json\/wp\/v2\/types\/page"}],"author":[{"embeddable":true,"href":"https:\/\/blogsaverroes.juntadeandalucia.es\/ceiprafaelalbertidh\/wp-json\/wp\/v2\/users\/6883"}],"replies":[{"embeddable":true,"href":"https:\/\/blogsaverroes.juntadeandalucia.es\/ceiprafaelalbertidh\/wp-json\/wp\/v2\/comments?post=4997"}],"version-history":[{"count":22,"href":"https:\/\/blogsaverroes.juntadeandalucia.es\/ceiprafaelalbertidh\/wp-json\/wp\/v2\/pages\/4997\/revisions"}],"predecessor-version":[{"id":5356,"href":"https:\/\/blogsaverroes.juntadeandalucia.es\/ceiprafaelalbertidh\/wp-json\/wp\/v2\/pages\/4997\/revisions\/5356"}],"wp:attachment":[{"href":"https:\/\/blogsaverroes.juntadeandalucia.es\/ceiprafaelalbertidh\/wp-json\/wp\/v2\/media?parent=4997"}],"curies":[{"name":"wp","href":"https:\/\/api.w.org\/{rel}","templated":true}]}}