{"id":5558,"date":"2024-09-05T09:04:07","date_gmt":"2024-09-05T07:04:07","guid":{"rendered":"https:\/\/blogsaverroes.juntadeandalucia.es\/ceiprafaelalbertidh\/?page_id=5558"},"modified":"2025-06-25T13:49:58","modified_gmt":"2025-06-25T11:49:58","slug":"correos-2024-2025","status":"publish","type":"page","link":"https:\/\/blogsaverroes.juntadeandalucia.es\/ceiprafaelalbertidh\/correos-2024-2025\/","title":{"rendered":"Correos electr\u00f3nicos enviados a las familias en el curso 2024-2025"},"content":{"rendered":"<h3><em><strong>*PULSE SOBRE EL CORREO QUE DESEE LEER<\/strong><\/em><\/h3>\n<h5><a href=\"https:\/\/blogsaverroes.juntadeandalucia.es\/ceiprafaelalbertidh\/novedades-curso-2024-2025\/\" target=\"_blank\" rel=\"noopener\"><strong>Novedades inicio de curso 2024-2025<\/strong><\/a><\/h5>\n<h5><a href=\"https:\/\/blogsaverroes.juntadeandalucia.es\/ceiprafaelalbertidh\/files\/2025\/06\/85-CORREO-PASEN-Calificacion-ordinaria-23-de-junio-de-2025.pdf\" target=\"_blank\" rel=\"noopener\"><span style=\"color: #000000\"><strong>23 de junio<\/strong><strong> de 2025: Bolet\u00edn de notas y noticias relevantes&nbsp;<\/strong><\/span><\/a><\/h5>\n<h5><span style=\"color: #000000\"><a href=\"https:\/\/blogsaverroes.juntadeandalucia.es\/ceiprafaelalbertidh\/files\/2025\/06\/84-CORREO-PASEN-Reunion-I.E.S.-Hermanos-Machado-23-de-junio-de-2025.pdf\" target=\"_blank\" rel=\"noopener\"><strong>23 de junio<\/strong><\/a><strong> de 2025: Reuni\u00f3n I. E. S. Hermanos Machado (<a style=\"color: #000000\" href=\"https:\/\/blogsaverroes.juntadeandalucia.es\/ceiprafaelalbertidh\/files\/2025\/06\/84-CORREO-PASEN-Reunion-I.E.S.-Hermanos-Machado-23-de-junio-de-2025-ADJ.pdf\" target=\"_blank\" rel=\"noopener\">ADJUNTO<\/a>)<\/strong><\/span><\/h5>\n<h5><span style=\"color: #000000\"><strong>18 de junio<\/strong><strong> de 2025: <a href=\"https:\/\/blogsaverroes.juntadeandalucia.es\/ceiprafaelalbertidh\/files\/2025\/06\/83-CORREO-PASEN-Aula-Matinal-18-de-junio-de-2025.pdf\" target=\"_blank\" rel=\"noopener\">Entrada al centro para recoger los objetos perdidos<\/a> (<a style=\"color: #000000\" href=\"https:\/\/blogsaverroes.juntadeandalucia.es\/ceiprafaelalbertidh\/files\/2025\/06\/83-CORREO-PASEN-Aula-Matinal-18-de-junio-de-2025-ADJ.pdf\" target=\"_blank\" rel=\"noopener\">ADJUNTO<\/a>)<\/strong><\/span><\/h5>\n<h5><span style=\"color: #000000\"><a style=\"color: #000000\" href=\"https:\/\/blogsaverroes.juntadeandalucia.es\/ceiprafaelalbertidh\/files\/2025\/06\/82-CORREO-PASEN-Convivencia-final-de-curso-17-de-junio-de-2025.pdf\" target=\"_blank\" rel=\"noopener\"><strong>17 de junio <\/strong><strong>de 2025: Convivencia final de curso (con familias)<\/strong><\/a><\/span><\/h5>\n<h5><span style=\"color: #000000\"><a style=\"color: #000000\" href=\"https:\/\/blogsaverroes.juntadeandalucia.es\/ceiprafaelalbertidh\/files\/2025\/06\/81-CORREO-PASEN-Recordatorio-reunion-Transito-16-de-junio-de-2025.pdf\" target=\"_blank\" rel=\"noopener\"><strong>16 de junio <\/strong><strong>de 2025: Recordatorio: reuni\u00f3n de tr\u00e1nsito de Educaci\u00f3n Infantil a Educaci\u00f3n Primaria<\/strong><\/a><\/span><\/h5>\n<h5><span style=\"color: #000000\"><a style=\"color: #000000\" href=\"https:\/\/blogsaverroes.juntadeandalucia.es\/ceiprafaelalbertidh\/files\/2025\/06\/80-CORREO-PASEN-Listado-porvisional-plan-de-apertura-13-de-junio-de-2025.pdf\" target=\"_blank\" rel=\"noopener\"><strong>13 de junio<\/strong><strong> de 2025: Listado provisional de admitidos y suplentes del plan de apertura<\/strong><\/a><\/span><\/h5>\n<h5><span style=\"color: #000000\"><a href=\"https:\/\/blogsaverroes.juntadeandalucia.es\/ceiprafaelalbertidh\/files\/2025\/06\/79-CORREO-PASEN-Banderin-convivencia-finales-13-de-junio-de-2025.pdf\" target=\"_blank\" rel=\"noopener\"><strong>13 de junio<\/strong><\/a><strong> de 2025: Banderines para la convivencia final de curso (<a style=\"color: #000000\" href=\"https:\/\/blogsaverroes.juntadeandalucia.es\/ceiprafaelalbertidh\/files\/2025\/06\/79-CORREO-PASEN-Banderin-convivencia-finales-13-de-junio-de-2025-ADJ.pdf\" target=\"_blank\" rel=\"noopener\">ADJUNTO<\/a>)<\/strong><\/span><\/h5>\n<h5><span style=\"color: #000000\"><a style=\"color: #000000\" href=\"https:\/\/blogsaverroes.juntadeandalucia.es\/ceiprafaelalbertidh\/files\/2025\/06\/78-CORREO-PASEN-objetos-perdidos-12-de-junio-de-2025.pdf\" target=\"_blank\" rel=\"noopener\"><strong>12 de junio<\/strong><strong> de 2025: Entrada al centro para recoger los objetos perdidos<\/strong><\/a><\/span><\/h5>\n<h5><span style=\"color: #000000\"><a href=\"https:\/\/blogsaverroes.juntadeandalucia.es\/ceiprafaelalbertidh\/files\/2025\/06\/77-CORREO-PASEN-Jornadas-finales-Curso-2023-2024-18-de-junio-de-2024.pdf\" target=\"_blank\" rel=\"noopener\"><strong>11 de junio <\/strong><\/a><strong>de 2025: Jornadas finales Curso 2024-2025 (<a style=\"color: #000000\" href=\"https:\/\/blogsaverroes.juntadeandalucia.es\/ceiprafaelalbertidh\/files\/2025\/06\/77-CORREO-PASEN-Jornadas-finales-Curso-2023-2024-18-de-junio-de-2024-ADJ_c.pdf\" target=\"_blank\" rel=\"noopener\">ADJUNTO<\/a>)<\/strong><\/span><\/h5>\n<h5><span style=\"color: #000000\"><a style=\"color: #000000\" href=\"https:\/\/blogsaverroes.juntadeandalucia.es\/ceiprafaelalbertidh\/files\/2025\/06\/76-CORREO-PASEN-Reunion-nuevas-familias-10-de-junio-de-2025.pdf\" target=\"_blank\" rel=\"noopener\"><strong>10 de junio<\/strong><strong> de 2025: Reuni\u00f3n de bienvenida a las nuevas familias al centro<\/strong><\/a><\/span><\/h5>\n<h5><span style=\"color: #000000\"><a style=\"color: #000000\" href=\"https:\/\/blogsaverroes.juntadeandalucia.es\/ceiprafaelalbertidh\/files\/2025\/06\/75-CORREO-PASEN-Reunion-Transito-10-de-junio-de-2025.pdf\" target=\"_blank\" rel=\"noopener\"><strong>10 de junio<\/strong><strong> de 2025: Reuni\u00f3n de tr\u00e1nsito de Educaci\u00f3n Infantil a Educaci\u00f3n Primaria<\/strong><\/a><\/span><\/h5>\n<h5><span style=\"color: #000000\"><a style=\"color: #000000\" href=\"https:\/\/blogsaverroes.juntadeandalucia.es\/ceiprafaelalbertidh\/files\/2025\/06\/74-CORREO-PASEN-Recordatorio-II-Matriculacion-25-26-9-de-JUNIO-de-2025.pdf\" target=\"_blank\" rel=\"noopener\"><strong>9 de junio<\/strong><strong> de 2025: URGENTE: \u00daLTIMO D\u00cdA MATRICULACI\u00d3N<\/strong><\/a><\/span><\/h5>\n<h5><span style=\"color: #000000\"><a style=\"color: #000000\" href=\"https:\/\/blogsaverroes.juntadeandalucia.es\/ceiprafaelalbertidh\/files\/2025\/06\/73-CORREO-PASEN-Recordatorio-Matriculacion-25-26-5-de-JUNIO-de-2025.pdf\" target=\"_blank\" rel=\"noopener\"><strong>5 de junio<\/strong><strong> de 2025: IMPORTANTE: RECORDATORIO MATRICULACI\u00d3N<\/strong><\/a><\/span><\/h5>\n<h5><span style=\"color: #000000\"><a style=\"color: #000000\" href=\"https:\/\/blogsaverroes.juntadeandalucia.es\/ceiprafaelalbertidh\/files\/2025\/06\/72-CORREO-PASEN-Matriculacion-25-26-2-de-JUNIO-de-2025-ADJ.pdf\" target=\"_blank\" rel=\"noopener\"><strong>2 de junio<\/strong><strong> de 2025: SOBRE ELECTR\u00d3NICO DE MATR\u00cdCULA<\/strong><\/a><\/span><\/h5>\n<h5><span style=\"color: #000000\"><a style=\"color: #000000\" href=\"https:\/\/blogsaverroes.juntadeandalucia.es\/ceiprafaelalbertidh\/files\/2025\/06\/71-CORREO-PASEN-Protocolo-Olas-de-Calor-29-de-mayo-de-2025.pdf\" target=\"_blank\" rel=\"noopener\"><strong>29 de mayo<\/strong><strong> de 2025: Protocolo de actuaci\u00f3n ante Olas de Calor<\/strong><\/a><\/span><\/h5>\n<h5><span style=\"color: #000000\"><a style=\"color: #000000\" href=\"https:\/\/blogsaverroes.juntadeandalucia.es\/ceiprafaelalbertidh\/files\/2025\/06\/70-CORREO-PASEN-Concurso-dia-de-la-Familia-agenda-26-de-mayo-de-2025.pdf\" target=\"_blank\" rel=\"noopener\"><strong>26 de mayo<\/strong><strong> de 2025: Concurso para el d\u00eda de la familia (agenda AMPA)<\/strong><\/a><\/span><\/h5>\n<h5><span style=\"color: #000000\"><a style=\"color: #000000\" href=\"https:\/\/blogsaverroes.juntadeandalucia.es\/ceiprafaelalbertidh\/files\/2025\/06\/69-CORREO-PASEN-Becas-ANEAE-15-de-mayo-de-2025.pdf\" target=\"_blank\" rel=\"noopener\"><strong>15 de mayo <\/strong><\/a><strong>de 2025: Ayudas para alumnos\/as con necesidad espec\u00edfica de apoyo educativo (<a style=\"color: #000000\" href=\"https:\/\/blogsaverroes.juntadeandalucia.es\/ceiprafaelalbertidh\/files\/2025\/06\/69-CORREO-PASEN-Becas-ANEAE-15-de-mayo-de-2025-ADJUNTO.pdf\" target=\"_blank\" rel=\"noopener\">ADJUNTO<\/a>)<\/strong><\/span><\/h5>\n<h5><span style=\"color: #000000\"><a style=\"color: #000000\" href=\"https:\/\/blogsaverroes.juntadeandalucia.es\/ceiprafaelalbertidh\/files\/2025\/06\/68-CORREO-PASEN-Evaluacion-de-diagnostico-08-de-abril-de-2025.pdf\" target=\"_blank\" rel=\"noopener\"><strong>8 de mayo<\/strong><strong> de 2025: Evaluaci\u00f3n de diagn\u00f3stico<\/strong><\/a><\/span><\/h5>\n<h5><span style=\"color: #000000\"><a style=\"color: #000000\" href=\"https:\/\/blogsaverroes.juntadeandalucia.es\/ceiprafaelalbertidh\/files\/2025\/04\/67-CORREO-PASEN-objetos-perdidos-4-abril-de-2025.pdf\" target=\"_blank\" rel=\"noopener\"><strong>4 de abril<\/strong><strong> de 2025: Entrada al centro para recoger los objetos perdidos<\/strong><\/a><\/span><\/h5>\n<h5><span style=\"color: #000000\"><a style=\"color: #000000\" href=\"https:\/\/blogsaverroes.juntadeandalucia.es\/ceiprafaelalbertidh\/files\/2025\/04\/66-CORREO-PASEN-Carrera-Ayuntamiento-2-de-abril-de-2025.pdf\"><strong>2 de abril <\/strong><\/a><strong><a style=\"color: #000000\" href=\"https:\/\/blogsaverroes.juntadeandalucia.es\/ceiprafaelalbertidh\/files\/2025\/04\/66-CORREO-PASEN-Carrera-Ayuntamiento-2-de-abril-de-2025.pdf\">de 2025: 44a Carrera Escolar<\/a> (<a style=\"color: #000000\" href=\"https:\/\/blogsaverroes.juntadeandalucia.es\/ceiprafaelalbertidh\/files\/2025\/04\/66-CORREO-PASEN-Carrera-Ayuntamiento-2-de-abril-de-2025-ADJUNTO.pdf\" target=\"_blank\" rel=\"noopener\">ADJUNTO<\/a>)<\/strong><\/span><\/h5>\n<h5><span style=\"color: #000000\"><a style=\"color: #000000\" href=\"https:\/\/blogsaverroes.juntadeandalucia.es\/ceiprafaelalbertidh\/files\/2025\/04\/65-CORREO-PASEN-recordatorio-dia-del-Autismo-1-de-abril-de-2025.pdf\" target=\"_blank\" rel=\"noopener\"><strong>1 de abril de 2025: Recordatorio \u00abdecoraci\u00f3n de la fachada con motivo del D\u00eda Mundial de la Concienciaci\u00f3n sobre el autismo\u00bb<\/strong><\/a><\/span><\/h5>\n<h5><span style=\"color: #000000\"><a style=\"color: #000000\" href=\"https:\/\/blogsaverroes.juntadeandalucia.es\/ceiprafaelalbertidh\/files\/2025\/04\/64-CORREO-PASEN-Boletin-de-calificaciones-Segundo-Trimestre-28-de-marzo-de-2025.pdf\" target=\"_blank\" rel=\"noopener\"><strong>28 de marzo de 2025: Bolet\u00edn de notas \u2013 Segunda Evaluaci\u00f3n<\/strong><\/a><\/span><\/h5>\n<h5><span style=\"color: #000000\"><a style=\"color: #000000\" href=\"https:\/\/blogsaverroes.juntadeandalucia.es\/ceiprafaelalbertidh\/files\/2025\/03\/63-CORREO-PASEN-dia-del-Autismo-25-de-marzo-de-2025.pdf\" target=\"_blank\" rel=\"noopener\"><strong>25 de marzo de 2025: Decoraci\u00f3n de la fachada con motivo del D\u00eda Mundial de la Concienciaci\u00f3n sobre el Autismo<\/strong><\/a><\/span><\/h5>\n<h5><span style=\"color: #000000\"><strong><a style=\"color: #000000\" href=\"https:\/\/blogsaverroes.juntadeandalucia.es\/ceiprafaelalbertidh\/files\/2025\/03\/62-CORREO-PASEN-recordatorio-certamen-literario-24-de-marzo-de-2025.pdf\" target=\"_blank\" rel=\"noopener\">24 de marzo de 2025: Recordatorio V Certamen de Relatos y Cuentos Rafael Alberti (organizado por AMPA)<\/a> (<a style=\"color: #000000\" href=\"https:\/\/blogsaverroes.juntadeandalucia.es\/ceiprafaelalbertidh\/files\/2025\/03\/62-CORREO-PASEN-recordatorio-certamen-literario-24-de-marzo-de-2025-ADJ.pdf\" target=\"_blank\" rel=\"noopener\">ADJUNTO<\/a>)<\/strong><\/span><\/h5>\n<h5><span style=\"color: #000000\"><a style=\"color: #000000\" href=\"https:\/\/blogsaverroes.juntadeandalucia.es\/ceiprafaelalbertidh\/files\/2025\/03\/61-CORREO-PASEN-recordatorio-adscripcion-IES-17-de-marzo-de-2025.pdf\" target=\"_blank\" rel=\"noopener\"><strong>17 de marzo de 2025: Recordatorio reuni\u00f3n sobre la adscripci\u00f3n a los I. E. S. de referencia<\/strong><\/a><\/span><\/h5>\n<h5><span style=\"color: #000000\"><a style=\"color: #000000\" href=\"https:\/\/blogsaverroes.juntadeandalucia.es\/ceiprafaelalbertidh\/files\/2025\/03\/60-CORREO-PASEN-prestamos-biblioteca-13-de-marzo-de-2025.pdf\" target=\"_blank\" rel=\"noopener\"><strong>13 de marzo de 2025: Servicio de pr\u00e9stamos de la biblioteca del centro<\/strong><\/a><\/span><\/h5>\n<h5><span style=\"color: #000000\"><a style=\"color: #000000\" href=\"https:\/\/blogsaverroes.juntadeandalucia.es\/ceiprafaelalbertidh\/files\/2025\/03\/59-CORREO-PASEN-ADMISION-11-de-marzo-de-2025.pdf\" target=\"_blank\" rel=\"noopener\"><strong>11 de marzo de 2025: Solicitud de ADMISI\u00d3N (solo es para el alumnado de NUEVO ingreso)<\/strong><\/a><\/span><\/h5>\n<h5><span style=\"color: #000000\"><strong><a style=\"color: #000000\" href=\"https:\/\/blogsaverroes.juntadeandalucia.es\/ceiprafaelalbertidh\/files\/2025\/03\/58-CORREO-PASEN-Organizacion-Jornadas-Culturales-9-de-marzo-de-2025.pdf\" target=\"_blank\" rel=\"noopener\">9 de marzo de 2025: Organizaci\u00f3n de las VII Jornadas Culturales (Horario de tarde)<\/a> (<a style=\"color: #000000\" href=\"https:\/\/blogsaverroes.juntadeandalucia.es\/ceiprafaelalbertidh\/files\/2025\/03\/58-CORREO-PASEN-Organizacion-Jornadas-Culturales-9-de-marzo-de-2025-ADJ.pdf\" target=\"_blank\" rel=\"noopener\">ADJUNTO<\/a>)<\/strong><\/span><\/h5>\n<h5><span style=\"color: #000000\"><strong><a style=\"color: #000000\" href=\"https:\/\/blogsaverroes.juntadeandalucia.es\/ceiprafaelalbertidh\/files\/2025\/03\/57-CORREO-PASEN-certamen-literario-6-de-marzo-de-2025.pdf\" target=\"_blank\" rel=\"noopener\">6 de marzo de 2025: V Certamen de Relatos y Cuentos Rafael Alberti (organizado por AMPA)<\/a>&nbsp;(<a style=\"color: #000000\" href=\"https:\/\/blogsaverroes.juntadeandalucia.es\/ceiprafaelalbertidh\/files\/2025\/03\/57-CORREO-PASEN-certamen-literario-6-de-marzo-de-2025-ADJ.pdf\" target=\"_blank\" rel=\"noopener\">ADJUNTO<\/a>)<\/strong><\/span><\/h5>\n<h5><span style=\"color: #000000\"><strong><a style=\"color: #000000\" href=\"https:\/\/blogsaverroes.juntadeandalucia.es\/ceiprafaelalbertidh\/files\/2025\/03\/56-CORREO-PASEN-Jornadas-Culturales-5-de-marzo-de-2025.pdf\" target=\"_blank\" rel=\"noopener\">5 de marzo de 2025: Invitaci\u00f3n a las VII Jornadas Culturales (Horario de tarde)<\/a> (<a style=\"color: #000000\" href=\"https:\/\/blogsaverroes.juntadeandalucia.es\/ceiprafaelalbertidh\/files\/2025\/03\/56-CORREO-PASEN-Jornadas-Culturales-5-de-marzo-de-2025-ADJ.png\" target=\"_blank\" rel=\"noopener\">ADJUNTO<\/a>)<\/strong><\/span><\/h5>\n<h5><span style=\"color: #000000\"><strong><a style=\"color: #000000\" href=\"https:\/\/blogsaverroes.juntadeandalucia.es\/ceiprafaelalbertidh\/files\/2025\/03\/55-CORREO-PASEN-Actividad-Dia-Internacional-de-la-Mujer-4-de-marzo-de-2025.pdf\" target=\"_blank\" rel=\"noopener\">4 de marzo de 2025: Actividad D\u00eda Internacional de la Mujer<\/a> (<a style=\"color: #000000\" href=\"https:\/\/blogsaverroes.juntadeandalucia.es\/ceiprafaelalbertidh\/files\/2025\/03\/55-CORREO-PASEN-Actividad-Dia-Internacional-de-la-Mujer-4-de-marzo-de-2025-ADJ.png\" target=\"_blank\" rel=\"noopener\">ADJUNTO<\/a>)<\/strong><\/span><\/h5>\n<h5><span style=\"color: #000000\"><a style=\"color: #000000\" href=\"https:\/\/blogsaverroes.juntadeandalucia.es\/ceiprafaelalbertidh\/files\/2025\/03\/54-CORREO-PASEN-adscripcion-IES-4-de-marzo-de-2025.pdf\" target=\"_blank\" rel=\"noopener\"><strong>4 de marzo de 2025: Reuni\u00f3n sobre la adscripci\u00f3n a los I. E. S. de referencia<\/strong><\/a><\/span><\/h5>\n<h5><span style=\"color: #000000\"><strong><a style=\"color: #000000\" href=\"https:\/\/blogsaverroes.juntadeandalucia.es\/ceiprafaelalbertidh\/files\/2025\/03\/53-CORREO-PASEN-Reunion-I.E.S.-Hermanos-Machado-3-de-marzo-de-2025.pdf\" target=\"_blank\" rel=\"noopener\">3 de marzo de 2025: Reuni\u00f3n I. E. S. Hermanos Machado<\/a> (<a style=\"color: #000000\" href=\"https:\/\/blogsaverroes.juntadeandalucia.es\/ceiprafaelalbertidh\/files\/2025\/03\/53-CORREO-PASEN-Reunion-I.E.S.-Hermanos-Machado-3-de-marzo-de-2025-ADJ.pdf\" target=\"_blank\" rel=\"noopener\">ADJUNTO<\/a>)<\/strong><\/span><\/h5>\n<h5><span style=\"color: #000000\"><a style=\"color: #000000\" href=\"https:\/\/blogsaverroes.juntadeandalucia.es\/ceiprafaelalbertidh\/files\/2025\/03\/52-CORREO-PASEN-Reunion-I.E.S.-Mariana-Pineda-27-de-febrero-de-2025.pdf\" target=\"_blank\" rel=\"noopener\"><strong>27 de febrero de 2025: Reuni\u00f3n I. E. S. Mariana Pineda<\/strong><\/a><\/span><\/h5>\n<h5><span style=\"color: #000000\"><a style=\"color: #000000\" href=\"https:\/\/blogsaverroes.juntadeandalucia.es\/ceiprafaelalbertidh\/files\/2025\/03\/51-CORREO-PASEN-Talleres-Jornadas-Culturales-21-de-febebro-de-2025.pdf\" target=\"_blank\" rel=\"noopener\"><strong>21 de febrero de 2025: Talleres Jornadas Culturales. Campa\u00f1a de material reutilizable<\/strong><\/a><\/span><\/h5>\n<h5><span style=\"color: #000000\"><a style=\"color: #000000\" href=\"https:\/\/blogsaverroes.juntadeandalucia.es\/ceiprafaelalbertidh\/files\/2025\/03\/50-CORREO-PASEN-Mision-Carnaval-20-y-21-de-febrero-19-de-febrero-de-2025.pdf\" target=\"_blank\" rel=\"noopener\"><strong>19 de febrero de 2025: Misi\u00f3n Carnaval 20 y 21 de febrero<\/strong><\/a><\/span><\/h5>\n<h5><span style=\"color: #000000\"><strong><a style=\"color: #000000\" href=\"https:\/\/blogsaverroes.juntadeandalucia.es\/ceiprafaelalbertidh\/files\/2025\/03\/49-CORREO-PASEN-Desayuno-Andalucia-19-de-febrero-de-2025.pdf\" target=\"_blank\" rel=\"noopener\">19 de febrero de 2025: Desayuno d\u00eda de Andaluc\u00eda<\/a> (<a style=\"color: #000000\" href=\"https:\/\/blogsaverroes.juntadeandalucia.es\/ceiprafaelalbertidh\/files\/2025\/03\/49-CORREO-PASEN-Desayuno-Andalucia-19-de-febrero-de-2025-ADJUNTO.pdf\" target=\"_blank\" rel=\"noopener\">ADJUNTO<\/a>)<\/strong><\/span><\/h5>\n<h5><span style=\"color: #000000\"><a style=\"color: #000000\" href=\"https:\/\/blogsaverroes.juntadeandalucia.es\/ceiprafaelalbertidh\/files\/2025\/03\/48-CORREO-PASEN-Mision-Carnaval-19-de-febrero-18-de-febrero-de-2025.pdf\" target=\"_blank\" rel=\"noopener\"><strong>18 de febrero de 2025: Misi\u00f3n Carnaval 19 de febrero<\/strong><\/a><\/span><\/h5>\n<h5><span style=\"color: #000000\"><a style=\"color: #000000\" href=\"https:\/\/blogsaverroes.juntadeandalucia.es\/ceiprafaelalbertidh\/files\/2025\/03\/47-CORREO-PASEN-Mision-Carnaval-18-de-febrero-17-de-febrero-de-2025.pdf\" target=\"_blank\" rel=\"noopener\"><strong>17 de febrero de 2025: Misi\u00f3n Carnaval 18 de febrero<\/strong><\/a><\/span><\/h5>\n<h5><span style=\"color: #000000\"><strong><a style=\"color: #000000\" href=\"https:\/\/blogsaverroes.juntadeandalucia.es\/ceiprafaelalbertidh\/files\/2025\/03\/46-CORREO-PASEN-Escuela-de-familia-14-de-febrero-de-2025.pdf\" target=\"_blank\" rel=\"noopener\">14 de febrero de 2025: Escuela de familia organizada por la asociaci\u00f3n \u201cEl Trenecito\u201d<\/a> (<a style=\"color: #000000\" href=\"https:\/\/blogsaverroes.juntadeandalucia.es\/ceiprafaelalbertidh\/files\/2025\/03\/46-CORREO-PASEN-Escuela-de-familia-14-de-febrero-de-2025-ADJ.png\" target=\"_blank\" rel=\"noopener\">ADJUNTO<\/a>)<\/strong><\/span><\/h5>\n<h5><span style=\"color: #000000\"><a style=\"color: #000000\" href=\"https:\/\/blogsaverroes.juntadeandalucia.es\/ceiprafaelalbertidh\/files\/2025\/03\/44-B-CORREO-PASEN-Carnaval-Infantil-14-de-febrero-de-2025.pdf\" target=\"_blank\" rel=\"noopener\"><strong>14 de febrero de 2025: Carnaval en Educaci\u00f3n Infantil, Aula Espec\u00edfica y misi\u00f3n lunes 17&nbsp;<\/strong><\/a><\/span><\/h5>\n<h5><span style=\"color: #000000\"><strong><a style=\"color: #000000\" href=\"https:\/\/blogsaverroes.juntadeandalucia.es\/ceiprafaelalbertidh\/files\/2025\/03\/45-CORREO-PASEN-jornadas-Andalucia-13-de-febrero-de-2025.pdf\" target=\"_blank\" rel=\"noopener\">13 de febrero de 2025: Jornadas d\u00eda de Andaluc\u00eda<\/a>&nbsp;(<a style=\"color: #000000\" href=\"https:\/\/blogsaverroes.juntadeandalucia.es\/ceiprafaelalbertidh\/files\/2025\/03\/45-CORREO-PASEN-jornadas-Andalucia-13-de-febrero-de-2025-ADJ.pdf\" target=\"_blank\" rel=\"noopener\">ADJUNTO<\/a>)<\/strong><\/span><\/h5>\n<h5><span style=\"color: #000000\"><strong><a style=\"color: #000000\" href=\"https:\/\/blogsaverroes.juntadeandalucia.es\/ceiprafaelalbertidh\/files\/2025\/03\/44-CORREO-PASEN-Celebracion-Carnaval-6-de-febrero-de-2025.pdf\" target=\"_blank\" rel=\"noopener\">6 de febrero de 2025: Celebraci\u00f3n Carnaval<\/a>&nbsp;<\/strong><\/span><\/h5>\n<h5><span style=\"color: #000000\"><strong><a style=\"color: #000000\" href=\"https:\/\/blogsaverroes.juntadeandalucia.es\/ceiprafaelalbertidh\/files\/2025\/02\/43-CORREO-PASEN-Taller-Astronomia-AMPA-3-de-febrero-de-2025.pdf\" target=\"_blank\" rel=\"noopener\">3 de febrero de 2025: Taller de Astronom\u00eda (AMPA)<\/a> (<a style=\"color: #000000\" href=\"https:\/\/blogsaverroes.juntadeandalucia.es\/ceiprafaelalbertidh\/files\/2025\/02\/43-CORREO-PASEN-Taller-Astronomia-AMPA-3-de-febrero-de-2025-ADJUNTO.png\" target=\"_blank\" rel=\"noopener\">ADJUNTO<\/a>)<\/strong><\/span><\/h5>\n<h5><span style=\"color: #000000\"><a style=\"color: #000000\" href=\"https:\/\/blogsaverroes.juntadeandalucia.es\/ceiprafaelalbertidh\/files\/2025\/02\/42-CORREO-PASEN-Dia-Paz-24-de-enero-de-2025.pdf\" target=\"_blank\" rel=\"noopener\"><strong>24 de enero de 2025<\/strong><strong>: D\u00eda Escolar de la No-violencia y la Paz<\/strong><\/a><\/span><\/h5>\n<h5><span style=\"color: #000000\"><strong><a style=\"color: #000000\" href=\"https:\/\/blogsaverroes.juntadeandalucia.es\/ceiprafaelalbertidh\/files\/2025\/02\/41-CORREO-PASEN-Jornadas-de-puertas-abiertas-20-de-enero-de-2025.pdf\" target=\"_blank\" rel=\"noopener\">20 de enero de 2025: Jornadas para la escolarizaci\u00f3n 2025-2026<\/a> (<a style=\"color: #000000\" href=\"https:\/\/blogsaverroes.juntadeandalucia.es\/ceiprafaelalbertidh\/files\/2025\/02\/41-CORREO-PASEN-Jornadas-de-puertas-abiertas-20-de-enero-de-2025-ADJUNTO.pdf\" target=\"_blank\" rel=\"noopener\">ADJUNTO<\/a>)<\/strong><\/span><\/h5>\n<h5><span style=\"color: #000000\"><strong><a style=\"color: #000000\" href=\"https:\/\/blogsaverroes.juntadeandalucia.es\/ceiprafaelalbertidh\/files\/2025\/02\/40-CORREO-PASEN-Escuela-de-familia-17-de-enero-de-2025.pdf\" target=\"_blank\" rel=\"noopener\">17 de enero de 2025: Escuela de familia organizada por la asociaci\u00f3n \u201cEl Trenecito\u201d<\/a>&nbsp;(<a style=\"color: #000000\" href=\"https:\/\/blogsaverroes.juntadeandalucia.es\/ceiprafaelalbertidh\/files\/2025\/02\/40-CORREO-PASEN-Escuela-de-familia-17-de-enero-de-2025.png\" target=\"_blank\" rel=\"noopener\">ADJUNTO<\/a>)<\/strong><\/span><\/h5>\n<h5><span style=\"color: #000000\"><strong><a style=\"color: #000000\" href=\"https:\/\/blogsaverroes.juntadeandalucia.es\/ceiprafaelalbertidh\/files\/2025\/01\/39-CORREO-PASEN-Boletin-de-calificaciones-felices-fiestas-20-de-diciembre-de-2024.pdf\" target=\"_blank\" rel=\"noopener\">20 de diciembre de 2024: Bolet\u00edn de notas \u2013 Felices fiestas<\/a>&nbsp;(<a style=\"color: #000000\" href=\"https:\/\/blogsaverroes.juntadeandalucia.es\/ceiprafaelalbertidh\/files\/2025\/01\/39-CORREO-PASEN-Boletin-de-calificaciones-felices-fiestas-20-de-diciembre-de-2024-ADJ.pdf\" target=\"_blank\" rel=\"noopener\">ADJUNTO<\/a>)<\/strong><\/span><\/h5>\n<h5><span style=\"color: #000000\"><strong><a style=\"color: #000000\" href=\"https:\/\/blogsaverroes.juntadeandalucia.es\/ceiprafaelalbertidh\/files\/2024\/12\/38-CORREO-PASEN-organizacion-recital-de-villancicos-16-de-diciembre-de-2024.pdf\" target=\"_blank\" rel=\"noopener\">16 de diciembre de 2024: Organizaci\u00f3n recital de villancicos<\/a> (<a style=\"color: #000000\" href=\"https:\/\/blogsaverroes.juntadeandalucia.es\/ceiprafaelalbertidh\/files\/2024\/12\/38-CORREO-PASEN-organizacion-recital-de-villancicos-16-de-diciembre-de-2024-ADJ.pdf\" target=\"_blank\" rel=\"noopener\">ADJUNTO<\/a>)<\/strong><\/span><\/h5>\n<h5><span style=\"color: #000000\"><strong><a style=\"color: #000000\" href=\"https:\/\/blogsaverroes.juntadeandalucia.es\/ceiprafaelalbertidh\/files\/2024\/12\/37-CORREO-PASEN-organizacion-final-trimestre-12-de-diciembre-de-2024.pdf\" target=\"_blank\" rel=\"noopener\">12 de diciembre de 2024: Organizaci\u00f3n final del Primer Trimestre<\/a> (<a style=\"color: #000000\" href=\"https:\/\/blogsaverroes.juntadeandalucia.es\/ceiprafaelalbertidh\/files\/2024\/12\/37-CORREO-PASEN-organizacion-final-trimestre-12-de-diciembre-de-2024-ADJ.pdf\" target=\"_blank\" rel=\"noopener\">ADJUNTO<\/a>)<\/strong><\/span><\/h5>\n<h5><span style=\"color: #000000\"><a style=\"color: #000000\" href=\"https:\/\/blogsaverroes.juntadeandalucia.es\/ceiprafaelalbertidh\/files\/2024\/12\/36-CORREO-PASEN-recital-de-villancicos-5-de-diciembre-de-2024.pdf\" target=\"_blank\" rel=\"noopener\"><strong>5 de diciembre de 2024: Recital de villancicos<\/strong><\/a><\/span><\/h5>\n<h5><span style=\"color: #000000\"><strong><a style=\"color: #000000\" href=\"https:\/\/blogsaverroes.juntadeandalucia.es\/ceiprafaelalbertidh\/files\/2024\/12\/33-CORREO-PASEN-Escuela-de-familia-18-de-noviembre-de-2024.pdf\" target=\"_blank\" rel=\"noopener\">4 de diciembre de 2024: Autorizaci\u00f3n salida servicios complementarios del Centro<\/a> (<a style=\"color: #000000\" href=\"https:\/\/blogsaverroes.juntadeandalucia.es\/ceiprafaelalbertidh\/files\/2024\/12\/35-CORREO-PASEN-autorizacion-salida-PAC-4-de-diciembre-de-2024-ADJUNTO-1.pdf\" target=\"_blank\" rel=\"noopener\">ADJUNTO<\/a>)<\/strong><\/span><\/h5>\n<h5><span style=\"color: #000000\"><a style=\"color: #000000\" href=\"https:\/\/blogsaverroes.juntadeandalucia.es\/ceiprafaelalbertidh\/files\/2024\/12\/34-CORREO-PASEN-componentes-del-Consejo-Escolar-22-de-noviembre-de-2024.pdf\" target=\"_blank\" rel=\"noopener\"><strong>22 de noviembre de 2024: Componentes del Consejo Escolar<\/strong><\/a><\/span><\/h5>\n<h5><span style=\"color: #000000\"><strong><a style=\"color: #000000\" href=\"https:\/\/blogsaverroes.juntadeandalucia.es\/ceiprafaelalbertidh\/files\/2024\/12\/33-CORREO-PASEN-Escuela-de-familia-18-de-noviembre-de-2024.pdf\" target=\"_blank\" rel=\"noopener\">18 de noviembre de 2024: Escuela de familia organizada por la asociaci\u00f3n \u201cEl Trenecito\u201d<\/a> (<a style=\"color: #000000\" href=\"https:\/\/blogsaverroes.juntadeandalucia.es\/ceiprafaelalbertidh\/files\/2024\/12\/33-CORREO-PASEN-Escuela-de-familia-18-de-noviembre-de-2024-ADJUNTO.png\" target=\"_blank\" rel=\"noopener\">ADJUNTO<\/a>)<\/strong><\/span><\/h5>\n<h5><span style=\"color: #000000\"><a style=\"color: #000000\" href=\"https:\/\/blogsaverroes.juntadeandalucia.es\/ceiprafaelalbertidh\/files\/2024\/12\/32-CORREO-PASEN-Autorizacion-Flamenco18-noviembre-de-2024.pdf\" target=\"_blank\" rel=\"noopener\"><strong>18 de noviembre de 2024: IMPORTANTE: autorizaci\u00f3n flamenco (HOY)<\/strong><\/a><\/span><\/h5>\n<h5><span style=\"color: #000000\"><a style=\"color: #000000\" href=\"https:\/\/blogsaverroes.juntadeandalucia.es\/ceiprafaelalbertidh\/files\/2024\/11\/31-CORREO-PASEN-exposicion-Mujeres-del-Flamenco15-noviembre-de-2024.pdf\" target=\"_blank\" rel=\"noopener\"><strong>15 de noviembre de 2024: Visita Exposici\u00f3n Mujeres del Flamenco (horario de tarde)<\/strong><\/a><\/span><\/h5>\n<h5><span style=\"color: #000000\"><a style=\"color: #000000\" href=\"https:\/\/blogsaverroes.juntadeandalucia.es\/ceiprafaelalbertidh\/files\/2024\/11\/30-CORREO-PASEN-Votacion-CE-y-objetos-perdidos-14-noviembre-de-2024.pdf\" target=\"_blank\" rel=\"noopener\"><strong>14 de noviembre de 2024: Entrada al centro para votar a los miembros del Consejo Escolar y recoger los objetos perdidos<\/strong><\/a><\/span><\/h5>\n<h5><span style=\"color: #000000\"><a style=\"color: #000000\" href=\"https:\/\/blogsaverroes.juntadeandalucia.es\/ceiprafaelalbertidh\/files\/2024\/11\/29-CORREO-PASEN-Huerto-Escolar-13-de-noviembre-de-2024.pdf\" target=\"_blank\" rel=\"noopener\"><strong>13 de noviembre de 2024: Huerto Escolar (Proyecto Aldea)<\/strong><\/a><\/span><\/h5>\n<h5><span style=\"color: #000000\"><a style=\"color: #000000\" href=\"https:\/\/blogsaverroes.juntadeandalucia.es\/ceiprafaelalbertidh\/files\/2024\/11\/28-CORREO-PASEN-entradas-y-salidas-dias-de-lluvia-13-de-noviembre-de-2024.pdf\" target=\"_blank\" rel=\"noopener\"><strong>13 de noviembre de 2024: Entradas y salidas EDUCACI\u00d3N INFANTIL \/ AULA ESPEC\u00cdFICA (d\u00edas de lluvia)<\/strong><\/a><\/span><\/h5>\n<h5><span style=\"color: #000000\"><strong><a style=\"color: #000000\" href=\"https:\/\/blogsaverroes.juntadeandalucia.es\/ceiprafaelalbertidh\/files\/2024\/11\/27-CORREO-PASEN-Valencia-8-noviembre-de-2024.pdf\" target=\"_blank\" rel=\"noopener\">8 de noviembre de 2024: Alberti Solidario con Valencia<\/a>&nbsp;(<a style=\"color: #000000\" href=\"https:\/\/blogsaverroes.juntadeandalucia.es\/ceiprafaelalbertidh\/files\/2024\/11\/27-CORREO-PASEN-Valencia-8-noviembre-de-2024-ADJUNTO.jpg\" target=\"_blank\" rel=\"noopener\">ADJUNTO<\/a>)<\/strong><\/span><\/h5>\n<h5><span style=\"color: #000000\"><strong><a style=\"color: #000000\" href=\"https:\/\/blogsaverroes.juntadeandalucia.es\/ceiprafaelalbertidh\/files\/2024\/11\/26-CORREO-PASEN-Aula-Matinal-30-deseptiembre-de-2024.pdf\" target=\"_blank\" rel=\"noopener\">7 de noviembre de 2024: Informaci\u00f3n servicio Aula Matinal<\/a>&nbsp;(<a style=\"color: #000000\" href=\"https:\/\/blogsaverroes.juntadeandalucia.es\/ceiprafaelalbertidh\/files\/2024\/11\/26-CORREO-PASEN-Aula-Matinal-30-deseptiembre-de-2024-ADJUNTO.pdf\" target=\"_blank\" rel=\"noopener\">ADJUNTO<\/a>)<\/strong><\/span><\/h5>\n<h5><span style=\"color: #000000\"><strong><a style=\"color: #000000\" href=\"https:\/\/blogsaverroes.juntadeandalucia.es\/ceiprafaelalbertidh\/files\/2024\/11\/25-CORREO-PASEN-votacion-electronica-CE-6-de-noviembre-de-2024.pdf\" target=\"_blank\" rel=\"noopener\">6 de noviembre de 2024: Votaci\u00f3n electr\u00f3nica Consejo Escolar<\/a> (<a style=\"color: #000000\" href=\"https:\/\/blogsaverroes.juntadeandalucia.es\/ceiprafaelalbertidh\/files\/2024\/11\/25-CORREO-PASEN-votacion-electronica-CE-6-de-noviembre-de-2024-ADJUNTO.pdf\" target=\"_blank\" rel=\"noopener\">ADJUNTO<\/a>)<\/strong><\/span><\/h5>\n<h5><span style=\"color: #000000\"><strong><a style=\"color: #000000\" href=\"https:\/\/blogsaverroes.juntadeandalucia.es\/ceiprafaelalbertidh\/files\/2024\/11\/24-CORREO-PASEN-Gymkhana-AMPA-6-de-noviembre-de-2024.pdf\" target=\"_blank\" rel=\"noopener\">6 de noviembre de 2024: Gymkhana Familiar \u00abAventura Espacial\u00bb(AMPA)<\/a> (<a style=\"color: #000000\" href=\"https:\/\/blogsaverroes.juntadeandalucia.es\/ceiprafaelalbertidh\/files\/2024\/11\/24-CORREO-PASEN-Gymkhana-AMPA-6-de-noviembre-de-2024-ADJUNTO.png\" target=\"_blank\" rel=\"noopener\">ADJUNTO<\/a>)<\/strong><\/span><\/h5>\n<h5><span style=\"color: #000000\"><a style=\"color: #000000\" href=\"https:\/\/blogsaverroes.juntadeandalucia.es\/ceiprafaelalbertidh\/files\/2024\/11\/23-CORREO-PASEN-FLAMENCO-4-de-NOVIEMBRE-de-2044.pdf\" target=\"_blank\" rel=\"noopener\"><strong>5 de noviembre de 2024: Actividades del D\u00eda del Flamenco<\/strong><\/a><\/span><\/h5>\n<h5><span style=\"color: #000000\"><strong><a style=\"color: #000000\" href=\"https:\/\/blogsaverroes.juntadeandalucia.es\/ceiprafaelalbertidh\/files\/2024\/11\/22-CORREO-PASEN-calendario-AMPA-31-de-octubre-de-20244.pdf\" target=\"_blank\" rel=\"noopener\">31 de octubre de 2024: Calendarios de la AMPA \u201cEl Trenecito\u201d<\/a> (<a style=\"color: #000000\" href=\"https:\/\/blogsaverroes.juntadeandalucia.es\/ceiprafaelalbertidh\/files\/2024\/11\/22-CORREO-PASEN-calendario-AMPA-31-de-octubre-de-20244-ADJ.pdf\" target=\"_blank\" rel=\"noopener\">ADJUNTO<\/a>)<\/strong><\/span><\/h5>\n<h5><span style=\"color: #000000\"><a style=\"color: #000000\" href=\"https:\/\/blogsaverroes.juntadeandalucia.es\/ceiprafaelalbertidh\/files\/2024\/11\/21-CORREO-PASEN-entradas-y-salidas-dias-de-lluvia-30-de-octubre-de-2024.pdf\" target=\"_blank\" rel=\"noopener\"><strong>30 de octubre de 2024: Entradas y salidas del centro del alumnado los d\u00edas de lluvia<\/strong><\/a><\/span><\/h5>\n<h5><span style=\"color: #000000\"><a style=\"color: #000000\" href=\"https:\/\/blogsaverroes.juntadeandalucia.es\/ceiprafaelalbertidh\/files\/2024\/10\/20-CORREO-PASEN-Bonificaciones-definitivas-29-de-octubre-de-2024.pdf\" target=\"_blank\" rel=\"noopener\"><strong>29 de octubre de 2024: Bonificaciones definitivas de los servicios complementarios<\/strong><\/a><\/span><\/h5>\n<h5><span style=\"color: #000000\"><a style=\"color: #000000\" href=\"https:\/\/blogsaverroes.juntadeandalucia.es\/ceiprafaelalbertidh\/files\/2024\/10\/19-CORREO-PASEN-Candidatos-provisionales-Consejo-Escolar-29-OCTUBRE-2024.pdf\" target=\"_blank\" rel=\"noopener\"><strong>29 de octubre de 2024: Lista provisional de personas candidatas al Consejo Escolar<\/strong><\/a><\/span><\/h5>\n<h5><span style=\"color: #000000\"><a style=\"color: #000000\" href=\"https:\/\/blogsaverroes.juntadeandalucia.es\/ceiprafaelalbertidh\/files\/2024\/10\/18-CORREO-PASEN-Halloween-24-de-octubre-de-2024.pdf\" target=\"_blank\" rel=\"noopener\"><strong>24 de octubre de 2024: D\u00eda Escolar de Halloween<\/strong><\/a><\/span><\/h5>\n<h5><span style=\"color: #000000\"><strong><a style=\"color: #000000\" href=\"https:\/\/blogsaverroes.juntadeandalucia.es\/ceiprafaelalbertidh\/files\/2024\/10\/17-CORREO-PASEN-cineclub-AMPA-15-de-octubre-de-2024.pdf\" target=\"_blank\" rel=\"noopener\">15 de octubre de 2024: Cineclub Trenecito organizado por la asociaci\u00f3n de familias<\/a> (<a style=\"color: #000000\" href=\"https:\/\/blogsaverroes.juntadeandalucia.es\/ceiprafaelalbertidh\/files\/2024\/10\/17-CORREO-PASEN-cineclub-AMPA-15-de-octubre-de-2024-ADJUNTO.jpg\" target=\"_blank\" rel=\"noopener\">ADJUNTO<\/a>)<\/strong><\/span><\/h5>\n<h5><span style=\"color: #000000\"><a style=\"color: #000000\" href=\"https:\/\/blogsaverroes.juntadeandalucia.es\/ceiprafaelalbertidh\/files\/2024\/10\/16-CORREO-PASEN-Comedor-grupo-14-de-octubre-de-2024.pdf\" target=\"_blank\" rel=\"noopener\"><strong>14 de octubre de 2024: Servicio de comedor (grupo informativo)<\/strong><\/a><\/span><\/h5>\n<h5><span style=\"color: #000000\"><a style=\"color: #000000\" href=\"https:\/\/blogsaverroes.juntadeandalucia.es\/ceiprafaelalbertidh\/files\/2024\/10\/15-CORREO-PASEN-Tablon-de-anuncios-11-de-octubre-de-2024.pdf\" target=\"_blank\" rel=\"noopener\"><strong>11 de octubre de 2024: Puesta en marcha del Tabl\u00f3n de Ipasen<\/strong><\/a><\/span><\/h5>\n<h5><span style=\"color: #000000\"><a style=\"color: #000000\" href=\"https:\/\/blogsaverroes.juntadeandalucia.es\/ceiprafaelalbertidh\/files\/2024\/10\/14-CORREO-PASEN-calendario-escolar-10-de-octubre-de-2025.pdf\" target=\"_blank\" rel=\"noopener\"><strong>10 de octubre de 2024: D\u00edas no lectivos curso 2024-2025<\/strong><\/a><\/span><\/h5>\n<h5><span style=\"color: #000000\"><a style=\"color: #000000\" href=\"https:\/\/blogsaverroes.juntadeandalucia.es\/ceiprafaelalbertidh\/files\/2024\/10\/13-CORREO-PASEN-Bonificaciones-provisionales-8-de-octubre-de-2024.pdf\" target=\"_blank\" rel=\"noopener\"><strong>8 de octubre de 2024: Bonificaciones previsionales de los servicios complementarios<\/strong><\/a><\/span><\/h5>\n<h5><span style=\"color: #000000\"><strong><a style=\"color: #000000\" href=\"https:\/\/blogsaverroes.juntadeandalucia.es\/ceiprafaelalbertidh\/files\/2024\/10\/12-CORREO-PASEN-Convocatoria-CE-7-de-octubre-de-2024.pdf\" target=\"_blank\" rel=\"noopener\">7 de octubre de 2024: CONVOCATORIA DE ELECCIONES DE MADRES Y PADRES DEL ALUMNADO<\/a> (<a style=\"color: #000000\" href=\"https:\/\/blogsaverroes.juntadeandalucia.es\/ceiprafaelalbertidh\/files\/2024\/10\/12-CORREO-PASEN-Convocatoria-CE-7-de-octubre-de-2024-ADJUNTO.pdf\" target=\"_blank\" rel=\"noopener\">ADJUNTO<\/a>)<\/strong><\/span><\/h5>\n<h5><span style=\"color: #000000\"><strong><a style=\"color: #000000\" href=\"https:\/\/blogsaverroes.juntadeandalucia.es\/ceiprafaelalbertidh\/files\/2024\/10\/11-CORREO-PASEN-vacunacion-3-de-octubre-de-2024.pdf\" target=\"_blank\" rel=\"noopener\">3 de octubre de 2024: Vacunaci\u00f3n Infantil 3 y 4 a\u00f1os<\/a>&nbsp;(<a style=\"color: #000000\" href=\"https:\/\/blogsaverroes.juntadeandalucia.es\/ceiprafaelalbertidh\/files\/2024\/10\/11-CORREO-PASEN-vacunacion-3-de-octubre-de-2024-ADJUNTO.pdf\" target=\"_blank\" rel=\"noopener\">ADJUNTO<\/a>)<\/strong><\/span><\/h5>\n<h5><span style=\"color: #000000\"><a style=\"color: #000000\" href=\"https:\/\/blogsaverroes.juntadeandalucia.es\/ceiprafaelalbertidh\/files\/2024\/10\/10-CORREO-PASEN-Inicio-AA-EE-1-de-octubre-de-2024.pdf\" target=\"_blank\" rel=\"noopener\"><strong>1 de octubre de 2024: Inicio de las actividades extraescolares del centro<\/strong><\/a><\/span><\/h5>\n<h5><span style=\"color: #000000\"><strong><a style=\"color: #000000\" href=\"https:\/\/blogsaverroes.juntadeandalucia.es\/ceiprafaelalbertidh\/files\/2024\/10\/09-CORREO-PASEN-Aula-Matinal-30-deseptiembre-de-2024.pdf\" target=\"_blank\" rel=\"noopener\">30 de septiembre de 2024: Informaci\u00f3n servicio Aula Matinal<\/a> (<a style=\"color: #000000\" href=\"https:\/\/blogsaverroes.juntadeandalucia.es\/ceiprafaelalbertidh\/files\/2024\/10\/09-CORREO-PASEN-Aula-Matinal-30-deseptiembre-de-2024-ADJUNTO.pdf\" target=\"_blank\" rel=\"noopener\">ADJUNTO<\/a>)<\/strong><\/span><\/h5>\n<h5><span style=\"color: #000000\"><strong><a style=\"color: #000000\" href=\"https:\/\/blogsaverroes.juntadeandalucia.es\/ceiprafaelalbertidh\/files\/2024\/10\/08-CORREO-PASEN-Reuniones-pedagogicas-27-de-septiembre-de-2024.pdf\" target=\"_blank\" rel=\"noopener\">27 de septiembre de 2024: Reuniones pedag\u00f3gicas<\/a>&nbsp;(<a style=\"color: #000000\" href=\"https:\/\/blogsaverroes.juntadeandalucia.es\/ceiprafaelalbertidh\/files\/2024\/10\/08-CORREO-PASEN-Reuniones-pedagogicas-27-de-septiembre-de-2024-ADJUNTO.pdf\" target=\"_blank\" rel=\"noopener\">ADJUNTO<\/a>)<\/strong><\/span><\/h5>\n<h5><span style=\"color: #000000\"><strong><a style=\"color: #000000\" href=\"https:\/\/blogsaverroes.juntadeandalucia.es\/ceiprafaelalbertidh\/files\/2024\/10\/07-CORREO-PASEN-PGL-20-de-septiembre-de-2024.pdf\" target=\"_blank\" rel=\"noopener\">20 de septiembre de 2024: Programa de Gratuidad de Libros de Texto<\/a><br \/>\n(EDUCACI\u00d3N PRIMARIA)&nbsp;(<a style=\"color: #000000\" href=\"https:\/\/blogsaverroes.juntadeandalucia.es\/ceiprafaelalbertidh\/files\/2024\/10\/07-CORREO-PASEN-PGL-20-de-septiembre-de-2024-ADJ.pdf\" target=\"_blank\" rel=\"noopener\">ADJUNTO<\/a>)<\/strong><\/span><\/h5>\n<h5><span style=\"color: #000000\"><a style=\"color: #000000\" href=\"https:\/\/blogsaverroes.juntadeandalucia.es\/ceiprafaelalbertidh\/files\/2024\/10\/06-CORREO-PASEN-Elecciones-Consejo-Escolar-20-de-septiembre-de-2024.pdf\" target=\"_blank\" rel=\"noopener\"><strong>20 de septiembre de 2024: INFORMACI\u00d3N ELECCIONES A CONSEJO ESCOLAR<\/strong><\/a><\/span><\/h5>\n<h5><span style=\"color: #000000\"><a style=\"color: #000000\" href=\"https:\/\/blogsaverroes.juntadeandalucia.es\/ceiprafaelalbertidh\/files\/2024\/10\/05-CORREO-PASEN-AAA-EE-y-reunion-19-de-septiembre-de-2024.pdf\" target=\"_blank\" rel=\"noopener\"><strong>19 de septiembre de 2024: Actividades extraescolares y reuni\u00f3n informativa<\/strong><\/a><\/span><\/h5>\n<h5><span style=\"color: #000000\"><a style=\"color: #000000\" href=\"https:\/\/blogsaverroes.juntadeandalucia.es\/ceiprafaelalbertidh\/files\/2024\/10\/04-CORREO-PASEN-Agendas-AMPA-10-de-SEPTIEMBRE-de-2024.pdf\" target=\"_blank\" rel=\"noopener\"><strong>10 de septiembre de 2024: Agendas AMPA \u201cEl Trenecito\u201d<\/strong><\/a><\/span><\/h5>\n<h5><span style=\"color: #000000\"><strong><a style=\"color: #000000\" href=\"https:\/\/blogsaverroes.juntadeandalucia.es\/ceiprafaelalbertidh\/files\/2024\/09\/03-CORREO-PASEN-Informacion-comedor-alergias-e-intolerancias-5-de-septiembre-de-2024.pdf\" target=\"_blank\" rel=\"noopener\">5 de septiembre de 2024: Alergias, intolerancias e informaci\u00f3n IMPORTANTE del servicio de comedor<\/a>&nbsp;(<a style=\"color: #000000\" href=\"https:\/\/blogsaverroes.juntadeandalucia.es\/ceiprafaelalbertidh\/files\/2024\/09\/03-CORREO-PASEN-Comedor-alergias-e-intolerancias-5-de-septiembre-de-2024-ADJUNTO.pdf\" target=\"_blank\" rel=\"noopener\">ADJUNTO<\/a>)<\/strong><\/span><\/h5>\n<h5><span style=\"color: #000000\"><a style=\"color: #000000\" href=\"https:\/\/blogsaverroes.juntadeandalucia.es\/ceiprafaelalbertidh\/files\/2024\/09\/02-CORREO-PASEN-Becas-ANEAE-4-de-septiembre-de-2024.pdf\" target=\"_blank\" rel=\"noopener\"><strong>4 de septiembre de 2024: Ayudas para alumnos\/as con necesidad espec\u00edfica de apoyo educativo <\/strong><\/a><strong>(<a style=\"color: #000000\" href=\"https:\/\/blogsaverroes.juntadeandalucia.es\/ceiprafaelalbertidh\/files\/2024\/09\/02-CORREO-PASEN-Becas-ANEAE-4-de-septiembre-de-2024-adjunto.pdf\" target=\"_blank\" rel=\"noopener\">ADJUNTO<\/a>)<\/strong><\/span><\/h5>\n<h5><span style=\"color: #000000\"><a style=\"color: #000000\" href=\"https:\/\/blogsaverroes.juntadeandalucia.es\/ceiprafaelalbertidh\/files\/2024\/09\/01-CORREO-PASEN-Bienvenida-2-de-septiembre-de-2024.pdf\" target=\"_blank\" rel=\"noopener\"><strong>1 de septiembre de 2024: Bienvenida curso 2024-2025<\/strong><\/a><\/span><\/h5>\n<p>&nbsp;<\/p>\n","protected":false},"excerpt":{"rendered":"<p>*PULSE SOBRE EL CORREO QUE DESEE LEER Novedades inicio de curso 2024-2025 23 de junio de 2025: Bolet\u00edn de notas y noticias relevantes&nbsp; 23 de junio de 2025: Reuni\u00f3n I. E. S. Hermanos Machado (ADJUNTO) 18 de junio de 2025: Entrada al centro para recoger los objetos perdidos (ADJUNTO) 17 de junio de 2025: Convivencia &hellip; <\/p>\n<p><a class=\"more-link btn\" href=\"https:\/\/blogsaverroes.juntadeandalucia.es\/ceiprafaelalbertidh\/correos-2024-2025\/\">Seguir leyendo<\/a><\/p>\n","protected":false},"author":6883,"featured_media":0,"parent":0,"menu_order":0,"comment_status":"closed","ping_status":"closed","template":"","meta":{"ngg_post_thumbnail":0,"footnotes":"","_mc_calendar":[]},"aioseo_notices":[],"_links":{"self":[{"href":"https:\/\/blogsaverroes.juntadeandalucia.es\/ceiprafaelalbertidh\/wp-json\/wp\/v2\/pages\/5558"}],"collection":[{"href":"https:\/\/blogsaverroes.juntadeandalucia.es\/ceiprafaelalbertidh\/wp-json\/wp\/v2\/pages"}],"about":[{"href":"https:\/\/blogsaverroes.juntadeandalucia.es\/ceiprafaelalbertidh\/wp-json\/wp\/v2\/types\/page"}],"author":[{"embeddable":true,"href":"https:\/\/blogsaverroes.juntadeandalucia.es\/ceiprafaelalbertidh\/wp-json\/wp\/v2\/users\/6883"}],"replies":[{"embeddable":true,"href":"https:\/\/blogsaverroes.juntadeandalucia.es\/ceiprafaelalbertidh\/wp-json\/wp\/v2\/comments?post=5558"}],"version-history":[{"count":21,"href":"https:\/\/blogsaverroes.juntadeandalucia.es\/ceiprafaelalbertidh\/wp-json\/wp\/v2\/pages\/5558\/revisions"}],"predecessor-version":[{"id":6052,"href":"https:\/\/blogsaverroes.juntadeandalucia.es\/ceiprafaelalbertidh\/wp-json\/wp\/v2\/pages\/5558\/revisions\/6052"}],"wp:attachment":[{"href":"https:\/\/blogsaverroes.juntadeandalucia.es\/ceiprafaelalbertidh\/wp-json\/wp\/v2\/media?parent=5558"}],"curies":[{"name":"wp","href":"https:\/\/api.w.org\/{rel}","templated":true}]}}