{"id":22417,"date":"2018-08-06T06:25:24","date_gmt":"2018-08-06T06:25:24","guid":{"rendered":"https:\/\/themify.me\/demo\/themes\/ultra-education\/?page_id=6"},"modified":"2026-04-04T09:48:41","modified_gmt":"2026-04-04T08:48:41","slug":"home","status":"publish","type":"page","link":"https:\/\/blogsaverroes.juntadeandalucia.es\/ceipramonhernandez\/","title":{"rendered":"Inicio"},"content":{"rendered":"<!--themify_builder_content-->\n<div id=\"themify_builder_content-22417\" data-postid=\"22417\" class=\"themify_builder_content themify_builder_content-22417 themify_builder tf_clear\">\n                    <div  data-zooming-bg=\"desktop\" data-css_id=\"rvth471\" data-lazy=\"1\" class=\"module_row themify_builder_row fullwidth_row_container tb_rvth471 tb_first tf_w\">\n            <span class=\"builder_row_cover tf_abs\"><\/span>            <div class=\"row_inner col_align_middle col_auto_height tb_col_count_2 tf_box tf_rel\">\n                        <div  data-lazy=\"1\" class=\"module_column tb-column col4-2 tb_0hpe473 first\">\n                    <!-- module image -->\n<div  class=\"module module-image tb_ush4839 image-center   auto_fullwidth tf_mw\" data-lazy=\"1\">\n        <div class=\"image-wrap tf_rel tf_mw\">\n            <img loading=\"lazy\" decoding=\"async\" src=\"https:\/\/blogsaverroes.juntadeandalucia.es\/ceipramonhernandez\/files\/2022\/07\/Anagrama-colegio-color-sin-fondo-300x300.png\" width=\"300\" height=\"300\" class=\"wp-post-image wp-image-22485\" title=\"Anagrama colegio color sin fondo\" alt=\"Anagrama colegio color sin fondo\" srcset=\"https:\/\/blogsaverroes.juntadeandalucia.es\/ceipramonhernandez\/files\/2022\/07\/Anagrama-colegio-color-sin-fondo-300x300.png 300w, https:\/\/blogsaverroes.juntadeandalucia.es\/ceipramonhernandez\/files\/2022\/07\/Anagrama-colegio-color-sin-fondo-150x150.png 150w, https:\/\/blogsaverroes.juntadeandalucia.es\/ceipramonhernandez\/files\/2022\/07\/Anagrama-colegio-color-sin-fondo-24x24.png 24w, https:\/\/blogsaverroes.juntadeandalucia.es\/ceipramonhernandez\/files\/2022\/07\/Anagrama-colegio-color-sin-fondo-36x36.png 36w, https:\/\/blogsaverroes.juntadeandalucia.es\/ceipramonhernandez\/files\/2022\/07\/Anagrama-colegio-color-sin-fondo-48x48.png 48w, https:\/\/blogsaverroes.juntadeandalucia.es\/ceipramonhernandez\/files\/2022\/07\/Anagrama-colegio-color-sin-fondo-100x100.png 100w, https:\/\/blogsaverroes.juntadeandalucia.es\/ceipramonhernandez\/files\/2022\/07\/Anagrama-colegio-color-sin-fondo-50x50.png 50w\" sizes=\"(max-width: 300px) 100vw, 300px\" \/>    \n        <\/div>\n    <!-- \/image-wrap -->\n    \n        <\/div>\n<!-- \/module image -->        <\/div>\n                    <div  data-lazy=\"1\" class=\"module_column tb-column col4-2 tb_hf94137 last\">\n                    <!-- module fancy heading -->\n<div  class=\"module module-fancy-heading tb_fiwv474 \" data-lazy=\"1\">\n        <h1 class=\"fancy-heading tf_textl\">\n    <span class=\"main-head tf_block\">\n                    Web oficial del            <\/span>\n\n    \n    <span class=\"sub-head tf_block tf_rel\">\n                    CEIP Ram\u00f3n Hern\u00e1ndez Mart\u00ednez            <\/span>\n    <\/h1>\n<\/div>\n<!-- \/module fancy heading -->\n<!-- module text -->\n<div  class=\"module module-text tb_bukq211   \" data-lazy=\"1\">\n        <div  class=\"tb_text_wrap\">\n        <h3><span style=\"color: #ffffff\">Ca\u00f1ete de las Torres (C\u00f3rdoba)<\/span><\/h3>    <\/div>\n<\/div>\n<!-- \/module text -->        <\/div>\n                        <\/div>\n        <\/div>\n                        <div  data-css_id=\"yeny681\" data-lazy=\"1\" class=\"module_row themify_builder_row fullwidth tb_yeny681 tf_w hide-mobile wow\" data-tf-animation=\"slideInRight\">\n                        <div class=\"row_inner col_align_top tb_col_count_1 tf_box tf_rel\">\n                        <div  data-lazy=\"1\" class=\"module_column tb-column col-full tb_rm90681 first\">\n                            <div  data-lazy=\"1\" class=\"module_subrow themify_builder_sub_row tf_w col_align_middle tb_col_count_3 tb_x7zt681\">\n                <div  data-lazy=\"1\" class=\"module_column sub_column col3-1 tb_11qp681 first\">\n                    <!-- module image -->\n<div  class=\"module module-image tb_ee4k681 image-center rounded drop-shadow  auto_fullwidth tf_mw\" data-lazy=\"1\">\n        <div class=\"image-wrap tf_rel tf_mw\">\n            <a href=\"https:\/\/blogsaverroes.juntadeandalucia.es\/ceipramonhernandez\/admision\/\" rel=\"noopener\" target=\"_blank\">\n                   <img decoding=\"async\" src=\"https:\/\/blogsaverroes.juntadeandalucia.es\/ceipramonhernandez\/files\/2025\/07\/Admision-1.png\" class=\"wp-post-image wp-image-38014\" title=\"ADMISI\u00d3N (1 al 31 de marzo)\" alt=\"ADMISI\u00d3N (1 al 31 de marzo)\">        <\/a>\n    \n        <\/div>\n    <!-- \/image-wrap -->\n    \n        <div class=\"image-content\">\n                    <h1 class=\"image-title\">\n                                    <a href=\"https:\/\/blogsaverroes.juntadeandalucia.es\/ceipramonhernandez\/admision\/\" rel=\"noopener\" target=\"_blank\">\n                        ADMISI\u00d3N (1 al 31 de marzo)                    <\/a>\n                            <\/h1>\n                    <\/div>\n    <!-- \/image-content -->\n        <\/div>\n<!-- \/module image -->        <\/div>\n                    <div  data-lazy=\"1\" class=\"module_column sub_column col3-1 tb_df7t681\">\n                    <!-- module image -->\n<div  class=\"module module-image tb_g9rn681 image-center rounded drop-shadow  auto_fullwidth tf_mw\" data-lazy=\"1\">\n        <div class=\"image-wrap tf_rel tf_mw\">\n            <a href=\"https:\/\/blogsaverroes.juntadeandalucia.es\/ceipramonhernandez\/matriculacion\/\" rel=\"noopener\" target=\"_blank\">\n                   <img loading=\"lazy\" decoding=\"async\" width=\"800\" height=\"200\" src=\"https:\/\/blogsaverroes.juntadeandalucia.es\/ceipramonhernandez\/files\/2025\/07\/Matriculacion.png\" class=\"wp-post-image wp-image-38013\" title=\"MATRICULACI\u00d3N (1-9 de junio)\" alt=\"MATRICULACI\u00d3N (1-9 de junio)\" srcset=\"https:\/\/blogsaverroes.juntadeandalucia.es\/ceipramonhernandez\/files\/2025\/07\/Matriculacion.png 800w, https:\/\/blogsaverroes.juntadeandalucia.es\/ceipramonhernandez\/files\/2025\/07\/Matriculacion-300x75.png 300w, https:\/\/blogsaverroes.juntadeandalucia.es\/ceipramonhernandez\/files\/2025\/07\/Matriculacion-768x192.png 768w\" sizes=\"(max-width: 800px) 100vw, 800px\" \/>        <\/a>\n    \n        <\/div>\n    <!-- \/image-wrap -->\n    \n        <div class=\"image-content\">\n                    <h1 class=\"image-title\">\n                                    <a href=\"https:\/\/blogsaverroes.juntadeandalucia.es\/ceipramonhernandez\/matriculacion\/\" rel=\"noopener\" target=\"_blank\">\n                        MATRICULACI\u00d3N (1-9 de junio)                    <\/a>\n                            <\/h1>\n                    <\/div>\n    <!-- \/image-content -->\n        <\/div>\n<!-- \/module image -->        <\/div>\n                    <div  data-lazy=\"1\" class=\"module_column sub_column col3-1 tb_yv0j681 last\">\n                    <!-- module image -->\n<div  class=\"module module-image tb_34c2681 image-center rounded drop-shadow  auto_fullwidth tf_mw\" data-lazy=\"1\">\n        <div class=\"image-wrap tf_rel tf_mw\">\n            <a href=\"https:\/\/blogsaverroes.juntadeandalucia.es\/ceipramonhernandez\/bonificaciones\/\" rel=\"noopener\" target=\"_blank\">\n                   <img loading=\"lazy\" decoding=\"async\" width=\"800\" height=\"200\" src=\"https:\/\/blogsaverroes.juntadeandalucia.es\/ceipramonhernandez\/files\/2025\/07\/Bonificacion.png\" class=\"wp-post-image wp-image-38015\" title=\"BONIFICACIONES (1-8 de septiembre)\" alt=\"BONIFICACIONES (1-8 de septiembre)\" srcset=\"https:\/\/blogsaverroes.juntadeandalucia.es\/ceipramonhernandez\/files\/2025\/07\/Bonificacion.png 800w, https:\/\/blogsaverroes.juntadeandalucia.es\/ceipramonhernandez\/files\/2025\/07\/Bonificacion-300x75.png 300w, https:\/\/blogsaverroes.juntadeandalucia.es\/ceipramonhernandez\/files\/2025\/07\/Bonificacion-768x192.png 768w\" sizes=\"(max-width: 800px) 100vw, 800px\" \/>        <\/a>\n    \n        <\/div>\n    <!-- \/image-wrap -->\n    \n        <div class=\"image-content\">\n                    <h1 class=\"image-title\">\n                                    <a href=\"https:\/\/blogsaverroes.juntadeandalucia.es\/ceipramonhernandez\/bonificaciones\/\" rel=\"noopener\" target=\"_blank\">\n                        BONIFICACIONES (1-8 de septiembre)                    <\/a>\n                            <\/h1>\n                    <\/div>\n    <!-- \/image-content -->\n        <\/div>\n<!-- \/module image -->        <\/div>\n                    <\/div>\n                <\/div>\n                        <\/div>\n        <\/div>\n                        <div  data-css_id=\"gxkx737\" data-lazy=\"1\" class=\"module_row themify_builder_row fullwidth tb_gxkx737 tf_w wow\" data-tf-animation=\"slideInRight\">\n                        <div class=\"row_inner col_align_top tb_col_count_1 tf_box tf_rel\">\n                        <div  data-lazy=\"1\" class=\"module_column tb-column col-full tb_uhf5737 first\">\n                            <div  data-lazy=\"1\" class=\"module_subrow themify_builder_sub_row tf_w col_align_top tb_col_count_1 tb_ndtb737\">\n                <div  data-lazy=\"1\" class=\"module_column sub_column col-full tb_i38d737 first\">\n                    <!-- module image -->\n<div  class=\"module module-image tb_ik6c769 image-center rounded drop-shadow  tf_mw\" data-lazy=\"1\">\n        <div class=\"image-wrap tf_rel tf_mw\">\n            <img loading=\"lazy\" decoding=\"async\" src=\"https:\/\/blogsaverroes.juntadeandalucia.es\/ceipramonhernandez\/files\/2025\/10\/Banner-Buzon-de-sugerencias-2082586640-1000x187.png\" width=\"1000\" height=\"187\" class=\"wp-post-image wp-image-38489\" title=\"PROXIMAMENTE\" alt=\"PROXIMAMENTE\" srcset=\"https:\/\/blogsaverroes.juntadeandalucia.es\/ceipramonhernandez\/files\/2025\/10\/Banner-Buzon-de-sugerencias-2082586640-1000x187.png 1000w, https:\/\/blogsaverroes.juntadeandalucia.es\/ceipramonhernandez\/files\/2025\/10\/Banner-Buzon-de-sugerencias-2082586640-300x56.png 300w, https:\/\/blogsaverroes.juntadeandalucia.es\/ceipramonhernandez\/files\/2025\/10\/Banner-Buzon-de-sugerencias-2082586640-1024x192.png 1024w, https:\/\/blogsaverroes.juntadeandalucia.es\/ceipramonhernandez\/files\/2025\/10\/Banner-Buzon-de-sugerencias-2082586640-768x144.png 768w, https:\/\/blogsaverroes.juntadeandalucia.es\/ceipramonhernandez\/files\/2025\/10\/Banner-Buzon-de-sugerencias-2082586640-1536x288.png 1536w, https:\/\/blogsaverroes.juntadeandalucia.es\/ceipramonhernandez\/files\/2025\/10\/Banner-Buzon-de-sugerencias-2082586640.png 1600w\" sizes=\"(max-width: 1000px) 100vw, 1000px\" \/>    \n        <\/div>\n    <!-- \/image-wrap -->\n    \n        <div class=\"image-content\">\n                    <h1 class=\"image-title\">\n                                    PROXIMAMENTE                            <\/h1>\n                    <\/div>\n    <!-- \/image-content -->\n        <\/div>\n<!-- \/module image -->        <\/div>\n                    <\/div>\n                <\/div>\n                        <\/div>\n        <\/div>\n                        <div  data-lazy=\"1\" class=\"module_row themify_builder_row tb_44fz668 tf_w hide-desktop hide-tablet hide-tablet_landscape hide-mobile\">\n                        <div class=\"row_inner col_align_top tb_col_count_1 tf_box tf_rel\">\n                        <div  data-lazy=\"1\" class=\"module_column tb-column col-full tb_7obg668 first\">\n                    <!-- module image -->\n<div  class=\"module module-image tb_hakc914 image-card-layout   auto_fullwidth tf_mw\" data-lazy=\"1\">\n    <h3 class=\"module-title\">Elecciones al Consejo Escolar 2024<\/h3>    <div class=\"image-wrap tf_rel tf_mw\">\n            <a href=\"https:\/\/blogsaverroes.juntadeandalucia.es\/ceipramonhernandez\/el-centro\/consejo-escolar\/\" rel=\"noopener\" target=\"_blank\">\n                   <img loading=\"lazy\" decoding=\"async\" width=\"640\" height=\"201\" src=\"https:\/\/blogsaverroes.juntadeandalucia.es\/ceipramonhernandez\/files\/2024\/09\/Elecciones-Consejo-Escolar.png\" class=\"wp-post-image wp-image-32678\" title=\"Elecciones-Consejo-Escolar\" alt=\"Elecciones-Consejo-Escolar\" srcset=\"https:\/\/blogsaverroes.juntadeandalucia.es\/ceipramonhernandez\/files\/2024\/09\/Elecciones-Consejo-Escolar.png 640w, https:\/\/blogsaverroes.juntadeandalucia.es\/ceipramonhernandez\/files\/2024\/09\/Elecciones-Consejo-Escolar-300x94.png 300w\" sizes=\"(max-width: 640px) 100vw, 640px\" \/>        <\/a>\n    \n        <\/div>\n    <!-- \/image-wrap -->\n    \n        <\/div>\n<!-- \/module image -->        <\/div>\n                        <\/div>\n        <\/div>\n                        <div  data-css_id=\"vdu4986\" data-lazy=\"1\" class=\"module_row themify_builder_row fullwidth tb_vdu4986 tf_w hide-desktop hide-tablet hide-tablet_landscape hide-mobile\">\n                        <div class=\"row_inner col_align_top tb_col_count_1 tf_box tf_rel\">\n                        <div  data-lazy=\"1\" class=\"module_column tb-column col-full tb_ugx3987 first\">\n                    <!-- module text -->\n<div  class=\"module module-text tb_9wja988    wow\" data-tf-animation=\"flash\" data-tf-animation_repeat=\"10\" data-lazy=\"1\">\n        <div  class=\"tb_text_wrap\">\n        <h3 style=\"text-align: center\"><span style=\"color: #000000\">INFORMACI\u00d3N IMPORTANTE:\u00a0<\/span><span style=\"color: #000000\">ELECCIONES AL CONSEJO ESCOLAR<\/span><\/h3>\n<h3 style=\"text-align: center\"><span style=\"color: #000000\">VOTO DOBLE SOBRE CERRADO<\/span><\/h3>\n<h3 style=\"text-align: center\"><span style=\"color: #ff0000\">Del 12 al 18 de noviembre<\/span><\/h3>    <\/div>\n<\/div>\n<!-- \/module text -->        <div  data-lazy=\"1\" class=\"module_subrow themify_builder_sub_row tf_w col_align_middle tb_col_count_2 tb_iv51655 hide-desktop hide-tablet hide-tablet_landscape hide-mobile\">\n                <div  data-lazy=\"1\" class=\"module_column sub_column tb_vcxk656 first\">\n                    <!-- module text -->\n<div  class=\"module module-text tb_bnu0656   \" data-lazy=\"1\">\n    <h3 class=\"module-title\">INFOGRAF\u00cdA DE AYUDA<\/h3>    <div  class=\"tb_text_wrap\">\n        <p><a href=\"https:\/\/blogsaverroes.juntadeandalucia.es\/ceipramonhernandez\/files\/2024\/11\/WhatsApp-Image-2024-11-04-at-10.16.55.jpeg\"><img loading=\"lazy\" decoding=\"async\" class=\"alignnone wp-image-32812 size-full\" src=\"https:\/\/blogsaverroes.juntadeandalucia.es\/ceipramonhernandez\/files\/2024\/11\/WhatsApp-Image-2024-11-04-at-10.16.55.jpeg\" alt=\"\" width=\"2000\" height=\"1414\" srcset=\"https:\/\/blogsaverroes.juntadeandalucia.es\/ceipramonhernandez\/files\/2024\/11\/WhatsApp-Image-2024-11-04-at-10.16.55.jpeg 2000w, https:\/\/blogsaverroes.juntadeandalucia.es\/ceipramonhernandez\/files\/2024\/11\/WhatsApp-Image-2024-11-04-at-10.16.55-300x212.jpeg 300w, https:\/\/blogsaverroes.juntadeandalucia.es\/ceipramonhernandez\/files\/2024\/11\/WhatsApp-Image-2024-11-04-at-10.16.55-1024x724.jpeg 1024w, https:\/\/blogsaverroes.juntadeandalucia.es\/ceipramonhernandez\/files\/2024\/11\/WhatsApp-Image-2024-11-04-at-10.16.55-768x543.jpeg 768w, https:\/\/blogsaverroes.juntadeandalucia.es\/ceipramonhernandez\/files\/2024\/11\/WhatsApp-Image-2024-11-04-at-10.16.55-1536x1086.jpeg 1536w\" sizes=\"(max-width: 2000px) 100vw, 2000px\" \/><\/a><\/p>    <\/div>\n<\/div>\n<!-- \/module text -->        <\/div>\n                    <div  data-lazy=\"1\" class=\"module_column sub_column tb_ufnv657 last\">\n                    <!-- module text -->\n<div  class=\"module module-text tb_hobn996   \" data-lazy=\"1\">\n    <h3 class=\"module-title\">V\u00cdDEO DE AYUDA<\/h3>    <div  class=\"tb_text_wrap\">\n        <p style=\"text-align: center\"><iframe loading=\"lazy\" src=\"https:\/\/drive.google.com\/file\/d\/1DlS9_i9q7fndK6pNT1ISvWU1YrD1_CcH\/preview\" width=\"640\" height=\"480\"><\/iframe><\/p>\n    <\/div>\n<\/div>\n<!-- \/module text -->        <\/div>\n                    <\/div>\n                <div  data-lazy=\"1\" class=\"module_subrow themify_builder_sub_row tf_w col_align_top tb_col_count_1 tb_y7fh671\">\n                <div  data-lazy=\"1\" class=\"module_column sub_column col-full tb_079x671 first\">\n                    <!-- module text -->\n<div  class=\"module module-text tb_f8z0672   \" data-lazy=\"1\">\n    <h3 class=\"module-title\">V\u00cdDEO DE AYUDA<\/h3>    <div  class=\"tb_text_wrap\">\n        <p style=\"text-align: center\"><iframe loading=\"lazy\" src=\"https:\/\/www.youtube.com\/embed\/ygw2PjjqEKc?si=F0yYqoVjbb7dYWbN\" width=\"800\" height=\"400\" frameborder=\"0\"><\/iframe><\/p>    <\/div>\n<\/div>\n<!-- \/module text -->        <\/div>\n                    <\/div>\n                <div  data-lazy=\"1\" class=\"module_subrow themify_builder_sub_row tf_w col_align_top tb_col_count_1 tb_g5zd485\">\n                <div  data-lazy=\"1\" class=\"module_column sub_column col-full tb_8253485 first\">\n                    <!-- module buttons -->\n<div  class=\"module module-buttons tb_igp2486 buttons-horizontal solid  xlarge circle buttons-fullwidth\" data-lazy=\"1\">\n        <div class=\"module-buttons-item tf_in_flx\">\n                        <a href=\"https:\/\/blogsaverroes.juntadeandalucia.es\/ceipramonhernandez\/consejo-escolar\/\" class=\"ui builder_button tf_in_flx light-blue\" target=\"_blank\" rel=\"noopener\">\n                                                Web Consejo Escolar                                        <\/a>\n                <\/div>\n            <\/div>\n<!-- \/module buttons -->\n        <\/div>\n                    <\/div>\n                <\/div>\n                        <\/div>\n        <\/div>\n                        <div  data-css_id=\"5uf2375\" data-lazy=\"1\" class=\"module_row themify_builder_row fullwidth tb_5uf2375 tf_w\">\n                        <div class=\"row_inner col_align_top tb_col_count_1 tf_box tf_rel\">\n                        <div  data-lazy=\"1\" class=\"module_column tb-column col-full tb_rnck376 first\">\n                    <div  class=\"module themify_builder_slider_wrap tf_clearfix module-slider tb_igce378  slider-default  \" data-lazy=\"1\">\n    <h3 class=\"module-title\">\u00daltimas actividades del colegio<\/h3>    <div class=\"themify_builder_slider tf_carousel tf_swiper-container tf_rel tf_overflow\" data-lazy=\"1\"        data-visible=\"5\"\n        data-tab-visible=\"3\"\n        data-mob-visible=\"3\"\n        data-scroll=\"1\"\n                            data-auto=\"3000\"\n            data-controller=\"0\"\n            data-pause_hover=\"1\"\n                data-speed=\"0.5\"\n        data-wrapvar=\"1\"\n        data-slider_nav=\"1\"\n        data-pager=\"1\"\n        data-effect=\"scroll\" \n        data-height=\"variable\"\n        data-css_url=\"https:\/\/blogsaverroes.juntadeandalucia.es\/ceipramonhernandez\/wp-content\/themes\/themify-ultra\/themify\/themify-builder\/css\/modules\/sliders\/carousel,https:\/\/blogsaverroes.juntadeandalucia.es\/ceipramonhernandez\/wp-content\/themes\/themify-ultra\/themify\/themify-builder\/css\/modules\/sliders\/slider\"\n                    >\n        <div class=\"tf_swiper-wrapper tf_lazy tf_rel tf_w tf_h tf_textc\">\n        \n        <div class=\"tf_swiper-slide\">\n            <div class=\"slide-inner-wrap\" style=\"margin-left:5px;\">\n                                                                <figure class=\"tf_lazy slide-image\">\n                                                            <a href=\"https:\/\/blogsaverroes.juntadeandalucia.es\/ceipramonhernandez\/calles-en-flor-2026\/\"\n                                    target=\"_blank\" rel=\"noopener\"                                   >\n                                   <img src=\"data:image\/svg+xml,%3Csvg%20xmlns=%27http:\/\/www.w3.org\/2000\/svg%27%20width='360'%20height='360'%20viewBox=%270%200%20360%20360%27%3E%3C\/svg%3E\" loading=\"lazy\" data-lazy=\"1\" data-tf-not-load=\"1\" style=\"background:linear-gradient(to right,#342f29 25%,#595b67 25% 50%,#797d89 50% 75%,#161117 75%),linear-gradient(to right,#cabeb0 25%,#cbc5b5 25% 50%,#43302a 50% 75%,#7e6352 75%),linear-gradient(to right,#1f1e1c 25%,#041a17 25% 50%,#544a4b 50% 75%,#59533b 75%),linear-gradient(to right,#82735e 25%,#2c2216 25% 50%,#5e90c1 50% 75%,#2c5b89 75%)\" decoding=\"async\" data-tf-src=\"https:\/\/blogsaverroes.juntadeandalucia.es\/ceipramonhernandez\/files\/2026\/04\/nggallery_import\/20260430_134419-scaled-360x360.jpg\" width=\"360\" height=\"360\" class=\"tf_svg_lazy wp-post-image wp-image-44039\" title=\"20260430_134419\" alt=\"20260430_134419\" data-tf-srcset=\"https:\/\/blogsaverroes.juntadeandalucia.es\/ceipramonhernandez\/files\/2026\/04\/nggallery_import\/20260430_134419-scaled-360x360.jpg 360w, https:\/\/blogsaverroes.juntadeandalucia.es\/ceipramonhernandez\/files\/2026\/04\/nggallery_import\/20260430_134419-150x150.jpg 150w\" data-tf-sizes=\"(max-width: 360px) 100vw, 360px\" \/><noscript><img loading=\"lazy\" decoding=\"async\" data-tf-not-load data-no-script src=\"https:\/\/blogsaverroes.juntadeandalucia.es\/ceipramonhernandez\/files\/2026\/04\/nggallery_import\/20260430_134419-scaled-360x360.jpg\" width=\"360\" height=\"360\" class=\"wp-post-image wp-image-44039\" title=\"20260430_134419\" alt=\"20260430_134419\" srcset=\"https:\/\/blogsaverroes.juntadeandalucia.es\/ceipramonhernandez\/files\/2026\/04\/nggallery_import\/20260430_134419-scaled-360x360.jpg 360w, https:\/\/blogsaverroes.juntadeandalucia.es\/ceipramonhernandez\/files\/2026\/04\/nggallery_import\/20260430_134419-150x150.jpg 150w\" sizes=\"(max-width: 360px) 100vw, 360px\" \/><\/noscript>                                <\/a>\n                                                    <\/figure>\n                                                            \n                                    <div class=\"slide-content tb_text_wrap\">\n                                                                                <h3 class=\"slide-title\">\n                                                                        <a href=\"https:\/\/blogsaverroes.juntadeandalucia.es\/ceipramonhernandez\/calles-en-flor-2026\/\"  \n                                            target=\"_blank\" rel=\"noopener\"                                           >\n                                           Calles en flor 2026                                        <\/a>\n                                                            <\/h3>\n                                                                                                        <time datetime=\"2026-04-30\" class=\"post-date\">30\/abril\/2026<\/time>\n                                                                                            <\/div>\n                            <\/div>\n\n        <\/div>\n        \n        <div class=\"tf_swiper-slide\">\n            <div class=\"slide-inner-wrap\" style=\"margin-left:5px;\">\n                                                                <figure class=\"tf_lazy slide-image\">\n                                                            <a href=\"https:\/\/blogsaverroes.juntadeandalucia.es\/ceipramonhernandez\/cerrado-3-2-2-2-3-2\/\"\n                                    target=\"_blank\" rel=\"noopener\"                                   >\n                                   <img src=\"data:image\/svg+xml,%3Csvg%20xmlns=%27http:\/\/www.w3.org\/2000\/svg%27%20width='360'%20height='360'%20viewBox=%270%200%20360%20360%27%3E%3C\/svg%3E\" loading=\"lazy\" data-lazy=\"1\" data-tf-not-load=\"1\" style=\"background:linear-gradient(to right,#6b7c8e 25%,#47637b 25% 50%,#f2f4f1 50% 75%,#fbfcff 75%),linear-gradient(to right,#769ab2 25%,#7d93a8 25% 50%,#76869d 50% 75%,#62809c 75%),linear-gradient(to right,#86a2b7 25%,#7f919f 25% 50%,#7989a2 50% 75%,#5e7891 75%),linear-gradient(to right,#3f617d 25%,#426988 25% 50%,#547489 50% 75%,#476682 75%)\" decoding=\"async\" data-tf-src=\"https:\/\/blogsaverroes.juntadeandalucia.es\/ceipramonhernandez\/files\/2026\/02\/4-360x360.jpg\" width=\"360\" height=\"360\" class=\"tf_svg_lazy wp-post-image wp-image-41457\" title=\"4\" alt=\"4\" data-tf-srcset=\"https:\/\/blogsaverroes.juntadeandalucia.es\/ceipramonhernandez\/files\/2026\/02\/4-360x360.jpg 360w, https:\/\/blogsaverroes.juntadeandalucia.es\/ceipramonhernandez\/files\/2026\/02\/4-150x150.jpg 150w\" data-tf-sizes=\"(max-width: 360px) 100vw, 360px\" \/><noscript><img loading=\"lazy\" decoding=\"async\" data-tf-not-load data-no-script src=\"https:\/\/blogsaverroes.juntadeandalucia.es\/ceipramonhernandez\/files\/2026\/02\/4-360x360.jpg\" width=\"360\" height=\"360\" class=\"wp-post-image wp-image-41457\" title=\"4\" alt=\"4\" srcset=\"https:\/\/blogsaverroes.juntadeandalucia.es\/ceipramonhernandez\/files\/2026\/02\/4-360x360.jpg 360w, https:\/\/blogsaverroes.juntadeandalucia.es\/ceipramonhernandez\/files\/2026\/02\/4-150x150.jpg 150w\" sizes=\"(max-width: 360px) 100vw, 360px\" \/><\/noscript>                                <\/a>\n                                                    <\/figure>\n                                                            \n                                    <div class=\"slide-content tb_text_wrap\">\n                                                                                <h3 class=\"slide-title\">\n                                                                        <a href=\"https:\/\/blogsaverroes.juntadeandalucia.es\/ceipramonhernandez\/cerrado-3-2-2-2-3-2\/\"  \n                                            target=\"_blank\" rel=\"noopener\"                                           >\n                                           Cerrado                                        <\/a>\n                                                            <\/h3>\n                                                                                                        <time datetime=\"2026-04-30\" class=\"post-date\">30\/abril\/2026<\/time>\n                                                                                            <\/div>\n                            <\/div>\n\n        <\/div>\n        \n        <div class=\"tf_swiper-slide\">\n            <div class=\"slide-inner-wrap\" style=\"margin-left:5px;\">\n                                                                <figure class=\"tf_lazy slide-image\">\n                                                            <a href=\"https:\/\/blogsaverroes.juntadeandalucia.es\/ceipramonhernandez\/cruz-de-mayo-2026\/\"\n                                    target=\"_blank\" rel=\"noopener\"                                   >\n                                   <img src=\"data:image\/svg+xml,%3Csvg%20xmlns=%27http:\/\/www.w3.org\/2000\/svg%27%20width='360'%20height='360'%20viewBox=%270%200%20360%20360%27%3E%3C\/svg%3E\" loading=\"lazy\" data-lazy=\"1\" data-tf-not-load=\"1\" style=\"background:linear-gradient(to right,#f5fafd 25%,#d6d7d1 25% 50%,#afb1ac 50% 75%,#bdbdb5 75%),linear-gradient(to right,#8a6062 25%,#a8aaa7 25% 50%,#a6a7a1 50% 75%,#878986 75%),linear-gradient(to right,#85a170 25%,#2f2f27 25% 50%,#7a7d82 50% 75%,#3a290f 75%),linear-gradient(to right,#c6c3b4 25%,#aaa89c 25% 50%,#a3a195 50% 75%,#a6a296 75%)\" decoding=\"async\" data-tf-src=\"https:\/\/blogsaverroes.juntadeandalucia.es\/ceipramonhernandez\/files\/2026\/04\/nggallery_import\/4-20260427_132438-scaled-360x360.jpg\" width=\"360\" height=\"360\" class=\"tf_svg_lazy wp-post-image wp-image-43901\" title=\"20260427_132438\" alt=\"20260427_132438\" data-tf-srcset=\"https:\/\/blogsaverroes.juntadeandalucia.es\/ceipramonhernandez\/files\/2026\/04\/nggallery_import\/4-20260427_132438-scaled-360x360.jpg 360w, https:\/\/blogsaverroes.juntadeandalucia.es\/ceipramonhernandez\/files\/2026\/04\/nggallery_import\/4-20260427_132438-150x150.jpg 150w\" data-tf-sizes=\"(max-width: 360px) 100vw, 360px\" \/><noscript><img loading=\"lazy\" decoding=\"async\" data-tf-not-load data-no-script src=\"https:\/\/blogsaverroes.juntadeandalucia.es\/ceipramonhernandez\/files\/2026\/04\/nggallery_import\/4-20260427_132438-scaled-360x360.jpg\" width=\"360\" height=\"360\" class=\"wp-post-image wp-image-43901\" title=\"20260427_132438\" alt=\"20260427_132438\" srcset=\"https:\/\/blogsaverroes.juntadeandalucia.es\/ceipramonhernandez\/files\/2026\/04\/nggallery_import\/4-20260427_132438-scaled-360x360.jpg 360w, https:\/\/blogsaverroes.juntadeandalucia.es\/ceipramonhernandez\/files\/2026\/04\/nggallery_import\/4-20260427_132438-150x150.jpg 150w\" sizes=\"(max-width: 360px) 100vw, 360px\" \/><\/noscript>                                <\/a>\n                                                    <\/figure>\n                                                            \n                                    <div class=\"slide-content tb_text_wrap\">\n                                                                                <h3 class=\"slide-title\">\n                                                                        <a href=\"https:\/\/blogsaverroes.juntadeandalucia.es\/ceipramonhernandez\/cruz-de-mayo-2026\/\"  \n                                            target=\"_blank\" rel=\"noopener\"                                           >\n                                           Cruz de mayo solidaria 2026                                        <\/a>\n                                                            <\/h3>\n                                                                                                        <time datetime=\"2026-04-28\" class=\"post-date\">28\/abril\/2026<\/time>\n                                                                                            <\/div>\n                            <\/div>\n\n        <\/div>\n        \n        <div class=\"tf_swiper-slide\">\n            <div class=\"slide-inner-wrap\" style=\"margin-left:5px;\">\n                                                                <figure class=\"tf_lazy slide-image\">\n                                                            <a href=\"https:\/\/blogsaverroes.juntadeandalucia.es\/ceipramonhernandez\/entrega-de-premios-xx-certamen-literario-2025-2\/\"\n                                    target=\"_blank\" rel=\"noopener\"                                   >\n                                   <img src=\"data:image\/svg+xml,%3Csvg%20xmlns=%27http:\/\/www.w3.org\/2000\/svg%27%20width='360'%20height='360'%20viewBox=%270%200%20360%20360%27%3E%3C\/svg%3E\" loading=\"lazy\" data-lazy=\"1\" data-tf-not-load=\"1\" style=\"background:linear-gradient(to right,#a2b0a1 25%,#650000 25% 50%,#e39530 50% 75%,#64a7ba 75%),linear-gradient(to right,#cad9f8 25%,#880105 25% 50%,#850b06 50% 75%,#eb822f 75%),linear-gradient(to right,#1d646a 25%,#af9b9a 25% 50%,#01071f 50% 75%,#296170 75%),linear-gradient(to right,#f3dbab 25%,#ab9f8f 25% 50%,#052a47 50% 75%,#002337 75%)\" decoding=\"async\" data-tf-src=\"https:\/\/blogsaverroes.juntadeandalucia.es\/ceipramonhernandez\/files\/2026\/04\/MariaBCertamen--360x360.jpg\" width=\"360\" height=\"360\" class=\"tf_svg_lazy wp-post-image wp-image-43527\" title=\"Mar\u00edaBCertamen\" alt=\"Mar\u00edaBCertamen\" data-tf-srcset=\"https:\/\/blogsaverroes.juntadeandalucia.es\/ceipramonhernandez\/files\/2026\/04\/MariaBCertamen--360x360.jpg 360w, https:\/\/blogsaverroes.juntadeandalucia.es\/ceipramonhernandez\/files\/2026\/04\/MariaBCertamen--150x150.jpg 150w, https:\/\/blogsaverroes.juntadeandalucia.es\/ceipramonhernandez\/files\/2026\/04\/MariaBCertamen--400x400.jpg 400w\" data-tf-sizes=\"(max-width: 360px) 100vw, 360px\" \/><noscript><img loading=\"lazy\" decoding=\"async\" data-tf-not-load data-no-script src=\"https:\/\/blogsaverroes.juntadeandalucia.es\/ceipramonhernandez\/files\/2026\/04\/MariaBCertamen--360x360.jpg\" width=\"360\" height=\"360\" class=\"wp-post-image wp-image-43527\" title=\"Mar\u00edaBCertamen\" alt=\"Mar\u00edaBCertamen\" srcset=\"https:\/\/blogsaverroes.juntadeandalucia.es\/ceipramonhernandez\/files\/2026\/04\/MariaBCertamen--360x360.jpg 360w, https:\/\/blogsaverroes.juntadeandalucia.es\/ceipramonhernandez\/files\/2026\/04\/MariaBCertamen--150x150.jpg 150w, https:\/\/blogsaverroes.juntadeandalucia.es\/ceipramonhernandez\/files\/2026\/04\/MariaBCertamen--400x400.jpg 400w\" sizes=\"(max-width: 360px) 100vw, 360px\" \/><\/noscript>                                <\/a>\n                                                    <\/figure>\n                                                            \n                                    <div class=\"slide-content tb_text_wrap\">\n                                                                                <h3 class=\"slide-title\">\n                                                                        <a href=\"https:\/\/blogsaverroes.juntadeandalucia.es\/ceipramonhernandez\/entrega-de-premios-xx-certamen-literario-2025-2\/\"  \n                                            target=\"_blank\" rel=\"noopener\"                                           >\n                                           Entrega de premios XXI Certamen literario 2026                                        <\/a>\n                                                            <\/h3>\n                                                                                                        <time datetime=\"2026-04-23\" class=\"post-date\">23\/abril\/2026<\/time>\n                                                                                            <\/div>\n                            <\/div>\n\n        <\/div>\n        \n        <div class=\"tf_swiper-slide\">\n            <div class=\"slide-inner-wrap\" style=\"margin-left:5px;\">\n                                                                <figure class=\"tf_lazy slide-image\">\n                                                            <a href=\"https:\/\/blogsaverroes.juntadeandalucia.es\/ceipramonhernandez\/%f0%9f%92%83-invitacion-cruz-de-mayo-solidaria-2026\/\"\n                                    target=\"_blank\" rel=\"noopener\"                                   >\n                                   <img src=\"data:image\/svg+xml,%3Csvg%20xmlns=%27http:\/\/www.w3.org\/2000\/svg%27%20width='360'%20height='360'%20viewBox=%270%200%20360%20360%27%3E%3C\/svg%3E\" loading=\"lazy\" data-lazy=\"1\" data-tf-not-load=\"1\" style=\"background:linear-gradient(to right,#ffffff 25%,#fffeff 25% 50%,#9ac8e9 50% 75%,#581e6b 75%),linear-gradient(to right,#b2bcbe 25%,#ee8c9b 25% 50%,#9fc5e9 50% 75%,#bb9f9b 75%),linear-gradient(to right,#f0efed 25%,#ffe654 25% 50%,#d9d9d9 50% 75%,#9fc6e5 75%),linear-gradient(to right,#b795ad 25%,#d85773 25% 50%,#a1c7eb 50% 75%,#ffffff 75%)\" decoding=\"async\" data-tf-src=\"https:\/\/blogsaverroes.juntadeandalucia.es\/ceipramonhernandez\/files\/2026\/04\/ROCIOCRUZ-360x360.jpg\" width=\"360\" height=\"360\" class=\"tf_svg_lazy wp-post-image wp-image-43629\" title=\"ROCIOCRUZ\" alt=\"ROCIOCRUZ\" data-tf-srcset=\"https:\/\/blogsaverroes.juntadeandalucia.es\/ceipramonhernandez\/files\/2026\/04\/ROCIOCRUZ-360x360.jpg 360w, https:\/\/blogsaverroes.juntadeandalucia.es\/ceipramonhernandez\/files\/2026\/04\/ROCIOCRUZ-150x150.jpg 150w, https:\/\/blogsaverroes.juntadeandalucia.es\/ceipramonhernandez\/files\/2026\/04\/ROCIOCRUZ-400x400.jpg 400w\" data-tf-sizes=\"(max-width: 360px) 100vw, 360px\" \/><noscript><img loading=\"lazy\" decoding=\"async\" data-tf-not-load data-no-script src=\"https:\/\/blogsaverroes.juntadeandalucia.es\/ceipramonhernandez\/files\/2026\/04\/ROCIOCRUZ-360x360.jpg\" width=\"360\" height=\"360\" class=\"wp-post-image wp-image-43629\" title=\"ROCIOCRUZ\" alt=\"ROCIOCRUZ\" srcset=\"https:\/\/blogsaverroes.juntadeandalucia.es\/ceipramonhernandez\/files\/2026\/04\/ROCIOCRUZ-360x360.jpg 360w, https:\/\/blogsaverroes.juntadeandalucia.es\/ceipramonhernandez\/files\/2026\/04\/ROCIOCRUZ-150x150.jpg 150w, https:\/\/blogsaverroes.juntadeandalucia.es\/ceipramonhernandez\/files\/2026\/04\/ROCIOCRUZ-400x400.jpg 400w\" sizes=\"(max-width: 360px) 100vw, 360px\" \/><\/noscript>                                <\/a>\n                                                    <\/figure>\n                                                            \n                                    <div class=\"slide-content tb_text_wrap\">\n                                                                                <h3 class=\"slide-title\">\n                                                                        <a href=\"https:\/\/blogsaverroes.juntadeandalucia.es\/ceipramonhernandez\/%f0%9f%92%83-invitacion-cruz-de-mayo-solidaria-2026\/\"  \n                                            target=\"_blank\" rel=\"noopener\"                                           >\n                                           \ud83d\udc83 Invitaci\u00f3n Cruz de mayo solidaria 2026                                        <\/a>\n                                                            <\/h3>\n                                                                                                        <time datetime=\"2026-04-23\" class=\"post-date\">23\/abril\/2026<\/time>\n                                                                                            <\/div>\n                            <\/div>\n\n        <\/div>\n        \n        <div class=\"tf_swiper-slide\" style=\"content-visibility:hidden\">\n            <div class=\"slide-inner-wrap\" style=\"margin-left:5px;\">\n                                                                <figure class=\"tf_lazy slide-image\">\n                                                            <a href=\"https:\/\/blogsaverroes.juntadeandalucia.es\/ceipramonhernandez\/dia-del-libro\/\"\n                                    target=\"_blank\" rel=\"noopener\"                                   >\n                                   <img src=\"data:image\/svg+xml,%3Csvg%20xmlns=%27http:\/\/www.w3.org\/2000\/svg%27%20width='360'%20height='360'%20viewBox=%270%200%20360%20360%27%3E%3C\/svg%3E\" loading=\"lazy\" data-lazy=\"1\" data-tf-not-load=\"1\" style=\"background:linear-gradient(to right,#ffffff 25%,#7fae46 25% 50%,#c6c4d1 50% 75%,#ffffff 75%),linear-gradient(to right,#ffffff 25%,#e4dfe5 25% 50%,#b3bcf7 50% 75%,#7c744f 75%),linear-gradient(to right,#ccb5e1 25%,#aed055 25% 50%,#6d597e 50% 75%,#f4ede3 75%),linear-gradient(to right,#f7ffff 25%,#b2682b 25% 50%,#fffdfe 50% 75%,#c15c0c 75%)\" decoding=\"async\" data-tf-src=\"https:\/\/blogsaverroes.juntadeandalucia.es\/ceipramonhernandez\/files\/2026\/04\/dia_del_libro_2018-360x360.jpg\" width=\"360\" height=\"360\" class=\"tf_svg_lazy wp-post-image wp-image-43611\" title=\"dia_del_libro_2018\" alt=\"dia_del_libro_2018\" data-tf-srcset=\"https:\/\/blogsaverroes.juntadeandalucia.es\/ceipramonhernandez\/files\/2026\/04\/dia_del_libro_2018-360x360.jpg 360w, https:\/\/blogsaverroes.juntadeandalucia.es\/ceipramonhernandez\/files\/2026\/04\/dia_del_libro_2018-150x150.jpg 150w\" data-tf-sizes=\"(max-width: 360px) 100vw, 360px\" \/><noscript><img loading=\"lazy\" decoding=\"async\" data-tf-not-load data-no-script src=\"https:\/\/blogsaverroes.juntadeandalucia.es\/ceipramonhernandez\/files\/2026\/04\/dia_del_libro_2018-360x360.jpg\" width=\"360\" height=\"360\" class=\"wp-post-image wp-image-43611\" title=\"dia_del_libro_2018\" alt=\"dia_del_libro_2018\" srcset=\"https:\/\/blogsaverroes.juntadeandalucia.es\/ceipramonhernandez\/files\/2026\/04\/dia_del_libro_2018-360x360.jpg 360w, https:\/\/blogsaverroes.juntadeandalucia.es\/ceipramonhernandez\/files\/2026\/04\/dia_del_libro_2018-150x150.jpg 150w\" sizes=\"(max-width: 360px) 100vw, 360px\" \/><\/noscript>                                <\/a>\n                                                    <\/figure>\n                                                            \n                                    <div class=\"slide-content tb_text_wrap\">\n                                                                                <h3 class=\"slide-title\">\n                                                                        <a href=\"https:\/\/blogsaverroes.juntadeandalucia.es\/ceipramonhernandez\/dia-del-libro\/\"  \n                                            target=\"_blank\" rel=\"noopener\"                                           >\n                                           D\u00eda del libro                                        <\/a>\n                                                            <\/h3>\n                                                                                                        <time datetime=\"2026-04-23\" class=\"post-date\">23\/abril\/2026<\/time>\n                                                                                            <\/div>\n                            <\/div>\n\n        <\/div>\n        \n        <div class=\"tf_swiper-slide\" style=\"content-visibility:hidden\">\n            <div class=\"slide-inner-wrap\" style=\"margin-left:5px;\">\n                                                                <figure class=\"tf_lazy slide-image\">\n                                                            <a href=\"https:\/\/blogsaverroes.juntadeandalucia.es\/ceipramonhernandez\/visita-al-teatro-avanti-de-educacion-infantil\/\"\n                                    target=\"_blank\" rel=\"noopener\"                                   >\n                                   <img src=\"data:image\/svg+xml,%3Csvg%20xmlns=%27http:\/\/www.w3.org\/2000\/svg%27%20width='360'%20height='360'%20viewBox=%270%200%20360%20360%27%3E%3C\/svg%3E\" loading=\"lazy\" data-lazy=\"1\" data-tf-not-load=\"1\" style=\"background:linear-gradient(to right,#4c1113 25%,#763426 25% 50%,#a6886e 50% 75%,#b39980 75%),linear-gradient(to right,#864445 25%,#6c1122 25% 50%,#a1806f 50% 75%,#a99783 75%),linear-gradient(to right,#493630 25%,#3b241e 25% 50%,#886152 50% 75%,#472823 75%),linear-gradient(to right,#622e32 25%,#46130f 25% 50%,#6b8035 50% 75%,#c48268 75%)\" decoding=\"async\" data-tf-src=\"https:\/\/blogsaverroes.juntadeandalucia.es\/ceipramonhernandez\/files\/2026\/04\/nggallery_import\/WhatsApp-Image-2026-04-20-at-13.07.34-360x360.jpeg\" width=\"360\" height=\"360\" class=\"tf_svg_lazy wp-post-image wp-image-43596\" title=\"WhatsApp-Image-2026-04-20-at-13.07\" alt=\"WhatsApp-Image-2026-04-20-at-13.07\" data-tf-srcset=\"https:\/\/blogsaverroes.juntadeandalucia.es\/ceipramonhernandez\/files\/2026\/04\/nggallery_import\/WhatsApp-Image-2026-04-20-at-13.07.34-360x360.jpeg 360w, https:\/\/blogsaverroes.juntadeandalucia.es\/ceipramonhernandez\/files\/2026\/04\/nggallery_import\/WhatsApp-Image-2026-04-20-at-13.07.34-150x150.jpeg 150w\" data-tf-sizes=\"(max-width: 360px) 100vw, 360px\" \/><noscript><img loading=\"lazy\" decoding=\"async\" data-tf-not-load data-no-script src=\"https:\/\/blogsaverroes.juntadeandalucia.es\/ceipramonhernandez\/files\/2026\/04\/nggallery_import\/WhatsApp-Image-2026-04-20-at-13.07.34-360x360.jpeg\" width=\"360\" height=\"360\" class=\"wp-post-image wp-image-43596\" title=\"WhatsApp-Image-2026-04-20-at-13.07\" alt=\"WhatsApp-Image-2026-04-20-at-13.07\" srcset=\"https:\/\/blogsaverroes.juntadeandalucia.es\/ceipramonhernandez\/files\/2026\/04\/nggallery_import\/WhatsApp-Image-2026-04-20-at-13.07.34-360x360.jpeg 360w, https:\/\/blogsaverroes.juntadeandalucia.es\/ceipramonhernandez\/files\/2026\/04\/nggallery_import\/WhatsApp-Image-2026-04-20-at-13.07.34-150x150.jpeg 150w\" sizes=\"(max-width: 360px) 100vw, 360px\" \/><\/noscript>                                <\/a>\n                                                    <\/figure>\n                                                            \n                                    <div class=\"slide-content tb_text_wrap\">\n                                                                                <h3 class=\"slide-title\">\n                                                                        <a href=\"https:\/\/blogsaverroes.juntadeandalucia.es\/ceipramonhernandez\/visita-al-teatro-avanti-de-educacion-infantil\/\"  \n                                            target=\"_blank\" rel=\"noopener\"                                           >\n                                           VISITA AL TEATRO AVANTI DE EDUCACI\u00d3N INFANTIL                                        <\/a>\n                                                            <\/h3>\n                                                                                                        <time datetime=\"2026-04-22\" class=\"post-date\">22\/abril\/2026<\/time>\n                                                                                            <\/div>\n                            <\/div>\n\n        <\/div>\n        \n        <div class=\"tf_swiper-slide\" style=\"content-visibility:hidden\">\n            <div class=\"slide-inner-wrap\" style=\"margin-left:5px;\">\n                                                                <figure class=\"tf_lazy slide-image\">\n                                                            <a href=\"https:\/\/blogsaverroes.juntadeandalucia.es\/ceipramonhernandez\/invitacion-al-xxi-certamen-literario\/\"\n                                    target=\"_blank\" rel=\"noopener\"                                   >\n                                   <img src=\"data:image\/svg+xml,%3Csvg%20xmlns=%27http:\/\/www.w3.org\/2000\/svg%27%20width='360'%20height='360'%20viewBox=%270%200%20360%20360%27%3E%3C\/svg%3E\" loading=\"lazy\" data-lazy=\"1\" data-tf-not-load=\"1\" style=\"background:linear-gradient(to right,#a2b0a1 25%,#650000 25% 50%,#e39530 50% 75%,#64a7ba 75%),linear-gradient(to right,#cad9f8 25%,#880105 25% 50%,#850b06 50% 75%,#eb822f 75%),linear-gradient(to right,#1d646a 25%,#af9b9a 25% 50%,#01071f 50% 75%,#296170 75%),linear-gradient(to right,#f3dbab 25%,#ab9f8f 25% 50%,#052a47 50% 75%,#002337 75%)\" decoding=\"async\" data-tf-src=\"https:\/\/blogsaverroes.juntadeandalucia.es\/ceipramonhernandez\/files\/2026\/04\/MariaBCertamen--360x360.jpg\" width=\"360\" height=\"360\" class=\"tf_svg_lazy wp-post-image wp-image-43527\" title=\"Mar\u00edaBCertamen\" alt=\"Mar\u00edaBCertamen\" data-tf-srcset=\"https:\/\/blogsaverroes.juntadeandalucia.es\/ceipramonhernandez\/files\/2026\/04\/MariaBCertamen--360x360.jpg 360w, https:\/\/blogsaverroes.juntadeandalucia.es\/ceipramonhernandez\/files\/2026\/04\/MariaBCertamen--150x150.jpg 150w, https:\/\/blogsaverroes.juntadeandalucia.es\/ceipramonhernandez\/files\/2026\/04\/MariaBCertamen--400x400.jpg 400w\" data-tf-sizes=\"(max-width: 360px) 100vw, 360px\" \/><noscript><img loading=\"lazy\" decoding=\"async\" data-tf-not-load data-no-script src=\"https:\/\/blogsaverroes.juntadeandalucia.es\/ceipramonhernandez\/files\/2026\/04\/MariaBCertamen--360x360.jpg\" width=\"360\" height=\"360\" class=\"wp-post-image wp-image-43527\" title=\"Mar\u00edaBCertamen\" alt=\"Mar\u00edaBCertamen\" srcset=\"https:\/\/blogsaverroes.juntadeandalucia.es\/ceipramonhernandez\/files\/2026\/04\/MariaBCertamen--360x360.jpg 360w, https:\/\/blogsaverroes.juntadeandalucia.es\/ceipramonhernandez\/files\/2026\/04\/MariaBCertamen--150x150.jpg 150w, https:\/\/blogsaverroes.juntadeandalucia.es\/ceipramonhernandez\/files\/2026\/04\/MariaBCertamen--400x400.jpg 400w\" sizes=\"(max-width: 360px) 100vw, 360px\" \/><\/noscript>                                <\/a>\n                                                    <\/figure>\n                                                            \n                                    <div class=\"slide-content tb_text_wrap\">\n                                                                                <h3 class=\"slide-title\">\n                                                                        <a href=\"https:\/\/blogsaverroes.juntadeandalucia.es\/ceipramonhernandez\/invitacion-al-xxi-certamen-literario\/\"  \n                                            target=\"_blank\" rel=\"noopener\"                                           >\n                                           Invitaci\u00f3n al XXI Certamen Literario                                        <\/a>\n                                                            <\/h3>\n                                                                                                        <time datetime=\"2026-04-20\" class=\"post-date\">20\/abril\/2026<\/time>\n                                                                                            <\/div>\n                            <\/div>\n\n        <\/div>\n        \n        <div class=\"tf_swiper-slide\" style=\"content-visibility:hidden\">\n            <div class=\"slide-inner-wrap\" style=\"margin-left:5px;\">\n                                                                <figure class=\"tf_lazy slide-image\">\n                                                            <a href=\"https:\/\/blogsaverroes.juntadeandalucia.es\/ceipramonhernandez\/partido-futbol-espana-ucrania\/\"\n                                    target=\"_blank\" rel=\"noopener\"                                   >\n                                   <img src=\"data:image\/svg+xml,%3Csvg%20xmlns=%27http:\/\/www.w3.org\/2000\/svg%27%20width='360'%20height='360'%20viewBox=%270%200%20360%20360%27%3E%3C\/svg%3E\" loading=\"lazy\" data-lazy=\"1\" data-tf-not-load=\"1\" style=\"background:linear-gradient(to right,#553622 25%,#da0728 25% 50%,#e86984 50% 75%,#301011 75%),linear-gradient(to right,#01126e 25%,#e74665 25% 50%,#bf455a 50% 75%,#682829 75%),linear-gradient(to right,#391e2f 25%,#e70d30 25% 50%,#d60b29 50% 75%,#895639 75%),linear-gradient(to right,#f81c3f 25%,#d91428 25% 50%,#d11c21 50% 75%,#a89a75 75%)\" decoding=\"async\" data-tf-src=\"https:\/\/blogsaverroes.juntadeandalucia.es\/ceipramonhernandez\/files\/2026\/04\/ESPANA-UCRANIA-RFAF-360x360.jpg\" width=\"360\" height=\"360\" class=\"tf_svg_lazy wp-post-image wp-image-43518\" title=\"ESPA\u00d1A-UCRANIA RFAF\" alt=\"ESPA\u00d1A-UCRANIA RFAF\" data-tf-srcset=\"https:\/\/blogsaverroes.juntadeandalucia.es\/ceipramonhernandez\/files\/2026\/04\/ESPANA-UCRANIA-RFAF-360x360.jpg 360w, https:\/\/blogsaverroes.juntadeandalucia.es\/ceipramonhernandez\/files\/2026\/04\/ESPANA-UCRANIA-RFAF-150x150.jpg 150w\" data-tf-sizes=\"(max-width: 360px) 100vw, 360px\" \/><noscript><img loading=\"lazy\" decoding=\"async\" data-tf-not-load data-no-script src=\"https:\/\/blogsaverroes.juntadeandalucia.es\/ceipramonhernandez\/files\/2026\/04\/ESPANA-UCRANIA-RFAF-360x360.jpg\" width=\"360\" height=\"360\" class=\"wp-post-image wp-image-43518\" title=\"ESPA\u00d1A-UCRANIA RFAF\" alt=\"ESPA\u00d1A-UCRANIA RFAF\" srcset=\"https:\/\/blogsaverroes.juntadeandalucia.es\/ceipramonhernandez\/files\/2026\/04\/ESPANA-UCRANIA-RFAF-360x360.jpg 360w, https:\/\/blogsaverroes.juntadeandalucia.es\/ceipramonhernandez\/files\/2026\/04\/ESPANA-UCRANIA-RFAF-150x150.jpg 150w\" sizes=\"(max-width: 360px) 100vw, 360px\" \/><\/noscript>                                <\/a>\n                                                    <\/figure>\n                                                            \n                                    <div class=\"slide-content tb_text_wrap\">\n                                                                                <h3 class=\"slide-title\">\n                                                                        <a href=\"https:\/\/blogsaverroes.juntadeandalucia.es\/ceipramonhernandez\/partido-futbol-espana-ucrania\/\"  \n                                            target=\"_blank\" rel=\"noopener\"                                           >\n                                           Partido f\u00fatbol Espa\u00f1a-Ucrania                                        <\/a>\n                                                            <\/h3>\n                                                                                                        <time datetime=\"2026-04-15\" class=\"post-date\">15\/abril\/2026<\/time>\n                                                                                            <\/div>\n                            <\/div>\n\n        <\/div>\n        \n        <div class=\"tf_swiper-slide\" style=\"content-visibility:hidden\">\n            <div class=\"slide-inner-wrap\" style=\"margin-left:5px;\">\n                                                                <figure class=\"tf_lazy slide-image\">\n                                                            <a href=\"https:\/\/blogsaverroes.juntadeandalucia.es\/ceipramonhernandez\/un-cole-de-cuento-con-maricastana\/\"\n                                    target=\"_blank\" rel=\"noopener\"                                   >\n                                   <img src=\"data:image\/svg+xml,%3Csvg%20xmlns=%27http:\/\/www.w3.org\/2000\/svg%27%20width='360'%20height='360'%20viewBox=%270%200%20360%20360%27%3E%3C\/svg%3E\" loading=\"lazy\" data-lazy=\"1\" data-tf-not-load=\"1\" style=\"background:linear-gradient(to right,#d5d9dc 25%,#dde2e5 25% 50%,#dae2e4 50% 75%,#3b3b45 75%),linear-gradient(to right,#515e64 25%,#967d83 25% 50%,#7b625e 50% 75%,#c4c1b8 75%),linear-gradient(to right,#28303b 25%,#392f2e 25% 50%,#53565d 50% 75%,#474641 75%),linear-gradient(to right,#2b2122 25%,#201718 25% 50%,#b48b93 50% 75%,#6a5a4d 75%)\" decoding=\"async\" data-tf-src=\"https:\/\/blogsaverroes.juntadeandalucia.es\/ceipramonhernandez\/files\/2026\/04\/20260415_123100-scaled-360x360.jpg\" width=\"360\" height=\"360\" class=\"tf_svg_lazy wp-post-image wp-image-43513\" title=\"20260415_123100\" alt=\"20260415_123100\" data-tf-srcset=\"https:\/\/blogsaverroes.juntadeandalucia.es\/ceipramonhernandez\/files\/2026\/04\/20260415_123100-scaled-360x360.jpg 360w, https:\/\/blogsaverroes.juntadeandalucia.es\/ceipramonhernandez\/files\/2026\/04\/20260415_123100-150x150.jpg 150w\" data-tf-sizes=\"(max-width: 360px) 100vw, 360px\" \/><noscript><img loading=\"lazy\" decoding=\"async\" data-tf-not-load data-no-script src=\"https:\/\/blogsaverroes.juntadeandalucia.es\/ceipramonhernandez\/files\/2026\/04\/20260415_123100-scaled-360x360.jpg\" width=\"360\" height=\"360\" class=\"wp-post-image wp-image-43513\" title=\"20260415_123100\" alt=\"20260415_123100\" srcset=\"https:\/\/blogsaverroes.juntadeandalucia.es\/ceipramonhernandez\/files\/2026\/04\/20260415_123100-scaled-360x360.jpg 360w, https:\/\/blogsaverroes.juntadeandalucia.es\/ceipramonhernandez\/files\/2026\/04\/20260415_123100-150x150.jpg 150w\" sizes=\"(max-width: 360px) 100vw, 360px\" \/><\/noscript>                                <\/a>\n                                                    <\/figure>\n                                                            \n                                    <div class=\"slide-content tb_text_wrap\">\n                                                                                <h3 class=\"slide-title\">\n                                                                        <a href=\"https:\/\/blogsaverroes.juntadeandalucia.es\/ceipramonhernandez\/un-cole-de-cuento-con-maricastana\/\"  \n                                            target=\"_blank\" rel=\"noopener\"                                           >\n                                           Un cole de cuento con MARICASTA\u00d1A                                        <\/a>\n                                                            <\/h3>\n                                                                                                        <time datetime=\"2026-04-15\" class=\"post-date\">15\/abril\/2026<\/time>\n                                                                                            <\/div>\n                            <\/div>\n\n        <\/div>\n        \n    \n        <\/div>\n    <\/div>\n<\/div>\n<!-- module buttons -->\n<div  class=\"module module-buttons tb_r1og377 buttons-horizontal solid  xlarge circle\" data-lazy=\"1\">\n        <div class=\"module-buttons-item tf_in_flx\">\n                        <a href=\"https:\/\/blogsaverroes.juntadeandalucia.es\/ceipramonhernandez\/blog\/\" class=\"ui builder_button tf_in_flx light-blue\" target=\"_blank\" rel=\"noopener\">\n                                                Pincha aqu\u00ed para verlas todas                                        <em><svg  class=\"tf_fa tf-fas-play\" aria-hidden=\"true\"><use href=\"#tf-fas-play\"><\/use><\/svg><\/em>                            <\/a>\n                <\/div>\n            <\/div>\n<!-- \/module buttons -->\n        <\/div>\n                        <\/div>\n        <\/div>\n                        <div  data-css_id=\"nw90198\" data-lazy=\"1\" class=\"module_row themify_builder_row fullwidth tb_nw90198 tf_w\">\n                        <div class=\"row_inner col_align_top tb_col_count_1 tf_box tf_rel\">\n                        <div  data-lazy=\"1\" class=\"module_column tb-column col-full tb_bn0w199 first\">\n                    <!-- module text -->\n<div  class=\"module module-text tb_nd7p200   \" data-lazy=\"1\">\n    <h3 class=\"module-title\">Calendario actividades, celebraciones, eventos del colegio<\/h3>    <div  class=\"tb_text_wrap\">\n        <p style=\"text-align: center\">&lt;<iframe loading=\"lazy\" src=\"https:\/\/calendar.google.com\/calendar\/embed?height=800&amp;wkst=2&amp;ctz=Europe%2FMadrid&amp;showPrint=0&amp;title=Eventos%20del%20colegio&amp;showCalendars=0&amp;showTz=0&amp;src=Y184cmw2Mm8xZzN1MGVjZnBocnFkcWg4ZnN2NEBncm91cC5jYWxlbmRhci5nb29nbGUuY29t&amp;color=%233F51B5\" width=\"1500\" height=\"800\" frameborder=\"0\" scrolling=\"no\"><\/iframe><\/p>\n    <\/div>\n<\/div>\n<!-- \/module text -->        <\/div>\n                        <\/div>\n        <\/div>\n                        <div  data-css_id=\"6gyp714\" data-lazy=\"1\" class=\"module_row themify_builder_row fullwidth tb_6gyp714 tf_w wow\" data-tf-animation=\"slideInRight\">\n                        <div class=\"row_inner col_align_top tb_col_count_1 tf_box tf_rel\">\n                        <div  data-lazy=\"1\" class=\"module_column tb-column col-full tb_z9lp714 first\">\n                            <div  data-lazy=\"1\" class=\"module_subrow themify_builder_sub_row tf_w col_align_middle col_auto_height tb_col_count_5 tb_sbw2714 hide-tablet hide-mobile\">\n                <div  data-lazy=\"1\" class=\"module_column sub_column col5-1 tb_s7op714 first\">\n                    <!-- module image -->\n<div  class=\"module module-image tb_ayy3714 image-overlay rounded drop-shadow  tf_mw\" data-lazy=\"1\">\n        <div class=\"image-wrap tf_rel tf_mw\">\n            <a href=\"https:\/\/blogsaverroes.juntadeandalucia.es\/ceipramonhernandez\/becas-para-alumnado-con-necesidades-especificas-de-apoyo-educativo-2025-26\/\" rel=\"noopener\" target=\"_blank\">\n                   <img loading=\"lazy\" decoding=\"async\" src=\"https:\/\/blogsaverroes.juntadeandalucia.es\/ceipramonhernandez\/files\/2025\/05\/image-352x291.png\" width=\"352\" height=\"291\" class=\"wp-post-image wp-image-36927\" title=\"Becas alumnado necesidades espec\u00edficas de apoyo educativo 2025-26\" alt=\"Becas alumnado necesidades espec\u00edficas de apoyo educativo 2025-26\">        <\/a>\n    \n    \n        <div class=\"image-content\">\n                    <h1 class=\"image-title\">\n                                    <a href=\"https:\/\/blogsaverroes.juntadeandalucia.es\/ceipramonhernandez\/becas-para-alumnado-con-necesidades-especificas-de-apoyo-educativo-2025-26\/\" rel=\"noopener\" target=\"_blank\">\n                        Becas alumnado necesidades espec\u00edficas de apoyo educativo 2025-26                    <\/a>\n                            <\/h1>\n                    <\/div>\n    <!-- \/image-content -->\n                <\/div>\n        <!-- \/image-wrap -->\n    <\/div>\n<!-- \/module image -->        <\/div>\n                    <div  data-lazy=\"1\" class=\"module_column sub_column col5-1 tb_ehil714\">\n                    <!-- module image -->\n<div  class=\"module module-image tb_gnfs923 image-overlay rounded drop-shadow  tf_mw\" data-lazy=\"1\">\n        <div class=\"image-wrap tf_rel tf_mw\">\n            <a href=\"https:\/\/blogsaverroes.juntadeandalucia.es\/ceipramonhernandez\/cruz\" rel=\"noopener\" target=\"_blank\">\n                   <img loading=\"lazy\" decoding=\"async\" src=\"https:\/\/blogsaverroes.juntadeandalucia.es\/ceipramonhernandez\/files\/2025\/05\/cruz-de-mayo-747152060-scaled-261x253.jpeg\" width=\"261\" height=\"253\" class=\"wp-post-image wp-image-36936\" title=\"Cruz de mayo solidaria\" alt=\"Cruz de mayo solidaria\">        <\/a>\n    \n    \n        <div class=\"image-content\">\n                    <h1 class=\"image-title\">\n                                    <a href=\"https:\/\/blogsaverroes.juntadeandalucia.es\/ceipramonhernandez\/cruz\" rel=\"noopener\" target=\"_blank\">\n                        Cruz de mayo solidaria                    <\/a>\n                            <\/h1>\n                    <\/div>\n    <!-- \/image-content -->\n                <\/div>\n        <!-- \/image-wrap -->\n    <\/div>\n<!-- \/module image -->        <\/div>\n                    <div  data-lazy=\"1\" class=\"module_column sub_column col5-1 tb_uver714\">\n                    <!-- module image -->\n<div  class=\"module module-image tb_0dq5714 image-overlay rounded drop-shadow  tf_mw\" data-lazy=\"1\">\n        <div class=\"image-wrap tf_rel tf_mw\">\n            <a href=\"https:\/\/blogsaverroes.juntadeandalucia.es\/ceipramonhernandez\/calendario-escolar\/\" rel=\"noopener\" target=\"_blank\">\n                   <img loading=\"lazy\" decoding=\"async\" src=\"https:\/\/blogsaverroes.juntadeandalucia.es\/ceipramonhernandez\/files\/2022\/07\/calendario-e1594685948420-352x291.png\" width=\"352\" height=\"291\" class=\"wp-post-image wp-image-22712\" title=\"Calendario escolar\" alt=\"Calendario escolar\" srcset=\"https:\/\/blogsaverroes.juntadeandalucia.es\/ceipramonhernandez\/files\/2022\/07\/calendario-e1594685948420-352x291.png 352w, https:\/\/blogsaverroes.juntadeandalucia.es\/ceipramonhernandez\/files\/2022\/07\/calendario-e1594685948420-300x248.png 300w, https:\/\/blogsaverroes.juntadeandalucia.es\/ceipramonhernandez\/files\/2022\/07\/calendario-e1594685948420-1024x848.png 1024w, https:\/\/blogsaverroes.juntadeandalucia.es\/ceipramonhernandez\/files\/2022\/07\/calendario-e1594685948420-768x636.png 768w, https:\/\/blogsaverroes.juntadeandalucia.es\/ceipramonhernandez\/files\/2022\/07\/calendario-e1594685948420-1536x1271.png 1536w, https:\/\/blogsaverroes.juntadeandalucia.es\/ceipramonhernandez\/files\/2022\/07\/calendario-e1594685948420-24x20.png 24w, https:\/\/blogsaverroes.juntadeandalucia.es\/ceipramonhernandez\/files\/2022\/07\/calendario-e1594685948420-36x30.png 36w, https:\/\/blogsaverroes.juntadeandalucia.es\/ceipramonhernandez\/files\/2022\/07\/calendario-e1594685948420-48x40.png 48w, https:\/\/blogsaverroes.juntadeandalucia.es\/ceipramonhernandez\/files\/2022\/07\/calendario-e1594685948420.png 1846w\" sizes=\"(max-width: 352px) 100vw, 352px\" \/>        <\/a>\n    \n    \n        <div class=\"image-content\">\n                    <h1 class=\"image-title\">\n                                    <a href=\"https:\/\/blogsaverroes.juntadeandalucia.es\/ceipramonhernandez\/calendario-escolar\/\" rel=\"noopener\" target=\"_blank\">\n                        Calendario escolar                    <\/a>\n                            <\/h1>\n                    <\/div>\n    <!-- \/image-content -->\n                <\/div>\n        <!-- \/image-wrap -->\n    <\/div>\n<!-- \/module image -->        <\/div>\n                    <div  data-lazy=\"1\" class=\"module_column sub_column col5-1 tb_g81f498\">\n                    <!-- module image -->\n<div  class=\"module module-image tb_4rjc840 image-overlay rounded drop-shadow  tf_mw\" data-lazy=\"1\">\n        <div class=\"image-wrap tf_rel tf_mw\">\n            <a href=\"https:\/\/blogsaverroes.juntadeandalucia.es\/ceipramonhernandez\/certamen\/\" rel=\"noopener\" target=\"_blank\">\n                   <img loading=\"lazy\" decoding=\"async\" src=\"https:\/\/blogsaverroes.juntadeandalucia.es\/ceipramonhernandez\/files\/2025\/05\/Certamen_2023_cartel-2616269784-352x291.jpg\" width=\"352\" height=\"291\" class=\"wp-post-image wp-image-36937\" title=\"Certamen Literario\" alt=\"Certamen Literario\">        <\/a>\n    \n    \n        <div class=\"image-content\">\n                    <h1 class=\"image-title\">\n                                    <a href=\"https:\/\/blogsaverroes.juntadeandalucia.es\/ceipramonhernandez\/certamen\/\" rel=\"noopener\" target=\"_blank\">\n                        Certamen Literario                    <\/a>\n                            <\/h1>\n                    <\/div>\n    <!-- \/image-content -->\n                <\/div>\n        <!-- \/image-wrap -->\n    <\/div>\n<!-- \/module image -->        <\/div>\n                    <div  data-lazy=\"1\" class=\"module_column sub_column col5-1 tb_es29498 last\">\n                    <!-- module image -->\n<div  class=\"module module-image tb_23bq714 image-overlay rounded drop-shadow  tf_mw\" data-lazy=\"1\">\n        <div class=\"image-wrap tf_rel tf_mw\">\n            <a href=\"https:\/\/blogsaverroes.juntadeandalucia.es\/ceipramonhernandez\/zona-de-familias\/\" rel=\"noopener\" target=\"_blank\">\n                   <img loading=\"lazy\" decoding=\"async\" src=\"https:\/\/blogsaverroes.juntadeandalucia.es\/ceipramonhernandez\/files\/2024\/10\/digcomp-2.2-1711622001-352x291.jpg\" width=\"352\" height=\"291\" class=\"wp-post-image wp-image-32738\" title=\"Marco de Competencias Digitales\" alt=\"Marco de Competencias Digitales\">        <\/a>\n    \n    \n        <div class=\"image-content\">\n                    <h1 class=\"image-title\">\n                                    <a href=\"https:\/\/blogsaverroes.juntadeandalucia.es\/ceipramonhernandez\/zona-de-familias\/\" rel=\"noopener\" target=\"_blank\">\n                        Marco de Competencias Digitales                    <\/a>\n                            <\/h1>\n                    <\/div>\n    <!-- \/image-content -->\n                <\/div>\n        <!-- \/image-wrap -->\n    <\/div>\n<!-- \/module image -->        <\/div>\n                    <\/div>\n                <\/div>\n                        <\/div>\n        <\/div>\n                        <div  data-css_id=\"55se984\" data-lazy=\"1\" class=\"module_row themify_builder_row fullwidth tb_55se984 tf_w\">\n                        <div class=\"row_inner col_align_top tb_col_count_1 tf_box tf_rel\">\n                        <div  data-lazy=\"1\" class=\"module_column tb-column col-full tb_ztfi984 first\">\n                    <!-- module text -->\n<div  class=\"module module-text tb_vm49985   \" data-lazy=\"1\">\n    <h3 class=\"module-title\">Ayuda con iPasen<\/h3>    <div  class=\"tb_text_wrap\">\n            <\/div>\n<\/div>\n<!-- \/module text -->        <div  data-lazy=\"1\" class=\"module_subrow themify_builder_sub_row tf_w col_align_middle gutter-narrow tb_col_count_3 tb_yxfi985\">\n                <div  data-lazy=\"1\" class=\"module_column sub_column col3-1 tb_mu93986 first\">\n                    <!-- module video -->\n<div  class=\"module module-video tb_ukay987 video-top  \" data-lazy=\"1\">\n            <h3 class=\"module-title\">Acceso por 1\u00aa vez<\/h3>        <div class=\"video-wrap-outer\">\n            <div class=\"video-wrap tf_rel tf_overflow\">\n                                    <noscript><iframe data-no-script src=\"https:\/\/www.youtube.com\/embed\/fSDqDClnrvA?pip=1&playsinline=1\" allow=\"accelerometer;encrypted-media;gyroscope;picture-in-picture;fullscreen\" class=\"tf_abs tf_w tf_h\"><\/iframe><\/noscript>\n                                <\/div>\n            <!-- \/video-wrap -->\n        <\/div>\n        <!-- \/video-wrap-outer -->\n            <\/div>\n        <\/div>\n                    <div  data-lazy=\"1\" class=\"module_column sub_column col3-1 tb_6ogh987\">\n                    <!-- module video -->\n<div  class=\"module module-video tb_n90w988 video-top  \" data-lazy=\"1\">\n            <h3 class=\"module-title\">Olvid\u00e9 la contrase\u00f1a<\/h3>        <div class=\"video-wrap-outer\">\n            <div class=\"video-wrap tf_rel tf_overflow\">\n                                    <noscript><iframe data-no-script src=\"https:\/\/www.youtube.com\/embed\/6ZK6-8Lk4Tc?pip=1&playsinline=1\" allow=\"accelerometer;encrypted-media;gyroscope;picture-in-picture;fullscreen\" class=\"tf_abs tf_w tf_h\"><\/iframe><\/noscript>\n                                <\/div>\n            <!-- \/video-wrap -->\n        <\/div>\n        <!-- \/video-wrap-outer -->\n            <\/div>\n        <\/div>\n                    <div  data-lazy=\"1\" class=\"module_column sub_column col3-1 tb_10u1987 last\">\n                    <!-- module video -->\n<div  class=\"module module-video tb_30y2988 video-top  \" data-lazy=\"1\">\n            <h3 class=\"module-title\">Encontrar la clave iANDE<\/h3>        <div class=\"video-wrap-outer\">\n            <div class=\"video-wrap tf_rel tf_overflow\">\n                                    <noscript><iframe data-no-script src=\"https:\/\/www.youtube.com\/embed\/sOmU9mkmL2g?pip=1&playsinline=1\" allow=\"accelerometer;encrypted-media;gyroscope;picture-in-picture;fullscreen\" class=\"tf_abs tf_w tf_h\"><\/iframe><\/noscript>\n                                <\/div>\n            <!-- \/video-wrap -->\n        <\/div>\n        <!-- \/video-wrap-outer -->\n            <\/div>\n        <\/div>\n                    <\/div>\n                <div  data-lazy=\"1\" class=\"module_subrow themify_builder_sub_row tf_w col_align_middle gutter-narrow tb_col_count_3 tb_xf58489\">\n                <div  data-lazy=\"1\" class=\"module_column sub_column col3-1 tb_qxoz489 first\">\n                    <!-- module video -->\n<div  class=\"module module-video tb_nuez231 video-top  \" data-lazy=\"1\">\n            <h3 class=\"module-title\">Descarga de bonificaciones  definitivas del punto de recogida<\/h3>        <div class=\"video-wrap-outer\">\n            <div class=\"video-wrap tf_rel tf_overflow\">\n                                    <noscript><iframe data-no-script src=\"https:\/\/www.youtube.com\/embed\/zc1MRayKdvg?pip=1&playsinline=1\" allow=\"accelerometer;encrypted-media;gyroscope;picture-in-picture;fullscreen\" class=\"tf_abs tf_w tf_h\"><\/iframe><\/noscript>\n                                <\/div>\n            <!-- \/video-wrap -->\n        <\/div>\n        <!-- \/video-wrap-outer -->\n            <\/div>\n        <\/div>\n                    <div  data-lazy=\"1\" class=\"module_column sub_column col3-1 tb_phhl490\">\n                    <!-- module video -->\n<div  class=\"module module-video tb_stbo989 video-top  \" data-lazy=\"1\">\n            <h3 class=\"module-title\">Descarga cheque libro<\/h3>        <div class=\"video-wrap-outer\">\n            <div class=\"video-wrap tf_rel tf_overflow\">\n                                    <noscript><iframe data-no-script src=\"https:\/\/www.youtube.com\/embed\/0f9G8-iUCQc?pip=1&playsinline=1\" allow=\"accelerometer;encrypted-media;gyroscope;picture-in-picture;fullscreen\" class=\"tf_abs tf_w tf_h\"><\/iframe><\/noscript>\n                                <\/div>\n            <!-- \/video-wrap -->\n        <\/div>\n        <!-- \/video-wrap-outer -->\n            <\/div>\n        <\/div>\n                    <div  data-lazy=\"1\" class=\"module_column sub_column col3-1 tb_nvbz490 last\">\n                    <!-- module video -->\n<div  class=\"module module-video tb_v4y7986 video-top  \" data-lazy=\"1\">\n            <h3 class=\"module-title\">Pedir tutor\u00eda desde iPasen<\/h3>        <div class=\"video-wrap-outer\">\n            <div class=\"video-wrap tf_rel tf_overflow\">\n                                    <noscript><iframe data-no-script src=\"https:\/\/www.youtube.com\/embed\/WRvJEhelN0Y?pip=1&playsinline=1&feature=shared\" allow=\"accelerometer;encrypted-media;gyroscope;picture-in-picture;fullscreen\" class=\"tf_abs tf_w tf_h\"><\/iframe><\/noscript>\n                                <\/div>\n            <!-- \/video-wrap -->\n        <\/div>\n        <!-- \/video-wrap-outer -->\n            <\/div>\n        <\/div>\n                    <\/div>\n                <div  data-lazy=\"1\" class=\"module_subrow themify_builder_sub_row tf_w col_align_middle gutter-narrow tb_col_count_3 tb_6hv2231\">\n                <div  data-lazy=\"1\" class=\"module_column sub_column col3-1 tb_vlz4231 first\">\n                            <\/div>\n                    <div  data-lazy=\"1\" class=\"module_column sub_column col3-1 tb_401l231\">\n                    <!-- module text -->\n<div  class=\"module module-text tb_2ru8948   \" data-lazy=\"1\">\n    <h3 class=\"module-title\">Ver calificaciones en el punto de recogida<\/h3>    <div  class=\"tb_text_wrap\">\n        <p style=\"text-align: center\"><iframe loading=\"lazy\" src=\"https:\/\/drive.google.com\/file\/d\/1xYzkwwMHkSMcQMIfcA65TIeeDTvqxJcQ\/preview\" width=\"300\" height=\"600\"><\/iframe><\/p>    <\/div>\n<\/div>\n<!-- \/module text -->        <\/div>\n                    <div  data-lazy=\"1\" class=\"module_column sub_column col3-1 tb_h1a6231 last\">\n                            <\/div>\n                    <\/div>\n                <\/div>\n                        <\/div>\n        <\/div>\n        <\/div>\n<!--\/themify_builder_content-->","protected":false},"excerpt":{"rendered":"<p>Web oficial delCEIP Ram\u00f3n Hern\u00e1ndez Mart\u00ednez Ca\u00f1ete de las Torres (C\u00f3rdoba) ADMISI\u00d3N (1 al 31 de marzo) MATRICULACI\u00d3N (1-9 de junio) BONIFICACIONES (1-8 de septiembre) PROXIMAMENTE INFORMACI\u00d3N IMPORTANTE: ADMISI\u00d3N Del 1 al 31\u00a0de marzo El proceso de ADMISI\u00d3N es para: l@s alumn@s que el pr\u00f3ximo a\u00f1o empiecen infantil de 3 a\u00f1os l@s alumn@s que vengan [&hellip;]<\/p>\n","protected":false},"author":5362,"featured_media":0,"parent":0,"menu_order":0,"comment_status":"closed","ping_status":"closed","template":"","meta":{"ngg_post_thumbnail":0,"footnotes":""},"aioseo_notices":[],"_links":{"self":[{"href":"https:\/\/blogsaverroes.juntadeandalucia.es\/ceipramonhernandez\/wp-json\/wp\/v2\/pages\/22417"}],"collection":[{"href":"https:\/\/blogsaverroes.juntadeandalucia.es\/ceipramonhernandez\/wp-json\/wp\/v2\/pages"}],"about":[{"href":"https:\/\/blogsaverroes.juntadeandalucia.es\/ceipramonhernandez\/wp-json\/wp\/v2\/types\/page"}],"author":[{"embeddable":true,"href":"https:\/\/blogsaverroes.juntadeandalucia.es\/ceipramonhernandez\/wp-json\/wp\/v2\/users\/5362"}],"replies":[{"embeddable":true,"href":"https:\/\/blogsaverroes.juntadeandalucia.es\/ceipramonhernandez\/wp-json\/wp\/v2\/comments?post=22417"}],"version-history":[{"count":1009,"href":"https:\/\/blogsaverroes.juntadeandalucia.es\/ceipramonhernandez\/wp-json\/wp\/v2\/pages\/22417\/revisions"}],"predecessor-version":[{"id":43430,"href":"https:\/\/blogsaverroes.juntadeandalucia.es\/ceipramonhernandez\/wp-json\/wp\/v2\/pages\/22417\/revisions\/43430"}],"wp:attachment":[{"href":"https:\/\/blogsaverroes.juntadeandalucia.es\/ceipramonhernandez\/wp-json\/wp\/v2\/media?parent=22417"}],"curies":[{"name":"wp","href":"https:\/\/api.w.org\/{rel}","templated":true}]}}