{"id":15920,"date":"2025-07-02T09:41:20","date_gmt":"2025-07-02T08:41:20","guid":{"rendered":"https:\/\/blogsaverroes.juntadeandalucia.es\/ceipreinafabiola\/?page_id=15920"},"modified":"2025-08-31T11:41:11","modified_gmt":"2025-08-31T10:41:11","slug":"ampa","status":"publish","type":"page","link":"https:\/\/blogsaverroes.juntadeandalucia.es\/ceipreinafabiola\/ampa\/","title":{"rendered":"AMPA"},"content":{"rendered":"<p>[et_pb_section fb_built=&#8221;1&#8243; _builder_version=&#8221;4.24.2&#8243; _module_preset=&#8221;default&#8221; global_colors_info=&#8221;{}&#8221;][et_pb_row _builder_version=&#8221;4.24.2&#8243; _module_preset=&#8221;default&#8221; global_colors_info=&#8221;{}&#8221;][et_pb_column type=&#8221;4_4&#8243; _builder_version=&#8221;4.24.2&#8243; _module_preset=&#8221;default&#8221; global_colors_info=&#8221;{}&#8221;][et_pb_image src=&#8221;https:\/\/blogsaverroes.juntadeandalucia.es\/ceipreinafabiola\/files\/2025\/05\/AMPA-2025.jpeg&#8221; title_text=&#8221;AMPA 2025&#8243; _builder_version=&#8221;4.24.2&#8243; _module_preset=&#8221;default&#8221; global_colors_info=&#8221;{}&#8221;][\/et_pb_image][et_pb_tabs _builder_version=&#8221;4.24.2&#8243; _module_preset=&#8221;default&#8221; hover_enabled=&#8221;0&#8243; global_colors_info=&#8221;{}&#8221; sticky_enabled=&#8221;0&#8243;][et_pb_tab title=&#8221;\u00bfQu\u00e9 es el AMPA?&#8221; _builder_version=&#8221;4.24.2&#8243; _module_preset=&#8221;default&#8221; global_colors_info=&#8221;{}&#8221;]<\/p>\n<p>El <strong>AMPA<\/strong> es una asociaci\u00f3n sin \u00e1nimo de lucro que formada por los padres y madres de todo el alumnado del Colegio.<\/p>\n<p style=\"text-align: justify\">Es un punto de encuentro y de trabajo independiente, abierto y plural.<\/p>\n<p style=\"text-align: justify\">Desde el AMPA podemos contribuir a la mejora de la calidad de la educaci\u00f3n, la convivencia del centro y de las instalaciones.<\/p>\n<h3 style=\"text-align: justify\">\u00bfpor qu\u00e9 es importante vuestra participaci\u00f3n?<\/h3>\n<p style=\"text-align: justify\">En el colegio existen espacios de participaci\u00f3n, siendo el AMPA &nbsp;el \u00fanico espacio de participaci\u00f3n aut\u00f3nomo de padres y madres. El AMPA es importante porque:<\/p>\n<ul style=\"text-align: justify\">\n<li>Somos corresponsables de la educaci\u00f3n que nuestros hijos\/as reciben en el colegio.<\/li>\n<li>Es un espacio para aportar iniciativas y trabajar con la direcci\u00f3n del Centro, sin depender de esta.<\/li>\n<\/ul>\n<h3 style=\"text-align: justify\">\u00bfc\u00f3mo puedes participar?<\/h3>\n<p style=\"text-align: justify\">Participar en el AMPA es muy f\u00e1cil y cada uno decide el nivel de implicaci\u00f3n.<\/p>\n<ul style=\"text-align: justify\">\n<li>Podemos asociarnos en cualquier momento (la cuota es por familia no por ni\u00f1o\/a).<\/li>\n<li>Podemos tambi\u00e9n participar a trav\u00e9s de las asambleas, incorpor\u00e1ndote a las reuniones&nbsp;abiertas que se convoquen.<\/li>\n<li>Podemos colaborar en los diferentes grupos de trabajo o&nbsp;en actividades puntuales que se organizan desde el AMPA a lo largo del curso.<\/li>\n<li>Podemos proponer iniciativas, plantear temas de debate, organizar actividades, etc., &nbsp;dirigi\u00e9ndote a cualquier miembro de la junta directiva o a trav\u00e9s del facebook.<\/li>\n<\/ul>\n<p style=\"text-align: justify\">Como ves, hay muchas formas de participar y es muy importante que m\u00e1s padres y madres pasemos a la participa-ACCI\u00d3N,&nbsp;&nbsp;de forma activa y colectiva.<\/p>\n<h3 style=\"text-align: justify\">\u00bfpara qu\u00e9 sirve?<\/h3>\n<ul style=\"text-align: justify\">\n<li>Para defender y velar por el derecho a una educaci\u00f3n de calidad, democr\u00e1tica, atendiendo a las necesidades de todos los ni\u00f1os\/as &nbsp;y cr\u00edtica.<\/li>\n<li>Para promover la participaci\u00f3n de padres y madres en la vida del centro, defendiendo los intereses del alumnado y de toda la comunidad educativa.<\/li>\n<li>Para buscar soluciones de forma colectiva a temas relacionados con la ense\u00f1anza y educaci\u00f3n de nuestros hijos\/as.<\/li>\n<li>Para crear espacios de encuentro y trabajo en el resto de la comunidad educativa y con el entorno.<\/li>\n<li>Para crear espacios de reflexi\u00f3n y participaci\u00f3n compartida sobre la educaci\u00f3n de nuestros hijos\/as<\/li>\n<\/ul>\n<h3 style=\"text-align: justify\">\u00bfc\u00f3mo se financia?<\/h3>\n<p style=\"text-align: justify\">El AMPA &nbsp;se financia a trav\u00e9s de las cuotas de socios\/as.<br \/>La cuota de socios\/as es el \u00fanico pago que realizan las familias y que gestiona el AMPA para el beneficio exclusivo de la comunidad educativa y en definitiva de la educaci\u00f3n que reciben nuestros hijos\/as en el centro.<\/p>\n<p style=\"text-align: justify\">&nbsp;<\/p>\n<p>[\/et_pb_tab][et_pb_tab title=&#8221;Organigrama&#8221; _builder_version=&#8221;4.24.2&#8243; _module_preset=&#8221;default&#8221; global_colors_info=&#8221;{}&#8221;]<\/p>\n<p style=\"text-align: justify\">&nbsp;<\/p>\n<table style=\"background-color: #ffffff\">\n<tbody>\n<tr style=\"background-color: #083e6d;border-color: #ffffff\">\n<td colspan=\"2\">\n<h4><span style=\"color: #ffffff\">JUNTA DIRECTIVA<\/span><\/h4>\n<\/td>\n<\/tr>\n<tr style=\"border-color: #ffffff\">\n<td style=\"border-color: #ffffff;vertical-align: top\">\n<h5 style=\"text-align: center\"><strong>PRESIDENTE<\/strong><\/h5>\n<h4 style=\"text-align: center\">Daniel Barea Naranjo<\/h4>\n<\/td>\n<td style=\"border-color: #ffffff;vertical-align: top\">\n<h5 style=\"text-align: center\"><strong>VICEPRESIDENTA<\/strong><\/h5>\n<h4 style=\"text-align: center\">Isabel S\u00e1nchez Llamas<\/h4>\n<\/td>\n<\/tr>\n<tr style=\"border-color: #ffffff\">\n<td style=\"border-color: #ffffff;vertical-align: top\">\n<h5 style=\"text-align: center\"><strong>TESORERA<\/strong><\/h5>\n<h4 style=\"text-align: center\">Joana Montufo Gonz\u00e1lez<\/h4>\n<\/td>\n<td style=\"border-color: #ffffff;vertical-align: top\">\n<h5 style=\"text-align: center\"><strong>VICETESORERA<\/strong><\/h5>\n<h4 style=\"text-align: center\">&nbsp;Mar\u00eda Bellido Mula<\/h4>\n<\/td>\n<\/tr>\n<tr style=\"border-color: #ffffff\">\n<td style=\"border-color: #ffffff;vertical-align: top\">\n<h5 style=\"text-align: center\"><strong>SECRETARIA<\/strong><\/h5>\n<h4 style=\"text-align: center\">Isabel M\u00aa Moreno Nieto<\/h4>\n<\/td>\n<td style=\"border-color: #ffffff;vertical-align: top\">\n<h5 style=\"text-align: center\"><strong>VICESECRETARIA<\/strong><\/h5>\n<h4 style=\"text-align: center\">M\u00aa Elisabeth Moreno Gonz\u00e1lez<\/h4>\n<\/td>\n<\/tr>\n<tr style=\"border-color: #ffffff\">\n<td style=\"border-color: #ffffff;vertical-align: top\" colspan=\"2\">\n<h5 style=\"text-align: center\"><strong>VOCALES<\/strong><\/h5>\n<\/td>\n<\/tr>\n<tr style=\"border-color: #ffffff\">\n<td style=\"border-color: #ffffff;vertical-align: top;text-align: center\">\n<h4>Desir\u00e9 Recio Montes<\/h4>\n<h4>Alicia Romero Ord\u00f3\u00f1ez<\/h4>\n<\/td>\n<td style=\"border-color: #ffffff;vertical-align: top;text-align: center\">\n<h4>M\u00aa Jos\u00e9 Nieto Rueda<\/h4>\n<h4>Pilar Olivero Moreno<\/h4>\n<\/td>\n<\/tr>\n<\/tbody>\n<\/table>\n<p>&nbsp;<\/p>\n<p>[\/et_pb_tab][et_pb_tab title=&#8221;Contacto&#8221; _builder_version=&#8221;4.24.2&#8243; _module_preset=&#8221;default&#8221; hover_enabled=&#8221;0&#8243; global_colors_info=&#8221;{}&#8221; sticky_enabled=&#8221;0&#8243;]<\/p>\n<p>&nbsp;<\/p>\n<table style=\"border-color: #ffffff\">\n<tbody>\n<tr style=\"border-color: #ffffff\">\n<td style=\"border-color: #ffffff;text-align: center\"><img loading=\"lazy\" decoding=\"async\" class=\"aligncenter size-thumbnail wp-image-5378\" src=\"http:\/\/blogsaverroes.juntadeandalucia.es\/ceipreinafabiola\/files\/2015\/03\/horario1-150x150.jpg\" alt=\"horario\" width=\"150\" height=\"150\" srcset=\"https:\/\/blogsaverroes.juntadeandalucia.es\/ceipreinafabiola\/files\/2015\/03\/horario1-150x150.jpg 150w, https:\/\/blogsaverroes.juntadeandalucia.es\/ceipreinafabiola\/files\/2015\/03\/horario1.jpg 300w\" sizes=\"(max-width: 150px) 100vw, 150px\" \/><strong>Horario de Atenci\u00f3n<\/strong><\/td>\n<td style=\"border-color: #ffffff;text-align: center\"><a href=\"mailto:ampareinafabiola@hotmail.com\" target=\"_blank\" rel=\"noopener noreferrer\"><img loading=\"lazy\" decoding=\"async\" class=\"aligncenter wp-image-5376 size-thumbnail\" src=\"http:\/\/blogsaverroes.juntadeandalucia.es\/ceipreinafabiola\/files\/2015\/03\/correo-electronico-150x150.jpg\" alt=\"correo-electronico\" width=\"150\" height=\"150\" srcset=\"https:\/\/blogsaverroes.juntadeandalucia.es\/ceipreinafabiola\/files\/2015\/03\/correo-electronico-150x150.jpg 150w, https:\/\/blogsaverroes.juntadeandalucia.es\/ceipreinafabiola\/files\/2015\/03\/correo-electronico.jpg 300w\" sizes=\"(max-width: 150px) 100vw, 150px\" \/><\/a><strong>Correo electr\u00f3nico<\/strong><\/td>\n<td style=\"border-color: #ffffff;text-align: center\"><div id=\"attachment_16111\" style=\"width: 160px\" class=\"wp-caption aligncenter\"><img loading=\"lazy\" decoding=\"async\" aria-describedby=\"caption-attachment-16111\" class=\"wp-image-16111 size-thumbnail\" title=\"https:\/\/www.facebook.com\/groups\/ampareinafabiola\/\" src=\"https:\/\/blogsaverroes.juntadeandalucia.es\/ceipreinafabiola\/files\/2025\/08\/facebook-150x150.png\" alt=\"Facebook\" width=\"150\" height=\"150\" srcset=\"https:\/\/blogsaverroes.juntadeandalucia.es\/ceipreinafabiola\/files\/2025\/08\/facebook-150x150.png 150w, https:\/\/blogsaverroes.juntadeandalucia.es\/ceipreinafabiola\/files\/2025\/08\/facebook.png 225w\" sizes=\"(max-width: 150px) 100vw, 150px\" \/><p id=\"caption-attachment-16111\" class=\"wp-caption-text\">Facebook<\/p><\/div><\/td>\n<\/tr>\n<tr>\n<td style=\"border-color: #ffffff;text-align: center\">MI\u00c9RCOLES de 9:00 a 10:00 h.<\/td>\n<td style=\"border-color: #ffffff;text-align: center\"><span style=\"font-size: 12pt\"><a href=\"mailto:ampareinafabiola@hotmail.com\" target=\"_blank\" rel=\"noopener noreferrer\">ampareinafabiola@hotmail.com<\/a><\/span><\/td>\n<td style=\"border-color: #ffffff;text-align: center\"><span style=\"font-size: 12pt\"><a href=\"https:\/\/www.facebook.com\/groups\/ampareinafabiola\/\" target=\"_blank\" rel=\"noopener noreferrer\">AMPA CEIP Reina Fabiola<\/a><\/span><\/td>\n<\/tr>\n<\/tbody>\n<\/table>\n<p>&nbsp;<\/p>\n<p>[\/et_pb_tab][\/et_pb_tabs][\/et_pb_column][\/et_pb_row][\/et_pb_section]<\/p>\n","protected":false},"excerpt":{"rendered":"<p>El AMPA es una asociaci\u00f3n sin \u00e1nimo de lucro que formada por los padres y madres de todo el alumnado del Colegio. Es un punto de encuentro y de trabajo independiente, abierto y plural. Desde el AMPA podemos contribuir a la mejora de la calidad de la educaci\u00f3n, la convivencia del centro y de las [&hellip;]<\/p>\n","protected":false},"author":4543,"featured_media":0,"parent":0,"menu_order":0,"comment_status":"closed","ping_status":"closed","template":"","meta":{"_et_pb_use_builder":"on","_et_pb_old_content":"","_et_gb_content_width":"","ngg_post_thumbnail":0,"footnotes":""},"aioseo_notices":[],"_links":{"self":[{"href":"https:\/\/blogsaverroes.juntadeandalucia.es\/ceipreinafabiola\/wp-json\/wp\/v2\/pages\/15920"}],"collection":[{"href":"https:\/\/blogsaverroes.juntadeandalucia.es\/ceipreinafabiola\/wp-json\/wp\/v2\/pages"}],"about":[{"href":"https:\/\/blogsaverroes.juntadeandalucia.es\/ceipreinafabiola\/wp-json\/wp\/v2\/types\/page"}],"author":[{"embeddable":true,"href":"https:\/\/blogsaverroes.juntadeandalucia.es\/ceipreinafabiola\/wp-json\/wp\/v2\/users\/4543"}],"replies":[{"embeddable":true,"href":"https:\/\/blogsaverroes.juntadeandalucia.es\/ceipreinafabiola\/wp-json\/wp\/v2\/comments?post=15920"}],"version-history":[{"count":5,"href":"https:\/\/blogsaverroes.juntadeandalucia.es\/ceipreinafabiola\/wp-json\/wp\/v2\/pages\/15920\/revisions"}],"predecessor-version":[{"id":16112,"href":"https:\/\/blogsaverroes.juntadeandalucia.es\/ceipreinafabiola\/wp-json\/wp\/v2\/pages\/15920\/revisions\/16112"}],"wp:attachment":[{"href":"https:\/\/blogsaverroes.juntadeandalucia.es\/ceipreinafabiola\/wp-json\/wp\/v2\/media?parent=15920"}],"curies":[{"name":"wp","href":"https:\/\/api.w.org\/{rel}","templated":true}]}}