{"id":4649,"date":"2016-12-30T13:52:45","date_gmt":"2016-12-30T12:52:45","guid":{"rendered":"http:\/\/blogsaverroes.juntadeandalucia.es\/ceipreinafabiola\/?page_id=4649"},"modified":"2025-09-03T18:37:52","modified_gmt":"2025-09-03T17:37:52","slug":"comunidad-educativa","status":"publish","type":"page","link":"https:\/\/blogsaverroes.juntadeandalucia.es\/ceipreinafabiola\/comunidad-educativa\/","title":{"rendered":"Comunidad Educativa"},"content":{"rendered":"<h5 style=\"text-align: justify\">La importante labor de la comunidad educativa se hace necesaria para un buen funcionamiento de nuestro centro: Consejo Escolar, AMPA, Ayuntamiento, delegados de padres&#8230; son necesarios para la mejora continua.<\/h5>\n<p>&nbsp;<\/p>\n<h3><strong>Consejo Escolar<img loading=\"lazy\" decoding=\"async\" class=\"alignright wp-image-4855 size-medium\" src=\"https:\/\/blogsaverroes.juntadeandalucia.es\/ceipreinafabiola\/files\/2016\/12\/banner_consejo_escolar-300x117.jpg\" alt=\"banner_consejo_escolar\" width=\"300\" height=\"117\" srcset=\"https:\/\/blogsaverroes.juntadeandalucia.es\/ceipreinafabiola\/files\/2016\/12\/banner_consejo_escolar-300x117.jpg 300w, https:\/\/blogsaverroes.juntadeandalucia.es\/ceipreinafabiola\/files\/2016\/12\/banner_consejo_escolar.jpg 378w\" sizes=\"(max-width: 300px) 100vw, 300px\" \/><\/strong><\/h3>\n<ul>\n<li style=\"text-align: justify\"><strong>Director:<\/strong> Jos\u00e9 Antonio Mu\u00f1oz Torres<\/li>\n<li style=\"text-align: justify\"><strong>Jefa de Estudios:<\/strong> Vega Cris\u00f3stomo Acevedo<\/li>\n<li style=\"text-align: justify\"><strong>Secretaria:<\/strong> Alicia G\u00f3mez M\u00e1rquez<\/li>\n<li style=\"text-align: justify\"><strong>Representante AMPA:<\/strong> Daniel Barea Naranjo<\/li>\n<li style=\"text-align: justify\"><strong>Representantes padres\/madres:<\/strong> Roc\u00edo Belda D\u00edaz, Mar\u00eda Bellido Mula, Mar\u00eda del \u00c1guila Gir\u00e1ldez Guti\u00e9rrez, Isabel Mar\u00eda Moreno Nieto, Alicia Romero Ord\u00f3\u00f1ez y Isabel S\u00e1nchez Llamas.<\/li>\n<li style=\"text-align: justify\"><strong>Representantes profesorado: <\/strong>Roc\u00edo Ant\u00f3n Bellido, M\u00aa Jos\u00e9 Cobacho Jim\u00e9nez, F\u00e1tima Delgado Moyano, M\u00aa Carmen Garc\u00eda Luque, Macarena Pedregal Gamboa y Jer\u00f3nimo Sayago Prieto.<\/li>\n<li><strong>Representante PAS:<\/strong> Montserrat Calzada Canalejo.<\/li>\n<li><strong>Representante Ayuntamiento: <\/strong>Jes\u00fas Donoso Mej\u00edas.<\/li>\n<\/ul>\n<p>&nbsp;<\/p>\n<p>&nbsp;<\/p>\n<h3><strong>Documentos de Inter\u00e9s para las familias<\/strong><\/h3>\n<p>\u200b<\/p>\n<table class=\"mceItemTable\" style=\"border-color: #ffffff;width: 94.9622%;height: 184px\" border=\"0\">\n<tbody>\n<tr style=\"border-color: #ffffff\">\n<td class=\"mceSelected\" style=\"border-color: #ffffff;text-align: center;width: 27.8449%;height: 184px\">\n<p><div id=\"attachment_13096\" style=\"width: 198px\" class=\"wp-caption aligncenter\"><a href=\"https:\/\/www.youtube.com\/playlist?list=PLQUwUJU9roNOMAlMD5cB982D_mbsPSGUQ\" target=\"_blank\" rel=\"noopener noreferrer\"><img loading=\"lazy\" decoding=\"async\" aria-describedby=\"caption-attachment-13096\" class=\"wp-image-13096\" src=\"https:\/\/blogsaverroes.juntadeandalucia.es\/ceipreinafabiola\/files\/2020\/02\/Ipasen.jpg\" alt=\"\" width=\"188\" height=\"125\" srcset=\"https:\/\/blogsaverroes.juntadeandalucia.es\/ceipreinafabiola\/files\/2020\/02\/Ipasen.jpg 450w, https:\/\/blogsaverroes.juntadeandalucia.es\/ceipreinafabiola\/files\/2020\/02\/Ipasen-300x200.jpg 300w\" sizes=\"(max-width: 188px) 100vw, 188px\" \/><\/a><p id=\"caption-attachment-13096\" class=\"wp-caption-text\">C\u00f3mo utilizar iPasen<\/p><\/div><\/td>\n<td class=\"mceSelected\" style=\"border-color: #ffffff;text-align: center;width: 26.6568%;height: 184px\">\n<div id=\"attachment_16128\" style=\"width: 216px\" class=\"wp-caption aligncenter\"><a href=\"https:\/\/www.juntadeandalucia.es\/educacion\/portals\/web\/escuela-familias\" target=\"_blank\" rel=\"noopener\"><img loading=\"lazy\" decoding=\"async\" aria-describedby=\"caption-attachment-16128\" class=\"wp-image-16128\" src=\"https:\/\/blogsaverroes.juntadeandalucia.es\/ceipreinafabiola\/files\/2025\/09\/escuela-de-familias.png\" alt=\"Escuela de familias\" width=\"206\" height=\"131\" srcset=\"https:\/\/blogsaverroes.juntadeandalucia.es\/ceipreinafabiola\/files\/2025\/09\/escuela-de-familias.png 318w, https:\/\/blogsaverroes.juntadeandalucia.es\/ceipreinafabiola\/files\/2025\/09\/escuela-de-familias-300x191.png 300w\" sizes=\"(max-width: 206px) 100vw, 206px\" \/><\/a><p id=\"caption-attachment-16128\" class=\"wp-caption-text\">Escuela de familias<\/p><\/div>\n<p>&nbsp;<\/td>\n<td style=\"border-color: #ffffff;text-align: center;width: 31.2742%;height: 184px\">\n<p><div id=\"attachment_10710\" style=\"width: 198px\" class=\"wp-caption aligncenter\"><a href=\"https:\/\/blogsaverroes.juntadeandalucia.es\/ceipreinafabiola\/comunidad-educativa\/campana-contra-la-pediculosis\/\"><img loading=\"lazy\" decoding=\"async\" aria-describedby=\"caption-attachment-10710\" class=\"wp-image-10710\" src=\"https:\/\/blogsaverroes.juntadeandalucia.es\/ceipreinafabiola\/files\/2016\/12\/como-prevenir-los-piojos.jpg\" alt=\"pediculosis\" width=\"188\" height=\"125\" srcset=\"https:\/\/blogsaverroes.juntadeandalucia.es\/ceipreinafabiola\/files\/2016\/12\/como-prevenir-los-piojos.jpg 450w, https:\/\/blogsaverroes.juntadeandalucia.es\/ceipreinafabiola\/files\/2016\/12\/como-prevenir-los-piojos-300x200.jpg 300w\" sizes=\"(max-width: 188px) 100vw, 188px\" \/><\/a><p id=\"caption-attachment-10710\" class=\"wp-caption-text\">Pediculosis<\/p><\/div><\/td>\n<\/tr>\n<\/tbody>\n<\/table>\n<p>&nbsp;<\/p>\n","protected":false},"excerpt":{"rendered":"<p>La importante labor de la comunidad educativa se hace necesaria para un buen funcionamiento de nuestro centro: Consejo Escolar, AMPA, Ayuntamiento, delegados de padres&#8230; son necesarios para la mejora continua. &nbsp; Consejo Escolar Director: Jos\u00e9 Antonio Mu\u00f1oz Torres Jefa de Estudios: Vega Cris\u00f3stomo Acevedo Secretaria: Alicia G\u00f3mez M\u00e1rquez Representante AMPA: Daniel Barea Naranjo Representantes padres\/madres: [&hellip;]<\/p>\n","protected":false},"author":4543,"featured_media":0,"parent":0,"menu_order":0,"comment_status":"closed","ping_status":"open","template":"","meta":{"_et_pb_use_builder":"","_et_pb_old_content":"","_et_gb_content_width":"","ngg_post_thumbnail":0,"footnotes":""},"aioseo_notices":[],"_links":{"self":[{"href":"https:\/\/blogsaverroes.juntadeandalucia.es\/ceipreinafabiola\/wp-json\/wp\/v2\/pages\/4649"}],"collection":[{"href":"https:\/\/blogsaverroes.juntadeandalucia.es\/ceipreinafabiola\/wp-json\/wp\/v2\/pages"}],"about":[{"href":"https:\/\/blogsaverroes.juntadeandalucia.es\/ceipreinafabiola\/wp-json\/wp\/v2\/types\/page"}],"author":[{"embeddable":true,"href":"https:\/\/blogsaverroes.juntadeandalucia.es\/ceipreinafabiola\/wp-json\/wp\/v2\/users\/4543"}],"replies":[{"embeddable":true,"href":"https:\/\/blogsaverroes.juntadeandalucia.es\/ceipreinafabiola\/wp-json\/wp\/v2\/comments?post=4649"}],"version-history":[{"count":5,"href":"https:\/\/blogsaverroes.juntadeandalucia.es\/ceipreinafabiola\/wp-json\/wp\/v2\/pages\/4649\/revisions"}],"predecessor-version":[{"id":16129,"href":"https:\/\/blogsaverroes.juntadeandalucia.es\/ceipreinafabiola\/wp-json\/wp\/v2\/pages\/4649\/revisions\/16129"}],"wp:attachment":[{"href":"https:\/\/blogsaverroes.juntadeandalucia.es\/ceipreinafabiola\/wp-json\/wp\/v2\/media?parent=4649"}],"curies":[{"name":"wp","href":"https:\/\/api.w.org\/{rel}","templated":true}]}}