{"id":5109,"date":"2017-01-04T22:48:26","date_gmt":"2017-01-04T21:48:26","guid":{"rendered":"http:\/\/blogsaverroes.juntadeandalucia.es\/ceipreinafabiola\/?page_id=5109"},"modified":"2025-09-22T16:12:37","modified_gmt":"2025-09-22T15:12:37","slug":"calendario-escolar-2","status":"publish","type":"page","link":"https:\/\/blogsaverroes.juntadeandalucia.es\/ceipreinafabiola\/calendario-escolar-2\/","title":{"rendered":"Calendario escolar"},"content":{"rendered":"<p style=\"text-align: justify\"><img loading=\"lazy\" decoding=\"async\" class=\"aligncenter size-full wp-image-10665\" src=\"https:\/\/blogsaverroes.juntadeandalucia.es\/ceipreinafabiola\/files\/2017\/01\/icono-calendario.jpg\" alt=\"\" width=\"256\" height=\"256\" srcset=\"https:\/\/blogsaverroes.juntadeandalucia.es\/ceipreinafabiola\/files\/2017\/01\/icono-calendario.jpg 256w, https:\/\/blogsaverroes.juntadeandalucia.es\/ceipreinafabiola\/files\/2017\/01\/icono-calendario-150x150.jpg 150w\" sizes=\"(max-width: 256px) 100vw, 256px\" \/>Conforme a lo dispuesto en la Resoluci\u00f3n de la Delegaci\u00f3n Territorial de la Consejer\u00eda de Educaci\u00f3n de Sevilla, por la que se dictan las normas que han de regir el Calendario Escolar para el Curso 2025-2026, los d\u00edas de libre disposici\u00f3n aprobados por el Consejo Escolar Municipal ser\u00e1n los siguientes:<\/p>\n<ul style=\"text-align: justify\">\n<li><strong>2 de marzo<\/strong> (Puente D\u00eda de Andaluc\u00eda)<\/li>\n<li><strong>4 de junio<\/strong> (Feria de Alcal\u00e1)<\/li>\n<\/ul>\n<p>&nbsp;<\/p>\n<p style=\"text-align: justify\">Asimismo, los d\u00edas de fiesta local para este curso son:<\/p>\n<ul>\n<li><strong>22 de septiembre<\/strong> (San Mateo)<\/li>\n<li><strong>5 de junio<\/strong> (Feria de Alcal\u00e1)<\/li>\n<\/ul>\n","protected":false},"excerpt":{"rendered":"<p>Conforme a lo dispuesto en la Resoluci\u00f3n de la Delegaci\u00f3n Territorial de la Consejer\u00eda de Educaci\u00f3n de Sevilla, por la que se dictan las normas que han de regir el Calendario Escolar para el Curso 2025-2026, los d\u00edas de libre disposici\u00f3n aprobados por el Consejo Escolar Municipal ser\u00e1n los siguientes: 2 de marzo (Puente D\u00eda [&hellip;]<\/p>\n","protected":false},"author":4543,"featured_media":0,"parent":0,"menu_order":0,"comment_status":"closed","ping_status":"open","template":"","meta":{"_et_pb_use_builder":"","_et_pb_old_content":"","_et_gb_content_width":"","ngg_post_thumbnail":0,"footnotes":""},"aioseo_notices":[],"_links":{"self":[{"href":"https:\/\/blogsaverroes.juntadeandalucia.es\/ceipreinafabiola\/wp-json\/wp\/v2\/pages\/5109"}],"collection":[{"href":"https:\/\/blogsaverroes.juntadeandalucia.es\/ceipreinafabiola\/wp-json\/wp\/v2\/pages"}],"about":[{"href":"https:\/\/blogsaverroes.juntadeandalucia.es\/ceipreinafabiola\/wp-json\/wp\/v2\/types\/page"}],"author":[{"embeddable":true,"href":"https:\/\/blogsaverroes.juntadeandalucia.es\/ceipreinafabiola\/wp-json\/wp\/v2\/users\/4543"}],"replies":[{"embeddable":true,"href":"https:\/\/blogsaverroes.juntadeandalucia.es\/ceipreinafabiola\/wp-json\/wp\/v2\/comments?post=5109"}],"version-history":[{"count":3,"href":"https:\/\/blogsaverroes.juntadeandalucia.es\/ceipreinafabiola\/wp-json\/wp\/v2\/pages\/5109\/revisions"}],"predecessor-version":[{"id":16144,"href":"https:\/\/blogsaverroes.juntadeandalucia.es\/ceipreinafabiola\/wp-json\/wp\/v2\/pages\/5109\/revisions\/16144"}],"wp:attachment":[{"href":"https:\/\/blogsaverroes.juntadeandalucia.es\/ceipreinafabiola\/wp-json\/wp\/v2\/media?parent=5109"}],"curies":[{"name":"wp","href":"https:\/\/api.w.org\/{rel}","templated":true}]}}