{"id":6256,"date":"2020-09-18T11:16:30","date_gmt":"2020-09-18T11:16:30","guid":{"rendered":"https:\/\/blogsaverroes.juntadeandalucia.es\/ceipreinaisabel\/?page_id=6256"},"modified":"2025-08-31T11:53:35","modified_gmt":"2025-08-31T11:53:35","slug":"1-proyecto-educativo","status":"publish","type":"page","link":"https:\/\/blogsaverroes.juntadeandalucia.es\/ceipreinaisabel\/1-proyecto-educativo\/","title":{"rendered":"1. Proyecto Educativo"},"content":{"rendered":"<p>&nbsp;<\/p>\n<p>PROYECTO EDUCATIVO<\/p>\n<p>La LOMLOE dispone en su art\u00edculo 120 que los centros dispondr\u00e1n de autonom\u00eda pedag\u00f3gica, de organizaci\u00f3n y de gesti\u00f3n. En el ejercicio de esta autonom\u00eda deben elaborar, aprobar y ejecutar un proyecto educativo y un proyecto de gesti\u00f3n, as\u00ed como las normas de organizaci\u00f3n y funcionamiento.<\/p>\n<p style=\"text-align: left\">Se entiende el proyecto educativo de centro como el documento, que debe ser p\u00fablico para conocimiento de toda la comunidad, el cual, llevado a la pr\u00e1ctica, <b>define la identidad de la escuela, estipula los valores de la instituci\u00f3n y recoge los objetivos, metas y prioridades del citado proyecto&nbsp;<\/b>dentro del \u00e1mbito social y cultural que le rodea, siempre atendiendo a los principios que le identifican.<\/p>\n<p>El Proyecto Educativo del Centro recoge los valores, los objetivos, las prioridades y las formas de actuaci\u00f3n. Asimismo, incorpora la concreci\u00f3n del curr\u00edculum establecido por la Administraci\u00f3n educativa fijado y aprobado por el Claustro, as\u00ed como el tratamiento transversal en las \u00e1reas, materias o \u00e1mbitos de la educaci\u00f3n en valores y otras ense\u00f1anzas. Tal Proyecto tiene en cuenta las caracter\u00edsticas del entorno social y cultural del Centro, recoge la forma de atenci\u00f3n a la diversidad del alumnado y la acci\u00f3n tutorial, as\u00ed como el plan de convivencia, respetando el principio de no discriminaci\u00f3n y de inclusi\u00f3n educativa como valores fundamentales, as\u00ed como los principios y objetivos recogidos en la LOE\/LOMLOE (Ley Org\u00e1nica 2\/2006, de 3 de mayo, de Educaci\u00f3n, texto consolidado de la \u00faltima modificaci\u00f3n de 30 de diciembre de 2020), y la LEA (Ley 17\/2007, de 10 de diciembre, de Educaci\u00f3n de Andaluc\u00eda).<\/p>\n<p><a href=\"https:\/\/drive.google.com\/file\/d\/1s5HFmOpl0I5rn8x57RGfzs1RoizAab1E\/view?usp=share_link\">PROYECTO EDUCATIVO<\/a><\/p>\n<p><a href=\"https:\/\/drive.google.com\/file\/d\/1IunDbjhcXQn8rDR0vSBOHXSrcjOjtp1I\/view?usp=share_link\">0-PORTADA<\/a><\/p>\n<p><a href=\"https:\/\/drive.google.com\/file\/d\/18tFajc4z8M5vea2htplaCJe0lRDkmBrU\/view?usp=share_link\">1.-INDICE<\/a><\/p>\n<p><a href=\"https:\/\/drive.google.com\/file\/d\/1zCyaveagwnHR3hg2FdrAWfi6kJHbLFcE\/view?usp=share_link\">2.- INTRODUCCI\u00d3N.<\/a><\/p>\n<p><a href=\"https:\/\/drive.google.com\/file\/d\/1hTFn7ckKfhgfTDieB3yLWZsCXInjfras\/view?usp=share_link\">3.-AN\u00c1LISIS DEL CONTEXTO<\/a><\/p>\n<p><a href=\"https:\/\/drive.google.com\/file\/d\/1GHyAaO-LWZTrtanjn1mSIJWR_UFB0mVZ\/view?usp=share_link\">4.-OBJETIVOS PROPIOS PARA LA MEJORA DEL RENDIMIENTO ESCOLAR<\/a><\/p>\n<p><a href=\"https:\/\/drive.google.com\/file\/d\/1tKc0gUVZH-puXImnaRxJIg6oGTHI1zsJ\/view?usp=share_link\">5.-L\u00cdNEAS GENERALES DE ACTUACI\u00d3N PEDAG\u00d3GICA<\/a><\/p>\n<p><a href=\"https:\/\/drive.google.com\/file\/d\/1o3DunohT3hyp__mcEzdmksKCkyyhnJyT\/view?usp=share_link\">6.-COMPETENCIAS CLAVE<\/a><\/p>\n<p><a href=\"https:\/\/drive.google.com\/file\/d\/1c9D5s1urbqRsbxs49u7tfoMok6dsbnOT\/view?usp=share_link\">7.-COORDINACI\u00d3N Y CONCRECI\u00d3N CURRICULAR,TRANSVERSALIDAD Y METODOLOG\u00cdA<\/a><\/p>\n<p><a href=\"https:\/\/drive.google.com\/file\/d\/1P9dG53OKBpopcLKFQAqIWjwqDZcCWgFw\/view?usp=share_link\">8.-TRATAMIENTO TRANSVERSAL EN LAS \u00c1REAS DE EDUCACI\u00d3N EN VALORES<\/a><\/p>\n<p><a href=\"https:\/\/drive.google.com\/file\/d\/1GmlOGnCumnwNpbUY6kVFZrmK7BQBvmrH\/view?usp=share_link\">9.- CRITERIOS GENERALES PARA LA ELABORACI\u00d3N DE LAS PROGRAMACIONES DID\u00c1CTICAS<\/a><\/p>\n<p><a href=\"https:\/\/drive.google.com\/file\/d\/1RsH4itzDxvfQDNjN4QBhORVN57zmnmuM\/view?usp=share_link\">10.-CRITERIOS PARA ORGANIZAR Y DISTRIBUIR EL TIEMPO ESCOLAR<\/a><\/p>\n<p><a href=\"https:\/\/drive.google.com\/file\/d\/10TBbakGllHn0P107x2uWVc-Bgj422m2A\/view?usp=share_link\">11.-CRITERIOS PEDAG\u00d3GICOS PARA DETERMINACI\u00d3N DEL HORARIO<\/a><\/p>\n<p><a href=\"https:\/\/blogsaverroes.juntadeandalucia.es\/ceipreinaisabel\/files\/2025\/08\/12.-CRITERIOS-DE-AGRUPAMIENTO-DEL-ALUMNADO-Y-ASIGNACION-DE-TUTORIAS.pdf\">12.-CRITERIOS DE AGRUPAMIENTO DEL ALUMNADO Y ASIGNACI\u00d3N DE TUTORIAS.<\/a><\/p>\n<p><a href=\"https:\/\/drive.google.com\/file\/d\/1LPmLr8HUHfimdJcQZ3erWJW6Rhk41H_h\/view?usp=share_link\">13.1.-EVALUACI\u00d3N EN ED. INFANTIL<\/a><\/p>\n<p><a href=\"https:\/\/drive.google.com\/file\/d\/1myWSIT8NbdAaLMelHnqgk8TTPxCCXAQs\/view?usp=share_link\">13.2.-EVALUACI\u00d3N EN ED. PRIMARIA<\/a><\/p>\n<p><a href=\"https:\/\/drive.google.com\/file\/d\/1ysZPjBEvn4Dk92scWDEsX8-BVWB7yTA-\/view?usp=share_link\">14.1.- ATENCI\u00d3N A LA DIVERSIDAD<\/a><\/p>\n<p><a href=\"https:\/\/drive.google.com\/file\/d\/1IZYcZdsOO9fcXV81QD9gWnaGAZo_4DvW\/view?usp=share_link\">14.2.- PLAN ATENCI\u00d3N A LA DIVERSIDAD<\/a><\/p>\n<p><a href=\"https:\/\/drive.google.com\/file\/d\/1fTY8UFoRdZJv6p8dnr_breGoQ5ZwarPv\/view?usp=share_link\">14.3.- ACTIVIDADES DE REFUERZO Y RECUPERACI\u00d3N<\/a><\/p>\n<p><a href=\"https:\/\/drive.google.com\/file\/d\/1Ghsv_jWRqD20QcYkWa1ijCyxedz6VG_9\/view?usp=share_link\">15.-PLAN DE ORIENTACI\u00d3N Y ACCI\u00d3N TUTORIAL<\/a><\/p>\n<p><a href=\"https:\/\/drive.google.com\/file\/d\/10aY_za394L10SKDutcqW76iS7onobukG\/view?usp=share_link\">16.-COMPROMISO EDUCATIVO Y DE CONVIVENCIA.<\/a><\/p>\n<p><a href=\"https:\/\/drive.google.com\/file\/d\/1RWhsqxV3suC9tzvW_Lx95WIAJf76h52m\/view?usp=share_link\">17.-PLAN DE CONVIVENCIA<\/a><\/p>\n<p><a href=\"https:\/\/drive.google.com\/file\/d\/12mwKSk01HQGSLPTsMOvHClPksCsJ-R06\/view?usp=share_link\">18.- PLAN DE FORMACI\u00d3N DEL PROFESORADO<\/a><\/p>\n<p><a href=\"https:\/\/drive.google.com\/file\/d\/1EiyDBn8vgzsGhudIdwyf1w8oHEPDIz5o\/view?usp=share_link\">19.- PROCEDIMIENTOS DE EVALUACI\u00d3N INTERNA<\/a><\/p>\n<p><a href=\"https:\/\/drive.google.com\/file\/d\/1zJPHy37X5xYwMgfqxVWFFhFiX5Z7C6Pk\/view?usp=share_link\">20.-PLANES Y PROGRAMAS EDUCATIVOS<\/a><\/p>\n<p><a href=\"https:\/\/drive.google.com\/file\/d\/1j0_wfJ2G8HkrFDGnUWif9ScMX99COKkU\/view?usp=share_link\">21.- PLAN DE IGUALDAD<\/a><\/p>\n<p><a href=\"https:\/\/drive.google.com\/file\/d\/1sTXEzuVVd7so3OX1APOz7UEHF0HWulRa\/view?usp=sharing\" target=\"_blank\" rel=\"noopener noreferrer\">PLANIFICACI\u00d3N 22\/23<\/a><\/p>\n<p><a href=\"https:\/\/drive.google.com\/file\/d\/1DT04ECx1Jaz8yjioqaL9BqsOhTfldZbZ\/view?usp=share_link\">22.-PROGRAMA DE TR\u00c1NSITO<\/a><\/p>\n<p><a href=\"https:\/\/drive.google.com\/file\/d\/11Fg56fNazEHdsfiLRPLHGKo9XVbmyx9C\/view?usp=share_link\">23.- PLAN ACTUACI\u00d3N TRANSFORMACI\u00d3N DIGITAL EDUCATIVA<\/a><\/p>\n","protected":false},"excerpt":{"rendered":"<p>&nbsp; PROYECTO EDUCATIVO La LOMLOE dispone en su art\u00edculo 120 que los centros dispondr\u00e1n de autonom\u00eda pedag\u00f3gica, de organizaci\u00f3n y de gesti\u00f3n. En el ejercicio&hellip;<\/p>\n","protected":false},"author":4818,"featured_media":0,"parent":0,"menu_order":0,"comment_status":"closed","ping_status":"closed","template":"","meta":{"ngg_post_thumbnail":0,"footnotes":"","_mc_calendar":[]},"aioseo_notices":[],"_links":{"self":[{"href":"https:\/\/blogsaverroes.juntadeandalucia.es\/ceipreinaisabel\/wp-json\/wp\/v2\/pages\/6256"}],"collection":[{"href":"https:\/\/blogsaverroes.juntadeandalucia.es\/ceipreinaisabel\/wp-json\/wp\/v2\/pages"}],"about":[{"href":"https:\/\/blogsaverroes.juntadeandalucia.es\/ceipreinaisabel\/wp-json\/wp\/v2\/types\/page"}],"author":[{"embeddable":true,"href":"https:\/\/blogsaverroes.juntadeandalucia.es\/ceipreinaisabel\/wp-json\/wp\/v2\/users\/4818"}],"replies":[{"embeddable":true,"href":"https:\/\/blogsaverroes.juntadeandalucia.es\/ceipreinaisabel\/wp-json\/wp\/v2\/comments?post=6256"}],"version-history":[{"count":15,"href":"https:\/\/blogsaverroes.juntadeandalucia.es\/ceipreinaisabel\/wp-json\/wp\/v2\/pages\/6256\/revisions"}],"predecessor-version":[{"id":22029,"href":"https:\/\/blogsaverroes.juntadeandalucia.es\/ceipreinaisabel\/wp-json\/wp\/v2\/pages\/6256\/revisions\/22029"}],"wp:attachment":[{"href":"https:\/\/blogsaverroes.juntadeandalucia.es\/ceipreinaisabel\/wp-json\/wp\/v2\/media?parent=6256"}],"curies":[{"name":"wp","href":"https:\/\/api.w.org\/{rel}","templated":true}]}}