{"id":99,"date":"2015-03-16T07:22:54","date_gmt":"2015-03-16T07:22:54","guid":{"rendered":"http:\/\/blogsaverroes.juntadeandalucia.es\/pre\/ceip\/?page_id=99"},"modified":"2026-04-06T07:28:03","modified_gmt":"2026-04-06T07:28:03","slug":"comedor-escolar","status":"publish","type":"page","link":"https:\/\/blogsaverroes.juntadeandalucia.es\/ceipreinaisabel\/comedor-escolar\/","title":{"rendered":"Comedor Escolar"},"content":{"rendered":"<p><a href=\"https:\/\/blogsaverroes.juntadeandalucia.es\/ceipreinaisabel\/files\/2022\/09\/istockphoto-1281489885-612x612-1.jpg\"><img loading=\"lazy\" decoding=\"async\" class=\"wp-image-8702 aligncenter\" src=\"https:\/\/blogsaverroes.juntadeandalucia.es\/ceipreinaisabel\/files\/2022\/09\/istockphoto-1281489885-612x612-1-300x200.jpg\" alt=\"\" width=\"300\" height=\"200\" srcset=\"https:\/\/blogsaverroes.juntadeandalucia.es\/ceipreinaisabel\/files\/2022\/09\/istockphoto-1281489885-612x612-1-300x200.jpg 300w, https:\/\/blogsaverroes.juntadeandalucia.es\/ceipreinaisabel\/files\/2022\/09\/istockphoto-1281489885-612x612-1.jpg 612w\" sizes=\"(max-width: 300px) 100vw, 300px\" \/><\/a><\/p>\n<p>&nbsp;<\/p>\n<p>Los comedores escolares son un servicio complementario que resulta de gran utilidad a padres y madres para ayudarles a&nbsp;conciliar la vida laboral y familiar.<\/p>\n<p>Tiene una duraci\u00f3n de dos horas&nbsp; ( de 14.00&nbsp; a 16.00 horas).<\/p>\n<p>El comedor escolar es&nbsp; una pieza importante en todas las medidas dirigidas a mejorar los h\u00e1bitos alimenticios de los ni\u00f1os y ni\u00f1as y prevenir problemas de salud como la obesidad.<\/p>\n<p>En los comedores escolares de los centros p\u00fablicos andaluces promueven una alimentaci\u00f3n saludable que est\u00e1 supervisada por nutricionistas y que, entre otros aspectos, se caracteriza por:<\/p>\n<ul style=\"list-style-type: circle\">\n<li>Una mayor proporci\u00f3n de verdura en los men\u00fas.<\/li>\n<li>Fruta fresca como postre al menos cuatro d\u00edas a la semana.<\/li>\n<li>Uso de aceite de oliva virgen extra.<\/li>\n<li>M\u00e1s pescado que carne, que debe ser magra.<\/li>\n<li>Prohibici\u00f3n de los alimentos precocinados y limitaci\u00f3n de los fritos.<\/li>\n<li>Apuesta por la dieta mediterr\u00e1nea y los productos ecol\u00f3gicos.<\/li>\n<\/ul>\n<p><strong>Empresa catering :&nbsp;<\/strong><\/p>\n<p><a href=\"https:\/\/blogsaverroes.juntadeandalucia.es\/ceipreinaisabel\/files\/2025\/09\/Circular-a-Familias-Curso-2025-2026-COMERTEL.pdf\">Circular a Familias Curso 2025 &#8211; 2026 COMERTEL<\/a><br \/>\n<a href=\"https:\/\/blogsaverroes.juntadeandalucia.es\/ceipreinaisabel\/files\/2020\/12\/frame-wood-board-menu-thumbnail.jpg\"><img loading=\"lazy\" decoding=\"async\" class=\"wp-image-6098 aligncenter\" src=\"https:\/\/blogsaverroes.juntadeandalucia.es\/ceipreinaisabel\/files\/2020\/12\/frame-wood-board-menu-thumbnail-200x300.jpg\" alt=\"\" width=\"118\" height=\"177\" srcset=\"https:\/\/blogsaverroes.juntadeandalucia.es\/ceipreinaisabel\/files\/2020\/12\/frame-wood-board-menu-thumbnail-200x300.jpg 200w, https:\/\/blogsaverroes.juntadeandalucia.es\/ceipreinaisabel\/files\/2020\/12\/frame-wood-board-menu-thumbnail-16x24.jpg 16w, https:\/\/blogsaverroes.juntadeandalucia.es\/ceipreinaisabel\/files\/2020\/12\/frame-wood-board-menu-thumbnail-24x36.jpg 24w, https:\/\/blogsaverroes.juntadeandalucia.es\/ceipreinaisabel\/files\/2020\/12\/frame-wood-board-menu-thumbnail-32x48.jpg 32w, https:\/\/blogsaverroes.juntadeandalucia.es\/ceipreinaisabel\/files\/2020\/12\/frame-wood-board-menu-thumbnail.jpg 213w\" sizes=\"(max-width: 118px) 100vw, 118px\" \/><\/a><a href=\"https:\/\/blogsaverroes.juntadeandalucia.es\/ceipreinaisabel\/files\/2025\/09\/BASAL_PUBLICOS-SEP-25-COMERTEL.pdf\"> SEPTIEMBRE <\/a>&nbsp; &nbsp; <a href=\"https:\/\/blogsaverroes.juntadeandalucia.es\/ceipreinaisabel\/files\/2025\/10\/BASAL_PUBLICOS-OCTUBRE-COMPLETO-COMERTEL.pdf\">OCTUBRE&nbsp;<\/a>&nbsp; &nbsp; <a href=\"https:\/\/blogsaverroes.juntadeandalucia.es\/ceipreinaisabel\/files\/2025\/10\/BASAL_PUBLICOS-NOVIEMBRE-25-COMERTEL.pdf\">&nbsp;NOVIEMBRE&nbsp;<\/a>&nbsp;&nbsp; &nbsp;&nbsp;<a href=\"https:\/\/blogsaverroes.juntadeandalucia.es\/ceipreinaisabel\/files\/2025\/12\/BASAL_CCS-COMERTEL.pdf\">DICIEMBRE<\/a> &nbsp;<a href=\"https:\/\/blogsaverroes.juntadeandalucia.es\/ceipreinaisabel\/files\/2026\/01\/BASAL_CCS-COMERTEL-COMPLETO.pdf\"> ENERO<\/a> &nbsp;&nbsp; &nbsp;<a href=\"https:\/\/blogsaverroes.juntadeandalucia.es\/ceipreinaisabel\/files\/2026\/01\/FEBRERO-BASAL-COMERTEL-26.pdf\">FEBRERO <\/a> &nbsp; <a href=\"https:\/\/blogsaverroes.juntadeandalucia.es\/ceipreinaisabel\/files\/2026\/03\/BASAL_MARZO_COMPLETO-COMERTEL.pdf\">MARZO<\/a>&nbsp; &nbsp; <a href=\"https:\/\/blogsaverroes.juntadeandalucia.es\/ceipreinaisabel\/files\/2026\/04\/BASAL_ABRIL-COMERTEL.pdf\">ABRIL <\/a><\/p>\n<p><strong>RECOMENDACIONES CENAS<\/strong><\/p>\n<p><a href=\"https:\/\/blogsaverroes.juntadeandalucia.es\/ceipreinaisabel\/files\/2025\/09\/RECOMENDACIONES-CENA-SEPTIEMBRE.pdf\">RECOMENDACIONES CENA SEPTIEMBRE<\/a><\/p>\n<p><a href=\"https:\/\/blogsaverroes.juntadeandalucia.es\/ceipreinaisabel\/files\/2025\/10\/RECOMENDACIONES-CENA-OCTUBRE-COMPLETO.pdf\">RECOMENDACIONES CENA OCTUBRE&nbsp;<\/a><\/p>\n<p><a href=\"https:\/\/blogsaverroes.juntadeandalucia.es\/ceipreinaisabel\/files\/2025\/10\/RECOMENDACIONES-CENA-NOVIEMBRE.pdf\">RECOMENDACIONES CENA NOVIEMBRE<\/a><\/p>\n<p><a href=\"https:\/\/blogsaverroes.juntadeandalucia.es\/ceipreinaisabel\/files\/2026\/01\/RECOMENDACIONES-DE-CENA-ENERO.pdf\">RECOMENDACIONES DE CENA ENERO<\/a><\/p>\n<p><a href=\"https:\/\/blogsaverroes.juntadeandalucia.es\/ceipreinaisabel\/files\/2026\/01\/RECOMENDACIONES-CENA-FEBRERO.pdf\">RECOMENDACIONES CENA FEBRERO<\/a><\/p>\n<p><a href=\"https:\/\/blogsaverroes.juntadeandalucia.es\/ceipreinaisabel\/files\/2026\/03\/RECOMENDACIONES-DE-CENA-MARZO-1.pdf\">RECOMENDACIONES DE CENA MARZO<\/a><\/p>\n<p><a href=\"https:\/\/blogsaverroes.juntadeandalucia.es\/ceipreinaisabel\/files\/2026\/04\/RECOMENDACIONES-DE-CENA-ABRIL-\u00b426.pdf\">RECOMENDACIONES DE CENA ABRIL <\/a><\/p>\n<p>&nbsp;<\/p>\n<p>&nbsp;<\/p>\n<p>&nbsp;<\/p>\n<p>&nbsp;<\/p>\n<p>&nbsp;<\/p>\n<p>&nbsp;<\/p>\n<p>&nbsp;<\/p>\n","protected":false},"excerpt":{"rendered":"<p>&nbsp; Los comedores escolares son un servicio complementario que resulta de gran utilidad a padres y madres para ayudarles a&nbsp;conciliar la vida laboral y familiar.&hellip;<\/p>\n","protected":false},"author":1,"featured_media":0,"parent":0,"menu_order":0,"comment_status":"open","ping_status":"open","template":"","meta":{"ngg_post_thumbnail":0,"footnotes":"","_mc_calendar":[]},"aioseo_notices":[],"_links":{"self":[{"href":"https:\/\/blogsaverroes.juntadeandalucia.es\/ceipreinaisabel\/wp-json\/wp\/v2\/pages\/99"}],"collection":[{"href":"https:\/\/blogsaverroes.juntadeandalucia.es\/ceipreinaisabel\/wp-json\/wp\/v2\/pages"}],"about":[{"href":"https:\/\/blogsaverroes.juntadeandalucia.es\/ceipreinaisabel\/wp-json\/wp\/v2\/types\/page"}],"author":[{"embeddable":true,"href":"https:\/\/blogsaverroes.juntadeandalucia.es\/ceipreinaisabel\/wp-json\/wp\/v2\/users\/1"}],"replies":[{"embeddable":true,"href":"https:\/\/blogsaverroes.juntadeandalucia.es\/ceipreinaisabel\/wp-json\/wp\/v2\/comments?post=99"}],"version-history":[{"count":104,"href":"https:\/\/blogsaverroes.juntadeandalucia.es\/ceipreinaisabel\/wp-json\/wp\/v2\/pages\/99\/revisions"}],"predecessor-version":[{"id":23748,"href":"https:\/\/blogsaverroes.juntadeandalucia.es\/ceipreinaisabel\/wp-json\/wp\/v2\/pages\/99\/revisions\/23748"}],"wp:attachment":[{"href":"https:\/\/blogsaverroes.juntadeandalucia.es\/ceipreinaisabel\/wp-json\/wp\/v2\/media?parent=99"}],"curies":[{"name":"wp","href":"https:\/\/api.w.org\/{rel}","templated":true}]}}