{"id":2620,"date":"2021-05-20T15:29:26","date_gmt":"2021-05-20T14:29:26","guid":{"rendered":"https:\/\/blogsaverroes.juntadeandalucia.es\/ceipreyescatolicos\/?page_id=2620"},"modified":"2025-05-30T18:41:47","modified_gmt":"2025-05-30T17:41:47","slug":"escuela-de-musica","status":"publish","type":"page","link":"https:\/\/blogsaverroes.juntadeandalucia.es\/ceipreyescatolicos\/escuela-de-musica\/","title":{"rendered":"Escuela de M\u00fasica &#8211; AULA SONORA"},"content":{"rendered":"<p><img decoding=\"async\" class=\"wp-image-2644 size-thumbnail alignleft\" src=\"https:\/\/blogsaverroes.juntadeandalucia.es\/ceipreyescatolicos\/files\/2021\/05\/Aula-Sonora-150x140.jpg\" alt=\"\" width=\"150\" height=\"140\" srcset=\"https:\/\/blogsaverroes.juntadeandalucia.es\/ceipreyescatolicos\/files\/2021\/05\/Aula-Sonora-150x140.jpg 150w, https:\/\/blogsaverroes.juntadeandalucia.es\/ceipreyescatolicos\/files\/2021\/05\/Aula-Sonora-300x279.jpg 300w, https:\/\/blogsaverroes.juntadeandalucia.es\/ceipreyescatolicos\/files\/2021\/05\/Aula-Sonora-1024x953.jpg 1024w, https:\/\/blogsaverroes.juntadeandalucia.es\/ceipreyescatolicos\/files\/2021\/05\/Aula-Sonora-768x714.jpg 768w, https:\/\/blogsaverroes.juntadeandalucia.es\/ceipreyescatolicos\/files\/2021\/05\/Aula-Sonora-1536x1429.jpg 1536w, https:\/\/blogsaverroes.juntadeandalucia.es\/ceipreyescatolicos\/files\/2021\/05\/Aula-Sonora.jpg 1600w\" sizes=\"(max-width: 150px) 100vw, 150px\" \/><\/p>\n<p>&nbsp;<\/p>\n<h4 style=\"text-align: center\"><em><strong>TALLERES DE M\u00daSICA&nbsp;<\/strong><\/em><\/h4>\n<h4 style=\"text-align: center\"><em><strong> OFERTA EDUCATIVA CURSO 2025-2026<\/strong><\/em><\/h4>\n<p>&nbsp;<\/p>\n<p>&nbsp;<\/p>\n<p style=\"text-align: center\"><span style=\"color: #0000ff\"><strong>INICIACI\u00d3N A LA M\u00daSICA (0 a 7 a\u00f1os)<\/strong><\/span><\/p>\n<p style=\"text-align: justify\"><img fetchpriority=\"high\" decoding=\"async\" class=\"size-medium wp-image-2648 alignleft\" src=\"https:\/\/blogsaverroes.juntadeandalucia.es\/ceipreyescatolicos\/files\/2021\/05\/Dos-ninos-aprendiendo-a-hacer-musica-300x169.jpg\" alt=\"\" width=\"300\" height=\"169\" srcset=\"https:\/\/blogsaverroes.juntadeandalucia.es\/ceipreyescatolicos\/files\/2021\/05\/Dos-ninos-aprendiendo-a-hacer-musica-300x169.jpg 300w, https:\/\/blogsaverroes.juntadeandalucia.es\/ceipreyescatolicos\/files\/2021\/05\/Dos-ninos-aprendiendo-a-hacer-musica-1024x576.jpg 1024w, https:\/\/blogsaverroes.juntadeandalucia.es\/ceipreyescatolicos\/files\/2021\/05\/Dos-ninos-aprendiendo-a-hacer-musica-150x84.jpg 150w, https:\/\/blogsaverroes.juntadeandalucia.es\/ceipreyescatolicos\/files\/2021\/05\/Dos-ninos-aprendiendo-a-hacer-musica-768x432.jpg 768w, https:\/\/blogsaverroes.juntadeandalucia.es\/ceipreyescatolicos\/files\/2021\/05\/Dos-ninos-aprendiendo-a-hacer-musica.jpg 1090w\" sizes=\"(max-width: 300px) 100vw, 300px\" \/><br \/>\n<strong>M\u00fasica para Beb\u00e9s (de 0 a 2 a\u00f1os):<\/strong> Basado en la Music Learning Theory de E. Gordon y el desarrollo de \u00e9sta a trav\u00e9s de la metodolog\u00eda \u00abM\u00fasica in Culla\u00bb, es un taller centrado en favorecer y desarrollar las capacidades musicales innatas del individuo desde su nacimiento. Estimular el desarrollo musical del beb\u00e9 proporcion\u00e1ndole elementos y estructuras que favorezcan la construcci\u00f3n de su pensamiento musical de un modo sencillo y natural. As\u00ed mismo tambi\u00e9n se busca facilitar y desarrollar el v\u00ednculo materno\/paterno\/filial a trav\u00e9s de la creaci\u00f3n de un espacio de comunicaci\u00f3n y expresi\u00f3n libre para ambos.<\/p>\n<p style=\"text-align: justify\"><strong>M\u00fasica y Movimiento (3 a 5 a\u00f1os o alumnos\/as que ya hayan realizado dos cursos de \u00abM\u00fasica para beb\u00e9s\u00bb):<\/strong> Desarrollar las capacidades musicales infantiles a trav\u00e9s de metodolog\u00edas activas (Orff, Dalcroze, Willems, Kodaly, Gordon&#8230;) basadas en juegos musicales, educaci\u00f3n r\u00edtmica y auditiva, el canto, el movimiento como medio de interiorizaci\u00f3n musical, la creaci\u00f3n, la improvisaci\u00f3n y la interpretaci\u00f3n con instrumentos musicales escolares de peque\u00f1a percusi\u00f3n. Es la base para una formaci\u00f3n musical posterior.<\/p>\n<p style=\"text-align: justify\">I<strong>niciaci\u00f3n Musical y Preinstrumento (6 y 7 a\u00f1os o alumnos\/as que hayan realizado dos cursos de \u00abM\u00fasica y Movimiento\u00bb):<\/strong> Un paso m\u00e1s en el desarrollo musical del ni\u00f1o. A trav\u00e9s de \u00abIniciaci\u00f3n Musical\u00bb se va profundizando en el trabajo de la educaci\u00f3n auditiva, r\u00edtmica, vocal, creaci\u00f3n e improvisaci\u00f3n musical, todo ello a trav\u00e9s de metodolog\u00edas activas l\u00fadicas y din\u00e1micas. Tambi\u00e9n es una introducci\u00f3n a los conceptos te\u00f3ricos del lenguaje musical y la lectoescritura musical pero sin abandonar los recursos de M\u00fasica y Movimiento. Dentro de \u00abPreinstrumento\u00bb se hace una primera toma de contacto y acercamiento a las diferentes familias instrumentales para que el ni\u00f1o tenga una apreciaci\u00f3n personal de cada una de ellas. Como el propio nombre indica ser\u00e1 un paso previo a la pr\u00e1ctica instrumental posterior a partir de los 8 a\u00f1os.<\/p>\n<p>&nbsp;<\/p>\n<p style=\"text-align: center\"><span style=\"color: #ff0000\"><strong>PR\u00c1CTICA INSTRUMENTAL: GUITARRA, UKELELE Y PIANO<\/strong><\/span><\/p>\n<p style=\"text-align: center\"><span style=\"color: #ff0000\"><strong>(8 a\u00f1os en adelante, sin l\u00edmite de edad)<\/strong><\/span><\/p>\n<p><strong><img decoding=\"async\" class=\"alignleft wp-image-2651 size-medium\" src=\"https:\/\/blogsaverroes.juntadeandalucia.es\/ceipreyescatolicos\/files\/2021\/05\/5e6bed526065581e3913a95eb179d971-243x300.jpg\" alt=\"\" width=\"243\" height=\"300\" srcset=\"https:\/\/blogsaverroes.juntadeandalucia.es\/ceipreyescatolicos\/files\/2021\/05\/5e6bed526065581e3913a95eb179d971-243x300.jpg 243w, https:\/\/blogsaverroes.juntadeandalucia.es\/ceipreyescatolicos\/files\/2021\/05\/5e6bed526065581e3913a95eb179d971-122x150.jpg 122w, https:\/\/blogsaverroes.juntadeandalucia.es\/ceipreyescatolicos\/files\/2021\/05\/5e6bed526065581e3913a95eb179d971.jpg 457w\" sizes=\"(max-width: 243px) 100vw, 243px\" \/><\/strong><\/p>\n<p>&nbsp;<\/p>\n<p>&nbsp;<\/p>\n<p><strong>Pr\u00e1ctica instrumental y vocal:<\/strong> Desarrollo de la t\u00e9cnica relacionada con el instrumento elegido o la voz, orientado a la interpretaci\u00f3n de un repertorio musical al alcance y est\u00edmulo del alumno\/a pensando en \u00e9l, desarrollando tambi\u00e9n las capacidades de creaci\u00f3n e improvisaci\u00f3n sobre el instrumento y la voz.<\/p>\n<p>&nbsp;<\/p>\n<p>&nbsp;<\/p>\n<p>&nbsp;<\/p>\n<p>&nbsp;<\/p>\n<p class=\"Ttulo11\" style=\"margin: 4.4pt 65.35pt 0.0001pt 59.75pt;text-align: center\"><span style=\"color: #800080\"><strong>M\u00daSICA EN FAMILIA<\/strong><\/span><\/p>\n<p><strong><img loading=\"lazy\" decoding=\"async\" class=\"size-medium wp-image-2649 alignleft\" src=\"https:\/\/blogsaverroes.juntadeandalucia.es\/ceipreyescatolicos\/files\/2021\/05\/2021-03-16_120045musico_tera-300x122.jpg\" alt=\"\" width=\"300\" height=\"122\" srcset=\"https:\/\/blogsaverroes.juntadeandalucia.es\/ceipreyescatolicos\/files\/2021\/05\/2021-03-16_120045musico_tera-300x122.jpg 300w, https:\/\/blogsaverroes.juntadeandalucia.es\/ceipreyescatolicos\/files\/2021\/05\/2021-03-16_120045musico_tera-150x61.jpg 150w, https:\/\/blogsaverroes.juntadeandalucia.es\/ceipreyescatolicos\/files\/2021\/05\/2021-03-16_120045musico_tera.jpg 744w\" sizes=\"(max-width: 300px) 100vw, 300px\" \/><\/strong><\/p>\n<p>&nbsp;<\/p>\n<p><strong>M\u00fasica en familia (3 a 5 a\u00f1os) <\/strong>es una actividad pensada para el disfrute semanal de madres\/padres y peque\u00f1os, todos juntos, usando la m\u00fasica y actividades musicales como herramienta para crear un espacio grupal de convivencia, comunicaci\u00f3n y diversi\u00f3n<\/p>\n<p><span style=\"color: #0000ff\"><strong>&nbsp;<\/strong><\/span><\/p>\n<p>&nbsp;<\/p>\n<h1>&nbsp;<\/h1>\n<h1 style=\"text-align: left\"><span style=\"color: #0000ff\"><strong>HORARIOS Y PRECIO:&nbsp;<\/strong><\/span><\/h1>\n<p style=\"text-align: center\"><img loading=\"lazy\" decoding=\"async\" class=\"wp-image-4197 aligncenter\" src=\"https:\/\/blogsaverroes.juntadeandalucia.es\/ceipreyescatolicos\/files\/2025\/05\/TALLERES-DE-MUSICA-1024x724.png\" alt=\"\" width=\"806\" height=\"570\" srcset=\"https:\/\/blogsaverroes.juntadeandalucia.es\/ceipreyescatolicos\/files\/2025\/05\/TALLERES-DE-MUSICA-1024x724.png 1024w, https:\/\/blogsaverroes.juntadeandalucia.es\/ceipreyescatolicos\/files\/2025\/05\/TALLERES-DE-MUSICA-300x212.png 300w, https:\/\/blogsaverroes.juntadeandalucia.es\/ceipreyescatolicos\/files\/2025\/05\/TALLERES-DE-MUSICA-150x106.png 150w, https:\/\/blogsaverroes.juntadeandalucia.es\/ceipreyescatolicos\/files\/2025\/05\/TALLERES-DE-MUSICA-768x543.png 768w, https:\/\/blogsaverroes.juntadeandalucia.es\/ceipreyescatolicos\/files\/2025\/05\/TALLERES-DE-MUSICA-1536x1086.png 1536w, https:\/\/blogsaverroes.juntadeandalucia.es\/ceipreyescatolicos\/files\/2025\/05\/TALLERES-DE-MUSICA-2048x1448.png 2048w\" sizes=\"(max-width: 806px) 100vw, 806px\" \/><\/p>\n<p style=\"text-align: center\"><strong>(1) D\u00eda y horario son orientativos. Pueden verse modificados seg\u00fan los grupos que se formen. Se terminar\u00e1n de fijar en septiembre.<\/strong><\/p>\n<h3 style=\"text-align: center\"><span style=\"color: #0000ff\"><strong>Pulse o pinche en la imagen para rellenar la inscripci\u00f3n online:<\/strong><\/span><\/h3>\n<p style=\"text-align: center\"><a href=\"https:\/\/docs.google.com\/forms\/d\/e\/1FAIpQLSclgPbPyHYiAccM900Q0-KHWpyjko7nwiLLNWh8LV8neXW2hw\/viewform?pli=1\"><img loading=\"lazy\" decoding=\"async\" class=\"wp-image-2661 size-full aligncenter\" src=\"https:\/\/blogsaverroes.juntadeandalucia.es\/ceipreyescatolicos\/files\/2021\/05\/\u00ednscripcion.png\" alt=\"\" width=\"410\" height=\"123\" srcset=\"https:\/\/blogsaverroes.juntadeandalucia.es\/ceipreyescatolicos\/files\/2021\/05\/\u00ednscripcion.png 410w, https:\/\/blogsaverroes.juntadeandalucia.es\/ceipreyescatolicos\/files\/2021\/05\/\u00ednscripcion-300x90.png 300w, https:\/\/blogsaverroes.juntadeandalucia.es\/ceipreyescatolicos\/files\/2021\/05\/\u00ednscripcion-150x45.png 150w\" sizes=\"(max-width: 410px) 100vw, 410px\" \/><\/a><\/p>\n<p>&nbsp;<\/p>\n<ul>\n<li><strong>ALTA\/INSCRIPCI\u00d3N ANUAL NUEVOS ALUMNOS: 15\u20ac<\/strong><\/li>\n<li><strong>ALTA\/INSCRIPCI\u00d3N ANUAL ANTIGUOS ALUMNOS: 10\u20ac<\/strong><\/li>\n<\/ul>\n<p>&nbsp;<\/p>\n<p>Todo nuestro profesorado tiene amplia experiencia en el trabajo de la m\u00fasica con ni\u00f1os as\u00ed como formaci\u00f3n espec\u00edfica y capacitaciones en diferentes modelos y metodolog\u00edas activas de educaci\u00f3n musical infantil a trav\u00e9s de centros formativos de Sevilla, Madrid y Barcelona.<\/p>\n<h2><img loading=\"lazy\" decoding=\"async\" class=\"alignnone wp-image-4163\" src=\"https:\/\/blogsaverroes.juntadeandalucia.es\/ceipreyescatolicos\/files\/2025\/05\/wasa-1-300x300.jpg\" alt=\"\" width=\"31\" height=\"31\" srcset=\"https:\/\/blogsaverroes.juntadeandalucia.es\/ceipreyescatolicos\/files\/2025\/05\/wasa-1-300x300.jpg 300w, https:\/\/blogsaverroes.juntadeandalucia.es\/ceipreyescatolicos\/files\/2025\/05\/wasa-1-150x150.jpg 150w, https:\/\/blogsaverroes.juntadeandalucia.es\/ceipreyescatolicos\/files\/2025\/05\/wasa-1-80x80.jpg 80w, https:\/\/blogsaverroes.juntadeandalucia.es\/ceipreyescatolicos\/files\/2025\/05\/wasa-1-320x320.jpg 320w, https:\/\/blogsaverroes.juntadeandalucia.es\/ceipreyescatolicos\/files\/2025\/05\/wasa-1.jpg 512w\" sizes=\"(max-width: 31px) 100vw, 31px\" \/> <span style=\"color: #339966\">626 050 179<\/span><\/h2>\n<p>Descarga la informaci\u00f3n en PDF: <a href=\"https:\/\/blogsaverroes.juntadeandalucia.es\/ceipreyescatolicos\/files\/2025\/05\/INFORMACION-MUSICA-PDF.pdf\">INFORMACI\u00d3N M\u00daSICA PDF<\/a><\/p>\n","protected":false},"excerpt":{"rendered":"<p>&nbsp; TALLERES DE M\u00daSICA&nbsp; OFERTA EDUCATIVA CURSO 2025-2026 &nbsp; &nbsp; INICIACI\u00d3N A LA M\u00daSICA (0 a 7 a\u00f1os) M\u00fasica para Beb\u00e9s (de 0 a 2 a\u00f1os): Basado en la Music Learning Theory de E. Gordon y el desarrollo de \u00e9sta&#46;&#46;&#46;<\/p>\n","protected":false},"author":7641,"featured_media":0,"parent":0,"menu_order":0,"comment_status":"closed","ping_status":"closed","template":"","meta":{"ngg_post_thumbnail":0,"footnotes":"","_mc_calendar":[]},"aioseo_notices":[],"_links":{"self":[{"href":"https:\/\/blogsaverroes.juntadeandalucia.es\/ceipreyescatolicos\/wp-json\/wp\/v2\/pages\/2620"}],"collection":[{"href":"https:\/\/blogsaverroes.juntadeandalucia.es\/ceipreyescatolicos\/wp-json\/wp\/v2\/pages"}],"about":[{"href":"https:\/\/blogsaverroes.juntadeandalucia.es\/ceipreyescatolicos\/wp-json\/wp\/v2\/types\/page"}],"author":[{"embeddable":true,"href":"https:\/\/blogsaverroes.juntadeandalucia.es\/ceipreyescatolicos\/wp-json\/wp\/v2\/users\/7641"}],"replies":[{"embeddable":true,"href":"https:\/\/blogsaverroes.juntadeandalucia.es\/ceipreyescatolicos\/wp-json\/wp\/v2\/comments?post=2620"}],"version-history":[{"count":28,"href":"https:\/\/blogsaverroes.juntadeandalucia.es\/ceipreyescatolicos\/wp-json\/wp\/v2\/pages\/2620\/revisions"}],"predecessor-version":[{"id":4201,"href":"https:\/\/blogsaverroes.juntadeandalucia.es\/ceipreyescatolicos\/wp-json\/wp\/v2\/pages\/2620\/revisions\/4201"}],"wp:attachment":[{"href":"https:\/\/blogsaverroes.juntadeandalucia.es\/ceipreyescatolicos\/wp-json\/wp\/v2\/media?parent=2620"}],"curies":[{"name":"wp","href":"https:\/\/api.w.org\/{rel}","templated":true}]}}