{"id":2748,"date":"2021-06-01T15:48:05","date_gmt":"2021-06-01T14:48:05","guid":{"rendered":"https:\/\/blogsaverroes.juntadeandalucia.es\/ceipreyescatolicos\/?page_id=2748"},"modified":"2025-05-14T10:07:29","modified_gmt":"2025-05-14T09:07:29","slug":"refuerzo-estival","status":"publish","type":"page","link":"https:\/\/blogsaverroes.juntadeandalucia.es\/ceipreyescatolicos\/refuerzo-estival\/","title":{"rendered":"Refuerzo Estival \u00abEscuela de Verano\u00bb"},"content":{"rendered":"<div class=\"contenido_portlet \">\n<div class=\"portlet_web\">\n<div class=\"listadoWeb\">\n<div class=\"listado-plegable-desplegable\">\n<div id=\"_ABACO_WEB_WAR_abacoportlet_INSTANCE_hBW3zqwcAa5n_list-web-accordion\" class=\"panel-group\" role=\"tablist\">\n<div id=\"yui_patched_v3_11_0_1_1622547273616_140\" class=\"panel panel-default opened\">\n<div id=\"_ABACO_WEB_WAR_abacoportlet_INSTANCE_hBW3zqwcAa5n_AccordionHead1\" class=\"panel-heading\" role=\"tab\">\n<h4>&nbsp;<\/h4>\n<h4 class=\"panel-title\"><a class=\"head-collapse\" role=\"button\" href=\"https:\/\/portales.ced.junta-andalucia.es\/educacion\/portales\/web\/planes-y-programas\/programas-desarrollo-educativo\/programa-de-refuerzo-educativo-en-periodo-estival\/presentacion\" data-toggle=\"collapse\" data-parent=\"#_ABACO_WEB_WAR_abacoportlet_INSTANCE_hBW3zqwcAa5n_list-web-accordion\" data-accordion=\"#_ABACO_WEB_WAR_abacoportlet_INSTANCE_hBW3zqwcAa5n_Accordion1\">\u00bfEn qu\u00e9 consiste? <\/a><\/h4>\n<\/div>\n<div id=\"_ABACO_WEB_WAR_abacoportlet_INSTANCE_hBW3zqwcAa5n_Accordion1\" class=\"panel-collapse collapse in\" role=\"tabpanel\" aria-labelledby=\"_ABACO_WEB_WAR_abacoportlet_INSTANCE_hBW3zqwcAa5n_AccordionHead1\">\n<div class=\"panel-body\">\n<div class=\"detalle web\">\n<header class=\"\"><\/header>\n<div class=\"contenido_detalle\">\n<section class=\"cuerpo detalle_html\">\n<div class=\"inner_cuerpo\">\n<ul>\n<li>Actividades que se impartir\u00e1n durante el mes de julio en centros de educaci\u00f3n p\u00fablicos dirigidas a proporcionar al alumnado refuerzo educativo y apoyo para la organizaci\u00f3n del trabajo<\/li>\n<li>Asimismo, a trav\u00e9s de actividades l\u00fadico-deportivas, pretende fomentar habilidades de integraci\u00f3n y adaptaci\u00f3n al grupo y h\u00e1bitos de vida saludables.<\/li>\n<\/ul>\n<\/div>\n<\/section>\n<\/div>\n<\/div>\n<\/div>\n<\/div>\n<\/div>\n<div id=\"yui_patched_v3_11_0_1_1622547273616_147\" class=\"panel panel-default opened\">\n<div id=\"_ABACO_WEB_WAR_abacoportlet_INSTANCE_hBW3zqwcAa5n_AccordionHead2\" class=\"panel-heading\" role=\"tab\">\n<h4 id=\"yui_patched_v3_11_0_1_1622547273616_146\" class=\"panel-title\"><a class=\"head-collapse\" role=\"button\" href=\"https:\/\/portales.ced.junta-andalucia.es\/educacion\/portales\/web\/planes-y-programas\/programas-desarrollo-educativo\/programa-de-refuerzo-educativo-en-periodo-estival\/presentacion\" data-toggle=\"collapse\" data-parent=\"#_ABACO_WEB_WAR_abacoportlet_INSTANCE_hBW3zqwcAa5n_list-web-accordion\" data-accordion=\"#_ABACO_WEB_WAR_abacoportlet_INSTANCE_hBW3zqwcAa5n_Accordion2\"> \u00bfQu\u00e9 objetivos tiene? <\/a><\/h4>\n<\/div>\n<div id=\"_ABACO_WEB_WAR_abacoportlet_INSTANCE_hBW3zqwcAa5n_Accordion2\" class=\"panel-collapse collapse in\" role=\"tabpanel\" aria-labelledby=\"_ABACO_WEB_WAR_abacoportlet_INSTANCE_hBW3zqwcAa5n_AccordionHead2\">\n<div class=\"panel-body\">\n<div class=\"detalle web\">\n<div class=\"contenido_detalle\">\n<section class=\"cuerpo detalle_html\">\n<div class=\"inner_cuerpo\">\n<ul>\n<li>Mejorar habilidades y actitudes asociadas a la lectura, al razonamiento y l\u00f3gica matem\u00e1tica y a la adquisici\u00f3n de destrezas ling\u00fc\u00edsticas de la lengua extranjera inglesa.<\/li>\n<li>Desarrollar en el alumnado h\u00e1bitos de organizaci\u00f3n y trabajo, as\u00ed como t\u00e9cnicas de estudio.<\/li>\n<li>Participar en actividades de car\u00e1cter l\u00fadico-deportivo que fomenten h\u00e1bitos saludables y la participaci\u00f3n en actividades en el entorno escolar.<\/li>\n<li>Contribuir al aumento de la tasa de promoci\u00f3n y titulaci\u00f3n del alumnado.&nbsp;<\/li>\n<\/ul>\n<\/div>\n<\/section>\n<\/div>\n<\/div>\n<\/div>\n<\/div>\n<\/div>\n<div id=\"yui_patched_v3_11_0_1_1622547273616_154\" class=\"panel panel-default opened\">\n<div id=\"_ABACO_WEB_WAR_abacoportlet_INSTANCE_hBW3zqwcAa5n_AccordionHead3\" class=\"panel-heading\" role=\"tab\">\n<h4 class=\"panel-title\"><a class=\"head-collapse\" role=\"button\" href=\"https:\/\/www.juntadeandalucia.es\/educacion\/portals\/web\/ced\/familias\/programa-refuerzo-estival-2021#_ABACO_WEB_WAR_abacoportlet_INSTANCE_hBW3zqwcAa5n_Accordion3\" data-toggle=\"collapse\" data-parent=\"#_ABACO_WEB_WAR_abacoportlet_INSTANCE_hBW3zqwcAa5n_list-web-accordion\" data-accordion=\"#_ABACO_WEB_WAR_abacoportlet_INSTANCE_hBW3zqwcAa5n_Accordion3\">\u00bfA qu\u00e9 alumnado va dirigido? <\/a><\/h4>\n<\/div>\n<div id=\"_ABACO_WEB_WAR_abacoportlet_INSTANCE_hBW3zqwcAa5n_Accordion3\" class=\"panel-collapse collapse in\" role=\"tabpanel\" aria-labelledby=\"_ABACO_WEB_WAR_abacoportlet_INSTANCE_hBW3zqwcAa5n_AccordionHead3\">\n<div class=\"panel-body\">\n<div class=\"detalle web\">\n<header class=\"\"><\/header>\n<div class=\"contenido_detalle\">\n<section class=\"cuerpo detalle_html\">\n<div class=\"inner_cuerpo\">\n<ul>\n<li>Alumnado de Educaci\u00f3n Primaria&nbsp; escolarizado en centros docentes p\u00fablicos o sostenidos con fondos p\u00fablicos de la Comunidad Aut\u00f3noma de Andaluc\u00eda.<\/li>\n<li>Que precise refuerzo educativo en \u00e1reas y materias instrumentales: Lengua Castellana, Matem\u00e1ticas y Lengua extranjera Ingl\u00e9s.<\/li>\n<li>O bien necesite apoyo para la organizaci\u00f3n del trabajo y de los h\u00e1bitos y t\u00e9cnicas de estudio o el desarrollo de habilidades de integraci\u00f3n y de adaptaci\u00f3n al grupo<\/li>\n<\/ul>\n<div id=\"yui_patched_v3_11_0_1_1622547273616_168\" class=\"panel panel-default \">\n<div id=\"_ABACO_WEB_WAR_abacoportlet_INSTANCE_hBW3zqwcAa5n_Accordion5\" class=\"panel-collapse collapse\" role=\"tabpanel\" aria-labelledby=\"_ABACO_WEB_WAR_abacoportlet_INSTANCE_hBW3zqwcAa5n_AccordionHead5\">\n<div class=\"panel-body\">\n<div class=\"detalle web\">\n<div class=\"contenido_detalle\">\n<section class=\"cuerpo detalle_html\">\n<div class=\"inner_cuerpo\">\n<p>&nbsp;<\/p>\n<h4 class=\"panel-title\"><span style=\"color: #3366ff\"><a href=\"https:\/\/www.juntadeandalucia.es\/educacion\/portals\/web\/ced\/familias\/programa-refuerzo-estival-2024\">Plazos para la solicitud del alumnado<\/a>.<\/span><\/h4>\n<p><strong>1<\/strong>. Los padres, madres o personas que ejerzan la tutela legal del <strong>alumnado deber\u00e1n solicitar la participaci\u00f3n en el Programa del 13 al 22 de mayo <\/strong>a trav\u00e9s de la <strong><a href=\"https:\/\/www.juntadeandalucia.es\/educacion\/secretariavirtual\/accesoTramite\/472\/\">Secretaria Virtual de la Consejer\u00eda de Educaci\u00f3n y Deporte<\/a><\/strong> o bien <strong>directamente en el centro docente solicitado<\/strong> en primer lugar.<\/p>\n<p><strong>Secretar\u00eda Virtual: <a href=\"https:\/\/www.juntadeandalucia.es\/educacion\/secretariavirtual\/accesoTramite\/472\/\">https:\/\/www.juntadeandalucia.es\/educacion\/secretariavirtual\/solicitudes\/<\/a><\/strong><\/p>\n<p>En la solicitud podr\u00e1n incluirse hasta tres centros docentes del listado de centros solicitantes publicado el 13 de mayo, teniendo en cuenta que si el centro en el que est\u00e9 matriculado el alumno o la alumna en el curso 2024\/2025 est\u00e1 incluido en dicho listado deber\u00e1 solicitar ese centro en primer lugar.<\/p>\n<p><strong>2. El 3 de junio<\/strong>, o primer d\u00eda h\u00e1bil posterior al mismo, las familias podr\u00e1n <strong>consultar el estado de su solicitud <\/strong>en el tabl\u00f3n de anuncios del centro solicitado en primer lugar, as\u00ed como en la p\u00e1gina web de dicho centro docente.<\/p>\n<p><strong>3.Del 5 al 10 de junio existir\u00e1 un periodo de alegaciones y renuncias<\/strong> a trav\u00e9s del formulario disponible en la Secretar\u00eda Virtual de la Consejer\u00eda competente en materia de educaci\u00f3n o en el centro docente en el que haya presentado la solicitud.<\/p>\n<p><strong>4.El 25 de junio<\/strong> <strong>las familias podr\u00e1n consultar<\/strong> en el tabl\u00f3n de anuncios del centro solicitado en primer lugar, <strong>el centro donde ha sido admitido el alumno o la alumna<\/strong>, as\u00ed como en la p\u00e1gina web de dicho centro docente.<\/p>\n<h1 style=\"text-align: center\"><span style=\"color: #0000ff\"><strong><u>PLAZOS<\/u><\/strong><\/span><\/h1>\n<p><img fetchpriority=\"high\" decoding=\"async\" class=\"wp-image-4101 aligncenter\" src=\"https:\/\/blogsaverroes.juntadeandalucia.es\/ceipreyescatolicos\/files\/2025\/05\/CEIP-Reyes-Catolicos1.jpg\" alt=\"\" width=\"278\" height=\"494\" srcset=\"https:\/\/blogsaverroes.juntadeandalucia.es\/ceipreyescatolicos\/files\/2025\/05\/CEIP-Reyes-Catolicos1.jpg 900w, https:\/\/blogsaverroes.juntadeandalucia.es\/ceipreyescatolicos\/files\/2025\/05\/CEIP-Reyes-Catolicos1-169x300.jpg 169w, https:\/\/blogsaverroes.juntadeandalucia.es\/ceipreyescatolicos\/files\/2025\/05\/CEIP-Reyes-Catolicos1-576x1024.jpg 576w, https:\/\/blogsaverroes.juntadeandalucia.es\/ceipreyescatolicos\/files\/2025\/05\/CEIP-Reyes-Catolicos1-84x150.jpg 84w, https:\/\/blogsaverroes.juntadeandalucia.es\/ceipreyescatolicos\/files\/2025\/05\/CEIP-Reyes-Catolicos1-768x1365.jpg 768w, https:\/\/blogsaverroes.juntadeandalucia.es\/ceipreyescatolicos\/files\/2025\/05\/CEIP-Reyes-Catolicos1-864x1536.jpg 864w\" sizes=\"(max-width: 278px) 100vw, 278px\" \/>&nbsp;<\/p>\n<\/div>\n<\/section>\n<\/div>\n<\/div>\n<\/div>\n<\/div>\n<\/div>\n<div id=\"yui_patched_v3_11_0_1_1622547273616_175\" class=\"panel panel-default opened\">\n<div id=\"_ABACO_WEB_WAR_abacoportlet_INSTANCE_hBW3zqwcAa5n_AccordionHead6\" class=\"panel-heading\" role=\"tab\">\n<h4 id=\"yui_patched_v3_11_0_1_1622547273616_174\" class=\"panel-title\"><a class=\"head-collapse\" role=\"button\" href=\"https:\/\/www.juntadeandalucia.es\/educacion\/portals\/web\/ced\/familias\/programa-refuerzo-estival-2024\" data-toggle=\"collapse\" data-parent=\"#_ABACO_WEB_WAR_abacoportlet_INSTANCE_hBW3zqwcAa5n_list-web-accordion\" data-accordion=\"#_ABACO_WEB_WAR_abacoportlet_INSTANCE_hBW3zqwcAa5n_Accordion6\"> \u00bfC\u00f3mo puede participar un alumno o alumna? <\/a><\/h4>\n<\/div>\n<div id=\"_ABACO_WEB_WAR_abacoportlet_INSTANCE_hBW3zqwcAa5n_Accordion6\" class=\"panel-collapse collapse in\" role=\"tabpanel\" aria-labelledby=\"_ABACO_WEB_WAR_abacoportlet_INSTANCE_hBW3zqwcAa5n_AccordionHead6\">\n<div class=\"panel-body\">\n<div class=\"detalle web\">\n<div class=\"contenido_detalle\">\n<section class=\"cuerpo detalle_html\">\n<div class=\"inner_cuerpo\">\n<ul>\n<li>Los padres, madres o tutores legales del alumnado deber\u00e1n solicitar la participaci\u00f3n en el programa v\u00eda telem\u00e1tica a trav\u00e9s del portal <a href=\"https:\/\/www.juntadeandalucia.es\/educacion\/secretariavirtual\/\">web de la Consejer\u00eda<\/a> y en el centro en el que se imparta el programa.<\/li>\n<li>Podr\u00e1n solicitar la primera, la segunda o las dos quincenas de julio.<\/li>\n<li>En caso de que el centro de su hijo o hija no ofrezca el programa, podr\u00e1n solicitar su participaci\u00f3n en alguno de los centros de la resoluci\u00f3n definitiva de centros participantes en el programa que se publicar\u00e1 en el portal web de la Consejer\u00eda.<\/li>\n<li>\n<h2><span style=\"color: #ff0000\">El programa es gratuito<\/span> y los materiales a utilizar los proporcionar\u00e1 la Consejer\u00eda.<\/h2>\n<\/li>\n<\/ul>\n<div id=\"yui_patched_v3_11_0_1_1622547273616_182\" class=\"panel panel-default opened\">\n<div id=\"_ABACO_WEB_WAR_abacoportlet_INSTANCE_hBW3zqwcAa5n_AccordionHead7\" class=\"panel-heading\" role=\"tab\">\n<h4 id=\"yui_patched_v3_11_0_1_1622547273616_181\" class=\"panel-title\"><a class=\"head-collapse\" role=\"button\" href=\"https:\/\/www.juntadeandalucia.es\/educacion\/portals\/web\/ced\/familias\/programa-refuerzo-estival-2024\" data-toggle=\"collapse\" data-parent=\"#_ABACO_WEB_WAR_abacoportlet_INSTANCE_hBW3zqwcAa5n_list-web-accordion\" data-accordion=\"#_ABACO_WEB_WAR_abacoportlet_INSTANCE_hBW3zqwcAa5n_Accordion7\"> \u00bfC\u00f3mo se organiza el programa? <\/a><\/h4>\n<\/div>\n<div id=\"_ABACO_WEB_WAR_abacoportlet_INSTANCE_hBW3zqwcAa5n_Accordion7\" class=\"panel-collapse collapse in\" role=\"tabpanel\" aria-labelledby=\"_ABACO_WEB_WAR_abacoportlet_INSTANCE_hBW3zqwcAa5n_AccordionHead7\">\n<div class=\"panel-body\">\n<div class=\"detalle web\">\n<div class=\"contenido_detalle\">\n<section class=\"cuerpo detalle_html\">\n<div class=\"inner_cuerpo\">\n<ul>\n<li>El horario ser\u00e1 de 9 a 14 horas, realiz\u00e1ndose los siguientes talleres y actividades:\n<ul>\n<li>Taller de actividad f\u00edsico-deportiva y h\u00e1bitos de vida saludable<\/li>\n<li>Taller de refuerzo ling\u00fc\u00edstico&nbsp;<\/li>\n<li>Taller de razonamiento matem\u00e1tico<\/li>\n<li>Taller de refuerzo de ingl\u00e9s&nbsp;<\/li>\n<\/ul>\n<\/li>\n<\/ul>\n<p>En el horario se incluir\u00e1 media hora inicial de Asamblea y otra media hora de descanso.<\/p>\n<\/div>\n<\/section>\n<\/div>\n<\/div>\n<\/div>\n<\/div>\n<\/div>\n<\/div>\n<\/section>\n<\/div>\n<\/div>\n<\/div>\n<\/div>\n<\/div>\n<div id=\"yui_patched_v3_11_0_1_1622547273616_175\" class=\"panel panel-default opened\">\n<div id=\"_ABACO_WEB_WAR_abacoportlet_INSTANCE_hBW3zqwcAa5n_Accordion6\" class=\"panel-collapse collapse in\" role=\"tabpanel\" aria-labelledby=\"_ABACO_WEB_WAR_abacoportlet_INSTANCE_hBW3zqwcAa5n_AccordionHead6\">\n<div class=\"panel-body\">\n<div class=\"detalle web\">\n<div class=\"contenido_detalle\">\n<section class=\"cuerpo detalle_html\">\n<div class=\"inner_cuerpo\">\n<div id=\"yui_patched_v3_11_0_1_1622547273616_189\" class=\"panel panel-default opened\">\n<div id=\"_ABACO_WEB_WAR_abacoportlet_INSTANCE_hBW3zqwcAa5n_AccordionHead8\" class=\"panel-heading\" role=\"tab\">\n<h4 id=\"yui_patched_v3_11_0_1_1622547273616_188\" class=\"panel-title\"><a class=\"head-collapse\" role=\"button\" href=\"https:\/\/www.juntadeandalucia.es\/educacion\/portals\/web\/ced\/familias\/programa-refuerzo-estival-2024\" data-toggle=\"collapse\" data-parent=\"#_ABACO_WEB_WAR_abacoportlet_INSTANCE_hBW3zqwcAa5n_list-web-accordion\" data-accordion=\"#_ABACO_WEB_WAR_abacoportlet_INSTANCE_hBW3zqwcAa5n_Accordion8\"> \u00bfD\u00f3nde puedo dirigir una consulta sobre el programa? <\/a><\/h4>\n<\/div>\n<div id=\"_ABACO_WEB_WAR_abacoportlet_INSTANCE_hBW3zqwcAa5n_Accordion8\" class=\"panel-collapse collapse in\" role=\"tabpanel\" aria-labelledby=\"_ABACO_WEB_WAR_abacoportlet_INSTANCE_hBW3zqwcAa5n_AccordionHead8\">\n<div class=\"panel-body\">\n<div class=\"detalle web\">\n<div class=\"contenido_detalle\">\n<section class=\"cuerpo detalle_html\">\n<div class=\"inner_cuerpo\">\n<p>Al correo de la Direcci\u00f3n General de Atenci\u00f3n a la Diversidad, Participaci\u00f3n y Convivencia Escolar:<\/p>\n<p><a href=\"mailto:orientacion.atendiversidad.ced@juntadeandalucia.es\">orientacion.atendiversidad.ced@juntadeandalucia.es<\/a><\/p>\n<\/div>\n<\/section>\n<\/div>\n<\/div>\n<\/div>\n<\/div>\n<\/div>\n<p>&nbsp;<\/p>\n<\/div>\n<\/section>\n<\/div>\n<p>Aqu\u00ed puedes descargarte la solicitud: <a href=\"https:\/\/blogsaverroes.juntadeandalucia.es\/ceipreyescatolicos\/files\/2024\/05\/Refuerzo-Estival-ANEXO-II-BOJA.pdf\">Refuerzo Estival ANEXO II BOJA<\/a><\/p>\n<p>Mas informaci\u00f3n en el siguiente enlace:&nbsp;<a href=\"https:\/\/blogsaverroes.juntadeandalucia.es\/ceipreyescatolicos\/files\/2025\/05\/Informacion-Familias-Refuerzo-Estival-24-25.pdf\">Informacion-Familias-Refuerzo-Estival-24-25<\/a><\/p>\n<\/div>\n<\/div>\n<\/div>\n<\/div>\n<\/div>\n<\/section>\n<\/div>\n<\/div>\n<\/div>\n<\/div>\n<\/div>\n<\/div>\n<\/div>\n<\/div>\n<\/div>\n<\/div>\n","protected":false},"excerpt":{"rendered":"<p>&nbsp; \u00bfEn qu\u00e9 consiste? Actividades que se impartir\u00e1n durante el mes de julio en centros de educaci\u00f3n p\u00fablicos dirigidas a proporcionar al alumnado refuerzo educativo y apoyo para la organizaci\u00f3n del trabajo Asimismo, a trav\u00e9s de actividades l\u00fadico-deportivas, pretende fomentar&#46;&#46;&#46;<\/p>\n","protected":false},"author":7641,"featured_media":4100,"parent":0,"menu_order":0,"comment_status":"closed","ping_status":"closed","template":"","meta":{"ngg_post_thumbnail":0,"footnotes":"","_mc_calendar":[]},"aioseo_notices":[],"_links":{"self":[{"href":"https:\/\/blogsaverroes.juntadeandalucia.es\/ceipreyescatolicos\/wp-json\/wp\/v2\/pages\/2748"}],"collection":[{"href":"https:\/\/blogsaverroes.juntadeandalucia.es\/ceipreyescatolicos\/wp-json\/wp\/v2\/pages"}],"about":[{"href":"https:\/\/blogsaverroes.juntadeandalucia.es\/ceipreyescatolicos\/wp-json\/wp\/v2\/types\/page"}],"author":[{"embeddable":true,"href":"https:\/\/blogsaverroes.juntadeandalucia.es\/ceipreyescatolicos\/wp-json\/wp\/v2\/users\/7641"}],"replies":[{"embeddable":true,"href":"https:\/\/blogsaverroes.juntadeandalucia.es\/ceipreyescatolicos\/wp-json\/wp\/v2\/comments?post=2748"}],"version-history":[{"count":12,"href":"https:\/\/blogsaverroes.juntadeandalucia.es\/ceipreyescatolicos\/wp-json\/wp\/v2\/pages\/2748\/revisions"}],"predecessor-version":[{"id":3447,"href":"https:\/\/blogsaverroes.juntadeandalucia.es\/ceipreyescatolicos\/wp-json\/wp\/v2\/pages\/2748\/revisions\/3447"}],"wp:featuredmedia":[{"embeddable":true,"href":"https:\/\/blogsaverroes.juntadeandalucia.es\/ceipreyescatolicos\/wp-json\/wp\/v2\/media\/4100"}],"wp:attachment":[{"href":"https:\/\/blogsaverroes.juntadeandalucia.es\/ceipreyescatolicos\/wp-json\/wp\/v2\/media?parent=2748"}],"curies":[{"name":"wp","href":"https:\/\/api.w.org\/{rel}","templated":true}]}}