{"id":2951,"date":"2021-10-07T12:12:01","date_gmt":"2021-10-07T11:12:01","guid":{"rendered":"https:\/\/blogsaverroes.juntadeandalucia.es\/ceipreyescatolicos\/?page_id=2951"},"modified":"2025-10-29T14:26:25","modified_gmt":"2025-10-29T13:26:25","slug":"nuevos-precios-publicos-de-los-servicios-de-aula-matinal-comedor-escolar-y-actividades-extraescolares","status":"publish","type":"page","link":"https:\/\/blogsaverroes.juntadeandalucia.es\/ceipreyescatolicos\/nuevos-precios-publicos-de-los-servicios-de-aula-matinal-comedor-escolar-y-actividades-extraescolares\/","title":{"rendered":"Precios p\u00fablicos de los servicios de aula matinal, comedor escolar y actividades extraescolares"},"content":{"rendered":"<p data-start=\"294\" data-end=\"930\"><strong data-start=\"294\" data-end=\"315\">INFORMACI\u00d3N SOBRE<\/strong> el <em data-start=\"319\" data-end=\"350\">Acuerdo de 2 de julio de 2024<\/em>, del Consejo de Gobierno, por el que se revisan las cuant\u00edas de los precios p\u00fablicos de los servicios de <strong data-start=\"456\" data-end=\"518\">aula matinal, comedor escolar y actividades extraescolares<\/strong> en los centros docentes p\u00fablicos de Andaluc\u00eda, establecidos en el apartado A) del Anexo I del <em data-start=\"613\" data-end=\"669\">Acuerdo del Consejo de Gobierno de 27 de marzo de 2018<\/em>, por el que se fij\u00f3 la cuant\u00eda de los precios p\u00fablicos por los servicios complementarios de aula matinal, comedor escolar y actividades extraescolares en los centros docentes p\u00fablicos y por el servicio de residencia en las residencias escolares de Andaluc\u00eda.<\/p>\n<h3 data-start=\"932\" data-end=\"997\">Precio de los servicios complementarios (impuestos incluidos)<\/h3>\n<p data-start=\"999\" data-end=\"1105\"><strong data-start=\"999\" data-end=\"1030\">1. Servicio de aula matinal<\/strong><br data-start=\"1030\" data-end=\"1033\"\/>\u2013 Precio mensual: <strong data-start=\"1051\" data-end=\"1066\">17,51 euros<\/strong>.<br data-start=\"1067\" data-end=\"1070\"\/>\u2013 Precio por d\u00eda: <strong data-start=\"1088\" data-end=\"1102\">1,33 euros<\/strong>.<\/p>\n<p data-start=\"1107\" data-end=\"1179\"><strong data-start=\"1107\" data-end=\"1141\">2. Servicio de comedor escolar<\/strong><br data-start=\"1141\" data-end=\"1144\"\/>\u2013 Precio por d\u00eda: <strong data-start=\"1162\" data-end=\"1176\">5,54 euros<\/strong>.<\/p>\n<p data-start=\"1181\" data-end=\"1284\"><strong data-start=\"1181\" data-end=\"1226\">3. Servicio de actividades extraescolares<\/strong><br data-start=\"1226\" data-end=\"1229\"\/>\u2013 Precio mensual: <strong data-start=\"1247\" data-end=\"1281\">17,51 euros por cada actividad<\/strong>.<\/p>\n<p data-start=\"1286\" data-end=\"1536\">\ud83d\udcce <em data-start=\"1289\" data-end=\"1366\">Descarga el acuerdo completo en la p\u00e1gina oficial de la Junta de Andaluc\u00eda:<\/em><br data-start=\"1366\" data-end=\"1369\"\/><a class=\"decorated-link\" href=\"https:\/\/www.juntadeandalucia.es\/organismos\/economiahaciendayfondoseuropeos\/areas\/tributos-juego\/tributos\/paginas\/mat-com-extraesc-24-25.html?utm_source=chatgpt.com\" target=\"_new\" rel=\"noopener\" data-start=\"1369\" data-end=\"1536\">www.juntadeandalucia.es<\/a><\/p>\n","protected":false},"excerpt":{"rendered":"<p>INFORMACI\u00d3N SOBRE el Acuerdo de 2 de julio de 2024, del Consejo de Gobierno, por el que se revisan las cuant\u00edas de los precios p\u00fablicos de los servicios de aula matinal, comedor escolar y actividades extraescolares en los centros docentes&#46;&#46;&#46;<\/p>\n","protected":false},"author":7641,"featured_media":0,"parent":0,"menu_order":0,"comment_status":"closed","ping_status":"closed","template":"","meta":{"ngg_post_thumbnail":0,"footnotes":"","_mc_calendar":[]},"aioseo_notices":[],"_links":{"self":[{"href":"https:\/\/blogsaverroes.juntadeandalucia.es\/ceipreyescatolicos\/wp-json\/wp\/v2\/pages\/2951"}],"collection":[{"href":"https:\/\/blogsaverroes.juntadeandalucia.es\/ceipreyescatolicos\/wp-json\/wp\/v2\/pages"}],"about":[{"href":"https:\/\/blogsaverroes.juntadeandalucia.es\/ceipreyescatolicos\/wp-json\/wp\/v2\/types\/page"}],"author":[{"embeddable":true,"href":"https:\/\/blogsaverroes.juntadeandalucia.es\/ceipreyescatolicos\/wp-json\/wp\/v2\/users\/7641"}],"replies":[{"embeddable":true,"href":"https:\/\/blogsaverroes.juntadeandalucia.es\/ceipreyescatolicos\/wp-json\/wp\/v2\/comments?post=2951"}],"version-history":[{"count":4,"href":"https:\/\/blogsaverroes.juntadeandalucia.es\/ceipreyescatolicos\/wp-json\/wp\/v2\/pages\/2951\/revisions"}],"predecessor-version":[{"id":4332,"href":"https:\/\/blogsaverroes.juntadeandalucia.es\/ceipreyescatolicos\/wp-json\/wp\/v2\/pages\/2951\/revisions\/4332"}],"wp:attachment":[{"href":"https:\/\/blogsaverroes.juntadeandalucia.es\/ceipreyescatolicos\/wp-json\/wp\/v2\/media?parent=2951"}],"curies":[{"name":"wp","href":"https:\/\/api.w.org\/{rel}","templated":true}]}}