{"id":3130,"date":"2022-03-23T10:02:09","date_gmt":"2022-03-23T09:02:09","guid":{"rendered":"https:\/\/blogsaverroes.juntadeandalucia.es\/ceipreyescatolicos\/?page_id=3130"},"modified":"2025-02-21T10:46:21","modified_gmt":"2025-02-21T09:46:21","slug":"information-pour-les-assistants-de-langue-auxiliar-de-conversacion","status":"publish","type":"page","link":"https:\/\/blogsaverroes.juntadeandalucia.es\/ceipreyescatolicos\/information-pour-les-assistants-de-langue-auxiliar-de-conversacion\/","title":{"rendered":"INFORMATION POUR LES ASSISTANTS DE LANGUE &#8211; Auxiliar de Conversaci\u00f3n"},"content":{"rendered":"<table style=\"border-collapse: collapse;width: 80.34%;height: 47px\">\n<tbody>\n<tr>\n<td style=\"width: 35.0611%\"><img decoding=\"async\" class=\"wp-image-3415 aligncenter\" src=\"https:\/\/blogsaverroes.juntadeandalucia.es\/ceipreyescatolicos\/files\/2023\/03\/europa.3-280x300.png\" alt=\"\" width=\"124\" height=\"133\" srcset=\"https:\/\/blogsaverroes.juntadeandalucia.es\/ceipreyescatolicos\/files\/2023\/03\/europa.3-280x300.png 280w, https:\/\/blogsaverroes.juntadeandalucia.es\/ceipreyescatolicos\/files\/2023\/03\/europa.3-140x150.png 140w, https:\/\/blogsaverroes.juntadeandalucia.es\/ceipreyescatolicos\/files\/2023\/03\/europa.3-22x24.png 22w, https:\/\/blogsaverroes.juntadeandalucia.es\/ceipreyescatolicos\/files\/2023\/03\/europa.3-34x36.png 34w, https:\/\/blogsaverroes.juntadeandalucia.es\/ceipreyescatolicos\/files\/2023\/03\/europa.3-45x48.png 45w, https:\/\/blogsaverroes.juntadeandalucia.es\/ceipreyescatolicos\/files\/2023\/03\/europa.3.png 715w\" sizes=\"(max-width: 124px) 100vw, 124px\" \/><\/td>\n<td style=\"width: 64.9389%\"><img decoding=\"async\" class=\"alignnone wp-image-3417\" src=\"https:\/\/blogsaverroes.juntadeandalucia.es\/ceipreyescatolicos\/files\/2023\/03\/europa-300x259.gif\" alt=\"\" width=\"174\" height=\"150\" srcset=\"https:\/\/blogsaverroes.juntadeandalucia.es\/ceipreyescatolicos\/files\/2023\/03\/europa-300x259.gif 300w, https:\/\/blogsaverroes.juntadeandalucia.es\/ceipreyescatolicos\/files\/2023\/03\/europa-150x129.gif 150w, https:\/\/blogsaverroes.juntadeandalucia.es\/ceipreyescatolicos\/files\/2023\/03\/europa-24x21.gif 24w, https:\/\/blogsaverroes.juntadeandalucia.es\/ceipreyescatolicos\/files\/2023\/03\/europa-36x31.gif 36w, https:\/\/blogsaverroes.juntadeandalucia.es\/ceipreyescatolicos\/files\/2023\/03\/europa-48x41.gif 48w\" sizes=\"(max-width: 174px) 100vw, 174px\" \/><img decoding=\"async\" class=\"wp-image-3416 alignleft\" src=\"https:\/\/blogsaverroes.juntadeandalucia.es\/ceipreyescatolicos\/files\/2023\/03\/europa.2-300x149.png\" alt=\"\" width=\"232\" height=\"115\" srcset=\"https:\/\/blogsaverroes.juntadeandalucia.es\/ceipreyescatolicos\/files\/2023\/03\/europa.2-300x149.png 300w, https:\/\/blogsaverroes.juntadeandalucia.es\/ceipreyescatolicos\/files\/2023\/03\/europa.2-1024x508.png 1024w, https:\/\/blogsaverroes.juntadeandalucia.es\/ceipreyescatolicos\/files\/2023\/03\/europa.2-150x74.png 150w, https:\/\/blogsaverroes.juntadeandalucia.es\/ceipreyescatolicos\/files\/2023\/03\/europa.2-768x381.png 768w, https:\/\/blogsaverroes.juntadeandalucia.es\/ceipreyescatolicos\/files\/2023\/03\/europa.2-1536x762.png 1536w, https:\/\/blogsaverroes.juntadeandalucia.es\/ceipreyescatolicos\/files\/2023\/03\/europa.2-2048x1016.png 2048w, https:\/\/blogsaverroes.juntadeandalucia.es\/ceipreyescatolicos\/files\/2023\/03\/europa.2-24x12.png 24w, https:\/\/blogsaverroes.juntadeandalucia.es\/ceipreyescatolicos\/files\/2023\/03\/europa.2-36x18.png 36w, https:\/\/blogsaverroes.juntadeandalucia.es\/ceipreyescatolicos\/files\/2023\/03\/europa.2-48x24.png 48w, https:\/\/blogsaverroes.juntadeandalucia.es\/ceipreyescatolicos\/files\/2023\/03\/europa.2.png 1600w\" sizes=\"(max-width: 232px) 100vw, 232px\" \/><\/td>\n<\/tr>\n<\/tbody>\n<\/table>\n<table style=\"width: 80.5161%;height: 2499px\" width=\"631\">\n<tbody>\n<tr style=\"height: 137px\">\n<td style=\"width: 34.6026%;height: 137px\"><strong><img loading=\"lazy\" decoding=\"async\" class=\"alignnone size-medium wp-image-2571\" src=\"https:\/\/blogsaverroes.juntadeandalucia.es\/ceipreyescatolicos\/files\/2021\/04\/Dise\u00f1o-sin-t\u00edtulo-2-300x169.png\" alt=\"\" width=\"300\" height=\"169\" srcset=\"https:\/\/blogsaverroes.juntadeandalucia.es\/ceipreyescatolicos\/files\/2021\/04\/Dise\u00f1o-sin-t\u00edtulo-2-300x169.png 300w, https:\/\/blogsaverroes.juntadeandalucia.es\/ceipreyescatolicos\/files\/2021\/04\/Dise\u00f1o-sin-t\u00edtulo-2-150x84.png 150w, https:\/\/blogsaverroes.juntadeandalucia.es\/ceipreyescatolicos\/files\/2021\/04\/Dise\u00f1o-sin-t\u00edtulo-2-768x432.png 768w, https:\/\/blogsaverroes.juntadeandalucia.es\/ceipreyescatolicos\/files\/2021\/04\/Dise\u00f1o-sin-t\u00edtulo-2.png 913w\" sizes=\"(max-width: 300px) 100vw, 300px\" \/><\/strong><br \/>\n&nbsp;<\/td>\n<td style=\"width: 64.2384%;height: 137px\"><img loading=\"lazy\" decoding=\"async\" class=\"alignnone wp-image-3135 size-full\" src=\"https:\/\/blogsaverroes.juntadeandalucia.es\/ceipreyescatolicos\/files\/2022\/03\/2020184204_e5a8a7769e512ceb-9372b.gif\" alt=\"\" width=\"575\" height=\"223\"\/><\/td>\n<\/tr>\n<tr style=\"height: 152px\">\n<td style=\"width: 34.6026%;height: 152px\" width=\"242\"><b>INFORMATION DE L\u2019ETABLISSEMENT<\/b><\/td>\n<td style=\"width: 64.2384%\">\n<ul>\n<li>CEIP REYES CAT\u00d3LICOS<\/li>\n<li>AVENIDA ANA DE VIYA, 36, 11010 C\u00c1DIZ (ESPAGNE)<\/li>\n<li>0034-956243143<\/li>\n<li><a href=\"mailto:11001099@g.educaand.es\">11001099@g.educaand.es<\/a><\/li>\n<li>Lien vers l&#8217;emplacement sur Google Maps : https:\/\/shortest.link\/i-3c<\/li>\n<\/ul>\n<\/td>\n<\/tr>\n<tr style=\"height: 104px\">\n<td style=\"width: 34.6026%;height: 104px\" width=\"242\"><strong>Contact de la personne de r\u00e9f\u00e9rence<\/strong><\/td>\n<td style=\"width: 64.2384%\">\n<ul>\n<li>E-mail d&#8217;un membre de l&#8217;\u00e9quipe de direction: <a href=\"mailto:11001099@g.educaand.es\">11001099@g.educaand.es<\/a><\/li>\n<li>E-mail de la personne coordinatrice du programme : <a href=\"mperinv219@g.educaand.es\">mperinv219@g.educaand.es<\/a><\/li>\n<\/ul>\n<\/td>\n<\/tr>\n<tr>\n<td style=\"width: 34.6026%\"><b>Niveaux scolaires<\/b><\/td>\n<td style=\"width: 64.2384%;height: 80px\" width=\"389\">\n<ul>\n<li>Maternelle (3 \u00e0 6 ans)<\/li>\n<li>Primaire (6 \u00e0 12 ans)<\/li>\n<\/ul>\n<\/td>\n<\/tr>\n<tr>\n<td style=\"width: 34.6026%\"><b>Mati\u00e8res\/domaines de collaboration de l&#8217;assistant de conversation<\/b><\/td>\n<td style=\"width: 64.2384%;height: 104px\" width=\"389\">\n<ul>\n<li>Sciences Naturelles<\/li>\n<li>Sciences Sociales<\/li>\n<li>Arts Plastiques<\/li>\n<li>\u00c9ducation Physique<\/li>\n<li>Fran\u00e7ais<\/li>\n<\/ul>\n<\/td>\n<\/tr>\n<tr style=\"height: 80px\">\n<td style=\"width: 34.6026%;height: 80px\" width=\"242\"><strong>Information sur la ville<\/strong><\/td>\n<td style=\"width: 64.2384%;height: 80px\" width=\"389\">\n<ul>\n<li><a href=\"https:\/\/www.spain.info\/fr\/destination\/cadix\/\">https:\/\/www.espagne-facile.com\/cadix\/176\/<\/a><\/li>\n<li><a href=\"https:\/\/www.spain.info\/fr\/destination\/cadix\/\">https:\/\/www.vacancesespagne.fr\/Cadix-villehttps:\/\/www.voymag.com\/top-cadix\/<\/a><\/li>\n<li><a href=\"https:\/\/www.spain.info\/fr\/destination\/cadix\/\">https:\/\/blogsaverroes.juntadeandalucia.es\/ceipreyescatolicos\/<\/a><\/li>\n<li><a href=\"https:\/\/www.spain.info\/fr\/destination\/cadix\/\">https:\/\/www.facebook.com\/CEIPReyesCatolicosCadiz\/?locale=es_E<\/a><\/li>\n<\/ul>\n<\/td>\n<\/tr>\n<tr style=\"height: 128px\">\n<td style=\"width: 34.6026%;height: 128px\" width=\"242\"><b>Se rendre \u00e0 l&#8217;\u00e9cole\/dans la ville <\/b><\/td>\n<td style=\"width: 64.2384%;height: 128px\" width=\"389\">\n<ul>\n<li>Ligne n\u00ba1 de bus (toutes les 10 minutes, 1\u20ac30 cent. billet)<\/li>\n<li>Il y a de nombreuses pistes cyclables \u00e0 C\u00e1diz, et ce moyen de transport est tr\u00e8s agr\u00e9able et \u00e9conomique.<\/li>\n<li>En voiture, il est tr\u00e8s difficile de se garer gratuitement, si vous avez de la chance, le plus pr\u00e8s de l\u2019\u00e9cole se trouve devant l\u2019ancien cimeti\u00e8re, gratuit en hiver.<\/li>\n<\/ul>\n<\/td>\n<\/tr>\n<tr>\n<td style=\"width: 34.6026%\"><b>Logement<br \/>\n<\/b>&#8211; O\u00f9 habiter dans la localit\u00e9 ?- Possibilit\u00e9 de se loger dans une famille d&#8217;accueil ?- Possibilit\u00e9 de partager un appartement avec des enseignants ou d&#8217;autres assistants ?<\/td>\n<td style=\"width: 64.2384%\">\n<ul>\n<li>Il est relativement cher de se loger dans C\u00e1diz m\u00eame, et la plupart des logements disponibles sont des colocations, il faut compter entre 250e et 350e en moyenne pour une chambre dans un appartement partag\u00e9 dans C\u00e1diz de Septembre \u00e0 Juin.<\/li>\n<li>C\u00e1diz est une ville touristique, mais aussi \u00e9tudiante, et les logements sont lou\u00e9s de septembre\/octobre \u00e0 juin.<\/li>\n<li>Quelques pistes pour chercher un logement:\n<ul>\n<li><a href=\"https:\/\/www.idealista.com\/\">https:\/\/www.idealista.com\/<\/a><\/li>\n<li><a href=\"https:\/\/www.milanuncios.com\/\">https:\/\/www.milanuncios.com\/<\/a><\/li>\n<li>ou encore sur Instagram sur la page de UCA pisos.<\/li>\n<\/ul>\n<\/li>\n<li>Il est aussi possible de se loger sur Puerto Real ou San Fernando \u00e0 un prix plus accessible, mais il faudra prendre en compte le trajet, en sachant qu\u2019il est tr\u00e8s difficile de se garer sur C\u00e1diz, il y a des bus, mais le trajet sera plus long.<\/li>\n<\/ul>\n<\/td>\n<\/tr>\n<tr style=\"height: 80px\">\n<td style=\"width: 34.6026%;height: 80px\" width=\"242\"><b>Contact avec d&#8217;autres assistants et assistants tuteurs\/mentors<\/b><\/td>\n<td style=\"width: 64.2384%\">\n<ul>\n<li>Ce serait une bonne id\u00e9e de fournir les coordonn\u00e9es des assistants qui ont d\u00e9j\u00e0 travaill\u00e9 dans la commune\/zone et les liens vers le groupe Facebook, Telegram \/ Whatsapp qu&#8217;ils ont&#8230; (Dans le formulaire, il suffit d&#8217;indiquer les initiales du ou des assistants ainsi que le pays d&#8217;origine et l&#8217;ann\u00e9e scolaire \u00e0 laquelle il\/elle a particip\u00e9. L&#8217;adresse de contact sera fournie \u00e0 titre priv\u00e9, avec le consentement du ou des assistants).<\/li>\n<li>Indiquez si les anciens assistants se proposent de tutorer, d&#8217;aider ou d&#8217;accompagner leurs successeurs.<\/li>\n<\/ul>\n<\/td>\n<\/tr>\n<tr style=\"height: 96px\">\n<td style=\"width: 34.6026%;height: 96px\" width=\"242\"><b>Exp\u00e9rience pr\u00e9c\u00e9dente avec des assistants de langue et exp\u00e9rience personnelle de l&#8217;assistant<\/b><\/td>\n<td style=\"width: 64.2384%;height: 96px\" width=\"389\">\n<ul>\n<li>&#8211; Lien vers une page web, blog d&#8217;un assistant ou d\u2019une \u00e9cole, une cha\u00eene Youtube qui pr\u00e9sentent d&#8217;anciens assistants de langue. Il est int\u00e9ressant de fournir des vid\u00e9os ou des projets faisant la promotion de l&#8217;\u00e9cole.&nbsp;Exemples :- <a href=\"http:\/\/alinguistico.blogspot.com\/2021\/05\/despedida-de-nuestro-auxiliar-alex.html\">Blog de Pilar Torres&nbsp;<\/a>&#8211; <a href=\"https:\/\/chmntr.com\/life-as-an-auxiliar-de-conversacion-part-1\/%20https:\/\/sites.google.com\/iesvalledelazahar.com\/bilingual\/our-language-assistants?authuser=0\">Blog del IES Valle del&nbsp; Azahar \u201cBilingual Azahar\u201d<\/a>&#8211; <a href=\"https:\/\/www.youtube.com\/watch?v=IEuAiJcQKzI\">V\u00eddeo del auxiliar Benjam\u00edn Burton \u201cLate for work\u201d<\/a><\/li>\n<\/ul>\n<p>&nbsp;<\/td>\n<\/tr>\n<\/tbody>\n<\/table>\n<p>&nbsp;<\/p>\n<h2 class=\"title style-scope ytd-reel-player-header-renderer\">Vid\u00e9o auxiliaire de conversation<\/h2>\n<div style=\"width: 848px;\" class=\"wp-video\"><!--[if lt IE 9]><script>document.createElement('video');<\/script><![endif]-->\n<video class=\"wp-video-shortcode\" id=\"video-3130-1\" width=\"848\" height=\"480\" preload=\"metadata\" controls=\"controls\"><source type=\"video\/mp4\" src=\"https:\/\/blogsaverroes.juntadeandalucia.es\/ceipreyescatolicos\/files\/2023\/03\/Video-de-WhatsApp-2023-03-27-a-las-11.39.09.mp4?_=1\" \/><a href=\"https:\/\/blogsaverroes.juntadeandalucia.es\/ceipreyescatolicos\/files\/2023\/03\/Video-de-WhatsApp-2023-03-27-a-las-11.39.09.mp4\">https:\/\/blogsaverroes.juntadeandalucia.es\/ceipreyescatolicos\/files\/2023\/03\/Video-de-WhatsApp-2023-03-27-a-las-11.39.09.mp4<\/a><\/video><\/div>\n<p>&nbsp;<\/p>\n<p>&nbsp;<\/p>\n<p>&nbsp;<\/p>\n<p>&nbsp;<\/p>\n<p>&nbsp;<\/p>\n<p>&nbsp;<\/p>\n<p>&nbsp;<\/p>\n","protected":false},"excerpt":{"rendered":"<p>&nbsp; INFORMATION DE L\u2019ETABLISSEMENT CEIP REYES CAT\u00d3LICOS AVENIDA ANA DE VIYA, 36, 11010 C\u00c1DIZ (ESPAGNE) 0034-956243143 11001099@g.educaand.es Lien vers l&#8217;emplacement sur Google Maps : https:\/\/shortest.link\/i-3c Contact de la personne de r\u00e9f\u00e9rence E-mail d&#8217;un membre de l&#8217;\u00e9quipe de direction: 11001099@g.educaand.es E-mail&#46;&#46;&#46;<\/p>\n","protected":false},"author":7641,"featured_media":3131,"parent":0,"menu_order":0,"comment_status":"closed","ping_status":"closed","template":"","meta":{"ngg_post_thumbnail":0,"footnotes":"","_mc_calendar":[]},"aioseo_notices":[],"_links":{"self":[{"href":"https:\/\/blogsaverroes.juntadeandalucia.es\/ceipreyescatolicos\/wp-json\/wp\/v2\/pages\/3130"}],"collection":[{"href":"https:\/\/blogsaverroes.juntadeandalucia.es\/ceipreyescatolicos\/wp-json\/wp\/v2\/pages"}],"about":[{"href":"https:\/\/blogsaverroes.juntadeandalucia.es\/ceipreyescatolicos\/wp-json\/wp\/v2\/types\/page"}],"author":[{"embeddable":true,"href":"https:\/\/blogsaverroes.juntadeandalucia.es\/ceipreyescatolicos\/wp-json\/wp\/v2\/users\/7641"}],"replies":[{"embeddable":true,"href":"https:\/\/blogsaverroes.juntadeandalucia.es\/ceipreyescatolicos\/wp-json\/wp\/v2\/comments?post=3130"}],"version-history":[{"count":12,"href":"https:\/\/blogsaverroes.juntadeandalucia.es\/ceipreyescatolicos\/wp-json\/wp\/v2\/pages\/3130\/revisions"}],"predecessor-version":[{"id":3928,"href":"https:\/\/blogsaverroes.juntadeandalucia.es\/ceipreyescatolicos\/wp-json\/wp\/v2\/pages\/3130\/revisions\/3928"}],"wp:featuredmedia":[{"embeddable":true,"href":"https:\/\/blogsaverroes.juntadeandalucia.es\/ceipreyescatolicos\/wp-json\/wp\/v2\/media\/3131"}],"wp:attachment":[{"href":"https:\/\/blogsaverroes.juntadeandalucia.es\/ceipreyescatolicos\/wp-json\/wp\/v2\/media?parent=3130"}],"curies":[{"name":"wp","href":"https:\/\/api.w.org\/{rel}","templated":true}]}}