{"id":3461,"date":"2023-05-22T11:20:34","date_gmt":"2023-05-22T10:20:34","guid":{"rendered":"https:\/\/blogsaverroes.juntadeandalucia.es\/ceipreyescatolicos\/?page_id=3461"},"modified":"2025-05-30T17:52:28","modified_gmt":"2025-05-30T16:52:28","slug":"academia-de-frances","status":"publish","type":"page","link":"https:\/\/blogsaverroes.juntadeandalucia.es\/ceipreyescatolicos\/academia-de-frances\/","title":{"rendered":"Academia de Franc\u00e9s"},"content":{"rendered":"<p><img fetchpriority=\"high\" decoding=\"async\" class=\"alignnone wp-image-3466 \" src=\"https:\/\/blogsaverroes.juntadeandalucia.es\/ceipreyescatolicos\/files\/2023\/05\/logo-letras-negras-1.png\" alt=\"\" width=\"480\" height=\"109\" srcset=\"https:\/\/blogsaverroes.juntadeandalucia.es\/ceipreyescatolicos\/files\/2023\/05\/logo-letras-negras-1.png 899w, https:\/\/blogsaverroes.juntadeandalucia.es\/ceipreyescatolicos\/files\/2023\/05\/logo-letras-negras-1-300x68.png 300w, https:\/\/blogsaverroes.juntadeandalucia.es\/ceipreyescatolicos\/files\/2023\/05\/logo-letras-negras-1-150x34.png 150w, https:\/\/blogsaverroes.juntadeandalucia.es\/ceipreyescatolicos\/files\/2023\/05\/logo-letras-negras-1-768x174.png 768w, https:\/\/blogsaverroes.juntadeandalucia.es\/ceipreyescatolicos\/files\/2023\/05\/logo-letras-negras-1-24x5.png 24w, https:\/\/blogsaverroes.juntadeandalucia.es\/ceipreyescatolicos\/files\/2023\/05\/logo-letras-negras-1-36x8.png 36w, https:\/\/blogsaverroes.juntadeandalucia.es\/ceipreyescatolicos\/files\/2023\/05\/logo-letras-negras-1-48x11.png 48w\" sizes=\"(max-width: 480px) 100vw, 480px\" \/><\/p>\n<p>Queridos madres, padres y tutores,<\/p>\n<p class=\"\" data-start=\"161\" data-end=\"379\">Queremos informar a las familias que ofrecemos clases de franc\u00e9s en el colegio, en horario de tarde, pensadas para dar un apoyo pr\u00e1ctico y directo a la asignatura de franc\u00e9s y a otras materias que incluyen este idioma.<\/p>\n<p class=\"\" data-start=\"381\" data-end=\"691\">Estas clases no se centran en preparar niveles oficiales , sino en ayudar realmente a los ni\u00f1os y ni\u00f1as a entender y reforzar lo que ven en clase. Adem\u00e1s, son una gran ayuda para las familias, que muchas veces comentan que no pueden apoyar a sus hijos en casa porque no dominan el franc\u00e9s.<\/p>\n<p class=\"\" data-start=\"693\" data-end=\"765\">Los precios son muy competitivos y asequibles para todas las familias.<\/p>\n<p class=\"\" data-start=\"767\" data-end=\"960\">Con esta iniciativa, ya no ser\u00e1 necesario que los alumnos acudan a clases particulares o academias externas, porque el colegio ofrece su propia academia de franc\u00e9s, c\u00f3moda y cercana para todos\/as.<\/p>\n<p>Contamos con la experiencia y direcci\u00f3n de <a href=\"https:\/\/lacasadelfrances.es\">La Casa del Franc\u00e9s<\/a> para impartir los cursos de franc\u00e9s dirigidos a ni\u00f1os, ni\u00f1as y adolescentes, abiertos a toda la comunidad escolar.<\/p>\n<h4>\u201c\u00a1Refuerza tu franc\u00e9s por la tarde! Clases pr\u00e1cticas, con profesorado en contacto directo con el Equipo Docente del colegio para ayudarte a mejorar y resolver tus dudas.\u201d<\/h4>\n<h3><strong>Detalles del Curso<\/strong><\/h3>\n<p>Los cursos de franc\u00e9s son impartidos por un equipo docente profesional altamente cualificado de La Casa del Franc\u00e9s. Preparan y programan material adaptado a lo que cada alumno\/a est\u00e1 trabajando en el colegio, lo que les permite ampliar conocimientos y superar la asignatura con m\u00e1s facilidad y confianza<\/p>\n<h3>&nbsp;<\/h3>\n<h3><strong>Metodolog\u00eda<\/strong><\/h3>\n<p>Nuestros cursos est\u00e1n dise\u00f1ados para hacer del aprendizaje del franc\u00e9s una experiencia divertida, amena y participativa. Utilizamos una metodolog\u00eda basada en un enfoque comunicativo, fomentando la interacci\u00f3n y el uso pr\u00e1ctico del idioma. Para los m\u00e1s peque\u00f1os, incorporamos juegos, canciones y manualidades que facilitan el aprendizaje de manera natural y entretenida.<\/p>\n<h3>&nbsp;<\/h3>\n<h3><strong>Equipo Docente<\/strong><\/h3>\n<p>El profesorado es nativo y cuenta con una amplia experiencia tanto en la ense\u00f1anza pedag\u00f3gica como en la preparaci\u00f3n de los alumnos para los ex\u00e1menes oficiales DELF Prim y Junior. Este equipo se dedica a crear un entorno de aprendizaje din\u00e1mico y efectivo.<\/p>\n<h3>&nbsp;<\/h3>\n<h3><strong><img decoding=\"async\" class=\"alignleft wp-image-4156 \" src=\"https:\/\/blogsaverroes.juntadeandalucia.es\/ceipreyescatolicos\/files\/2025\/05\/ChatGPT-Image-22-may-2025-15_39_14-683x1024.png\" alt=\"\" width=\"470\" height=\"705\" srcset=\"https:\/\/blogsaverroes.juntadeandalucia.es\/ceipreyescatolicos\/files\/2025\/05\/ChatGPT-Image-22-may-2025-15_39_14-683x1024.png 683w, https:\/\/blogsaverroes.juntadeandalucia.es\/ceipreyescatolicos\/files\/2025\/05\/ChatGPT-Image-22-may-2025-15_39_14-200x300.png 200w, https:\/\/blogsaverroes.juntadeandalucia.es\/ceipreyescatolicos\/files\/2025\/05\/ChatGPT-Image-22-may-2025-15_39_14-100x150.png 100w, https:\/\/blogsaverroes.juntadeandalucia.es\/ceipreyescatolicos\/files\/2025\/05\/ChatGPT-Image-22-may-2025-15_39_14-768x1152.png 768w, https:\/\/blogsaverroes.juntadeandalucia.es\/ceipreyescatolicos\/files\/2025\/05\/ChatGPT-Image-22-may-2025-15_39_14.png 1024w\" sizes=\"(max-width: 470px) 100vw, 470px\" \/>Informaci\u00f3n adicional (Precio, matr\u00edcula y materiales)<\/strong><\/h3>\n<ul>\n<li>Duraci\u00f3n: 9 meses (del 1 de octubre de 2025 al 18 de junio de 2026)<\/li>\n<li>2h semanales (dos d\u00edas a la semana, 1h cada clase)<\/li>\n<li>Precio para alumnado del colegio:&nbsp; 40\u20ac\/mes<\/li>\n<li>Precio para alumnado externo: 45\u20ac\/mes<\/li>\n<li>Matr\u00edcula: Gratuita<\/li>\n<li>Materiales de uso compartido incluidos (bol\u00edgrafos, l\u00e1pices, gomas, rotuladores de colores, folios, tijeras, reglas, cartulinas, fichas, etc.)<\/li>\n<\/ul>\n<h2>&nbsp;<\/h2>\n<h2>&nbsp;<\/h2>\n<h2><strong>Horarios de las clases<\/strong><\/h2>\n<p>INFANTIL:<\/p>\n<ul>\n<li>3-4 a\u00f1os: Lunes y mi\u00e9rcoles de 16:00 a 17:00.<\/li>\n<\/ul>\n<p>PRIMARIA:<\/p>\n<ul>\n<li>1\u00ba y 2\u00ba : Martes y jueves de 16:00 a 17:00<\/li>\n<li>3\u00ba y 4\u00ba: Martes y jueves de 17:00 a 18:00<\/li>\n<li>5\u00ba y 6\u00ba: Lunes y mi\u00e9rcoles de&nbsp;17:00&nbsp;a&nbsp;18:00<\/li>\n<\/ul>\n<p>&nbsp;<\/p>\n<p>&nbsp;<\/p>\n<p>&nbsp;<\/p>\n<h3>&nbsp;<\/h3>\n<h3><strong>Inscripci\u00f3n<\/strong><\/h3>\n<p>Para inscribir a su hijo\/a, simplemente <a href=\"https:\/\/lacasadelfrances.es\/formulario-de-inscripcion-reyes-catolicos\/\">rellene el formulario de inscripci\u00f3n<\/a> y reserve su plaza.<\/p>\n<h3>&nbsp;<\/h3>\n<h3><strong>Actividades Complementarias<\/strong><\/h3>\n<p>A lo largo del curso escolar, organizaremos actividades ling\u00fc\u00edsticas especiales que complementar\u00e1n la formaci\u00f3n, como d\u00edas culturales y celebraciones de fiestas t\u00edpicas francesas, como por ejemplo, la Galette des Rois, La Chandeleur (d\u00eda de los cr\u00eapes), celebraci\u00f3n del Francophonie, entre otras actividades complementarias.<\/p>\n<h3><strong>Contacto<\/strong><\/h3>\n<p>Para cualquier duda o consulta, pueden ponerse en contacto con nosotros por tel\u00e9fono o v\u00eda WhatsApp al 722 22 97 85 o enviar un correo electr\u00f3nico a <a href=\"mailto:info.lacasadelfrances@gmail.com\">info.lacasadelfrances@gmail.com<\/a>.<\/p>\n<p>&nbsp;<\/p>\n<p>Esperamos con entusiasmo su participaci\u00f3n y confiamos en que estos cursos ser\u00e1n una experiencia enriquecedora para sus hijos.<\/p>\n<p>Descarga toda la informaci\u00f3n en PDF: <a href=\"https:\/\/blogsaverroes.juntadeandalucia.es\/ceipreyescatolicos\/files\/2025\/05\/Informacion_Clases_Frances.pdf\">Informaci\u00f3n_Clases_Franc\u00e9s<\/a><\/p>\n<p>Atentamente,<\/p>\n<p>&nbsp;<\/p>\n<h2><span style=\"color: #0000ff\">El equipo de La Casa del Franc\u00e9s<\/span><\/h2>\n<p>&nbsp;<\/p>\n<p>&nbsp;<\/p>\n","protected":false},"excerpt":{"rendered":"<p>Queridos madres, padres y tutores, Queremos informar a las familias que ofrecemos clases de franc\u00e9s en el colegio, en horario de tarde, pensadas para dar un apoyo pr\u00e1ctico y directo a la asignatura de franc\u00e9s y a otras materias que&#46;&#46;&#46;<\/p>\n","protected":false},"author":7641,"featured_media":3466,"parent":0,"menu_order":0,"comment_status":"closed","ping_status":"closed","template":"","meta":{"ngg_post_thumbnail":0,"footnotes":"","_mc_calendar":[]},"aioseo_notices":[],"_links":{"self":[{"href":"https:\/\/blogsaverroes.juntadeandalucia.es\/ceipreyescatolicos\/wp-json\/wp\/v2\/pages\/3461"}],"collection":[{"href":"https:\/\/blogsaverroes.juntadeandalucia.es\/ceipreyescatolicos\/wp-json\/wp\/v2\/pages"}],"about":[{"href":"https:\/\/blogsaverroes.juntadeandalucia.es\/ceipreyescatolicos\/wp-json\/wp\/v2\/types\/page"}],"author":[{"embeddable":true,"href":"https:\/\/blogsaverroes.juntadeandalucia.es\/ceipreyescatolicos\/wp-json\/wp\/v2\/users\/7641"}],"replies":[{"embeddable":true,"href":"https:\/\/blogsaverroes.juntadeandalucia.es\/ceipreyescatolicos\/wp-json\/wp\/v2\/comments?post=3461"}],"version-history":[{"count":11,"href":"https:\/\/blogsaverroes.juntadeandalucia.es\/ceipreyescatolicos\/wp-json\/wp\/v2\/pages\/3461\/revisions"}],"predecessor-version":[{"id":4194,"href":"https:\/\/blogsaverroes.juntadeandalucia.es\/ceipreyescatolicos\/wp-json\/wp\/v2\/pages\/3461\/revisions\/4194"}],"wp:featuredmedia":[{"embeddable":true,"href":"https:\/\/blogsaverroes.juntadeandalucia.es\/ceipreyescatolicos\/wp-json\/wp\/v2\/media\/3466"}],"wp:attachment":[{"href":"https:\/\/blogsaverroes.juntadeandalucia.es\/ceipreyescatolicos\/wp-json\/wp\/v2\/media?parent=3461"}],"curies":[{"name":"wp","href":"https:\/\/api.w.org\/{rel}","templated":true}]}}