{"id":3996,"date":"2025-03-27T13:45:42","date_gmt":"2025-03-27T12:45:42","guid":{"rendered":"https:\/\/blogsaverroes.juntadeandalucia.es\/ceipreyescatolicos\/?page_id=3996"},"modified":"2025-12-01T17:33:05","modified_gmt":"2025-12-01T16:33:05","slug":"plan-de-actuacion-digital","status":"publish","type":"page","link":"https:\/\/blogsaverroes.juntadeandalucia.es\/ceipreyescatolicos\/plan-de-actuacion-digital\/","title":{"rendered":"Plan de Actuaci\u00f3n Digital"},"content":{"rendered":"<h1 style=\"text-align: left\"><span style=\"color: #339966\">Plan de Actuaci\u00f3n Digital<\/span>&nbsp;<\/h1>\n<h5><span style=\"color: #008080\">Programa de Cooperaci\u00f3n Territorial #CompDigEdu <img decoding=\"async\" class=\"wp-image-3999 alignright\" src=\"https:\/\/blogsaverroes.juntadeandalucia.es\/ceipreyescatolicos\/files\/2025\/03\/ImagenPAD-1024x511-1.jpg\" alt=\"\" width=\"281\" height=\"140\" srcset=\"https:\/\/blogsaverroes.juntadeandalucia.es\/ceipreyescatolicos\/files\/2025\/03\/ImagenPAD-1024x511-1.jpg 1024w, https:\/\/blogsaverroes.juntadeandalucia.es\/ceipreyescatolicos\/files\/2025\/03\/ImagenPAD-1024x511-1-300x150.jpg 300w, https:\/\/blogsaverroes.juntadeandalucia.es\/ceipreyescatolicos\/files\/2025\/03\/ImagenPAD-1024x511-1-150x75.jpg 150w, https:\/\/blogsaverroes.juntadeandalucia.es\/ceipreyescatolicos\/files\/2025\/03\/ImagenPAD-1024x511-1-768x383.jpg 768w\" sizes=\"(max-width: 281px) 100vw, 281px\" \/><\/span><\/h5>\n<h5><strong>DEFINICI\u00d3N:<\/strong><\/h5>\n<h5>El Plan de Actuaci\u00f3n Digital (PAD} es la herramienta de planificaci\u00f3n, integrada en el Proyecto educativo, sobre la que se sustentar\u00e1 el proceso de Transformaci\u00f3n Digital dise\u00f1ado por cada centro educativo.<\/h5>\n<h5>&nbsp;<\/h5>\n<h5><strong>OBJETIVOS:<\/strong><\/h5>\n<h5>&#8211; Planificar y desarrollar capacidades digitales eficaces para mejorar la calidad de la ense\u00f1anza.<\/h5>\n<h5>&#8211; Favorecer la transformaci\u00f3n del centro en una organizaci\u00f3n educativa digitalmente competente.&nbsp;<\/h5>\n<p>&nbsp;Plan de Actuaci\u00f3n Digital 2025\/2026: <a href=\"https:\/\/blogsaverroes.juntadeandalucia.es\/ceipreyescatolicos\/files\/2025\/12\/PLAN-DE-ACTUACION-DIGITAL-25-26.pdf\">PLAN DE ACTUACI\u00d3N DIGITAL 25-26<\/a><\/p>\n<p>&nbsp;<\/p>\n<p><span style=\"color: #ff0000\"><strong>Documentos Plan de Actuaci\u00f3n Digital:<\/strong><\/span><\/p>\n<ul>\n<li>Gu\u00eda de Uso Responsable de los Dispositivos Digitales en el CEIP REYES CAT\u00d3LICOS: <a href=\"https:\/\/blogsaverroes.juntadeandalucia.es\/ceipreyescatolicos\/files\/2025\/03\/Guia-de-Uso-Responsable-de-los-Dispositivos-Digitales-en-el-CEIP-REYES-CATOLICOS.pdf\">Gu\u00eda de Uso Responsable de los Dispositivos Digitales en el CEIP REYES CAT\u00d3LICOS<\/a><\/li>\n<\/ul>\n<p>&nbsp;<\/p>\n","protected":false},"excerpt":{"rendered":"<p>Plan de Actuaci\u00f3n Digital&nbsp; Programa de Cooperaci\u00f3n Territorial #CompDigEdu DEFINICI\u00d3N: El Plan de Actuaci\u00f3n Digital (PAD} es la herramienta de planificaci\u00f3n, integrada en el Proyecto educativo, sobre la que se sustentar\u00e1 el proceso de Transformaci\u00f3n Digital dise\u00f1ado por cada centro&#46;&#46;&#46;<\/p>\n","protected":false},"author":7641,"featured_media":4377,"parent":0,"menu_order":0,"comment_status":"closed","ping_status":"closed","template":"","meta":{"ngg_post_thumbnail":0,"footnotes":"","_mc_calendar":[]},"aioseo_notices":[],"_links":{"self":[{"href":"https:\/\/blogsaverroes.juntadeandalucia.es\/ceipreyescatolicos\/wp-json\/wp\/v2\/pages\/3996"}],"collection":[{"href":"https:\/\/blogsaverroes.juntadeandalucia.es\/ceipreyescatolicos\/wp-json\/wp\/v2\/pages"}],"about":[{"href":"https:\/\/blogsaverroes.juntadeandalucia.es\/ceipreyescatolicos\/wp-json\/wp\/v2\/types\/page"}],"author":[{"embeddable":true,"href":"https:\/\/blogsaverroes.juntadeandalucia.es\/ceipreyescatolicos\/wp-json\/wp\/v2\/users\/7641"}],"replies":[{"embeddable":true,"href":"https:\/\/blogsaverroes.juntadeandalucia.es\/ceipreyescatolicos\/wp-json\/wp\/v2\/comments?post=3996"}],"version-history":[{"count":4,"href":"https:\/\/blogsaverroes.juntadeandalucia.es\/ceipreyescatolicos\/wp-json\/wp\/v2\/pages\/3996\/revisions"}],"predecessor-version":[{"id":4379,"href":"https:\/\/blogsaverroes.juntadeandalucia.es\/ceipreyescatolicos\/wp-json\/wp\/v2\/pages\/3996\/revisions\/4379"}],"wp:featuredmedia":[{"embeddable":true,"href":"https:\/\/blogsaverroes.juntadeandalucia.es\/ceipreyescatolicos\/wp-json\/wp\/v2\/media\/4377"}],"wp:attachment":[{"href":"https:\/\/blogsaverroes.juntadeandalucia.es\/ceipreyescatolicos\/wp-json\/wp\/v2\/media?parent=3996"}],"curies":[{"name":"wp","href":"https:\/\/api.w.org\/{rel}","templated":true}]}}