{"id":4417,"date":"2026-02-26T12:33:05","date_gmt":"2026-02-26T11:33:05","guid":{"rendered":"https:\/\/blogsaverroes.juntadeandalucia.es\/ceipreyescatolicos\/?page_id=4417"},"modified":"2026-02-26T13:13:58","modified_gmt":"2026-02-26T12:13:58","slug":"podcast-del-centro","status":"publish","type":"page","link":"https:\/\/blogsaverroes.juntadeandalucia.es\/ceipreyescatolicos\/podcast-del-centro\/","title":{"rendered":"PODCAST DEL CENTRO"},"content":{"rendered":"<h2 data-start=\"117\" data-end=\"148\">\ud83c\udfa7 Podcast a Nivel de Centro<\/h2>\n<p data-start=\"150\" data-end=\"388\">En esta secci\u00f3n se publicar\u00e1n todos los Podcasts realizados a nivel de centro, aquellos en los que participa alumnado de distintos niveles y que forman parte de proyectos comunes, celebraciones, actividades generales y eventos especiales.<\/p>\n<p data-start=\"390\" data-end=\"670\">Este espacio recoge las iniciativas sonoras que nos unen como comunidad educativa: programas especiales, conmemoraciones, entrevistas institucionales, jornadas culturales, semanas tem\u00e1ticas, celebraciones escolares y cualquier proyecto colaborativo que implique a todo el colegio.<\/p>\n<p data-start=\"672\" data-end=\"774\">Los Podcasts estar\u00e1n organizados por tem\u00e1ticas para facilitar su consulta.&nbsp;Cada uno de estos episodios refleja el trabajo conjunto, la participaci\u00f3n activa del alumnado y el compromiso de nuestro centro con una educaci\u00f3n din\u00e1mica, creativa y abierta a la comunidad.<\/p>\n<p data-start=\"1194\" data-end=\"1316\">Os invitamos a escuchar cada publicaci\u00f3n y a acompa\u00f1arnos en estas experiencias compartidas que dan voz a todo el colegio.<\/p>\n<p data-start=\"1318\" data-end=\"1387\">\ud83c\udf99\ufe0f Porque cuando trabajamos juntos, nuestras voces llegan m\u00e1s lejos.<\/p>\n<ul data-start=\"776\" data-end=\"1000\">\n<li data-start=\"776\" data-end=\"809\">\n<p data-start=\"778\" data-end=\"809\">\ud83c\udf89 Celebraciones y efem\u00e9rides<\/p>\n<ul data-start=\"776\" data-end=\"1000\">\n<li data-start=\"776\" data-end=\"809\">D\u00eda de Andaluc\u00eda: Os dejamos un Podcast por el <strong data-start=\"29\" data-end=\"49\">D\u00eda de Andaluc\u00eda<\/strong>, realizado por el alumnado de <strong data-start=\"80\" data-end=\"99\">2\u00ba, 4\u00ba, 5\u00ba y 6\u00ba<\/strong>. \u00a1Esperamos que lo disfrut\u00e9is y aprend\u00e1is un poquito m\u00e1s sobre nuestra tierra! \ud83c\udfa7\ud83d\udc9a\ud83e\udd0d<\/li>\n<\/ul>\n<\/li>\n<\/ul>\n<p>&nbsp;<\/p>\n<!--[if lt IE 9]><script>document.createElement('audio');<\/script><![endif]-->\n<audio class=\"wp-audio-shortcode\" id=\"audio-4417-1\" preload=\"none\" style=\"width: 100%;\" controls=\"controls\"><source type=\"audio\/mpeg\" src=\"https:\/\/blogsaverroes.juntadeandalucia.es\/ceipreyescatolicos\/files\/2026\/02\/DIA-DE-ANDALUCIA-volume-adjusted1.mp3?_=1\" \/><a href=\"https:\/\/blogsaverroes.juntadeandalucia.es\/ceipreyescatolicos\/files\/2026\/02\/DIA-DE-ANDALUCIA-volume-adjusted1.mp3\">https:\/\/blogsaverroes.juntadeandalucia.es\/ceipreyescatolicos\/files\/2026\/02\/DIA-DE-ANDALUCIA-volume-adjusted1.mp3<\/a><\/audio>\n<ul data-start=\"776\" data-end=\"1000\">\n<li data-start=\"810\" data-end=\"836\">\n<p data-start=\"812\" data-end=\"836\">\ud83d\udcf0 Noticias del centro<\/p>\n<\/li>\n<li data-start=\"837\" data-end=\"868\">\n<p data-start=\"839\" data-end=\"868\">\ud83c\udfa4 Entrevistas y encuentros<\/p>\n<\/li>\n<li data-start=\"869\" data-end=\"904\">\n<p data-start=\"871\" data-end=\"904\">\ud83c\udf0d Proyectos interdisciplinares<\/p>\n<\/li>\n<li data-start=\"905\" data-end=\"933\">\n<p data-start=\"907\" data-end=\"933\">\ud83d\udcac Convivencia y valores<\/p>\n<\/li>\n<li data-start=\"934\" data-end=\"963\">\n<p data-start=\"936\" data-end=\"963\">\ud83c\udfad Actividades culturales<\/p>\n<\/li>\n<li data-start=\"964\" data-end=\"1000\">\n<p data-start=\"966\" data-end=\"1000\">\ud83d\udcda Planes y programas educativos<\/p>\n<\/li>\n<\/ul>\n<p data-start=\"1318\" data-end=\"1387\">&nbsp;<\/p>\n","protected":false},"excerpt":{"rendered":"<p>\ud83c\udfa7 Podcast a Nivel de Centro En esta secci\u00f3n se publicar\u00e1n todos los Podcasts realizados a nivel de centro, aquellos en los que participa alumnado de distintos niveles y que forman parte de proyectos comunes, celebraciones, actividades generales y eventos&#46;&#46;&#46;<\/p>\n","protected":false},"author":7641,"featured_media":4408,"parent":0,"menu_order":0,"comment_status":"closed","ping_status":"closed","template":"","meta":{"ngg_post_thumbnail":0,"footnotes":"","_mc_calendar":[]},"aioseo_notices":[],"_links":{"self":[{"href":"https:\/\/blogsaverroes.juntadeandalucia.es\/ceipreyescatolicos\/wp-json\/wp\/v2\/pages\/4417"}],"collection":[{"href":"https:\/\/blogsaverroes.juntadeandalucia.es\/ceipreyescatolicos\/wp-json\/wp\/v2\/pages"}],"about":[{"href":"https:\/\/blogsaverroes.juntadeandalucia.es\/ceipreyescatolicos\/wp-json\/wp\/v2\/types\/page"}],"author":[{"embeddable":true,"href":"https:\/\/blogsaverroes.juntadeandalucia.es\/ceipreyescatolicos\/wp-json\/wp\/v2\/users\/7641"}],"replies":[{"embeddable":true,"href":"https:\/\/blogsaverroes.juntadeandalucia.es\/ceipreyescatolicos\/wp-json\/wp\/v2\/comments?post=4417"}],"version-history":[{"count":3,"href":"https:\/\/blogsaverroes.juntadeandalucia.es\/ceipreyescatolicos\/wp-json\/wp\/v2\/pages\/4417\/revisions"}],"predecessor-version":[{"id":4422,"href":"https:\/\/blogsaverroes.juntadeandalucia.es\/ceipreyescatolicos\/wp-json\/wp\/v2\/pages\/4417\/revisions\/4422"}],"wp:featuredmedia":[{"embeddable":true,"href":"https:\/\/blogsaverroes.juntadeandalucia.es\/ceipreyescatolicos\/wp-json\/wp\/v2\/media\/4408"}],"wp:attachment":[{"href":"https:\/\/blogsaverroes.juntadeandalucia.es\/ceipreyescatolicos\/wp-json\/wp\/v2\/media?parent=4417"}],"curies":[{"name":"wp","href":"https:\/\/api.w.org\/{rel}","templated":true}]}}